{"id":9482,"date":"2023-06-15T12:23:14","date_gmt":"2023-06-15T10:23:14","guid":{"rendered":"https:\/\/soignerenperigord.fr\/?page_id=9482"},"modified":"2026-08-21T10:23:06","modified_gmt":"2026-08-21T08:23:06","slug":"assistante-medicale","status":"publish","type":"page","link":"https:\/\/soignerenperigord.fr\/?page_id=9482","title":{"rendered":"Assistant(e) M\u00e9dical(e)"},"content":{"rendered":"<div id='av_section_1'  class='avia-section av-8udbmi-c125039abe78b147e53f1b1472c6ebb8 main_color avia-section-default avia-no-border-styling  avia-builder-el-0  el_before_av_image  avia-builder-el-first  avia-bg-style-scroll container_wrap sidebar_right'  ><div class='container av-section-cont-open' ><main  role=\"main\" itemprop=\"mainContentOfPage\"  class='template-page content  av-content-small alpha units'><div class='post-entry post-entry-type-page post-entry-9482'><div class='entry-content-wrapper clearfix'>\n\n<style type=\"text\/css\" data-created_by=\"avia_inline_auto\" id=\"style-css-av-7lvdve-ef3a49136c78a4ab0bcb320f40b98f8c\">\n.flex_column.av-7lvdve-ef3a49136c78a4ab0bcb320f40b98f8c{\n-webkit-border-radius:0px 0px 0px 0px;\n-moz-border-radius:0px 0px 0px 0px;\nborder-radius:0px 0px 0px 0px;\npadding:0px 0px 0px 0px;\n}\n<\/style>\n<div class='flex_column av-7lvdve-ef3a49136c78a4ab0bcb320f40b98f8c av_one_full  avia-builder-el-1  avia-builder-el-no-sibling  first flex_column_div av-zero-column-padding '     ><style type=\"text\/css\" data-created_by=\"avia_inline_auto\" id=\"style-css-av-livozvd5-336df0e33f557cdd79bc2c0ca7686ab7\">\n#top .av-special-heading.av-livozvd5-336df0e33f557cdd79bc2c0ca7686ab7{\npadding-bottom:10px;\nfont-size:45px;\n}\nbody .av-special-heading.av-livozvd5-336df0e33f557cdd79bc2c0ca7686ab7 .av-special-heading-tag .heading-char{\nfont-size:25px;\n}\n#top #wrap_all .av-special-heading.av-livozvd5-336df0e33f557cdd79bc2c0ca7686ab7 .av-special-heading-tag{\nfont-size:45px;\n}\n.av-special-heading.av-livozvd5-336df0e33f557cdd79bc2c0ca7686ab7 .av-subheading{\nfont-size:15px;\n}\n\n@media only screen and (min-width: 480px) and (max-width: 767px){ \n#top #wrap_all .av-special-heading.av-livozvd5-336df0e33f557cdd79bc2c0ca7686ab7 .av-special-heading-tag{\nfont-size:0.8em;\n}\n}\n\n@media only screen and (max-width: 479px){ \n#top #wrap_all .av-special-heading.av-livozvd5-336df0e33f557cdd79bc2c0ca7686ab7 .av-special-heading-tag{\nfont-size:0.8em;\n}\n}\n<\/style>\n<div  class='av-special-heading av-livozvd5-336df0e33f557cdd79bc2c0ca7686ab7 av-special-heading-h1 blockquote modern-quote modern-centered  avia-builder-el-2  avia-builder-el-no-sibling  av-inherit-size av-linked-heading'><h1 class='av-special-heading-tag'  itemprop=\"headline\"  >LES ASSISTANTS MEDICAUX ou ASSISTANTES MEDICALES<\/h1><div class=\"special-heading-border\"><div class=\"special-heading-inner-border\"><\/div><\/div><\/div><\/div>\n<\/div><\/div><\/main><!-- close content main element --><\/div><\/div><div id='after_section_1'  class='main_color av_default_container_wrap container_wrap sidebar_right'  ><div class='container av-section-cont-open' ><div class='template-page content  av-content-small alpha units'><div class='post-entry post-entry-type-page post-entry-9482'><div class='entry-content-wrapper clearfix'>\n\n<style type=\"text\/css\" data-created_by=\"avia_inline_auto\" id=\"style-css-av-lix2pur4-c7d3839fa68163df146974f1ab068288\">\n.avia-image-container.av-lix2pur4-c7d3839fa68163df146974f1ab068288 img.avia_image{\nbox-shadow:none;\n}\n.avia-image-container.av-lix2pur4-c7d3839fa68163df146974f1ab068288 .av-image-caption-overlay-center{\ncolor:#ffffff;\n}\n<\/style>\n<div  class='avia-image-container av-lix2pur4-c7d3839fa68163df146974f1ab068288 av-styling- av-hover-grow avia-align-center  avia-builder-el-3  el_after_av_section  el_before_av_section  avia-builder-el-no-sibling '   itemprop=\"image\" itemscope=\"itemscope\" itemtype=\"https:\/\/schema.org\/ImageObject\" ><div class=\"avia-image-container-inner\"><div class=\"avia-image-overlay-wrap\"><img decoding=\"async\" class='wp-image-9491 avia-img-lazy-loading-not-9491 avia_image ' src=\"https:\/\/soignerenperigord.fr\/wp-content\/uploads\/2023\/06\/assitante-medicale-1030x687.jpg\" alt='' title='assitante medicale'  height=\"687\" width=\"1030\"  itemprop=\"thumbnailUrl\" srcset=\"https:\/\/soignerenperigord.fr\/wp-content\/uploads\/2023\/06\/assitante-medicale-1030x687.jpg 1030w, https:\/\/soignerenperigord.fr\/wp-content\/uploads\/2023\/06\/assitante-medicale-300x200.jpg 300w, https:\/\/soignerenperigord.fr\/wp-content\/uploads\/2023\/06\/assitante-medicale-768x512.jpg 768w, https:\/\/soignerenperigord.fr\/wp-content\/uploads\/2023\/06\/assitante-medicale-1536x1024.jpg 1536w, https:\/\/soignerenperigord.fr\/wp-content\/uploads\/2023\/06\/assitante-medicale-2048x1365.jpg 2048w, https:\/\/soignerenperigord.fr\/wp-content\/uploads\/2023\/06\/assitante-medicale-1500x1000.jpg 1500w, https:\/\/soignerenperigord.fr\/wp-content\/uploads\/2023\/06\/assitante-medicale-705x470.jpg 705w\" sizes=\"(max-width: 1030px) 100vw, 1030px\" \/><\/div><\/div><\/div>\n<\/div><\/div><\/div><!-- close content main div --><\/div><\/div><div id='av_section_2'  class='avia-section av-5t37je-b2a3ba5644dc830cd29325df0dbc602e main_color avia-section-default avia-no-border-styling  avia-builder-el-4  el_after_av_image  el_before_av_section  avia-bg-style-scroll container_wrap sidebar_right'  ><div class='container av-section-cont-open' ><div class='template-page content  av-content-small alpha units'><div class='post-entry post-entry-type-page post-entry-9482'><div class='entry-content-wrapper clearfix'>\n\n<style type=\"text\/css\" data-created_by=\"avia_inline_auto\" id=\"style-css-av-4hvyp6-9509b262d7d88d29334a6cd2e7abef16\">\n.flex_column.av-4hvyp6-9509b262d7d88d29334a6cd2e7abef16{\n-webkit-border-radius:0px 0px 0px 0px;\n-moz-border-radius:0px 0px 0px 0px;\nborder-radius:0px 0px 0px 0px;\npadding:0px 0px 0px 0px;\n}\n<\/style>\n<div class='flex_column av-4hvyp6-9509b262d7d88d29334a6cd2e7abef16 av_one_full  avia-builder-el-5  avia-builder-el-no-sibling  first flex_column_div av-zero-column-padding '     ><style type=\"text\/css\" data-created_by=\"avia_inline_auto\" id=\"style-css-av-livp21i7-fa2697e1098c6cd0eabec03db9d99c35\">\n#top .av_textblock_section.av-livp21i7-fa2697e1098c6cd0eabec03db9d99c35 .avia_textblock{\nfont-size:15px;\n}\n<\/style>\n<section  class='av_textblock_section av-livp21i7-fa2697e1098c6cd0eabec03db9d99c35'  itemscope=\"itemscope\" itemtype=\"https:\/\/schema.org\/CreativeWork\" ><div class='avia_textblock'  itemprop=\"text\" ><div class=\"content-chapo\">\n<h3>D\u00e9finition :<\/h3>\n<p>Sur la base des assistant(e)s m\u00e9dicaux qui existent d\u00e9j\u00e0 aupr\u00e8s des dentistes et des ophtalmologues, le gouvernement a d\u00e9cid\u00e9 d&#8217;\u00e9tendre ce m\u00e9tier aux cabinets de m\u00e9decins g\u00e9n\u00e9ralistes ou sp\u00e9cialistes (arr\u00eat\u00e9 du 20 ao\u00fbt 2019) L&#8217;assistant m\u00e9dical ou l&#8217;assistante m\u00e9dicale \u00e9paule le m\u00e9decin g\u00e9n\u00e9raliste ou sp\u00e9cialiste dans son quotidien. Le m\u00e9decin retrouve donc du temps m\u00e9dical au b\u00e9n\u00e9fice des patients.<\/p>\n<h3>Cadre de l&#8217;exercice professionnel :<\/h3>\n<p>Le poste d&#8217;assistant(e) m\u00e9dical(e) ne se substitue pas \u00e0 d\u2019autres professions de sant\u00e9, intervenant dans la prise en charge des patients, il s\u2019agit d\u2019une fonction avec des missions propres. L&#8217;assistant(e) m\u00e9dical(e) exerce son activit\u00e9 dans les cabinets m\u00e9dicaux, g\u00e9n\u00e9ralistes ou sp\u00e9cialistes.<\/p>\n<\/div>\n<h3>Domaine d&#8217;intervention :<\/h3>\n<p>L&#8217;assistant(e) m\u00e9dical(e) n\u2019est pas un professionnel de sant\u00e9 et ses comp\u00e9tences attest\u00e9es n\u2019autorisent que la r\u00e9alisation d\u2019examens avec des appareils totalement automatiques. L&#8217;assistant(e) m\u00e9dical(e) peut prendre en charge trois types de mission\u00a0: &#8211; Des t\u00e2ches administratives &#8211; La pr\u00e9paration et d\u00e9roulement de la consultation &#8211; Des missions d\u2019organisation et de coordination avec la prise de rdv avec d\u2019autres PS<\/p>\n<h3>Comp\u00e9tences :<\/h3>\n<p>&#8211; Sens de l\u2019organisation pour la gestion des plannings &#8211; Maitrise des logiciels de bureautique pour la gestion des dossiers des patients et des rdv &#8211; Sens de la communication &#8211; Professionnalisme (secret m\u00e9dical, actes m\u00e9dicaux simples)<\/p>\n<h3>Formation :<\/h3>\n<p>Tout titulaire de l\u2019un des dipl\u00f4mes et titres suivants peut exercer le m\u00e9tier d&#8217;assistant(e) m\u00e9dical(e):<\/p>\n<ul>\n<li>Le DEI (Dipl\u00f4me d\u2019\u00c9tat d\u2019Infirmier)<\/li>\n<li>Le DEAS (Dipl\u00f4me d\u2019\u00c9tat d\u2019Aide-Soignant)<\/li>\n<li>Le DEAP (Dipl\u00f4me d\u2019\u00c9tat d\u2019Auxiliaire de Pu\u00e9riculture)<\/li>\n<li>Le CQP d\u2019assistant m\u00e9dical (Certificat de Qualification Professionnelle)<\/li>\n<\/ul>\n<p><strong>Un compl\u00e9ment de formation sous forme de FAE est obligatoire pour les 3 premiers dipl\u00f4mes<\/strong>. Cette fonction peut \u00eatre assur\u00e9e aussi bien par d\u2019actuels aides-soignants, infirmi\u00e8res, secr\u00e9taires m\u00e9dicales ou tout autre profil souhaitant suivre cette voie professionnelle. Dans tous les cas, l&#8217;assistant(e) m\u00e9dical(e) devra \u00eatre form\u00e9 ou s\u2019engager \u00e0 suivre une formation sp\u00e9cifique conduite en alternance, ouverte \u00e0 la Validation des acquis de comp\u00e9tences (VAE) dont le contenu a \u00e9t\u00e9 d\u00e9fini par les partenaires sociaux dans le cadre de la convention collective des personnels des cabinets m\u00e9dicaux.<\/p>\n<h3><strong>D\u00e9mographie<\/strong> :<\/h3>\n<p>30 en Dordogne<\/p>\n<h3>Demandes d&#8217;emploi<\/h3>\n<p>\n<style type=\"text\/css\" data-created_by=\"avia_inline_auto\" id=\"style-css-av-2ua1m2-ff3987e40d5e8ee1db0eebb8b86abb6b\">\n.av_font_icon.av-2ua1m2-ff3987e40d5e8ee1db0eebb8b86abb6b .av-icon-char{\nfont-size:40px;\nline-height:40px;\n}\n<\/style>\n<span  class='av_font_icon av-2ua1m2-ff3987e40d5e8ee1db0eebb8b86abb6b avia_animate_when_visible av-icon-style- avia-icon-pos-left av-no-color avia-icon-animate'><span class='av-icon-char' aria-hidden='true' data-av_icon='\ue80c' data-av_iconfont='entypo-fontello' ><\/span><\/span> Retrouvez les demandes d&#8217;emploi <a style=\"font-size: 16px;\" href=\"https:\/\/soignerenperigord.fr\/?page_id=10307\" target=\"_blank\" rel=\"noopener\">ici<\/a><\/p>\n<h4><\/h4>\n<h4><\/h4>\n<h4><\/h4>\n<h3>Pour en savoir plus :<\/h3>\n<p><a href=\"https:\/\/www.infrep.org\/formations\/cqp-assistant-medical\/\" target=\"_blank\" rel=\"noopener\">La formation \u00e0 l&#8217;INFREP<\/a><br \/>\n<a href=\"https:\/\/www.ameli.fr\/medecin\/exercice-liberal\/vie-cabinet\/aides-financieres\/aide-emploi-assistants-medicaux\" target=\"_blank\" rel=\"noopener\">L&#8217;aide \u00e0 l&#8217;emploi dans les cabinets lib\u00e9raux<\/a><br \/>\n<a href=\"https:\/\/www.ameli.fr\/medecin\/aide-emploi-assistant-medical?etape=1&amp;hash=eb198\" target=\"_blank\" rel=\"noopener\">Un simulateur pour d\u00e9terminer l&#8217;aide dont vous pouvez b\u00e9n\u00e9ficier<\/a><br \/>\n<a href=\"https:\/\/www.letese.urssaf.fr\/portail\/accueil\/s-informer-sur-offre-de-service\/essentiel-du-tese.html\" target=\"_blank\" rel=\"noopener\">Le dispositif de d\u00e9claration de l&#8217;URSSAF (TESE)<\/a><br \/>\n<a href=\"https:\/\/ccn-cabinets-medicaux.fr\/assistants-medicaux\" target=\"_blank\" rel=\"noopener\">Convention collective<\/a><br \/>\n<a href=\"https:\/\/www.opcoep.fr\/criteres-de-financement?branche=204\" target=\"_blank\" rel=\"noopener\">Financement<\/a><\/p>\n<div class=\"content-chapo\">\n<p class=\"p1\" style=\"text-align: center;\">\n<\/div>\n<\/div><\/section><\/div><\/div><\/div><\/div><!-- close content main div --><\/div><\/div><div id='av_section_3'  class='avia-section av-5k7umi-36c10fed0ca3f1d33b21b355d8a75055 main_color avia-section-default avia-no-border-styling  avia-builder-el-8  el_after_av_section  el_before_av_one_full  avia-bg-style-scroll container_wrap sidebar_right'  ><div class='container av-section-cont-open' ><div class='template-page content  av-content-small alpha units'><div class='post-entry post-entry-type-page post-entry-9482'><div class='entry-content-wrapper clearfix'><\/div><\/div><\/div><!-- close content main div --><\/div><\/div><div id='after_section_3'  class='main_color av_default_container_wrap container_wrap sidebar_right'  ><div class='container av-section-cont-open' ><div class='template-page content  av-content-small alpha units'><div class='post-entry post-entry-type-page post-entry-9482'><div class='entry-content-wrapper clearfix'><\/p>\n<div class='flex_column av-4v52mi-576cefddb633c00ab866e68b15e1dbc7 av_one_full  avia-builder-el-9  el_after_av_section  avia-builder-el-no-sibling  first flex_column_div '     ><\/div>\n","protected":false},"excerpt":{"rendered":"","protected":false},"author":20,"featured_media":0,"parent":0,"menu_order":0,"comment_status":"closed","ping_status":"closed","template":"","meta":[],"acf":[],"yoast_head":"<!-- This site is optimized with the Yoast SEO plugin v19.13 - https:\/\/yoast.com\/wordpress\/plugins\/seo\/ -->\n<title>Professionnel de sant\u00e9 - Assistant(e) M\u00e9dical(e)<\/title>\n<meta name=\"description\" content=\"Professionnels de sant\u00e9, d\u00e9couvrez le m\u00e9tier d&#039;assistante m\u00e9dicale en Dordogne afin de laisser du temps m\u00e9dical au m\u00e9decin.\" \/>\n<meta name=\"robots\" content=\"index, follow, max-snippet:-1, max-image-preview:large, max-video-preview:-1\" \/>\n<link rel=\"canonical\" href=\"https:\/\/soignerenperigord.fr\/?page_id=9482\" \/>\n<meta property=\"og:locale\" content=\"fr_FR\" \/>\n<meta property=\"og:type\" content=\"article\" \/>\n<meta property=\"og:title\" content=\"Professionnel de sant\u00e9 - Assistant(e) M\u00e9dical(e)\" \/>\n<meta property=\"og:description\" content=\"Professionnels de sant\u00e9, d\u00e9couvrez le m\u00e9tier d&#039;assistante m\u00e9dicale en Dordogne afin de laisser du temps m\u00e9dical au m\u00e9decin.\" \/>\n<meta property=\"og:url\" content=\"https:\/\/soignerenperigord.fr\/?page_id=9482\" \/>\n<meta property=\"og:site_name\" content=\"SoignerEnPerigord\" \/>\n<meta property=\"article:modified_time\" content=\"2026-08-21T08:23:06+00:00\" \/>\n<meta name=\"twitter:card\" content=\"summary_large_image\" \/>\n<meta name=\"twitter:label1\" content=\"Est. reading time\" \/>\n\t<meta name=\"twitter:data1\" content=\"5 minutes\" \/>\n<script type=\"application\/ld+json\" class=\"yoast-schema-graph\">{\"@context\":\"https:\/\/schema.org\",\"@graph\":[{\"@type\":\"WebPage\",\"@id\":\"https:\/\/soignerenperigord.fr\/?page_id=9482\",\"url\":\"https:\/\/soignerenperigord.fr\/?page_id=9482\",\"name\":\"Professionnel de sant\u00e9 - Assistant(e) M\u00e9dical(e)\",\"isPartOf\":{\"@id\":\"https:\/\/soignerenperigord.fr\/#website\"},\"datePublished\":\"2023-06-15T10:23:14+00:00\",\"dateModified\":\"2026-08-21T08:23:06+00:00\",\"description\":\"Professionnels de sant\u00e9, d\u00e9couvrez le m\u00e9tier d'assistante m\u00e9dicale en Dordogne afin de laisser du temps m\u00e9dical au m\u00e9decin.\",\"breadcrumb\":{\"@id\":\"https:\/\/soignerenperigord.fr\/?page_id=9482#breadcrumb\"},\"inLanguage\":\"fr-FR\",\"potentialAction\":[{\"@type\":\"ReadAction\",\"target\":[\"https:\/\/soignerenperigord.fr\/?page_id=9482\"]}]},{\"@type\":\"BreadcrumbList\",\"@id\":\"https:\/\/soignerenperigord.fr\/?page_id=9482#breadcrumb\",\"itemListElement\":[{\"@type\":\"ListItem\",\"position\":1,\"name\":\"Home\",\"item\":\"https:\/\/soignerenperigord.fr\/?page_id=1809\"},{\"@type\":\"ListItem\",\"position\":2,\"name\":\"Assistant(e) M\u00e9dical(e)\"}]},{\"@type\":\"WebSite\",\"@id\":\"https:\/\/soignerenperigord.fr\/#website\",\"url\":\"https:\/\/soignerenperigord.fr\/\",\"name\":\"SoignerEnPerigord\",\"description\":\"Un site utilisant WordPress\",\"potentialAction\":[{\"@type\":\"SearchAction\",\"target\":{\"@type\":\"EntryPoint\",\"urlTemplate\":\"https:\/\/soignerenperigord.fr\/?s={search_term_string}\"},\"query-input\":\"required name=search_term_string\"}],\"inLanguage\":\"fr-FR\"}]}<\/script>\n<!-- \/ Yoast SEO plugin. -->","yoast_head_json":{"title":"Professionnel de sant\u00e9 - Assistant(e) M\u00e9dical(e)","description":"Professionnels de sant\u00e9, d\u00e9couvrez le m\u00e9tier d'assistante m\u00e9dicale en Dordogne afin de laisser du temps m\u00e9dical au m\u00e9decin.","robots":{"index":"index","follow":"follow","max-snippet":"max-snippet:-1","max-image-preview":"max-image-preview:large","max-video-preview":"max-video-preview:-1"},"canonical":"https:\/\/soignerenperigord.fr\/?page_id=9482","og_locale":"fr_FR","og_type":"article","og_title":"Professionnel de sant\u00e9 - Assistant(e) M\u00e9dical(e)","og_description":"Professionnels de sant\u00e9, d\u00e9couvrez le m\u00e9tier d'assistante m\u00e9dicale en Dordogne afin de laisser du temps m\u00e9dical au m\u00e9decin.","og_url":"https:\/\/soignerenperigord.fr\/?page_id=9482","og_site_name":"SoignerEnPerigord","article_modified_time":"2026-08-21T08:23:06+00:00","twitter_card":"summary_large_image","twitter_misc":{"Est. reading time":"5 minutes"},"schema":{"@context":"https:\/\/schema.org","@graph":[{"@type":"WebPage","@id":"https:\/\/soignerenperigord.fr\/?page_id=9482","url":"https:\/\/soignerenperigord.fr\/?page_id=9482","name":"Professionnel de sant\u00e9 - Assistant(e) M\u00e9dical(e)","isPartOf":{"@id":"https:\/\/soignerenperigord.fr\/#website"},"datePublished":"2023-06-15T10:23:14+00:00","dateModified":"2026-08-21T08:23:06+00:00","description":"Professionnels de sant\u00e9, d\u00e9couvrez le m\u00e9tier d'assistante m\u00e9dicale en Dordogne afin de laisser du temps m\u00e9dical au m\u00e9decin.","breadcrumb":{"@id":"https:\/\/soignerenperigord.fr\/?page_id=9482#breadcrumb"},"inLanguage":"fr-FR","potentialAction":[{"@type":"ReadAction","target":["https:\/\/soignerenperigord.fr\/?page_id=9482"]}]},{"@type":"BreadcrumbList","@id":"https:\/\/soignerenperigord.fr\/?page_id=9482#breadcrumb","itemListElement":[{"@type":"ListItem","position":1,"name":"Home","item":"https:\/\/soignerenperigord.fr\/?page_id=1809"},{"@type":"ListItem","position":2,"name":"Assistant(e) M\u00e9dical(e)"}]},{"@type":"WebSite","@id":"https:\/\/soignerenperigord.fr\/#website","url":"https:\/\/soignerenperigord.fr\/","name":"SoignerEnPerigord","description":"Un site utilisant WordPress","potentialAction":[{"@type":"SearchAction","target":{"@type":"EntryPoint","urlTemplate":"https:\/\/soignerenperigord.fr\/?s={search_term_string}"},"query-input":"required name=search_term_string"}],"inLanguage":"fr-FR"}]}},"_links":{"self":[{"href":"https:\/\/soignerenperigord.fr\/index.php?rest_route=\/wp\/v2\/pages\/9482"}],"collection":[{"href":"https:\/\/soignerenperigord.fr\/index.php?rest_route=\/wp\/v2\/pages"}],"about":[{"href":"https:\/\/soignerenperigord.fr\/index.php?rest_route=\/wp\/v2\/types\/page"}],"author":[{"embeddable":true,"href":"https:\/\/soignerenperigord.fr\/index.php?rest_route=\/wp\/v2\/users\/20"}],"replies":[{"embeddable":true,"href":"https:\/\/soignerenperigord.fr\/index.php?rest_route=%2Fwp%2Fv2%2Fcomments&post=9482"}],"version-history":[{"count":33,"href":"https:\/\/soignerenperigord.fr\/index.php?rest_route=\/wp\/v2\/pages\/9482\/revisions"}],"predecessor-version":[{"id":16410,"href":"https:\/\/soignerenperigord.fr\/index.php?rest_route=\/wp\/v2\/pages\/9482\/revisions\/16410"}],"wp:attachment":[{"href":"https:\/\/soignerenperigord.fr\/index.php?rest_route=%2Fwp%2Fv2%2Fmedia&parent=9482"}],"curies":[{"name":"wp","href":"https:\/\/api.w.org\/{rel}","templated":true}]}}