{"id":9478,"date":"2023-06-14T14:17:39","date_gmt":"2023-06-14T12:17:39","guid":{"rendered":"https:\/\/soignerenperigord.fr\/?page_id=9478"},"modified":"2025-10-17T10:27:19","modified_gmt":"2025-10-17T08:27:19","slug":"ipa-infirmiere-en-pratique-avancee","status":"publish","type":"page","link":"https:\/\/soignerenperigord.fr\/?page_id=9478","title":{"rendered":"IPA &#8211; Infirmier(e) en Pratique Avanc\u00e9e"},"content":{"rendered":"<div id='av_section_1'  class='avia-section av-195rq1y-d97e974b0998725a65b47a9cb53eaf8b main_color avia-section-default avia-no-border-styling  avia-builder-el-0  avia-builder-el-no-sibling  avia-bg-style-scroll container_wrap sidebar_right'  ><div class='container av-section-cont-open' ><main  role=\"main\" itemprop=\"mainContentOfPage\"  class='template-page content  av-content-small alpha units'><div class='post-entry post-entry-type-page post-entry-9478'><div class='entry-content-wrapper clearfix'>\n\n<style type=\"text\/css\" data-created_by=\"avia_inline_auto\" id=\"style-css-av-18eopqu-04de1ebf58a21f1549b9921eb29e8d6b\">\n.flex_column.av-18eopqu-04de1ebf58a21f1549b9921eb29e8d6b{\n-webkit-border-radius:0px 0px 0px 0px;\n-moz-border-radius:0px 0px 0px 0px;\nborder-radius:0px 0px 0px 0px;\npadding:0px 0px 0px 0px;\n}\n<\/style>\n<div class='flex_column av-18eopqu-04de1ebf58a21f1549b9921eb29e8d6b av_one_full  avia-builder-el-1  el_before_av_image  avia-builder-el-first  first flex_column_div av-zero-column-padding '     ><style type=\"text\/css\" data-created_by=\"avia_inline_auto\" id=\"style-css-av-161lnom-d7ca3eb5982b4a6c6ea3b17a979f4178\">\n#top .av-special-heading.av-161lnom-d7ca3eb5982b4a6c6ea3b17a979f4178{\npadding-bottom:10px;\nfont-size:45px;\n}\nbody .av-special-heading.av-161lnom-d7ca3eb5982b4a6c6ea3b17a979f4178 .av-special-heading-tag .heading-char{\nfont-size:25px;\n}\n#top #wrap_all .av-special-heading.av-161lnom-d7ca3eb5982b4a6c6ea3b17a979f4178 .av-special-heading-tag{\nfont-size:45px;\n}\n.av-special-heading.av-161lnom-d7ca3eb5982b4a6c6ea3b17a979f4178 .av-subheading{\nfont-size:15px;\n}\n\n@media only screen and (min-width: 480px) and (max-width: 767px){ \n#top #wrap_all .av-special-heading.av-161lnom-d7ca3eb5982b4a6c6ea3b17a979f4178 .av-special-heading-tag{\nfont-size:0.8em;\n}\n}\n\n@media only screen and (max-width: 479px){ \n#top #wrap_all .av-special-heading.av-161lnom-d7ca3eb5982b4a6c6ea3b17a979f4178 .av-special-heading-tag{\nfont-size:0.8em;\n}\n}\n<\/style>\n<div  class='av-special-heading av-161lnom-d7ca3eb5982b4a6c6ea3b17a979f4178 av-special-heading-h2 blockquote modern-quote modern-centered  avia-builder-el-2  avia-builder-el-no-sibling  av-inherit-size av-linked-heading'><h2 class='av-special-heading-tag'  itemprop=\"headline\"  >INFIRMIER(E) en PRATIQUE AVANC\u00c9E<\/h2><div class=\"special-heading-border\"><div class=\"special-heading-inner-border\"><\/div><\/div><\/div><\/div>\n<style type=\"text\/css\" data-created_by=\"avia_inline_auto\" id=\"style-css-av-liwzo0az-b8986c54795cbad0f314fbe511cbe76b\">\n.avia-image-container.av-liwzo0az-b8986c54795cbad0f314fbe511cbe76b img.avia_image{\nbox-shadow:none;\n}\n.avia-image-container.av-liwzo0az-b8986c54795cbad0f314fbe511cbe76b .av-image-caption-overlay-center{\ncolor:#ffffff;\n}\n<\/style>\n<div  class='avia-image-container av-liwzo0az-b8986c54795cbad0f314fbe511cbe76b av-styling- av-hover-grow avia-align-center  avia-builder-el-3  el_after_av_one_full  el_before_av_one_full '   itemprop=\"image\" itemscope=\"itemscope\" itemtype=\"https:\/\/schema.org\/ImageObject\" ><div class=\"avia-image-container-inner\"><div class=\"avia-image-overlay-wrap\"><img decoding=\"async\" class='wp-image-9490 avia-img-lazy-loading-not-9490 avia_image ' src=\"https:\/\/soignerenperigord.fr\/wp-content\/uploads\/2023\/06\/IPAJYA3.png\" alt='' title='IPAJYA3'  height=\"724\" width=\"1024\"  itemprop=\"thumbnailUrl\" srcset=\"https:\/\/soignerenperigord.fr\/wp-content\/uploads\/2023\/06\/IPAJYA3.png 1024w, https:\/\/soignerenperigord.fr\/wp-content\/uploads\/2023\/06\/IPAJYA3-300x212.png 300w, https:\/\/soignerenperigord.fr\/wp-content\/uploads\/2023\/06\/IPAJYA3-768x543.png 768w, https:\/\/soignerenperigord.fr\/wp-content\/uploads\/2023\/06\/IPAJYA3-260x185.png 260w, https:\/\/soignerenperigord.fr\/wp-content\/uploads\/2023\/06\/IPAJYA3-705x498.png 705w\" sizes=\"(max-width: 1024px) 100vw, 1024px\" \/><\/div><\/div><\/div>\n\n<style type=\"text\/css\" data-created_by=\"avia_inline_auto\" id=\"style-css-av-104yoza-2f57f32770ab67e49603d7ed55015095\">\n.flex_column.av-104yoza-2f57f32770ab67e49603d7ed55015095{\n-webkit-border-radius:0px 0px 0px 0px;\n-moz-border-radius:0px 0px 0px 0px;\nborder-radius:0px 0px 0px 0px;\npadding:0px 0px 0px 0px;\n}\n<\/style>\n<div class='flex_column av-104yoza-2f57f32770ab67e49603d7ed55015095 av_one_full  avia-builder-el-4  el_after_av_image  avia-builder-el-last  first flex_column_div av-zero-column-padding '     ><section  class='av_textblock_section av-ylrt7a-44ff03562da1a0e35693d57bb683aa6e'  itemscope=\"itemscope\" itemtype=\"https:\/\/schema.org\/CreativeWork\" ><div class='avia_textblock'  itemprop=\"text\" ><h3><\/h3>\n<h3>D\u00e9finition :<\/h3>\n<p>En 2008, le Conseil International des Infirmi\u00e8res (CII) a apport\u00e9 sa d\u00e9finition de l\u2019IPA :<\/p>\n<p>\u00ab L\u2019infirmier(\u00e8re) qui exerce en pratique avanc\u00e9e est un(e) infirmier(\u00e8re) dipl\u00f4m\u00e9(e) qui a acquis des connaissances th\u00e9oriques, le savoir-faire aux prises de d\u00e9cisions complexes, de m\u00eame que les comp\u00e9tences cliniques indispensables \u00e0 la pratique avanc\u00e9e de sa profession. Les caract\u00e9ristiques de cette pratique avanc\u00e9e sont d\u00e9termin\u00e9es par le contexte dans lequel l\u2019infirmier (\u00e8re) sera autoris\u00e9(e) \u00e0 exercer. \u00bb<\/p>\n<h3>Cadre de l&#8217;exercice professionnel :<\/h3>\n<p>Les infirmier(\u00e8res) en pratique avanc\u00e9e (IPA) peuvent exercer :<br \/>\n\u2022 en ambulatoire :<br \/>\n&#8211; au sein d\u2019une \u00e9quipe de soins primaires coordonn\u00e9e par le m\u00e9decin (par exemple en maison ou centre de sant\u00e9) ou de l\u2019\u00e9quipe de soins d\u2019un centre m\u00e9dical du service de sant\u00e9 des arm\u00e9es coordonn\u00e9e par un m\u00e9decin des arm\u00e9es<br \/>\n&#8211; en assistance d\u2019un m\u00e9decin sp\u00e9cialiste, hors soins primaires<\/p>\n<p>\u2022 en \u00e9tablissement de sant\u00e9, en \u00e9tablissement m\u00e9dico-social ou dans un h\u00f4pital des arm\u00e9es, au sein d\u2019une \u00e9quipe de soins coordonn\u00e9e par un m\u00e9decin.<\/p>\n<p>L\u2019IPA participe \u00e0 la prise en charge globale des patients et \u00e0 l\u2019organisation des parcours.<\/p>\n<p>La pratique avanc\u00e9e vise \u00e0 :<br \/>\n\u2022 d\u00e9velopper les comp\u00e9tences pour favoriser les \u00e9volutions de carri\u00e8re ;<br \/>\n\u2022 am\u00e9liorer la qualit\u00e9 des soins et des parcours de sant\u00e9 ;<br \/>\n\u2022 renforcer l\u2019\u00e9quit\u00e9 et l\u2019acc\u00e8s aux soins des populations ;<br \/>\n\u2022 centrer la prise en charge sur la personne, son entourage et les besoins de sant\u00e9 des populations.<\/p>\n<p>Domaines d\u2019intervention<\/p>\n<ul>\n<li>pathologies chroniques stabilis\u00e9es ; pr\u00e9vention et polypathologies courantes en soins primaires<\/li>\n<li>oncologie et h\u00e9mato-oncologie<\/li>\n<li>maladie r\u00e9nale chronique, dialyse et transplantation r\u00e9nale<\/li>\n<li>psychiatrie et sant\u00e9 mentale.<\/li>\n<li>Urgences<\/li>\n<\/ul>\n<h3>Comp\u00e9tences :<\/h3>\n<p>Comp\u00e9tences\u00a0:<\/p>\n<ul>\n<li>\u00c9valuer l&#8217;\u00e9tat de sant\u00e9 de patients en relais de consultations m\u00e9dicales pour des pathologies identifi\u00e9es<\/li>\n<li>D\u00e9finir et mettre en \u0153uvre le projet de soins du patient \u00e0 partir de l&#8217;\u00e9valuation globale de son \u00e9tat de sant\u00e9<\/li>\n<li>Concevoir et mettre en \u0153uvre des actions de pr\u00e9vention et d&#8217;\u00e9ducation th\u00e9rapeutique<\/li>\n<li>Organiser les parcours de soins et de sant\u00e9 de patients en collaboration avec l&#8217;ensemble des acteurs concern\u00e9s<\/li>\n<li>\u00a0Mettre en place et conduire des actions d&#8217;\u00e9valuation et d&#8217;am\u00e9lioration des pratiques professionnelles en exer\u00e7ant un leadership clinique<\/li>\n<\/ul>\n<ul>\n<li>Rechercher, analyser et produire des donn\u00e9es professionnelles et scientifiques<\/li>\n<\/ul>\n<h3>Formation :<\/h3>\n<p>Le dipl\u00f4me d\u2019IPA est accessible en formation initiale et continue aux titulaires du dipl\u00f4me d\u2019Etat infirmier ou d&#8217;une \u00e9quivalence europ\u00e9enne. Les infirmiers qui le souhaitent peuvent entrer en formation directement apr\u00e8s l\u2019obtention du DE d\u2019infirmier.<\/p>\n<p>La formation est organis\u00e9e autour d\u2019une 1\u00e8re ann\u00e9e de tronc commun permettant de poser les bases de l\u2019exercice infirmier en pratique avanc\u00e9e et d\u2019une 2\u00e8me ann\u00e9e centr\u00e9e sur les enseignements en lien avec la mention choisie.<\/p>\n<p>Pour exercer en tant qu\u2019infirmier en pratique avanc\u00e9e, il faut :<\/p>\n<ul>\n<li>\u00eatre titulaire du DEIPA (dipl\u00f4me de niveau bac + 5)<\/li>\n<li>avoir 3 ann\u00e9es d&#8217;exp\u00e9rience en tant qu&#8217;infirmi\u00e8re de m\u00e9tier socle<\/li>\n<li>\u00eatre inscrit en tant qu\u2019IPA \u00e0 l\u2019Ordre National Infirmier<\/li>\n<\/ul>\n<h3><strong>Aides<\/strong><\/h3>\n<ul>\n<li>L&#8217;avenant 9 pr\u00e9voit une aide au d\u00e9marrage de l\u2019activit\u00e9 des IPA lors de l&#8217;installation.<br \/>\nLe montant de l\u2019aide s&#8217;\u00e9l\u00e8ve \u00e0 :<br \/>\n40 000 \u20ac pour les IPA conventionn\u00e9es exer\u00e7ant en zone sous-dense m\u00e9dicale qualifi\u00e9es de \u00ab ZIP \u00bb<br \/>\n27 000 \u20ac pour les IPA exer\u00e7ant en dehors de ces zones.<br \/>\nElle est vers\u00e9e sur 2 ans et attribuable sous conditions.<br \/>\nPour en savoir plus, voir la partie &#8221;les aides \u00e0 l&#8217;activit\u00e9 et la r\u00e9gulation du conventionnement&#8221;, <a href=\"https:\/\/www.ameli.fr\/dordogne\/infirmier\/exercice-liberal\/vie-cabinet\/installation-liberal\/exercice-des-infirmiers-en-pratique-avancee\" target=\"_blank\" rel=\"noopener\">ICI<\/a><\/li>\n<\/ul>\n<ul>\n<li>L&#8217;avenant 10 pr\u00e9voit un accompagnement financier des infirmiers lib\u00e9raux suivant une formation d\u2019IPA.<br \/>\nCette aide financi\u00e8re de 15 000 \u20ac permet d\u2019att\u00e9nuer la perte de revenus li\u00e9e \u00e0 la baisse de votre activit\u00e9 durant votre formation.<br \/>\nPour en savoir plus, voir la partie &#8220;les formations&#8221; , <a href=\"https:\/\/www.ameli.fr\/dordogne\/infirmier\/exercice-liberal\/vie-cabinet\/installation-liberal\/exercice-des-infirmiers-en-pratique-avancee\" target=\"_blank\" rel=\"noopener\">ICI<\/a><\/li>\n<\/ul>\n<p>Ces deux aides sont contractualis\u00e9es entre l&#8217;IDEL et la CPAM de la Dordogne.<\/p>\n<h3>D\u00e9mographie :<\/h3>\n<p>Actuellement, le d\u00e9partement compte 14 IPA r\u00e9partie de la fa\u00e7on suivante :<\/p>\n<ul>\n<li>4 IPA en lib\u00e9ral<\/li>\n<li>10 IPA salari\u00e9s (3 au CH de PGX, 1 au CH de Sarlat, 1 au CDS d&#8217;Exideuil, 1 au CDS de Rib\u00e9rac, 3 CH Vauclaire, 1 CH Bergerac )<\/li>\n<\/ul>\n<h3>Pour en savoir plus :<\/h3>\n<p><a href=\"https:\/\/www.nouvelle-aquitaine.ars.sante.fr\/infirmiers-en-pratique-avancee-ipa-en-nouvelle-aquitaine\" target=\"_blank\" rel=\"noopener\">Infirmiers en pratique avanc\u00e9e (IPA) en Nouvelle-Aquitaine | Agence r\u00e9gionale de sant\u00e9 Nouvelle-Aquitaine (sante.fr)<\/a><\/p>\n<p><a href=\"http:\/\/www.anfipa.fr\/\" target=\"_blank\" rel=\"noopener\">ANFIPA BIENVENUE<\/a><\/p>\n<p><a href=\"https:\/\/www.ameli.fr\/dordogne\/infirmier\/exercice-liberal\/vie-cabinet\/installation-liberal\/exercice-des-infirmiers-en-pratique-avancee\" target=\"_blank\" rel=\"noopener\">L&#8217;exercice des infirmiers en pratique avanc\u00e9 (ameli.fr)<\/a><\/p>\n<\/div><\/section><\/div><\/div><\/div><\/main><!-- close content main element --><\/div><\/div><div id='after_section_1'  class='main_color av_default_container_wrap container_wrap sidebar_right'  ><div class='container av-section-cont-open' ><div class='template-page content  av-content-small alpha units'><div class='post-entry post-entry-type-page post-entry-9478'><div class='entry-content-wrapper clearfix'>\n","protected":false},"excerpt":{"rendered":"","protected":false},"author":20,"featured_media":0,"parent":0,"menu_order":0,"comment_status":"closed","ping_status":"closed","template":"","meta":[],"acf":[],"yoast_head":"<!-- This site is optimized with the Yoast SEO plugin v19.13 - https:\/\/yoast.com\/wordpress\/plugins\/seo\/ -->\n<title>Professionnel de sant\u00e9 - IPA - Infirmier(e) en Pratique Avanc\u00e9e<\/title>\n<meta name=\"description\" content=\"Professionnels de sant\u00e9, d\u00e9couvrez le m\u00e9tier d&#039;IPA en Dordogne, la formation et les aides.\" \/>\n<meta name=\"robots\" content=\"index, follow, max-snippet:-1, max-image-preview:large, max-video-preview:-1\" \/>\n<link rel=\"canonical\" href=\"https:\/\/soignerenperigord.fr\/?page_id=9478\" \/>\n<meta property=\"og:locale\" content=\"fr_FR\" \/>\n<meta property=\"og:type\" content=\"article\" \/>\n<meta property=\"og:title\" content=\"Professionnel de sant\u00e9 - IPA - Infirmier(e) en Pratique Avanc\u00e9e\" \/>\n<meta property=\"og:description\" content=\"Professionnels de sant\u00e9, d\u00e9couvrez le m\u00e9tier d&#039;IPA en Dordogne, la formation et les aides.\" \/>\n<meta property=\"og:url\" content=\"https:\/\/soignerenperigord.fr\/?page_id=9478\" \/>\n<meta property=\"og:site_name\" content=\"SoignerEnPerigord\" \/>\n<meta property=\"article:modified_time\" content=\"2025-10-17T08:27:19+00:00\" \/>\n<meta name=\"twitter:card\" content=\"summary_large_image\" \/>\n<meta name=\"twitter:label1\" content=\"Est. reading time\" \/>\n\t<meta name=\"twitter:data1\" content=\"5 minutes\" \/>\n<script type=\"application\/ld+json\" class=\"yoast-schema-graph\">{\"@context\":\"https:\/\/schema.org\",\"@graph\":[{\"@type\":\"WebPage\",\"@id\":\"https:\/\/soignerenperigord.fr\/?page_id=9478\",\"url\":\"https:\/\/soignerenperigord.fr\/?page_id=9478\",\"name\":\"Professionnel de sant\u00e9 - IPA - Infirmier(e) en Pratique Avanc\u00e9e\",\"isPartOf\":{\"@id\":\"https:\/\/soignerenperigord.fr\/#website\"},\"datePublished\":\"2023-06-14T12:17:39+00:00\",\"dateModified\":\"2025-10-17T08:27:19+00:00\",\"description\":\"Professionnels de sant\u00e9, d\u00e9couvrez le m\u00e9tier d'IPA en Dordogne, la formation et les aides.\",\"breadcrumb\":{\"@id\":\"https:\/\/soignerenperigord.fr\/?page_id=9478#breadcrumb\"},\"inLanguage\":\"fr-FR\",\"potentialAction\":[{\"@type\":\"ReadAction\",\"target\":[\"https:\/\/soignerenperigord.fr\/?page_id=9478\"]}]},{\"@type\":\"BreadcrumbList\",\"@id\":\"https:\/\/soignerenperigord.fr\/?page_id=9478#breadcrumb\",\"itemListElement\":[{\"@type\":\"ListItem\",\"position\":1,\"name\":\"Home\",\"item\":\"https:\/\/soignerenperigord.fr\/?page_id=1809\"},{\"@type\":\"ListItem\",\"position\":2,\"name\":\"IPA &#8211; Infirmier(e) en Pratique Avanc\u00e9e\"}]},{\"@type\":\"WebSite\",\"@id\":\"https:\/\/soignerenperigord.fr\/#website\",\"url\":\"https:\/\/soignerenperigord.fr\/\",\"name\":\"SoignerEnPerigord\",\"description\":\"Un site utilisant WordPress\",\"potentialAction\":[{\"@type\":\"SearchAction\",\"target\":{\"@type\":\"EntryPoint\",\"urlTemplate\":\"https:\/\/soignerenperigord.fr\/?s={search_term_string}\"},\"query-input\":\"required name=search_term_string\"}],\"inLanguage\":\"fr-FR\"}]}<\/script>\n<!-- \/ Yoast SEO plugin. -->","yoast_head_json":{"title":"Professionnel de sant\u00e9 - IPA - Infirmier(e) en Pratique Avanc\u00e9e","description":"Professionnels de sant\u00e9, d\u00e9couvrez le m\u00e9tier d'IPA en Dordogne, la formation et les aides.","robots":{"index":"index","follow":"follow","max-snippet":"max-snippet:-1","max-image-preview":"max-image-preview:large","max-video-preview":"max-video-preview:-1"},"canonical":"https:\/\/soignerenperigord.fr\/?page_id=9478","og_locale":"fr_FR","og_type":"article","og_title":"Professionnel de sant\u00e9 - IPA - Infirmier(e) en Pratique Avanc\u00e9e","og_description":"Professionnels de sant\u00e9, d\u00e9couvrez le m\u00e9tier d'IPA en Dordogne, la formation et les aides.","og_url":"https:\/\/soignerenperigord.fr\/?page_id=9478","og_site_name":"SoignerEnPerigord","article_modified_time":"2025-10-17T08:27:19+00:00","twitter_card":"summary_large_image","twitter_misc":{"Est. reading time":"5 minutes"},"schema":{"@context":"https:\/\/schema.org","@graph":[{"@type":"WebPage","@id":"https:\/\/soignerenperigord.fr\/?page_id=9478","url":"https:\/\/soignerenperigord.fr\/?page_id=9478","name":"Professionnel de sant\u00e9 - IPA - Infirmier(e) en Pratique Avanc\u00e9e","isPartOf":{"@id":"https:\/\/soignerenperigord.fr\/#website"},"datePublished":"2023-06-14T12:17:39+00:00","dateModified":"2025-10-17T08:27:19+00:00","description":"Professionnels de sant\u00e9, d\u00e9couvrez le m\u00e9tier d'IPA en Dordogne, la formation et les aides.","breadcrumb":{"@id":"https:\/\/soignerenperigord.fr\/?page_id=9478#breadcrumb"},"inLanguage":"fr-FR","potentialAction":[{"@type":"ReadAction","target":["https:\/\/soignerenperigord.fr\/?page_id=9478"]}]},{"@type":"BreadcrumbList","@id":"https:\/\/soignerenperigord.fr\/?page_id=9478#breadcrumb","itemListElement":[{"@type":"ListItem","position":1,"name":"Home","item":"https:\/\/soignerenperigord.fr\/?page_id=1809"},{"@type":"ListItem","position":2,"name":"IPA &#8211; Infirmier(e) en Pratique Avanc\u00e9e"}]},{"@type":"WebSite","@id":"https:\/\/soignerenperigord.fr\/#website","url":"https:\/\/soignerenperigord.fr\/","name":"SoignerEnPerigord","description":"Un site utilisant WordPress","potentialAction":[{"@type":"SearchAction","target":{"@type":"EntryPoint","urlTemplate":"https:\/\/soignerenperigord.fr\/?s={search_term_string}"},"query-input":"required name=search_term_string"}],"inLanguage":"fr-FR"}]}},"_links":{"self":[{"href":"https:\/\/soignerenperigord.fr\/index.php?rest_route=\/wp\/v2\/pages\/9478"}],"collection":[{"href":"https:\/\/soignerenperigord.fr\/index.php?rest_route=\/wp\/v2\/pages"}],"about":[{"href":"https:\/\/soignerenperigord.fr\/index.php?rest_route=\/wp\/v2\/types\/page"}],"author":[{"embeddable":true,"href":"https:\/\/soignerenperigord.fr\/index.php?rest_route=\/wp\/v2\/users\/20"}],"replies":[{"embeddable":true,"href":"https:\/\/soignerenperigord.fr\/index.php?rest_route=%2Fwp%2Fv2%2Fcomments&post=9478"}],"version-history":[{"count":14,"href":"https:\/\/soignerenperigord.fr\/index.php?rest_route=\/wp\/v2\/pages\/9478\/revisions"}],"predecessor-version":[{"id":14492,"href":"https:\/\/soignerenperigord.fr\/index.php?rest_route=\/wp\/v2\/pages\/9478\/revisions\/14492"}],"wp:attachment":[{"href":"https:\/\/soignerenperigord.fr\/index.php?rest_route=%2Fwp%2Fv2%2Fmedia&parent=9478"}],"curies":[{"name":"wp","href":"https:\/\/api.w.org\/{rel}","templated":true}]}}