{"id":9159,"date":"2023-03-28T15:30:38","date_gmt":"2023-03-28T13:30:38","guid":{"rendered":"https:\/\/soignerenperigord.fr\/?page_id=9159"},"modified":"2026-08-17T09:49:44","modified_gmt":"2026-08-17T07:49:44","slug":"exercice-coordonne","status":"publish","type":"page","link":"https:\/\/soignerenperigord.fr\/?page_id=9159","title":{"rendered":"Exercice coordonn\u00e9"},"content":{"rendered":"<p><div id='av_section_1'  class='avia-section av-jt5uk2ev-fd64a8e7d873710bbccbf9e0e3e5e58b main_color avia-section-default avia-no-border-styling  avia-builder-el-0  el_before_av_section  avia-builder-el-first  avia-bg-style-scroll container_wrap sidebar_right'  ><div class='container av-section-cont-open' ><main  role=\"main\" itemprop=\"mainContentOfPage\"  class='template-page content  av-content-small alpha units'><div class='post-entry post-entry-type-page post-entry-9159'><div class='entry-content-wrapper clearfix'>\n\n<style type=\"text\/css\" data-created_by=\"avia_inline_auto\" id=\"style-css-av-1jj42a-51e1fbcca5d00870bab08cd27f95ac1e\">\n.flex_column.av-1jj42a-51e1fbcca5d00870bab08cd27f95ac1e{\n-webkit-border-radius:0px 0px 0px 0px;\n-moz-border-radius:0px 0px 0px 0px;\nborder-radius:0px 0px 0px 0px;\npadding:0px 0px 0px 0px;\n}\n<\/style>\n<div class='flex_column av-1jj42a-51e1fbcca5d00870bab08cd27f95ac1e av_one_full  avia-builder-el-1  el_before_av_one_full  avia-builder-el-first  first flex_column_div av-zero-column-padding '     ><style type=\"text\/css\" data-created_by=\"avia_inline_auto\" id=\"style-css-av-343ira-5825e61994f9fb34c231016aa7a9c5be\">\n#top .av-special-heading.av-343ira-5825e61994f9fb34c231016aa7a9c5be{\npadding-bottom:10px;\nfont-size:45px;\n}\nbody .av-special-heading.av-343ira-5825e61994f9fb34c231016aa7a9c5be .av-special-heading-tag .heading-char{\nfont-size:25px;\n}\n#top #wrap_all .av-special-heading.av-343ira-5825e61994f9fb34c231016aa7a9c5be .av-special-heading-tag{\nfont-size:45px;\n}\n.av-special-heading.av-343ira-5825e61994f9fb34c231016aa7a9c5be .av-subheading{\nfont-size:15px;\n}\n\n@media only screen and (min-width: 480px) and (max-width: 767px){ \n#top #wrap_all .av-special-heading.av-343ira-5825e61994f9fb34c231016aa7a9c5be .av-special-heading-tag{\nfont-size:0.8em;\n}\n}\n\n@media only screen and (max-width: 479px){ \n#top #wrap_all .av-special-heading.av-343ira-5825e61994f9fb34c231016aa7a9c5be .av-special-heading-tag{\nfont-size:0.8em;\n}\n}\n<\/style>\n<div  class='av-special-heading av-343ira-5825e61994f9fb34c231016aa7a9c5be av-special-heading-h1 blockquote modern-quote modern-centered  avia-builder-el-2  avia-builder-el-no-sibling  av-inherit-size av-linked-heading'><h1 class='av-special-heading-tag'  itemprop=\"headline\"  >L\u2019exercice coordonn\u00e9 en Dordogne<\/h1><div class=\"special-heading-border\"><div class=\"special-heading-inner-border\"><\/div><\/div><\/div><\/div>\n<style type=\"text\/css\" data-created_by=\"avia_inline_auto\" id=\"style-css-av-1dgq6i-4392de833b48a3a67458154c12da55f4\">\n.flex_column.av-1dgq6i-4392de833b48a3a67458154c12da55f4{\n-webkit-border-radius:0px 0px 0px 0px;\n-moz-border-radius:0px 0px 0px 0px;\nborder-radius:0px 0px 0px 0px;\npadding:0px 0px 0px 0px;\n}\n<\/style>\n<div class='flex_column av-1dgq6i-4392de833b48a3a67458154c12da55f4 av_one_full  avia-builder-el-3  el_after_av_one_full  el_before_av_one_full  first flex_column_div av-zero-column-padding column-top-margin'     ><style type=\"text\/css\" data-created_by=\"avia_inline_auto\" id=\"style-css-av-jt60ttfw-48e9a0e53f97fbe995c890c1e6305fde\">\n.avia-image-container.av-jt60ttfw-48e9a0e53f97fbe995c890c1e6305fde img.avia_image{\nbox-shadow:none;\n}\n.avia-image-container.av-jt60ttfw-48e9a0e53f97fbe995c890c1e6305fde .av-image-caption-overlay-center{\ncolor:#ffffff;\n}\n<\/style>\n<div  class='avia-image-container av-jt60ttfw-48e9a0e53f97fbe995c890c1e6305fde av-styling- av-hover-grow avia-align-center  avia-builder-el-4  avia-builder-el-no-sibling '   itemprop=\"image\" itemscope=\"itemscope\" itemtype=\"https:\/\/schema.org\/ImageObject\" ><div class=\"avia-image-container-inner\"><div class=\"avia-image-overlay-wrap\"><img decoding=\"async\" class='wp-image-4675 avia-img-lazy-loading-not-4675 avia_image ' src=\"https:\/\/soignerenperigord.fr\/wp-content\/uploads\/2020\/02\/maison-de-sante.jpg\" alt='' title='Photo : Cpam Dordogne - Maison de Sant\u00e9 de Vergt'  height=\"1459\" width=\"2592\"  itemprop=\"thumbnailUrl\" srcset=\"https:\/\/soignerenperigord.fr\/wp-content\/uploads\/2020\/02\/maison-de-sante.jpg 2592w, https:\/\/soignerenperigord.fr\/wp-content\/uploads\/2020\/02\/maison-de-sante-300x169.jpg 300w, https:\/\/soignerenperigord.fr\/wp-content\/uploads\/2020\/02\/maison-de-sante-768x432.jpg 768w, https:\/\/soignerenperigord.fr\/wp-content\/uploads\/2020\/02\/maison-de-sante-1030x580.jpg 1030w, https:\/\/soignerenperigord.fr\/wp-content\/uploads\/2020\/02\/maison-de-sante-1500x844.jpg 1500w, https:\/\/soignerenperigord.fr\/wp-content\/uploads\/2020\/02\/maison-de-sante-705x397.jpg 705w, https:\/\/soignerenperigord.fr\/wp-content\/uploads\/2020\/02\/maison-de-sante-450x253.jpg 450w\" sizes=\"(max-width: 2592px) 100vw, 2592px\" \/><\/div><\/div><\/div><\/div>\n<style type=\"text\/css\" data-created_by=\"avia_inline_auto\" id=\"style-css-av-jtyilemo-f573bb39ac80c2c5101e0887c16a7bcd\">\n#top .hr.hr-invisible.av-jtyilemo-f573bb39ac80c2c5101e0887c16a7bcd{\nheight:40px;\n}\n<\/style>\n<div  class='hr av-jtyilemo-f573bb39ac80c2c5101e0887c16a7bcd hr-invisible'><span class='hr-inner '><span class=\"hr-inner-style\"><\/span><\/span><\/div>\n<\/div><\/div><\/main><!-- close content main element --><\/div><\/div><div id='av_section_2'  class='avia-section av-2cdl3e-32b02742e02f88934e8d8963cd0fbc60 alternate_color avia-section-default avia-no-border-styling avia-bg-style-scroll container_wrap sidebar_right'  ><div class='container av-section-cont-open' ><div class='template-page content  av-content-small alpha units'><div class='post-entry post-entry-type-page post-entry-9159'><div class='entry-content-wrapper clearfix'>\n\n<style type=\"text\/css\" data-created_by=\"avia_inline_auto\" id=\"style-css-av-11rhye-f157f6bb27319695b7a3b59202eb9917\">\n.flex_column.av-11rhye-f157f6bb27319695b7a3b59202eb9917{\n-webkit-border-radius:0px 0px 0px 0px;\n-moz-border-radius:0px 0px 0px 0px;\nborder-radius:0px 0px 0px 0px;\npadding:0px 0px 0px 0px;\n}\n<\/style>\n<div class='flex_column av-11rhye-f157f6bb27319695b7a3b59202eb9917 av_one_third first flex_column_div av-zero-column-padding '     ><p>\n<style type=\"text\/css\" data-created_by=\"avia_inline_auto\" id=\"style-css-av-22gply-784931f5c298821b235dd88a16b5ef8a\">\n#top .av-special-heading.av-22gply-784931f5c298821b235dd88a16b5ef8a{\npadding-bottom:10px;\nfont-size:45px;\n}\nbody .av-special-heading.av-22gply-784931f5c298821b235dd88a16b5ef8a .av-special-heading-tag .heading-char{\nfont-size:25px;\n}\n#top #wrap_all .av-special-heading.av-22gply-784931f5c298821b235dd88a16b5ef8a .av-special-heading-tag{\nfont-size:45px;\n}\n.av-special-heading.av-22gply-784931f5c298821b235dd88a16b5ef8a .av-subheading{\nfont-size:15px;\n}\n\n@media only screen and (min-width: 480px) and (max-width: 767px){ \n#top #wrap_all .av-special-heading.av-22gply-784931f5c298821b235dd88a16b5ef8a .av-special-heading-tag{\nfont-size:0.8em;\n}\n}\n\n@media only screen and (max-width: 479px){ \n#top #wrap_all .av-special-heading.av-22gply-784931f5c298821b235dd88a16b5ef8a .av-special-heading-tag{\nfont-size:0.8em;\n}\n}\n<\/style>\n<div  class='av-special-heading av-22gply-784931f5c298821b235dd88a16b5ef8a av-special-heading-h2 blockquote modern-quote av-inherit-size'><h2 class='av-special-heading-tag'  itemprop=\"headline\"  >O\u00f9 s\u2019installer en Dordogne ?<\/h2><div class=\"special-heading-border\"><div class=\"special-heading-inner-border\"><\/div><\/div><\/div><br \/>\n<section  class='av_textblock_section av-jt5vybbq-f52afa904cb78474f5fc91ac88f61df9'  itemscope=\"itemscope\" itemtype=\"https:\/\/schema.org\/CreativeWork\" ><div class='avia_textblock'  itemprop=\"text\" ><p>Disposer des chiffres cl\u00e9s pour mieux cibler votre installation. Retrouver plus de d\u00e9tail en cliquant sur les\u00a0 chevrons \u00e0 droite. Des \u00e9l\u00e9ments essentiels \u00e0 votre installation. Pour aller plus loin, deux sites \u00e0 votre disposition:<br \/>\n<a href=\"http:\/\/rezone.ameli.fr\/rezone\/\" target=\"_blank\" rel=\"noopener\"><strong>Rezone M\u00e9decin<\/strong><\/a> visualise les caract\u00e9ristiques des territoires\u00a0 et les zones \u00e9ligibles \u00e0 l\u2019installation.<\/p>\n<ul>\n<li>zonages d\u00e9mographiques ;<\/li>\n<li>caract\u00e9ristiques des territoires ;<\/li>\n<li>aides Assurance Maladie, ARS et URSSAF.<\/li>\n<\/ul>\n<p><a href=\"http:\/\/rezonekine.ameli.fr\/\" target=\"_blank\" rel=\"noopener\"><strong>Rezone Masseurs-Kin\u00e9sith\u00e9rapeutes<\/strong><\/a><\/p>\n<ul>\n<li>Rep\u00e9rer le zonage des diff\u00e9rents bassins de vie<\/li>\n<li>Obtenez des informations sur les aides disponibles et la r\u00e9gulation \u00e0 l\u2019installation<\/li>\n<li>Evaluez votre \u00e9ligibilit\u00e9 contractuelle et les financements propos\u00e9s<\/li>\n<li>D\u00e9couvrez les chiffres cl\u00e9s des bassins de vie et des communes : d\u00e9mographie, patient\u00e8le, activit\u00e9\u2026<\/li>\n<li>Appr\u00e9cier leur attractivit\u00e9 et le potentiel de d\u00e9veloppement d\u2019une activit\u00e9 et d\u2019une patient\u00e8le<\/li>\n<li>Situez l\u2019environnement hospitalier et les structures de soins et d\u2019exercice coordonn\u00e9<\/li>\n<\/ul>\n<p><a title=\"(Nouvelle fen\u00eatre)\" href=\"https:\/\/cartosante.atlasante.fr\/#bbox=403977,6531501,230134,159886&#038;c=indicator&#038;selcodgeo=24&#038;view=map5\" target=\"_blank\" rel=\"noopener\"><strong>C@rtoSant\u00e9<\/strong><\/a> vous permet de r\u00e9aliser une \u00e9tude de march\u00e9 en vue de votre installation.<\/p>\n<ul>\n<li><em>Combien de m\u00e9decins g\u00e9n\u00e9ralistes exercent en Dordogne ? La densit\u00e9 y est-elle plus faible ou plus \u00e9lev\u00e9e que la moyenne r\u00e9gionale ?<\/em><\/li>\n<li><em>Le nombre de chirurgiens-dentistes a-t-il augment\u00e9 entre 2009 et 2018 \u00e0 P\u00e9rigueux ?<\/em><\/li>\n<li><em>Combien de personnes vivent \u00e0 30 minutes autour de Bergerac ?<\/em><\/li>\n<\/ul>\n<\/div><\/section><\/p><\/div>\n<style type=\"text\/css\" data-created_by=\"avia_inline_auto\" id=\"style-css-av-188p0m-df20bc78c1af71fe96068207cfeed282\">\n.flex_column.av-188p0m-df20bc78c1af71fe96068207cfeed282{\n-webkit-border-radius:0px 0px 0px 0px;\n-moz-border-radius:0px 0px 0px 0px;\nborder-radius:0px 0px 0px 0px;\npadding:0px 0px 0px 0px;\n}\n<\/style>\n<div class='flex_column av-188p0m-df20bc78c1af71fe96068207cfeed282 av_two_third flex_column_div av-zero-column-padding '     ><\/div>\n<\/div><\/div><\/div><!-- close content main div --><\/div><\/div><div id='after_section_2'  class='main_color av_default_container_wrap container_wrap sidebar_right'  ><div class='container av-section-cont-open' ><div class='template-page content  av-content-small alpha units'><div class='post-entry post-entry-type-page post-entry-9159'><div class='entry-content-wrapper clearfix'><br \/>\n<\/div><\/div><\/div><!-- close content main div --><\/div><\/div>\n<style type=\"text\/css\" data-created_by=\"avia_inline_auto\" id=\"style-css-av-2cdl3e-6c7a4e3ebdda46a644fefba2af4cb1f3\">\n.avia-section.av-2cdl3e-6c7a4e3ebdda46a644fefba2af4cb1f3{\nmargin-top:0px;\nmargin-bottom:-3%;\n}\n<\/style>\n<div id='av_section_3'  class='avia-section av-2cdl3e-6c7a4e3ebdda46a644fefba2af4cb1f3 main_color avia-section-default avia-no-border-styling avia-bg-style-scroll container_wrap sidebar_right'  ><div class='container av-section-cont-open' ><div class='template-page content  av-content-small alpha units'><div class='post-entry post-entry-type-page post-entry-9159'><div class='entry-content-wrapper clearfix'>\n\n<style type=\"text\/css\" data-created_by=\"avia_inline_auto\" id=\"style-css-av-12k5gq-cccd34b09183ea14ae95cfec30272965\">\n.flex_column.av-12k5gq-cccd34b09183ea14ae95cfec30272965{\n-webkit-border-radius:0px 0px 0px 0px;\n-moz-border-radius:0px 0px 0px 0px;\nborder-radius:0px 0px 0px 0px;\npadding:0px 0px 0px 0px;\n}\n<\/style>\n<div class='flex_column av-12k5gq-cccd34b09183ea14ae95cfec30272965 av_one_fifth first flex_column_div av-zero-column-padding '     ><\/div>\n<style type=\"text\/css\" data-created_by=\"avia_inline_auto\" id=\"style-css-av-12k5gq-ebfdd70256b0d8df0dffa9051d59755e\">\n.flex_column.av-12k5gq-ebfdd70256b0d8df0dffa9051d59755e{\n-webkit-border-radius:0px 0px 0px 0px;\n-moz-border-radius:0px 0px 0px 0px;\nborder-radius:0px 0px 0px 0px;\npadding:0px 0px 0px 0px;\n}\n<\/style>\n<div class='flex_column av-12k5gq-ebfdd70256b0d8df0dffa9051d59755e av_three_fifth flex_column_div av-zero-column-padding '     ><p>\n<style type=\"text\/css\" data-created_by=\"avia_inline_auto\" id=\"style-css-av-juwckptu-f9091f6238cdee1fc40af71dad748311\">\n#top .av-special-heading.av-juwckptu-f9091f6238cdee1fc40af71dad748311{\npadding-bottom:10px;\nfont-size:45px;\n}\nbody .av-special-heading.av-juwckptu-f9091f6238cdee1fc40af71dad748311 .av-special-heading-tag .heading-char{\nfont-size:25px;\n}\n#top #wrap_all .av-special-heading.av-juwckptu-f9091f6238cdee1fc40af71dad748311 .av-special-heading-tag{\nfont-size:45px;\n}\n.av-special-heading.av-juwckptu-f9091f6238cdee1fc40af71dad748311 .av-subheading{\nfont-size:15px;\n}\n\n@media only screen and (min-width: 480px) and (max-width: 767px){ \n#top #wrap_all .av-special-heading.av-juwckptu-f9091f6238cdee1fc40af71dad748311 .av-special-heading-tag{\nfont-size:0.8em;\n}\n}\n\n@media only screen and (max-width: 479px){ \n#top #wrap_all .av-special-heading.av-juwckptu-f9091f6238cdee1fc40af71dad748311 .av-special-heading-tag{\nfont-size:0.8em;\n}\n}\n<\/style>\n<div  class='av-special-heading av-juwckptu-f9091f6238cdee1fc40af71dad748311 av-special-heading-h2 blockquote modern-quote modern-centered av-inherit-size'><h2 class='av-special-heading-tag'  itemprop=\"headline\"  >Le parcours d\u2019installation<\/h2><div class=\"special-heading-border\"><div class=\"special-heading-inner-border\"><\/div><\/div><\/div><br \/>\n\n<style type=\"text\/css\" data-created_by=\"avia_inline_auto\" id=\"style-css-av-jt5vybbq-d2463989a0afd295eeccc052937e7adc\">\n#top .av_textblock_section.av-jt5vybbq-d2463989a0afd295eeccc052937e7adc .avia_textblock{\nfont-size:16px;\n}\n<\/style>\n<section  class='av_textblock_section av-jt5vybbq-d2463989a0afd295eeccc052937e7adc'  itemscope=\"itemscope\" itemtype=\"https:\/\/schema.org\/CreativeWork\" ><div class='avia_textblock'  itemprop=\"text\" ><p style=\"text-align: center;\">Retrouvez les informations sur les d\u00e9marches et les formalit\u00e9s \u00e0 effectuer lors de votre installation. Une infographie vous pr\u00e9sente les \u00e9tapes que vous devez effectuer dans votre parcours administratif.<\/p>\n<\/div><\/section><\/p><\/div>\n<style type=\"text\/css\" data-created_by=\"avia_inline_auto\" id=\"style-css-av-12k5gq-ebfdd70256b0d8df0dffa9051d59755e\">\n.flex_column.av-12k5gq-ebfdd70256b0d8df0dffa9051d59755e{\n-webkit-border-radius:0px 0px 0px 0px;\n-moz-border-radius:0px 0px 0px 0px;\nborder-radius:0px 0px 0px 0px;\npadding:0px 0px 0px 0px;\n}\n<\/style>\n<div class='flex_column av-12k5gq-ebfdd70256b0d8df0dffa9051d59755e av_one_fifth flex_column_div av-zero-column-padding '     ><\/div>\n<\/div><\/div><\/div><!-- close content main div --><\/div><\/div><div id='after_section_3'  class='main_color av_default_container_wrap container_wrap sidebar_right'  ><div class='container av-section-cont-open' ><div class='template-page content  av-content-small alpha units'><div class='post-entry post-entry-type-page post-entry-9159'><div class='entry-content-wrapper clearfix'><br \/>\n\n<style type=\"text\/css\" data-created_by=\"avia_inline_auto\" id=\"style-css-av-jt5ya1wb-1429bfb13923553c06f9841c622a540f\">\n.av-tab-section-outer-container.av-jt5ya1wb-1429bfb13923553c06f9841c622a540f .av-tab-section-tab-title-container{\nbackground-color:#ffffff;\n}\n#top .av-tab-section-outer-container.av-jt5ya1wb-1429bfb13923553c06f9841c622a540f .av-section-tab-title{\ncolor:#238388;\n}\n<\/style>\n<\/div><\/div><\/div><!-- close content main div --><\/div><\/div><div id='av-tab-section-1'  class='av-tab-section-container entry-content-wrapper main_color av-tab-slide-transition av-tab-content-auto  av-tab-above-content  container_wrap sidebar_right'  ><div class='av-tab-section-outer-container av-jt5ya1wb-1429bfb13923553c06f9841c622a540f'><div class='av-tab-section-tab-title-container avia-tab-title-padding-default av-custom-tab-color' role='tablist'><a href='#mdecin' data-av-tab-section-title='1' class='av-section-tab-title av-active-tab-title no-scroll av-jt5xh6y5-d0e588208ee8c754f0f321b09545cb9f av-tab-no-icon av-tab-with-image noHover ' role='tab' tabindex='0' aria-controls='av-tab-section-1-1'><span class='av-tab-section-image' style='background-image: url(https:\/\/soignerenperigord.fr\/wp-content\/uploads\/2019\/03\/etudes-medecine.png);'><\/span><span class='av-outer-tab-title'><span class='av-inner-tab-title'>M\u00e9decin<\/span><\/span><span class=\"av-tab-arrow-container\"><span><\/span><\/span><\/a><a href='#chirurgien-dentiste' data-av-tab-section-title='2' class='av-section-tab-title  av-jt5xl4sn-ae649e848a98d6682e9620ad504eedce av-tab-no-icon av-tab-with-image noHover ' role='tab' tabindex='0' aria-controls='av-tab-section-1-2'><span class='av-tab-section-image' style='background-image: url(https:\/\/soignerenperigord.fr\/wp-content\/uploads\/2019\/03\/etudes-medicales.png);'><\/span><span class='av-outer-tab-title'><span class='av-inner-tab-title'>Chirurgien-dentiste<\/span><\/span><span class=\"av-tab-arrow-container\"><span><\/span><\/span><\/a><a href='#masseur-kinsithrapeute' data-av-tab-section-title='3' class='av-section-tab-title  av-jt5xk2g8-fe71d957fc41d7fcde64a4e28ad98d2b av-tab-no-icon av-tab-with-image noHover ' role='tab' tabindex='0' aria-controls='av-tab-section-1-3'><span class='av-tab-section-image' style='background-image: url(https:\/\/soignerenperigord.fr\/wp-content\/uploads\/2019\/03\/etudes-kine-ostheo.png);'><\/span><span class='av-outer-tab-title'><span class='av-inner-tab-title'>Masseur-kin\u00e9sith\u00e9rapeute<\/span><\/span><span class=\"av-tab-arrow-container\"><span><\/span><\/span><\/a><a href='#infirmier' data-av-tab-section-title='4' class='av-section-tab-title  av-jt5xidgd-67a2ff444437590dec6dca5962e1d147 av-tab-no-icon av-tab-with-image noHover ' role='tab' tabindex='0' aria-controls='av-tab-section-1-4'><span class='av-tab-section-image' style='background-image: url(https:\/\/soignerenperigord.fr\/wp-content\/uploads\/2019\/03\/etudes-soins-infirmiers.png);'><\/span><span class='av-outer-tab-title'><span class='av-inner-tab-title'>Infirmier<\/span><\/span><span class=\"av-tab-arrow-container\"><span><\/span><\/span><\/a><\/div><div class='avia-slideshow-arrows av-tabsection-arrow' ><a href='#prev' class='prev-slide av_prev_tab_section av-tab-section-slide' aria-hidden='true' data-av_icon='\ue87c' data-av_iconfont='entypo-fontello'  tabindex='-1'>Pr\u00e9c\u00e9dent<\/a><a href='#next' class='next-slide av_next_tab_section av-tab-section-slide' aria-hidden='true' data-av_icon='\ue87d' data-av_iconfont='entypo-fontello'  tabindex='-1'>Suivant<\/a><\/div><div class='av-tab-section-inner-container avia-section-default' style='width:400vw; left:0%;'><span class=\"av_prev_tab_section av_tab_navigation\"><\/span><span class=\"av_next_tab_section av_tab_navigation\"><\/span>\n\n<style type=\"text\/css\" data-created_by=\"avia_inline_auto\" id=\"style-css-av-jt5xh6y5-d0e588208ee8c754f0f321b09545cb9f\">\n.av-layout-tab.av-jt5xh6y5-d0e588208ee8c754f0f321b09545cb9f{\nvertical-align:top;\nbackground-color:#f8f8f8;\n}\n#top .av-tab-section-outer-container.av-jt5ya1wb-1429bfb13923553c06f9841c622a540f .av-active-tab-title.av-section-tab-title.av-jt5xh6y5-d0e588208ee8c754f0f321b09545cb9f{\ncolor:#51becb;\n}\n#top .av-tab-section-outer-container.av-jt5ya1wb-1429bfb13923553c06f9841c622a540f .av-active-tab-title.av-section-tab-title.av-jt5xh6y5-d0e588208ee8c754f0f321b09545cb9f .av-tab-arrow-container span{\nbackground-color:#f8f8f8;\n}\n<\/style>\n<div id='av-tab-section-1-1' class='av-layout-tab av-jt5xh6y5-d0e588208ee8c754f0f321b09545cb9f av-animation-delay-container av-active-tab-content __av_init_open ' data-av-deeplink-tabs=\"\" data-av-tab-section-content=\"1\" data-tab-section-id=\"mdecin\"><div class=\"av-layout-tab-inner\"><div class=\"container\"><p>\n<style type=\"text\/css\" data-created_by=\"avia_inline_auto\" id=\"style-css-av-weyi2-0615eb989164fa3c9e907b3e228733c0\">\n.flex_column.av-weyi2-0615eb989164fa3c9e907b3e228733c0{\n-webkit-border-radius:0px 0px 0px 0px;\n-moz-border-radius:0px 0px 0px 0px;\nborder-radius:0px 0px 0px 0px;\npadding:0px 0px 0px 0px;\n}\n<\/style>\n<div class='flex_column av-weyi2-0615eb989164fa3c9e907b3e228733c0 av_one_full  avia-builder-el-5  el_after_av_one_full  el_before_av_hr  first flex_column_div av-zero-column-padding column-top-margin'     ><style type=\"text\/css\" data-created_by=\"avia_inline_auto\" id=\"style-css-sub-av-jto7jm9f-296eb966f813acfcc50f98c2feb59f27\">\n.av-hotspot-image-container .av-image-hotspot.av-1ctbhjq-cf87351a1f835b8f0857d0e6dcf198b4{\ntop:49.5%;\nleft:10.2%;\n}\n.av-hotspot-image-container .av-image-hotspot.av-1ctbhjq-cf87351a1f835b8f0857d0e6dcf198b4 .av-image-hotspot_inner{\nbackground-color:#0f8389;\ncolor:#ffffff;\n}\n.av-hotspot-image-container .av-image-hotspot.av-1ctbhjq-cf87351a1f835b8f0857d0e6dcf198b4 .av-image-hotspot-pulse{\nbackground-color:#ffffff;\n}\n.av-hotspot-image-container .av-image-hotspot.av-1aiq8ie-d0c60f4461967d7b94bee95fd86bbedc{\ntop:49.5%;\nleft:24.3%;\n}\n.av-hotspot-image-container .av-image-hotspot.av-1aiq8ie-d0c60f4461967d7b94bee95fd86bbedc .av-image-hotspot_inner{\nbackground-color:#0f8389;\ncolor:#ffffff;\n}\n.av-hotspot-image-container .av-image-hotspot.av-1aiq8ie-d0c60f4461967d7b94bee95fd86bbedc .av-image-hotspot-pulse{\nbackground-color:#ffffff;\n}\n.av-hotspot-image-container .av-image-hotspot.av-19zdncm-1ecc5a346106cfd832ecc68176635be3{\ntop:49.5%;\nleft:35.9%;\n}\n.av-hotspot-image-container .av-image-hotspot.av-19zdncm-1ecc5a346106cfd832ecc68176635be3 .av-image-hotspot_inner{\nbackground-color:#0f8389;\ncolor:#ffffff;\n}\n.av-hotspot-image-container .av-image-hotspot.av-19zdncm-1ecc5a346106cfd832ecc68176635be3 .av-image-hotspot-pulse{\nbackground-color:#ffffff;\n}\n.av-hotspot-image-container .av-image-hotspot.av-176xe5y-fe66e0ffa4136267600e50af3f3c421f{\ntop:49.5%;\nleft:47.3%;\n}\n.av-hotspot-image-container .av-image-hotspot.av-176xe5y-fe66e0ffa4136267600e50af3f3c421f .av-image-hotspot_inner{\nbackground-color:#0f8389;\ncolor:#ffffff;\n}\n.av-hotspot-image-container .av-image-hotspot.av-176xe5y-fe66e0ffa4136267600e50af3f3c421f .av-image-hotspot-pulse{\nbackground-color:#ffffff;\n}\n.av-hotspot-image-container .av-image-hotspot.av-16onlly-4fef9ec5bd44f39e1e838f32dfa20270{\ntop:50%;\nleft:58.5%;\n}\n.av-hotspot-image-container .av-image-hotspot.av-16onlly-4fef9ec5bd44f39e1e838f32dfa20270 .av-image-hotspot_inner{\nbackground-color:#238388;\ncolor:#ffffff;\n}\n.av-hotspot-image-container .av-image-hotspot.av-16onlly-4fef9ec5bd44f39e1e838f32dfa20270 .av-image-hotspot-pulse{\nbackground-color:#ffffff;\n}\n.av-hotspot-image-container .av-image-hotspot.av-14g9v86-a1354faae8b42dc2fe2ca435003c2614{\ntop:50%;\nleft:89.5%;\n}\n.av-hotspot-image-container .av-image-hotspot.av-14g9v86-a1354faae8b42dc2fe2ca435003c2614 .av-image-hotspot_inner{\nbackground-color:#238388;\ncolor:#ffffff;\n}\n.av-hotspot-image-container .av-image-hotspot.av-14g9v86-a1354faae8b42dc2fe2ca435003c2614 .av-image-hotspot-pulse{\nbackground-color:#ffffff;\n}\n<\/style>\n<div  class='av-hotspot-image-container av-jto7jm9f-296eb966f813acfcc50f98c2feb59f27 av-hotspot-numbered  av-non-fullwidth-hotspot-image'  itemprop=\"image\" itemscope=\"itemscope\" itemtype=\"https:\/\/schema.org\/ImageObject\" ><div class='av-hotspot-container'><div class='av-hotspot-container-inner-cell'><div class='av-hotspot-container-inner-wrap'><div class='av-image-hotspot av-1ctbhjq-cf87351a1f835b8f0857d0e6dcf198b4 av-image-hotspot-1 ' data-avia-tooltip-position='left' data-avia-tooltip-alignment='top' data-avia-tooltip-class='av-tt-default-width av-tt-pos-left av-tt-align-top  main_color av-tooltip-shadow av-tt-hotspot' data-avia-tooltip='&lt;p&gt;Inscription \u00e0 l&#8217;ordre des m\u00e9decins&lt;\/p&gt;\n'><a href=\/?page_id=1270#toggle-id-1  class='av-image-hotspot_inner'>1<\/a><div class='av-image-hotspot-pulse'><\/div><\/div><div class='av-image-hotspot av-1aiq8ie-d0c60f4461967d7b94bee95fd86bbedc av-image-hotspot-2 ' data-avia-tooltip-position='left' data-avia-tooltip-alignment='top' data-avia-tooltip-class='av-tt-default-width av-tt-pos-left av-tt-align-top  main_color av-tooltip-shadow av-tt-hotspot' data-avia-tooltip='&lt;p&gt;Enregistrement aupr\u00e8s de l&#8217;Assurance Maladie&lt;\/p&gt;\n'><a href=\/?page_id=1270#toggle-id-2  class='av-image-hotspot_inner'>2<\/a><div class='av-image-hotspot-pulse'><\/div><\/div><div class='av-image-hotspot av-19zdncm-1ecc5a346106cfd832ecc68176635be3 av-image-hotspot-3 ' data-avia-tooltip-position='left' data-avia-tooltip-alignment='top' data-avia-tooltip-class='av-tt-default-width av-tt-pos-left av-tt-align-top  main_color av-tooltip-shadow av-tt-hotspot' data-avia-tooltip='&lt;p&gt;D\u00e9claration de d\u00e9but d&#8217;activit\u00e9 adress\u00e9e \u00e0 l&#8217;URSSAF&lt;\/p&gt;\n'><a href=\/?page_id=1270#toggle-id-3  class='av-image-hotspot_inner'>3<\/a><div class='av-image-hotspot-pulse'><\/div><\/div><div class='av-image-hotspot av-176xe5y-fe66e0ffa4136267600e50af3f3c421f av-image-hotspot-4 ' data-avia-tooltip-position='left' data-avia-tooltip-alignment='top' data-avia-tooltip-class='av-tt-default-width av-tt-pos-left av-tt-align-top  main_color av-tooltip-shadow av-tt-hotspot' data-avia-tooltip='&lt;p&gt;Adh\u00e9rer \u00e0 la CARMF&lt;\/p&gt;\n'><a href=\/?page_id=1270#toggle-id-4  class='av-image-hotspot_inner'>4<\/a><div class='av-image-hotspot-pulse'><\/div><\/div><div class='av-image-hotspot av-16onlly-4fef9ec5bd44f39e1e838f32dfa20270 av-image-hotspot-5 ' data-avia-tooltip-position='left' data-avia-tooltip-alignment='top' data-avia-tooltip-class='av-tt-default-width av-tt-pos-left av-tt-align-top  main_color av-tooltip-shadow av-tt-hotspot' data-avia-tooltip='&lt;p&gt;Souscrire aux assurances : RCP, Pr\u00e9voyance&#8230;&lt;\/p&gt;\n'><a href=\/?page_id=1270#toggle-id-5  class='av-image-hotspot_inner'>5<\/a><div class='av-image-hotspot-pulse'><\/div><\/div><div class='av-image-hotspot av-14g9v86-a1354faae8b42dc2fe2ca435003c2614 av-image-hotspot-6 ' data-avia-tooltip-position='left' data-avia-tooltip-alignment='top' data-avia-tooltip-class='av-tt-default-width av-tt-pos-left av-tt-align-top  main_color av-tooltip-shadow av-tt-hotspot' data-avia-tooltip='&lt;p&gt;Faire le choix d&#8217;une AGA&lt;\/p&gt;\n'><a href=\/?page_id=1270#toggle-id-6  class='av-image-hotspot_inner'>6<\/a><div class='av-image-hotspot-pulse'><\/div><\/div><img decoding=\"async\" class='wp-image-1925 avia-img-lazy-loading-not-1925 avia_image' src=\"https:\/\/soignerenperigord.fr\/wp-content\/uploads\/2019\/04\/medecin-infographie-parcours-installation.png\" alt='medecin-infographie-parcours-installation' title='medecin-infographie-parcours-installation'  height=\"400\" width=\"1064\"  itemprop=\"thumbnailUrl\" srcset=\"https:\/\/soignerenperigord.fr\/wp-content\/uploads\/2019\/04\/medecin-infographie-parcours-installation.png 1064w, https:\/\/soignerenperigord.fr\/wp-content\/uploads\/2019\/04\/medecin-infographie-parcours-installation-300x113.png 300w, https:\/\/soignerenperigord.fr\/wp-content\/uploads\/2019\/04\/medecin-infographie-parcours-installation-768x289.png 768w, https:\/\/soignerenperigord.fr\/wp-content\/uploads\/2019\/04\/medecin-infographie-parcours-installation-1030x387.png 1030w, https:\/\/soignerenperigord.fr\/wp-content\/uploads\/2019\/04\/medecin-infographie-parcours-installation-705x265.png 705w, https:\/\/soignerenperigord.fr\/wp-content\/uploads\/2019\/04\/medecin-infographie-parcours-installation-450x169.png 450w\" sizes=\"(max-width: 1064px) 100vw, 1064px\" \/><\/div><\/div><\/div><\/div><\/div>\n<style type=\"text\/css\" data-created_by=\"avia_inline_auto\" id=\"style-css-av-weyi2-0615eb989164fa3c9e907b3e228733c0\">\n.flex_column.av-weyi2-0615eb989164fa3c9e907b3e228733c0{\n-webkit-border-radius:0px 0px 0px 0px;\n-moz-border-radius:0px 0px 0px 0px;\nborder-radius:0px 0px 0px 0px;\npadding:0px 0px 0px 0px;\n}\n<\/style>\n<div class='flex_column av-weyi2-0615eb989164fa3c9e907b3e228733c0 av_one_full first flex_column_div av-zero-column-padding '     ><style type=\"text\/css\" data-created_by=\"avia_inline_auto\" id=\"style-css-av-jto7myke-e302574caa9d14165b161644942f3aa8\">\n#top .togglecontainer.av-jto7myke-e302574caa9d14165b161644942f3aa8 p.toggler{\ncolor:#238388;\nbackground-color:#ffffff;\n}\n#top .togglecontainer.av-jto7myke-e302574caa9d14165b161644942f3aa8 p.toggler.activeTitle{\ncolor:#238388;\nborder-color:#238388;\nbackground-color:#ffffff;\n}\n#top .togglecontainer.av-jto7myke-e302574caa9d14165b161644942f3aa8 p.toggler .toggle_icon{\ncolor:#238388;\nborder-color:#238388;\n}\n#top .togglecontainer.av-jto7myke-e302574caa9d14165b161644942f3aa8 .toggle_wrap .toggle_content{\ncolor:#238388;\nbackground-color:#ffffff;\n}\n<\/style>\n<div  class='togglecontainer av-jto7myke-e302574caa9d14165b161644942f3aa8 av-elegant-toggle toggle_close_all hasCurrentStyle' >\n<section class='av_toggle_section av-rgj38m-4b76556d9e95ec983211dfdc4bdf65d6'  itemscope=\"itemscope\" itemtype=\"https:\/\/schema.org\/CreativeWork\" ><div role=\"tablist\" class=\"single_toggle\" data-tags=\"{Tout} {10} \"  ><p data-fake-id='#toggle-id-1' class='toggler   av-inherit-font-color hasCustomColor'  itemprop=\"headline\"  role='tab' tabindex='0' aria-controls='toggle-id-1'><strong>\u00c9tape 1 - Inscription \u00e0 l\u2019Ordre des M\u00e9decins<\/strong><span class=\"toggle_icon\"><span class=\"vert_icon\"><\/span><span class=\"hor_icon\"><\/span><\/span><\/p><div id='toggle-id-1' class='toggle_wrap  '  ><div class='toggle_content invers-color av-inherit-font-color hasCustomColor'  itemprop=\"text\" ><div class=\"content-chapo\">\n<p class=\"align-justify\">Vous devez commencer par vous rapprocher du Conseil de l&#8217;Ordre de votre d\u00e9partement d&#8217;installation, <strong>pour faire enregistrer votre dipl\u00f4me<\/strong>\u00a0<strong>et obtenir un num\u00e9ro identifiant<\/strong>\u00a0<strong>r\u00e9pertoire partag\u00e9 des professionnels de sant\u00e9<\/strong>\u00a0(RPPS), unique et p\u00e9renne.<\/p>\n<p class=\"align-justify\">L&#8217;Ordre vous remettra une\u00a0<strong>attestation d&#8217;inscription au Tableau de l&#8217;Ordre<\/strong>, sur laquelle figurent notamment votre n\u00b0RPPS et votre lieu d&#8217;installation. Cette attestation, qui vous donne le droit d&#8217;exercer la profession de m\u00e9decin, doit \u00eatre pr\u00e9sent\u00e9e lors de votre rendez-vous avec l&#8217;Assurance Maladie.<\/p>\n<p class=\"align-justify\">Pensez \u00e0\u00a0<strong>d\u00e9clarer au Conseil de l&#8217;Ordre toute modification<\/strong>\u00a0(\u00e9tat-civil, coordonn\u00e9es)\u00a0<strong>et tout changement dans votre activit\u00e9<\/strong>\u00a0: nouvelle activit\u00e9 lib\u00e9rale, changement de statut juridique, transfert d&#8217;activit\u00e9 dans un autre d\u00e9partement, cessation d&#8217;activit\u00e9\u2026<\/p>\n<\/div>\n<div class=\"content-texte single\"><\/div>\n<\/div><\/div><\/div><\/section>\n<section class='av_toggle_section av-2fvtl2-715286a7d5400e0ff36a42fee4bf8ecf'  itemscope=\"itemscope\" itemtype=\"https:\/\/schema.org\/CreativeWork\" ><div role=\"tablist\" class=\"single_toggle\" data-tags=\"{Tout} {20} \"  ><p data-fake-id='#toggle-id-2' class='toggler   av-inherit-font-color hasCustomColor'  itemprop=\"headline\"  role='tab' tabindex='0' aria-controls='toggle-id-2'><strong>\u00c9tape 2 - Enregistrement aupr\u00e8s de l\u2019Assurance Maladie<\/strong><span class=\"toggle_icon\"><span class=\"vert_icon\"><\/span><span class=\"hor_icon\"><\/span><\/span><\/p><div id='toggle-id-2' class='toggle_wrap  '  ><div class='toggle_content invers-color av-inherit-font-color hasCustomColor'  itemprop=\"text\" ><div class=\"content-chapo\">\n<p class=\"align-justify\">Vous devez ensuite prendre un rendez-vous aupr\u00e8s de la caisse d&#8217;Assurance Maladie dont vous d\u00e9pendez, pour\u00a0<strong>faire enregistrer votre activit\u00e9 lib\u00e9rale<\/strong>.<br \/>\nLors de cet entretien, vous devrez notamment choisir votre situation conventionnelle (adh\u00e9sion ou non \u00e0 la convention nationale, choix du secteur conventionnel) et proc\u00e9der aux formalit\u00e9s administratives correspondantes.<\/p>\n<p class=\"align-justify\"><strong>La d\u00e9livrance de votre<\/strong>\u00a0<strong><a title=\"carte de professionnel de sant\u00e9 (Nouvelle fen\u00eatre)\" href=\"http:\/\/esante.gouv.fr\/services\/espace-cps\" target=\"_blank\" rel=\"noopener\">carte de professionnel de sant\u00e9<\/a><\/strong>\u00a0(CPS)\u00a0<strong>est faite automatiquement<\/strong>\u00a0apr\u00e8s inscription aupr\u00e8s de votre Ordre et affiliation aupr\u00e8s de la caisse primaire d&#8217;assurance maladie (CPAM). Elle vous sera adress\u00e9e par l&#8217;ASIP Sant\u00e9.<\/p>\n<p class=\"align-justify\">Pensez \u00e0\u00a0<a title=\"(Nouvelle fen\u00eatre)\" href=\"https:\/\/www.ameli.fr\/seine-saint-denis\/medecin\/exercice-liberal\/vie-cabinet\/changement-situation\/changement-situation\" target=\"_blank\" rel=\"noopener\"><strong>d\u00e9clarer aupr\u00e8s de l&#8217;Assurance maladie toute modification<\/strong>\u00a0(\u00e9tat-civil, coordonn\u00e9es)\u00a0<\/a><strong><a title=\"(Nouvelle fen\u00eatre)\" href=\"https:\/\/www.ameli.fr\/seine-saint-denis\/medecin\/exercice-liberal\/vie-cabinet\/changement-situation\/changement-situation\" target=\"_blank\" rel=\"noopener\">et tout changement dans votre activit\u00e9<\/a><\/strong>\u00a0: nouvelle activit\u00e9 lib\u00e9rale, changement de statut juridique, transfert d&#8217;activit\u00e9 dans un autre d\u00e9partement, cessation d&#8217;activit\u00e9\u2026<\/p>\n<p>Pour en savoir plus sur les d\u00e9marches \u00e0 r\u00e9aliser et sur la situation de votre zone d\u2019installation, r\u00e9f\u00e9rez-vous au site de l&#8217;<a title=\"Assurance Maladie (Nouvelle fen\u00eatre)\" href=\"https:\/\/www.ameli.fr\/medecin\/exercice-liberal\/vie-cabinet\/processus-installation\/processus-installation\" target=\"_blank\" rel=\"noopener\">Assurance Maladie<\/a> et \u00e0 celui de l\u2019ARS dont vous d\u00e9pendez.\n<\/div>\n<\/div><\/div><\/div><\/section>\n<section class='av_toggle_section av-nkjfrq-391dda23a7209689fe093e87082fbfed'  itemscope=\"itemscope\" itemtype=\"https:\/\/schema.org\/CreativeWork\" ><div role=\"tablist\" class=\"single_toggle\" data-tags=\"{Tout} {40} \"  ><p data-fake-id='#toggle-id-3' class='toggler   av-inherit-font-color hasCustomColor'  itemprop=\"headline\"  role='tab' tabindex='0' aria-controls='toggle-id-3'><strong>\u00c9tape 3 - D\u00e9claration de d\u00e9but d\u2018activit\u00e9 adress\u00e9e \u00e0 l\u2019URSSAF<\/strong><span class=\"toggle_icon\"><span class=\"vert_icon\"><\/span><span class=\"hor_icon\"><\/span><\/span><\/p><div id='toggle-id-3' class='toggle_wrap  '  ><div class='toggle_content invers-color av-inherit-font-color hasCustomColor'  itemprop=\"text\" ><p class=\"bodytext\"><strong>La CPAM effectue cette d\u00e9marche.<\/strong><\/p>\n<p class=\"bodytext\">D\u00e8s le d\u00e9but de votre activit\u00e9 professionnelle, <strong>vous devez vous immatriculer aupr\u00e8s de<\/strong>\u00a0l&#8217;<a title=\"URSSAF (Nouvelle fen\u00eatre)\" href=\"https:\/\/www.urssaf.fr\/portail\/home\/praticien-et-auxiliaire-medical.html\" target=\"_blank\" rel=\"noopener\">URSSAF<\/a> de votre lieu d&#8217;installation.<\/p>\n<p class=\"bodytext\">Pour plus d&#8217;informations sur les formalit\u00e9s, et le niveau de votre protection sociale vous pouvez\u00a0<strong>t\u00e9l\u00e9charger le\u00a0<\/strong><a title=\"guide URSSAF (Nouvelle fen\u00eatre)\" href=\"https:\/\/www.urssaf.fr\/portail\/home\/praticien-et-auxiliaire-medical.html\" target=\"_blank\" rel=\"noopener\"><strong>guide URSSAF<\/strong><\/a>\u00a0des praticiens et auxiliaires m\u00e9dicaux conventionn\u00e9s.<\/p>\n<\/div><\/div><\/div><\/section>\n<section class='av_toggle_section av-lzato6-8ccef02f036f4c2c6040cd0b1c7c8f0a'  itemscope=\"itemscope\" itemtype=\"https:\/\/schema.org\/CreativeWork\" ><div role=\"tablist\" class=\"single_toggle\" data-tags=\"{Tout} {40} \"  ><p data-fake-id='#toggle-id-4' class='toggler   av-inherit-font-color hasCustomColor'  itemprop=\"headline\"  role='tab' tabindex='0' aria-controls='toggle-id-4'><strong>\u00c9tape 4 - Adh\u00e9rer \u00e0 la CARMF<\/strong><span class=\"toggle_icon\"><span class=\"vert_icon\"><\/span><span class=\"hor_icon\"><\/span><\/span><\/p><div id='toggle-id-4' class='toggle_wrap  '  ><div class='toggle_content invers-color av-inherit-font-color hasCustomColor'  itemprop=\"text\" ><div class=\"content-chapo\">\n<p class=\"align-justify\"><strong>L&#8217;adh\u00e9sion<\/strong>\u00a0\u00e0 la\u00a0<a title=\"(Nouvelle fen\u00eatre)\" href=\"http:\/\/www.carmf.fr\/\" target=\"_blank\" rel=\"noopener\">Caisse Autonome de Retraite des M\u00e9decins de France<\/a><strong>\u00a0(CARMF)<\/strong>\u00a0<strong>est obligatoire<\/strong>\u00a0pour tout m\u00e9decin inscrit \u00e0 l&#8217;Ordre et exer\u00e7ant en lib\u00e9ral.<br \/>\nLe m\u00e9decin doit se d\u00e9clarer \u00e0 la\u00a0<a title=\"Caisse Autonome de Retraite des M\u00e9decins de France (Nouvelle fen\u00eatre)\" href=\"http:\/\/www.carmf.fr\/page.php?page=cdrom\/coti\/coti-debut.htm\" target=\"_blank\" rel=\"noopener\">CARMF<\/a> dans le mois qui suit le d\u00e9but de son installation.<\/p>\n<p class=\"align-justify\">La d\u00e9claration doit \u00eatre vis\u00e9e au pr\u00e9alable par le Conseil d\u00e9partemental de l&#8217;Ordre des m\u00e9decins avant d&#8217;\u00eatre retourn\u00e9e \u00e0 la CARMF.<\/p>\n<\/div>\n<div class=\"content-texte single\"><\/div>\n<\/div><\/div><\/div><\/section>\n<section class='av_toggle_section av-kuawye-20927a84a7bf0516fb45cedf6dc398a6'  itemscope=\"itemscope\" itemtype=\"https:\/\/schema.org\/CreativeWork\" ><div role=\"tablist\" class=\"single_toggle\" data-tags=\"{Tout} {30} \"  ><p data-fake-id='#toggle-id-5' class='toggler   av-inherit-font-color hasCustomColor'  itemprop=\"headline\"  role='tab' tabindex='0' aria-controls='toggle-id-5'><strong>\u00c9tape 5 - Souscrire une assurance Responsabilit\u00e9 Civile Professionnelle<\/strong><span class=\"toggle_icon\"><span class=\"vert_icon\"><\/span><span class=\"hor_icon\"><\/span><\/span><\/p><div id='toggle-id-5' class='toggle_wrap  '  ><div class='toggle_content invers-color av-inherit-font-color hasCustomColor'  itemprop=\"text\" ><div class=\"content-chapo\">\nTous les m\u00e9decins lib\u00e9raux en exercice (et leurs rempla\u00e7ants) sont oblig\u00e9s de souscrire\u00a0<strong>une assurance responsabilit\u00e9 civile professionnelle<\/strong> .\n<\/div>\n<p><span class=\"light-blue\">L\u2019assurance responsabilit\u00e9 civile professionnelle (RCP) doit :<\/span><\/p>\n<ul>\n<li style=\"list-style-type: none;\">\n<ul>\n<li>\u00eatre souscrite pr\u00e9alablement \u00e0 l\u2019accomplissement d\u2019un quelconque acte professionnel, il faut donc \u00eatre assur\u00e9 avant d\u2019exercer comme l\u2019on doit \u00eatre assur\u00e9 pour conduire un v\u00e9hicule automobile.<\/li>\n<li>couvrir tous les actes que le m\u00e9decin \u00e0 l\u2019intention d\u2019effectuer, c\u2019est tout l\u2019int\u00e9r\u00eat du contrat RCP qui doit \u00eatre exhaustif.<\/li>\n<\/ul>\n<\/li>\n<\/ul>\n<\/div><\/div><\/div><\/section>\n<section class='av_toggle_section av-1wbina-bb50277065019b889ab5e93ca4712543'  itemscope=\"itemscope\" itemtype=\"https:\/\/schema.org\/CreativeWork\" ><div role=\"tablist\" class=\"single_toggle\" data-tags=\"{Tout} {40} \"  ><p data-fake-id='#toggle-id-6' class='toggler   av-inherit-font-color hasCustomColor'  itemprop=\"headline\"  role='tab' tabindex='0' aria-controls='toggle-id-6'><strong>\u00c9tape 6 - Faire le choix d\u2019une AGA<\/strong><span class=\"toggle_icon\"><span class=\"vert_icon\"><\/span><span class=\"hor_icon\"><\/span><\/span><\/p><div id='toggle-id-6' class='toggle_wrap  '  ><div class='toggle_content invers-color av-inherit-font-color hasCustomColor'  itemprop=\"text\" ><div class=\"content-chapo\">\n<div class=\"content-chapo\"><strong>Adh\u00e9rer \u00e0 une association de gestion agr\u00e9\u00e9e par l\u2019administration fiscale est facultatif mais apporte un certain nombre d\u2019avantages, notamment fiscaux.<\/strong><\/div>\n<div class=\"content-texte single\">\n<div class=\"content-texte single\">\nL\u2019adh\u00e9sion \u00e0 une association de gestion agr\u00e9\u00e9e (AGA) vous permet de\u00a0<strong>b\u00e9n\u00e9ficier d\u2019avantages fiscaux, ainsi que d\u2019une assistance<\/strong>\u00a0en mati\u00e8re de tenue de comptabilit\u00e9, fiscalit\u00e9, \u00e9tablissement de vos d\u00e9clarations d\u2019imp\u00f4ts et formalit\u00e9s professionnelles.\n<\/div>\n<p><strong><span class=\"light-blue\">Missions d\u2019une AGA<\/span><\/strong><\/p>\n<ul>\n<li>Assister les adh\u00e9rents \u00e0 d\u00e9terminer leurs revenus par une tenue comptable vigilante.<\/li>\n<li>Aviser les adh\u00e9rents de leurs obligations administratives et fiscales et notamment de leurs \u00e9volutions.<\/li>\n<li>Organiser des formations (ou entretiens personnalis\u00e9s).<\/li>\n<li>V\u00e9rifier vraisemblance, coh\u00e9rence et concordance des d\u00e9clarations fiscales professionnelles.<\/li>\n<li>Pr\u00e9voir une analyse des informations \u00e9conomiques, comptables et financi\u00e8res.<\/li>\n<\/ul>\n<p><strong><span class=\"light-blue\">Trois raisons d\u2019adh\u00e9rer \u00e0 une AGA<\/span><\/strong><\/p>\n<ul>\n<li>Les adh\u00e9rents \u00e0 une AGA sont imposables sur le b\u00e9n\u00e9fice d\u00e9termin\u00e9 par la d\u00e9claration professionnelle n\u00b0 2035, alors que les non-adh\u00e9rents le sont sur ce m\u00eame b\u00e9n\u00e9fice major\u00e9 de 25 %.<\/li>\n<li>Pour b\u00e9n\u00e9ficier d\u2019une d\u00e9ductibilit\u00e9 int\u00e9grale de la r\u00e9mun\u00e9ration de votre conjoint salari\u00e9 quel que soit votre r\u00e9gime matrimonial sous r\u00e9serve d\u2019une r\u00e9mun\u00e9ration normale avec r\u00e8glements des cotisations.<\/li>\n<li>A partir du 1er janvier 2016, les frais de tenue de comptabilit\u00e9 et d\u2019adh\u00e9sion \u00e0 une AGA constituent des charges d\u00e9ductibles pour la d\u00e9termination du r\u00e9sultat.<\/li>\n<\/ul>\n<p><strong><span class=\"light-blue\">Vos obligations en qualit\u00e9 d\u2019adh\u00e9rent<\/span><\/strong><\/p>\n<ul>\n<li>Tenir une comptabilit\u00e9 conforme au plan comptable imputable aux professions lib\u00e9rales, en utilisant les documents ad\u00e9quats (livre journal, registre des immobilisations et amortissements, livre des recettes journali\u00e8res).<\/li>\n<li>Accepter les r\u00e8glements par ch\u00e8que libell\u00e9 \u00e0 votre nom.<\/li>\n<li>Informer votre client\u00e8le de votre appartenance \u00e0 une association de gestion agr\u00e9\u00e9e par mention sur les documents professionnels et affichage dans les locaux.<\/li>\n<li>Porter le montant des honoraires per\u00e7us sur les feuilles de soins, dans leur totalit\u00e9.<\/li>\n<li>Respecter chaque ann\u00e9e la date fix\u00e9e par l\u2019AGA pour l\u2019envoi de la d\u00e9claration de vos revenus professionnels accompagn\u00e9e du dossier de gestion.<\/li>\n<\/ul>\n<\/div>\n<\/div>\n<div class=\"content-texte single\"><\/div>\n<\/div><\/div><\/div><\/section>\n<\/div><\/div><\/p>\n<\/div><\/div><\/div>\n<style type=\"text\/css\" data-created_by=\"avia_inline_auto\" id=\"style-css-av-jt5xl4sn-ae649e848a98d6682e9620ad504eedce\">\n.av-layout-tab.av-jt5xl4sn-ae649e848a98d6682e9620ad504eedce{\nvertical-align:top;\nbackground-color:#f8f8f8;\n}\n#top .av-tab-section-outer-container.av-jt5ya1wb-1429bfb13923553c06f9841c622a540f .av-active-tab-title.av-section-tab-title.av-jt5xl4sn-ae649e848a98d6682e9620ad504eedce{\ncolor:#51becb;\n}\n#top .av-tab-section-outer-container.av-jt5ya1wb-1429bfb13923553c06f9841c622a540f .av-active-tab-title.av-section-tab-title.av-jt5xl4sn-ae649e848a98d6682e9620ad504eedce .av-tab-arrow-container span{\nbackground-color:#f8f8f8;\n}\n<\/style>\n<div id='av-tab-section-1-2' class='av-layout-tab av-jt5xl4sn-ae649e848a98d6682e9620ad504eedce av-animation-delay-container ' data-av-deeplink-tabs=\"\" data-av-tab-section-content=\"2\" data-tab-section-id=\"chirurgien-dentiste\"><div class=\"av-layout-tab-inner\"><div class=\"container\"><p>\n<style type=\"text\/css\" data-created_by=\"avia_inline_auto\" id=\"style-css-av-weyi2-0615eb989164fa3c9e907b3e228733c0\">\n.flex_column.av-weyi2-0615eb989164fa3c9e907b3e228733c0{\n-webkit-border-radius:0px 0px 0px 0px;\n-moz-border-radius:0px 0px 0px 0px;\nborder-radius:0px 0px 0px 0px;\npadding:0px 0px 0px 0px;\n}\n<\/style>\n<div class='flex_column av-weyi2-0615eb989164fa3c9e907b3e228733c0 av_one_full first flex_column_div av-zero-column-padding '     ><style type=\"text\/css\" data-created_by=\"avia_inline_auto\" id=\"style-css-sub-av-jto7jm9f-e4b770bd5226e5f300b02b88444228ef\">\n.av-hotspot-image-container .av-image-hotspot.av-12nkox2-644eae90ba90e502dafa1ddd539ed494{\ntop:49.5%;\nleft:9.8%;\n}\n.av-hotspot-image-container .av-image-hotspot.av-12nkox2-644eae90ba90e502dafa1ddd539ed494 .av-image-hotspot_inner{\nbackground-color:#0f8389;\ncolor:#ffffff;\n}\n.av-hotspot-image-container .av-image-hotspot.av-12nkox2-644eae90ba90e502dafa1ddd539ed494 .av-image-hotspot-pulse{\nbackground-color:#ffffff;\n}\n.av-hotspot-image-container .av-image-hotspot.av-10xugx2-04142fa34db52c52d00655b339e1e999{\ntop:49.5%;\nleft:24.3%;\n}\n.av-hotspot-image-container .av-image-hotspot.av-10xugx2-04142fa34db52c52d00655b339e1e999 .av-image-hotspot_inner{\nbackground-color:#0f8389;\ncolor:#ffffff;\n}\n.av-hotspot-image-container .av-image-hotspot.av-10xugx2-04142fa34db52c52d00655b339e1e999 .av-image-hotspot-pulse{\nbackground-color:#ffffff;\n}\n.av-hotspot-image-container .av-image-hotspot.av-yxs5uu-912f4d5d51e3bf03924d624911c83288{\ntop:49.5%;\nleft:35.4%;\n}\n.av-hotspot-image-container .av-image-hotspot.av-yxs5uu-912f4d5d51e3bf03924d624911c83288 .av-image-hotspot_inner{\nbackground-color:#0f8389;\ncolor:#ffffff;\n}\n.av-hotspot-image-container .av-image-hotspot.av-yxs5uu-912f4d5d51e3bf03924d624911c83288 .av-image-hotspot-pulse{\nbackground-color:#ffffff;\n}\n.av-hotspot-image-container .av-image-hotspot.av-y8fix2-2df5cd76cedb6da8e2153f0b61a758a2{\ntop:49.5%;\nleft:46.9%;\n}\n.av-hotspot-image-container .av-image-hotspot.av-y8fix2-2df5cd76cedb6da8e2153f0b61a758a2 .av-image-hotspot_inner{\nbackground-color:#0f8389;\ncolor:#ffffff;\n}\n.av-hotspot-image-container .av-image-hotspot.av-y8fix2-2df5cd76cedb6da8e2153f0b61a758a2 .av-image-hotspot-pulse{\nbackground-color:#ffffff;\n}\n.av-hotspot-image-container .av-image-hotspot.av-vpnkba-c878ff5ef9a150f16300248e0e0f5c19{\ntop:50%;\nleft:58.5%;\n}\n.av-hotspot-image-container .av-image-hotspot.av-vpnkba-c878ff5ef9a150f16300248e0e0f5c19 .av-image-hotspot_inner{\nbackground-color:#238388;\ncolor:#ffffff;\n}\n.av-hotspot-image-container .av-image-hotspot.av-vpnkba-c878ff5ef9a150f16300248e0e0f5c19 .av-image-hotspot-pulse{\nbackground-color:#ffffff;\n}\n.av-hotspot-image-container .av-image-hotspot.av-uwnbpy-0ad48c6dd61c5a4bfe9d7fbe14419bb1{\ntop:50%;\nleft:89%;\n}\n.av-hotspot-image-container .av-image-hotspot.av-uwnbpy-0ad48c6dd61c5a4bfe9d7fbe14419bb1 .av-image-hotspot_inner{\nbackground-color:#238388;\ncolor:#ffffff;\n}\n.av-hotspot-image-container .av-image-hotspot.av-uwnbpy-0ad48c6dd61c5a4bfe9d7fbe14419bb1 .av-image-hotspot-pulse{\nbackground-color:#ffffff;\n}\n<\/style>\n<div  class='av-hotspot-image-container av-jto7jm9f-e4b770bd5226e5f300b02b88444228ef av-hotspot-numbered  av-non-fullwidth-hotspot-image'  itemprop=\"image\" itemscope=\"itemscope\" itemtype=\"https:\/\/schema.org\/ImageObject\" ><div class='av-hotspot-container'><div class='av-hotspot-container-inner-cell'><div class='av-hotspot-container-inner-wrap'><div class='av-image-hotspot av-12nkox2-644eae90ba90e502dafa1ddd539ed494 av-image-hotspot-1 ' data-avia-tooltip-position='left' data-avia-tooltip-alignment='top' data-avia-tooltip-class='av-tt-default-width av-tt-pos-left av-tt-align-top  main_color av-tooltip-shadow av-tt-hotspot' data-avia-tooltip='&lt;p&gt;Inscription \u00e0 l&#8217;ordre des chirurgiens-dentistes&lt;\/p&gt;\n'><a href=\/?page_id=1270#toggle-id-7  class='av-image-hotspot_inner'>1<\/a><div class='av-image-hotspot-pulse'><\/div><\/div><div class='av-image-hotspot av-10xugx2-04142fa34db52c52d00655b339e1e999 av-image-hotspot-2 ' data-avia-tooltip-position='left' data-avia-tooltip-alignment='top' data-avia-tooltip-class='av-tt-default-width av-tt-pos-left av-tt-align-top  main_color av-tooltip-shadow av-tt-hotspot' data-avia-tooltip='&lt;p&gt;Enregistrement aupr\u00e8s de l&#8217;Assurance Maladie&lt;\/p&gt;\n'><a href=\/?page_id=1270#toggle-id-8  class='av-image-hotspot_inner'>2<\/a><div class='av-image-hotspot-pulse'><\/div><\/div><div class='av-image-hotspot av-yxs5uu-912f4d5d51e3bf03924d624911c83288 av-image-hotspot-3 ' data-avia-tooltip-position='left' data-avia-tooltip-alignment='top' data-avia-tooltip-class='av-tt-default-width av-tt-pos-left av-tt-align-top  main_color av-tooltip-shadow av-tt-hotspot' data-avia-tooltip='&lt;p&gt;D\u00e9claration de d\u00e9but d&#8217;activit\u00e9 adress\u00e9e \u00e0 l&#8217;URSSAF&lt;\/p&gt;\n'><a href=\/?page_id=1270#toggle-id-9  class='av-image-hotspot_inner'>3<\/a><div class='av-image-hotspot-pulse'><\/div><\/div><div class='av-image-hotspot av-y8fix2-2df5cd76cedb6da8e2153f0b61a758a2 av-image-hotspot-4 ' data-avia-tooltip-position='left' data-avia-tooltip-alignment='top' data-avia-tooltip-class='av-tt-default-width av-tt-pos-left av-tt-align-top  main_color av-tooltip-shadow av-tt-hotspot' data-avia-tooltip='&lt;p&gt;Adh\u00e9rer \u00e0 la CARCDSF&lt;\/p&gt;\n'><a href=\/?page_id=1270#toggle-id-10  class='av-image-hotspot_inner'>4<\/a><div class='av-image-hotspot-pulse'><\/div><\/div><div class='av-image-hotspot av-vpnkba-c878ff5ef9a150f16300248e0e0f5c19 av-image-hotspot-5 ' data-avia-tooltip-position='left' data-avia-tooltip-alignment='top' data-avia-tooltip-class='av-tt-default-width av-tt-pos-left av-tt-align-top  main_color av-tooltip-shadow av-tt-hotspot' data-avia-tooltip='&lt;p&gt;Souscrire aux assurances : RCP, Pr\u00e9voyance&#8230;&lt;\/p&gt;\n'><a href=\/?page_id=1270#toggle-id-11  class='av-image-hotspot_inner'>5<\/a><div class='av-image-hotspot-pulse'><\/div><\/div><div class='av-image-hotspot av-uwnbpy-0ad48c6dd61c5a4bfe9d7fbe14419bb1 av-image-hotspot-6 ' data-avia-tooltip-position='left' data-avia-tooltip-alignment='top' data-avia-tooltip-class='av-tt-default-width av-tt-pos-left av-tt-align-top  main_color av-tooltip-shadow av-tt-hotspot' data-avia-tooltip='&lt;p&gt;Faire le choix d&#8217;une AGA&lt;\/p&gt;\n'><a href=\/?page_id=1270#toggle-id-12  class='av-image-hotspot_inner'>6<\/a><div class='av-image-hotspot-pulse'><\/div><\/div><img decoding=\"async\" class='wp-image-1991 avia-img-lazy-loading-not-1991 avia_image' src=\"https:\/\/soignerenperigord.fr\/wp-content\/uploads\/2019\/04\/dentiste-infographie-parcours-installation-1.png\" alt='dentiste-infographie-parcours-installation' title='dentiste-infographie-parcours-installation'  height=\"400\" width=\"1064\"  itemprop=\"thumbnailUrl\" srcset=\"https:\/\/soignerenperigord.fr\/wp-content\/uploads\/2019\/04\/dentiste-infographie-parcours-installation-1.png 1064w, https:\/\/soignerenperigord.fr\/wp-content\/uploads\/2019\/04\/dentiste-infographie-parcours-installation-1-300x113.png 300w, https:\/\/soignerenperigord.fr\/wp-content\/uploads\/2019\/04\/dentiste-infographie-parcours-installation-1-768x289.png 768w, https:\/\/soignerenperigord.fr\/wp-content\/uploads\/2019\/04\/dentiste-infographie-parcours-installation-1-1030x387.png 1030w, https:\/\/soignerenperigord.fr\/wp-content\/uploads\/2019\/04\/dentiste-infographie-parcours-installation-1-705x265.png 705w, https:\/\/soignerenperigord.fr\/wp-content\/uploads\/2019\/04\/dentiste-infographie-parcours-installation-1-450x169.png 450w\" sizes=\"(max-width: 1064px) 100vw, 1064px\" \/><\/div><\/div><\/div><\/div><\/div>\n<style type=\"text\/css\" data-created_by=\"avia_inline_auto\" id=\"style-css-av-1a2tbie-c3ca62ba588b45ab0db5a1c40a5496ef\">\n.flex_column.av-1a2tbie-c3ca62ba588b45ab0db5a1c40a5496ef{\n-webkit-border-radius:0px 0px 0px 0px;\n-moz-border-radius:0px 0px 0px 0px;\nborder-radius:0px 0px 0px 0px;\npadding:0px 0px 0px 0px;\n}\n<\/style>\n<div class='flex_column av-1a2tbie-c3ca62ba588b45ab0db5a1c40a5496ef av_one_full first flex_column_div av-zero-column-padding '     ><style type=\"text\/css\" data-created_by=\"avia_inline_auto\" id=\"style-css-av-jto7myke-e302574caa9d14165b161644942f3aa8\">\n#top .togglecontainer.av-jto7myke-e302574caa9d14165b161644942f3aa8 p.toggler{\ncolor:#238388;\nbackground-color:#ffffff;\n}\n#top .togglecontainer.av-jto7myke-e302574caa9d14165b161644942f3aa8 p.toggler.activeTitle{\ncolor:#238388;\nborder-color:#238388;\nbackground-color:#ffffff;\n}\n#top .togglecontainer.av-jto7myke-e302574caa9d14165b161644942f3aa8 p.toggler .toggle_icon{\ncolor:#238388;\nborder-color:#238388;\n}\n#top .togglecontainer.av-jto7myke-e302574caa9d14165b161644942f3aa8 .toggle_wrap .toggle_content{\ncolor:#238388;\nbackground-color:#ffffff;\n}\n<\/style>\n<div  class='togglecontainer av-jto7myke-e302574caa9d14165b161644942f3aa8 av-elegant-toggle toggle_close_all hasCurrentStyle' >\n<section class='av_toggle_section av-jb5qwm-886f459c71785fd3bbd45b961a67861a'  itemscope=\"itemscope\" itemtype=\"https:\/\/schema.org\/CreativeWork\" ><div role=\"tablist\" class=\"single_toggle\" data-tags=\"{Tout} {10} \"  ><p data-fake-id='#toggle-id-7' class='toggler   av-inherit-font-color hasCustomColor'  itemprop=\"headline\"  role='tab' tabindex='0' aria-controls='toggle-id-7'><strong>\u00c9tape 1 - Inscription \u00e0 l\u2019Ordre des Chirurgiens-Dentistes<\/strong><span class=\"toggle_icon\"><span class=\"vert_icon\"><\/span><span class=\"hor_icon\"><\/span><\/span><\/p><div id='toggle-id-7' class='toggle_wrap  '  ><div class='toggle_content invers-color av-inherit-font-color hasCustomColor'  itemprop=\"text\" ><div class=\"content-chapo\">\n<p class=\"bodytext\">Vous devez commencer par vous rapprocher du\u00a0<a title=\"Conseil de l'Ordre des chirurgiens-dentistes (Nouvelle fen\u00eatre)\" href=\"http:\/\/www.ordre-chirurgiens-dentistes.fr\/no-cache\/lordre\/conseils-departementaux\/trouver-un-conseil-departemental.html\" target=\"_blank\" rel=\"noopener\">Conseil de l&#8217;Ordre des chirurgiens-dentistes<\/a>,\u00a0<strong>pour faire enregistrer votre dipl\u00f4me<\/strong> et obtenir un num\u00e9ro identifiant RPPS, unique et p\u00e9renne.<\/p>\n<p class=\"align-justify\">L&#8217;Ordre vous remettra une attestation d&#8217;inscription au Tableau de l&#8217;Ordre, sur laquelle figurent notamment votre n\u00b0RPPS et votre lieu d&#8217;installation. Cette attestation, qui vous donne le droit d&#8217;exercer la profession de chirurgien-dentiste, doit \u00eatre pr\u00e9sent\u00e9e lors de votre rendez-vous avec l&#8217;Assurance Maladie.<\/p>\n<p class=\"align-justify\"><strong>La d\u00e9livrance de votre\u00a0<a title=\"carte de professionnel de sant\u00e9 (Nouvelle fen\u00eatre)\" href=\"http:\/\/esante.gouv.fr\/services\/espace-cps\" target=\"_blank\" rel=\"noopener\">carte de professionnel de sant\u00e9<\/a><\/strong>\u00a0(CPS)\u00a0<strong>intervient automatiquement<\/strong>\u00a0lors de votre inscription aupr\u00e8s de votre Ordre. Elle vous sera adress\u00e9e par l&#8217;ASIP Sant\u00e9.<\/p>\n<p class=\"align-justify\"><strong>Pensez \u00e0 d\u00e9clarer au Conseil de l&#8217;Ordre toute modification<\/strong>\u00a0(\u00e9tat-civil, coordonn\u00e9es)\u00a0<strong>et tout changement dans votre activit\u00e9<\/strong>\u00a0: nouvelle activit\u00e9 lib\u00e9rale, changement de statut juridique, transfert d&#8217;activit\u00e9 dans un autre d\u00e9partement, cessation d&#8217;activit\u00e9\u2026<\/p>\n<\/div>\n<div class=\"content-texte single\"><\/div>\n<\/div><\/div><\/div><\/section>\n<section class='av_toggle_section av-hjev5y-3760c409b9c2a1c50542554c17b27adf'  itemscope=\"itemscope\" itemtype=\"https:\/\/schema.org\/CreativeWork\" ><div role=\"tablist\" class=\"single_toggle\" data-tags=\"{Tout} {20} \"  ><p data-fake-id='#toggle-id-8' class='toggler   av-inherit-font-color hasCustomColor'  itemprop=\"headline\"  role='tab' tabindex='0' aria-controls='toggle-id-8'><strong>\u00c9tape 2 - Enregistrement aupr\u00e8s de l\u2019Assurance Maladie<\/strong><span class=\"toggle_icon\"><span class=\"vert_icon\"><\/span><span class=\"hor_icon\"><\/span><\/span><\/p><div id='toggle-id-8' class='toggle_wrap  '  ><div class='toggle_content invers-color av-inherit-font-color hasCustomColor'  itemprop=\"text\" ><p class=\"bodytext\">Vous devez ensuite prendre un rendez-vous aupr\u00e8s de la caisse d&#8217;Assurance Maladie dont vous d\u00e9pendez,\u00a0<strong>pour faire enregistrer votre activit\u00e9 lib\u00e9rale<\/strong>.<\/p>\n<p class=\"align-justify\">Lors de cet entretien, vous devrez notamment choisir votre situation conventionnelle (adh\u00e9sion ou non \u00e0 la convention nationale) et proc\u00e9der aux formalit\u00e9s administratives correspondantes.<\/p>\n<p>Pour en savoir plus sur les d\u00e9marches \u00e0 r\u00e9aliser et sur la situation de votre zone d\u2019installation, r\u00e9f\u00e9rez-vous au site de l&#8217;<a title=\"Assurance Maladie (Nouvelle fen\u00eatre)\" href=\"http:\/\/www.ameli.fr\/professionnels-de-sante\/masseurs-kinesitherapeutes\/gerer-votre-activite\/vous-vous-installez\/vos-demarches.php\" target=\"_blank\" rel=\"noopener\">Assurance Maladie<\/a> et \u00e0 celui de l\u2019ARS dont vous d\u00e9pendez.<\/p>\n<\/div><\/div><\/div><\/section>\n<section class='av_toggle_section av-fqyoxi-c536e92ce057248acf4ae9ffeb7177ed'  itemscope=\"itemscope\" itemtype=\"https:\/\/schema.org\/CreativeWork\" ><div role=\"tablist\" class=\"single_toggle\" data-tags=\"{Tout} {40} \"  ><p data-fake-id='#toggle-id-9' class='toggler   av-inherit-font-color hasCustomColor'  itemprop=\"headline\"  role='tab' tabindex='0' aria-controls='toggle-id-9'><strong>\u00c9tape 3 - D\u00e9claration de d\u00e9but d\u2018activit\u00e9 adress\u00e9e \u00e0 l\u2019URSSAF<\/strong><span class=\"toggle_icon\"><span class=\"vert_icon\"><\/span><span class=\"hor_icon\"><\/span><\/span><\/p><div id='toggle-id-9' class='toggle_wrap  '  ><div class='toggle_content invers-color av-inherit-font-color hasCustomColor'  itemprop=\"text\" ><div class=\"content-chapo\">\n<div class=\"content-chapo\">\n<strong>La CPAM effectue cette d\u00e9marche.<\/strong><br \/>\nD\u00e8s le d\u00e9but de votre activit\u00e9 professionnelle, vous devez vous <strong>immatriculer aupr\u00e8s de l&#8217;<a title=\"URSSAF (Nouvelle fen\u00eatre)\" href=\"https:\/\/www.urssaf.fr\/portail\/home\/praticien-et-auxiliaire-medical.html\" target=\"_blank\" rel=\"noopener\">URSSAF<\/a> de votre lieu d&#8217;installation<\/strong>.<\/p>\n<p class=\"bodytext\">Pour plus d&#8217;informations sur les formalit\u00e9s, et le niveau de votre protection sociale vous pouvez\u00a0<strong>t\u00e9l\u00e9charger le guide <a title=\"URSSAF (Nouvelle fen\u00eatre)\" href=\"https:\/\/www.urssaf.fr\/portail\/home\/praticien-et-auxiliaire-medical.html\" target=\"_blank\" rel=\"noopener\">URSSAF<\/a><\/strong>\u00a0des praticiens et auxiliaires m\u00e9dicaux conventionn\u00e9s.<\/p>\n<\/div>\n<div class=\"content-texte single\"><\/div>\n<\/div>\n<div class=\"content-texte single\"><\/div>\n<\/div><\/div><\/div><\/section>\n<section class='av_toggle_section av-qbxr7q-f1f1e712d4792ed8a7e3c5b94bb49df3'  itemscope=\"itemscope\" itemtype=\"https:\/\/schema.org\/CreativeWork\" ><div role=\"tablist\" class=\"single_toggle\" data-tags=\"{Tout} {40} \"  ><p data-fake-id='#toggle-id-10' class='toggler   av-inherit-font-color hasCustomColor'  itemprop=\"headline\"  role='tab' tabindex='0' aria-controls='toggle-id-10'><strong>\u00c9tape 4 - Adh\u00e9rer \u00e0 la CARCDSF<\/strong><span class=\"toggle_icon\"><span class=\"vert_icon\"><\/span><span class=\"hor_icon\"><\/span><\/span><\/p><div id='toggle-id-10' class='toggle_wrap  '  ><div class='toggle_content invers-color av-inherit-font-color hasCustomColor'  itemprop=\"text\" ><div class=\"content-chapo\">\n<strong>L&#8217;adh\u00e9sion<\/strong>\u00a0\u00e0 la\u00a0<a title=\"Caisse autonome de retraite des chirurgiens-dentistes et des sages-femmes (Nouvelle fen\u00eatre)\" href=\"http:\/\/www.carcdsf.fr\/\" target=\"_blank\" rel=\"noopener\">caisse autonome de retraite des chirurgiens-dentistes et des sages-femmes<\/a>\u00a0(CARCDSF)\u00a0<strong>est obligatoire<\/strong>\u00a0pour tout chirurgien-dentiste inscrit \u00e0 l&#8217;Ordre et exer\u00e7ant en lib\u00e9ral.\n<\/div>\n<div class=\"content-texte single\"><\/div>\n<\/div><\/div><\/div><\/section>\n<section class='av_toggle_section av-on61hy-3260b214fd0f50b9f831dffaab1e8129'  itemscope=\"itemscope\" itemtype=\"https:\/\/schema.org\/CreativeWork\" ><div role=\"tablist\" class=\"single_toggle\" data-tags=\"{Tout} {30} \"  ><p data-fake-id='#toggle-id-11' class='toggler   av-inherit-font-color hasCustomColor'  itemprop=\"headline\"  role='tab' tabindex='0' aria-controls='toggle-id-11'><strong>\u00c9tape 5 - Souscrire une assurance Responsabilit\u00e9 Civile Professionnelle<\/strong><span class=\"toggle_icon\"><span class=\"vert_icon\"><\/span><span class=\"hor_icon\"><\/span><\/span><\/p><div id='toggle-id-11' class='toggle_wrap  '  ><div class='toggle_content invers-color av-inherit-font-color hasCustomColor'  itemprop=\"text\" ><div class=\"content-chapo\">\nTous les professionnels de sant\u00e9 lib\u00e9raux en exercice (et leurs rempla\u00e7ants) sont oblig\u00e9s de souscrire <strong>une assurance responsabilit\u00e9 civile professionnelle<\/strong>.\n<\/div>\n<p><span class=\"light-blue\">L\u2019assurance responsabilit\u00e9 civile professionnelle (RCP) doit :<\/span><\/p>\n<ul>\n<li style=\"list-style-type: none;\">\n<ul>\n<li>\u00eatre souscrite pr\u00e9alablement \u00e0 l\u2019accomplissement d\u2019un quelconque acte professionnel, il faut donc \u00eatre assur\u00e9 avant d\u2019exercer comme l\u2019on doit \u00eatre assur\u00e9 pour conduire un v\u00e9hicule automobile.<\/li>\n<li>couvrir tous les actes que le professionnel de sant\u00e9 \u00e0 l\u2019intention d\u2019effectuer, c\u2019est tout l\u2019int\u00e9r\u00eat du contrat RCP qui doit \u00eatre exhaustif.<\/li>\n<\/ul>\n<\/li>\n<\/ul>\n<\/div><\/div><\/div><\/section>\n<section class='av_toggle_section av-mldd2e-4610ca13c16f65d8539f9667fc4df952'  itemscope=\"itemscope\" itemtype=\"https:\/\/schema.org\/CreativeWork\" ><div role=\"tablist\" class=\"single_toggle\" data-tags=\"{Tout} {40} \"  ><p data-fake-id='#toggle-id-12' class='toggler   av-inherit-font-color hasCustomColor'  itemprop=\"headline\"  role='tab' tabindex='0' aria-controls='toggle-id-12'><strong>\u00c9tape 6 - Faire le choix d\u2019une AGA<\/strong><span class=\"toggle_icon\"><span class=\"vert_icon\"><\/span><span class=\"hor_icon\"><\/span><\/span><\/p><div id='toggle-id-12' class='toggle_wrap  '  ><div class='toggle_content invers-color av-inherit-font-color hasCustomColor'  itemprop=\"text\" ><div class=\"content-chapo\">\n<div class=\"content-chapo\"><strong>Adh\u00e9rer \u00e0 une association de gestion agr\u00e9\u00e9e par l\u2019administration fiscale est facultatif mais apporte un certain nombre d\u2019avantages, notamment fiscaux.<\/strong><\/div>\n<div class=\"content-texte single\">\n<div class=\"content-texte single\">\nL\u2019adh\u00e9sion \u00e0 une association de gestion agr\u00e9\u00e9e (AGA) vous permet de\u00a0<strong>b\u00e9n\u00e9ficier d\u2019avantages fiscaux, ainsi que d\u2019une assistance<\/strong>\u00a0en mati\u00e8re de tenue de comptabilit\u00e9, fiscalit\u00e9, \u00e9tablissement de vos d\u00e9clarations d\u2019imp\u00f4ts et formalit\u00e9s professionnelles.\n<\/div>\n<p><strong><span class=\"light-blue\">Missions d\u2019une AGA<\/span><\/strong><\/p>\n<ul>\n<li>Assister les adh\u00e9rents \u00e0 d\u00e9terminer leurs revenus par une tenue comptable vigilante.<\/li>\n<li>Aviser les adh\u00e9rents de leurs obligations administratives et fiscales et notamment de leurs \u00e9volutions.<\/li>\n<li>Organiser des formations (ou entretiens personnalis\u00e9s).<\/li>\n<li>V\u00e9rifier vraisemblance, coh\u00e9rence et concordance des d\u00e9clarations fiscales professionnelles.<\/li>\n<li>Pr\u00e9voir une analyse des informations \u00e9conomiques, comptables et financi\u00e8res.<\/li>\n<\/ul>\n<p><strong><span class=\"light-blue\">Trois raisons d\u2019adh\u00e9rer \u00e0 une AGA<\/span><\/strong><\/p>\n<ul>\n<li>Les adh\u00e9rents \u00e0 une AGA sont imposables sur le b\u00e9n\u00e9fice d\u00e9termin\u00e9 par la 2035 alors que les non-adh\u00e9rents le sont sur ce m\u00eame b\u00e9n\u00e9fice major\u00e9 de 25 %.<\/li>\n<li>Pour b\u00e9n\u00e9ficier d\u2019une d\u00e9ductibilit\u00e9 int\u00e9grale de la r\u00e9mun\u00e9ration de votre conjoint salari\u00e9 quel que soit votre r\u00e9gime matrimonial sous r\u00e9serve d\u2019une r\u00e9mun\u00e9ration normale avec r\u00e8glements des cotisations.<\/li>\n<li>A partir du 1er janvier 2016, les frais de tenue de comptabilit\u00e9 et d\u2019adh\u00e9sion \u00e0 une AGA constituent des charges d\u00e9ductibles pour la d\u00e9termination du r\u00e9sultat.<\/li>\n<\/ul>\n<p><strong><span class=\"light-blue\">Vos obligations en qualit\u00e9 d\u2019adh\u00e9rent<\/span><\/strong><\/p>\n<ul>\n<li>Tenir une comptabilit\u00e9 conforme au plan comptable imputable aux professions lib\u00e9rales, en utilisant les documents ad\u00e9quats (livre journal, registre des immobilisations et amortissements, livre des recettes journali\u00e8res).<\/li>\n<li>Accepter les r\u00e8glements par ch\u00e8que libell\u00e9 \u00e0 votre nom.<\/li>\n<li>Informer votre client\u00e8le de votre appartenance \u00e0 une association de gestion agr\u00e9\u00e9e par mention sur les documents professionnels et affichage dans les locaux.<\/li>\n<li>Porter le montant des honoraires per\u00e7us sur les feuilles de soins, dans leur totalit\u00e9.<\/li>\n<li>Respecter chaque ann\u00e9e la date fix\u00e9e par l\u2019AGA pour l\u2019envoi de la d\u00e9claration de vos revenus professionnels accompagn\u00e9e du dossier de gestion.<\/li>\n<\/ul>\n<\/div>\n<\/div>\n<div class=\"content-texte single\"><\/div>\n<\/div><\/div><\/div><\/section>\n<\/div><\/div><\/p>\n<\/div><\/div><\/div>\n<style type=\"text\/css\" data-created_by=\"avia_inline_auto\" id=\"style-css-av-jt5xk2g8-fe71d957fc41d7fcde64a4e28ad98d2b\">\n.av-layout-tab.av-jt5xk2g8-fe71d957fc41d7fcde64a4e28ad98d2b{\nvertical-align:top;\nbackground-color:#f8f8f8;\n}\n#top .av-tab-section-outer-container.av-jt5ya1wb-1429bfb13923553c06f9841c622a540f .av-active-tab-title.av-section-tab-title.av-jt5xk2g8-fe71d957fc41d7fcde64a4e28ad98d2b{\ncolor:#51becb;\n}\n#top .av-tab-section-outer-container.av-jt5ya1wb-1429bfb13923553c06f9841c622a540f .av-active-tab-title.av-section-tab-title.av-jt5xk2g8-fe71d957fc41d7fcde64a4e28ad98d2b .av-tab-arrow-container span{\nbackground-color:#f8f8f8;\n}\n<\/style>\n<div id='av-tab-section-1-3' class='av-layout-tab av-jt5xk2g8-fe71d957fc41d7fcde64a4e28ad98d2b av-animation-delay-container ' data-av-deeplink-tabs=\"\" data-av-tab-section-content=\"3\" data-tab-section-id=\"masseur-kinsithrapeute\"><div class=\"av-layout-tab-inner\"><div class=\"container\"><p>\n<style type=\"text\/css\" data-created_by=\"avia_inline_auto\" id=\"style-css-av-weyi2-0615eb989164fa3c9e907b3e228733c0\">\n.flex_column.av-weyi2-0615eb989164fa3c9e907b3e228733c0{\n-webkit-border-radius:0px 0px 0px 0px;\n-moz-border-radius:0px 0px 0px 0px;\nborder-radius:0px 0px 0px 0px;\npadding:0px 0px 0px 0px;\n}\n<\/style>\n<div class='flex_column av-weyi2-0615eb989164fa3c9e907b3e228733c0 av_one_full first flex_column_div av-zero-column-padding '     ><style type=\"text\/css\" data-created_by=\"avia_inline_auto\" id=\"style-css-sub-av-jto7jm9f-951c00b633f50963b42bb0ef3e4a8dac\">\n.av-hotspot-image-container .av-image-hotspot.av-sgc3k6-0a695f6d275a5926130709b257335eb3{\ntop:49.5%;\nleft:10.2%;\n}\n.av-hotspot-image-container .av-image-hotspot.av-sgc3k6-0a695f6d275a5926130709b257335eb3 .av-image-hotspot_inner{\nbackground-color:#0f8389;\ncolor:#ffffff;\n}\n.av-hotspot-image-container .av-image-hotspot.av-sgc3k6-0a695f6d275a5926130709b257335eb3 .av-image-hotspot-pulse{\nbackground-color:#ffffff;\n}\n.av-hotspot-image-container .av-image-hotspot.av-r3gu86-b3c404a08580be22eaef2b8340407e29{\ntop:49.5%;\nleft:24.8%;\n}\n.av-hotspot-image-container .av-image-hotspot.av-r3gu86-b3c404a08580be22eaef2b8340407e29 .av-image-hotspot_inner{\nbackground-color:#0f8389;\ncolor:#ffffff;\n}\n.av-hotspot-image-container .av-image-hotspot.av-r3gu86-b3c404a08580be22eaef2b8340407e29 .av-image-hotspot-pulse{\nbackground-color:#ffffff;\n}\n.av-hotspot-image-container .av-image-hotspot.av-p8z5dy-c8ded92d57958ca332ac2638041790fa{\ntop:49.5%;\nleft:35.9%;\n}\n.av-hotspot-image-container .av-image-hotspot.av-p8z5dy-c8ded92d57958ca332ac2638041790fa .av-image-hotspot_inner{\nbackground-color:#0f8389;\ncolor:#ffffff;\n}\n.av-hotspot-image-container .av-image-hotspot.av-p8z5dy-c8ded92d57958ca332ac2638041790fa .av-image-hotspot-pulse{\nbackground-color:#ffffff;\n}\n.av-hotspot-image-container .av-image-hotspot.av-nk4v2u-82564a88ad3a98f45320b1b8c04a1d74{\ntop:49.5%;\nleft:47.3%;\n}\n.av-hotspot-image-container .av-image-hotspot.av-nk4v2u-82564a88ad3a98f45320b1b8c04a1d74 .av-image-hotspot_inner{\nbackground-color:#0f8389;\ncolor:#ffffff;\n}\n.av-hotspot-image-container .av-image-hotspot.av-nk4v2u-82564a88ad3a98f45320b1b8c04a1d74 .av-image-hotspot-pulse{\nbackground-color:#ffffff;\n}\n.av-hotspot-image-container .av-image-hotspot.av-mh7446-fcb05f6dd95a90ceba163825bb003bdb{\ntop:50%;\nleft:59%;\n}\n.av-hotspot-image-container .av-image-hotspot.av-mh7446-fcb05f6dd95a90ceba163825bb003bdb .av-image-hotspot_inner{\nbackground-color:#238388;\ncolor:#ffffff;\n}\n.av-hotspot-image-container .av-image-hotspot.av-mh7446-fcb05f6dd95a90ceba163825bb003bdb .av-image-hotspot-pulse{\nbackground-color:#ffffff;\n}\n.av-hotspot-image-container .av-image-hotspot.av-k6r7za-1fc61324b85d5b4fdb9e314768366c67{\ntop:50%;\nleft:90%;\n}\n.av-hotspot-image-container .av-image-hotspot.av-k6r7za-1fc61324b85d5b4fdb9e314768366c67 .av-image-hotspot_inner{\nbackground-color:#238388;\ncolor:#ffffff;\n}\n.av-hotspot-image-container .av-image-hotspot.av-k6r7za-1fc61324b85d5b4fdb9e314768366c67 .av-image-hotspot-pulse{\nbackground-color:#ffffff;\n}\n<\/style>\n<div  class='av-hotspot-image-container av-jto7jm9f-951c00b633f50963b42bb0ef3e4a8dac av-hotspot-numbered  av-non-fullwidth-hotspot-image'  itemprop=\"image\" itemscope=\"itemscope\" itemtype=\"https:\/\/schema.org\/ImageObject\" ><div class='av-hotspot-container'><div class='av-hotspot-container-inner-cell'><div class='av-hotspot-container-inner-wrap'><div class='av-image-hotspot av-sgc3k6-0a695f6d275a5926130709b257335eb3 av-image-hotspot-1 ' data-avia-tooltip-position='left' data-avia-tooltip-alignment='top' data-avia-tooltip-class='av-tt-default-width av-tt-pos-left av-tt-align-top  main_color av-tooltip-shadow av-tt-hotspot' data-avia-tooltip='&lt;p&gt;Inscription \u00e0 l\u2019Ordre des Masseurs-Kin\u00e9sith\u00e9rapeutes&lt;\/p&gt;\n'><a href=\/?page_id=1270#toggle-id-13  class='av-image-hotspot_inner'>1<\/a><div class='av-image-hotspot-pulse'><\/div><\/div><div class='av-image-hotspot av-r3gu86-b3c404a08580be22eaef2b8340407e29 av-image-hotspot-2 ' data-avia-tooltip-position='left' data-avia-tooltip-alignment='top' data-avia-tooltip-class='av-tt-default-width av-tt-pos-left av-tt-align-top  main_color av-tooltip-shadow av-tt-hotspot' data-avia-tooltip='&lt;p&gt;Enregistrement aupr\u00e8s de l&#8217;Assurance Maladie&lt;\/p&gt;\n'><a href=\/?page_id=1270#toggle-id-14  class='av-image-hotspot_inner'>2<\/a><div class='av-image-hotspot-pulse'><\/div><\/div><div class='av-image-hotspot av-p8z5dy-c8ded92d57958ca332ac2638041790fa av-image-hotspot-3 ' data-avia-tooltip-position='left' data-avia-tooltip-alignment='top' data-avia-tooltip-class='av-tt-default-width av-tt-pos-left av-tt-align-top  main_color av-tooltip-shadow av-tt-hotspot' data-avia-tooltip='&lt;p&gt;D\u00e9claration de d\u00e9but d&#8217;activit\u00e9 adress\u00e9e \u00e0 l&#8217;URSSAF&lt;\/p&gt;\n'><a href=\/?page_id=1270#toggle-id-15  class='av-image-hotspot_inner'>3<\/a><div class='av-image-hotspot-pulse'><\/div><\/div><div class='av-image-hotspot av-nk4v2u-82564a88ad3a98f45320b1b8c04a1d74 av-image-hotspot-4 ' data-avia-tooltip-position='left' data-avia-tooltip-alignment='top' data-avia-tooltip-class='av-tt-default-width av-tt-pos-left av-tt-align-top  main_color av-tooltip-shadow av-tt-hotspot' data-avia-tooltip='&lt;p&gt;Adh\u00e9rer \u00e0 la CARPIMKO&lt;\/p&gt;\n'><a href=\/?page_id=1270#toggle-id-16  class='av-image-hotspot_inner'>4<\/a><div class='av-image-hotspot-pulse'><\/div><\/div><div class='av-image-hotspot av-mh7446-fcb05f6dd95a90ceba163825bb003bdb av-image-hotspot-5 ' data-avia-tooltip-position='left' data-avia-tooltip-alignment='top' data-avia-tooltip-class='av-tt-default-width av-tt-pos-left av-tt-align-top  main_color av-tooltip-shadow av-tt-hotspot' data-avia-tooltip='&lt;p&gt;Souscrire aux assurances : RCP, Pr\u00e9voyance&#8230;&lt;\/p&gt;\n'><a href=\/?page_id=1270#toggle-id-17  class='av-image-hotspot_inner'>5<\/a><div class='av-image-hotspot-pulse'><\/div><\/div><div class='av-image-hotspot av-k6r7za-1fc61324b85d5b4fdb9e314768366c67 av-image-hotspot-6 ' data-avia-tooltip-position='left' data-avia-tooltip-alignment='top' data-avia-tooltip-class='av-tt-default-width av-tt-pos-left av-tt-align-top  main_color av-tooltip-shadow av-tt-hotspot' data-avia-tooltip='&lt;p&gt;Faire le choix d&#8217;une AGA&lt;\/p&gt;\n'><a href=\/?page_id=1270#toggle-id-18  class='av-image-hotspot_inner'>6<\/a><div class='av-image-hotspot-pulse'><\/div><\/div><img decoding=\"async\" class='wp-image-1992 avia-img-lazy-loading-not-1992 avia_image' src=\"https:\/\/soignerenperigord.fr\/wp-content\/uploads\/2019\/04\/kine-infographie-parcours-installation-1.png\" alt='' title='kine-infographie-parcours-installation'  height=\"400\" width=\"1064\"  itemprop=\"thumbnailUrl\" srcset=\"https:\/\/soignerenperigord.fr\/wp-content\/uploads\/2019\/04\/kine-infographie-parcours-installation-1.png 1064w, https:\/\/soignerenperigord.fr\/wp-content\/uploads\/2019\/04\/kine-infographie-parcours-installation-1-300x113.png 300w, https:\/\/soignerenperigord.fr\/wp-content\/uploads\/2019\/04\/kine-infographie-parcours-installation-1-768x289.png 768w, https:\/\/soignerenperigord.fr\/wp-content\/uploads\/2019\/04\/kine-infographie-parcours-installation-1-1030x387.png 1030w, https:\/\/soignerenperigord.fr\/wp-content\/uploads\/2019\/04\/kine-infographie-parcours-installation-1-705x265.png 705w, https:\/\/soignerenperigord.fr\/wp-content\/uploads\/2019\/04\/kine-infographie-parcours-installation-1-450x169.png 450w\" sizes=\"(max-width: 1064px) 100vw, 1064px\" \/><\/div><\/div><\/div><\/div><\/div>\n<style type=\"text\/css\" data-created_by=\"avia_inline_auto\" id=\"style-css-av-weyi2-0615eb989164fa3c9e907b3e228733c0\">\n.flex_column.av-weyi2-0615eb989164fa3c9e907b3e228733c0{\n-webkit-border-radius:0px 0px 0px 0px;\n-moz-border-radius:0px 0px 0px 0px;\nborder-radius:0px 0px 0px 0px;\npadding:0px 0px 0px 0px;\n}\n<\/style>\n<div class='flex_column av-weyi2-0615eb989164fa3c9e907b3e228733c0 av_one_full first flex_column_div av-zero-column-padding '     ><style type=\"text\/css\" data-created_by=\"avia_inline_auto\" id=\"style-css-av-jto7myke-e302574caa9d14165b161644942f3aa8\">\n#top .togglecontainer.av-jto7myke-e302574caa9d14165b161644942f3aa8 p.toggler{\ncolor:#238388;\nbackground-color:#ffffff;\n}\n#top .togglecontainer.av-jto7myke-e302574caa9d14165b161644942f3aa8 p.toggler.activeTitle{\ncolor:#238388;\nborder-color:#238388;\nbackground-color:#ffffff;\n}\n#top .togglecontainer.av-jto7myke-e302574caa9d14165b161644942f3aa8 p.toggler .toggle_icon{\ncolor:#238388;\nborder-color:#238388;\n}\n#top .togglecontainer.av-jto7myke-e302574caa9d14165b161644942f3aa8 .toggle_wrap .toggle_content{\ncolor:#238388;\nbackground-color:#ffffff;\n}\n<\/style>\n<div  class='togglecontainer av-jto7myke-e302574caa9d14165b161644942f3aa8 av-elegant-toggle toggle_close_all hasCurrentStyle' >\n<section class='av_toggle_section av-e9yonq-1acc7ecca1e10dabb7fb2445b6590fe3'  itemscope=\"itemscope\" itemtype=\"https:\/\/schema.org\/CreativeWork\" ><div role=\"tablist\" class=\"single_toggle\" data-tags=\"{Tout} {10} \"  ><p data-fake-id='#toggle-id-13' class='toggler   av-inherit-font-color hasCustomColor'  itemprop=\"headline\"  role='tab' tabindex='0' aria-controls='toggle-id-13'><strong>\u00c9tape 1 - Inscription \u00e0 l\u2019Ordre des Masseurs-Kin\u00e9sith\u00e9rapeutes<\/strong><span class=\"toggle_icon\"><span class=\"vert_icon\"><\/span><span class=\"hor_icon\"><\/span><\/span><\/p><div id='toggle-id-13' class='toggle_wrap  '  ><div class='toggle_content invers-color av-inherit-font-color hasCustomColor'  itemprop=\"text\" ><div class=\"content-chapo\">\n<p class=\"bodytext\">Vous devez commencer par vous rapprocher du\u00a0<a title=\"(Nouvelle fen\u00eatre)\" href=\"http:\/\/www.ordremk.fr\/accueil\/trouver-mon-cdo-cro\/\" target=\"_blank\" rel=\"noopener\">Conseil de l\u2019Ordre de votre d\u00e9partement d\u2019exercice<\/a>,\u00a0<strong>pour faire enregistrer votre dipl\u00f4me<\/strong>\u00a0<strong>et obtenir un\u00a0num\u00e9ro identifiant RPPS<\/strong>, unique et p\u00e9renne.<\/p>\n<p class=\"bodytext\">L\u2019ordre vous remettra une attestation d&#8217;inscription au Tableau de l&#8217;Ordre, sur laquelle figurent notamment votre n\u00b0 RPPS (R\u00e9pertoire Partag\u00e9 des Professionnels de Sant\u00e9) et votre lieu d\u2019installation. Cette attestation, qui vous donne le droit d\u2019exercer la profession de masseur-kin\u00e9sith\u00e9rapeute, doit \u00eatre pr\u00e9sent\u00e9e lors de votre rendez-vous avec l\u2019Assurance Maladie.<\/p>\n<p class=\"bodytext\"><strong><a title=\"(Nouvelle fen\u00eatre)\" href=\"http:\/\/esante.gouv.fr\/services\/espace-cps\" target=\"_blank\" rel=\"noopener\">La d\u00e9livrance de votre carte CPS\u00a0<\/a>est faite automatiquement<\/strong>\u00a0lors de votre inscription aupr\u00e8s de votre Ordre. Elle vous sera adress\u00e9e par l\u2019ASIP Sant\u00e9.<\/p>\n<p class=\"bodytext\"><strong>Pensez \u00e0 d\u00e9clarer au Conseil de l&#8217;Ordre toute modification<\/strong>\u00a0(\u00e9tat-civil, coordonn\u00e9es)\u00a0<strong>et tout changement dans votre activit\u00e9<\/strong>\u00a0: nouvelle activit\u00e9 lib\u00e9rale, changement de statut juridique, transfert d&#8217;activit\u00e9 dans un autre d\u00e9partement, cessation d&#8217;activit\u00e9&#8230;<\/p>\n<\/div>\n<div class=\"content-texte single\"><\/div>\n<\/div><\/div><\/div><\/section>\n<section class='av_toggle_section av-1yzbpy-f0a62ce1b0f7cb3d6e91d72c96e609bf'  itemscope=\"itemscope\" itemtype=\"https:\/\/schema.org\/CreativeWork\" ><div role=\"tablist\" class=\"single_toggle\" data-tags=\"{Tout} {20} \"  ><p data-fake-id='#toggle-id-14' class='toggler   av-inherit-font-color hasCustomColor'  itemprop=\"headline\"  role='tab' tabindex='0' aria-controls='toggle-id-14'><strong>\u00c9tape 2 - Enregistrement aupr\u00e8s de l\u2019Assurance Maladie<\/strong><span class=\"toggle_icon\"><span class=\"vert_icon\"><\/span><span class=\"hor_icon\"><\/span><\/span><\/p><div id='toggle-id-14' class='toggle_wrap  '  ><div class='toggle_content invers-color av-inherit-font-color hasCustomColor'  itemprop=\"text\" ><div class=\"content-chapo\">\n<p class=\"bodytext\">Vous devez ensuite prendre un rendez-vous aupr\u00e8s de la caisse d&#8217;Assurance Maladie dont vous d\u00e9pendez\u00a0<strong>pour faire enregistrer votre activit\u00e9 lib\u00e9rale\u00a0<\/strong>et choisir votre situation conventionnelle.<\/p>\n<p class=\"bodytext\">Pour en savoir plus sur les d\u00e9marches \u00e0 r\u00e9aliser et sur la situation de votre zone d\u2019installation, r\u00e9f\u00e9rez-vous au site de l&#8217;<a title=\"Assurance Maladie (Nouvelle fen\u00eatre)\" href=\"http:\/\/www.ameli.fr\/professionnels-de-sante\/masseurs-kinesitherapeutes\/gerer-votre-activite\/vous-vous-installez\/vos-demarches.php\" target=\"_blank\" rel=\"noopener\">Assurance Maladie<\/a> et \u00e0 celui de l\u2019ARS dont vous d\u00e9pendez.<\/p>\n<\/div>\n<div class=\"content-texte single\"><\/div>\n<\/div><\/div><\/div><\/section>\n<section class='av_toggle_section av-cn7uee-93f58abd9bb290eac40e5f776485a6ea'  itemscope=\"itemscope\" itemtype=\"https:\/\/schema.org\/CreativeWork\" ><div role=\"tablist\" class=\"single_toggle\" data-tags=\"{Tout} {40} \"  ><p data-fake-id='#toggle-id-15' class='toggler   av-inherit-font-color hasCustomColor'  itemprop=\"headline\"  role='tab' tabindex='0' aria-controls='toggle-id-15'><strong>\u00c9tape 3 - D\u00e9claration de d\u00e9but d\u2018activit\u00e9 adress\u00e9e \u00e0 l\u2019URSSAF<\/strong><span class=\"toggle_icon\"><span class=\"vert_icon\"><\/span><span class=\"hor_icon\"><\/span><\/span><\/p><div id='toggle-id-15' class='toggle_wrap  '  ><div class='toggle_content invers-color av-inherit-font-color hasCustomColor'  itemprop=\"text\" ><div class=\"content-chapo\">\n<div class=\"content-chapo\">\n<strong>La CPAM effectue cette d\u00e9marche.<\/strong><br \/>\nD\u00e8s le d\u00e9but de votre activit\u00e9 professionnelle, vous devez vous <strong>immatriculer aupr\u00e8s de l&#8217;<a title=\"URSSAF (Nouvelle fen\u00eatre)\" href=\"https:\/\/www.urssaf.fr\/portail\/home\/praticien-et-auxiliaire-medical.html\" target=\"_blank\" rel=\"noopener\">URSSAF<\/a><\/strong> de votre lieu d&#8217;installation.<\/p>\n<p class=\"bodytext\">Pour plus d&#8217;informations sur les formalit\u00e9s, et le niveau de votre protection sociale vous pouvez t\u00e9l\u00e9charger le\u00a0<a title=\"guide URSSAF (Nouvelle fen\u00eatre)\" href=\"https:\/\/www.urssaf.fr\/portail\/home\/praticien-et-auxiliaire-medical.html\" target=\"_blank\" rel=\"noopener\">guide URSSAF<\/a>\u00a0des praticiens et auxiliaires m\u00e9dicaux conventionn\u00e9s.<\/p>\n<\/div>\n<div class=\"content-texte single\"><\/div>\n<\/div>\n<div class=\"content-texte single\"><\/div>\n<\/div><\/div><\/div><\/section>\n<section class='av_toggle_section av-awgr8m-8b69774edc5f3c2afb2ef99b28041bc0'  itemscope=\"itemscope\" itemtype=\"https:\/\/schema.org\/CreativeWork\" ><div role=\"tablist\" class=\"single_toggle\" data-tags=\"{Tout} {40} \"  ><p data-fake-id='#toggle-id-16' class='toggler   av-inherit-font-color hasCustomColor'  itemprop=\"headline\"  role='tab' tabindex='0' aria-controls='toggle-id-16'><strong>\u00c9tape 4 - Adh\u00e9rer \u00e0 la CARPIMKO<\/strong><span class=\"toggle_icon\"><span class=\"vert_icon\"><\/span><span class=\"hor_icon\"><\/span><\/span><\/p><div id='toggle-id-16' class='toggle_wrap  '  ><div class='toggle_content invers-color av-inherit-font-color hasCustomColor'  itemprop=\"text\" ><div class=\"content-chapo\">\n<strong>L&#8217;adh\u00e9sion\u00a0<\/strong>\u00e0 la\u00a0<a title=\"caisse autonome de retraite et de pr\u00e9voyance des infirmiers, masseurs-kin\u00e9sith\u00e9rapeutes, p\u00e9dicures-podologues, orthophonistes et orthoptistes (Nouvelle fen\u00eatre)\" href=\"http:\/\/www.carpimko2.com\/\" target=\"_blank\" rel=\"noopener\">caisse autonome de retraite et de pr\u00e9voyance des infirmiers, masseurs-kin\u00e9sith\u00e9rapeutes, p\u00e9dicures-podologues, orthophonistes et orthoptistes<\/a>\u00a0(CARPIMKO)\u00a0<strong>est obligatoire<\/strong>\u00a0pour tout masseur-kin\u00e9sith\u00e9rapeute inscrit \u00e0 l&#8217;Ordre et exer\u00e7ant en lib\u00e9ral.\n<\/div>\n<div class=\"content-texte single\"><\/div>\n<\/div><\/div><\/div><\/section>\n<section class='av_toggle_section av-9jj512-4ec323a1c3f9caa713e39517c37c5eba'  itemscope=\"itemscope\" itemtype=\"https:\/\/schema.org\/CreativeWork\" ><div role=\"tablist\" class=\"single_toggle\" data-tags=\"{Tout} {30} \"  ><p data-fake-id='#toggle-id-17' class='toggler   av-inherit-font-color hasCustomColor'  itemprop=\"headline\"  role='tab' tabindex='0' aria-controls='toggle-id-17'><strong>\u00c9tape 5 - Souscrire une assurance Responsabilit\u00e9 Civile Professionnelle<\/strong><span class=\"toggle_icon\"><span class=\"vert_icon\"><\/span><span class=\"hor_icon\"><\/span><\/span><\/p><div id='toggle-id-17' class='toggle_wrap  '  ><div class='toggle_content invers-color av-inherit-font-color hasCustomColor'  itemprop=\"text\" ><div class=\"content-chapo\">\nTous les professionnels de sant\u00e9 en exercice (et leurs rempla\u00e7ants) sont oblig\u00e9s de souscrire <strong>une assurance responsabilit\u00e9 civile professionnelle<\/strong>.\n<\/div>\n<p><span class=\"light-blue\">L\u2019assurance responsabilit\u00e9 civile professionnelle (RCP) doit :<\/span><\/p>\n<ul>\n<li style=\"list-style-type: none;\">\n<ul>\n<li>\u00eatre souscrite pr\u00e9alablement \u00e0 l\u2019accomplissement d\u2019un quelconque acte professionnel, il faut donc \u00eatre assur\u00e9 avant d\u2019exercer comme l\u2019on doit \u00eatre assur\u00e9 pour conduire un v\u00e9hicule automobile.<\/li>\n<li>couvrir tous les actes que le professionnel de sant\u00e9 \u00e0 l\u2019intention d\u2019effectuer, c\u2019est tout l\u2019int\u00e9r\u00eat du contrat RCP qui doit \u00eatre exhaustif.<\/li>\n<\/ul>\n<\/li>\n<\/ul>\n<\/div><\/div><\/div><\/section>\n<section class='av_toggle_section av-bry5pi-8c2d5d2009d7d4eb111bcd5cc8c4b80f'  itemscope=\"itemscope\" itemtype=\"https:\/\/schema.org\/CreativeWork\" ><div role=\"tablist\" class=\"single_toggle\" data-tags=\"{Tout} {40} \"  ><p data-fake-id='#toggle-id-18' class='toggler   av-inherit-font-color hasCustomColor'  itemprop=\"headline\"  role='tab' tabindex='0' aria-controls='toggle-id-18'><strong>\u00c9tape 6 - Faire le choix d\u2019une AGA<\/strong><span class=\"toggle_icon\"><span class=\"vert_icon\"><\/span><span class=\"hor_icon\"><\/span><\/span><\/p><div id='toggle-id-18' class='toggle_wrap  '  ><div class='toggle_content invers-color av-inherit-font-color hasCustomColor'  itemprop=\"text\" ><div class=\"content-chapo\">\n<div class=\"content-chapo\"><strong>Adh\u00e9rer \u00e0 une association de gestion agr\u00e9\u00e9e par l\u2019administration fiscale est facultatif mais apporte un certain nombre d\u2019avantages, notamment fiscaux.<\/strong><\/div>\n<div class=\"content-texte single\">\n<div class=\"content-texte single\">\nL\u2019adh\u00e9sion \u00e0 une association de gestion agr\u00e9\u00e9e (AGA) vous permet de\u00a0<strong>b\u00e9n\u00e9ficier d\u2019avantages fiscaux, ainsi que d\u2019une assistance<\/strong>\u00a0en mati\u00e8re de tenue de comptabilit\u00e9, fiscalit\u00e9, \u00e9tablissement de vos d\u00e9clarations d\u2019imp\u00f4ts et formalit\u00e9s professionnelles.\n<\/div>\n<p><strong><span class=\"light-blue\">Missions d\u2019une AGA<\/span><\/strong><\/p>\n<ul>\n<li>Assister les adh\u00e9rents \u00e0 d\u00e9terminer leurs revenus par une tenue comptable vigilante.<\/li>\n<li>Aviser les adh\u00e9rents de leurs obligations administratives et fiscales et notamment de leurs \u00e9volutions.<\/li>\n<li>Organiser des formations (ou entretiens personnalis\u00e9s).<\/li>\n<li>V\u00e9rifier vraisemblance, coh\u00e9rence et concordance des d\u00e9clarations fiscales professionnelles.<\/li>\n<li>Pr\u00e9voir une analyse des informations \u00e9conomiques, comptables et financi\u00e8res.<\/li>\n<\/ul>\n<p><strong><span class=\"light-blue\">Trois raisons d\u2019adh\u00e9rer \u00e0 une AGA<\/span><\/strong><\/p>\n<ul>\n<li>Les adh\u00e9rents \u00e0 une AGA sont imposables sur le b\u00e9n\u00e9fice d\u00e9termin\u00e9 par la 2035 alors que les non-adh\u00e9rents le sont sur ce m\u00eame b\u00e9n\u00e9fice major\u00e9 de 25 %.<\/li>\n<li>Pour b\u00e9n\u00e9ficier d\u2019une d\u00e9ductibilit\u00e9 int\u00e9grale de la r\u00e9mun\u00e9ration de votre conjoint salari\u00e9 quel que soit votre r\u00e9gime matrimonial sous r\u00e9serve d\u2019une r\u00e9mun\u00e9ration normale avec r\u00e8glements des cotisations.<\/li>\n<li>A partir du 1er janvier 2016, les frais de tenue de comptabilit\u00e9 et d\u2019adh\u00e9sion \u00e0 une AGA constituent des charges d\u00e9ductibles pour la d\u00e9termination du r\u00e9sultat.<\/li>\n<\/ul>\n<p><strong><span class=\"light-blue\">Vos obligations en qualit\u00e9 d\u2019adh\u00e9rent<\/span><\/strong><\/p>\n<ul>\n<li>Tenir une comptabilit\u00e9 conforme au plan comptable imputable aux professions lib\u00e9rales, en utilisant les documents ad\u00e9quats (livre journal, registre des immobilisations et amortissements, livre des recettes journali\u00e8res).<\/li>\n<li>Accepter les r\u00e8glements par ch\u00e8que libell\u00e9 \u00e0 votre nom.<\/li>\n<li>Informer votre client\u00e8le de votre appartenance \u00e0 une association de gestion agr\u00e9\u00e9e par mention sur les documents professionnels et affichage dans les locaux.<\/li>\n<li>Porter le montant des honoraires per\u00e7us sur les feuilles de soins, dans leur totalit\u00e9.<\/li>\n<li>Respecter chaque ann\u00e9e la date fix\u00e9e par l\u2019AGA pour l\u2019envoi de la d\u00e9claration de vos revenus professionnels accompagn\u00e9e du dossier de gestion.<\/li>\n<\/ul>\n<\/div>\n<\/div>\n<div class=\"content-texte single\"><\/div>\n<\/div><\/div><\/div><\/section>\n<\/div><\/div><\/p>\n<\/div><\/div><\/div>\n<style type=\"text\/css\" data-created_by=\"avia_inline_auto\" id=\"style-css-av-jt5xidgd-67a2ff444437590dec6dca5962e1d147\">\n.av-layout-tab.av-jt5xidgd-67a2ff444437590dec6dca5962e1d147{\nvertical-align:top;\nbackground-color:#f8f8f8;\n}\n#top .av-tab-section-outer-container.av-jt5ya1wb-1429bfb13923553c06f9841c622a540f .av-active-tab-title.av-section-tab-title.av-jt5xidgd-67a2ff444437590dec6dca5962e1d147{\ncolor:#51becb;\n}\n#top .av-tab-section-outer-container.av-jt5ya1wb-1429bfb13923553c06f9841c622a540f .av-active-tab-title.av-section-tab-title.av-jt5xidgd-67a2ff444437590dec6dca5962e1d147 .av-tab-arrow-container span{\nbackground-color:#f8f8f8;\n}\n<\/style>\n<div id='av-tab-section-1-4' class='av-layout-tab av-jt5xidgd-67a2ff444437590dec6dca5962e1d147 av-animation-delay-container ' data-av-deeplink-tabs=\"\" data-av-tab-section-content=\"4\" data-tab-section-id=\"infirmier\"><div class=\"av-layout-tab-inner\"><div class=\"container\"><p>\n<style type=\"text\/css\" data-created_by=\"avia_inline_auto\" id=\"style-css-sub-av-jto7jm9f-694161426f82a07b2800b302f4a3dfe5\">\n.av-hotspot-image-container .av-image-hotspot.av-hcgy92-4792f547cbb49396272bcbcb742f8b10{\ntop:50%;\nleft:5.5%;\n}\n.av-hotspot-image-container .av-image-hotspot.av-ignxau-6f15223868eafb70273c22907f29e506{\ntop:49.5%;\nleft:14.6%;\n}\n.av-hotspot-image-container .av-image-hotspot.av-ignxau-6f15223868eafb70273c22907f29e506 .av-image-hotspot_inner{\nbackground-color:#0f8389;\ncolor:#ffffff;\n}\n.av-hotspot-image-container .av-image-hotspot.av-ignxau-6f15223868eafb70273c22907f29e506 .av-image-hotspot-pulse{\nbackground-color:#ffffff;\n}\n.av-hotspot-image-container .av-image-hotspot.av-hzw56u-7f05105e0224f4a889acd5aa99f4f5e4{\ntop:49.5%;\nleft:25.4%;\n}\n.av-hotspot-image-container .av-image-hotspot.av-hzw56u-7f05105e0224f4a889acd5aa99f4f5e4 .av-image-hotspot_inner{\nbackground-color:#0f8389;\ncolor:#ffffff;\n}\n.av-hotspot-image-container .av-image-hotspot.av-hzw56u-7f05105e0224f4a889acd5aa99f4f5e4 .av-image-hotspot-pulse{\nbackground-color:#ffffff;\n}\n.av-hotspot-image-container .av-image-hotspot.av-fz99dy-bc2007ff709d48bcdb736208cab72e23{\ntop:49.6%;\nleft:35.4%;\n}\n.av-hotspot-image-container .av-image-hotspot.av-fz99dy-bc2007ff709d48bcdb736208cab72e23 .av-image-hotspot_inner{\nbackground-color:#0f8389;\ncolor:#ffffff;\n}\n.av-hotspot-image-container .av-image-hotspot.av-fz99dy-bc2007ff709d48bcdb736208cab72e23 .av-image-hotspot-pulse{\nbackground-color:#ffffff;\n}\n.av-hotspot-image-container .av-image-hotspot.av-g9iruu-e547b29e5a7f37f364dcf1695bb9bdc2{\ntop:50%;\nleft:45.7%;\n}\n.av-hotspot-image-container .av-image-hotspot.av-g9iruu-e547b29e5a7f37f364dcf1695bb9bdc2 .av-image-hotspot_inner{\nbackground-color:#238388;\ncolor:#ffffff;\n}\n.av-hotspot-image-container .av-image-hotspot.av-g9iruu-e547b29e5a7f37f364dcf1695bb9bdc2 .av-image-hotspot-pulse{\nbackground-color:#ffffff;\n}\n.av-hotspot-image-container .av-image-hotspot.av-ap0mgm-c95a23dd06aedb5b2bc1cd4e2cb0291e{\ntop:50%;\nleft:55.2%;\n}\n.av-hotspot-image-container .av-image-hotspot.av-ap0mgm-c95a23dd06aedb5b2bc1cd4e2cb0291e .av-image-hotspot_inner{\nbackground-color:#238388;\ncolor:#ffffff;\n}\n.av-hotspot-image-container .av-image-hotspot.av-ap0mgm-c95a23dd06aedb5b2bc1cd4e2cb0291e .av-image-hotspot-pulse{\nbackground-color:#ffffff;\n}\n.av-hotspot-image-container .av-image-hotspot.av-8xcqqu-e008e293916fb1ce2cdfc345604d0f26{\ntop:50%;\nleft:80.5%;\n}\n.av-hotspot-image-container .av-image-hotspot.av-8xcqqu-e008e293916fb1ce2cdfc345604d0f26 .av-image-hotspot_inner{\nbackground-color:#238388;\ncolor:#ffffff;\n}\n.av-hotspot-image-container .av-image-hotspot.av-8xcqqu-e008e293916fb1ce2cdfc345604d0f26 .av-image-hotspot-pulse{\nbackground-color:#ffffff;\n}\n<\/style>\n<div  class='av-hotspot-image-container av-jto7jm9f-694161426f82a07b2800b302f4a3dfe5 av-hotspot-numbered  av-non-fullwidth-hotspot-image'  itemprop=\"image\" itemscope=\"itemscope\" itemtype=\"https:\/\/schema.org\/ImageObject\" ><div class='av-hotspot-container'><div class='av-hotspot-container-inner-cell'><div class='av-hotspot-container-inner-wrap'><div class='av-image-hotspot av-hcgy92-4792f547cbb49396272bcbcb742f8b10 av-image-hotspot-1 ' data-avia-tooltip-position='left' data-avia-tooltip-alignment='top' data-avia-tooltip-class='av-tt-default-width av-tt-pos-left av-tt-align-top  main_color av-tt-hotspot' data-avia-tooltip='&lt;p&gt;Se rapprocher de Conseil de l&#8217;ordre des infirmiers pour faire enregistrer votre dipl\u00f4me d&#8217;Etat.&lt;\/p&gt;\n'><div class='av-image-hotspot_inner'>1<\/div><div class='av-image-hotspot-pulse'><\/div><\/div><div class='av-image-hotspot av-ignxau-6f15223868eafb70273c22907f29e506 av-image-hotspot-2 ' data-avia-tooltip-position='left' data-avia-tooltip-alignment='top' data-avia-tooltip-class='av-tt-default-width av-tt-pos-left av-tt-align-top  main_color av-tooltip-shadow av-tt-hotspot' data-avia-tooltip='&lt;p&gt;Enrgistrement aupr\u00e8s de l&#8217;Assurance Maladie&lt;\/p&gt;\n'><a href=\/?page_id=1270#toggle-id-19  class='av-image-hotspot_inner'>2<\/a><div class='av-image-hotspot-pulse'><\/div><\/div><div class='av-image-hotspot av-hzw56u-7f05105e0224f4a889acd5aa99f4f5e4 av-image-hotspot-3 ' data-avia-tooltip-position='left' data-avia-tooltip-alignment='top' data-avia-tooltip-class='av-tt-default-width av-tt-pos-left av-tt-align-top  main_color av-tooltip-shadow av-tt-hotspot' data-avia-tooltip='&lt;p&gt;D\u00e9claration de d\u00e9but d&#8217;activit\u00e9 adress\u00e9e \u00e0 l&#8217;URSSAF&lt;\/p&gt;\n'><a href=\/?page_id=1270#toggle-id-20  class='av-image-hotspot_inner'>3<\/a><div class='av-image-hotspot-pulse'><\/div><\/div><div class='av-image-hotspot av-fz99dy-bc2007ff709d48bcdb736208cab72e23 av-image-hotspot-4 ' data-avia-tooltip-position='left' data-avia-tooltip-alignment='top' data-avia-tooltip-class='av-tt-default-width av-tt-pos-left av-tt-align-top  main_color av-tooltip-shadow av-tt-hotspot' data-avia-tooltip='&lt;p&gt;Adh\u00e9rer \u00e0 la CARPIMKO&lt;\/p&gt;\n'><a href=\/?page_id=1270#toggle-id-21  class='av-image-hotspot_inner'>4<\/a><div class='av-image-hotspot-pulse'><\/div><\/div><div class='av-image-hotspot av-g9iruu-e547b29e5a7f37f364dcf1695bb9bdc2 av-image-hotspot-5 ' data-avia-tooltip-position='left' data-avia-tooltip-alignment='top' data-avia-tooltip-class='av-tt-default-width av-tt-pos-left av-tt-align-top  main_color av-tooltip-shadow av-tt-hotspot' data-avia-tooltip='&lt;p&gt;Vous devez envoyer une copie de l\u2019attestation de validation d\u2019exp\u00e9rience afin d\u2019obtenir votre attestation d\u2019inscription \u00e0 l\u2019ordre de votre d\u00e9partement.&lt;\/p&gt;\n'><a href=\/?page_id=1270#toggle-id-23  class='av-image-hotspot_inner'>5<\/a><div class='av-image-hotspot-pulse'><\/div><\/div><div class='av-image-hotspot av-ap0mgm-c95a23dd06aedb5b2bc1cd4e2cb0291e av-image-hotspot-6 ' data-avia-tooltip-position='left' data-avia-tooltip-alignment='top' data-avia-tooltip-class='av-tt-default-width av-tt-pos-left av-tt-align-top  main_color av-tooltip-shadow av-tt-hotspot' data-avia-tooltip='&lt;p&gt;Souscrire aux assurances : Pr\u00e9voyance, RCP&#8230;&lt;\/p&gt;\n'><a href=\/?page_id=1270#toggle-id-24  class='av-image-hotspot_inner'>6<\/a><div class='av-image-hotspot-pulse'><\/div><\/div><div class='av-image-hotspot av-8xcqqu-e008e293916fb1ce2cdfc345604d0f26 av-image-hotspot-7 ' data-avia-tooltip-position='left' data-avia-tooltip-alignment='top' data-avia-tooltip-class='av-tt-default-width av-tt-pos-left av-tt-align-top  main_color av-tooltip-shadow av-tt-hotspot' data-avia-tooltip='&lt;p&gt;Faire le choix d&#8217;une AGA&lt;\/p&gt;\n'><a href=\/?page_id=1270#toggle-id-25  class='av-image-hotspot_inner'>7<\/a><div class='av-image-hotspot-pulse'><\/div><\/div><img decoding=\"async\" class='wp-image-6910 avia-img-lazy-loading-not-6910 avia_image' src=\"https:\/\/soignerenperigord.fr\/wp-content\/uploads\/2022\/03\/infirmier-infographie-parcours-installation-2jya.png\" alt='' title='infirmier-infographie-parcours-installation-2jya'  height=\"346\" width=\"1030\"  itemprop=\"thumbnailUrl\" srcset=\"https:\/\/soignerenperigord.fr\/wp-content\/uploads\/2022\/03\/infirmier-infographie-parcours-installation-2jya.png 1030w, https:\/\/soignerenperigord.fr\/wp-content\/uploads\/2022\/03\/infirmier-infographie-parcours-installation-2jya-300x101.png 300w, https:\/\/soignerenperigord.fr\/wp-content\/uploads\/2022\/03\/infirmier-infographie-parcours-installation-2jya-768x258.png 768w, https:\/\/soignerenperigord.fr\/wp-content\/uploads\/2022\/03\/infirmier-infographie-parcours-installation-2jya-705x237.png 705w, https:\/\/soignerenperigord.fr\/wp-content\/uploads\/2022\/03\/infirmier-infographie-parcours-installation-2jya-450x151.png 450w\" sizes=\"(max-width: 1030px) 100vw, 1030px\" \/><\/div><\/div><\/div><\/div><br \/>\n\n<style type=\"text\/css\" data-created_by=\"avia_inline_auto\" id=\"style-css-av-weyi2-0615eb989164fa3c9e907b3e228733c0\">\n.flex_column.av-weyi2-0615eb989164fa3c9e907b3e228733c0{\n-webkit-border-radius:0px 0px 0px 0px;\n-moz-border-radius:0px 0px 0px 0px;\nborder-radius:0px 0px 0px 0px;\npadding:0px 0px 0px 0px;\n}\n<\/style>\n<div class='flex_column av-weyi2-0615eb989164fa3c9e907b3e228733c0 av_one_full first flex_column_div av-zero-column-padding '     ><style type=\"text\/css\" data-created_by=\"avia_inline_auto\" id=\"style-css-av-jto7myke-e302574caa9d14165b161644942f3aa8\">\n#top .togglecontainer.av-jto7myke-e302574caa9d14165b161644942f3aa8 p.toggler{\ncolor:#238388;\nbackground-color:#ffffff;\n}\n#top .togglecontainer.av-jto7myke-e302574caa9d14165b161644942f3aa8 p.toggler.activeTitle{\ncolor:#238388;\nborder-color:#238388;\nbackground-color:#ffffff;\n}\n#top .togglecontainer.av-jto7myke-e302574caa9d14165b161644942f3aa8 p.toggler .toggle_icon{\ncolor:#238388;\nborder-color:#238388;\n}\n#top .togglecontainer.av-jto7myke-e302574caa9d14165b161644942f3aa8 .toggle_wrap .toggle_content{\ncolor:#238388;\nbackground-color:#ffffff;\n}\n<\/style>\n<div  class='togglecontainer av-jto7myke-e302574caa9d14165b161644942f3aa8 av-elegant-toggle toggle_close_all hasCurrentStyle' >\n<section class='av_toggle_section av-1d4xja-71e55f612ab728982c061a0c1d1cb954'  itemscope=\"itemscope\" itemtype=\"https:\/\/schema.org\/CreativeWork\" ><div role=\"tablist\" class=\"single_toggle\" data-tags=\"{Tout} \"  ><p data-fake-id='#toggle-id-19' class='toggler   av-inherit-font-color hasCustomColor'  itemprop=\"headline\"  role='tab' tabindex='0' aria-controls='toggle-id-19'><strong>\u00c9tape 1 - Inscription aupr\u00e8s du Conseil de l\u2019Ordre des Infirmiers<\/strong><span class=\"toggle_icon\"><span class=\"vert_icon\"><\/span><span class=\"hor_icon\"><\/span><\/span><\/p><div id='toggle-id-19' class='toggle_wrap  '  ><div class='toggle_content invers-color av-inherit-font-color hasCustomColor'  itemprop=\"text\" ><p>Vous devez commencer par vous rapprocher du conseil de l\u2019Ordre des infirmiers pour faire enregistrer votre dipl\u00f4me d\u2019Etat.<\/p>\n<\/div><\/div><\/div><\/section>\n<section class='av_toggle_section av-cdjc3q-67928f9c0dbabeacfbc3e0136dceff74'  itemscope=\"itemscope\" itemtype=\"https:\/\/schema.org\/CreativeWork\" ><div role=\"tablist\" class=\"single_toggle\" data-tags=\"{Tout} {20} \"  ><p data-fake-id='#toggle-id-20' class='toggler   av-inherit-font-color hasCustomColor'  itemprop=\"headline\"  role='tab' tabindex='0' aria-controls='toggle-id-20'><strong>\u00c9tape 2 - Enregistrement aupr\u00e8s de l\u2019Assurance Maladie<\/strong><span class=\"toggle_icon\"><span class=\"vert_icon\"><\/span><span class=\"hor_icon\"><\/span><\/span><\/p><div id='toggle-id-20' class='toggle_wrap  '  ><div class='toggle_content invers-color av-inherit-font-color hasCustomColor'  itemprop=\"text\" ><div class=\"content-chapo\">\n<p class=\"align-justify\">Vous devez ensuite prendre un rendez-vous aupr\u00e8s de la caisse d&#8217;Assurance Maladie dont vous d\u00e9pendez,\u00a0<strong>pour faire enregistrer votre activit\u00e9 lib\u00e9rale<\/strong>.<\/p>\n<p class=\"align-justify\">Lors de cet entretien, vous devrez notamment choisir votre situation conventionnelle (adh\u00e9sion ou non \u00e0 la convention nationale) et proc\u00e9der aux formalit\u00e9s administratives correspondantes.<\/p>\n<p class=\"align-justify\">Pour en savoir plus sur les d\u00e9marches \u00e0 r\u00e9aliser et sur la situation de votre zone d\u2019installation, r\u00e9f\u00e9rez-vous au site de l&#8217;<a title=\"Assurance Maladie (Nouvelle fen\u00eatre)\" href=\"http:\/\/www.ameli.fr\/professionnels-de-sante\/masseurs-kinesitherapeutes\/gerer-votre-activite\/vous-vous-installez\/vos-demarches.php\" target=\"_blank\" rel=\"noopener\">Assurance Maladie<\/a> et \u00e0 celui de l\u2019ARS dont vous d\u00e9pendez.<\/p>\n<\/div>\n<\/div><\/div><\/div><\/section>\n<section class='av_toggle_section av-bap0li-09cb92c9a9aac16f5f15af3d1ef9a6f1'  itemscope=\"itemscope\" itemtype=\"https:\/\/schema.org\/CreativeWork\" ><div role=\"tablist\" class=\"single_toggle\" data-tags=\"{Tout} {40} \"  ><p data-fake-id='#toggle-id-21' class='toggler   av-inherit-font-color hasCustomColor'  itemprop=\"headline\"  role='tab' tabindex='0' aria-controls='toggle-id-21'><strong>\u00c9tape 3 - D\u00e9claration de d\u00e9but d\u2018activit\u00e9 adress\u00e9e \u00e0 l\u2019URSSAF<\/strong><span class=\"toggle_icon\"><span class=\"vert_icon\"><\/span><span class=\"hor_icon\"><\/span><\/span><\/p><div id='toggle-id-21' class='toggle_wrap  '  ><div class='toggle_content invers-color av-inherit-font-color hasCustomColor'  itemprop=\"text\" ><div class=\"content-chapo\">\n<div class=\"content-chapo\">\n<strong>La CPAM effectue cette d\u00e9marche.<\/strong><\/p>\n<p class=\"align-justify\">D\u00e8s le d\u00e9but de votre activit\u00e9 professionnelle, vous devez vous\u00a0<strong>immatriculer aupr\u00e8s de l&#8217;<a title=\"URSSAF (Nouvelle fen\u00eatre)\" href=\"https:\/\/www.urssaf.fr\/portail\/home\/praticien-et-auxiliaire-medical.html\" target=\"_blank\" rel=\"noopener\">URSSAF<\/a><\/strong> de votre lieu d&#8217;installation.<\/p>\n<p class=\"align-justify\">Pour plus d&#8217;informations sur les formalit\u00e9s, et le niveau de votre protection sociale vous pouvez t\u00e9l\u00e9charger le\u00a0<a title=\"guide URSSAF (Nouvelle fen\u00eatre)\" href=\"https:\/\/www.urssaf.fr\/portail\/home\/praticien-et-auxiliaire-medical.html\" target=\"_blank\" rel=\"noopener\">guide URSSAF<\/a>\u00a0des praticiens et auxiliaires m\u00e9dicaux conventionn\u00e9s.<\/p>\n<\/div>\n<div class=\"content-texte single\"><\/div>\n<\/div>\n<div class=\"content-texte single\"><\/div>\n<\/div><\/div><\/div><\/section>\n<section class='av_toggle_section av-96dvzq-4f2ae5c604684807bf02dac225dd06c0'  itemscope=\"itemscope\" itemtype=\"https:\/\/schema.org\/CreativeWork\" ><div role=\"tablist\" class=\"single_toggle\" data-tags=\"{Tout} {40} \"  ><p data-fake-id='#toggle-id-22' class='toggler   av-inherit-font-color hasCustomColor'  itemprop=\"headline\"  role='tab' tabindex='0' aria-controls='toggle-id-22'><strong>\u00c9tape 4 - Adh\u00e9rer \u00e0 la CARPIMKO<\/strong><span class=\"toggle_icon\"><span class=\"vert_icon\"><\/span><span class=\"hor_icon\"><\/span><\/span><\/p><div id='toggle-id-22' class='toggle_wrap  '  ><div class='toggle_content invers-color av-inherit-font-color hasCustomColor'  itemprop=\"text\" ><div class=\"content-chapo\">\n<strong>L&#8217;adh\u00e9sion<\/strong>\u00a0\u00e0 la\u00a0<a title=\"(Nouvelle fen\u00eatre)\" href=\"https:\/\/www.carpimko.com\/Editorial\" target=\"_blank\" rel=\"noopener\">caisse autonome de retraite et de pr\u00e9voyance des infirmiers, masseurs-kin\u00e9sith\u00e9rapeutes, p\u00e9dicures-podologues, orthophonistes et orthoptistes<\/a>\u00a0(CARPIMKO)\u00a0<strong>est obligatoire<\/strong>\u00a0pour tout infirmier inscrit \u00e0 l&#8217;Ordre et exer\u00e7ant en lib\u00e9ral.\n<\/div>\n<div class=\"content-texte single\"><\/div>\n<\/div><\/div><\/div><\/section>\n<section class='av_toggle_section av-9na652-0a6f46c8a6074af92f295124c1c6f695'  itemscope=\"itemscope\" itemtype=\"https:\/\/schema.org\/CreativeWork\" ><div role=\"tablist\" class=\"single_toggle\" data-tags=\"{Tout} {10} \"  ><p data-fake-id='#toggle-id-23' class='toggler   av-inherit-font-color hasCustomColor'  itemprop=\"headline\"  role='tab' tabindex='0' aria-controls='toggle-id-23'><strong>\u00c9tape 5 - Enregistrement aupr\u00e8s du Conseil de l\u2019Ordre des Infirmiers<\/strong><span class=\"toggle_icon\"><span class=\"vert_icon\"><\/span><span class=\"hor_icon\"><\/span><\/span><\/p><div id='toggle-id-23' class='toggle_wrap  '  ><div class='toggle_content invers-color av-inherit-font-color hasCustomColor'  itemprop=\"text\" ><div class=\"content-chapo\">\nVous devez envoyer une copie de l\u2019attestation de validation d\u2019exp\u00e9rience afin d\u2019obtenir votre attestation d\u2019inscription \u00e0 l\u2019ordre de votre d\u00e9partement<\/p>\n<p class=\"align-justify\"><strong>Pensez \u00e0 d\u00e9clarer au Conseil de l&#8217;Ordre toute modification<\/strong>\u00a0(\u00e9tat-civil, coordonn\u00e9es)\u00a0<strong>et tout changement dans votre activit\u00e9<\/strong>\u00a0: nouvelle activit\u00e9 lib\u00e9rale, changement de statut juridique, transfert d&#8217;activit\u00e9 dans un autre d\u00e9partement, cessation d&#8217;activit\u00e9&#8230;.<\/p>\n<p><strong>Cette \u00e9tape d\u00e9clenchera la d\u00e9livrance de votre\u00a0<a title=\"Carte de professionnel de sant\u00e9 (Nouvelle fen\u00eatre)\" href=\"http:\/\/esante.gouv.fr\/services\/espace-cps\" target=\"_blank\" rel=\"noopener\">carte de professionnel de sant\u00e9<\/a><\/strong>\u00a0(CPS).\n<\/div>\n<div class=\"content-texte single\"><\/div>\n<\/div><\/div><\/div><\/section>\n<section class='av_toggle_section av-6z9dp2-e685f5f26d77cc2fff0b04c86ad88174'  itemscope=\"itemscope\" itemtype=\"https:\/\/schema.org\/CreativeWork\" ><div role=\"tablist\" class=\"single_toggle\" data-tags=\"{Tout} {30} \"  ><p data-fake-id='#toggle-id-24' class='toggler   av-inherit-font-color hasCustomColor'  itemprop=\"headline\"  role='tab' tabindex='0' aria-controls='toggle-id-24'><strong>\u00c9tape 6 - Souscrire une assurance Responsabilit\u00e9 Civile Professionnelle<\/strong><span class=\"toggle_icon\"><span class=\"vert_icon\"><\/span><span class=\"hor_icon\"><\/span><\/span><\/p><div id='toggle-id-24' class='toggle_wrap  '  ><div class='toggle_content invers-color av-inherit-font-color hasCustomColor'  itemprop=\"text\" ><div class=\"content-chapo\">\nTous les professionnels de sant\u00e9 en exercice (et leurs rempla\u00e7ants) sont oblig\u00e9s de souscrire <strong>une assurance responsabilit\u00e9 civile professionnelle<\/strong>.\n<\/div>\n<p><span class=\"light-blue\">L\u2019assurance responsabilit\u00e9 civile professionnelle (RCP) doit :<\/span><\/p>\n<ul>\n<li style=\"list-style-type: none;\">\n<ul>\n<li>\u00eatre souscrite pr\u00e9alablement \u00e0 l\u2019accomplissement d\u2019un quelconque acte professionnel, il faut donc \u00eatre assur\u00e9 avant d\u2019exercer comme l\u2019on doit \u00eatre assur\u00e9 pour conduire un v\u00e9hicule automobile.<\/li>\n<li>couvrir tous les actes que le professionnel de sant\u00e9 \u00e0 l\u2019intention d\u2019effectuer, c\u2019est tout l\u2019int\u00e9r\u00eat du contrat RCP qui doit \u00eatre exhaustif.<\/li>\n<\/ul>\n<\/li>\n<\/ul>\n<\/div><\/div><\/div><\/section>\n<section class='av_toggle_section av-5dfjpi-ab20375f50ae24003944721c44549e99'  itemscope=\"itemscope\" itemtype=\"https:\/\/schema.org\/CreativeWork\" ><div role=\"tablist\" class=\"single_toggle\" data-tags=\"{Tout} {40} \"  ><p data-fake-id='#toggle-id-25' class='toggler   av-inherit-font-color hasCustomColor'  itemprop=\"headline\"  role='tab' tabindex='0' aria-controls='toggle-id-25'><strong>\u00c9tape 7 - Faire le choix d\u2019une AGA<\/strong><span class=\"toggle_icon\"><span class=\"vert_icon\"><\/span><span class=\"hor_icon\"><\/span><\/span><\/p><div id='toggle-id-25' class='toggle_wrap  '  ><div class='toggle_content invers-color av-inherit-font-color hasCustomColor'  itemprop=\"text\" ><div class=\"content-chapo\">\n<div class=\"content-chapo\"><strong>Adh\u00e9rer \u00e0 une association de gestion agr\u00e9\u00e9e par l\u2019administration fiscale est facultatif mais apporte un certain nombre d\u2019avantages, notamment fiscaux.<\/strong><\/div>\n<div class=\"content-texte single\">\n<div class=\"content-texte single\">\nL\u2019adh\u00e9sion \u00e0 une association de gestion agr\u00e9\u00e9e (AGA) vous permet de\u00a0<strong>b\u00e9n\u00e9ficier d\u2019avantages fiscaux, ainsi que d\u2019une assistance<\/strong>\u00a0en mati\u00e8re de tenue de comptabilit\u00e9, fiscalit\u00e9, \u00e9tablissement de vos d\u00e9clarations d\u2019imp\u00f4ts et formalit\u00e9s professionnelles.\n<\/div>\n<p><strong><span class=\"light-blue\">Missions d\u2019une AGA<\/span><\/strong><\/p>\n<ul>\n<li>Assister les adh\u00e9rents \u00e0 d\u00e9terminer leurs revenus par une tenue comptable vigilante.<\/li>\n<li>Aviser les adh\u00e9rents de leurs obligations administratives et fiscales et notamment de leurs \u00e9volutions.<\/li>\n<li>Organiser des formations (ou entretiens personnalis\u00e9s).<\/li>\n<li>V\u00e9rifier vraisemblance, coh\u00e9rence et concordance des d\u00e9clarations fiscales professionnelles.<\/li>\n<li>Pr\u00e9voir une analyse des informations \u00e9conomiques, comptables et financi\u00e8res.<\/li>\n<\/ul>\n<p><strong><span class=\"light-blue\">Trois raisons d\u2019adh\u00e9rer \u00e0 une AGA<\/span><\/strong><\/p>\n<ul>\n<li>Les adh\u00e9rents \u00e0 une AGA sont imposables sur le b\u00e9n\u00e9fice d\u00e9termin\u00e9 par la 2035 alors que les non-adh\u00e9rents le sont sur ce m\u00eame b\u00e9n\u00e9fice major\u00e9 de 25 %.<\/li>\n<li>Pour b\u00e9n\u00e9ficier d\u2019une d\u00e9ductibilit\u00e9 int\u00e9grale de la r\u00e9mun\u00e9ration de votre conjoint salari\u00e9 quel que soit votre r\u00e9gime matrimonial sous r\u00e9serve d\u2019une r\u00e9mun\u00e9ration normale avec r\u00e8glements des cotisations.<\/li>\n<li>A partir du 1er janvier 2016, les frais de tenue de comptabilit\u00e9 et d\u2019adh\u00e9sion \u00e0 une AGA constituent des charges d\u00e9ductibles pour la d\u00e9termination du r\u00e9sultat.<\/li>\n<\/ul>\n<p><strong><span class=\"light-blue\">Vos obligations en qualit\u00e9 d\u2019adh\u00e9rent<\/span><\/strong><\/p>\n<ul>\n<li>Tenir une comptabilit\u00e9 conforme au plan comptable imputable aux professions lib\u00e9rales, en utilisant les documents ad\u00e9quats (livre journal, registre des immobilisations et amortissements, livre des recettes journali\u00e8res).<\/li>\n<li>Accepter les r\u00e8glements par ch\u00e8que libell\u00e9 \u00e0 votre nom.<\/li>\n<li>Informer votre client\u00e8le de votre appartenance \u00e0 une association de gestion agr\u00e9\u00e9e par mention sur les documents professionnels et affichage dans les locaux.<\/li>\n<li>Porter le montant des honoraires per\u00e7us sur les feuilles de soins, dans leur totalit\u00e9.<\/li>\n<li>Respecter chaque ann\u00e9e la date fix\u00e9e par l\u2019AGA pour l\u2019envoi de la d\u00e9claration de vos revenus professionnels accompagn\u00e9e du dossier de gestion.<\/li>\n<\/ul>\n<\/div>\n<\/div>\n<div class=\"content-texte single\"><\/div>\n<\/div><\/div><\/div><\/section>\n<section class='av_toggle_section av-gidl2-cd59610e3799c32d0d27b4e8706f86db'  itemscope=\"itemscope\" itemtype=\"https:\/\/schema.org\/CreativeWork\" ><div role=\"tablist\" class=\"single_toggle\" data-tags=\"{Tout} {40} \"  ><p data-fake-id='#toggle-id-26' class='toggler   av-inherit-font-color hasCustomColor'  itemprop=\"headline\"  role='tab' tabindex='0' aria-controls='toggle-id-26'><strong>\u00c9tape 8 - Acc\u00e8s au conventionnement en zone sur-dot\u00e9e<\/strong> <span class=\"toggle_icon\"><span class=\"vert_icon\"><\/span><span class=\"hor_icon\"><\/span><\/span><\/p><div id='toggle-id-26' class='toggle_wrap  '  ><div class='toggle_content invers-color av-inherit-font-color hasCustomColor'  itemprop=\"text\" ><p><strong>C\u2019est pour qui ?<\/strong><br \/>\nLes infirmiers qui s\u2019installent en zone sur dot\u00e9e<br \/>\n<strong>En quoi sa consiste ?<\/strong><br \/>\nEn zone sur dot\u00e9e, l\u2019acc\u00e8s au conventionnement d\u2019un infirmier ne peut \u00eatre accord\u00e9 qu\u2019au seul successeur de l\u2019infirmier cessant d\u00e9finitivement son activit\u00e9 (application de la r\u00e8gle d\u2019une arriv\u00e9e pour un d\u00e9part)<br \/>\n<strong>Quelles sont les conditions ?<\/strong><br \/>\nOutre le fait de r\u00e9pondre aux conditions g\u00e9n\u00e9rales d\u2019installation, vous devez adresser un dossier de conventionnement sp\u00e9cifique \u00e0 l\u2019organisme local d\u2019assurance maladie dans le ressort g\u00e9ographique duquel se situe le lieu d\u2019installation envisag\u00e9, par courrier recommand\u00e9 avec accus\u00e9 de r\u00e9ception.<br \/>\nEn plus des documents habituels relatifs \u00e0 votre situation personnelle, vous devrez pr\u00e9ciser les \u00e9l\u00e9ments suivants :<\/p>\n<ul>\n<li>pr\u00e9ciser votre nom et pr\u00e9nom, votre num\u00e9ro d\u2019identification, le lieu et les conditions exactes de l\u2019installation projet\u00e9es ;<\/li>\n<li>pr\u00e9senter une \u00ab attestation de succession \u00bb \u00e9tablie par l\u2019infirmier dont vous reprenez l\u2019activit\u00e9 afin d\u2019assurer la continuit\u00e9 de prise en charge des patients<\/li>\n<\/ul>\n<p>Ce dossier sera examin\u00e9 pour avis par la commission paritaire d\u00e9partementale avant d\u00e9cision du directeur de la CPAM\/CGSS.<\/p>\n<\/div><\/div><\/div><\/section>\n<section class='av_toggle_section av-2eryee-47aec77a7ffb0bf7af318fe424effaab'  itemscope=\"itemscope\" itemtype=\"https:\/\/schema.org\/CreativeWork\" ><div role=\"tablist\" class=\"single_toggle\" data-tags=\"{Tout} {40} \"  ><p data-fake-id='#toggle-id-27' class='toggler   av-inherit-font-color hasCustomColor'  itemprop=\"headline\"  role='tab' tabindex='0' aria-controls='toggle-id-27'><strong>\u00c9tape9 - Encadrement de l\u2019activit\u00e9 dans les zones tr\u00e8s dot\u00e9es et interm\u00e9diaires situ\u00e9es en p\u00e9riph\u00e9rie des zones sur-dot\u00e9es<\/strong><span class=\"toggle_icon\"><span class=\"vert_icon\"><\/span><span class=\"hor_icon\"><\/span><\/span><\/p><div id='toggle-id-27' class='toggle_wrap  '  ><div class='toggle_content invers-color av-inherit-font-color hasCustomColor'  itemprop=\"text\" ><p><strong>C\u2019est pour qui ?<\/strong><br \/>\nLes infirmiers qui s\u2019installent nouvellement dans l\u2019une de ces zones.<br \/>\n<strong>En quoi sa consiste ?<\/strong><br \/>\nRenforcer l\u2019ad\u00e9quation du lieu d\u2019installation avec les r\u00e9alit\u00e9s de l\u2019exercice.<br \/>\n<strong>Quelles sont les conditions ?<\/strong><br \/>\nL\u2019infirmier s\u2019engage \u00e0 r\u00e9aliser 2\/3 de son activit\u00e9 conventionn\u00e9e dans sa zone d\u2019installation.<br \/>\nEn cas de non-respect de cet engagement, le conventionnement peut \u00eatre remis en cause.<\/p>\n<\/div><\/div><\/div><\/section>\n<\/div><\/div><\/p>\n<\/div><\/div><\/div>\n<\/div><\/div><\/div><br \/>\n<\/div><\/div><\/div><!-- close content main div --><\/div><\/div>\n<style type=\"text\/css\" data-created_by=\"avia_inline_auto\" id=\"style-css-av-2cdl3e-4dba5e03dc43eaa7b46ebb930b8e96b9\">\n.avia-section.av-2cdl3e-4dba5e03dc43eaa7b46ebb930b8e96b9{\nmargin-top:0px;\nmargin-bottom:-2%;\n}\n<\/style>\n<div id='av_section_4'  class='avia-section av-2cdl3e-4dba5e03dc43eaa7b46ebb930b8e96b9 main_color avia-section-default avia-no-border-styling avia-bg-style-scroll container_wrap sidebar_right'  ><div class='container av-section-cont-open' ><div class='template-page content  av-content-small alpha units'><div class='post-entry post-entry-type-page post-entry-9159'><div class='entry-content-wrapper clearfix'>\n\n<style type=\"text\/css\" data-created_by=\"avia_inline_auto\" id=\"style-css-av-296nqy-8a94d007904452b1c3d9dbb6258d5ccd\">\n.flex_column.av-296nqy-8a94d007904452b1c3d9dbb6258d5ccd{\n-webkit-border-radius:0px 0px 0px 0px;\n-moz-border-radius:0px 0px 0px 0px;\nborder-radius:0px 0px 0px 0px;\npadding:0px 0px 0px 0px;\n}\n<\/style>\n<div class='flex_column av-296nqy-8a94d007904452b1c3d9dbb6258d5ccd av_one_full first flex_column_div av-zero-column-padding '     ><style type=\"text\/css\" data-created_by=\"avia_inline_auto\" id=\"style-css-av-juwcqyqt-b307ff3444de1d748f47951784c9964d\">\n#top .av-special-heading.av-juwcqyqt-b307ff3444de1d748f47951784c9964d{\npadding-bottom:10px;\nfont-size:45px;\n}\nbody .av-special-heading.av-juwcqyqt-b307ff3444de1d748f47951784c9964d .av-special-heading-tag .heading-char{\nfont-size:25px;\n}\n#top #wrap_all .av-special-heading.av-juwcqyqt-b307ff3444de1d748f47951784c9964d .av-special-heading-tag{\nfont-size:45px;\n}\n.av-special-heading.av-juwcqyqt-b307ff3444de1d748f47951784c9964d .av-subheading{\nfont-size:15px;\n}\n\n@media only screen and (min-width: 480px) and (max-width: 767px){ \n#top #wrap_all .av-special-heading.av-juwcqyqt-b307ff3444de1d748f47951784c9964d .av-special-heading-tag{\nfont-size:0.8em;\n}\n}\n\n@media only screen and (max-width: 479px){ \n#top #wrap_all .av-special-heading.av-juwcqyqt-b307ff3444de1d748f47951784c9964d .av-special-heading-tag{\nfont-size:0.8em;\n}\n}\n<\/style>\n<div  class='av-special-heading av-juwcqyqt-b307ff3444de1d748f47951784c9964d av-special-heading-h2 blockquote modern-quote modern-centered av-inherit-size'><h2 class='av-special-heading-tag'  itemprop=\"headline\"  >Les aides \u00e0 l\u2019installation<\/h2><div class=\"special-heading-border\"><div class=\"special-heading-inner-border\"><\/div><\/div><\/div><\/div>\n<\/div><\/div><\/div><!-- close content main div --><\/div><\/div><div id='after_section_4'  class='main_color av_default_container_wrap container_wrap sidebar_right'  ><div class='container av-section-cont-open' ><div class='template-page content  av-content-small alpha units'><div class='post-entry post-entry-type-page post-entry-9159'><div class='entry-content-wrapper clearfix'><br \/>\n\n<style type=\"text\/css\" data-created_by=\"avia_inline_auto\" id=\"style-css-av-jt5ya1wb-1429bfb13923553c06f9841c622a540f\">\n.av-tab-section-outer-container.av-jt5ya1wb-1429bfb13923553c06f9841c622a540f .av-tab-section-tab-title-container{\nbackground-color:#ffffff;\n}\n#top .av-tab-section-outer-container.av-jt5ya1wb-1429bfb13923553c06f9841c622a540f .av-section-tab-title{\ncolor:#238388;\n}\n<\/style>\n<\/div><\/div><\/div><!-- close content main div --><\/div><\/div><div id='av-tab-section-2'  class='av-tab-section-container entry-content-wrapper main_color av-tab-slide-transition av-tab-content-auto  av-tab-above-content  container_wrap sidebar_right'  ><div class='av-tab-section-outer-container av-jt5ya1wb-1429bfb13923553c06f9841c622a540f'><div class='av-tab-section-tab-title-container avia-tab-title-padding-default av-custom-tab-color' role='tablist'><a href='#mdecin' data-av-tab-section-title='1' class='av-section-tab-title av-active-tab-title no-scroll av-jt5xh6y5-d0e588208ee8c754f0f321b09545cb9f av-tab-no-icon av-tab-with-image noHover ' role='tab' tabindex='0' aria-controls='av-tab-section-2-1'><span class='av-tab-section-image' style='background-image: url(https:\/\/soignerenperigord.fr\/wp-content\/uploads\/2019\/03\/etudes-medecine.png);'><\/span><span class='av-outer-tab-title'><span class='av-inner-tab-title'>M\u00e9decin<\/span><\/span><span class=\"av-tab-arrow-container\"><span><\/span><\/span><\/a><a href='#chirurgien-dentiste' data-av-tab-section-title='2' class='av-section-tab-title  av-jt5xl4sn-ae649e848a98d6682e9620ad504eedce av-tab-no-icon av-tab-with-image noHover ' role='tab' tabindex='0' aria-controls='av-tab-section-2-2'><span class='av-tab-section-image' style='background-image: url(https:\/\/soignerenperigord.fr\/wp-content\/uploads\/2019\/03\/etudes-medicales.png);'><\/span><span class='av-outer-tab-title'><span class='av-inner-tab-title'>Chirurgien-dentiste<\/span><\/span><span class=\"av-tab-arrow-container\"><span><\/span><\/span><\/a><a href='#masseur-kinsithrapeute' data-av-tab-section-title='3' class='av-section-tab-title  av-jt5xk2g8-fe71d957fc41d7fcde64a4e28ad98d2b av-tab-no-icon av-tab-with-image noHover ' role='tab' tabindex='0' aria-controls='av-tab-section-2-3'><span class='av-tab-section-image' style='background-image: url(https:\/\/soignerenperigord.fr\/wp-content\/uploads\/2019\/03\/etudes-kine-ostheo.png);'><\/span><span class='av-outer-tab-title'><span class='av-inner-tab-title'>Masseur-kin\u00e9sith\u00e9rapeute<\/span><\/span><span class=\"av-tab-arrow-container\"><span><\/span><\/span><\/a><a href='#infirmier' data-av-tab-section-title='4' class='av-section-tab-title  av-jt5xidgd-67a2ff444437590dec6dca5962e1d147 av-tab-no-icon av-tab-with-image noHover ' role='tab' tabindex='0' aria-controls='av-tab-section-2-4'><span class='av-tab-section-image' style='background-image: url(https:\/\/soignerenperigord.fr\/wp-content\/uploads\/2019\/03\/etudes-soins-infirmiers.png);'><\/span><span class='av-outer-tab-title'><span class='av-inner-tab-title'>Infirmier<\/span><\/span><span class=\"av-tab-arrow-container\"><span><\/span><\/span><\/a><\/div><div class='avia-slideshow-arrows av-tabsection-arrow' ><a href='#prev' class='prev-slide av_prev_tab_section av-tab-section-slide' aria-hidden='true' data-av_icon='\ue87c' data-av_iconfont='entypo-fontello'  tabindex='-1'>Pr\u00e9c\u00e9dent<\/a><a href='#next' class='next-slide av_next_tab_section av-tab-section-slide' aria-hidden='true' data-av_icon='\ue87d' data-av_iconfont='entypo-fontello'  tabindex='-1'>Suivant<\/a><\/div><div class='av-tab-section-inner-container avia-section-default' style='width:400vw; left:0%;'><span class=\"av_prev_tab_section av_tab_navigation\"><\/span><span class=\"av_next_tab_section av_tab_navigation\"><\/span>\n\n<style type=\"text\/css\" data-created_by=\"avia_inline_auto\" id=\"style-css-av-jt5xh6y5-d0e588208ee8c754f0f321b09545cb9f\">\n.av-layout-tab.av-jt5xh6y5-d0e588208ee8c754f0f321b09545cb9f{\nvertical-align:top;\nbackground-color:#f8f8f8;\n}\n#top .av-tab-section-outer-container.av-jt5ya1wb-1429bfb13923553c06f9841c622a540f .av-active-tab-title.av-section-tab-title.av-jt5xh6y5-d0e588208ee8c754f0f321b09545cb9f{\ncolor:#51becb;\n}\n#top .av-tab-section-outer-container.av-jt5ya1wb-1429bfb13923553c06f9841c622a540f .av-active-tab-title.av-section-tab-title.av-jt5xh6y5-d0e588208ee8c754f0f321b09545cb9f .av-tab-arrow-container span{\nbackground-color:#f8f8f8;\n}\n<\/style>\n<div id='av-tab-section-2-1' class='av-layout-tab av-jt5xh6y5-d0e588208ee8c754f0f321b09545cb9f av-animation-delay-container av-active-tab-content __av_init_open ' data-av-deeplink-tabs=\"\" data-av-tab-section-content=\"1\" data-tab-section-id=\"mdecin\"><div class=\"av-layout-tab-inner\"><div class=\"container\">\n<style type=\"text\/css\" data-created_by=\"avia_inline_auto\" id=\"style-css-av-weyi2-0615eb989164fa3c9e907b3e228733c0\">\n.flex_column.av-weyi2-0615eb989164fa3c9e907b3e228733c0{\n-webkit-border-radius:0px 0px 0px 0px;\n-moz-border-radius:0px 0px 0px 0px;\nborder-radius:0px 0px 0px 0px;\npadding:0px 0px 0px 0px;\n}\n<\/style>\n<div class='flex_column av-weyi2-0615eb989164fa3c9e907b3e228733c0 av_one_full first flex_column_div av-zero-column-padding '     ><style type=\"text\/css\" data-created_by=\"avia_inline_auto\" id=\"style-css-av-jt5yx50t-960d162e2a5f9a334dd400a55fe31d46\">\n#top .togglecontainer.av-jt5yx50t-960d162e2a5f9a334dd400a55fe31d46 p.toggler{\ncolor:#238388;\nbackground-color:#ffffff;\n}\n#top .togglecontainer.av-jt5yx50t-960d162e2a5f9a334dd400a55fe31d46 p.toggler.activeTitle{\ncolor:#238388;\nborder-color:#238388;\nbackground-color:#ffffff;\n}\n#top .togglecontainer.av-jt5yx50t-960d162e2a5f9a334dd400a55fe31d46 p.toggler .toggle_icon{\ncolor:#238388;\nborder-color:#238388;\n}\n#top .togglecontainer.av-jt5yx50t-960d162e2a5f9a334dd400a55fe31d46 .toggle_wrap .toggle_content{\ncolor:#238388;\nbackground-color:#ffffff;\n}\n<\/style>\n<div  class='togglecontainer av-jt5yx50t-960d162e2a5f9a334dd400a55fe31d46 av-elegant-toggle toggle_close_all hasCurrentStyle' >\n<section class='av_toggle_section av-84zfrq-b92a66d9eabc1bc6390d093f1e837fce'  itemscope=\"itemscope\" itemtype=\"https:\/\/schema.org\/CreativeWork\" ><div role=\"tablist\" class=\"single_toggle\" data-tags=\"{Tout} {1} \"  ><p data-fake-id='#toggle-id-28' class='toggler   av-inherit-font-color hasCustomColor'  itemprop=\"headline\"  role='tab' tabindex='0' aria-controls='toggle-id-28'><strong>Les exon\u00e9rations fiscales<\/strong><span class=\"toggle_icon\"><span class=\"vert_icon\"><\/span><span class=\"hor_icon\"><\/span><\/span><\/p><div id='toggle-id-28' class='toggle_wrap  '  ><div class='toggle_content invers-color av-inherit-font-color hasCustomColor'  itemprop=\"text\" ><p class=\"align-justify\">Si vous avez pour projet d&#8217;embaucher un salari\u00e9 et que votre cabinet se situe dans une zone de revitalisation rurale (ZRR), de redynamisation urbaine (ZRU) ou en zone franche urbaine (ZFU). Vous pouvez b\u00e9n\u00e9ficier:<br \/>\n&#8211; d&#8217;une exon\u00e9ration des cotisations patronales de S\u00e9curit\u00e9 sociale<br \/>\n&#8211; d&#8217;une exon\u00e9ration de cotisations sociales en cr\u00e9ant ou reprenant une activit\u00e9, dans les conditions fix\u00e9es par le dispositif\u00a0<a title=\"(Nouvelle fen\u00eatre)\" href=\"http:\/\/www.urssaf.fr\/profil\/createurs_dentreprise\/chef_dentreprise\/vous_-_creer_votre_entreprise\/les_aides_et_exonerations_02.html\" target=\"_blank\" rel=\"noopener\">Accre<\/a>.<\/p>\n<p>Voici le d\u00e9tail de ces 2 aides :<\/p>\n<ul>\n<li><strong>Embauche d&#8217;un salari\u00e9 par un cabinet<\/strong><\/li>\n<\/ul>\n<p class=\"align-justify\">&#8211; L&#8217;article 190 de la loi n\u00b0 2008-1425 du 27 d\u00e9cembre 2008 de finances pour 2009 pr\u00e9voit une exon\u00e9ration totale ou partielle des cotisations patronales de S\u00e9curit\u00e9 sociale pour l&#8217;embauche d&#8217;un salari\u00e9 par un \u00e9tablissement implant\u00e9 en zone franche urbaine. V\u00e9rifiez que les conditions sont remplies aupr\u00e8s de l&#8217;Urssaf et de la Direccte. Pour toute information compl\u00e9mentaire reportez vous aux documents de\u00a0<a title=\"(Nouvelle fen\u00eatre)\" href=\"http:\/\/www.urssaf.fr\/profil\/employeurs\/activite_generale\/vos_salaries_-_les_mesures_daide_a_lemploi\/exoneration_zrr_zru_01.html\" target=\"_blank\" rel=\"noopener\">l&#8217;URSSAF (exon\u00e9ration de cotisations patronales de S\u00e9curit\u00e9 sociale en ZRU, ZRR ou ZFU)<\/a>.<\/p>\n<ul class=\"align-justify\">\n<li><strong>Cr\u00e9ation ou reprise d&#8217;activit\u00e9 :<\/strong><\/li>\n<\/ul>\n<p class=\"align-justify\">Le dispositif Accre (Aide aux ch\u00f4meurs cr\u00e9ant ou reprenant une entreprise) permet au cr\u00e9ateur ou au repreneur d?une entreprise de b\u00e9n\u00e9ficier d&#8217;une exon\u00e9ration de cotisations sociales. Sous certains aspects en particulier (cr\u00e9er ou reprendre une entreprise en zone urbaine sensible, avoir entre 18 et 25 ans&#8230;), cette aide peut vous concerner. L\u00e0 encore, vous trouverez toutes les pr\u00e9cisions n\u00e9cessaires sur le site de l&#8217;Urssaf.<\/p>\n<\/div><\/div><\/div><\/section>\n<section class='av_toggle_section av-h29d86-f768ce529c2846fc1e1e612ca34b4165'  itemscope=\"itemscope\" itemtype=\"https:\/\/schema.org\/CreativeWork\" ><div role=\"tablist\" class=\"single_toggle\" data-tags=\"{Tout} \"  ><p data-fake-id='#toggle-id-29' class='toggler   av-inherit-font-color hasCustomColor'  itemprop=\"headline\"  role='tab' tabindex='0' aria-controls='toggle-id-29'><strong>Les aides d\u00e9mographiques<\/strong><span class=\"toggle_icon\"><span class=\"vert_icon\"><\/span><span class=\"hor_icon\"><\/span><\/span><\/p><div id='toggle-id-29' class='toggle_wrap  '  ><div class='toggle_content invers-color av-inherit-font-color hasCustomColor'  itemprop=\"text\" ><p>4 contrats ont \u00e9t\u00e9 cr\u00e9\u00e9s par la convention de 2016 pour les m\u00e9decins exer\u00e7ant tout ou partie de leur activit\u00e9 en ZIP, Zone d\u2019Intervention prioritaire (ou zones sous-denses) d\u00e9finies par le zonage r\u00e9gional ARS\u202f:<\/p>\n<h3><span style=\"color: #51becb;\">1\/ Le CAIM\u202f: Contrat d\u2019Aide \u00e0 l\u2019Installation M\u00e9decins<\/span><\/h3>\n<p><strong>C\u2019est pour qui\u202f?<\/strong><\/p>\n<ul>\n<li>Pour les m\u00e9decins de secteur 1 ou secteur 2 adh\u00e9rant \u00e0 un dispositif de pratique tarifaire maitris\u00e9e (OPTAM ou OPTAM CO) toutes sp\u00e9cialit\u00e9s<\/li>\n<li>Qui s\u2019installent ou sont install\u00e9s depuis moins d\u2019un an en ZIP<\/li>\n<\/ul>\n<p><strong>En quoi \u00e7a consiste\u202f?<\/strong><br \/>\nLe CAIM vise \u00e0 apporter une aide financi\u00e8re significative d\u00e8s l\u2019installation pour aider le m\u00e9decin \u00e0 faire face aux frais d\u2019investissement g\u00e9n\u00e9r\u00e9s par le d\u00e9but d\u2019activit\u00e9.<br \/>\n<strong>Quelles sont les conditions\u202f?<\/strong><\/p>\n<ul>\n<li>Contrat de 5 ans non renouvelable.<\/li>\n<li>S\u2019engager \u00e0 exercer une activit\u00e9 lib\u00e9rale au minimum \u00e9gale \u00e0 2,5 jours par semaine dans la zone<\/li>\n<li>Exercer en groupe ou dans le cadre d\u2019une communaut\u00e9 professionnelle territoriale de sant\u00e9 (CPTS) ou d\u2019une \u00e9quipe de soins primaires (ESP)<\/li>\n<li>S\u2019engager \u00e0 participer au dispositif de permanence des soins ambulatoires sur le territoire<\/li>\n<\/ul>\n<p><strong>Quels sont les avantages\u202f?<\/strong><\/p>\n<ul>\n<li>Aide forfaitaire de 31 250\u20ac \u00e0 50 000 \u20ac selon le nombre de jours d\u2019exercice lib\u00e9ral par semaine, vers\u00e9e en 2 fois (\u00e0 l\u2019adh\u00e9sion et \u00e0 la premi\u00e8re date anniversaire)<\/li>\n<li>Majoration de 2\u202f500\u20ac en cas d\u2019exercice partiel dans un h\u00f4pital de proximit\u00e9<\/li>\n<\/ul>\n<p><\/br><\/p>\n<h3><span style=\"color: #51becb;\">2\/ Le COSCOM\u202f: Contrat de Stabilisation et de Coordination M\u00e9decins<\/span><\/h3>\n<p><strong>C\u2019est pour qui\u202f?<\/strong><\/p>\n<ul>\n<li>Pour les m\u00e9decins conventionn\u00e9s toutes sp\u00e9cialit\u00e9s, quel que soit le secteur d\u2019exercice<\/li>\n<li>d\u00e9j\u00e0 install\u00e9s en ZIP<\/li>\n<li>impliqu\u00e9s dans une d\u00e9marche d\u2019exercice coordonn\u00e9e.<\/li>\n<\/ul>\n<p><strong>En quoi \u00e7a consiste\u202f?<\/strong><br \/>\nCe contrat vise \u00e0 encourager les m\u00e9decins impliqu\u00e9s en zone sous-dense dans la prise en charge coordonn\u00e9e de leurs patients.<br \/>\n<strong>Quelles sont les conditions\u202f?<\/strong><\/p>\n<ul>\n<li>Contrat de 3 ans, renouvelable<\/li>\n<li>Exercer en en groupe, en communaut\u00e9 professionnelle territoriale de sant\u00e9 (CPTS) ou Equipe de Soins primaires (ESP)<\/li>\n<\/ul>\n<p><strong>Quels sont les avantages\u202f?<\/strong><\/p>\n<ul>\n<li>Aide forfaitaire de 5\u202f000\u20ac par an<\/li>\n<li>Majoration de 1\u202f250\u20ac\/an pour un exercice lib\u00e9ral partiel dans un h\u00f4pital de proximit\u00e9<\/li>\n<li>R\u00e9mun\u00e9ration compl\u00e9mentaire de 300\u20ac\/mois pour l\u2019accueil en stage d\u2019internes ou externes.<\/li>\n<\/ul>\n<p><\/br><\/p>\n<h3><span style=\"color: #51becb;\">3\/ Le COTRAM\u202f: Contrat de Transition M\u00e9decins<\/span><\/h3>\n<p><strong>C\u2019est pour qui ?<\/strong><\/p>\n<ul>\n<li>Pour les m\u00e9decins conventionn\u00e9s toutes sp\u00e9cialit\u00e9s, quel que soit le secteur d\u2019exercice<\/li>\n<li>Install\u00e9s en ZIP<\/li>\n<li>\u00e2g\u00e9s de 60 ans et plus<\/li>\n<li>qui accueillent un m\u00e9decin de moins de 50 ans qui s\u2019installe dans la zone ou qui est install\u00e9 depuis moins d\u2019un an.<\/li>\n<\/ul>\n<p><strong>En quoi \u00e7a consiste\u202f?<\/strong><br \/>\nCe contrat vise \u00e0 soutenir les m\u00e9decins exer\u00e7ant en zones sous-denses pr\u00e9parant leur cessation d\u2019activit\u00e9 et pr\u00eats \u00e0 accompagner pendant cette p\u00e9riode, un m\u00e9decin nouvellement install\u00e9 dans leur cabinet.<br \/>\n<strong>Quelles sont les conditions\u202f?<\/strong><\/p>\n<ul>\n<li>Contrat de 3 ans, renouvelable 1 fois<\/li>\n<li>S\u2019engager \u00e0 accompagner son coll\u00e8gue nouvel install\u00e9 dans son cabinet dans toutes les d\u00e9marches li\u00e9es \u00e0 l\u2019installation, \u00e0 la gestion du cabinet, \u00e0 la prise en charge des patients\u2026<\/li>\n<\/ul>\n<p><strong>Quels sont les avantages\u202f?<\/strong><br \/>\nValorisation de +10 % des honoraires conventionn\u00e9s (actes cliniques et techniques hors d\u00e9passements et r\u00e9mun\u00e9rations forfaitaires) plafonn\u00e9e \u00e0 20\u202f000\u20ac par an.<br \/>\n<\/br><\/p>\n<h3><span style=\"color: #51becb;\">4\/ Le CSTM\u202f: Contrat de Solidarit\u00e9 territoriale M\u00e9decins<\/span><\/h3>\n<p><strong>C\u2019est pour qui ?<\/strong><\/p>\n<ul>\n<li>Pour les m\u00e9decins conventionn\u00e9s toutes sp\u00e9cialit\u00e9s, quel que soit le secteur d\u2019exercice<\/li>\n<li>Non install\u00e9s en ZIP<\/li>\n<\/ul>\n<p><strong>En quoi \u00e7a consiste\u202f?<\/strong><br \/>\nCe contrat vise \u00e0 favoriser l\u2019intervention ponctuelle de m\u00e9decins venant exercer dans les ZIP\u202f;<br \/>\n<strong>Quelles sont les conditions\u202f?<\/strong><\/p>\n<ul>\n<li>Contrat de 3 ans, renouvelable<\/li>\n<li>Exercer au moins 10 jours\/an en ZIP<\/li>\n<li>Facturer l\u2019activit\u00e9 r\u00e9alis\u00e9e au sein de ces zones, sous le num\u00e9ro de facturant (num\u00e9ro AM) attribu\u00e9 sp\u00e9cifiquement pour cette activit\u00e9<\/li>\n<\/ul>\n<p><strong>Quels sont les avantages\u202f?<\/strong><\/p>\n<ul>\n<li>+ 25 % sur les honoraires conventionn\u00e9s li\u00e9s \u00e0 l\u2019activit\u00e9 sur la zone (plafonn\u00e9 \u00e0 50 000 \u20ac\/an)<\/li>\n<li>Prise en charge des frais de d\u00e9placement engag\u00e9s pour se rendre en ZIP<\/li>\n<\/ul>\n<\/div><\/div><\/div><\/section>\n<section class='av_toggle_section av-ffno5i-2a3e35529aaa692db9e1f9a9efa8166e'  itemscope=\"itemscope\" itemtype=\"https:\/\/schema.org\/CreativeWork\" ><div role=\"tablist\" class=\"single_toggle\" data-tags=\"{Tout} \"  ><p data-fake-id='#toggle-id-30' class='toggler   av-inherit-font-color hasCustomColor'  itemprop=\"headline\"  role='tab' tabindex='0' aria-controls='toggle-id-30'><strong>Les aides pour maternit\u00e9, paternit\u00e9, adoption<\/strong><span class=\"toggle_icon\"><span class=\"vert_icon\"><\/span><span class=\"hor_icon\"><\/span><\/span><\/p><div id='toggle-id-30' class='toggle_wrap  '  ><div class='toggle_content invers-color av-inherit-font-color hasCustomColor'  itemprop=\"text\" ><p><strong>C\u2019est pour qui ?<\/strong><br \/>\nPour les m\u00e9decins lib\u00e9raux conventionn\u00e9s toutes sp\u00e9cialit\u00e9s, quel que soit le secteur d\u2019exercice<br \/>\n<strong>En quoi \u00e7a consiste\u202f?<\/strong><br \/>\nCette aide compl\u00e9mentaire est vers\u00e9e pour pallier la baisse de revenus engendr\u00e9e par l&#8217;interruption de l&#8217;activit\u00e9 m\u00e9dicale due \u00e0 un cong\u00e9 pour maternit\u00e9, paternit\u00e9 ou adoption.<br \/>\n<strong>Quelles sont les conditions\u202f?<\/strong><br \/>\nJustifier de son interruption de son activit\u00e9 pour cause de maternit\u00e9, paternit\u00e9 ou adoption.<br \/>\n<strong>Quels sont les avantages\u202f?<\/strong><br \/>\nR\u00e9mun\u00e9ration vers\u00e9e selon le temps d\u2019activit\u00e9 lib\u00e9rale et le secteur d\u2019exercice.<\/p>\n<table>\n<tbody>\n<tr>\n<td><strong>Cong\u00e9<\/strong><\/td>\n<td><strong>M\u00e9decins Secteur 1 ou Secteur 2 OPTAM\/OPTAM-CO<\/strong><\/td>\n<td><strong>M\u00e9decins Secteur 2<\/strong><\/td>\n<\/tr>\n<tr>\n<td><strong>Maternit\u00e9 ou Adoption<\/strong><\/td>\n<td>De 1550 \u20ac \u00e0 3100\u20ac \/ mois<\/td>\n<td>De 1033 \u20ac \u00e0 2066\u20ac \/ mois<\/td>\n<\/tr>\n<tr>\n<td><strong>Paternit\u00e9<\/strong><\/td>\n<td>De 558 \u20ac \u00e0 1116\u20ac \/ mois<\/td>\n<td>De 372 \u20ac \u00e0 744\u20ac \/ mois<\/td>\n<\/tr>\n<\/tbody>\n<\/table>\n<\/div><\/div><\/div><\/section>\n<section class='av_toggle_section av-ozl8m-fcc1776a8caa6b1a58696ab8576399a3'  itemscope=\"itemscope\" itemtype=\"https:\/\/schema.org\/CreativeWork\" ><div role=\"tablist\" class=\"single_toggle\" data-tags=\"{Tout} \"  ><p data-fake-id='#toggle-id-31' class='toggler   av-inherit-font-color hasCustomColor'  itemprop=\"headline\"  role='tab' tabindex='0' aria-controls='toggle-id-31'><strong>Les r\u00e9mun\u00e9rations forfaitaires<\/strong><span class=\"toggle_icon\"><span class=\"vert_icon\"><\/span><span class=\"hor_icon\"><\/span><\/span><\/p><div id='toggle-id-31' class='toggle_wrap  '  ><div class='toggle_content invers-color av-inherit-font-color hasCustomColor'  itemprop=\"text\" ><h3><span style=\"color: #51becb;\">1\/ Le Forfait Structure<\/span><\/h3>\n<p><strong>C\u2019est pour qui\u202f?<\/strong><br \/>\nPour les m\u00e9decins conventionn\u00e9s toutes sp\u00e9cialit\u00e9s, quel que soit le secteur d\u2019exercice<br \/>\n<strong>En quoi \u00e7a consiste\u202f?<\/strong><br \/>\nCe forfait structure a pour objectif d\u2019aider les m\u00e9decins \u00e0 investir dans des outils informatiques notamment ainsi que dans des modes d\u2019organisation facilitant la pratique et la gestion du cabinet au quotidien et \u00e0 d\u00e9velopper les services offerts aux patients.<br \/>\n<strong>Quelles sont les conditions\u202f?<\/strong><\/p>\n<ul>\n<li>Atteindre a minima le volet 1 du forfait, soient 5 indicateurs\u202fpr\u00e9-requis :\n<ul>\n<li>Disposer d\u2019un logiciel m\u00e9tier avec LAP certifi\u00e9 HAS et compatible DMP<\/li>\n<li>Disposer d\u2019une messagerie s\u00e9curis\u00e9e de sant\u00e9<\/li>\n<li>Disposer d\u2019une version du cahier des charges Sesam-Vitale int\u00e9grant les avenants requis<\/li>\n<li>Avoir un taux de t\u00e9l\u00e9transmission > ou \u00e9gal \u00e0 2\/3<\/li>\n<li>Affichage des horaires du cabinet dans annuaire sant\u00e9<\/li>\n<\/ul>\n<\/li>\n<li>Atteindre les indicateurs optionnels du volet 2 en compl\u00e9ment le cas \u00e9ch\u00e9ant<\/li>\n<li>D\u00e9clarer annuellement ses indicateurs \u00e0 sa caisse<\/li>\n<li>Fournir les justificatifs le cas \u00e9ch\u00e9ant<\/li>\n<\/ul>\n<p><strong>Quels sont les avantages\u202f?<\/strong><\/p>\n<ul>\n<li>R\u00e9mun\u00e9ration forfaitaire du volet 1 de 1960\u20ac pour 2020.<\/li>\n<li>R\u00e9mun\u00e9ration compl\u00e9mentaire du volet 2 selon les indicateurs atteints.<\/li>\n<\/ul>\n<h3><span style=\"color: #51becb;\">2\/ Le FPMT\u202f: Forfait Patient\u00e8le M\u00e9decin Traitant<\/span><\/h3>\n<p><strong>C\u2019est pour qui\u202f?<\/strong><br \/>\nPour les m\u00e9decins traitants de secteur 1 ou secteur 2 ayant adh\u00e9r\u00e9 aux options de pratique tarifaire ma\u00eetris\u00e9e (OPTAM\/OPTAM-CO)<br \/>\n<strong>En quoi \u00e7a consiste\u202f?<\/strong><br \/>\nCe forfait, cr\u00e9\u00e9 par la convention m\u00e9dicale du 25 ao\u00fbt 2016, valorise le suivi au long cours des patients par le m\u00e9decin qu\u2019ils ont choisi comme m\u00e9decin traitant.<br \/>\n<strong>Quelles sont les conditions\u202f?<\/strong><br \/>\nEtre d\u00e9clar\u00e9 en tant que m\u00e9decin traitant<br \/>\n<strong>Quels sont les avantages\u202f?<\/strong><\/p>\n<ul>\n<li>R\u00e9mun\u00e9ration calcul\u00e9e annuellement en fonction de la patient\u00e8le m\u00e9decin traitant au 31\/12 de l\u2019ann\u00e9e consid\u00e9r\u00e9e<\/li>\n<li>Le calcul tient compte des caract\u00e9ristiques de la patient\u00e8le du m\u00e9decin traitant au regard de son \u00e2ge, de ses pathologies et de son niveau de pr\u00e9carit\u00e9<\/li>\n<\/ul>\n<table>\n<tbody>\n<tr>\n<td><strong>Caract\u00e9ristique du patient<\/strong><\/td>\n<td><strong>Pr\u00e9cision<\/strong><\/td>\n<td><strong>Valorisation<\/strong><\/td>\n<\/tr>\n<tr>\n<td>Enfant de 0 \u00e0 6 ans<\/td>\n<td>Hors ALD<\/td>\n<td>6 \u20ac<\/td>\n<\/tr>\n<tr>\n<td>Patient de 80 ans et plus<\/td>\n<td>Hors ALD<\/td>\n<td>42 \u20ac<\/td>\n<\/tr>\n<tr>\n<td>Patient de moins de 80 ans et en ALD<\/td>\n<td>Y compris les enfants de 0 \u00e0 6 ans avec ALD<\/td>\n<td>42 \u20ac<\/td>\n<\/tr>\n<tr>\n<td>Patient de 80 ans ou plus et en ALD<\/td>\n<td><\/td>\n<td>70 \u20ac<\/td>\n<\/tr>\n<tr>\n<td>Autres patients<\/td>\n<td>7 \u00e0 79 ans, hors ALD<\/td>\n<td>5 \u20ac<\/td>\n<\/tr>\n<\/tbody>\n<\/table>\n<h3><span style=\"color: #51becb;\">3\/ La MPA\u202f: Majoration pour Personnes Ag\u00e9es<\/span><\/h3>\n<p><strong>C\u2019est pour qui\u202f?<\/strong><br \/>\nPour les m\u00e9decins conventionn\u00e9s secteur 1 ou secteur 2 adh\u00e9rant \u00e0 un dispositif de pratique tarifaire maitris\u00e9e (OPTAM ou OPTAM CO) toutes sp\u00e9cialit\u00e9s<br \/>\n<strong>En quoi \u00e7a consiste\u202f?<\/strong><br \/>\nCette r\u00e9mun\u00e9ration forfaitaire valorise le suivi des patients de plus de 80 ans qui n\u2019ont pas choisi le m\u00e9decin comme m\u00e9decin traitant.<br \/>\n<strong>Quelles sont les conditions\u202f?<\/strong><\/p>\n<ul>\n<li>Effectuer des consultations ou visites<\/li>\n<li>Aupr\u00e8s des patients \u00e2g\u00e9s de plus de 80 ans ne faisant pas partie de la patient\u00e8le m\u00e9decin traitant<\/li>\n<\/ul>\n<p><strong>Quels sont les avantages ?<\/strong><br \/>\nR\u00e9mun\u00e9ration forfaitaire de 5\u20ac applicable \u00e0 chaque consultation ou visite r\u00e9alis\u00e9e, vers\u00e9e trimestriellement.<\/p>\n<\/div><\/div><\/div><\/section>\n<section class='av_toggle_section av-d431yu-4b2937c19de506d1adf6d3f5a3978370'  itemscope=\"itemscope\" itemtype=\"https:\/\/schema.org\/CreativeWork\" ><div role=\"tablist\" class=\"single_toggle\" data-tags=\"{Tout} \"  ><p data-fake-id='#toggle-id-32' class='toggler   av-inherit-font-color hasCustomColor'  itemprop=\"headline\"  role='tab' tabindex='0' aria-controls='toggle-id-32'><strong>Les r\u00e9mun\u00e9rations sur objectifs<\/strong><span class=\"toggle_icon\"><span class=\"vert_icon\"><\/span><span class=\"hor_icon\"><\/span><\/span><\/p><div id='toggle-id-32' class='toggle_wrap  '  ><div class='toggle_content invers-color av-inherit-font-color hasCustomColor'  itemprop=\"text\" ><h3><span style=\"color: #51becb;\">1\/ La ROSP\u202f: R\u00e9mun\u00e9ration sur Objectifs de Sant\u00e9 Publique<\/span><\/h3>\n<p><strong>C\u2019est pour qui\u202f?<\/strong><\/p>\n<ul>\n<li>Pour les m\u00e9decins traitants conventionn\u00e9s toutes sp\u00e9cialit\u00e9s, quel que soit le secteur d\u2019exercice<\/li>\n<li>Pour les m\u00e9decins sp\u00e9cialistes en gastroent\u00e9rologie et h\u00e9patologie, en endocrinologie, diab\u00e9tologie et nutrition, et en cardiologie et maladies vasculaires, quel que soit le secteur d\u2019exercice.<\/li>\n<\/ul>\n<p><strong>En quoi \u00e7a consiste\u202f?<\/strong><br \/>\nCette r\u00e9mun\u00e9ration repose sur le suivi d\u2019indicateurs de la pratique m\u00e9dicale et permet de valoriser l\u2019engagement des m\u00e9decins dans la pr\u00e9vention, le suivi des pathologies chroniques et l&#8217;efficience des prescriptions.<br \/>\n<strong>Quelles sont les conditions\u202f?<\/strong><\/p>\n<ul>\n<li>Atteindre un seuil minimal de patients ou de bo\u00eetes rembours\u00e9es, au 31 d\u00e9cembre de l\u2019ann\u00e9e consid\u00e9r\u00e9e.<\/li>\n<li>\u00catre d\u00e9clar\u00e9 m\u00e9decin traitant par au moins un patient ou avoir au moins un patient dans la patient\u00e8le correspondante pour les cardiologues, gastroent\u00e9rologues et endocrinologues<\/li>\n<li>d\u00e9clarer certains indicateurs d\u00e9claratifs annuellement \u00e0 sa caisse<\/li>\n<\/ul>\n<p><strong>Quels sont les avantages\u202f?<\/strong><\/p>\n<ul>\n<li>R\u00e9mun\u00e9ration annuelle selon le taux de r\u00e9alisation qui prend en compte le niveau atteint et\/ou la progression r\u00e9alis\u00e9e pour chaque indicateur.<\/li>\n<li>Le calcul se fait en fonction d\u2019un nombre de points (7\u20ac par point) et en fonction du volume de la patient\u00e8le<\/li>\n<\/ul>\n<p><\/br><\/p>\n<h3><span style=\"color: #51becb;\">2\/ OPTAM et OPTAM-CO\u202f: Options Pratique Tarifaire Maitris\u00e9e<\/span><\/h3>\n<h4><span style=\"color: #51becb;\"><strong>>> OPTAM<\/strong><\/span><\/h4>\n<p><strong>C\u2019est pour qui\u202f?<\/strong><\/p>\n<ul>\n<li>Pour les m\u00e9decins conventionn\u00e9s secteur 2, toutes sp\u00e9cialit\u00e9s<\/li>\n<li>Pour les m\u00e9decins conventionn\u00e9s en secteur 1 DP ou en secteur 1 titr\u00e9s et install\u00e9s avant le 01\/01\/2013, toutes sp\u00e9cialit\u00e9s<\/li>\n<\/ul>\n<p><strong>En quoi \u00e7a consiste\u202f?<\/strong><br \/>\nEn signant cette option, le m\u00e9decin s\u2019engage \u00e0 ma\u00eetriser ses d\u00e9passements d&#8217;honoraires et permettre ainsi de faire b\u00e9n\u00e9ficier ses patients d\u2019un moindre reste \u00e0 charge et d\u2019un meilleur remboursement de leurs soins.<br \/>\n<strong>Quelles sont les conditions\u202f?<\/strong><\/p>\n<ul>\n<li>S\u2019engager \u00e0 respecter un taux de d\u00e9passement moyen<\/li>\n<li>R\u00e9aliser une partie de l\u2019activit\u00e9 au tarif opposable (sans d\u00e9passement).<\/li>\n<\/ul>\n<p><strong>Quels sont les avantages\u202f?<\/strong><\/p>\n<ul>\n<li>Paiement d\u2019une prime annuelle calcul\u00e9e avec un taux selon la sp\u00e9cialit\u00e9 appliqu\u00e9 aux honoraires pratiqu\u00e9s aux tarifs opposables, proratis\u00e9e selon l\u2019atteinte des objectifs<\/li>\n<li>B\u00e9n\u00e9fice des tarifs identiques \u00e0 ceux des m\u00e9decins de secteur 1 pour un meilleur niveau de remboursement des patients<\/li>\n<\/ul>\n<h4><strong><span style=\"color: #51becb;\">>> OPTAM-CO (Chirurgie\/obst\u00e9trique)<\/span> <\/strong><\/h4>\n<p><strong>C\u2019est pour qui\u202f?<\/strong><\/p>\n<ul>\n<li>Pour les m\u00e9decins conventionn\u00e9s secteur 2 et les m\u00e9decins conventionn\u00e9s en secteur 1 DP ou en secteur 1 titr\u00e9s et install\u00e9s avant le 01\/01\/2013<\/li>\n<li>exer\u00e7ant une sp\u00e9cialit\u00e9 chirurgicale ou une sp\u00e9cialit\u00e9 de gyn\u00e9cologie-obst\u00e9trique<\/li>\n<li>ayant r\u00e9alis\u00e9 au moins 50 actes de chirurgie ou actes d\u2019obst\u00e9trique l\u2019ann\u00e9e pr\u00e9c\u00e9dant leur demande d\u2019adh\u00e9sion \u00e0 l\u2019option (sauf nouveaux install\u00e9s)<\/li>\n<\/ul>\n<p><strong>En quoi \u00e7a consiste\u202f?<\/strong><br \/>\nEn signant cette option, le m\u00e9decin s\u2019engage sur le respect d\u2019un taux de d\u00e9passement moyen et d\u2019un taux d\u2019activit\u00e9 au tarif opposable en contrepartie de l\u2019acc\u00e8s aux tarifs de remboursements applicables aux m\u00e9decins de secteur 1.<br \/>\n<strong>Quelles sont les conditions\u202f?<\/strong><\/p>\n<ul>\n<li>s\u2019engager \u00e0 respecter un taux de d\u00e9passement moyen<\/li>\n<li>r\u00e9aliser une partie de l\u2019activit\u00e9 au tarif opposable (sans d\u00e9passement)<\/li>\n<\/ul>\n<p><strong>Quels sont les avantages ?<\/strong><\/p>\n<ul>\n<li>majoration tarifaire sur les actes techniques : majoration \u00ab forfaits modulables \u00bb (modificateur K \u00e0 11.5%)<\/li>\n<li>alignement des tarifs sur ceux des m\u00e9decins en secteur 1\u202fpour un meilleur niveau de remboursement des patients<\/li>\n<\/ul>\n<\/div><\/div><\/div><\/section>\n<section class='av_toggle_section av-6dspc6-577e305a322d4c46c00b0bdf5bf7e881'  itemscope=\"itemscope\" itemtype=\"https:\/\/schema.org\/CreativeWork\" ><div role=\"tablist\" class=\"single_toggle\" data-tags=\"{Tout} \"  ><p data-fake-id='#toggle-id-33' class='toggler   av-inherit-font-color hasCustomColor'  itemprop=\"headline\"  role='tab' tabindex='0' aria-controls='toggle-id-33'><strong>Les aides \u00e0 l\u2019exercice coordonn\u00e9<\/strong><span class=\"toggle_icon\"><span class=\"vert_icon\"><\/span><span class=\"hor_icon\"><\/span><\/span><\/p><div id='toggle-id-33' class='toggle_wrap  '  ><div class='toggle_content invers-color av-inherit-font-color hasCustomColor'  itemprop=\"text\" ><h3><span style=\"color: #51becb;\">1\/ L\u2019ACI\u202f: Accord Conventionnel Interprofessionnel<\/span><\/h3>\n<p><strong>C\u2019est pour qui ?<\/strong><br \/>\n\u2022 les maisons de sant\u00e9 constitu\u00e9e en SISA (Soci\u00e9t\u00e9 Interprofessionnelle de Soins Ambulatoires) ou qui s\u2019engagent \u00e0 constituer une SISA et qui ont \u00e9labor\u00e9 un projet de sant\u00e9 valid\u00e9 par l\u2019ARS<br \/>\n\u2022 les communaut\u00e9s professionnelles territoriales de sant\u00e9 (CPTS)<br \/>\n<strong>En quoi \u00e7a consiste ?<\/strong><br \/>\nLe contrat ACI est bas\u00e9 sur des engagements reposant sur 3 axes :<br \/>\n<strong>Pour les maisons de sant\u00e9<\/strong> :<br \/>\n&#8211; l\u2019acc\u00e8s aux soins,<br \/>\n&#8211; le travail en \u00e9quipe pluri-professionnelles<br \/>\n&#8211; le syst\u00e8me d\u2019information<br \/>\n<strong>Pour les CPTS<\/strong> :<br \/>\n&#8211; l\u2019acc\u00e8s aux soins,<br \/>\n&#8211; l\u2019organisation de parcours<br \/>\n&#8211; la pr\u00e9vention<br \/>\nPour chaque axe, des indicateurs sont mis en place de fa\u00e7on obligatoire ou optionnelle.<br \/>\n<strong>Quelles sont les conditions ?<\/strong><br \/>\nRespecter les indicateurs d\u2019engagements fix\u00e9s dans l\u2019accord.<br \/>\n<strong>Quels sont les avantages ?<\/strong><br \/>\nDes r\u00e9mun\u00e9rations sont vers\u00e9es \u00e0 la structure en fonction de l\u2019atteinte des engagements.<\/p>\n<h3><span style=\"color: #51becb;\">2\/ Les contrats de coop\u00e9ration pour les soins visuels<\/span><\/h3>\n<h4><span style=\"color: #51becb;\"><strong>>> Le contrat Embauche<br \/>\n<\/strong><\/span><\/h4>\n<p><strong>C\u2019est pour qui\u202f?<\/strong><\/p>\n<ul>\n<li>Pour les ophtalmologistes conventionn\u00e9s secteur 1 ou secteur 2 adh\u00e9rant \u00e0 un dispositif de pratique tarifaire maitris\u00e9e (OPTAM ou OPTAM CO)<\/li>\n<li>Qui souhaitent recruter un orthoptiste salari\u00e9<\/li>\n<\/ul>\n<p><strong>En quoi \u00e7a consiste\u202f?<\/strong><br \/>\nCe contrat permet de b\u00e9n\u00e9ficier d\u2019une aide pour l\u2019embauche d\u2019un orthoptiste salari\u00e9 au sein du cabinet afin de d\u00e9velopper le travail en coop\u00e9ration et de<br \/>\n<strong>Quelles sont les conditions\u202f?<\/strong><\/p>\n<ul>\n<li>d\u2019une dur\u00e9e de 3 ans<\/li>\n<li>ne pas avoir d\u2019orthoptiste salari\u00e9 ou n\u2019ayant pas proc\u00e9der au licenciement d\u2019un orthoptiste dans l\u2019ann\u00e9e pr\u00e9c\u00e9dente<\/li>\n<li>disposer d\u2019une organisation permettant l\u2019intervention d\u2019un orthoptiste au sein du cabinet<\/li>\n<li>recruter un orthoptiste pour une activit\u00e9 de 16h a minima<\/li>\n<li>augmenter annuellement le nombre de patients diff\u00e9rents re\u00e7us en consultation au cabinet<\/li>\n<\/ul>\n<p><strong>Quels sont les avantages\u202f?<\/strong><br \/>\nUne aide principale forfaitaire d\u2019un montant maximal de 30\u202f000\u202f\u20ac par an sur 3 ans<\/p>\n<h4><span style=\"color: #51becb;\"><strong>>> Le contrat Formation<br \/>\n<\/strong><\/span><\/h4>\n<p><strong>C\u2019est pour qui\u202f?<\/strong><\/p>\n<ul>\n<li>Pour les ophtalmologistes conventionn\u00e9s secteur 1 ou secteur 2 adh\u00e9rant \u00e0 un dispositif de pratique tarifaire maitris\u00e9e (OPTAM ou OPTAM CO)<\/li>\n<li>Qui accueillent en stage un \u00e9tudiant en 3\u00e8me ann\u00e9e de pr\u00e9paration au certificat de capacit\u00e9 d\u2019orthoptiste<\/li>\n<\/ul>\n<p><strong>En quoi \u00e7a consiste\u202f?<\/strong><br \/>\nCe contrat permet de b\u00e9n\u00e9ficier d\u2019une aide pour l\u2019accueil en stage au sein du cabinet d\u2019un \u00e9tudiant en troisi\u00e8me ann\u00e9e de pr\u00e9paration au certificat de capacit\u00e9 d\u2019orthoptiste afin de le former, entre autres, au travail en coop\u00e9ration avec les m\u00e9decins ophtalmologistes.<br \/>\n<strong>Quelles sont les conditions\u202f?<\/strong><\/p>\n<ul>\n<li>d\u2019une dur\u00e9e de 3 ans<\/li>\n<li>employer ou exer\u00e7ant dans un cabinet qui emploie un orthoptiste salari\u00e9 pouvant assurer la fonction de ma\u00eetre de stage<\/li>\n<li>disposer d\u2019une organisation permettant l\u2019intervention d\u2019un orthoptiste au sein du cabinet<\/li>\n<\/ul>\n<p><strong>Quels sont les avantages ?<\/strong><br \/>\nUne aide de 1\u202f800\u20ac par formation dans la limite de 3 formations successives<\/p>\n<\/div><\/div><\/div><\/section>\n<\/div><\/div>\n<\/div><\/div><\/div>\n<style type=\"text\/css\" data-created_by=\"avia_inline_auto\" id=\"style-css-av-jt5xl4sn-ae649e848a98d6682e9620ad504eedce\">\n.av-layout-tab.av-jt5xl4sn-ae649e848a98d6682e9620ad504eedce{\nvertical-align:top;\nbackground-color:#f8f8f8;\n}\n#top .av-tab-section-outer-container.av-jt5ya1wb-1429bfb13923553c06f9841c622a540f .av-active-tab-title.av-section-tab-title.av-jt5xl4sn-ae649e848a98d6682e9620ad504eedce{\ncolor:#51becb;\n}\n#top .av-tab-section-outer-container.av-jt5ya1wb-1429bfb13923553c06f9841c622a540f .av-active-tab-title.av-section-tab-title.av-jt5xl4sn-ae649e848a98d6682e9620ad504eedce .av-tab-arrow-container span{\nbackground-color:#f8f8f8;\n}\n<\/style>\n<div id='av-tab-section-2-2' class='av-layout-tab av-jt5xl4sn-ae649e848a98d6682e9620ad504eedce av-animation-delay-container ' data-av-deeplink-tabs=\"\" data-av-tab-section-content=\"2\" data-tab-section-id=\"chirurgien-dentiste\"><div class=\"av-layout-tab-inner\"><div class=\"container\">\n<style type=\"text\/css\" data-created_by=\"avia_inline_auto\" id=\"style-css-av-weyi2-0615eb989164fa3c9e907b3e228733c0\">\n.flex_column.av-weyi2-0615eb989164fa3c9e907b3e228733c0{\n-webkit-border-radius:0px 0px 0px 0px;\n-moz-border-radius:0px 0px 0px 0px;\nborder-radius:0px 0px 0px 0px;\npadding:0px 0px 0px 0px;\n}\n<\/style>\n<div class='flex_column av-weyi2-0615eb989164fa3c9e907b3e228733c0 av_one_full first flex_column_div av-zero-column-padding '     ><style type=\"text\/css\" data-created_by=\"avia_inline_auto\" id=\"style-css-av-jt5yx50t-960d162e2a5f9a334dd400a55fe31d46\">\n#top .togglecontainer.av-jt5yx50t-960d162e2a5f9a334dd400a55fe31d46 p.toggler{\ncolor:#238388;\nbackground-color:#ffffff;\n}\n#top .togglecontainer.av-jt5yx50t-960d162e2a5f9a334dd400a55fe31d46 p.toggler.activeTitle{\ncolor:#238388;\nborder-color:#238388;\nbackground-color:#ffffff;\n}\n#top .togglecontainer.av-jt5yx50t-960d162e2a5f9a334dd400a55fe31d46 p.toggler .toggle_icon{\ncolor:#238388;\nborder-color:#238388;\n}\n#top .togglecontainer.av-jt5yx50t-960d162e2a5f9a334dd400a55fe31d46 .toggle_wrap .toggle_content{\ncolor:#238388;\nbackground-color:#ffffff;\n}\n<\/style>\n<div  class='togglecontainer av-jt5yx50t-960d162e2a5f9a334dd400a55fe31d46 av-elegant-toggle toggle_close_all hasCurrentStyle' >\n<section class='av_toggle_section av-5a2nuu-3cc5c91eac2ddba97be7150a5cca2804'  itemscope=\"itemscope\" itemtype=\"https:\/\/schema.org\/CreativeWork\" ><div role=\"tablist\" class=\"single_toggle\" data-tags=\"{Tout} {1} \"  ><p data-fake-id='#toggle-id-34' class='toggler   av-inherit-font-color hasCustomColor'  itemprop=\"headline\"  role='tab' tabindex='0' aria-controls='toggle-id-34'><strong>Les exon\u00e9rations fiscales<\/strong><span class=\"toggle_icon\"><span class=\"vert_icon\"><\/span><span class=\"hor_icon\"><\/span><\/span><\/p><div id='toggle-id-34' class='toggle_wrap  '  ><div class='toggle_content invers-color av-inherit-font-color hasCustomColor'  itemprop=\"text\" ><p class=\"align-justify\">Si vous avez pour projet d&#8217;embaucher un salari\u00e9 et que votre cabinet se situe dans une zone de revitalisation rurale (ZRR), de redynamisation urbaine (ZRU) ou en zone franche urbaine (ZFU). Vous pouvez b\u00e9n\u00e9ficier:<br \/>\n&#8211; d&#8217;une exon\u00e9ration des cotisations patronales de S\u00e9curit\u00e9 sociale<br \/>\n&#8211; d&#8217;une exon\u00e9ration de cotisations sociales en cr\u00e9ant ou reprenant une activit\u00e9, dans les conditions fix\u00e9es par le dispositif\u00a0<a title=\"(Nouvelle fen\u00eatre)\" href=\"http:\/\/www.urssaf.fr\/profil\/createurs_dentreprise\/chef_dentreprise\/vous_-_creer_votre_entreprise\/les_aides_et_exonerations_02.html\" target=\"_blank\" rel=\"noopener\">Accre<\/a>.<\/p>\n<p>Voici le d\u00e9tail de ces 2 aides :<\/p>\n<ul>\n<li><strong>Embauche d&#8217;un salari\u00e9 par un cabinet<\/strong><\/li>\n<\/ul>\n<p class=\"align-justify\">&#8211; L&#8217;article 190 de la loi n\u00b0 2008-1425 du 27 d\u00e9cembre 2008 de finances pour 2009 pr\u00e9voit une exon\u00e9ration totale ou partielle des cotisations patronales de S\u00e9curit\u00e9 sociale pour l&#8217;embauche d&#8217;un salari\u00e9 par un \u00e9tablissement implant\u00e9 en zone franche urbaine. V\u00e9rifiez que les conditions sont remplies aupr\u00e8s de l&#8217;Urssaf et de la Direccte. Pour toute information compl\u00e9mentaire reportez vous aux documents de\u00a0<a title=\"(Nouvelle fen\u00eatre)\" href=\"http:\/\/www.urssaf.fr\/profil\/employeurs\/activite_generale\/vos_salaries_-_les_mesures_daide_a_lemploi\/exoneration_zrr_zru_01.html\" target=\"_blank\" rel=\"noopener\">l&#8217;URSSAF (exon\u00e9ration de cotisations patronales de S\u00e9curit\u00e9 sociale en ZRU, ZRR ou ZFU)<\/a>.<\/p>\n<ul class=\"align-justify\">\n<li><strong>Cr\u00e9ation ou reprise d&#8217;activit\u00e9 :<\/strong><\/li>\n<\/ul>\n<p class=\"align-justify\">Le dispositif Accre (Aide aux ch\u00f4meurs cr\u00e9ant ou reprenant une entreprise) permet au cr\u00e9ateur ou au repreneur d?une entreprise de b\u00e9n\u00e9ficier d&#8217;une exon\u00e9ration de cotisations sociales. Sous certains aspects en particulier (cr\u00e9er ou reprendre une entreprise en zone urbaine sensible, avoir entre 18 et 25 ans&#8230;), cette aide peut vous concerner. L\u00e0 encore, vous trouverez toutes les pr\u00e9cisions n\u00e9cessaires sur le site de l&#8217;Urssaf.<\/p>\n<\/div><\/div><\/div><\/section>\n<section class='av_toggle_section av-3hwrzq-5b12dc89886532e48526f33adc505882'  itemscope=\"itemscope\" itemtype=\"https:\/\/schema.org\/CreativeWork\" ><div role=\"tablist\" class=\"single_toggle\" data-tags=\"{Tout} \"  ><p data-fake-id='#toggle-id-35' class='toggler   av-inherit-font-color hasCustomColor'  itemprop=\"headline\"  role='tab' tabindex='0' aria-controls='toggle-id-35'><strong>Les Contrats Incitatifs Chirurgien-Dentiste<\/strong><span class=\"toggle_icon\"><span class=\"vert_icon\"><\/span><span class=\"hor_icon\"><\/span><\/span><\/p><div id='toggle-id-35' class='toggle_wrap  '  ><div class='toggle_content invers-color av-inherit-font-color hasCustomColor'  itemprop=\"text\" ><h3>Le Contrat d\u2019Aide \u00e0 l\u2019installation des Chirurgien-Dentiste (CAICD)<\/h3>\n<p><strong>C\u2019est pour qui ?<\/strong><br \/>\n\u2022 Les Chirurgiens-dentistes qui s\u2019installent en zone tr\u00e8s sous dot\u00e9e<br \/>\n<strong>En quoi \u00e7a consiste ?<\/strong><br \/>\nCe contrat entre dans le cadre des mesures de r\u00e9\u00e9quilibrage de l&#8217;offre de soins de chirurgien-dentiste en France.<br \/>\n<strong>Quelles sont les conditions ?<\/strong><br \/>\n\u2022 Exerce une activit\u00e9 lib\u00e9rale conventionnelle \u00e0 titre principal dans la zone pendant 5 ans;<br \/>\n\u2022 Remplir les conditions permettant de percevoir le forfait de modernisation et d\u2019informatisation<br \/>\n<strong>Quels sont les avantages ?<\/strong><br \/>\n\u2022 versement d\u2019une r\u00e9mun\u00e9ration de 25 000\u20ac valable pour toute la dur\u00e9e du contrat<\/p>\n<h3>Le Contrat d\u2019Aide au maintien des Chirurgien-Dentiste (CAMCD)<\/h3>\n<p><strong>C\u2019est pour qui ?<\/strong><br \/>\n\u2022 Les Chirurgiens-dentistes qui sont install\u00e9s en zone tr\u00e8s sous dot\u00e9e<br \/>\n<strong>En quoi \u00e7a consiste ?<\/strong><br \/>\nCe contrat entre dans le cadre des mesures de r\u00e9\u00e9quilibrage de l&#8217;offre de soins de chirurgien-dentiste en France afin de favoriser le maintien de leur activit\u00e9 dans les zones tr\u00e8s sous dot\u00e9es.<br \/>\n<strong>Quelles sont les conditions ?<\/strong><br \/>\n\u2022 Exerce une activit\u00e9 lib\u00e9rale conventionnelle dans la zone pendant 3 ans;<br \/>\n\u2022 Remplir les conditions permettant de percevoir le forfait de modernisation et d\u2019informatisation<br \/>\n<strong>Quels sont les avantages ?<\/strong><br \/>\n\u2022 versement d\u2019une r\u00e9mun\u00e9ration de 3 000\u20ac par an.<\/p>\n<\/div><\/div><\/div><\/section>\n<\/div><\/div>\n<\/div><\/div><\/div>\n<style type=\"text\/css\" data-created_by=\"avia_inline_auto\" id=\"style-css-av-jt5xk2g8-fe71d957fc41d7fcde64a4e28ad98d2b\">\n.av-layout-tab.av-jt5xk2g8-fe71d957fc41d7fcde64a4e28ad98d2b{\nvertical-align:top;\nbackground-color:#f8f8f8;\n}\n#top .av-tab-section-outer-container.av-jt5ya1wb-1429bfb13923553c06f9841c622a540f .av-active-tab-title.av-section-tab-title.av-jt5xk2g8-fe71d957fc41d7fcde64a4e28ad98d2b{\ncolor:#51becb;\n}\n#top .av-tab-section-outer-container.av-jt5ya1wb-1429bfb13923553c06f9841c622a540f .av-active-tab-title.av-section-tab-title.av-jt5xk2g8-fe71d957fc41d7fcde64a4e28ad98d2b .av-tab-arrow-container span{\nbackground-color:#f8f8f8;\n}\n<\/style>\n<div id='av-tab-section-2-3' class='av-layout-tab av-jt5xk2g8-fe71d957fc41d7fcde64a4e28ad98d2b av-animation-delay-container ' data-av-deeplink-tabs=\"\" data-av-tab-section-content=\"3\" data-tab-section-id=\"masseur-kinsithrapeute\"><div class=\"av-layout-tab-inner\"><div class=\"container\">\n<style type=\"text\/css\" data-created_by=\"avia_inline_auto\" id=\"style-css-av-weyi2-0615eb989164fa3c9e907b3e228733c0\">\n.flex_column.av-weyi2-0615eb989164fa3c9e907b3e228733c0{\n-webkit-border-radius:0px 0px 0px 0px;\n-moz-border-radius:0px 0px 0px 0px;\nborder-radius:0px 0px 0px 0px;\npadding:0px 0px 0px 0px;\n}\n<\/style>\n<div class='flex_column av-weyi2-0615eb989164fa3c9e907b3e228733c0 av_one_full first flex_column_div av-zero-column-padding '     ><style type=\"text\/css\" data-created_by=\"avia_inline_auto\" id=\"style-css-av-jt5yx50t-960d162e2a5f9a334dd400a55fe31d46\">\n#top .togglecontainer.av-jt5yx50t-960d162e2a5f9a334dd400a55fe31d46 p.toggler{\ncolor:#238388;\nbackground-color:#ffffff;\n}\n#top .togglecontainer.av-jt5yx50t-960d162e2a5f9a334dd400a55fe31d46 p.toggler.activeTitle{\ncolor:#238388;\nborder-color:#238388;\nbackground-color:#ffffff;\n}\n#top .togglecontainer.av-jt5yx50t-960d162e2a5f9a334dd400a55fe31d46 p.toggler .toggle_icon{\ncolor:#238388;\nborder-color:#238388;\n}\n#top .togglecontainer.av-jt5yx50t-960d162e2a5f9a334dd400a55fe31d46 .toggle_wrap .toggle_content{\ncolor:#238388;\nbackground-color:#ffffff;\n}\n<\/style>\n<div  class='togglecontainer av-jt5yx50t-960d162e2a5f9a334dd400a55fe31d46 av-elegant-toggle toggle_close_all hasCurrentStyle' >\n<section class='av_toggle_section av-4p5x3a-caa20dfc548541956e9d9be3f4a4d7fb'  itemscope=\"itemscope\" itemtype=\"https:\/\/schema.org\/CreativeWork\" ><div role=\"tablist\" class=\"single_toggle\" data-tags=\"{Tout} {1} \"  ><p data-fake-id='#toggle-id-36' class='toggler   av-inherit-font-color hasCustomColor'  itemprop=\"headline\"  role='tab' tabindex='0' aria-controls='toggle-id-36'><strong>Les exon\u00e9rations fiscales<\/strong><span class=\"toggle_icon\"><span class=\"vert_icon\"><\/span><span class=\"hor_icon\"><\/span><\/span><\/p><div id='toggle-id-36' class='toggle_wrap  '  ><div class='toggle_content invers-color av-inherit-font-color hasCustomColor'  itemprop=\"text\" ><p class=\"align-justify\">Si vous avez pour projet d&#8217;embaucher un salari\u00e9 et que votre cabinet se situe dans une zone de revitalisation rurale (ZRR), de redynamisation urbaine (ZRU) ou en zone franche urbaine (ZFU). Vous pouvez b\u00e9n\u00e9ficier:<br \/>\n&#8211; d&#8217;une exon\u00e9ration des cotisations patronales de S\u00e9curit\u00e9 sociale<br \/>\n&#8211; d&#8217;une exon\u00e9ration de cotisations sociales en cr\u00e9ant ou reprenant une activit\u00e9, dans les conditions fix\u00e9es par le dispositif\u00a0<a title=\"(Nouvelle fen\u00eatre)\" href=\"http:\/\/www.urssaf.fr\/profil\/createurs_dentreprise\/chef_dentreprise\/vous_-_creer_votre_entreprise\/les_aides_et_exonerations_02.html\" target=\"_blank\" rel=\"noopener\">Accre<\/a>.<\/p>\n<p>Voici le d\u00e9tail de ces 2 aides :<\/p>\n<ul>\n<li><strong>Embauche d&#8217;un salari\u00e9 par un cabinet<\/strong><\/li>\n<\/ul>\n<p class=\"align-justify\">&#8211; L&#8217;article 190 de la loi n\u00b0 2008-1425 du 27 d\u00e9cembre 2008 de finances pour 2009 pr\u00e9voit une exon\u00e9ration totale ou partielle des cotisations patronales de S\u00e9curit\u00e9 sociale pour l&#8217;embauche d&#8217;un salari\u00e9 par un \u00e9tablissement implant\u00e9 en zone franche urbaine. V\u00e9rifiez que les conditions sont remplies aupr\u00e8s de l&#8217;Urssaf et de la Direccte. Pour toute information compl\u00e9mentaire reportez vous aux documents de\u00a0<a title=\"(Nouvelle fen\u00eatre)\" href=\"http:\/\/www.urssaf.fr\/profil\/employeurs\/activite_generale\/vos_salaries_-_les_mesures_daide_a_lemploi\/exoneration_zrr_zru_01.html\" target=\"_blank\" rel=\"noopener\">l&#8217;URSSAF (exon\u00e9ration de cotisations patronales de S\u00e9curit\u00e9 sociale en ZRU, ZRR ou ZFU)<\/a>.<\/p>\n<ul class=\"align-justify\">\n<li><strong>Cr\u00e9ation ou reprise d&#8217;activit\u00e9 :<\/strong><\/li>\n<\/ul>\n<p class=\"align-justify\">Le dispositif Accre (Aide aux ch\u00f4meurs cr\u00e9ant ou reprenant une entreprise) permet au cr\u00e9ateur ou au repreneur d?une entreprise de b\u00e9n\u00e9ficier d&#8217;une exon\u00e9ration de cotisations sociales. Sous certains aspects en particulier (cr\u00e9er ou reprendre une entreprise en zone urbaine sensible, avoir entre 18 et 25 ans&#8230;), cette aide peut vous concerner. L\u00e0 encore, vous trouverez toutes les pr\u00e9cisions n\u00e9cessaires sur le site de l&#8217;Urssaf.<\/p>\n<\/div><\/div><\/div><\/section>\n<section class='av_toggle_section av-3i4a1y-59208f8d153435be7a5ec3807d6ca400'  itemscope=\"itemscope\" itemtype=\"https:\/\/schema.org\/CreativeWork\" ><div role=\"tablist\" class=\"single_toggle\" data-tags=\"{Tout} \"  ><p data-fake-id='#toggle-id-37' class='toggler   av-inherit-font-color hasCustomColor'  itemprop=\"headline\"  role='tab' tabindex='0' aria-controls='toggle-id-37'><strong>Les Contrats Incitatifs Masseurs-kin\u00e9sith\u00e9rapeutes<\/strong><span class=\"toggle_icon\"><span class=\"vert_icon\"><\/span><span class=\"hor_icon\"><\/span><\/span><\/p><div id='toggle-id-37' class='toggle_wrap  '  ><div class='toggle_content invers-color av-inherit-font-color hasCustomColor'  itemprop=\"text\" ><h3><strong>Le Contrat d\u2019Aide \u00e0 l\u2019Installation Masseurs-kin\u00e9sith\u00e9rapeutes (CAIMK)<\/strong><\/h3>\n<p><strong>C\u2019est pour qui ?<\/strong><br \/>\n\u2022 Les masseurs kin\u00e9sith\u00e9rapeutes titulaires qui s\u2019installent dans un cabinet en zone tr\u00e8s sous dot\u00e9e ou sous-dot\u00e9e<br \/>\n<strong>En quoi \u00e7a consiste ?<\/strong><br \/>\nCe contrat entre dans le cadre des mesures de r\u00e9\u00e9quilibrage de l&#8217;offre de soins de masseurs kin\u00e9sith\u00e9rapeutes en France en favorisant leur installation dans les zones caract\u00e9ris\u00e9es par une offre insuffisante en soins de masso-kin\u00e9sith\u00e9rapie.<br \/>\n<strong>Quelles sont les conditions ?<\/strong><br \/>\n\u2022 Justifier d\u2019une activit\u00e9 minimale dans la zone et exercer 50% de l\u2019activit\u00e9 lib\u00e9rale conventionnelle aupr\u00e8s de patients r\u00e9sidant dans la zone \u00ab tr\u00e8s sous-dot\u00e9e \u00bb ou \u00ab sous-dot\u00e9e \u00bb<br \/>\n\u2022 remplir les conditions pour percevoir le forfait d\u2019aide \u00e0 la modernisation et \u00e0 l\u2019informatisation du cabinet<br \/>\n\u2022 exercer pendant au moins 5 ans au sein de la zone concern\u00e9e.<br \/>\n<strong>Quels sont les avantages ?<\/strong><br \/>\n\u2022 versement d\u2019une r\u00e9mun\u00e9ration maximale de 34 000\u20ac sur 5 ans.<\/p>\n<h3><strong>Le Contrat d\u2019Aide \u00e0 la Cr\u00e9ation de Cabinet Masseurs-kin\u00e9sith\u00e9rapeutes (CACCMK)<\/strong><\/h3>\n<p><strong>C\u2019est pour qui ?<\/strong><br \/>\n\u2022 Les masseurs kin\u00e9sith\u00e9rapeutes qui cr\u00e9ent ou reprennent un cabinet en zone tr\u00e8s sous dot\u00e9e ou sous-dot\u00e9e<br \/>\nEn quoi \u00e7a consiste ?<br \/>\nCe contrat entre dans le cadre des mesures de r\u00e9\u00e9quilibrage de l&#8217;offre de soins de masseurs kin\u00e9sith\u00e9rapeutes en France en favorisant leur installation dans les zones caract\u00e9ris\u00e9es par une offre insuffisante en soins de masso-kin\u00e9sith\u00e9rapie.<br \/>\n<strong>Quelles sont les conditions ?<\/strong><br \/>\n\u2022 Justifier d\u2019une activit\u00e9 minimale dans la zone et exercer 50% de l\u2019activit\u00e9 lib\u00e9rale conventionnelle aupr\u00e8s de patients r\u00e9sidant dans la zone \u00ab tr\u00e8s sous-dot\u00e9e \u00bb ou \u00ab sous-dot\u00e9e \u00bb ;<br \/>\n\u2022 remplir les conditions pour percevoir le forfait d\u2019aide \u00e0 la modernisation et \u00e0 l\u2019informatisation du cabinet<br \/>\n\u2022 exercer pendant au moins 5 ans au sein de la zone concern\u00e9e.<br \/>\nQuels sont les avantages ?<br \/>\n\u2022 versement d\u2019une r\u00e9mun\u00e9ration maximale de 49 000\u20ac pour 5 ans.<\/p>\n<h3>Le Contrat d\u2019Aide au maintienMasseurs-kin\u00e9sith\u00e9rapeutes (CAMMK)<\/h3>\n<p><strong>C\u2019est pour qui ?<\/strong><br \/>\n\u2022 Les masseurs kin\u00e9sith\u00e9rapeutes qui maintiennent leur activit\u00e9 cabinet en zone tr\u00e8s sous dot\u00e9e ou sous-dot\u00e9e<br \/>\nEn quoi \u00e7a consiste ?<br \/>\nCe contrat entre dans le cadre des mesures de r\u00e9\u00e9quilibrage de l&#8217;offre de soins de masseurs kin\u00e9sith\u00e9rapeutes en France en favorisant leur maintien dans les zones caract\u00e9ris\u00e9es par une offre insuffisante en soins de masso-kin\u00e9sith\u00e9rapie.<br \/>\n<strong>Quelles sont les conditions ?<\/strong><br \/>\n\u2022 Exercer 50% de l\u2019activit\u00e9 lib\u00e9rale conventionnelle aupr\u00e8s de patients r\u00e9sidant dans la zone \u00ab tr\u00e8s sous-dot\u00e9e \u00bb ou \u00ab sous-dot\u00e9e \u00bb ;<br \/>\n\u2022 remplir les conditions pour percevoir le forfait d\u2019aide \u00e0 la modernisation et \u00e0 l\u2019informatisation du cabinet<br \/>\n\u2022 poursuivre son activit\u00e9 pendant au moins 3 ans au sein de la zone concern\u00e9e.<br \/>\nQuels sont les avantages ?<br \/>\n\u2022 versement d\u2019une r\u00e9mun\u00e9ration forfaitaire de 3000\u20ac par an .<\/p>\n<\/div><\/div><\/div><\/section>\n<\/div><\/div>\n<\/div><\/div><\/div>\n<style type=\"text\/css\" data-created_by=\"avia_inline_auto\" id=\"style-css-av-jt5xidgd-67a2ff444437590dec6dca5962e1d147\">\n.av-layout-tab.av-jt5xidgd-67a2ff444437590dec6dca5962e1d147{\nvertical-align:top;\nbackground-color:#f8f8f8;\n}\n#top .av-tab-section-outer-container.av-jt5ya1wb-1429bfb13923553c06f9841c622a540f .av-active-tab-title.av-section-tab-title.av-jt5xidgd-67a2ff444437590dec6dca5962e1d147{\ncolor:#51becb;\n}\n#top .av-tab-section-outer-container.av-jt5ya1wb-1429bfb13923553c06f9841c622a540f .av-active-tab-title.av-section-tab-title.av-jt5xidgd-67a2ff444437590dec6dca5962e1d147 .av-tab-arrow-container span{\nbackground-color:#f8f8f8;\n}\n<\/style>\n<div id='av-tab-section-2-4' class='av-layout-tab av-jt5xidgd-67a2ff444437590dec6dca5962e1d147 av-animation-delay-container ' data-av-deeplink-tabs=\"\" data-av-tab-section-content=\"4\" data-tab-section-id=\"infirmier\"><div class=\"av-layout-tab-inner\"><div class=\"container\">\n<style type=\"text\/css\" data-created_by=\"avia_inline_auto\" id=\"style-css-av-weyi2-0615eb989164fa3c9e907b3e228733c0\">\n.flex_column.av-weyi2-0615eb989164fa3c9e907b3e228733c0{\n-webkit-border-radius:0px 0px 0px 0px;\n-moz-border-radius:0px 0px 0px 0px;\nborder-radius:0px 0px 0px 0px;\npadding:0px 0px 0px 0px;\n}\n<\/style>\n<div class='flex_column av-weyi2-0615eb989164fa3c9e907b3e228733c0 av_one_full first flex_column_div av-zero-column-padding '     ><style type=\"text\/css\" data-created_by=\"avia_inline_auto\" id=\"style-css-av-jt5yx50t-960d162e2a5f9a334dd400a55fe31d46\">\n#top .togglecontainer.av-jt5yx50t-960d162e2a5f9a334dd400a55fe31d46 p.toggler{\ncolor:#238388;\nbackground-color:#ffffff;\n}\n#top .togglecontainer.av-jt5yx50t-960d162e2a5f9a334dd400a55fe31d46 p.toggler.activeTitle{\ncolor:#238388;\nborder-color:#238388;\nbackground-color:#ffffff;\n}\n#top .togglecontainer.av-jt5yx50t-960d162e2a5f9a334dd400a55fe31d46 p.toggler .toggle_icon{\ncolor:#238388;\nborder-color:#238388;\n}\n#top .togglecontainer.av-jt5yx50t-960d162e2a5f9a334dd400a55fe31d46 .toggle_wrap .toggle_content{\ncolor:#238388;\nbackground-color:#ffffff;\n}\n<\/style>\n<div  class='togglecontainer av-jt5yx50t-960d162e2a5f9a334dd400a55fe31d46 av-elegant-toggle toggle_close_all hasCurrentStyle' >\n<section class='av_toggle_section av-2t8kom-a4dbb23d3af3bd4ab7339fc72d48e2c5'  itemscope=\"itemscope\" itemtype=\"https:\/\/schema.org\/CreativeWork\" ><div role=\"tablist\" class=\"single_toggle\" data-tags=\"{Tout} {1} \"  ><p data-fake-id='#toggle-id-38' class='toggler   av-inherit-font-color hasCustomColor'  itemprop=\"headline\"  role='tab' tabindex='0' aria-controls='toggle-id-38'><strong>Les exon\u00e9rations fiscales<\/strong><span class=\"toggle_icon\"><span class=\"vert_icon\"><\/span><span class=\"hor_icon\"><\/span><\/span><\/p><div id='toggle-id-38' class='toggle_wrap  '  ><div class='toggle_content invers-color av-inherit-font-color hasCustomColor'  itemprop=\"text\" ><p class=\"align-justify\">Si vous avez pour projet d&#8217;embaucher un salari\u00e9 et que votre cabinet se situe dans une zone de revitalisation rurale (ZRR), de redynamisation urbaine (ZRU) ou en zone franche urbaine (ZFU). Vous pouvez b\u00e9n\u00e9ficier:<br \/>\n&#8211; d&#8217;une exon\u00e9ration des cotisations patronales de S\u00e9curit\u00e9 sociale<br \/>\n&#8211; d&#8217;une exon\u00e9ration de cotisations sociales en cr\u00e9ant ou reprenant une activit\u00e9, dans les conditions fix\u00e9es par le dispositif\u00a0<a title=\"(Nouvelle fen\u00eatre)\" href=\"http:\/\/www.urssaf.fr\/profil\/createurs_dentreprise\/chef_dentreprise\/vous_-_creer_votre_entreprise\/les_aides_et_exonerations_02.html\" target=\"_blank\" rel=\"noopener\">Accre<\/a>.<\/p>\n<p>Voici le d\u00e9tail de ces 2 aides :<\/p>\n<ul>\n<li><strong>Embauche d&#8217;un salari\u00e9 par un cabinet<\/strong><\/li>\n<\/ul>\n<p class=\"align-justify\">&#8211; L&#8217;article 190 de la loi n\u00b0 2008-1425 du 27 d\u00e9cembre 2008 de finances pour 2009 pr\u00e9voit une exon\u00e9ration totale ou partielle des cotisations patronales de S\u00e9curit\u00e9 sociale pour l&#8217;embauche d&#8217;un salari\u00e9 par un \u00e9tablissement implant\u00e9 en zone franche urbaine. V\u00e9rifiez que les conditions sont remplies aupr\u00e8s de l&#8217;Urssaf et de la Direccte. Pour toute information compl\u00e9mentaire reportez vous aux documents de\u00a0<a title=\"(Nouvelle fen\u00eatre)\" href=\"http:\/\/www.urssaf.fr\/profil\/employeurs\/activite_generale\/vos_salaries_-_les_mesures_daide_a_lemploi\/exoneration_zrr_zru_01.html\" target=\"_blank\" rel=\"noopener\">l&#8217;URSSAF (exon\u00e9ration de cotisations patronales de S\u00e9curit\u00e9 sociale en ZRU, ZRR ou ZFU)<\/a>.<\/p>\n<ul class=\"align-justify\">\n<li><strong>Cr\u00e9ation ou reprise d&#8217;activit\u00e9 :<\/strong><\/li>\n<\/ul>\n<p class=\"align-justify\">Le dispositif Accre (Aide aux ch\u00f4meurs cr\u00e9ant ou reprenant une entreprise) permet au cr\u00e9ateur ou au repreneur d?une entreprise de b\u00e9n\u00e9ficier d&#8217;une exon\u00e9ration de cotisations sociales. Sous certains aspects en particulier (cr\u00e9er ou reprendre une entreprise en zone urbaine sensible, avoir entre 18 et 25 ans&#8230;), cette aide peut vous concerner. L\u00e0 encore, vous trouverez toutes les pr\u00e9cisions n\u00e9cessaires sur le site de l&#8217;Urssaf.<\/p>\n<\/div><\/div><\/div><\/section>\n<section class='av_toggle_section av-29fhdy-60892ea7d0a2657fea2f792167fc70a7'  itemscope=\"itemscope\" itemtype=\"https:\/\/schema.org\/CreativeWork\" ><div role=\"tablist\" class=\"single_toggle\" data-tags=\"{Tout} \"  ><p data-fake-id='#toggle-id-39' class='toggler   av-inherit-font-color hasCustomColor'  itemprop=\"headline\"  role='tab' tabindex='0' aria-controls='toggle-id-39'><strong>Les Contrats Incitatifs Infirmiers<\/strong><span class=\"toggle_icon\"><span class=\"vert_icon\"><\/span><span class=\"hor_icon\"><\/span><\/span><\/p><div id='toggle-id-39' class='toggle_wrap  '  ><div class='toggle_content invers-color av-inherit-font-color hasCustomColor'  itemprop=\"text\" ><h3><strong>Le Contrat d\u2019Aide \u00e0 l\u2019Installation Infirmier (CAII)<\/strong><\/h3>\n<p><strong>C\u2019est pour qui ?<\/strong><br \/>\nLes infirmiers conventionn\u00e9s qui s\u2019installent en zone tr\u00e8s sous dot\u00e9e \u00e0 compter de la publication par le directeur g\u00e9n\u00e9ral de l&#8217;ARS du contrat type r\u00e9gional et du nouveau zonage r\u00e9gional<br \/>\n<strong>En quoi \u00e7a consiste ?<\/strong><br \/>\nCe contrat entre dans le cadre des mesures de r\u00e9\u00e9quilibrage de l&#8217;offre d&#8217;infirmiers en France en favorisant leur installation dans les zones caract\u00e9ris\u00e9es par une offre insuffisante en soins infirmiers<br \/>\n<strong>Quelles sont les conditions ?<\/strong><\/p>\n<ul>\n<li>remplir les conditions lui permettant de percevoir les aides \u00e0 la modernisation et \u00e0 l\u2019informatisation<\/li>\n<li>exercer pendant une dur\u00e9e minimale de 5 ans dans la zone \u00ab tr\u00e8s sous-dot\u00e9e \u00bb \u00e0 compter de la date d\u2019adh\u00e9sion<\/li>\n<li>justifier d\u2019une activit\u00e9 lib\u00e9rale conventionn\u00e9e r\u00e9alis\u00e9e \u00e0 50 % de son activit\u00e9 dans la zone \u00ab tr\u00e8s sous-dot\u00e9e \u00bb en ayant un honoraire annuel sans d\u00e9passement de plus de 10 000 \u20ac sur la zone la 1re ann\u00e9e et 30 000 \u20ac les ann\u00e9es suivantes<\/li>\n<li>exercer au sein d\u2019un groupe form\u00e9 d\u2019infirmiers, d\u2019un groupe pluri professionnel, appartenir \u00e0 une communaut\u00e9 professionnelle territoriale de sant\u00e9 (CPTS) ou \u00e0 une \u00e9quipe de soin primaire (ESP)<\/li>\n<\/ul>\n<p><strong>Quels sont les avantages ?<\/strong><\/p>\n<ul>\n<li>Versement d\u2019une aide de 27 500 \u20ac sur 5 ans (non renouvelable). \u00c0 cela s&#8217;ajoute 150 \u20ac par mois si l\u2019infirmier s\u2019engage \u00e0 accueillir un \u00e9tudiant infirmier dans son cabinet pour son stage de fin d\u2019\u00e9tudes (pendant la dur\u00e9e du stage)<\/li>\n<\/ul>\n<h3><\/h3>\n<h3><\/h3>\n<h3><strong>Le Contrat d\u2019Aide \u00e0 la premi\u00e8re Installation Infirmier (CAPII)<\/strong><\/h3>\n<p><strong>C\u2019est pour qui ?<\/strong><br \/>\nLes infirmiers conventionn\u00e9s s\u2019installant en zone tr\u00e8s sous-dot\u00e9e et sollicitant pour la 1re fois leur conventionnement aupr\u00e8s de l\u2019Assurance Maladie \u00e0 compter de la publication par le directeur g\u00e9n\u00e9ral de l\u2019ARS du contrat type r\u00e9gional et du nouveau zonage r\u00e9gional<br \/>\n<strong>Quelles sont les conditions ?<\/strong><\/p>\n<ul>\n<li>remplir les conditions lui permettant de percevoir les aides \u00e0 la modernisation et \u00e0 l\u2019informatisation<\/li>\n<li>exercer pendant une dur\u00e9e minimale de 5 ans dans la zone \u00ab tr\u00e8s sous-dot\u00e9e \u00bb \u00e0 compter de la date d\u2019adh\u00e9sion<\/li>\n<li>justifier d\u2019une activit\u00e9 lib\u00e9rale conventionn\u00e9e r\u00e9alis\u00e9e \u00e0 50 % de son activit\u00e9 dans la zone \u00ab tr\u00e8s sous-dot\u00e9e \u00bb en ayant un honoraire annuel sans d\u00e9passement de plus de 10 000 \u20ac sur la zone la 1re ann\u00e9e et 30 000 \u20ac les ann\u00e9es suivantes<\/li>\n<li>exercer au sein d\u2019un groupe form\u00e9 d\u2019infirmiers, d\u2019un groupe pluri-professionnel, appartenir \u00e0 une communaut\u00e9 professionnelle territoriale de sant\u00e9 (CPTS) ou \u00e0 une \u00e9quipe de soin primaire (ESP)<\/li>\n<\/ul>\n<p><strong>Quels sont les avantages ?<\/strong><\/p>\n<ul>\n<li>Versement d\u2019une aide de 37 500 \u20ac contrat sur 5 ans (non renouvelable). \u00c0 cela s&#8217;ajoute 150 \u20ac par mois si l\u2019infirmier s\u2019engage \u00e0 accueillir un \u00e9tudiant infirmier dans son cabinet pour son stage de fin d\u2019\u00e9tudes (pendant la dur\u00e9e du stage)<\/li>\n<\/ul>\n<h3><\/h3>\n<h3><\/h3>\n<h3><strong>Le Contrat d\u2019Aide au Maintien Infirmier (CAMI)<\/strong><\/h3>\n<p><strong>C\u2019est pour qui ?<\/strong><br \/>\nLes infirmiers conventionn\u00e9s d\u00e9j\u00e0 install\u00e9s en zone tr\u00e8s sous-dot\u00e9e \u00e0 compter de la publication par le directeur g\u00e9n\u00e9ral de l\u2019ARS du contrat type r\u00e9gional et du nouveau zonage r\u00e9gional<br \/>\n<strong>Quelles sont les conditions ?<\/strong><\/p>\n<ul>\n<li>remplir les conditions lui permettant de percevoir les aides \u00e0 la modernisation et \u00e0 l\u2019informatisation<\/li>\n<li>exercer pendant une dur\u00e9e minimale de 3 ans dans la zone \u00ab tr\u00e8s sous-dot\u00e9e \u00bb \u00e0 compter de la date d\u2019adh\u00e9sion<\/li>\n<li>justifier d\u2019une activit\u00e9 lib\u00e9rale conventionn\u00e9e r\u00e9alis\u00e9e \u00e0 50 % de son activit\u00e9 dans la zone \u00ab tr\u00e8s sous-dot\u00e9e \u00bb en ayant un honoraire annuel sans d\u00e9passement de plus de 10 000 \u20ac sur la zone la 1re ann\u00e9e et 30 000 \u20ac les ann\u00e9es suivantes<\/li>\n<li>exercer au sein d\u2019un groupe form\u00e9 d\u2019infirmiers, d\u2019un groupe pluri-professionnel, appartenir \u00e0 une communaut\u00e9 professionnelle territoriale de sant\u00e9 (CPTS) ou \u00e0 une \u00e9quipe de soin primaire (ESP)<\/li>\n<\/ul>\n<p><strong>Quels sont les avantages ?<\/strong><\/p>\n<ul>\n<li>Versement d\u2019une aide de 3 000 \u20ac par an, avec un contrat sur 3 ans (renouvelable). \u00c0 cela s&#8217;ajoute 150 \u20ac par mois si l\u2019infirmier s\u2019engage \u00e0 accueillir un \u00e9tudiant infirmier dans son cabinet pour le stage de fin d\u2019\u00e9tudes (pendant la dur\u00e9e du stage)<\/li>\n<\/ul>\n<\/div><\/div><\/div><\/section>\n<\/div><\/div>\n<\/div><\/div><\/div>\n<\/div><\/div><\/div><br \/>\n<\/div><\/div><\/div><!-- close content main div --><\/div><\/div>\n<style type=\"text\/css\" data-created_by=\"avia_inline_auto\" id=\"style-css-av-2cdl3e-9364a191a8979fa36789924e898cd22c\">\n.avia-section.av-2cdl3e-9364a191a8979fa36789924e898cd22c{\nmargin-top:0px;\nmargin-bottom:-5%;\n}\n<\/style>\n<div id='av_section_5'  class='avia-section av-2cdl3e-9364a191a8979fa36789924e898cd22c main_color avia-section-default avia-no-border-styling avia-bg-style-scroll container_wrap sidebar_right'  ><div class='container av-section-cont-open' ><div class='template-page content  av-content-small alpha units'><div class='post-entry post-entry-type-page post-entry-9159'><div class='entry-content-wrapper clearfix'>\n\n<style type=\"text\/css\" data-created_by=\"avia_inline_auto\" id=\"style-css-av-12k5gq-cccd34b09183ea14ae95cfec30272965\">\n.flex_column.av-12k5gq-cccd34b09183ea14ae95cfec30272965{\n-webkit-border-radius:0px 0px 0px 0px;\n-moz-border-radius:0px 0px 0px 0px;\nborder-radius:0px 0px 0px 0px;\npadding:0px 0px 0px 0px;\n}\n<\/style>\n<div class='flex_column av-12k5gq-cccd34b09183ea14ae95cfec30272965 av_one_fifth first flex_column_div av-zero-column-padding '     ><\/div>\n<style type=\"text\/css\" data-created_by=\"avia_inline_auto\" id=\"style-css-av-12k5gq-ebfdd70256b0d8df0dffa9051d59755e\">\n.flex_column.av-12k5gq-ebfdd70256b0d8df0dffa9051d59755e{\n-webkit-border-radius:0px 0px 0px 0px;\n-moz-border-radius:0px 0px 0px 0px;\nborder-radius:0px 0px 0px 0px;\npadding:0px 0px 0px 0px;\n}\n<\/style>\n<div class='flex_column av-12k5gq-ebfdd70256b0d8df0dffa9051d59755e av_three_fifth flex_column_div av-zero-column-padding '     ><p>\n<style type=\"text\/css\" data-created_by=\"avia_inline_auto\" id=\"style-css-av-jwrxm5ai-abcc4ffed3cfc5ac6d873c46e5db6cb3\">\n#top .av-special-heading.av-jwrxm5ai-abcc4ffed3cfc5ac6d873c46e5db6cb3{\npadding-bottom:10px;\nfont-size:45px;\n}\nbody .av-special-heading.av-jwrxm5ai-abcc4ffed3cfc5ac6d873c46e5db6cb3 .av-special-heading-tag .heading-char{\nfont-size:25px;\n}\n#top #wrap_all .av-special-heading.av-jwrxm5ai-abcc4ffed3cfc5ac6d873c46e5db6cb3 .av-special-heading-tag{\nfont-size:45px;\n}\n.av-special-heading.av-jwrxm5ai-abcc4ffed3cfc5ac6d873c46e5db6cb3 .av-subheading{\nfont-size:15px;\n}\n\n@media only screen and (min-width: 480px) and (max-width: 767px){ \n#top #wrap_all .av-special-heading.av-jwrxm5ai-abcc4ffed3cfc5ac6d873c46e5db6cb3 .av-special-heading-tag{\nfont-size:0.8em;\n}\n}\n\n@media only screen and (max-width: 479px){ \n#top #wrap_all .av-special-heading.av-jwrxm5ai-abcc4ffed3cfc5ac6d873c46e5db6cb3 .av-special-heading-tag{\nfont-size:0.8em;\n}\n}\n<\/style>\n<div  class='av-special-heading av-jwrxm5ai-abcc4ffed3cfc5ac6d873c46e5db6cb3 av-special-heading-h2 blockquote modern-quote modern-centered av-inherit-size'><h2 class='av-special-heading-tag'  itemprop=\"headline\"  >Choisir son mode d\u2019exercice<\/h2><div class=\"special-heading-border\"><div class=\"special-heading-inner-border\"><\/div><\/div><\/div><br \/>\n\n<style type=\"text\/css\" data-created_by=\"avia_inline_auto\" id=\"style-css-av-jt5vybbq-d2463989a0afd295eeccc052937e7adc\">\n#top .av_textblock_section.av-jt5vybbq-d2463989a0afd295eeccc052937e7adc .avia_textblock{\nfont-size:16px;\n}\n<\/style>\n<section  class='av_textblock_section av-jt5vybbq-d2463989a0afd295eeccc052937e7adc'  itemscope=\"itemscope\" itemtype=\"https:\/\/schema.org\/CreativeWork\" ><div class='avia_textblock'  itemprop=\"text\" ><p style=\"text-align: center;\">Exercer en lib\u00e9ral, en salari\u00e9, mixte, en coordonn\u00e9 ou en tant que rempla\u00e7ant, vous avez le choix entre plusieurs\u00a0modes d\u2019exercice et de\u00a0statuts.<\/p>\n<\/div><\/section><\/p><\/div>\n<style type=\"text\/css\" data-created_by=\"avia_inline_auto\" id=\"style-css-av-12k5gq-ebfdd70256b0d8df0dffa9051d59755e\">\n.flex_column.av-12k5gq-ebfdd70256b0d8df0dffa9051d59755e{\n-webkit-border-radius:0px 0px 0px 0px;\n-moz-border-radius:0px 0px 0px 0px;\nborder-radius:0px 0px 0px 0px;\npadding:0px 0px 0px 0px;\n}\n<\/style>\n<div class='flex_column av-12k5gq-ebfdd70256b0d8df0dffa9051d59755e av_one_fifth flex_column_div av-zero-column-padding '     ><\/div>\n<\/div><\/div><\/div><!-- close content main div --><\/div><\/div><div id='after_section_5'  class='main_color av_default_container_wrap container_wrap sidebar_right'  ><div class='container av-section-cont-open' ><div class='template-page content  av-content-small alpha units'><div class='post-entry post-entry-type-page post-entry-9159'><div class='entry-content-wrapper clearfix'><br \/>\n<\/div><\/div><\/div><!-- close content main div --><\/div><\/div><div id='av_section_6'  class='avia-section av-h7f6x6-69e180de92f6013739825afd9c05cff5 main_color avia-section-default avia-no-border-styling avia-bg-style-scroll container_wrap sidebar_right'  ><div class='container av-section-cont-open' ><div class='template-page content  av-content-small alpha units'><div class='post-entry post-entry-type-page post-entry-9159'><div class='entry-content-wrapper clearfix'>\n\n<style type=\"text\/css\" data-created_by=\"avia_inline_auto\" id=\"style-css-av-weyi2-0615eb989164fa3c9e907b3e228733c0\">\n.flex_column.av-weyi2-0615eb989164fa3c9e907b3e228733c0{\n-webkit-border-radius:0px 0px 0px 0px;\n-moz-border-radius:0px 0px 0px 0px;\nborder-radius:0px 0px 0px 0px;\npadding:0px 0px 0px 0px;\n}\n<\/style>\n<div class='flex_column av-weyi2-0615eb989164fa3c9e907b3e228733c0 av_one_third first flex_column_div av-zero-column-padding '     ><style type=\"text\/css\" data-created_by=\"avia_inline_auto\" id=\"style-css-av-s0xea1-17c9febb959e53bc261bab1f34cdcb70\">\n.avia-image-container.av-s0xea1-17c9febb959e53bc261bab1f34cdcb70 img.avia_image{\nbox-shadow:none;\n}\n.avia-image-container.av-s0xea1-17c9febb959e53bc261bab1f34cdcb70 .av-image-caption-overlay-center{\ncolor:#ffffff;\n}\n<\/style>\n<div  class='avia-image-container av-s0xea1-17c9febb959e53bc261bab1f34cdcb70 av-styling- avia-align-center  avia-builder-el-6  avia-builder-el-no-sibling '   itemprop=\"image\" itemscope=\"itemscope\" itemtype=\"https:\/\/schema.org\/ImageObject\" ><div class=\"avia-image-container-inner\"><div class=\"avia-image-overlay-wrap\"><img decoding=\"async\" class='wp-image-1362 avia-img-lazy-loading-not-1362 avia_image ' src=\"https:\/\/soignerenperigord.fr\/wp-content\/uploads\/2019\/03\/mode-exercice-medecin.png\" alt='mode-exercice-medecin' title='mode-exercice-medecin'  height=\"320\" width=\"355\"  itemprop=\"thumbnailUrl\" srcset=\"https:\/\/soignerenperigord.fr\/wp-content\/uploads\/2019\/03\/mode-exercice-medecin.png 355w, https:\/\/soignerenperigord.fr\/wp-content\/uploads\/2019\/03\/mode-exercice-medecin-300x270.png 300w\" sizes=\"(max-width: 355px) 100vw, 355px\" \/><\/div><\/div><\/div><\/div>\n<style type=\"text\/css\" data-created_by=\"avia_inline_auto\" id=\"style-css-av-weyi2-53fcc39f4dd551e384a304a69305f40e\">\n.flex_column.av-weyi2-53fcc39f4dd551e384a304a69305f40e{\n-webkit-border-radius:0px 0px 0px 0px;\n-moz-border-radius:0px 0px 0px 0px;\nborder-radius:0px 0px 0px 0px;\npadding:0px 0px 0px 0px;\n}\n<\/style>\n<div class='flex_column av-weyi2-53fcc39f4dd551e384a304a69305f40e av_two_third flex_column_div av-zero-column-padding '     ><p>\n<style type=\"text\/css\" data-created_by=\"avia_inline_auto\" id=\"style-css-av-juwczyi2-d38eecfe7575f153763e30bb930de512\">\n#top .hr.hr-invisible.av-juwczyi2-d38eecfe7575f153763e30bb930de512{\nheight:5px;\n}\n<\/style>\n<div  class='hr av-juwczyi2-d38eecfe7575f153763e30bb930de512 hr-invisible  avia-builder-el-7  el_after_av_one_full  el_before_av_toggle_container '><span class='hr-inner '><span class=\"hr-inner-style\"><\/span><\/span><\/div><br \/>\n<div  class='togglecontainer av-jt5yx50t-2fcfe0ffd8e668573848dc98b51b2845 av-minimal-toggle  avia-builder-el-8  el_after_av_hr  avia-builder-el-last  toggle_close_all' >\n<section class='av_toggle_section av-4vrtwm-aa71563f5b9a7f19035462a14f55c02a'  itemscope=\"itemscope\" itemtype=\"https:\/\/schema.org\/CreativeWork\" ><div role=\"tablist\" class=\"single_toggle\" data-tags=\"{Tout} {1} \"  ><p data-fake-id='#toggle-id-40' class='toggler   '  itemprop=\"headline\"  role='tab' tabindex='0' aria-controls='toggle-id-40'><strong>Exercice coordonn\u00e9<\/strong><span class=\"toggle_icon\"><span class=\"vert_icon\"><\/span><span class=\"hor_icon\"><\/span><\/span><\/p><div id='toggle-id-40' class='toggle_wrap  '  ><div class='toggle_content invers-color '  itemprop=\"text\" ><p class=\"bodytext\"><strong class=\"mise-en-avant-violet\">La pratique en maison de sant\u00e9 pluriprofessionnelle ou en centre de sant\u00e9<\/strong>, plus g\u00e9n\u00e9ralement qualifi\u00e9e &#8220;d&#8217;exercice coordonn\u00e9&#8221; est aujourd&#8217;hui largement pl\u00e9biscit\u00e9e par les professionnels de sant\u00e9 eux-m\u00eames qui souhaitent exercer diff\u00e9remment.<\/p>\n<p class=\"bodytext\">De fait, ce mode d&#8217;exercice\u00a0<strong>facilite vos \u00e9changes avec vos confr\u00e8res, la coordination autour de la prise en charge du patient<\/strong>\u00a0; il permet \u00e9galement davantage de souplesse dans votre pratique\u00a0(mutualisation de la gestion des charges administratives, organisation des absences pour assurer la continuit\u00e9 de la prise en charge de vos patients, ou encore possibilit\u00e9 de ne pas exercer \u00e0 temps plein \u2026)<\/p>\n<p class=\"bodytext\">Ce mode d&#8217;exercice r\u00e9pond tout autant \u00e0 l&#8217;\u00e9volution des besoins de vos patients.<\/p>\n<p><strong>La soci\u00e9t\u00e9 interprofessionnelle de soins ambulatoires (SISA) :\u00a0\u00a0<\/strong><br \/>\n<span data-contrast=\"auto\">La soci\u00e9t\u00e9 interprofessionnelle de soins ambulatoires (SISA) a \u00e9t\u00e9 cr\u00e9\u00e9e en 2011 pour r\u00e9pondre aux besoins des maisons de sant\u00e9 pluriprofessionnelles et leur permettre de percevoir des subventions dans un cadre juridique et fiscal s\u00e9curis\u00e9, visant \u00e0 r\u00e9mun\u00e9rer les activit\u00e9s r\u00e9alis\u00e9es en commun par les professionnels de sant\u00e9 y exer\u00e7ant.\u00a0<\/span><span data-ccp-props=\"{\"201341983\":0,\"335559739\":200,\"335559740\":276}\">\u00a0<\/span><br \/>\n<span data-contrast=\"auto\">La SISA, qui rel\u00e8ve du r\u00e9gime des soci\u00e9t\u00e9s civiles, comporte en effet un double objet :<\/span><span data-ccp-props=\"{\"201341983\":0,\"335559739\":200,\"335559740\":276}\">\u00a0<\/span><\/p>\n<ul>\n<li data-leveltext=\"\uf0b7\" data-font=\"Symbol\" data-listid=\"37\" aria-setsize=\"-1\" data-aria-posinset=\"1\" data-aria-level=\"1\"><span data-contrast=\"auto\">La mise en commun de moyens n\u00e9cessaires \u00e0 l&#8217;activit\u00e9<\/span><span data-ccp-props=\"{\"201341983\":0,\"335559739\":200,\"335559740\":276}\">\u00a0<\/span><\/li>\n<li data-leveltext=\"\uf0b7\" data-font=\"Symbol\" data-listid=\"37\" aria-setsize=\"-1\" data-aria-posinset=\"2\" data-aria-level=\"1\"><span data-contrast=\"auto\">Et l&#8217;exercice d&#8217;activit\u00e9s r\u00e9alis\u00e9es en commun par ses membres (coordination, coop\u00e9ration, \u00e9ducation th\u00e9rapeutique\u2026)<\/span><span data-ccp-props=\"{\"201341983\":0,\"335559739\":200,\"335559740\":276}\">\u00a0<\/span><\/li>\n<\/ul>\n<p><span data-contrast=\"auto\">Dans le cadre de l&#8217;accord conventionnel interprofessionnel (ACI), les professionnels de sant\u00e9 associ\u00e9s dans la SISA, peuvent percevoir collectivement des r\u00e9mun\u00e9rations forfaitaires (de l&#8217;ordre de 40 000 euros en moyenne).\u00a0<\/span><span data-ccp-props=\"{\"201341983\":0,\"335559739\":200,\"335559740\":276}\">\u00a0<\/span><\/p>\n<\/div><\/div><\/div><\/section>\n<section class='av_toggle_section av-2gyeh2-b4ce57b00445324c382bb82b506b847a'  itemscope=\"itemscope\" itemtype=\"https:\/\/schema.org\/CreativeWork\" ><div role=\"tablist\" class=\"single_toggle\" data-tags=\"{Tout} {1} \"  ><p data-fake-id='#toggle-id-41' class='toggler   '  itemprop=\"headline\"  role='tab' tabindex='0' aria-controls='toggle-id-41'><strong>Remplacement<\/strong><span class=\"toggle_icon\"><span class=\"vert_icon\"><\/span><span class=\"hor_icon\"><\/span><\/span><\/p><div id='toggle-id-41' class='toggle_wrap  '  ><div class='toggle_content invers-color '  itemprop=\"text\" ><p><span data-contrast=\"auto\">Le remplacement d\u2019un professionnel de sant\u00e9 est possible pour une dur\u00e9e correspondant \u00e0 l\u2019indisponib<\/span><span data-contrast=\"auto\">ilit\u00e9 du professionnel remplac\u00e9.<\/span><span data-ccp-props=\"{\"201341983\":0,\"335559739\":200,\"335559740\":276}\">\u00a0<\/span><br \/>\n<span data-contrast=\"auto\">Pendant toute la dur\u00e9e du remplacement, le professionnel de sant\u00e9 s&#8217;engage \u00e0 cesser d&#8217;exercer toute activit\u00e9. Il existe une exception \u00e0 ce principe : le m\u00e9decin peut continuer \u00e0 exercer son activit\u00e9 dans une zone d\u00e9ficitaire en mati\u00e8re d&#8217;offre de soins dans le but d&#8217;y assurer la continuit\u00e9 des soins (article 65 du code de d\u00e9ontologie m\u00e9dicale).\u00a0<\/span><span data-ccp-props=\"{\"201341983\":0,\"335559739\":200,\"335559740\":276}\">\u00a0<\/span><br \/>\n<span data-contrast=\"auto\">Le professionnel de sant\u00e9 doit informer son rempla\u00e7ant des dispositions l\u00e9gislatives et\u00a0<\/span><span data-contrast=\"auto\">r<\/span><span data-contrast=\"auto\">\u00e9glementaires qui r\u00e9gissent l&#8217;exercice lib\u00e9ral sous convention.\u00a0<\/span><span data-ccp-props=\"{\"201341983\":0,\"335559739\":200,\"335559740\":276}\">\u00a0<\/span><br \/>\nLe rempla\u00e7ant utilise sa propre carte de professionnel rempla\u00e7ant.<br \/>\n<span data-contrast=\"auto\">A l&#8217;issue du contrat, le professionnel de sant\u00e9 doit proc\u00e9der \u00e0 une r\u00e9trocession d&#8217;honoraires (r\u00e9trocession dont les modalit\u00e9s doivent \u00eatre convenues au pr\u00e9alable dans le contrat de remplacement).\u00a0<\/span><span data-ccp-props=\"{\"201341983\":0,\"335559739\":200,\"335559740\":276}\">\u00a0<\/span><br \/>\n<strong>1\/ Les obligations du rempla\u00e7ant \u00a0:<\/strong><br \/>\n<span data-contrast=\"auto\">Pensez \u00e0 v\u00e9rifier que votre rempla\u00e7ant : <\/span><span data-ccp-props=\"{\"201341983\":0,\"335559739\":200,\"335559740\":276}\">\u00a0<\/span><\/p>\n<ul>\n<li><span data-contrast=\"auto\">est inscrit au Conseil de l&#8217;Ordre, le cas \u00e9ch\u00e9ant, <\/span><\/li>\n<li>est titulaire d&#8217;une autorisation de remplacement,<\/li>\n<li>a souscrit \u00e0 une assurance responsabilit\u00e9 civile,<\/li>\n<li>est assur\u00e9 pour l&#8217;utilisation de vos locaux et de votre mat\u00e9riel,<\/li>\n<li>est couvert par une assurance s&#8217;il utilise votre v\u00e9hicule. <span data-ccp-props=\"{\"201341983\":0,\"335559739\":200,\"335559740\":276}\">\u00a0<\/span><\/li>\n<\/ul>\n<p><span data-contrast=\"auto\">Si vous souhaitez vous faire remplacer et que vous n&#8217;avez pas encore trouv\u00e9 de rempla\u00e7ant, vous pouvez contacter le conseil d\u00e9partemental de l&#8217;Ordre. Il pourra vous mettre en relation avec des professionnels de sant\u00e9 rempla\u00e7ants.&#8221;\u00a0<\/span><span data-ccp-props=\"{\"201341983\":0,\"335559739\":200,\"335559740\":276}\">\u00a0<\/span><br \/>\n<strong>2\/ Le contrat de remplacement :<\/strong><br \/>\n<span data-contrast=\"auto\">Une fois votre rempla\u00e7ant trouv\u00e9, vous devez \u00e9tablir un contrat de remplacement en trois exemplaires : <\/span><span data-ccp-props=\"{\"201341983\":0,\"335559739\":200,\"335559740\":276}\">\u00a0<\/span><\/p>\n<ul>\n<li><span data-contrast=\"auto\">un pour vous, <\/span><\/li>\n<li>un pour votre rempla\u00e7ant,<\/li>\n<li>un pour le conseil d\u00e9partemental de l&#8217;Ordre.<span data-ccp-props=\"{\"201341983\":0,\"335559739\":200,\"335559740\":276}\">\u00a0<\/span><\/li>\n<\/ul>\n<p><strong>3\/ Avertir le Conseil de l&#8217;Ordre :<\/strong><br \/>\n<span data-contrast=\"auto\">Il vous appartient de demander \u00e0 votre Conseil d\u00e9partemental de l&#8217;Ordre une autorisation de remplacement. <\/span><span data-ccp-props=\"{\"201341983\":0,\"335559739\":200,\"335559740\":276}\">\u00a0<\/span><br \/>\n<span data-contrast=\"auto\">Vous devez lui indiquer, par \u00e9crit, les noms, pr\u00e9nom et adresse de votre rempla\u00e7ant, ainsi que les dates et la dur\u00e9e du remplacement.<\/span><span data-ccp-props=\"{\"201341983\":0,\"335559739\":200,\"335559740\":276}\">\u00a0<\/span><\/p>\n<\/div><\/div><\/div><\/section>\n<section class='av_toggle_section av-5mm9km-6b0bfdcd96a2893d13acac230a2b8066'  itemscope=\"itemscope\" itemtype=\"https:\/\/schema.org\/CreativeWork\" ><div role=\"tablist\" class=\"single_toggle\" data-tags=\"{Tout} {1} \"  ><p data-fake-id='#toggle-id-42' class='toggler   '  itemprop=\"headline\"  role='tab' tabindex='0' aria-controls='toggle-id-42'><strong>Exercice lib\u00e9ral<\/strong><span class=\"toggle_icon\"><span class=\"vert_icon\"><\/span><span class=\"hor_icon\"><\/span><\/span><\/p><div id='toggle-id-42' class='toggle_wrap  '  ><div class='toggle_content invers-color '  itemprop=\"text\" ><h3><span class=\"mise-en-avant-violet\">Quelles sont les principales caract\u00e9ristiques de l&#8217;activit\u00e9 lib\u00e9rale\u00a0?<\/span><\/h3>\n<p class=\"align-justify\"><strong>Les modalit\u00e9s de r\u00e9mun\u00e9ration<\/strong><br \/>\nLe professionnel de sant\u00e9 lib\u00e9ral est essentiellement r\u00e9mun\u00e9r\u00e9 \u00e0 l&#8217;acte.<br \/>\nToutefois d&#8217;autres modalit\u00e9s de r\u00e9mun\u00e9rations peuvent \u00e9galement intervenir de mani\u00e8re compl\u00e9mentaire\u00a0: r\u00e9mun\u00e9rations forfaitaires ou sur objectifs de sant\u00e9 publique.<\/p>\n<p class=\"align-justify paps-icons-see-all-purple\"><strong>Le dispositif conventionnel<\/strong><br \/>\nLes relations entre les professions de sant\u00e9 et les caisses sont r\u00e9gies par des conventions nationales, n\u00e9goci\u00e9es et sign\u00e9es entre l&#8217;Assurance Maladie (UNCAM) et les syndicats repr\u00e9sentatifs des professionnels de sant\u00e9 lib\u00e9raux. Ces conventions d\u00e9finissent les engagements des deux parties (tarifs, r\u00e9mun\u00e9ration, pratiques &#8230;). Elles sont conclues avec chacune de ces professions pour une dur\u00e9e maximale de 5 ans.<\/p>\n<p class=\"bodytext\">Un professionnel de sant\u00e9 est dit &#8220;conventionn\u00e9&#8221; lorsqu&#8217;il adh\u00e8re \u00e0 la convention.<\/p>\n<p class=\"align-justify\">L&#8217;adh\u00e9sion de chaque professionnel \u00e0 la convention est libre. Elle ouvre droit, entre autres, au remboursement par l&#8217;assurance maladie des soins dispens\u00e9s aux assur\u00e9s sociaux. Elle permet aussi au professionnel de b\u00e9n\u00e9ficier d&#8217;une prise en charge partielle, par l&#8217;Assurance Maladie, du financement de sa protection sociale ou encore de sa formation professionnelle. Toutes les conventions sont consultables sur le site de l&#8217;<a title=\"Assurance Maladie - Conditions d'installation et d'acc\u00e8s au conventionnement (Nouvelle fen\u00eatre)\" href=\"http:\/\/www.ameli.fr\/professionnels-de-sante.php\" target=\"_blank\" rel=\"noopener\">Assurance Maladie<\/a>.<\/p>\n<p class=\"paps-icons-see-all-purple\"><strong>Quelques pr\u00e9cisions concernant les m\u00e9decins<\/strong><br \/>\nLe m\u00e9decin conventionn\u00e9 peut choisir d&#8217;exercer\u00a0:<\/p>\n<p class=\"align-justify indent\">&#8211;<strong>\u00a0en secteur 1\u00a0<\/strong><em><br \/>\n<\/em><strong>Le m\u00e9decin applique les tarifs de la convention.<\/strong>\u00a0Les seuls d\u00e9passements d&#8217;honoraires autoris\u00e9s sont li\u00e9s \u00e0 des exigences particuli\u00e8res du patient (ex\u00a0: une visite en dehors des heures habituelles d&#8217;ouverture du cabinet du m\u00e9decin) et ne sont pas rembours\u00e9s par l&#8217;Assurance Maladie.<br \/>\nIl b\u00e9n\u00e9ficie d&#8217;une prise en charge partielle de ses cotisations sociales par l&#8217;Assurance Maladie.<\/p>\n<p><strong>&#8211; en secteur 2 ou secteur &#8220;\u00e0 honoraires libres&#8221;<\/strong><em><br \/>\n<\/em>Le m\u00e9decin peut pratiquer des d\u00e9passements d&#8217;honoraires avec tact et mesure. Le montant du d\u00e9passement n&#8217;est pas rembours\u00e9 par l&#8217;Assurance Maladie.<br \/>\n<strong>Le m\u00e9decin en secteur 2 qui choisit d&#8217;adh\u00e9rer au &#8220;contrat d&#8217;acc\u00e8s aux soins&#8221; s&#8217;engage \u00e0 pratiquer des d\u00e9passements mod\u00e9r\u00e9s.<\/strong>\u00a0En contrepartie il b\u00e9n\u00e9ficie, entre autres, d&#8217;un financement partiel par l&#8217;Assurance Maladie de ses cotisations sociales et ses patients sont mieux rembours\u00e9s.<\/p>\n<\/div><\/div><\/div><\/section>\n<section class='av_toggle_section av-6uaesm-44a1d91abb4b6ca68a7ba81c23a87a17'  itemscope=\"itemscope\" itemtype=\"https:\/\/schema.org\/CreativeWork\" ><div role=\"tablist\" class=\"single_toggle\" data-tags=\"{Tout} {1} \"  ><p data-fake-id='#toggle-id-43' class='toggler   '  itemprop=\"headline\"  role='tab' tabindex='0' aria-controls='toggle-id-43'><strong>Exercice salari\u00e9<\/strong><span class=\"toggle_icon\"><span class=\"vert_icon\"><\/span><span class=\"hor_icon\"><\/span><\/span><\/p><div id='toggle-id-43' class='toggle_wrap  '  ><div class='toggle_content invers-color '  itemprop=\"text\" ><div id=\"c76156\" class=\"csc-default\">\n<div id=\"c34200\" class=\"csc-default\">\n<div class=\"csc-textpic csc-textpic-intext-left csc-textpic-equalheight\">\n<div class=\"csc-textpic-text\">\n<p class=\"align-justify\"><strong>Vous \u00eates professionnel de sant\u00e9, diff\u00e9rentes possibilit\u00e9s s&#8217;offrent \u00e0 vous, pour exercer en tant que salari\u00e9, selon votre domaine d&#8217;activit\u00e9.<\/strong><\/p>\n<h3 class=\"align-justify\"><strong class=\"mise-en-avant-violet\">Quels sont les modes d&#8217;exercice pour un m\u00e9decin salari\u00e9 ?<\/strong><\/h3>\n<\/div>\n<\/div>\n<\/div>\n<\/div>\n<div id=\"c76155\" class=\"csc-default\">\n<p class=\"bodytext\">La m\u00e9decine salari\u00e9e comprend un nombre tr\u00e8s vari\u00e9 de situations : en \u00e9tablissements de sant\u00e9 publics ou priv\u00e9s ; dans des structures non hospitali\u00e8res, comme les\u00a0<a href=\"http:\/\/www.nouvelle-aquitaine.paps.sante.fr\/Travailler-en-coordination.39667.0.html\">centres de sant\u00e9<\/a>.<\/p>\n<\/div>\n<div id=\"c76154\" class=\"csc-default\">\n<div id=\"c65841\" class=\"csc-default\">\n<p class=\"align-justify\">Pour en savoir plus sur les conditions d&#8217;exercice, les statuts, les r\u00e9mun\u00e9rations, consulter le site du\u00a0<strong><a title=\"Centre National de Gestion (Nouvelle fen\u00eatre)\" href=\"http:\/\/www.cng.sante.fr\/\" target=\"_blank\" rel=\"noopener\">Centre National de Gestion<\/a>(CNG).<\/strong><\/p>\n<p class=\"align-justify\">D&#8217;autres possibilit\u00e9s s&#8217;offrent \u00e9galement \u00e0 vous\u00a0: m\u00e9decine du Travail, P.M.I. (protection maternelle et infantile), m\u00e9decine du service de sant\u00e9 scolaire et universitaire\u2026<\/p>\n<h3 class=\"mise-en-avant-violet\"><strong>Quels sont les modes d&#8217;exercice possibles pour une sage-femme salari\u00e9e ?<\/strong><\/h3>\n<p class=\"align-justify\">Vous pouvez exercer en tant que\u00a0<strong>salari\u00e9e dans des \u00e9tablissements de soins publics ou priv\u00e9s ou encore dans les services de Protection Maternelle et Infantile.<\/strong><br \/>\nL&#8217;exercice salari\u00e9 concerne actuellement 80% des sages-femmes, majoritairement \u00e0 l&#8217;h\u00f4pital.<br \/>\nSur les diff\u00e9rentes possibilit\u00e9s d&#8217;exercice, vous pouvez consulter le\u00a0<a title=\"Ordre national des sages-femmes (Nouvelle fen\u00eatre)\" href=\"http:\/\/www.ordre-sages-femmes.fr\/NET\/fr\/document\/2\/exercice_de_la_profession\/la_profession_et_modes_dexercice\/index.htm\" target=\"_blank\" rel=\"noopener\">site de l&#8217;Ordre<\/a>.<\/p>\n<h3><strong class=\"mise-en-avant-violet\">Quels sont les modes d&#8217;exercice possibles pour un(e) infirmier(e) salari\u00e9(e) ?<\/strong><\/h3>\n<p class=\"align-justify\">En tant qu&#8217;infirmier(e) salari\u00e9(e), vous pouvez exercer\u00a0:<\/p>\n<ul>\n<li><strong>dans les h\u00f4pitaux,<\/strong>\u00a0dans les services de soins (services de m\u00e9decine, chirurgie, r\u00e9animation, SMUR (services m\u00e9dicaux d&#8217;urgence et de r\u00e9animation), urgence, bloc op\u00e9ratoire, consultations, psychiatrie, g\u00e9riatrie\u2026)\u00a0;<\/li>\n<li><strong>en clinique ;<\/strong><\/li>\n<li><strong>en \u00e9tablissement de soins de suite et de r\u00e9adaptation (SSR) ;<\/strong><\/li>\n<li><strong>en \u00e9tablissement scolaire\u00a0;<\/strong><\/li>\n<li>en centre de soins, dispensaire, centre de pr\u00e9vention\u2026\u00a0;<\/li>\n<li>en maison de retraite ou service de maintien \u00e0 domicile des personnes \u00e2g\u00e9es\u00a0;<\/li>\n<li>en entreprise au sein des services de sant\u00e9 au travail&#8230;<\/li>\n<\/ul>\n<\/div>\n<\/div>\n<\/div><\/div><\/div><\/section>\n<section class='av_toggle_section av-5zn0km-29fbf252c5d62ab8100c057824f764bb'  itemscope=\"itemscope\" itemtype=\"https:\/\/schema.org\/CreativeWork\" ><div role=\"tablist\" class=\"single_toggle\" data-tags=\"{Tout} {1} \"  ><p data-fake-id='#toggle-id-44' class='toggler   '  itemprop=\"headline\"  role='tab' tabindex='0' aria-controls='toggle-id-44'><strong>Exercice mixte<\/strong><span class=\"toggle_icon\"><span class=\"vert_icon\"><\/span><span class=\"hor_icon\"><\/span><\/span><\/p><div id='toggle-id-44' class='toggle_wrap  '  ><div class='toggle_content invers-color '  itemprop=\"text\" ><div id=\"c76156\" class=\"csc-default\">\n<div id=\"c34200\" class=\"csc-default\">\n<div class=\"csc-textpic csc-textpic-intext-left csc-textpic-equalheight\">\n<div class=\"csc-textpic-text\">\n<p class=\"bodytext\"><span class=\"mise-en-avant-violet\"><strong>Ce mode d&#8217;exercice, qui consiste \u00e0 avoir \u00e0 la fois une activit\u00e9 lib\u00e9rale et une activit\u00e9 salari\u00e9e est privil\u00e9gi\u00e9 par de plus en plus de professionnels de sant\u00e9\u00a0:<\/strong><\/span>\u00a0l&#8217;exercice hospitalier peut par exemple permettre l&#8217;acc\u00e8s \u00e0 des moyens techniques n\u00e9cessaires \u00e0 la pratique de certaines sp\u00e9cialit\u00e9s (chirurgie, gastroent\u00e9rologie, etc.), ou encore faciliter la mise \u00e0 jour des connaissances sur les derni\u00e8res innovations\u00a0: le choix d&#8217;un exercice salari\u00e9 est alors li\u00e9 au d\u00e9veloppement technique ou scientifique d&#8217;une partie de l&#8217;activit\u00e9 m\u00e9dicale.<\/p>\n<p class=\"bodytext\">Garder un contact avec l&#8217;h\u00f4pital, pour un jeune m\u00e9decin lib\u00e9ral, est aussi un moyen de se cr\u00e9er un r\u00e9seau professionnel. L&#8217;exercice salari\u00e9 peut enfin constituer un compl\u00e9ment de revenu.<\/p>\n<p class=\"bodytext\"><strong>En pratique\u00a0:<\/strong>\u00a0l&#8217;exercice mixte peut se traduire par exemple par une activit\u00e9 en cabinet de ville et des vacations (une demi-journ\u00e9e par semaine) \u00e0 l&#8217;h\u00f4pital ou dans un dispensaire.<br \/>\nOu encore, un m\u00e9decin salari\u00e9, \u00e0 temps partiel \u00e0 l&#8217;h\u00f4pital, donnant \u00e9galement des consultations dans un cabinet \u00e0 titre lib\u00e9ral et exer\u00e7ant une ou plusieurs demi-journ\u00e9es en clinique.<br \/>\nEnfin, certains m\u00e9decins, tout en \u00e9tant salari\u00e9s \u00e0 temps plein \u00e0 l&#8217;h\u00f4pital, donnent des consultations \u00e0 titre lib\u00e9ral \u00e0 l&#8217;h\u00f4pital (secteur priv\u00e9 hospitalier).<\/p>\n<p class=\"mise-en-avant-violet\"><strong>En tout \u00e9tat de cause, il est important de bien choisir quelle sera l&#8217;activit\u00e9 principale et l&#8217;activit\u00e9 secondaire entre le lib\u00e9ral et le salariat.<\/strong><\/p>\n<\/div>\n<\/div>\n<\/div>\n<\/div>\n<div id=\"c76154\" class=\"csc-default\">\n<div id=\"c65841\" class=\"csc-default\"><\/div>\n<\/div>\n<\/div><\/div><\/div><\/section>\n<\/div><\/p><\/div>\n<\/div><\/div><\/div><!-- close content main div --><\/div><\/div><div id='after_section_6'  class='main_color av_default_container_wrap container_wrap sidebar_right'  ><div class='container av-section-cont-open' ><div class='template-page content  av-content-small alpha units'><div class='post-entry post-entry-type-page post-entry-9159'><div class='entry-content-wrapper clearfix'><br \/>\n<\/div><\/div><\/div><!-- close content main div --><\/div><\/div><div id='av_section_7'  class='avia-section av-2cdl3e-32b02742e02f88934e8d8963cd0fbc60 alternate_color avia-section-default avia-no-border-styling  avia-builder-el-9  el_after_av_section  el_before_av_section  avia-bg-style-scroll container_wrap sidebar_right'  ><div class='container av-section-cont-open' ><div class='template-page content  av-content-small alpha units'><div class='post-entry post-entry-type-page post-entry-9159'><div class='entry-content-wrapper clearfix'>\n\n<style type=\"text\/css\" data-created_by=\"avia_inline_auto\" id=\"style-css-av-296nqy-8a94d007904452b1c3d9dbb6258d5ccd\">\n.flex_column.av-296nqy-8a94d007904452b1c3d9dbb6258d5ccd{\n-webkit-border-radius:0px 0px 0px 0px;\n-moz-border-radius:0px 0px 0px 0px;\nborder-radius:0px 0px 0px 0px;\npadding:0px 0px 0px 0px;\n}\n<\/style>\n<div class='flex_column av-296nqy-8a94d007904452b1c3d9dbb6258d5ccd av_one_full first flex_column_div av-zero-column-padding '     ><p>\n<style type=\"text\/css\" data-created_by=\"avia_inline_auto\" id=\"style-css-av-jwrxmez8-3b7dfd0200c28f489bcc863eaea314d4\">\n#top .av-special-heading.av-jwrxmez8-3b7dfd0200c28f489bcc863eaea314d4{\npadding-bottom:10px;\nfont-size:45px;\n}\nbody .av-special-heading.av-jwrxmez8-3b7dfd0200c28f489bcc863eaea314d4 .av-special-heading-tag .heading-char{\nfont-size:25px;\n}\n#top #wrap_all .av-special-heading.av-jwrxmez8-3b7dfd0200c28f489bcc863eaea314d4 .av-special-heading-tag{\nfont-size:45px;\n}\n.av-special-heading.av-jwrxmez8-3b7dfd0200c28f489bcc863eaea314d4 .av-subheading{\nfont-size:15px;\n}\n\n@media only screen and (min-width: 480px) and (max-width: 767px){ \n#top #wrap_all .av-special-heading.av-jwrxmez8-3b7dfd0200c28f489bcc863eaea314d4 .av-special-heading-tag{\nfont-size:0.8em;\n}\n}\n\n@media only screen and (max-width: 479px){ \n#top #wrap_all .av-special-heading.av-jwrxmez8-3b7dfd0200c28f489bcc863eaea314d4 .av-special-heading-tag{\nfont-size:0.8em;\n}\n}\n<\/style>\n<div  class='av-special-heading av-jwrxmez8-3b7dfd0200c28f489bcc863eaea314d4 av-special-heading-h2 blockquote modern-quote modern-centered av-inherit-size'><h2 class='av-special-heading-tag'  itemprop=\"headline\"  >Ils t\u00e9moignent<\/h2><div class=\"special-heading-border\"><div class=\"special-heading-inner-border\"><\/div><\/div><\/div><br \/>\n<div  class='avia-testimonial-wrapper av-jt8sg7w3-8ed700dcfe28a7c81c37273704ded62a avia-slider-testimonials avia-slider-2-testimonials avia_animate_when_almost_visible av-large-testimonial-slider av-slideshow-ui av-control-default av-slider-hover-pause av-slideshow-autoplay av-loop-endless av-loop-manual-endless' data-slideshow-options=\"{&quot;animation&quot;:&quot;fade&quot;,&quot;autoplay&quot;:true,&quot;loop_autoplay&quot;:&quot;endless&quot;,&quot;interval&quot;:7,&quot;loop_manual&quot;:&quot;manual-endless&quot;,&quot;autoplay_stopper&quot;:false,&quot;noNavigation&quot;:false,&quot;bg_slider&quot;:false,&quot;keep_padding&quot;:&quot;&quot;,&quot;hoverpause&quot;:true,&quot;show_slide_delay&quot;:0}\">\n<section class=\"avia-testimonial-row\"><div class='avia-testimonial av-7wkd9y-895499f5f99febc7a258700a01085daa avia-testimonial-row-1 avia-first-testimonial flex_column no_margin av_one_half'><div class='avia-testimonial_inner'  itemscope=\"itemscope\" itemtype=\"https:\/\/schema.org\/CreativeWork\" ><div class='avia-testimonial-content '><div class='avia-testimonial-markup-entry-content'  itemprop=\"text\" ><p>\u00ab\u00a0Partir pour s\u2019installer en Dordogne, r\u00e9gion que nous ne connaissions pas, c\u2019\u00e9tait un projet qui paraissait un peu fou. Gr\u00e2ce au soutien de la CPAM, les \u00e9tapes se sont encha\u00een\u00e9es naturellement, les contacts ont \u00e9t\u00e9 facilit\u00e9s et le projet a avanc\u00e9 efficacement en quelques mois. Aujourd\u2019hui c\u2019est un changement r\u00e9ussi o\u00f9 toute la famille y a trouv\u00e9 son compte\u00a0!\u00a0\u00bb<\/p>\n<\/div><\/div><div class=\"avia-testimonial-meta\"><div class=\"avia-testimonial-arrow-wrap\"><div class=\"avia-arrow\"><\/div><\/div><div class='avia-testimonial-image'  itemprop=\"image\" ><img width=\"180\" height=\"180\" src=\"https:\/\/soignerenperigord.fr\/wp-content\/uploads\/2019\/05\/pedicure-podologue-180x180.jpg\" class=\"avia-img-lazy-loading-2363 attachment-square size-square\" alt=\"\" decoding=\"async\" loading=\"lazy\" srcset=\"https:\/\/soignerenperigord.fr\/wp-content\/uploads\/2019\/05\/pedicure-podologue-180x180.jpg 180w, https:\/\/soignerenperigord.fr\/wp-content\/uploads\/2019\/05\/pedicure-podologue-80x80.jpg 80w, https:\/\/soignerenperigord.fr\/wp-content\/uploads\/2019\/05\/pedicure-podologue-36x36.jpg 36w, https:\/\/soignerenperigord.fr\/wp-content\/uploads\/2019\/05\/pedicure-podologue-120x120.jpg 120w\" sizes=\"(max-width: 180px) 100vw, 180px\" \/><\/div><div class='avia-testimonial-meta-mini'  itemprop=\"author\" itemscope=\"itemscope\" itemtype=\"https:\/\/schema.org\/Person\" ><strong  class='avia-testimonial-name'  itemprop=\"name\" >Magali, P\u00e9dicure-Podologue<\/strong><span  class='avia-testimonial-subtitle '  itemprop=\"jobTitle\" >Install\u00e9e en Dordogne depuis 2010<\/span><\/div><\/div><\/div><\/div>\n<div class='avia-testimonial av-6f5sba-3f2ba6a30b413bb2370bfb71a3bf9940 avia-testimonial-row-1 flex_column no_margin av_one_half'><div class='avia-testimonial_inner'  itemscope=\"itemscope\" itemtype=\"https:\/\/schema.org\/CreativeWork\" ><div class='avia-testimonial-content '><div class='avia-testimonial-markup-entry-content'  itemprop=\"text\" ><p>\u00ab\u00a0Ma d\u00e9cision de venir m\u2019installer en Dordogne apr\u00e8s 25 ans sur Lille s\u2019est faite apr\u00e8s avoir connu la r\u00e9gion par biais d\u2019amis. Les principaux crit\u00e8res de choix\u00a0: tout d\u2019abord le c\u00f4t\u00e9 tr\u00e8s agr\u00e9able de la Dordogne\u00a0; la proximit\u00e9 avec Bordeaux\u00a0; un accueil chaleureux des professionnels de la sant\u00e9\u00a0; une aide pr\u00e9cieuse du service d\u2019accompagnement de la CPAM et enfin une aide importante de la Mairie.\u00a0\u00bb<\/p>\n<\/div><\/div><div class=\"avia-testimonial-meta\"><div class=\"avia-testimonial-arrow-wrap\"><div class=\"avia-arrow\"><\/div><\/div><div class='avia-testimonial-image'  itemprop=\"image\" ><img width=\"180\" height=\"180\" src=\"https:\/\/soignerenperigord.fr\/wp-content\/uploads\/2019\/05\/medecin-generaliste-180x180.jpg\" class=\"avia-img-lazy-loading-2366 attachment-square size-square\" alt=\"\" decoding=\"async\" loading=\"lazy\" srcset=\"https:\/\/soignerenperigord.fr\/wp-content\/uploads\/2019\/05\/medecin-generaliste-180x180.jpg 180w, https:\/\/soignerenperigord.fr\/wp-content\/uploads\/2019\/05\/medecin-generaliste-80x80.jpg 80w, https:\/\/soignerenperigord.fr\/wp-content\/uploads\/2019\/05\/medecin-generaliste-36x36.jpg 36w, https:\/\/soignerenperigord.fr\/wp-content\/uploads\/2019\/05\/medecin-generaliste-120x120.jpg 120w\" sizes=\"(max-width: 180px) 100vw, 180px\" \/><\/div><div class='avia-testimonial-meta-mini'  itemprop=\"author\" itemscope=\"itemscope\" itemtype=\"https:\/\/schema.org\/Person\" ><strong  class='avia-testimonial-name'  itemprop=\"name\" >Roger, M\u00e9decin G\u00e9n\u00e9raliste<\/strong><span  class='avia-testimonial-subtitle '  itemprop=\"jobTitle\" >Install\u00e9 en Dordogne depuis 2009<\/span><\/div><\/div><\/div><\/div>\n<div class='avia-testimonial av-3vfbfa-07d467625bab6274fd3da02cf17da9ed avia-testimonial-row-1 flex_column no_margin av_one_half'><div class='avia-testimonial_inner'  itemscope=\"itemscope\" itemtype=\"https:\/\/schema.org\/CreativeWork\" ><div class='avia-testimonial-content '><div class='avia-testimonial-markup-entry-content'  itemprop=\"text\" ><p>\u00ab\u00a0Fruit d\u2019un partenariat avec la CPAM dont le service d\u00e9di\u00e9 a su organiser les rencontres indispensables pour mener le projet \u00e0 bien, mon installation b\u00e9n\u00e9ficie des v\u0153ux de multiples bonnes f\u00e9es m\u00e9tamorphosant l\u2019ophtalmologiste des villes en ophtalmologiste des champs. Au bout de quelques mois d\u2019exercices, je peux d\u00e9j\u00e0 dire que mon installation est magnifique et je ne puis qu\u2019encourager les sp\u00e9cialistes et g\u00e9n\u00e9ralistes \u00e0 venir s\u2019installer dans nos \u00ab\u00a0d\u00e9serts m\u00e9dicaux\u00a0\u00bb, \u00e0 se relancer dans l\u2019aventure m\u00e9dicale si merveilleuse de mettre son savoir, son exp\u00e9rience au service de nos contemporains victimes de la d\u00e9m\u00e9dicalisation.\u00a0\u00bb<\/p>\n<\/div><\/div><div class=\"avia-testimonial-meta\"><div class=\"avia-testimonial-arrow-wrap\"><div class=\"avia-arrow\"><\/div><\/div><div class='avia-testimonial-image'  itemprop=\"image\" ><img width=\"180\" height=\"180\" src=\"https:\/\/soignerenperigord.fr\/wp-content\/uploads\/2019\/05\/Diagnostica-Oftalmologica-4-180x180.jpg\" class=\"avia-img-lazy-loading-2364 attachment-square size-square\" alt=\"\" decoding=\"async\" loading=\"lazy\" srcset=\"https:\/\/soignerenperigord.fr\/wp-content\/uploads\/2019\/05\/Diagnostica-Oftalmologica-4-180x180.jpg 180w, https:\/\/soignerenperigord.fr\/wp-content\/uploads\/2019\/05\/Diagnostica-Oftalmologica-4-80x80.jpg 80w, https:\/\/soignerenperigord.fr\/wp-content\/uploads\/2019\/05\/Diagnostica-Oftalmologica-4-36x36.jpg 36w, https:\/\/soignerenperigord.fr\/wp-content\/uploads\/2019\/05\/Diagnostica-Oftalmologica-4-120x120.jpg 120w, https:\/\/soignerenperigord.fr\/wp-content\/uploads\/2019\/05\/Diagnostica-Oftalmologica-4-450x450.jpg 450w\" sizes=\"(max-width: 180px) 100vw, 180px\" \/><\/div><div class='avia-testimonial-meta-mini'  itemprop=\"author\" itemscope=\"itemscope\" itemtype=\"https:\/\/schema.org\/Person\" ><strong  class='avia-testimonial-name'  itemprop=\"name\" >Fran\u00e7oise, Ophtalmologiste<\/strong><span  class='avia-testimonial-subtitle '  itemprop=\"jobTitle\" >Install\u00e9e en Dordogne depuis 2008<\/span><\/div><\/div><\/div><\/div>\n<div class='avia-testimonial av-2vht2e-dcef0aa9db8da7dbc0aba224c2899e62 avia-testimonial-row-1 flex_column no_margin av_one_half'><div class='avia-testimonial_inner'  itemscope=\"itemscope\" itemtype=\"https:\/\/schema.org\/CreativeWork\" ><div class='avia-testimonial-content '><div class='avia-testimonial-markup-entry-content'  itemprop=\"text\" ><p>\u00ab\u00a0Je suis tr\u00e8s satisfait du suivi de la CPAM pour mon installation et le suivi des dossiers patients. Je n\u2019ai aucun regret tant au niveau professionnel qu\u2019au niveau personnel. Le P\u00e9rigord est un pays extraordinaire. Je souhaite \u00e0 quiconque d\u00e9sirant de d\u2019installer de s\u2019adresser directement \u00e0 vous. Encore merci de m\u2019avoir \u00e9paul\u00e9. \u00bb<\/p>\n<\/div><\/div><div class=\"avia-testimonial-meta\"><div class=\"avia-testimonial-arrow-wrap\"><div class=\"avia-arrow\"><\/div><\/div><div class='avia-testimonial-image'  itemprop=\"image\" ><img width=\"180\" height=\"180\" src=\"https:\/\/soignerenperigord.fr\/wp-content\/uploads\/2019\/05\/cabinet-dentiste-180x180.jpg\" class=\"avia-img-lazy-loading-2365 attachment-square size-square\" alt=\"\" decoding=\"async\" loading=\"lazy\" srcset=\"https:\/\/soignerenperigord.fr\/wp-content\/uploads\/2019\/05\/cabinet-dentiste-180x180.jpg 180w, https:\/\/soignerenperigord.fr\/wp-content\/uploads\/2019\/05\/cabinet-dentiste-80x80.jpg 80w, https:\/\/soignerenperigord.fr\/wp-content\/uploads\/2019\/05\/cabinet-dentiste-36x36.jpg 36w, https:\/\/soignerenperigord.fr\/wp-content\/uploads\/2019\/05\/cabinet-dentiste-120x120.jpg 120w\" sizes=\"(max-width: 180px) 100vw, 180px\" \/><\/div><div class='avia-testimonial-meta-mini'  itemprop=\"author\" itemscope=\"itemscope\" itemtype=\"https:\/\/schema.org\/Person\" ><strong  class='avia-testimonial-name'  itemprop=\"name\" >Thierry, Chirurgien-dentiste<\/strong><span  class='avia-testimonial-subtitle '  itemprop=\"jobTitle\" >Install\u00e9 en Dordogne depuis 2008<\/span><\/div><\/div><\/div><\/div>\n<\/section><div class='avia-slideshow-arrows avia-slideshow-controls' ><a href='#prev' class='prev-slide ' aria-hidden='true' data-av_icon='\ue87c' data-av_iconfont='entypo-fontello'  tabindex='-1'>Pr\u00e9c\u00e9dent<\/a><a href='#next' class='next-slide ' aria-hidden='true' data-av_icon='\ue87d' data-av_iconfont='entypo-fontello'  tabindex='-1'>Suivant<\/a><\/div><\/div><\/p><\/div>\n<br \/>\n<\/div><\/div><\/div><!-- close content main div --><\/div><\/div>\n<style type=\"text\/css\" data-created_by=\"avia_inline_auto\" id=\"style-css-av-jtiqojev-b9c47a0bd8d46aac38700667d0c4d518\">\n.avia-section.av-jtiqojev-b9c47a0bd8d46aac38700667d0c4d518{\nbackground-repeat:no-repeat;\nbackground-image:url(https:\/\/soignerenperigord.fr\/wp-content\/uploads\/2019\/03\/Soigner-en-perigord-banniere-annonces.png);\nbackground-position:50% 50%;\nbackground-attachment:scroll;\n}\n<\/style>\n<div id='av_section_8'  class='avia-section av-jtiqojev-b9c47a0bd8d46aac38700667d0c4d518 main_color avia-section-default avia-no-border-styling avia-full-stretch avia-bg-style-scroll container_wrap sidebar_right'  data-section-bg-repeat='stretch'><div class='container av-section-cont-open' ><div class='template-page content  av-content-small alpha units'><div class='post-entry post-entry-type-page post-entry-9159'><div class='entry-content-wrapper clearfix'>\n\n<style type=\"text\/css\" data-created_by=\"avia_inline_auto\" id=\"style-css-av-9z2iu-ce5243758864f004818b20d4b709a119\">\n.flex_column.av-9z2iu-ce5243758864f004818b20d4b709a119{\n-webkit-border-radius:0px 0px 0px 0px;\n-moz-border-radius:0px 0px 0px 0px;\nborder-radius:0px 0px 0px 0px;\npadding:0px 0px 0px 0px;\n}\n<\/style>\n<div class='flex_column av-9z2iu-ce5243758864f004818b20d4b709a119 av_one_full first flex_column_div av-zero-column-padding '     ><p>\n<style type=\"text\/css\" data-created_by=\"avia_inline_auto\" id=\"style-css-av-1zltwm-8e40f5911074f162a8b6aa6ee625eccd\">\n#top .av-special-heading.av-1zltwm-8e40f5911074f162a8b6aa6ee625eccd{\npadding-bottom:10px;\ncolor:#ffffff;\nfont-size:45px;\n}\nbody .av-special-heading.av-1zltwm-8e40f5911074f162a8b6aa6ee625eccd .av-special-heading-tag .heading-char{\nfont-size:25px;\n}\n#top #wrap_all .av-special-heading.av-1zltwm-8e40f5911074f162a8b6aa6ee625eccd .av-special-heading-tag{\nfont-size:45px;\n}\n.av-special-heading.av-1zltwm-8e40f5911074f162a8b6aa6ee625eccd .special-heading-inner-border{\nborder-color:#ffffff;\n}\n.av-special-heading.av-1zltwm-8e40f5911074f162a8b6aa6ee625eccd .av-subheading{\nfont-size:32px;\n}\n\n@media only screen and (min-width: 480px) and (max-width: 767px){ \n#top #wrap_all .av-special-heading.av-1zltwm-8e40f5911074f162a8b6aa6ee625eccd .av-special-heading-tag{\nfont-size:0.8em;\n}\n}\n\n@media only screen and (max-width: 479px){ \n#top #wrap_all .av-special-heading.av-1zltwm-8e40f5911074f162a8b6aa6ee625eccd .av-special-heading-tag{\nfont-size:0.8em;\n}\n}\n<\/style>\n<div  class='av-special-heading av-1zltwm-8e40f5911074f162a8b6aa6ee625eccd av-special-heading-h3 custom-color-heading blockquote modern-quote modern-centered av-inherit-size'><h3 class='av-special-heading-tag'  itemprop=\"headline\"  >Un projet d\u2019installation ?<\/h3><div class='av_custom_color av-subheading av-subheading_below'><p>Collaboration, association, succession, remplacement&#8230;<\/p>\n<\/div><div class=\"special-heading-border\"><div class=\"special-heading-inner-border\"><\/div><\/div><\/div><br \/>\n\n<style type=\"text\/css\" data-created_by=\"avia_inline_auto\" id=\"style-css-av-jtiqsa3u-0735a2ead6e09f56c71e7b9975411674\">\n#top .hr.hr-invisible.av-jtiqsa3u-0735a2ead6e09f56c71e7b9975411674{\nheight:20px;\n}\n<\/style>\n<div  class='hr av-jtiqsa3u-0735a2ead6e09f56c71e7b9975411674 hr-invisible'><span class='hr-inner '><span class=\"hr-inner-style\"><\/span><\/span><\/div><\/p><\/div><div  class='avia-button-wrap av-jtiqncw2-d47e013acbd1c79b1c3f01c4b8303e93-wrap avia-button-center '><a href='\/?post_type%5B%5D=annonces&s=*&type=remp+collab+asso+collec&metier=null&lat=&long=&spe_med=null&date_from=&date_to=&type_structure=null&milieu=null'  class='avia-button av-jtiqncw2-d47e013acbd1c79b1c3f01c4b8303e93 avia-icon_select-yes-right-icon avia-size-large avia-position-center av-icon-on-hover avia-color-light'  ><span class='avia_iconbox_title' >Consulter les annonces<\/span><span class='avia_button_icon avia_button_icon_right' aria-hidden='true' data-av_icon='\ue83c' data-av_iconfont='entypo-fontello'><\/span><\/a><\/div>\n<\/div><\/div><\/div><!-- close content main div --><\/div><\/div><div id='after_section_8'  class='main_color av_default_container_wrap container_wrap sidebar_right'  ><div class='container av-section-cont-open' ><div class='template-page content  av-content-small alpha units'><div class='post-entry post-entry-type-page post-entry-9159'><div class='entry-content-wrapper clearfix'><\/p>\n","protected":false},"excerpt":{"rendered":"","protected":false},"author":19,"featured_media":0,"parent":0,"menu_order":0,"comment_status":"closed","ping_status":"closed","template":"","meta":[],"acf":[],"yoast_head":"<!-- This site is optimized with the Yoast SEO plugin v19.13 - https:\/\/yoast.com\/wordpress\/plugins\/seo\/ -->\n<title>L&#039;exercice coordonn\u00e9 en Dordogne<\/title>\n<meta name=\"description\" content=\"l &#039;exercice coordonn\u00e9 permet d&#039;offrir un cadre attractif d&#039;exercice pour les professionnels de sant\u00e9 en Dordogne.\" \/>\n<meta name=\"robots\" content=\"index, follow, max-snippet:-1, max-image-preview:large, max-video-preview:-1\" \/>\n<link rel=\"canonical\" href=\"https:\/\/soignerenperigord.fr\/?page_id=9159\" \/>\n<meta property=\"og:locale\" content=\"fr_FR\" \/>\n<meta property=\"og:type\" content=\"article\" \/>\n<meta property=\"og:title\" content=\"L&#039;exercice coordonn\u00e9 en Dordogne\" \/>\n<meta property=\"og:description\" content=\"l &#039;exercice coordonn\u00e9 permet d&#039;offrir un cadre attractif d&#039;exercice pour les professionnels de sant\u00e9 en Dordogne.\" \/>\n<meta property=\"og:url\" content=\"https:\/\/soignerenperigord.fr\/?page_id=9159\" \/>\n<meta property=\"og:site_name\" content=\"SoignerEnPerigord\" \/>\n<meta property=\"article:modified_time\" content=\"2026-08-17T07:49:44+00:00\" \/>\n<meta name=\"twitter:card\" content=\"summary_large_image\" \/>\n<meta name=\"twitter:label1\" content=\"Est. reading time\" \/>\n\t<meta name=\"twitter:data1\" content=\"62 minutes\" \/>\n<script type=\"application\/ld+json\" class=\"yoast-schema-graph\">{\"@context\":\"https:\/\/schema.org\",\"@graph\":[{\"@type\":\"WebPage\",\"@id\":\"https:\/\/soignerenperigord.fr\/?page_id=9159\",\"url\":\"https:\/\/soignerenperigord.fr\/?page_id=9159\",\"name\":\"L'exercice coordonn\u00e9 en Dordogne\",\"isPartOf\":{\"@id\":\"https:\/\/soignerenperigord.fr\/#website\"},\"datePublished\":\"2023-03-28T13:30:38+00:00\",\"dateModified\":\"2026-08-17T07:49:44+00:00\",\"description\":\"l 'exercice coordonn\u00e9 permet d'offrir un cadre attractif d'exercice pour les professionnels de sant\u00e9 en Dordogne.\",\"breadcrumb\":{\"@id\":\"https:\/\/soignerenperigord.fr\/?page_id=9159#breadcrumb\"},\"inLanguage\":\"fr-FR\",\"potentialAction\":[{\"@type\":\"ReadAction\",\"target\":[\"https:\/\/soignerenperigord.fr\/?page_id=9159\"]}]},{\"@type\":\"BreadcrumbList\",\"@id\":\"https:\/\/soignerenperigord.fr\/?page_id=9159#breadcrumb\",\"itemListElement\":[{\"@type\":\"ListItem\",\"position\":1,\"name\":\"Home\",\"item\":\"https:\/\/soignerenperigord.fr\/?page_id=1809\"},{\"@type\":\"ListItem\",\"position\":2,\"name\":\"Exercice coordonn\u00e9\"}]},{\"@type\":\"WebSite\",\"@id\":\"https:\/\/soignerenperigord.fr\/#website\",\"url\":\"https:\/\/soignerenperigord.fr\/\",\"name\":\"SoignerEnPerigord\",\"description\":\"Un site utilisant WordPress\",\"potentialAction\":[{\"@type\":\"SearchAction\",\"target\":{\"@type\":\"EntryPoint\",\"urlTemplate\":\"https:\/\/soignerenperigord.fr\/?s={search_term_string}\"},\"query-input\":\"required name=search_term_string\"}],\"inLanguage\":\"fr-FR\"}]}<\/script>\n<!-- \/ Yoast SEO plugin. -->","yoast_head_json":{"title":"L'exercice coordonn\u00e9 en Dordogne","description":"l 'exercice coordonn\u00e9 permet d'offrir un cadre attractif d'exercice pour les professionnels de sant\u00e9 en Dordogne.","robots":{"index":"index","follow":"follow","max-snippet":"max-snippet:-1","max-image-preview":"max-image-preview:large","max-video-preview":"max-video-preview:-1"},"canonical":"https:\/\/soignerenperigord.fr\/?page_id=9159","og_locale":"fr_FR","og_type":"article","og_title":"L'exercice coordonn\u00e9 en Dordogne","og_description":"l 'exercice coordonn\u00e9 permet d'offrir un cadre attractif d'exercice pour les professionnels de sant\u00e9 en Dordogne.","og_url":"https:\/\/soignerenperigord.fr\/?page_id=9159","og_site_name":"SoignerEnPerigord","article_modified_time":"2026-08-17T07:49:44+00:00","twitter_card":"summary_large_image","twitter_misc":{"Est. reading time":"62 minutes"},"schema":{"@context":"https:\/\/schema.org","@graph":[{"@type":"WebPage","@id":"https:\/\/soignerenperigord.fr\/?page_id=9159","url":"https:\/\/soignerenperigord.fr\/?page_id=9159","name":"L'exercice coordonn\u00e9 en Dordogne","isPartOf":{"@id":"https:\/\/soignerenperigord.fr\/#website"},"datePublished":"2023-03-28T13:30:38+00:00","dateModified":"2026-08-17T07:49:44+00:00","description":"l 'exercice coordonn\u00e9 permet d'offrir un cadre attractif d'exercice pour les professionnels de sant\u00e9 en Dordogne.","breadcrumb":{"@id":"https:\/\/soignerenperigord.fr\/?page_id=9159#breadcrumb"},"inLanguage":"fr-FR","potentialAction":[{"@type":"ReadAction","target":["https:\/\/soignerenperigord.fr\/?page_id=9159"]}]},{"@type":"BreadcrumbList","@id":"https:\/\/soignerenperigord.fr\/?page_id=9159#breadcrumb","itemListElement":[{"@type":"ListItem","position":1,"name":"Home","item":"https:\/\/soignerenperigord.fr\/?page_id=1809"},{"@type":"ListItem","position":2,"name":"Exercice coordonn\u00e9"}]},{"@type":"WebSite","@id":"https:\/\/soignerenperigord.fr\/#website","url":"https:\/\/soignerenperigord.fr\/","name":"SoignerEnPerigord","description":"Un site utilisant WordPress","potentialAction":[{"@type":"SearchAction","target":{"@type":"EntryPoint","urlTemplate":"https:\/\/soignerenperigord.fr\/?s={search_term_string}"},"query-input":"required name=search_term_string"}],"inLanguage":"fr-FR"}]}},"_links":{"self":[{"href":"https:\/\/soignerenperigord.fr\/index.php?rest_route=\/wp\/v2\/pages\/9159"}],"collection":[{"href":"https:\/\/soignerenperigord.fr\/index.php?rest_route=\/wp\/v2\/pages"}],"about":[{"href":"https:\/\/soignerenperigord.fr\/index.php?rest_route=\/wp\/v2\/types\/page"}],"author":[{"embeddable":true,"href":"https:\/\/soignerenperigord.fr\/index.php?rest_route=\/wp\/v2\/users\/19"}],"replies":[{"embeddable":true,"href":"https:\/\/soignerenperigord.fr\/index.php?rest_route=%2Fwp%2Fv2%2Fcomments&post=9159"}],"version-history":[{"count":3,"href":"https:\/\/soignerenperigord.fr\/index.php?rest_route=\/wp\/v2\/pages\/9159\/revisions"}],"predecessor-version":[{"id":9164,"href":"https:\/\/soignerenperigord.fr\/index.php?rest_route=\/wp\/v2\/pages\/9159\/revisions\/9164"}],"wp:attachment":[{"href":"https:\/\/soignerenperigord.fr\/index.php?rest_route=%2Fwp%2Fv2%2Fmedia&parent=9159"}],"curies":[{"name":"wp","href":"https:\/\/api.w.org\/{rel}","templated":true}]}}