{"id":3,"date":"2019-03-11T14:42:43","date_gmt":"2019-03-11T13:42:44","guid":{"rendered":"https:\/\/soignerenperigord.dordogne.fr\/?page_id=3"},"modified":"2024-01-04T11:00:29","modified_gmt":"2024-01-04T10:00:29","slug":"politique-de-confidentialite","status":"publish","type":"page","link":"https:\/\/soignerenperigord.fr\/?page_id=3","title":{"rendered":"Mentions l\u00e9gales et politique de confidentialit\u00e9"},"content":{"rendered":"\n<h2>Mentions l\u00e9gales et politique de confidentialit\u00e9<\/h2>\n\n\n\n<p><\/p>\n\n\n\n<p><strong>Editeurs : <\/strong><br>Conseil d\u00e9partemental de la Dordogne repr\u00e9sent\u00e9 par :<br>PEIRO Germinal<br>Pr\u00e9sident du Conseil d\u00e9partemental de la Dordogne<br>2 rue Paul Louis Courier<br>24019 PERIGUEUX<br>T\u00e9l : 05.53.02.20.20<br><a href=\"mailto:cd24@dordogne.fr\">cd24@dordogne.fr<\/a><\/p>\n\n\n\n<p>CPAM de la Dordogne repr\u00e9sent\u00e9e par :<br>CAMBLANNE Delphine<br>Directrice de la CPAM de la Dordogne<br>50 Rue Claude Bernard<br>24010 PERIGUEUX CEDEX<br>Email : <a href=\"mailto:secretariat.direction.cpam-perigueux@assurance-maladie.fr\">secretariat.direction.cpam-perigueux@assurance-maladie.fr<\/a><br><\/p>\n\n\n\n<p><strong>R\u00e9alisation du site :&nbsp;<\/strong><br>Smart\/Origin<br><a href=\"https:\/\/smart-origin.com\/\">https:\/\/smart-origin.com\/<\/a><br><\/p>\n\n\n\n<p><strong>H\u00e9bergement du site :<\/strong><br>Direction des Syst\u00e8mes d&#8217;Information et T\u00e9l\u00e9communication du Conseil d\u00e9partemental de la Dordogne<br>T\u00e9l : 05.53.02.20.20<\/p>\n\n\n\n<p><strong>Cr\u00e9ation graphique :&nbsp;<\/strong><br>Smart\/Origin<br><a href=\"https:\/\/smart-origin.com\/\">https:\/\/smart-origin.com\/<\/a><\/p>\n\n\n\n<p><strong>Navigation<\/strong><br>Le site Soigner en P\u00e9rigord est accessible 24\/24 &#8211; 7\/7, \u00e0 l\u2019exception des cas de force majeure, probl\u00e8mes informatiques, difficult\u00e9s li\u00e9es \u00e0 la structure des r\u00e9seaux de communications ou difficult\u00e9s techniques, et sous r\u00e9serve des \u00e9ventuelles pannes et interventions de maintenance n\u00e9cessaires au bon fonctionnement du site et des services.<br><\/p>\n\n\n\n<p><strong>Protection des donn\u00e9es personnelles<\/strong><br>Conform\u00e9ment \u00e0 la loi Informatique et libert\u00e9 du 6 janvier 1978 modifi\u00e9e et au R\u00e8glement G\u00e9n\u00e9ral sur la Protection des Donn\u00e9es du 25 mai 2018, vous disposez d&#8217;un droit d&#8217;opposition (art. 38), d&#8217;acc\u00e8s (art.39), de rectification ou de suppression (art.40) des donn\u00e9es qui vous concernent.<br><br>Vous pouvez exercer ce droit en \u00e9crivant \u00e0:<br>Conseil d\u00e9partemental de la Dordogne<br>Direction de la Communication et du site Internet<br>2 rue Paul Louis Courier CS11200<br>24019 P\u00e9rigueux Cedex<br><br>Vous pouvez \u00e9galement proc\u00e9der aux modifications ou suppression de vos propres donn\u00e9es personnelles, sans intervention de la part de l&#8217;\u00e9diteur, directement depuis votre espace personnel, rubrique &#8220;mon profil&#8221;.<br><\/p>\n\n\n\n<p><strong>T\u00e9moin de connexion : &#8220;Cookies&#8221;<\/strong><br>Vous \u00eates \u00e9galement inform\u00e9 que, lors de vos visites sur le site, un t\u00e9moin de connexion peut s\u2019installer automatiquement sur votre logiciel de navigation. Le t\u00e9moin de connexion est un bloc de donn\u00e9es qui ne permet pas de vous identifier en tant qu\u2019utilisateur mais qui permet d\u2019enregistrer des informations relatives \u00e0 votre navigation sur le site. <br><br>Les donn\u00e9es et statistiques que nous collectons au moyen de ces t\u00e9moins de connexion sont utilis\u00e9es de fa\u00e7on anonyme dans le seul et unique but d\u2019am\u00e9liorer l\u2019exp\u00e9rience utilisateur sur notre site web et  de vous offrir une navigation intuitive<br><\/p>\n\n\n\n<p><strong>Droit des bases de donn\u00e9es<\/strong><br>Tant le pr\u00e9sent site que les modalit\u00e9s et conditions de son utilisation sont r\u00e9gis par le droit fran\u00e7ais, quel que soit le lieu d&#8217;utilisation. En cas de contestation \u00e9ventuelle, et apr\u00e8s l&#8217;\u00e9chec de toute tentative de recherche d&#8217;une solution amiable, les tribunaux fran\u00e7ais seront seuls comp\u00e9tents pour conna\u00eetre de ce litige.<\/p>\n\n\n\n<p><strong>Droits d\u2019auteur et propri\u00e9t\u00e9 intellectuelle<\/strong><br>Le pr\u00e9sent site constitue une \u0153uvre dont le D\u00e9partement de la Dordogne et la CPAM de la Dordogne sont les auteurs au sens des articles L. 111-1 et suivants du Code de la propri\u00e9t\u00e9 intellectuelle.<br><br>Sauf autorisation \u00e9crite des \u00e9diteurs, toute utilisation des \u0153uvres autres que la reproduction et la consultation individuelles et priv\u00e9es, conformes \u00e0 l&#8217;article L. 122-5 du Code de la propri\u00e9t\u00e9 intellectuelle, est interdite et constitue un d\u00e9lit de contrefa\u00e7on sanctionn\u00e9 par les articles L. 335-2 et suivants du Code de la propri\u00e9t\u00e9 intellectuelle. En aucun cas, ces reproductions ne sauraient porter pr\u00e9judice aux droits des tiers.<\/p>\n\n\n\n<p><strong>Acceptation des conditions d&#8217;utilisation<\/strong><br>L&#8217;utilisateur reconna\u00eet avoir pris connaissance des conditions d&#8217;utilisation, au moment de sa connexion vers le site Soigner en P\u00e9rigord et d\u00e9clare express\u00e9ment les accepter sans r\u00e9serve.<\/p>\n\n\n\n<p><strong>Responsabilit\u00e9 :<\/strong><br>Les \u00e9diteurs attachent une importance toute particuli\u00e8re \u00e0 la v\u00e9rification des informations qu&#8217;il d\u00e9livre. Toutefois, les \u00e9diteurs ne sauraient garantir l&#8217;exactitude, la compl\u00e9tude, l&#8217;actualit\u00e9 des informations diffus\u00e9es sur le site, par lui-m\u00eame ou par d&#8217;autres utilisateurs.<br><br>En cons\u00e9quence, les \u00e9diteurs ne sauraient en aucun cas \u00eatre tenus responsables des \u00e9ventuels d\u00e9fauts, erreurs ou omissions existants sur ce site, ni de l&#8217;utilisation et de l&#8217;interpr\u00e9tation de l&#8217;information qu&#8217;il contient. Pour signaler une erreur ou demander la rectification d&#8217;informations, vous pouvez nous contacter par courriel : <a href=\"mailto:webmaster@dordogne.fr\">webmaster@dordogne.fr<\/a><br><br>Les liens pr\u00e9sents sur le site Soigner en P\u00e9rigord peuvent orienter l&#8217;utilisateur sur des sites ext\u00e9rieurs dont le contenu ne peut en aucune mani\u00e8re engager la responsabilit\u00e9 des \u00e9diteurs du site Soigner en P\u00e9rigord.<br><\/p>\n","protected":false},"excerpt":{"rendered":"<p>Mentions l\u00e9gales et politique de confidentialit\u00e9 Editeurs : Conseil d\u00e9partemental de la Dordogne repr\u00e9sent\u00e9 par :PEIRO GerminalPr\u00e9sident du Conseil d\u00e9partemental de la Dordogne2 rue Paul Louis Courier24019 PERIGUEUXT\u00e9l : 05.53.02.20.20cd24@dordogne.fr CPAM de la Dordogne repr\u00e9sent\u00e9e par :CAMBLANNE DelphineDirectrice de la CPAM de la Dordogne50 Rue Claude Bernard24010 PERIGUEUX CEDEXEmail : secretariat.direction.cpam-perigueux@assurance-maladie.fr R\u00e9alisation du site :&nbsp;Smart\/Originhttps:\/\/smart-origin.com\/ [&hellip;]<\/p>\n","protected":false},"author":1,"featured_media":0,"parent":0,"menu_order":0,"comment_status":"closed","ping_status":"open","template":"","meta":[],"acf":[],"yoast_head":"<!-- This site is optimized with the Yoast SEO plugin v19.13 - https:\/\/yoast.com\/wordpress\/plugins\/seo\/ -->\n<title>Mentions l\u00e9gales et politique de confidentialit\u00e9 - SoignerEnPerigord<\/title>\n<meta name=\"robots\" content=\"index, follow, max-snippet:-1, max-image-preview:large, max-video-preview:-1\" \/>\n<link rel=\"canonical\" href=\"https:\/\/soignerenperigord.fr\/?page_id=3\" \/>\n<meta property=\"og:locale\" content=\"fr_FR\" \/>\n<meta property=\"og:type\" content=\"article\" \/>\n<meta property=\"og:title\" content=\"Mentions l\u00e9gales et politique de confidentialit\u00e9 - SoignerEnPerigord\" \/>\n<meta property=\"og:description\" content=\"Mentions l\u00e9gales et politique de confidentialit\u00e9 Editeurs : Conseil d\u00e9partemental de la Dordogne repr\u00e9sent\u00e9 par :PEIRO GerminalPr\u00e9sident du Conseil d\u00e9partemental de la Dordogne2 rue Paul Louis Courier24019 PERIGUEUXT\u00e9l : 05.53.02.20.20cd24@dordogne.fr CPAM de la Dordogne repr\u00e9sent\u00e9e par :CAMBLANNE DelphineDirectrice de la CPAM de la Dordogne50 Rue Claude Bernard24010 PERIGUEUX CEDEXEmail : secretariat.direction.cpam-perigueux@assurance-maladie.fr R\u00e9alisation du site :&nbsp;Smart\/Originhttps:\/\/smart-origin.com\/ [&hellip;]\" \/>\n<meta property=\"og:url\" content=\"https:\/\/soignerenperigord.fr\/?page_id=3\" \/>\n<meta property=\"og:site_name\" content=\"SoignerEnPerigord\" \/>\n<meta property=\"article:modified_time\" content=\"2024-01-04T10:00:29+00:00\" \/>\n<meta name=\"twitter:card\" content=\"summary_large_image\" \/>\n<meta name=\"twitter:label1\" content=\"Est. reading time\" \/>\n\t<meta name=\"twitter:data1\" content=\"4 minutes\" \/>\n<script type=\"application\/ld+json\" class=\"yoast-schema-graph\">{\"@context\":\"https:\/\/schema.org\",\"@graph\":[{\"@type\":\"WebPage\",\"@id\":\"https:\/\/soignerenperigord.fr\/?page_id=3\",\"url\":\"https:\/\/soignerenperigord.fr\/?page_id=3\",\"name\":\"Mentions l\u00e9gales et politique de confidentialit\u00e9 - SoignerEnPerigord\",\"isPartOf\":{\"@id\":\"https:\/\/soignerenperigord.fr\/#website\"},\"datePublished\":\"2019-03-11T13:42:44+00:00\",\"dateModified\":\"2024-01-04T10:00:29+00:00\",\"breadcrumb\":{\"@id\":\"https:\/\/soignerenperigord.fr\/?page_id=3#breadcrumb\"},\"inLanguage\":\"fr-FR\",\"potentialAction\":[{\"@type\":\"ReadAction\",\"target\":[\"https:\/\/soignerenperigord.fr\/?page_id=3\"]}]},{\"@type\":\"BreadcrumbList\",\"@id\":\"https:\/\/soignerenperigord.fr\/?page_id=3#breadcrumb\",\"itemListElement\":[{\"@type\":\"ListItem\",\"position\":1,\"name\":\"Home\",\"item\":\"https:\/\/soignerenperigord.fr\/?page_id=1809\"},{\"@type\":\"ListItem\",\"position\":2,\"name\":\"Mentions l\u00e9gales et politique de confidentialit\u00e9\"}]},{\"@type\":\"WebSite\",\"@id\":\"https:\/\/soignerenperigord.fr\/#website\",\"url\":\"https:\/\/soignerenperigord.fr\/\",\"name\":\"SoignerEnPerigord\",\"description\":\"Un site utilisant WordPress\",\"potentialAction\":[{\"@type\":\"SearchAction\",\"target\":{\"@type\":\"EntryPoint\",\"urlTemplate\":\"https:\/\/soignerenperigord.fr\/?s={search_term_string}\"},\"query-input\":\"required name=search_term_string\"}],\"inLanguage\":\"fr-FR\"}]}<\/script>\n<!-- \/ Yoast SEO plugin. -->","yoast_head_json":{"title":"Mentions l\u00e9gales et politique de confidentialit\u00e9 - SoignerEnPerigord","robots":{"index":"index","follow":"follow","max-snippet":"max-snippet:-1","max-image-preview":"max-image-preview:large","max-video-preview":"max-video-preview:-1"},"canonical":"https:\/\/soignerenperigord.fr\/?page_id=3","og_locale":"fr_FR","og_type":"article","og_title":"Mentions l\u00e9gales et politique de confidentialit\u00e9 - SoignerEnPerigord","og_description":"Mentions l\u00e9gales et politique de confidentialit\u00e9 Editeurs : Conseil d\u00e9partemental de la Dordogne repr\u00e9sent\u00e9 par :PEIRO GerminalPr\u00e9sident du Conseil d\u00e9partemental de la Dordogne2 rue Paul Louis Courier24019 PERIGUEUXT\u00e9l : 05.53.02.20.20cd24@dordogne.fr CPAM de la Dordogne repr\u00e9sent\u00e9e par :CAMBLANNE DelphineDirectrice de la CPAM de la Dordogne50 Rue Claude Bernard24010 PERIGUEUX CEDEXEmail : secretariat.direction.cpam-perigueux@assurance-maladie.fr R\u00e9alisation du site :&nbsp;Smart\/Originhttps:\/\/smart-origin.com\/ [&hellip;]","og_url":"https:\/\/soignerenperigord.fr\/?page_id=3","og_site_name":"SoignerEnPerigord","article_modified_time":"2024-01-04T10:00:29+00:00","twitter_card":"summary_large_image","twitter_misc":{"Est. reading time":"4 minutes"},"schema":{"@context":"https:\/\/schema.org","@graph":[{"@type":"WebPage","@id":"https:\/\/soignerenperigord.fr\/?page_id=3","url":"https:\/\/soignerenperigord.fr\/?page_id=3","name":"Mentions l\u00e9gales et politique de confidentialit\u00e9 - SoignerEnPerigord","isPartOf":{"@id":"https:\/\/soignerenperigord.fr\/#website"},"datePublished":"2019-03-11T13:42:44+00:00","dateModified":"2024-01-04T10:00:29+00:00","breadcrumb":{"@id":"https:\/\/soignerenperigord.fr\/?page_id=3#breadcrumb"},"inLanguage":"fr-FR","potentialAction":[{"@type":"ReadAction","target":["https:\/\/soignerenperigord.fr\/?page_id=3"]}]},{"@type":"BreadcrumbList","@id":"https:\/\/soignerenperigord.fr\/?page_id=3#breadcrumb","itemListElement":[{"@type":"ListItem","position":1,"name":"Home","item":"https:\/\/soignerenperigord.fr\/?page_id=1809"},{"@type":"ListItem","position":2,"name":"Mentions l\u00e9gales et politique de confidentialit\u00e9"}]},{"@type":"WebSite","@id":"https:\/\/soignerenperigord.fr\/#website","url":"https:\/\/soignerenperigord.fr\/","name":"SoignerEnPerigord","description":"Un site utilisant WordPress","potentialAction":[{"@type":"SearchAction","target":{"@type":"EntryPoint","urlTemplate":"https:\/\/soignerenperigord.fr\/?s={search_term_string}"},"query-input":"required name=search_term_string"}],"inLanguage":"fr-FR"}]}},"_links":{"self":[{"href":"https:\/\/soignerenperigord.fr\/index.php?rest_route=\/wp\/v2\/pages\/3"}],"collection":[{"href":"https:\/\/soignerenperigord.fr\/index.php?rest_route=\/wp\/v2\/pages"}],"about":[{"href":"https:\/\/soignerenperigord.fr\/index.php?rest_route=\/wp\/v2\/types\/page"}],"author":[{"embeddable":true,"href":"https:\/\/soignerenperigord.fr\/index.php?rest_route=\/wp\/v2\/users\/1"}],"replies":[{"embeddable":true,"href":"https:\/\/soignerenperigord.fr\/index.php?rest_route=%2Fwp%2Fv2%2Fcomments&post=3"}],"version-history":[{"count":9,"href":"https:\/\/soignerenperigord.fr\/index.php?rest_route=\/wp\/v2\/pages\/3\/revisions"}],"predecessor-version":[{"id":10429,"href":"https:\/\/soignerenperigord.fr\/index.php?rest_route=\/wp\/v2\/pages\/3\/revisions\/10429"}],"wp:attachment":[{"href":"https:\/\/soignerenperigord.fr\/index.php?rest_route=%2Fwp%2Fv2%2Fmedia&parent=3"}],"curies":[{"name":"wp","href":"https:\/\/api.w.org\/{rel}","templated":true}]}}