{"id":2320,"date":"2019-05-06T11:15:36","date_gmt":"2019-05-06T09:15:36","guid":{"rendered":"https:\/\/soignerenperigord.dordogne.fr\/?page_id=2320"},"modified":"2026-02-09T10:49:28","modified_gmt":"2026-02-09T09:49:28","slug":"pratiquer-au-quotidien","status":"publish","type":"page","link":"https:\/\/soignerenperigord.fr\/?page_id=2320","title":{"rendered":"Pratiquer au quotidien"},"content":{"rendered":"<div id='av_section_1'  class='avia-section av-jt5uk2ev-fd64a8e7d873710bbccbf9e0e3e5e58b main_color avia-section-default avia-no-border-styling  avia-builder-el-0  el_before_av_section  avia-builder-el-first  avia-bg-style-scroll container_wrap sidebar_right'  ><div class='container av-section-cont-open' ><main  role=\"main\" itemprop=\"mainContentOfPage\"  class='template-page content  av-content-small alpha units'><div class='post-entry post-entry-type-page post-entry-2320'><div class='entry-content-wrapper clearfix'>\n\n<style type=\"text\/css\" data-created_by=\"avia_inline_auto\" id=\"style-css-av-1jj42a-51e1fbcca5d00870bab08cd27f95ac1e\">\n.flex_column.av-1jj42a-51e1fbcca5d00870bab08cd27f95ac1e{\n-webkit-border-radius:0px 0px 0px 0px;\n-moz-border-radius:0px 0px 0px 0px;\nborder-radius:0px 0px 0px 0px;\npadding:0px 0px 0px 0px;\n}\n<\/style>\n<div class='flex_column av-1jj42a-51e1fbcca5d00870bab08cd27f95ac1e av_one_full  avia-builder-el-1  el_before_av_one_full  avia-builder-el-first  first flex_column_div av-zero-column-padding '     ><style type=\"text\/css\" data-created_by=\"avia_inline_auto\" id=\"style-css-av-jw6hppt7-bb63b5bc1823dc770bc38d9839612048\">\n#top .av-special-heading.av-jw6hppt7-bb63b5bc1823dc770bc38d9839612048{\npadding-bottom:10px;\nfont-size:45px;\n}\nbody .av-special-heading.av-jw6hppt7-bb63b5bc1823dc770bc38d9839612048 .av-special-heading-tag .heading-char{\nfont-size:25px;\n}\n#top #wrap_all .av-special-heading.av-jw6hppt7-bb63b5bc1823dc770bc38d9839612048 .av-special-heading-tag{\nfont-size:45px;\n}\n.av-special-heading.av-jw6hppt7-bb63b5bc1823dc770bc38d9839612048 .av-subheading{\nfont-size:15px;\n}\n\n@media only screen and (min-width: 480px) and (max-width: 767px){ \n#top #wrap_all .av-special-heading.av-jw6hppt7-bb63b5bc1823dc770bc38d9839612048 .av-special-heading-tag{\nfont-size:0.8em;\n}\n}\n\n@media only screen and (max-width: 479px){ \n#top #wrap_all .av-special-heading.av-jw6hppt7-bb63b5bc1823dc770bc38d9839612048 .av-special-heading-tag{\nfont-size:0.8em;\n}\n}\n<\/style>\n<div  class='av-special-heading av-jw6hppt7-bb63b5bc1823dc770bc38d9839612048 av-special-heading-h1 blockquote modern-quote modern-centered  avia-builder-el-2  avia-builder-el-no-sibling  av-inherit-size'><h1 class='av-special-heading-tag'  itemprop=\"headline\"  >Pratiquer au quotidien<\/h1><div class=\"special-heading-border\"><div class=\"special-heading-inner-border\"><\/div><\/div><\/div><\/div>\n<style type=\"text\/css\" data-created_by=\"avia_inline_auto\" id=\"style-css-av-1dgq6i-4392de833b48a3a67458154c12da55f4\">\n.flex_column.av-1dgq6i-4392de833b48a3a67458154c12da55f4{\n-webkit-border-radius:0px 0px 0px 0px;\n-moz-border-radius:0px 0px 0px 0px;\nborder-radius:0px 0px 0px 0px;\npadding:0px 0px 0px 0px;\n}\n<\/style>\n<div class='flex_column av-1dgq6i-4392de833b48a3a67458154c12da55f4 av_one_full  avia-builder-el-3  el_after_av_one_full  el_before_av_hr  first flex_column_div av-zero-column-padding column-top-margin'     ><style type=\"text\/css\" data-created_by=\"avia_inline_auto\" id=\"style-css-av-jt60ttfw-9daa4a2ba1a922fbb8a495233d6181e3\">\n.avia-image-container.av-jt60ttfw-9daa4a2ba1a922fbb8a495233d6181e3 img.avia_image{\nbox-shadow:none;\n}\n.avia-image-container.av-jt60ttfw-9daa4a2ba1a922fbb8a495233d6181e3 .av-image-caption-overlay-center{\ncolor:#ffffff;\n}\n<\/style>\n<div  class='avia-image-container av-jt60ttfw-9daa4a2ba1a922fbb8a495233d6181e3 av-styling- av-hover-grow avia-align-center  avia-builder-el-4  avia-builder-el-no-sibling '   itemprop=\"image\" itemscope=\"itemscope\" itemtype=\"https:\/\/schema.org\/ImageObject\" ><div class=\"avia-image-container-inner\"><div class=\"avia-image-overlay-wrap\"><img decoding=\"async\" class='wp-image-2352 avia-img-lazy-loading-not-2352 avia_image ' src=\"https:\/\/soignerenperigord.fr\/wp-content\/uploads\/2019\/05\/Pratiquer-Quotidien-Medecin-Perigord.png\" alt='' title='Pratiquer-Quotidien-Medecin-Perigord'  height=\"615\" width=\"1040\"  itemprop=\"thumbnailUrl\" srcset=\"https:\/\/soignerenperigord.fr\/wp-content\/uploads\/2019\/05\/Pratiquer-Quotidien-Medecin-Perigord.png 1040w, https:\/\/soignerenperigord.fr\/wp-content\/uploads\/2019\/05\/Pratiquer-Quotidien-Medecin-Perigord-300x177.png 300w, https:\/\/soignerenperigord.fr\/wp-content\/uploads\/2019\/05\/Pratiquer-Quotidien-Medecin-Perigord-768x454.png 768w, https:\/\/soignerenperigord.fr\/wp-content\/uploads\/2019\/05\/Pratiquer-Quotidien-Medecin-Perigord-1030x609.png 1030w, https:\/\/soignerenperigord.fr\/wp-content\/uploads\/2019\/05\/Pratiquer-Quotidien-Medecin-Perigord-705x417.png 705w, https:\/\/soignerenperigord.fr\/wp-content\/uploads\/2019\/05\/Pratiquer-Quotidien-Medecin-Perigord-450x266.png 450w\" sizes=\"(max-width: 1040px) 100vw, 1040px\" \/><\/div><\/div><\/div><\/div>\n<style type=\"text\/css\" data-created_by=\"avia_inline_auto\" id=\"style-css-av-jtyilemo-f573bb39ac80c2c5101e0887c16a7bcd\">\n#top .hr.hr-invisible.av-jtyilemo-f573bb39ac80c2c5101e0887c16a7bcd{\nheight:40px;\n}\n<\/style>\n<div  class='hr av-jtyilemo-f573bb39ac80c2c5101e0887c16a7bcd hr-invisible  avia-builder-el-5  el_after_av_one_full  avia-builder-el-last '><span class='hr-inner '><span class=\"hr-inner-style\"><\/span><\/span><\/div>\n\n<\/div><\/div><\/main><!-- close content main element --><\/div><\/div>\n<style type=\"text\/css\" data-created_by=\"avia_inline_auto\" id=\"style-css-av-2cdl3e-e3afb497554d2de22dbb93bdffffc6e2\">\n.avia-section.av-2cdl3e-e3afb497554d2de22dbb93bdffffc6e2{\nmargin-top:0px;\nmargin-bottom:-5%;\n}\n<\/style>\n<div id='av_section_2'  class='avia-section av-2cdl3e-e3afb497554d2de22dbb93bdffffc6e2 alternate_color avia-section-default avia-no-border-styling  avia-builder-el-6  el_after_av_section  el_before_av_section  avia-bg-style-scroll container_wrap sidebar_right'  ><div class='container av-section-cont-open' ><div class='template-page content  av-content-small alpha units'><div class='post-entry post-entry-type-page post-entry-2320'><div class='entry-content-wrapper clearfix'>\n\n<style type=\"text\/css\" data-created_by=\"avia_inline_auto\" id=\"style-css-av-12k5gq-cccd34b09183ea14ae95cfec30272965\">\n.flex_column.av-12k5gq-cccd34b09183ea14ae95cfec30272965{\n-webkit-border-radius:0px 0px 0px 0px;\n-moz-border-radius:0px 0px 0px 0px;\nborder-radius:0px 0px 0px 0px;\npadding:0px 0px 0px 0px;\n}\n<\/style>\n<div class='flex_column av-12k5gq-cccd34b09183ea14ae95cfec30272965 av_one_full  avia-builder-el-7  avia-builder-el-no-sibling  first flex_column_div av-zero-column-padding '     ><p>\n<style type=\"text\/css\" data-created_by=\"avia_inline_auto\" id=\"style-css-av-266oy8-8931f100abee74d33b0bab35f1c3094c\">\n#top .av-special-heading.av-266oy8-8931f100abee74d33b0bab35f1c3094c{\npadding-bottom:10px;\nfont-size:45px;\n}\nbody .av-special-heading.av-266oy8-8931f100abee74d33b0bab35f1c3094c .av-special-heading-tag .heading-char{\nfont-size:25px;\n}\n#top #wrap_all .av-special-heading.av-266oy8-8931f100abee74d33b0bab35f1c3094c .av-special-heading-tag{\nfont-size:45px;\n}\n.av-special-heading.av-266oy8-8931f100abee74d33b0bab35f1c3094c .av-subheading{\nfont-size:15px;\n}\n\n@media only screen and (min-width: 480px) and (max-width: 767px){ \n#top #wrap_all .av-special-heading.av-266oy8-8931f100abee74d33b0bab35f1c3094c .av-special-heading-tag{\nfont-size:0.8em;\n}\n}\n\n@media only screen and (max-width: 479px){ \n#top #wrap_all .av-special-heading.av-266oy8-8931f100abee74d33b0bab35f1c3094c .av-special-heading-tag{\nfont-size:0.8em;\n}\n}\n<\/style>\n<div  class='av-special-heading av-266oy8-8931f100abee74d33b0bab35f1c3094c av-special-heading-h2 blockquote modern-quote modern-centered  avia-builder-el-8  el_before_av_hr  avia-builder-el-first  av-inherit-size'><h2 class='av-special-heading-tag'  itemprop=\"headline\"  >Relations avec la CPAM de la Dordogne <\/h2><div class=\"special-heading-border\"><div class=\"special-heading-inner-border\"><\/div><\/div><\/div><br \/>\n\n<style type=\"text\/css\" data-created_by=\"avia_inline_auto\" id=\"style-css-av-juwczyi2-f909362fddc9931101e62d2fa27e0c57\">\n#top .hr.hr-invisible.av-juwczyi2-f909362fddc9931101e62d2fa27e0c57{\nheight:60px;\n}\n<\/style>\n<div  class='hr av-juwczyi2-f909362fddc9931101e62d2fa27e0c57 hr-invisible  avia-builder-el-9  el_after_av_heading  avia-builder-el-last '><span class='hr-inner '><span class=\"hr-inner-style\"><\/span><\/span><\/div><\/p><\/div>\n\n<\/div><\/div><\/div><!-- close content main div --><\/div><\/div><div id='av_section_3'  class='avia-section av-h7f6x6-16813b2442cd0879cd953a9a0ad0977f alternate_color avia-section-default avia-no-border-styling  avia-builder-el-10  el_after_av_section  el_before_av_section  avia-bg-style-scroll container_wrap sidebar_right'  ><div class='container av-section-cont-open' ><div class='template-page content  av-content-small alpha units'><div class='post-entry post-entry-type-page post-entry-2320'><div class='entry-content-wrapper clearfix'>\n\n<style type=\"text\/css\" data-created_by=\"avia_inline_auto\" id=\"style-css-av-weyi2-0615eb989164fa3c9e907b3e228733c0\">\n.flex_column.av-weyi2-0615eb989164fa3c9e907b3e228733c0{\n-webkit-border-radius:0px 0px 0px 0px;\n-moz-border-radius:0px 0px 0px 0px;\nborder-radius:0px 0px 0px 0px;\npadding:0px 0px 0px 0px;\n}\n<\/style>\n<div class='flex_column av-weyi2-0615eb989164fa3c9e907b3e228733c0 av_one_third  avia-builder-el-11  el_before_av_two_third  avia-builder-el-first  first flex_column_div av-zero-column-padding '     ><p>\n<style type=\"text\/css\" data-created_by=\"avia_inline_auto\" id=\"style-css-av-juwczyi2-22-5eed1aa329a164c5bfff5353ef5f91bd\">\n#top .hr.hr-invisible.av-juwczyi2-22-5eed1aa329a164c5bfff5353ef5f91bd{\nheight:8px;\n}\n<\/style>\n<div  class='hr av-juwczyi2-22-5eed1aa329a164c5bfff5353ef5f91bd hr-invisible  avia-builder-el-12  el_before_av_image  avia-builder-el-first '><span class='hr-inner '><span class=\"hr-inner-style\"><\/span><\/span><\/div><br \/>\n\n<style type=\"text\/css\" data-created_by=\"avia_inline_auto\" id=\"style-css-av-s0xea1-1c58773928f347c11069df2dce1f1e83\">\n.avia-image-container.av-s0xea1-1c58773928f347c11069df2dce1f1e83 img.avia_image{\nbox-shadow:none;\n}\n.avia-image-container.av-s0xea1-1c58773928f347c11069df2dce1f1e83 .av-image-caption-overlay-center{\ncolor:#ffffff;\n}\n<\/style>\n<div  class='avia-image-container av-s0xea1-1c58773928f347c11069df2dce1f1e83 av-styling- avia-align-center  avia-builder-el-13  el_after_av_hr  avia-builder-el-last '   itemprop=\"image\" itemscope=\"itemscope\" itemtype=\"https:\/\/schema.org\/ImageObject\" ><div class=\"avia-image-container-inner\"><div class=\"avia-image-overlay-wrap\"><img decoding=\"async\" class='wp-image-2336 avia-img-lazy-loading-not-2336 avia_image ' src=\"https:\/\/soignerenperigord.fr\/wp-content\/uploads\/2019\/05\/Interlocuteurs-CPAM-24.png\" alt='' title='Interlocuteurs-CPAM-24'  height=\"355\" width=\"355\"  itemprop=\"thumbnailUrl\" srcset=\"https:\/\/soignerenperigord.fr\/wp-content\/uploads\/2019\/05\/Interlocuteurs-CPAM-24.png 355w, https:\/\/soignerenperigord.fr\/wp-content\/uploads\/2019\/05\/Interlocuteurs-CPAM-24-80x80.png 80w, https:\/\/soignerenperigord.fr\/wp-content\/uploads\/2019\/05\/Interlocuteurs-CPAM-24-300x300.png 300w, https:\/\/soignerenperigord.fr\/wp-content\/uploads\/2019\/05\/Interlocuteurs-CPAM-24-36x36.png 36w, https:\/\/soignerenperigord.fr\/wp-content\/uploads\/2019\/05\/Interlocuteurs-CPAM-24-180x180.png 180w, https:\/\/soignerenperigord.fr\/wp-content\/uploads\/2019\/05\/Interlocuteurs-CPAM-24-120x120.png 120w\" sizes=\"(max-width: 355px) 100vw, 355px\" \/><\/div><\/div><\/div><\/p><\/div>\n<style type=\"text\/css\" data-created_by=\"avia_inline_auto\" id=\"style-css-av-weyi2-21-b5b230aa278198f4728082bdcc1f227e\">\n.flex_column.av-weyi2-21-b5b230aa278198f4728082bdcc1f227e{\n-webkit-border-radius:0px 0px 0px 0px;\n-moz-border-radius:0px 0px 0px 0px;\nborder-radius:0px 0px 0px 0px;\npadding:0px 0px 0px 0px;\n}\n<\/style>\n<div class='flex_column av-weyi2-21-b5b230aa278198f4728082bdcc1f227e av_two_third  avia-builder-el-14  el_after_av_one_third  avia-builder-el-last  flex_column_div av-zero-column-padding '     ><div  class='togglecontainer av-jt5yx50t-bf8d9a10b468b1cdb5b3d33b8b11dd5a av-minimal-toggle  avia-builder-el-15  avia-builder-el-no-sibling  toggle_close_all' >\n<section class='av_toggle_section av-2oj9tc-14f32de3f4f74b37ff853e9de240c8e9'  itemscope=\"itemscope\" itemtype=\"https:\/\/schema.org\/CreativeWork\" ><div role=\"tablist\" class=\"single_toggle\" data-tags=\"{Tout} {1} \"  ><p data-fake-id='#toggle-id-1' class='toggler  activeTitle '  itemprop=\"headline\"  role='tab' tabindex='0' aria-controls='toggle-id-1'><strong>La plateforme de service m\u00e9dico-administrative (PFS-MDA)<\/strong><span class=\"toggle_icon\"><span class=\"vert_icon\"><\/span><span class=\"hor_icon\"><\/span><\/span><\/p><div id='toggle-id-1' class='toggle_wrap  active_tc' style='display:block;' ><div class='toggle_content invers-color '  itemprop=\"text\" ><p>La plateforme de service m\u00e9dico-administrative est votre interlocuteur central. Elle est positionn\u00e9e, dans le d\u00e9partement, comme \u00ab\u202f<strong>guichet unique\u202f<\/strong>\u00bb pour les professionnels de sant\u00e9.<span data-ccp-props=\"{\">\u00a0<\/span><\/p>\n<ul>\n<li><span data-contrast=\"none\">Accessible via un num\u00e9ro unique d\u2019appel : <\/span><span data-contrast=\"none\"><strong>3608.\u00a0<\/strong><\/span><\/li>\n<li><span data-contrast=\"none\">\u00c0 votre \u00e9coute, tout au long des diff\u00e9rentes phases de votre carri\u00e8re\u202f: \u00e9tudes, stages, remplacements, installation, activit\u00e9, cessation \u2026 sur les sujets relatifs aux aides et contrats de l\u2019ARS et de l\u2019Assurance maladie, en lien partenarial avec l\u2019URSSAF, l\u2019ARS, les Ordres, l\u2019URPS \u2026<\/span><span data-ccp-props=\"{\">\u00a0<\/span><\/li>\n<li><span data-contrast=\"none\">Dans votre pratique quotidienne, la plateforme de service m\u00e9dico-administrative vous apporte des r\u00e9ponses pratiques\u202f: facturation, paiement, r\u00e9f\u00e9rentiel, exercice conventionnel, pr\u00e9vention, \u00e9quipement, commande d\u2019imprim\u00e9s, DMP, sollicitation patient, dossier du patient, nomenclatures,\u2026<\/span><span data-ccp-props=\"{\">\u00a0<\/span><\/li>\n<\/ul>\n<p><img decoding=\"async\" loading=\"lazy\" class=\"alignnone size-medium wp-image-4435\" src=\"https:\/\/soignerenperigord.fr\/wp-content\/uploads\/2020\/01\/3608-300x51.png\" alt=\"\" width=\"300\" height=\"51\" srcset=\"https:\/\/soignerenperigord.fr\/wp-content\/uploads\/2020\/01\/3608-300x51.png 300w, https:\/\/soignerenperigord.fr\/wp-content\/uploads\/2020\/01\/3608-450x77.png 450w, https:\/\/soignerenperigord.fr\/wp-content\/uploads\/2020\/01\/3608.png 472w\" sizes=\"(max-width: 300px) 100vw, 300px\" \/><\/p>\n<\/div><\/div><\/div><\/section>\n<section class='av_toggle_section av-11fypo0-c9ae4606d720aa36d39780eada3010fa'  itemscope=\"itemscope\" itemtype=\"https:\/\/schema.org\/CreativeWork\" ><div role=\"tablist\" class=\"single_toggle\" data-tags=\"{Tout} {1} \"  ><p data-fake-id='#toggle-id-2' class='toggler   '  itemprop=\"headline\"  role='tab' tabindex='0' aria-controls='toggle-id-2'><strong>Les D\u00e9l\u00e9gu\u00e9s Assurance Maladie (DAM)<\/strong><span class=\"toggle_icon\"><span class=\"vert_icon\"><\/span><span class=\"hor_icon\"><\/span><\/span><\/p><div id='toggle-id-2' class='toggle_wrap  '  ><div class='toggle_content invers-color '  itemprop=\"text\" ><p>Pour vous aider dans votre exercice professionnel, <strong>b\u00e9n\u00e9ficiez de l&#8217;aide des d\u00e9l\u00e9gu\u00e9s de l&#8217;Assurance Maladie<\/strong> (DAM). D\u00e9couvrez quel est leur r\u00f4le et comment ils peuvent vous aider.<span data-ccp-props=\"{\"201341983\":0,\"335559739\":0,\"335559740\":240}\">\u00a0<\/span><\/p>\n<p><strong>Quel est le r\u00f4le des d\u00e9l\u00e9gu\u00e9s de l\u2019Assurance Maladie ?\u00a0<\/strong><\/p>\n<p><span data-contrast=\"none\">\u00a0<\/span><span data-contrast=\"none\">Interlocuteurs privil\u00e9gi\u00e9s des professionnels de sant\u00e9, les d\u00e9l\u00e9gu\u00e9s de l\u2019Assurance Maladie ont pour r\u00f4le de favoriser la ma\u00eetrise m\u00e9dicalis\u00e9e des d\u00e9penses par le partage d\u2019informations utiles \u00e0 votre pratique.<\/span><span data-ccp-props=\"{\"201341983\":0,\"335559739\":0,\"335559740\":240}\">\u00a0<\/span><\/p>\n<p><span data-contrast=\"none\">Ils prennent \u00e9galement le relais des mesures prises en faveur de la sant\u00e9 publique et d\u00e9veloppent la coop\u00e9ration professionnelle favorisant la ma\u00eetrise du syst\u00e8me de soins.<\/span><span data-ccp-props=\"{\"201341983\":0,\"335559739\":0,\"335559740\":240}\">\u00a0<\/span><\/p>\n<p><strong>Comment les DAM vous accompagnent-ils ?\u00a0<\/strong><\/p>\n<p>Lors des \u00e9changes confraternels ou des visites des d\u00e9l\u00e9gu\u00e9s de l\u2019Assurance Maladie (DAM), l\u2019Assurance Maladie vous apporte des informations actualis\u00e9es facilitant votre exercice professionnel :<span data-ccp-props=\"{\"201341983\":0,\"335559739\":0,\"335559740\":240}\">\u00a0<\/span><\/p>\n<ul>\n<li><span data-contrast=\"none\">recommandations de bonnes pratiques \u00e9manant des agences sanitaires nationales ;<\/span><span data-ccp-props=\"{\"201341983\":0,\"335559739\":0,\"335559740\":240}\">\u00a0<\/span><\/li>\n<li><span data-contrast=\"none\">\u00e9tat des lieux th\u00e9matique des pratiques sur le territoire ou pr\u00e9sentation de r\u00e9sultats d\u2019\u00e9tudes ;<\/span><span data-ccp-props=\"{\"201341983\":0,\"335559739\":0,\"335559740\":240}\">\u00a0<\/span><\/li>\n<li>informations personnalis\u00e9es sur le th\u00e8me de l\u2019\u00e9change pour vous permettre de situer votre pratique au regard de celle de vos confr\u00e8res du d\u00e9partement ou de la r\u00e9gion ;<span data-ccp-props=\"{\"201341983\":0,\"335559739\":0,\"335559740\":240}\">\u00a0<\/span><\/li>\n<li><span data-contrast=\"none\">outils d\u2019aide \u00e0 la pratique (m\u00e9mos de bonne pratique, arbre d\u00e9cisionnel, m\u00e9mos co\u00fbt) ;<\/span><span data-ccp-props=\"{\"201341983\":0,\"335559739\":0,\"335559740\":240}\">\u00a0<\/span><\/li>\n<li><span data-contrast=\"none\">pr\u00e9sentation en avant-premi\u00e8re de futures campagnes de communication destin\u00e9es aux assur\u00e9s ;<\/span><span data-ccp-props=\"{\"201341983\":0,\"335559739\":0,\"335559740\":240}\">\u00a0<\/span><\/li>\n<li><span data-contrast=\"none\">brochures destin\u00e9es aux patients pour qu\u2019ils soient mieux inform\u00e9s et plus observants de vos recommandations.<\/span><span data-ccp-props=\"{\"201341983\":0,\"335559739\":0,\"335559740\":240}\">\u00a0<\/span><\/li>\n<\/ul>\n<\/div><\/div><\/div><\/section>\n<section class='av_toggle_section av-zws9bk-76820be62a4ef36b92b6b26e944ad454'  itemscope=\"itemscope\" itemtype=\"https:\/\/schema.org\/CreativeWork\" ><div role=\"tablist\" class=\"single_toggle\" data-tags=\"{Tout} {1} \"  ><p data-fake-id='#toggle-id-3' class='toggler   '  itemprop=\"headline\"  role='tab' tabindex='0' aria-controls='toggle-id-3'><strong>Les D\u00e9l\u00e9gu\u00e9s Num\u00e9rique en Sant\u00e9 (DNS)<\/strong><span class=\"toggle_icon\"><span class=\"vert_icon\"><\/span><span class=\"hor_icon\"><\/span><\/span><\/p><div id='toggle-id-3' class='toggle_wrap  '  ><div class='toggle_content invers-color '  itemprop=\"text\" ><p><strong>Les d\u00e9l\u00e9gu\u00e9s num\u00e9rique en sant\u00e9<\/strong>\u00a0sont vos interlocuteurs privil\u00e9gi\u00e9s pour les d\u00e9marches en ligne et documents d\u00e9mat\u00e9rialis\u00e9s. Ils vous renseignent, prennent la main \u00e0 distance sur votre poste informatique pour vous assister (en connexion s\u00e9curis\u00e9e), ou bien se d\u00e9placent \u00e0 votre cabinet.<span data-ccp-props=\"{\">\u00a0<\/span><span data-contrast=\"none\">\u00a0<\/span><\/p>\n<p><span data-contrast=\"none\"><strong>Les d\u00e9l\u00e9gu\u00e9s num\u00e9rique en sant\u00e9<\/strong>\u00a0sont vos interlocuteurs privil\u00e9gi\u00e9s pour toutes les questions relatives aux d\u00e9marches en ligne et aux documents d\u00e9mat\u00e9rialis\u00e9s. Ils peuvent vous venir en aide pour les sujets suivants :<\/span><span data-ccp-props=\"{\">\u00a0<\/span><\/p>\n<ul>\n<li><span data-contrast=\"none\">aide \u00e0 l\u2019informatisation du cabinet ;<\/span><span data-ccp-props=\"{\">\u00a0<\/span><\/li>\n<li><span data-contrast=\"none\">conseils sur l\u2019utilisation des outils de facturation et des t\u00e9l\u00e9services int\u00e9gr\u00e9s ou non \u00e0 leurs logiciels m\u00e9tiers ;<\/span><span data-ccp-props=\"{\">\u00a0<\/span><\/li>\n<li><span data-contrast=\"none\">formation \u00e0 l\u2019utilisation des services d\u00e9mat\u00e9rialis\u00e9s propos\u00e9s par l\u2019Assurance Maladie ;<\/span><span data-ccp-props=\"{\">\u00a0<\/span><\/li>\n<li><span data-contrast=\"none\">assistance technique (d\u00e9marrage d\u2019utilisation des t\u00e9l\u00e9services, r\u00e9solution d\u2019incidents).<\/span><\/li>\n<\/ul>\n<\/div><\/div><\/div><\/section>\n<section class='av_toggle_section av-8lz74-583cb22bd749e228d567d4f439db56aa'  itemscope=\"itemscope\" itemtype=\"https:\/\/schema.org\/CreativeWork\" ><div role=\"tablist\" class=\"single_toggle\" data-tags=\"{Tout} {1} \"  ><p data-fake-id='#toggle-id-4' class='toggler   '  itemprop=\"headline\"  role='tab' tabindex='0' aria-controls='toggle-id-4'><strong>T\u00e9l\u00e9service - Portail de paiement des astreintes (PEGASE)<\/strong><span class=\"toggle_icon\"><span class=\"vert_icon\"><\/span><span class=\"hor_icon\"><\/span><\/span><\/p><div id='toggle-id-4' class='toggle_wrap  '  ><div class='toggle_content invers-color '  itemprop=\"text\" ><p><strong>D\u00e9mat\u00e9rialisation\u00a0des\u00a0demandes\u00a0de paiement d&#8217;astreinte de l&#8217;Assurance Maladie.\u00a0<\/strong><\/p>\n<p><span data-contrast=\"auto\">Les m\u00e9decins se connectent \u00e0 PEGASE depuis AMELIPRO via leur CPS, pour contr\u00f4ler et demander le paiement des gardes. La demande de paiement d&#8217;astreinte <\/span><span data-contrast=\"auto\">est\u00a0<\/span><span data-contrast=\"auto\">d\u00e9mat\u00e9rialis\u00e9e<\/span><span data-contrast=\"auto\">. Elle est envoy\u00e9e\u00a0<\/span><span data-contrast=\"auto\">\u00e0 la CPAM est pay\u00e9e dans les 5 jours ouvr\u00e9s.<\/span><span data-ccp-props=\"{\">\u00a0<\/span><\/p>\n<\/div><\/div><\/div><\/section>\n<\/div><\/div><\/div><\/div><\/div><!-- close content main div --><\/div><\/div>\n<style type=\"text\/css\" data-created_by=\"avia_inline_auto\" id=\"style-css-av-2cdl3e-23-3b17e407ba5edff3b4d68a74fc7ac49e\">\n.avia-section.av-2cdl3e-23-3b17e407ba5edff3b4d68a74fc7ac49e{\nmargin-top:0px;\nmargin-bottom:-2%;\n}\n<\/style>\n<div id='av_section_4'  class='avia-section av-2cdl3e-23-3b17e407ba5edff3b4d68a74fc7ac49e main_color avia-section-default avia-no-border-styling  avia-builder-el-16  el_after_av_section  el_before_av_tab_section  avia-bg-style-scroll container_wrap sidebar_right'  ><div class='container av-section-cont-open' ><div class='template-page content  av-content-small alpha units'><div class='post-entry post-entry-type-page post-entry-2320'><div class='entry-content-wrapper clearfix'>\n\n<style type=\"text\/css\" data-created_by=\"avia_inline_auto\" id=\"style-css-av-296nqy-8a94d007904452b1c3d9dbb6258d5ccd\">\n.flex_column.av-296nqy-8a94d007904452b1c3d9dbb6258d5ccd{\n-webkit-border-radius:0px 0px 0px 0px;\n-moz-border-radius:0px 0px 0px 0px;\nborder-radius:0px 0px 0px 0px;\npadding:0px 0px 0px 0px;\n}\n<\/style>\n<div class='flex_column av-296nqy-8a94d007904452b1c3d9dbb6258d5ccd av_one_full  avia-builder-el-17  avia-builder-el-no-sibling  first flex_column_div av-zero-column-padding '     ><style type=\"text\/css\" data-created_by=\"avia_inline_auto\" id=\"style-css-av-jvc6mqi3-240f88d77a17611529b34fb4a169576b\">\n#top .av-special-heading.av-jvc6mqi3-240f88d77a17611529b34fb4a169576b{\npadding-bottom:10px;\nfont-size:45px;\n}\nbody .av-special-heading.av-jvc6mqi3-240f88d77a17611529b34fb4a169576b .av-special-heading-tag .heading-char{\nfont-size:25px;\n}\n#top #wrap_all .av-special-heading.av-jvc6mqi3-240f88d77a17611529b34fb4a169576b .av-special-heading-tag{\nfont-size:45px;\n}\n.av-special-heading.av-jvc6mqi3-240f88d77a17611529b34fb4a169576b .av-subheading{\nfont-size:15px;\n}\n\n@media only screen and (min-width: 480px) and (max-width: 767px){ \n#top #wrap_all .av-special-heading.av-jvc6mqi3-240f88d77a17611529b34fb4a169576b .av-special-heading-tag{\nfont-size:0.8em;\n}\n}\n\n@media only screen and (max-width: 479px){ \n#top #wrap_all .av-special-heading.av-jvc6mqi3-240f88d77a17611529b34fb4a169576b .av-special-heading-tag{\nfont-size:0.8em;\n}\n}\n<\/style>\n<div  class='av-special-heading av-jvc6mqi3-240f88d77a17611529b34fb4a169576b av-special-heading-h2 blockquote modern-quote modern-centered  avia-builder-el-18  avia-builder-el-no-sibling  av-inherit-size'><h2 class='av-special-heading-tag'  itemprop=\"headline\"  >Participer \u00e0 la permanence des soins<\/h2><div class=\"special-heading-border\"><div class=\"special-heading-inner-border\"><\/div><\/div><\/div><\/div>\n<\/p>\n\n<style type=\"text\/css\" data-created_by=\"avia_inline_auto\" id=\"style-css-av-jt5ya1wb-d7a6f59dcc7ca62c1dcd20ecf7eb9283\">\n.av-tab-section-outer-container.av-jt5ya1wb-d7a6f59dcc7ca62c1dcd20ecf7eb9283 .av-tab-section-tab-title-container{\nbackground-color:#ffffff;\n}\n#top .av-tab-section-outer-container.av-jt5ya1wb-d7a6f59dcc7ca62c1dcd20ecf7eb9283 .av-section-tab-title{\ncolor:#238388;\n}\n<\/style>\n<\/div><\/div><\/div><!-- close content main div --><\/div><\/div><div id='av-tab-section-1'  class='av-tab-section-container entry-content-wrapper main_color av-tab-slide-transition av-tab-content-auto  av-tab-above-content  avia-builder-el-19  el_after_av_section  el_before_av_section  tab-section-not-first container_wrap sidebar_right'  ><div class='av-tab-section-outer-container av-jt5ya1wb-d7a6f59dcc7ca62c1dcd20ecf7eb9283'><div class='av-tab-section-tab-title-container avia-tab-title-padding-default av-custom-tab-color' role='tablist'><a href='#mdecin' data-av-tab-section-title='1' class='av-section-tab-title av-active-tab-title no-scroll av-jt5xh6y5-d0e588208ee8c754f0f321b09545cb9f av-tab-no-icon av-tab-with-image noHover ' role='tab' tabindex='0' aria-controls='av-tab-section-1-1'><span class='av-tab-section-image' style='background-image: url(https:\/\/soignerenperigord.fr\/wp-content\/uploads\/2019\/03\/etudes-medecine.png);'><\/span><span class='av-outer-tab-title'><span class='av-inner-tab-title'>M\u00e9decin<\/span><\/span><span class=\"av-tab-arrow-container\"><span><\/span><\/span><\/a><a href='#chirurgien-dentiste' data-av-tab-section-title='2' class='av-section-tab-title  av-jt5xl4sn-ae649e848a98d6682e9620ad504eedce av-tab-no-icon av-tab-with-image noHover ' role='tab' tabindex='0' aria-controls='av-tab-section-1-2'><span class='av-tab-section-image' style='background-image: url(https:\/\/soignerenperigord.fr\/wp-content\/uploads\/2019\/03\/etudes-medicales.png);'><\/span><span class='av-outer-tab-title'><span class='av-inner-tab-title'>Chirurgien-dentiste<\/span><\/span><span class=\"av-tab-arrow-container\"><span><\/span><\/span><\/a><a href='#pharmacien' data-av-tab-section-title='3' class='av-section-tab-title  av-jt5xk2g8-8ccd0ea7126d98996b7a66c87e495795 av-tab-no-icon av-tab-with-image noHover ' role='tab' tabindex='0' aria-controls='av-tab-section-1-3'><span class='av-tab-section-image' style='background-image: url(https:\/\/soignerenperigord.fr\/wp-content\/uploads\/2019\/03\/etudes-kine-ostheo.png);'><\/span><span class='av-outer-tab-title'><span class='av-inner-tab-title'>Pharmacien<\/span><\/span><span class=\"av-tab-arrow-container\"><span><\/span><\/span><\/a><\/div><div class='avia-slideshow-arrows av-tabsection-arrow' ><a href='#prev' class='prev-slide av_prev_tab_section av-tab-section-slide' aria-hidden='true' data-av_icon='\ue87c' data-av_iconfont='entypo-fontello'  tabindex='-1'>Pr\u00e9c\u00e9dent<\/a><a href='#next' class='next-slide av_next_tab_section av-tab-section-slide' aria-hidden='true' data-av_icon='\ue87d' data-av_iconfont='entypo-fontello'  tabindex='-1'>Suivant<\/a><\/div><div class='av-tab-section-inner-container avia-section-default' style='width:300vw; left:0%;'><span class=\"av_prev_tab_section av_tab_navigation\"><\/span><span class=\"av_next_tab_section av_tab_navigation\"><\/span>\n\n<style type=\"text\/css\" data-created_by=\"avia_inline_auto\" id=\"style-css-av-jt5xh6y5-d0e588208ee8c754f0f321b09545cb9f\">\n.av-layout-tab.av-jt5xh6y5-d0e588208ee8c754f0f321b09545cb9f{\nvertical-align:top;\nbackground-color:#f8f8f8;\n}\n#top .av-tab-section-outer-container.av-jt5ya1wb-d7a6f59dcc7ca62c1dcd20ecf7eb9283 .av-active-tab-title.av-section-tab-title.av-jt5xh6y5-d0e588208ee8c754f0f321b09545cb9f{\ncolor:#51becb;\n}\n#top .av-tab-section-outer-container.av-jt5ya1wb-d7a6f59dcc7ca62c1dcd20ecf7eb9283 .av-active-tab-title.av-section-tab-title.av-jt5xh6y5-d0e588208ee8c754f0f321b09545cb9f .av-tab-arrow-container span{\nbackground-color:#f8f8f8;\n}\n<\/style>\n<div id='av-tab-section-1-1' class='av-layout-tab av-jt5xh6y5-d0e588208ee8c754f0f321b09545cb9f av-animation-delay-container  avia-builder-el-20  el_before_av_tab_sub_section  avia-builder-el-first  av-active-tab-content __av_init_open ' data-av-deeplink-tabs=\"\" data-av-tab-section-content=\"1\" data-tab-section-id=\"mdecin\"><div class=\"av-layout-tab-inner\"><div class=\"container\">\n<style type=\"text\/css\" data-created_by=\"avia_inline_auto\" id=\"style-css-av-weyi2-20-3c1a4dcd777533eb3ecdc9ac15ac1b11\">\n.flex_column.av-weyi2-20-3c1a4dcd777533eb3ecdc9ac15ac1b11{\n-webkit-border-radius:0px 0px 0px 0px;\n-moz-border-radius:0px 0px 0px 0px;\nborder-radius:0px 0px 0px 0px;\npadding:0px 0px 0px 0px;\n}\n<\/style>\n<div class='flex_column av-weyi2-20-3c1a4dcd777533eb3ecdc9ac15ac1b11 av_one_full  avia-builder-el-21  avia-builder-el-no-sibling  first flex_column_div av-zero-column-padding '     ><style type=\"text\/css\" data-created_by=\"avia_inline_auto\" id=\"style-css-av-jt5yx50t-19-8973a57a217caece681188980534495b\">\n#top .togglecontainer.av-jt5yx50t-19-8973a57a217caece681188980534495b p.toggler{\ncolor:#238388;\nbackground-color:#ffffff;\n}\n#top .togglecontainer.av-jt5yx50t-19-8973a57a217caece681188980534495b p.toggler.activeTitle{\ncolor:#238388;\nborder-color:#238388;\nbackground-color:#ffffff;\n}\n#top .togglecontainer.av-jt5yx50t-19-8973a57a217caece681188980534495b p.toggler .toggle_icon{\ncolor:#238388;\nborder-color:#238388;\n}\n#top .togglecontainer.av-jt5yx50t-19-8973a57a217caece681188980534495b .toggle_wrap .toggle_content{\ncolor:#238388;\nbackground-color:#ffffff;\n}\n<\/style>\n<div  class='togglecontainer av-jt5yx50t-19-8973a57a217caece681188980534495b av-elegant-toggle  avia-builder-el-22  avia-builder-el-no-sibling  toggle_close_all hasCurrentStyle' >\n<section class='av_toggle_section av-7ryy8-256df9055c9044c5c65a0fe1560a8ec2'  itemscope=\"itemscope\" itemtype=\"https:\/\/schema.org\/CreativeWork\" ><div role=\"tablist\" class=\"single_toggle\" data-tags=\"{Tout} {1} \"  ><p data-fake-id='#toggle-id-5' class='toggler   av-inherit-font-color hasCustomColor'  itemprop=\"headline\"  role='tab' tabindex='0' aria-controls='toggle-id-5'><strong>En quoi consiste la permanence des soins ambulatoire (PDSA) ?<\/strong><span class=\"toggle_icon\"><span class=\"vert_icon\"><\/span><span class=\"hor_icon\"><\/span><\/span><\/p><div id='toggle-id-5' class='toggle_wrap  '  ><div class='toggle_content invers-color av-inherit-font-color hasCustomColor'  itemprop=\"text\" ><p>Elle correspond \u00e0 la r\u00e9ponse apport\u00e9e aux besoins de soins non programm\u00e9s de la population aux heures de fermeture habituelle des cabinets lib\u00e9raux et des centres de sant\u00e9. <strong>Elle est organis\u00e9e :<\/strong><\/p>\n<ul>\n<li><strong>toutes les nuits de 20h \u00e0 minuit.<br \/>\n<\/strong><\/li>\n<li><strong>les dimanches et jours f\u00e9ri\u00e9s de 8h \u00e0 20h.<\/strong><\/li>\n<\/ul>\n<p>En fonction des besoins de la population, ces horaires peuvent \u00eatre modul\u00e9s et notamment \u00eatre \u00e9tendus aux samedis \u00e0 partir de 12h ainsi qu&#8217;aux lundis, vendredis et samedis dits &#8220;de ponts&#8221;.<\/p>\n<\/div><\/div><\/div><\/section>\n<section class='av_toggle_section av-v2fgtc-1bb1d69bad1359db149de33a7069cc41'  itemscope=\"itemscope\" itemtype=\"https:\/\/schema.org\/CreativeWork\" ><div role=\"tablist\" class=\"single_toggle\" data-tags=\"{Tout} \"  ><p data-fake-id='#toggle-id-6' class='toggler   av-inherit-font-color hasCustomColor'  itemprop=\"headline\"  role='tab' tabindex='0' aria-controls='toggle-id-6'><strong>Comment est-elle organis\u00e9e ?<\/strong><span class=\"toggle_icon\"><span class=\"vert_icon\"><\/span><span class=\"hor_icon\"><\/span><\/span><\/p><div id='toggle-id-6' class='toggle_wrap  '  ><div class='toggle_content invers-color av-inherit-font-color hasCustomColor'  itemprop=\"text\" ><p>L&#8217;organisation de la PDSA repose sur une r\u00e9gulation m\u00e9dicale des appels <strong>assur\u00e9e par des m\u00e9decins lib\u00e9raux volontaires.<\/strong><br \/>\nCette r\u00e9gulation permet d&#8217;orienter chaque appelant vers la juste prestation m\u00e9dicale que son \u00e9tat requiert et, si n\u00e9cessaire, de solliciter un m\u00e9decin de garde dit &#8220;effecteur&#8221;.<\/p>\n<\/div><\/div><\/div><\/section>\n<section class='av_toggle_section av-ta7fsg-5fbc822e4c958f40058ca01d8dd61e9c'  itemscope=\"itemscope\" itemtype=\"https:\/\/schema.org\/CreativeWork\" ><div role=\"tablist\" class=\"single_toggle\" data-tags=\"{Tout} \"  ><p data-fake-id='#toggle-id-7' class='toggler   av-inherit-font-color hasCustomColor'  itemprop=\"headline\"  role='tab' tabindex='0' aria-controls='toggle-id-7'><strong>Qui peut y participer ?<\/strong><span class=\"toggle_icon\"><span class=\"vert_icon\"><\/span><span class=\"hor_icon\"><\/span><\/span><\/p><div id='toggle-id-7' class='toggle_wrap  '  ><div class='toggle_content invers-color av-inherit-font-color hasCustomColor'  itemprop=\"text\" ><p><strong>Tout m\u00e9decin lib\u00e9ral ou salari\u00e9 peut participer au dispositif,<\/strong> en tant que r\u00e9gulateur ou en tant qu&#8217;effecteur. Un m\u00e9decin retrait\u00e9, peut \u00e9galement y participer, \u00e0 la double condition d&#8217;avoir sign\u00e9 une convention avec l&#8217;ARS, et de s&#8217;\u00eatre vu reconna\u00eetre par le Conseil national de l&#8217;Ordre des M\u00e9decins (CNOM) sa capacit\u00e9 \u00e0 participer \u00e0 la PDSA.<\/p>\n<\/div><\/div><\/div><\/section>\n<section class='av_toggle_section av-qsd4ls-03fa35f32e498f6fea237a61d64c4ad9'  itemscope=\"itemscope\" itemtype=\"https:\/\/schema.org\/CreativeWork\" ><div role=\"tablist\" class=\"single_toggle\" data-tags=\"{Tout} \"  ><p data-fake-id='#toggle-id-8' class='toggler   av-inherit-font-color hasCustomColor'  itemprop=\"headline\"  role='tab' tabindex='0' aria-controls='toggle-id-8'><strong>Quelles sont les modalit\u00e9s de r\u00e9mun\u00e9ration ?<\/strong><span class=\"toggle_icon\"><span class=\"vert_icon\"><\/span><span class=\"hor_icon\"><\/span><\/span><\/p><div id='toggle-id-8' class='toggle_wrap  '  ><div class='toggle_content invers-color av-inherit-font-color hasCustomColor'  itemprop=\"text\" ><ul>\n<li><strong>R\u00e9mun\u00e9ration du m\u00e9decin de garde ou effecteur<\/strong><\/li>\n<\/ul>\n<p><strong>La garde est r\u00e9mun\u00e9r\u00e9e sur la base d&#8217;un forfait<\/strong>, dont le montant peut diff\u00e9rer en fonction des territoires pour tenir compte des contraintes g\u00e9ographiques et des suj\u00e9tions particuli\u00e8res de l&#8217;exercice de la garde.<br \/>\nLe montant des forfaits est fix\u00e9 par le cahier des charges r\u00e9gional de permanence des soins.<br \/>\nCe forfait est per\u00e7u par le m\u00e9decin de garde, que celui-ci ait \u00e9t\u00e9 ou non sollicit\u00e9 au cours de sa garde pour effectuer des visites ou des consultations. \u00c0 ce forfait, s&#8217;ajoutent les honoraires relatifs aux visites et consultations effectu\u00e9es au cours de la garde sur sollicitation de la r\u00e9gulation m\u00e9dicale.<\/p>\n<ul>\n<li><strong> R\u00e9mun\u00e9ration du m\u00e9decin r\u00e9gulateur<\/strong><\/li>\n<\/ul>\n<p>Le m\u00e9decin lib\u00e9ral qui participe \u00e0 la r\u00e9gulation m\u00e9dicale t\u00e9l\u00e9phonique dans le cadre de la PDSA est r\u00e9mun\u00e9r\u00e9 <strong>sur la base d&#8217;un forfait horaire<\/strong> dont le montant est fix\u00e9 par le cahier des charges r\u00e9gional de permanence des soins.<\/p>\n<\/div><\/div><\/div><\/section>\n<section class='av_toggle_section av-p6onio-6a5689c46b19171d0614f4cbb9965b14'  itemscope=\"itemscope\" itemtype=\"https:\/\/schema.org\/CreativeWork\" ><div role=\"tablist\" class=\"single_toggle\" data-tags=\"{Tout} \"  ><p data-fake-id='#toggle-id-9' class='toggler   av-inherit-font-color hasCustomColor'  itemprop=\"headline\"  role='tab' tabindex='0' aria-controls='toggle-id-9'><strong>Quelles sont les d\u00e9marches \u00e0 effectuer ?<\/strong><span class=\"toggle_icon\"><span class=\"vert_icon\"><\/span><span class=\"hor_icon\"><\/span><\/span><\/p><div id='toggle-id-9' class='toggle_wrap  '  ><div class='toggle_content invers-color av-inherit-font-color hasCustomColor'  itemprop=\"text\" ><p>Le m\u00e9decin qui souhaite participer \u00e0 ce dispositif doit se rapprocher de l&#8217;association de permanence des soins ou <strong>prendre directement contact avec le Conseil d\u00e9partemental de l&#8217;Ordre des M\u00e9decins (CDOM)<\/strong>.<\/p>\n<\/div><\/div><\/div><\/section>\n<\/div><\/div>\n<\/div><\/div><\/div>\n<style type=\"text\/css\" data-created_by=\"avia_inline_auto\" id=\"style-css-av-jt5xl4sn-ae649e848a98d6682e9620ad504eedce\">\n.av-layout-tab.av-jt5xl4sn-ae649e848a98d6682e9620ad504eedce{\nvertical-align:top;\nbackground-color:#f8f8f8;\n}\n#top .av-tab-section-outer-container.av-jt5ya1wb-d7a6f59dcc7ca62c1dcd20ecf7eb9283 .av-active-tab-title.av-section-tab-title.av-jt5xl4sn-ae649e848a98d6682e9620ad504eedce{\ncolor:#51becb;\n}\n#top .av-tab-section-outer-container.av-jt5ya1wb-d7a6f59dcc7ca62c1dcd20ecf7eb9283 .av-active-tab-title.av-section-tab-title.av-jt5xl4sn-ae649e848a98d6682e9620ad504eedce .av-tab-arrow-container span{\nbackground-color:#f8f8f8;\n}\n<\/style>\n<div id='av-tab-section-1-2' class='av-layout-tab av-jt5xl4sn-ae649e848a98d6682e9620ad504eedce av-animation-delay-container  avia-builder-el-23  el_after_av_tab_sub_section  el_before_av_tab_sub_section  ' data-av-deeplink-tabs=\"\" data-av-tab-section-content=\"2\" data-tab-section-id=\"chirurgien-dentiste\"><div class=\"av-layout-tab-inner\"><div class=\"container\">\n<style type=\"text\/css\" data-created_by=\"avia_inline_auto\" id=\"style-css-av-weyi2-14-cfb09f8741f612afb432fe01284e8408\">\n.flex_column.av-weyi2-14-cfb09f8741f612afb432fe01284e8408{\n-webkit-border-radius:0px 0px 0px 0px;\n-moz-border-radius:0px 0px 0px 0px;\nborder-radius:0px 0px 0px 0px;\npadding:0px 0px 0px 0px;\n}\n<\/style>\n<div class='flex_column av-weyi2-14-cfb09f8741f612afb432fe01284e8408 av_one_full  avia-builder-el-24  avia-builder-el-no-sibling  first flex_column_div av-zero-column-padding '     ><style type=\"text\/css\" data-created_by=\"avia_inline_auto\" id=\"style-css-av-jt5yx50t-13-c1d198c1c458d190e7ca2d30b989b315\">\n#top .togglecontainer.av-jt5yx50t-13-c1d198c1c458d190e7ca2d30b989b315 p.toggler{\ncolor:#238388;\nbackground-color:#ffffff;\n}\n#top .togglecontainer.av-jt5yx50t-13-c1d198c1c458d190e7ca2d30b989b315 p.toggler.activeTitle{\ncolor:#238388;\nborder-color:#238388;\nbackground-color:#ffffff;\n}\n#top .togglecontainer.av-jt5yx50t-13-c1d198c1c458d190e7ca2d30b989b315 p.toggler .toggle_icon{\ncolor:#238388;\nborder-color:#238388;\n}\n#top .togglecontainer.av-jt5yx50t-13-c1d198c1c458d190e7ca2d30b989b315 .toggle_wrap .toggle_content{\ncolor:#238388;\nbackground-color:#ffffff;\n}\n<\/style>\n<div  class='togglecontainer av-jt5yx50t-13-c1d198c1c458d190e7ca2d30b989b315 av-elegant-toggle  avia-builder-el-25  avia-builder-el-no-sibling  toggle_close_all hasCurrentStyle' >\n<section class='av_toggle_section av-ojuogw-223d14942b648934f7a92a351df05e85'  itemscope=\"itemscope\" itemtype=\"https:\/\/schema.org\/CreativeWork\" ><div role=\"tablist\" class=\"single_toggle\" data-tags=\"{Tout} {1} \"  ><p data-fake-id='#toggle-id-10' class='toggler   av-inherit-font-color hasCustomColor'  itemprop=\"headline\"  role='tab' tabindex='0' aria-controls='toggle-id-10'><strong>En quoi consiste les services de garde et d\u2019urgence?<\/strong><span class=\"toggle_icon\"><span class=\"vert_icon\"><\/span><span class=\"hor_icon\"><\/span><\/span><\/p><div id='toggle-id-10' class='toggle_wrap  '  ><div class='toggle_content invers-color av-inherit-font-color hasCustomColor'  itemprop=\"text\" ><p>Un service de garde des chirurgiens-dentistes est organis\u00e9 dans chaque d\u00e9partement<strong> par le Conseil d\u00e9partemental de l&#8217;Ordre des chirurgiens-dentistes et\/ou les organisations repr\u00e9sentatives professionnelles<\/strong>, les dimanches et jours f\u00e9ri\u00e9s.<\/p>\n<p>La participation des chirurgiens-dentistes au dispositif de permanence des soins dentaires est formalis\u00e9e par une inscription nominative sur le tableau d\u00e9partemental de garde.<\/p>\n<\/div><\/div><\/div><\/section>\n<section class='av_toggle_section av-mle8qo-1129b8c06a25098c5f567c571a72ed17'  itemscope=\"itemscope\" itemtype=\"https:\/\/schema.org\/CreativeWork\" ><div role=\"tablist\" class=\"single_toggle\" data-tags=\"{Tout} \"  ><p data-fake-id='#toggle-id-11' class='toggler   av-inherit-font-color hasCustomColor'  itemprop=\"headline\"  role='tab' tabindex='0' aria-controls='toggle-id-11'><strong>Quelles sont les modalit\u00e9s de r\u00e9mun\u00e9ration ?<\/strong><span class=\"toggle_icon\"><span class=\"vert_icon\"><\/span><span class=\"hor_icon\"><\/span><\/span><\/p><div id='toggle-id-11' class='toggle_wrap  '  ><div class='toggle_content invers-color av-inherit-font-color hasCustomColor'  itemprop=\"text\" ><ul>\n<li><strong>une r\u00e9mun\u00e9ration de l&#8217;astreinte \u00e0 hauteur de 75\u20ac par demi-journ\u00e9e<\/strong><\/li>\n<\/ul>\n<p class=\"align-justify\">Pour justifier du versement de la r\u00e9mun\u00e9ration de l&#8217;astreinte, le chirurgien-dentiste de permanence s&#8217;engage \u00e0 \u00eatre disponible et joignable pendant les heures d&#8217;astreinte afin de prendre en charge le patient dans les meilleurs d\u00e9lais.<\/p>\n<ul>\n<li><strong>une majoration sp\u00e9cifique des actes \u00e0 hauteur de 30\u20ac.<\/strong><\/li>\n<\/ul>\n<p class=\"bodytext\">Cette majoration tient compte de la mobilisation du plateau technique.<\/p>\n<\/div><\/div><\/div><\/section>\n<\/div><\/div>\n<\/div><\/div><\/div>\n<style type=\"text\/css\" data-created_by=\"avia_inline_auto\" id=\"style-css-av-jt5xk2g8-8ccd0ea7126d98996b7a66c87e495795\">\n.av-layout-tab.av-jt5xk2g8-8ccd0ea7126d98996b7a66c87e495795{\nvertical-align:top;\nbackground-color:#f8f8f8;\n}\n#top .av-tab-section-outer-container.av-jt5ya1wb-d7a6f59dcc7ca62c1dcd20ecf7eb9283 .av-active-tab-title.av-section-tab-title.av-jt5xk2g8-8ccd0ea7126d98996b7a66c87e495795{\ncolor:#51becb;\n}\n#top .av-tab-section-outer-container.av-jt5ya1wb-d7a6f59dcc7ca62c1dcd20ecf7eb9283 .av-active-tab-title.av-section-tab-title.av-jt5xk2g8-8ccd0ea7126d98996b7a66c87e495795 .av-tab-arrow-container span{\nbackground-color:#f8f8f8;\n}\n<\/style>\n<div id='av-tab-section-1-3' class='av-layout-tab av-jt5xk2g8-8ccd0ea7126d98996b7a66c87e495795 av-animation-delay-container  avia-builder-el-26  el_after_av_tab_sub_section  avia-builder-el-last  ' data-av-deeplink-tabs=\"\" data-av-tab-section-content=\"3\" data-tab-section-id=\"pharmacien\"><div class=\"av-layout-tab-inner\"><div class=\"container\">\n<style type=\"text\/css\" data-created_by=\"avia_inline_auto\" id=\"style-css-av-weyi2-11-797542fa9797cd38fcec2996e2fcfa73\">\n.flex_column.av-weyi2-11-797542fa9797cd38fcec2996e2fcfa73{\n-webkit-border-radius:0px 0px 0px 0px;\n-moz-border-radius:0px 0px 0px 0px;\nborder-radius:0px 0px 0px 0px;\npadding:0px 0px 0px 0px;\n}\n<\/style>\n<div class='flex_column av-weyi2-11-797542fa9797cd38fcec2996e2fcfa73 av_one_full  avia-builder-el-27  avia-builder-el-no-sibling  first flex_column_div av-zero-column-padding '     ><style type=\"text\/css\" data-created_by=\"avia_inline_auto\" id=\"style-css-av-jt5yx50t-10-26b9922ea7598107f2374850656e9646\">\n#top .togglecontainer.av-jt5yx50t-10-26b9922ea7598107f2374850656e9646 p.toggler{\ncolor:#238388;\nbackground-color:#ffffff;\n}\n#top .togglecontainer.av-jt5yx50t-10-26b9922ea7598107f2374850656e9646 p.toggler.activeTitle{\ncolor:#238388;\nborder-color:#238388;\nbackground-color:#ffffff;\n}\n#top .togglecontainer.av-jt5yx50t-10-26b9922ea7598107f2374850656e9646 p.toggler .toggle_icon{\ncolor:#238388;\nborder-color:#238388;\n}\n#top .togglecontainer.av-jt5yx50t-10-26b9922ea7598107f2374850656e9646 .toggle_wrap .toggle_content{\ncolor:#238388;\nbackground-color:#ffffff;\n}\n<\/style>\n<div  class='togglecontainer av-jt5yx50t-10-26b9922ea7598107f2374850656e9646 av-elegant-toggle  avia-builder-el-28  avia-builder-el-no-sibling  toggle_close_all hasCurrentStyle' >\n<section class='av_toggle_section av-k6w69c-eed9e73f2c243b9bef3cff7fde8c4a17'  itemscope=\"itemscope\" itemtype=\"https:\/\/schema.org\/CreativeWork\" ><div role=\"tablist\" class=\"single_toggle\" data-tags=\"{Tout} {1} \"  ><p data-fake-id='#toggle-id-12' class='toggler   av-inherit-font-color hasCustomColor'  itemprop=\"headline\"  role='tab' tabindex='0' aria-controls='toggle-id-12'><strong>En quoi consiste les services de garde et d\u2019urgence ?<\/strong><span class=\"toggle_icon\"><span class=\"vert_icon\"><\/span><span class=\"hor_icon\"><\/span><\/span><\/p><div id='toggle-id-12' class='toggle_wrap  '  ><div class='toggle_content invers-color av-inherit-font-color hasCustomColor'  itemprop=\"text\" ><p><strong>Le service de garde est organis\u00e9 pour r\u00e9pondre en journ\u00e9e (dimanches et jours f\u00e9ri\u00e9s) <\/strong>aux besoins du public en dehors des jours d&#8217;ouverture g\u00e9n\u00e9ralement pratiqu\u00e9s par les officines.<\/p>\n<p>Le service d&#8217;urgence est organis\u00e9 pour r\u00e9pondre aux demandes urgentes en dehors des heures d&#8217;ouverture g\u00e9n\u00e9ralement pratiqu\u00e9es par ces officines : toutes les nuits de 21h \u00e0 8h du matin.<\/p>\n<\/div><\/div><\/div><\/section>\n<section class='av_toggle_section av-jql400-b55de33893cb7bbd4180b81404234550'  itemscope=\"itemscope\" itemtype=\"https:\/\/schema.org\/CreativeWork\" ><div role=\"tablist\" class=\"single_toggle\" data-tags=\"{Tout} \"  ><p data-fake-id='#toggle-id-13' class='toggler   av-inherit-font-color hasCustomColor'  itemprop=\"headline\"  role='tab' tabindex='0' aria-controls='toggle-id-13'><strong>Comment sont-ils organis\u00e9s ?<\/strong><span class=\"toggle_icon\"><span class=\"vert_icon\"><\/span><span class=\"hor_icon\"><\/span><\/span><\/p><div id='toggle-id-13' class='toggle_wrap  '  ><div class='toggle_content invers-color av-inherit-font-color hasCustomColor'  itemprop=\"text\" ><p>L&#8217;organisation des services de garde et d&#8217;urgence est <strong>r\u00e9gl\u00e9e par les syndicats repr\u00e9sentatifs de la profession dans le d\u00e9partement.<\/strong><\/p>\n<p>\u00c0 d\u00e9faut d&#8217;accord entre eux, ou si l&#8217;organisation retenue ne permet pas de satisfaire les besoins de la sant\u00e9 publique, l&#8217;agence r\u00e9gionale de sant\u00e9 (ARS) peut, apr\u00e8s avis des organisations professionnelles pr\u00e9cit\u00e9es et du Conseil r\u00e9gional de l&#8217;Ordre des pharmaciens, prendre un arr\u00eat\u00e9 organisant lesdits services.<\/p>\n<p>Sauf exception particuli\u00e8re, un pharmacien qui ouvre son officine pendant un service de garde ou d&#8217;urgence, alors qu&#8217;il n&#8217;est pas lui-m\u00eame de service, doit la tenir ouverte durant tout le service consid\u00e9r\u00e9.<\/p>\n<p>Dans tous les cas, <strong>les collectivit\u00e9s locales sont inform\u00e9es des services de garde et d&#8217;urgence mis en place.<\/strong><\/p>\n<p>Il revient aux pharmaciens qui ne sont pas de service de garde ou d&#8217;urgence de porter \u00e0 la connaissance du public l&#8217;officine de garde ou d&#8217;urgence la plus proche.<\/p>\n<\/div><\/div><\/div><\/section>\n<section class='av_toggle_section av-hotafk-f559ee9446bd3952caf63c2fca771b81'  itemscope=\"itemscope\" itemtype=\"https:\/\/schema.org\/CreativeWork\" ><div role=\"tablist\" class=\"single_toggle\" data-tags=\"{Tout} \"  ><p data-fake-id='#toggle-id-14' class='toggler   av-inherit-font-color hasCustomColor'  itemprop=\"headline\"  role='tab' tabindex='0' aria-controls='toggle-id-14'><strong>Qui peut y participer ?<\/strong><span class=\"toggle_icon\"><span class=\"vert_icon\"><\/span><span class=\"hor_icon\"><\/span><\/span><\/p><div id='toggle-id-14' class='toggle_wrap  '  ><div class='toggle_content invers-color av-inherit-font-color hasCustomColor'  itemprop=\"text\" ><p><strong>La participation aux services de garde et d&#8217;urgence est une obligation l\u00e9gale et d\u00e9ontologique<\/strong> pour tout pharmacien.<br \/>\nToutes les officines d&#8217;une zone, sont tenues de participer \u00e0 ces services, sauf d\u00e9cision contraire de l&#8217;ARS, prise apr\u00e8s avis des organisations repr\u00e9sentatives de la profession dans le d\u00e9partement (circonstances ou de particularit\u00e9s locales rendant impraticable, ou non n\u00e9cessaire, la participation de l&#8217;ensemble des officines).<\/p>\n<p>G\u00e9n\u00e9ralement assur\u00e9es par le pharmacien titulaire, ces missions peuvent \u00eatre d\u00e9l\u00e9gu\u00e9es \u00e0 un pharmacien adjoint ou un pharmacien rempla\u00e7ant de l&#8217;officine.<\/p>\n<\/div><\/div><\/div><\/section>\n<section class='av_toggle_section av-fe5w8g-6ac23f37cc3d633065d333f7ab88b5b0'  itemscope=\"itemscope\" itemtype=\"https:\/\/schema.org\/CreativeWork\" ><div role=\"tablist\" class=\"single_toggle\" data-tags=\"{Tout} \"  ><p data-fake-id='#toggle-id-15' class='toggler   av-inherit-font-color hasCustomColor'  itemprop=\"headline\"  role='tab' tabindex='0' aria-controls='toggle-id-15'><strong>Quelles sont les modalit\u00e9s de r\u00e9mun\u00e9ration ?<\/strong><span class=\"toggle_icon\"><span class=\"vert_icon\"><\/span><span class=\"hor_icon\"><\/span><\/span><\/p><div id='toggle-id-15' class='toggle_wrap  '  ><div class='toggle_content invers-color av-inherit-font-color hasCustomColor'  itemprop=\"text\" ><p class=\"bodytext\">Les services de garde et d&#8217;urgence sont r\u00e9mun\u00e9r\u00e9s\u00a0<strong>sur la base d&#8217;une indemnit\u00e9 d&#8217;astreinte<\/strong>\u00a0\u00e0 laquelle s&#8217;ajoutent des honoraires de garde per\u00e7us par ordonnance.<\/p>\n<p class=\"bodytext\"><strong>Les montants des indemnit\u00e9s de garde et d&#8217;urgence <\/strong>sont d\u00e9finis dans le cadre de la\u00a0<a title=\"AMELI - R\u00e9mun\u00e9ration des gardes des pharmaciens d'officine (Nouvelle fen\u00eatre)\" href=\"http:\/\/www.ameli.fr\/professionnels-de-sante\/pharmaciens\/gerer-votre-activite\/remuneration-des-gardes.php\" target=\"_blank\" rel=\"noopener\">c<\/a><a title=\"AMELI - R\u00e9mun\u00e9ration des gardes des pharmaciens d'officine (Nouvelle fen\u00eatre)\" href=\"http:\/\/www.ameli.fr\/professionnels-de-sante\/pharmaciens\/gerer-votre-activite\/remuneration-des-gardes.php\" target=\"_blank\" rel=\"noopener\">onvention nationale pharmaceutique<\/a>.<\/p>\n<\/div><\/div><\/div><\/section>\n<\/div><\/div>\n<\/div><\/div><\/div>\n<\/div><\/div><\/div>\n\n<style type=\"text\/css\" data-created_by=\"avia_inline_auto\" id=\"style-css-av-2cdl3e-18-d81b70732dab6023622e1c6232ae0e31\">\n.avia-section.av-2cdl3e-18-d81b70732dab6023622e1c6232ae0e31{\nmargin-top:0px;\nmargin-bottom:-2%;\n}\n<\/style>\n<div id='av_section_5'  class='avia-section av-2cdl3e-18-d81b70732dab6023622e1c6232ae0e31 main_color avia-section-default avia-no-border-styling  avia-builder-el-29  el_after_av_tab_section  el_before_av_tab_section  avia-bg-style-scroll container_wrap sidebar_right'  ><div class='container av-section-cont-open' ><div class='template-page content  av-content-small alpha units'><div class='post-entry post-entry-type-page post-entry-2320'><div class='entry-content-wrapper clearfix'>\n\n<style type=\"text\/css\" data-created_by=\"avia_inline_auto\" id=\"style-css-av-296nqy-17-35595dd561e3df768024f713289a8db8\">\n.flex_column.av-296nqy-17-35595dd561e3df768024f713289a8db8{\n-webkit-border-radius:0px 0px 0px 0px;\n-moz-border-radius:0px 0px 0px 0px;\nborder-radius:0px 0px 0px 0px;\npadding:0px 0px 0px 0px;\n}\n<\/style>\n<div class='flex_column av-296nqy-17-35595dd561e3df768024f713289a8db8 av_one_full  avia-builder-el-30  avia-builder-el-no-sibling  first flex_column_div av-zero-column-padding '     ><style type=\"text\/css\" data-created_by=\"avia_inline_auto\" id=\"style-css-av-jvccjw2g-bbad08ecf2afe515eeb1324da91a7e72\">\n#top .av-special-heading.av-jvccjw2g-bbad08ecf2afe515eeb1324da91a7e72{\npadding-bottom:10px;\nfont-size:45px;\n}\nbody .av-special-heading.av-jvccjw2g-bbad08ecf2afe515eeb1324da91a7e72 .av-special-heading-tag .heading-char{\nfont-size:25px;\n}\n#top #wrap_all .av-special-heading.av-jvccjw2g-bbad08ecf2afe515eeb1324da91a7e72 .av-special-heading-tag{\nfont-size:45px;\n}\n.av-special-heading.av-jvccjw2g-bbad08ecf2afe515eeb1324da91a7e72 .av-subheading{\nfont-size:15px;\n}\n\n@media only screen and (min-width: 480px) and (max-width: 767px){ \n#top #wrap_all .av-special-heading.av-jvccjw2g-bbad08ecf2afe515eeb1324da91a7e72 .av-special-heading-tag{\nfont-size:0.8em;\n}\n}\n\n@media only screen and (max-width: 479px){ \n#top #wrap_all .av-special-heading.av-jvccjw2g-bbad08ecf2afe515eeb1324da91a7e72 .av-special-heading-tag{\nfont-size:0.8em;\n}\n}\n<\/style>\n<div  class='av-special-heading av-jvccjw2g-bbad08ecf2afe515eeb1324da91a7e72 av-special-heading-h2 blockquote modern-quote modern-centered  avia-builder-el-31  avia-builder-el-no-sibling  av-inherit-size'><h2 class='av-special-heading-tag'  itemprop=\"headline\"  >Trouver un rempla\u00e7ant<\/h2><div class=\"special-heading-border\"><div class=\"special-heading-inner-border\"><\/div><\/div><\/div><\/div>\n\n\n<style type=\"text\/css\" data-created_by=\"avia_inline_auto\" id=\"style-css-av-jt5ya1wb-16-83210020985918ea5750e9b515af9148\">\n.av-tab-section-outer-container.av-jt5ya1wb-16-83210020985918ea5750e9b515af9148 .av-tab-section-tab-title-container{\nbackground-color:#ffffff;\n}\n#top .av-tab-section-outer-container.av-jt5ya1wb-16-83210020985918ea5750e9b515af9148 .av-section-tab-title{\ncolor:#238388;\n}\n<\/style>\n<\/div><\/div><\/div><!-- close content main div --><\/div><\/div><div id='av-tab-section-2'  class='av-tab-section-container entry-content-wrapper main_color av-tab-slide-transition av-tab-content-auto  av-tab-above-content  avia-builder-el-32  el_after_av_section  el_before_av_section  tab-section-not-first container_wrap sidebar_right'  ><div class='av-tab-section-outer-container av-jt5ya1wb-16-83210020985918ea5750e9b515af9148'><div class='av-tab-section-tab-title-container avia-tab-title-padding-default av-custom-tab-color' role='tablist'><a href='#mdecin' data-av-tab-section-title='1' class='av-section-tab-title av-active-tab-title no-scroll av-jt5xh6y5-d0e588208ee8c754f0f321b09545cb9f av-tab-no-icon av-tab-with-image noHover ' role='tab' tabindex='0' aria-controls='av-tab-section-2-1'><span class='av-tab-section-image' style='background-image: url(https:\/\/soignerenperigord.fr\/wp-content\/uploads\/2019\/03\/etudes-medecine.png);'><\/span><span class='av-outer-tab-title'><span class='av-inner-tab-title'>M\u00e9decin<\/span><\/span><span class=\"av-tab-arrow-container\"><span><\/span><\/span><\/a><a href='#chirurgien-dentiste' data-av-tab-section-title='2' class='av-section-tab-title  av-jt5xl4sn-ae649e848a98d6682e9620ad504eedce av-tab-no-icon av-tab-with-image noHover ' role='tab' tabindex='0' aria-controls='av-tab-section-2-2'><span class='av-tab-section-image' style='background-image: url(https:\/\/soignerenperigord.fr\/wp-content\/uploads\/2019\/03\/etudes-medicales.png);'><\/span><span class='av-outer-tab-title'><span class='av-inner-tab-title'>Chirurgien-dentiste<\/span><\/span><span class=\"av-tab-arrow-container\"><span><\/span><\/span><\/a><a href='#masseur-kinsithrapeute' data-av-tab-section-title='3' class='av-section-tab-title  av-jt5xk2g8-8ccd0ea7126d98996b7a66c87e495795 av-tab-no-icon av-tab-with-image noHover ' role='tab' tabindex='0' aria-controls='av-tab-section-2-3'><span class='av-tab-section-image' style='background-image: url(https:\/\/soignerenperigord.fr\/wp-content\/uploads\/2019\/03\/etudes-kine-ostheo.png);'><\/span><span class='av-outer-tab-title'><span class='av-inner-tab-title'>Masseur-kin\u00e9sith\u00e9rapeute<\/span><\/span><span class=\"av-tab-arrow-container\"><span><\/span><\/span><\/a><a href='#infirmier' data-av-tab-section-title='4' class='av-section-tab-title  Array av-tab-no-icon av-tab-with-image noHover ' role='tab' tabindex='0' aria-controls='av-tab-section-2-4'><span class='av-tab-section-image' style='background-image: url(https:\/\/soignerenperigord.fr\/wp-content\/uploads\/2019\/03\/etudes-soins-infirmiers.png);'><\/span><span class='av-outer-tab-title'><span class='av-inner-tab-title'>Infirmier<\/span><\/span><span class=\"av-tab-arrow-container\"><span><\/span><\/span><\/a><\/div><div class='avia-slideshow-arrows av-tabsection-arrow' ><a href='#prev' class='prev-slide av_prev_tab_section av-tab-section-slide' aria-hidden='true' data-av_icon='\ue87c' data-av_iconfont='entypo-fontello'  tabindex='-1'>Pr\u00e9c\u00e9dent<\/a><a href='#next' class='next-slide av_next_tab_section av-tab-section-slide' aria-hidden='true' data-av_icon='\ue87d' data-av_iconfont='entypo-fontello'  tabindex='-1'>Suivant<\/a><\/div><div class='av-tab-section-inner-container avia-section-default' style='width:400vw; left:0%;'><span class=\"av_prev_tab_section av_tab_navigation\"><\/span><span class=\"av_next_tab_section av_tab_navigation\"><\/span>\n\n<style type=\"text\/css\" data-created_by=\"avia_inline_auto\" id=\"style-css-av-jt5xh6y5-15-4a05749af80e9454bbad1bf98e11c73f\">\n.av-layout-tab.av-jt5xh6y5-15-4a05749af80e9454bbad1bf98e11c73f{\nvertical-align:top;\nbackground-color:#f8f8f8;\n}\n#top .av-tab-section-outer-container.av-jt5ya1wb-16-83210020985918ea5750e9b515af9148 .av-active-tab-title.av-section-tab-title.av-jt5xh6y5-15-4a05749af80e9454bbad1bf98e11c73f{\ncolor:#51becb;\n}\n#top .av-tab-section-outer-container.av-jt5ya1wb-16-83210020985918ea5750e9b515af9148 .av-active-tab-title.av-section-tab-title.av-jt5xh6y5-15-4a05749af80e9454bbad1bf98e11c73f .av-tab-arrow-container span{\nbackground-color:#f8f8f8;\n}\n<\/style>\n<div id='av-tab-section-2-1' class='av-layout-tab av-jt5xh6y5-15-4a05749af80e9454bbad1bf98e11c73f av-animation-delay-container  avia-builder-el-33  el_before_av_tab_sub_section  avia-builder-el-first  av-active-tab-content __av_init_open ' data-av-deeplink-tabs=\"\" data-av-tab-section-content=\"1\" data-tab-section-id=\"mdecin\"><div class=\"av-layout-tab-inner\"><div class=\"container\">\n<style type=\"text\/css\" data-created_by=\"avia_inline_auto\" id=\"style-css-av-weyi2-8-2d45e2183732e97b7cb7df576b2a774a\">\n.flex_column.av-weyi2-8-2d45e2183732e97b7cb7df576b2a774a{\n-webkit-border-radius:0px 0px 0px 0px;\n-moz-border-radius:0px 0px 0px 0px;\nborder-radius:0px 0px 0px 0px;\npadding:0px 0px 0px 0px;\n}\n<\/style>\n<div class='flex_column av-weyi2-8-2d45e2183732e97b7cb7df576b2a774a av_one_full  avia-builder-el-34  avia-builder-el-no-sibling  first flex_column_div av-zero-column-padding '     ><style type=\"text\/css\" data-created_by=\"avia_inline_auto\" id=\"style-css-av-jt5yx50t-7-a1923d316f1b82bcabb68b03f86684c9\">\n#top .togglecontainer.av-jt5yx50t-7-a1923d316f1b82bcabb68b03f86684c9 p.toggler{\ncolor:#238388;\nbackground-color:#ffffff;\n}\n#top .togglecontainer.av-jt5yx50t-7-a1923d316f1b82bcabb68b03f86684c9 p.toggler.activeTitle{\ncolor:#238388;\nborder-color:#238388;\nbackground-color:#ffffff;\n}\n#top .togglecontainer.av-jt5yx50t-7-a1923d316f1b82bcabb68b03f86684c9 p.toggler .toggle_icon{\ncolor:#238388;\nborder-color:#238388;\n}\n#top .togglecontainer.av-jt5yx50t-7-a1923d316f1b82bcabb68b03f86684c9 .toggle_wrap .toggle_content{\ncolor:#238388;\nbackground-color:#ffffff;\n}\n<\/style>\n<div  class='togglecontainer av-jt5yx50t-7-a1923d316f1b82bcabb68b03f86684c9 av-elegant-toggle  avia-builder-el-35  avia-builder-el-no-sibling  toggle_close_all hasCurrentStyle' >\n<section class='av_toggle_section av-84egeo-5af6076f28f06b35cab5dd9e73323c86'  itemscope=\"itemscope\" itemtype=\"https:\/\/schema.org\/CreativeWork\" ><div role=\"tablist\" class=\"single_toggle\" data-tags=\"{Tout} \"  ><p data-fake-id='#toggle-id-16' class='toggler   av-inherit-font-color hasCustomColor'  itemprop=\"headline\"  role='tab' tabindex='0' aria-controls='toggle-id-16'><strong>Quelle est la proc\u00e9dure ?<\/strong><span class=\"toggle_icon\"><span class=\"vert_icon\"><\/span><span class=\"hor_icon\"><\/span><\/span><\/p><div id='toggle-id-16' class='toggle_wrap  '  ><div class='toggle_content invers-color av-inherit-font-color hasCustomColor'  itemprop=\"text\" ><div id=\"c76364\" class=\"csc-default\">\n<p class=\"align-justify\">Le rempla\u00e7ant doit demander une autorisation de remplacement au Conseil d\u00e9partemental de l&#8217;Ordre des m\u00e9decins dont vous d\u00e9pendez.<br \/>\nDans le cas o\u00f9 le rempla\u00e7ant est \u00e9tudiant, la demande de remplacement doit \u00eatre accompagn\u00e9e de la licence de\u00a0remplacement.<\/p>\n<\/div>\n<div id=\"c76363\" class=\"csc-default\">\n<div id=\"c67816\" class=\"csc-default\">\n<p class=\"bodytext\">Vous devez \u00e9tablir un contrat de remplacement avec votre futur rempla\u00e7ant :<\/p>\n<ul>\n<li class=\"bodytext\"><strong><a title=\"Demande de licence de remplacement (Nouvelle fen\u00eatre)\" href=\"http:\/\/www.conseil-national.medecin.fr\/sites\/default\/files\/demande_de_licence_de_remplacement.pdf\" target=\"_blank\" rel=\"noopener\">Demande de licence de remplacement<\/a><\/strong><\/li>\n<li class=\"bodytext\"><strong><a title=\"Mod\u00e8le de contrat (Nouvelle fen\u00eatre)\" href=\"https:\/\/www.conseil-national.medecin.fr\/sites\/default\/files\/cnom_rempletud_1.pdf\" target=\"_blank\" rel=\"noopener\">Mod\u00e8le de contrat<\/a><\/strong><\/li>\n<\/ul>\n<\/div>\n<\/div>\n<\/div><\/div><\/div><\/section>\n<section class='av_toggle_section av-e4lt0w-70a21740a77e594a9c54a6ae87b2f31f'  itemscope=\"itemscope\" itemtype=\"https:\/\/schema.org\/CreativeWork\" ><div role=\"tablist\" class=\"single_toggle\" data-tags=\"{Tout} {1} \"  ><p data-fake-id='#toggle-id-17' class='toggler   av-inherit-font-color hasCustomColor'  itemprop=\"headline\"  role='tab' tabindex='0' aria-controls='toggle-id-17'><strong>Qui peut me remplacer dans le cadre d\u2019un exercice lib\u00e9ral ?<\/strong><span class=\"toggle_icon\"><span class=\"vert_icon\"><\/span><span class=\"hor_icon\"><\/span><\/span><\/p><div id='toggle-id-17' class='toggle_wrap  '  ><div class='toggle_content invers-color av-inherit-font-color hasCustomColor'  itemprop=\"text\" ><p><strong>Le rempla\u00e7ant peut \u00eatre \u00e9tudiant ou d\u00e9j\u00e0 Docteur en m\u00e9decine<\/strong> et doit \u00eatre qualifi\u00e9 dans la m\u00eame discipline que le remplac\u00e9.<\/p>\n<ul>\n<li><strong>si le rempla\u00e7ant est \u00e9tudiant<\/strong>, il doit \u00eatre titulaire d&#8217;une licence de remplacement d\u00e9livr\u00e9e par le Conseil de l&#8217;Ordre dont d\u00e9pend sa facult\u00e9.<br \/>\nPour obtenir une licence de remplacement, un \u00e9tudiant doit justifier qu&#8217;il est inscrit en 3e cycle des \u00e9tudes m\u00e9dicales, qu&#8217;il a valid\u00e9 le nombre de semestres requis dans sa sp\u00e9cialit\u00e9 (attestation du coordonateur de la sp\u00e9cialit\u00e9).<\/li>\n<li><strong>si le rempla\u00e7ant est Docteur en m\u00e9decine,<\/strong> il doit \u00eatre inscrit au Tableau de l&#8217;Ordre des m\u00e9decins.<\/li>\n<\/ul>\n<\/div><\/div><\/div><\/section>\n<\/div><\/div>\n<\/div><\/div><\/div>\n<style type=\"text\/css\" data-created_by=\"avia_inline_auto\" id=\"style-css-av-jt5xl4sn-12-0fdb48e5073280ee6c450ecefb8b83c1\">\n.av-layout-tab.av-jt5xl4sn-12-0fdb48e5073280ee6c450ecefb8b83c1{\nvertical-align:top;\nbackground-color:#f8f8f8;\n}\n#top .av-tab-section-outer-container.av-jt5ya1wb-16-83210020985918ea5750e9b515af9148 .av-active-tab-title.av-section-tab-title.av-jt5xl4sn-12-0fdb48e5073280ee6c450ecefb8b83c1{\ncolor:#51becb;\n}\n#top .av-tab-section-outer-container.av-jt5ya1wb-16-83210020985918ea5750e9b515af9148 .av-active-tab-title.av-section-tab-title.av-jt5xl4sn-12-0fdb48e5073280ee6c450ecefb8b83c1 .av-tab-arrow-container span{\nbackground-color:#f8f8f8;\n}\n<\/style>\n<div id='av-tab-section-2-2' class='av-layout-tab av-jt5xl4sn-12-0fdb48e5073280ee6c450ecefb8b83c1 av-animation-delay-container  avia-builder-el-36  el_after_av_tab_sub_section  el_before_av_tab_sub_section  ' data-av-deeplink-tabs=\"\" data-av-tab-section-content=\"2\" data-tab-section-id=\"chirurgien-dentiste\"><div class=\"av-layout-tab-inner\"><div class=\"container\">\n<style type=\"text\/css\" data-created_by=\"avia_inline_auto\" id=\"style-css-av-weyi2-6-8441295a3369527b54eb8273e2981321\">\n.flex_column.av-weyi2-6-8441295a3369527b54eb8273e2981321{\n-webkit-border-radius:0px 0px 0px 0px;\n-moz-border-radius:0px 0px 0px 0px;\nborder-radius:0px 0px 0px 0px;\npadding:0px 0px 0px 0px;\n}\n<\/style>\n<div class='flex_column av-weyi2-6-8441295a3369527b54eb8273e2981321 av_one_full  avia-builder-el-37  avia-builder-el-no-sibling  first flex_column_div av-zero-column-padding '     ><style type=\"text\/css\" data-created_by=\"avia_inline_auto\" id=\"style-css-av-jt5yx50t-5-8c5ee552f8fd17d548779527578ec8cc\">\n#top .togglecontainer.av-jt5yx50t-5-8c5ee552f8fd17d548779527578ec8cc p.toggler{\ncolor:#238388;\nbackground-color:#ffffff;\n}\n#top .togglecontainer.av-jt5yx50t-5-8c5ee552f8fd17d548779527578ec8cc p.toggler.activeTitle{\ncolor:#238388;\nborder-color:#238388;\nbackground-color:#ffffff;\n}\n#top .togglecontainer.av-jt5yx50t-5-8c5ee552f8fd17d548779527578ec8cc p.toggler .toggle_icon{\ncolor:#238388;\nborder-color:#238388;\n}\n#top .togglecontainer.av-jt5yx50t-5-8c5ee552f8fd17d548779527578ec8cc .toggle_wrap .toggle_content{\ncolor:#238388;\nbackground-color:#ffffff;\n}\n<\/style>\n<div  class='togglecontainer av-jt5yx50t-5-8c5ee552f8fd17d548779527578ec8cc av-elegant-toggle  avia-builder-el-38  avia-builder-el-no-sibling  toggle_close_all hasCurrentStyle' >\n<section class='av_toggle_section av-6hsz1s-2ae1f94f5b8a4521115b133ff9b2bba9'  itemscope=\"itemscope\" itemtype=\"https:\/\/schema.org\/CreativeWork\" ><div role=\"tablist\" class=\"single_toggle\" data-tags=\"{Tout} \"  ><p data-fake-id='#toggle-id-18' class='toggler   av-inherit-font-color hasCustomColor'  itemprop=\"headline\"  role='tab' tabindex='0' aria-controls='toggle-id-18'><strong>Quelle est la proc\u00e9dure ?<\/strong><span class=\"toggle_icon\"><span class=\"vert_icon\"><\/span><span class=\"hor_icon\"><\/span><\/span><\/p><div id='toggle-id-18' class='toggle_wrap  '  ><div class='toggle_content invers-color av-inherit-font-color hasCustomColor'  itemprop=\"text\" ><div id=\"c76364\" class=\"csc-default\">\n<p class=\"bodytext\">Le rempla\u00e7ant doit demander la d\u00e9livrance d&#8217;une <strong>autorisation de remplacement au Conseil d\u00e9partemental de l&#8217;Ordre des chirurgiens-dentistes\u00a0<\/strong>(CDO) dont vous d\u00e9pendez.<\/p>\n<p class=\"bodytext\"><strong>Vous devez \u00e9tablir un contrat de remplacement avec votre futur rempla\u00e7ant.\u00a0<\/strong>Un mod\u00e8le de contrat est propos\u00e9 sur le\u00a0site du <a href=\"https:\/\/www.ordre-chirurgiens-dentistes.fr\/espace-documentaire\/?dlm_download_category=remplacement\" target=\"_blank\" rel=\"noopener\">Conseil de l&#8217;Ordre<\/a>.<\/p>\n<p>Lien : <a href=\"https:\/\/www.ordre-chirurgiens-dentistes.fr\/espace-documentaire\/?dlm_download_category=remplacement\" target=\"_blank\" rel=\"noopener\">Espace documentaire &#8211; Ordre National des Chirugiens-Dentistes (ordre-chirurgiens-dentistes.fr)<\/a><\/p>\n<\/div>\n<div id=\"c76363\" class=\"csc-default\">\n<div id=\"c67816\" class=\"csc-default\"><\/div>\n<\/div>\n<\/div><\/div><\/div><\/section>\n<section class='av_toggle_section av-aiso00-f9cb2d39628d61e455de4ed1d4bd6d61'  itemscope=\"itemscope\" itemtype=\"https:\/\/schema.org\/CreativeWork\" ><div role=\"tablist\" class=\"single_toggle\" data-tags=\"{Tout} {1} \"  ><p data-fake-id='#toggle-id-19' class='toggler   av-inherit-font-color hasCustomColor'  itemprop=\"headline\"  role='tab' tabindex='0' aria-controls='toggle-id-19'><strong>Qui peut me remplacer dans le cadre d\u2019un exercice lib\u00e9ral ?<\/strong><span class=\"toggle_icon\"><span class=\"vert_icon\"><\/span><span class=\"hor_icon\"><\/span><\/span><\/p><div id='toggle-id-19' class='toggle_wrap  '  ><div class='toggle_content invers-color av-inherit-font-color hasCustomColor'  itemprop=\"text\" ><p class=\"align-justify\"><strong>Tout chirurgien-dentiste inscrit au tableau de l&#8217;Ordre ou un \u00e9tudiant en chirurgie dentaire remplissant les conditions l\u00e9gales\u00a0:<\/strong><\/p>\n<ul>\n<li>\u00e9tudiant en chirurgie dentaire ayant valid\u00e9 sa 5<sup>e<\/sup>\u00a0ann\u00e9e et obtenu son certificat de synth\u00e8se clinique et th\u00e9rapeutique,<\/li>\n<\/ul>\n<ul>\n<li>ou interne en chirurgie dentaire ayant valid\u00e9 sa 5<sup>e<\/sup>\u00a0ann\u00e9e.<\/li>\n<\/ul>\n<\/div><\/div><\/div><\/section>\n<\/div><\/div>\n<\/div><\/div><\/div>\n<style type=\"text\/css\" data-created_by=\"avia_inline_auto\" id=\"style-css-av-jt5xk2g8-9-bd686cb376bfb1e412bf16687ddff909\">\n.av-layout-tab.av-jt5xk2g8-9-bd686cb376bfb1e412bf16687ddff909{\nvertical-align:top;\nbackground-color:#f8f8f8;\n}\n#top .av-tab-section-outer-container.av-jt5ya1wb-16-83210020985918ea5750e9b515af9148 .av-active-tab-title.av-section-tab-title.av-jt5xk2g8-9-bd686cb376bfb1e412bf16687ddff909{\ncolor:#51becb;\n}\n#top .av-tab-section-outer-container.av-jt5ya1wb-16-83210020985918ea5750e9b515af9148 .av-active-tab-title.av-section-tab-title.av-jt5xk2g8-9-bd686cb376bfb1e412bf16687ddff909 .av-tab-arrow-container span{\nbackground-color:#f8f8f8;\n}\n<\/style>\n<div id='av-tab-section-2-3' class='av-layout-tab av-jt5xk2g8-9-bd686cb376bfb1e412bf16687ddff909 av-animation-delay-container  avia-builder-el-39  el_after_av_tab_sub_section  el_before_av_tab_sub_section  ' data-av-deeplink-tabs=\"\" data-av-tab-section-content=\"3\" data-tab-section-id=\"masseur-kinsithrapeute\"><div class=\"av-layout-tab-inner\"><div class=\"container\">\n<style type=\"text\/css\" data-created_by=\"avia_inline_auto\" id=\"style-css-av-weyi2-4-cdb71a340a449772950b3d2d5d3ff603\">\n.flex_column.av-weyi2-4-cdb71a340a449772950b3d2d5d3ff603{\n-webkit-border-radius:0px 0px 0px 0px;\n-moz-border-radius:0px 0px 0px 0px;\nborder-radius:0px 0px 0px 0px;\npadding:0px 0px 0px 0px;\n}\n<\/style>\n<div class='flex_column av-weyi2-4-cdb71a340a449772950b3d2d5d3ff603 av_one_full  avia-builder-el-40  avia-builder-el-no-sibling  first flex_column_div av-zero-column-padding '     ><style type=\"text\/css\" data-created_by=\"avia_inline_auto\" id=\"style-css-av-jt5yx50t-3-3c69210105931d3eb1e95f51380acaa4\">\n#top .togglecontainer.av-jt5yx50t-3-3c69210105931d3eb1e95f51380acaa4 p.toggler{\ncolor:#238388;\nbackground-color:#ffffff;\n}\n#top .togglecontainer.av-jt5yx50t-3-3c69210105931d3eb1e95f51380acaa4 p.toggler.activeTitle{\ncolor:#238388;\nborder-color:#238388;\nbackground-color:#ffffff;\n}\n#top .togglecontainer.av-jt5yx50t-3-3c69210105931d3eb1e95f51380acaa4 p.toggler .toggle_icon{\ncolor:#238388;\nborder-color:#238388;\n}\n#top .togglecontainer.av-jt5yx50t-3-3c69210105931d3eb1e95f51380acaa4 .toggle_wrap .toggle_content{\ncolor:#238388;\nbackground-color:#ffffff;\n}\n<\/style>\n<div  class='togglecontainer av-jt5yx50t-3-3c69210105931d3eb1e95f51380acaa4 av-elegant-toggle  avia-builder-el-41  avia-builder-el-no-sibling  toggle_close_all hasCurrentStyle' >\n<section class='av_toggle_section av-4b2eao-482a6b0ac427b384970027becf600c05'  itemscope=\"itemscope\" itemtype=\"https:\/\/schema.org\/CreativeWork\" ><div role=\"tablist\" class=\"single_toggle\" data-tags=\"{Tout} \"  ><p data-fake-id='#toggle-id-20' class='toggler   av-inherit-font-color hasCustomColor'  itemprop=\"headline\"  role='tab' tabindex='0' aria-controls='toggle-id-20'><strong>Quelle est la proc\u00e9dure ?<\/strong><span class=\"toggle_icon\"><span class=\"vert_icon\"><\/span><span class=\"hor_icon\"><\/span><\/span><\/p><div id='toggle-id-20' class='toggle_wrap  '  ><div class='toggle_content invers-color av-inherit-font-color hasCustomColor'  itemprop=\"text\" ><div id=\"c76364\" class=\"csc-default\">\n<p class=\"align-justify\">Le rempla\u00e7ant doit conclure <strong>un contrat de remplacement<\/strong> avec le masseur-kin\u00e9sith\u00e9rapeute, d\u00e8s lors que le remplacement d\u00e9passe 24 heures ou s&#8217;il est inf\u00e9rieur \u00e0 24h et pratiqu\u00e9 de fa\u00e7on r\u00e9guli\u00e8re.<\/p>\n<p class=\"bodytext\"><strong>Le site de l&#8217;Ordre propose un\u00a0<a title=\"contrat-type (Nouvelle fen\u00eatre)\" href=\"http:\/\/contrats.ordremk.fr\/contrats\/\" target=\"_blank\" rel=\"noopener\">contrat-type<\/a>.\u00a0<\/strong><\/p>\n<\/div>\n<div id=\"c76363\" class=\"csc-default\">\n<div id=\"c67816\" class=\"csc-default\"><\/div>\n<\/div>\n<\/div><\/div><\/div><\/section>\n<section class='av_toggle_section av-85yeao-f4d199b5799c845dfcfb394c591b3990'  itemscope=\"itemscope\" itemtype=\"https:\/\/schema.org\/CreativeWork\" ><div role=\"tablist\" class=\"single_toggle\" data-tags=\"{Tout} {1} \"  ><p data-fake-id='#toggle-id-21' class='toggler   av-inherit-font-color hasCustomColor'  itemprop=\"headline\"  role='tab' tabindex='0' aria-controls='toggle-id-21'><strong>Qui peut me remplacer dans le cadre d\u2019un exercice lib\u00e9ral conventionn\u00e9 ?<\/strong><span class=\"toggle_icon\"><span class=\"vert_icon\"><\/span><span class=\"hor_icon\"><\/span><\/span><\/p><div id='toggle-id-21' class='toggle_wrap  '  ><div class='toggle_content invers-color av-inherit-font-color hasCustomColor'  itemprop=\"text\" ><div id=\"c76362\" class=\"csc-default\">\n<p class=\"align-justify\">Tout masseur-kin\u00e9sith\u00e9rapeute titulaire du dipl\u00f4me d&#8217;\u00c9tat, dans la m\u00eame sp\u00e9cialisation, quel que soit statut\u00a0: lib\u00e9ral, salari\u00e9 du secteur priv\u00e9, du secteur public ou fonctionnaire, sous certaines\u00a0<a href=\"http:\/\/www.nouvelle-aquitaine.paps.sante.fr\/Masseur-kinesitherapeute.39737.0.html\">conditions<\/a>.<\/p>\n<\/div>\n<\/div><\/div><\/div><\/section>\n<\/div><\/div>\n<\/div><\/div><\/div>\n<style type=\"text\/css\" data-created_by=\"avia_inline_auto\" id=\"style-css-av-jt5xidgd-67a2ff444437590dec6dca5962e1d147\">\n.av-layout-tab.av-jt5xidgd-67a2ff444437590dec6dca5962e1d147{\nvertical-align:top;\nbackground-color:#f8f8f8;\n}\n#top .av-tab-section-outer-container.av-jt5ya1wb-16-83210020985918ea5750e9b515af9148 .av-active-tab-title.av-section-tab-title.av-jt5xidgd-67a2ff444437590dec6dca5962e1d147{\ncolor:#51becb;\n}\n#top .av-tab-section-outer-container.av-jt5ya1wb-16-83210020985918ea5750e9b515af9148 .av-active-tab-title.av-section-tab-title.av-jt5xidgd-67a2ff444437590dec6dca5962e1d147 .av-tab-arrow-container span{\nbackground-color:#f8f8f8;\n}\n<\/style>\n<div id='av-tab-section-2-4' class='av-layout-tab av-jt5xidgd-67a2ff444437590dec6dca5962e1d147 av-animation-delay-container  avia-builder-el-42  el_after_av_tab_sub_section  avia-builder-el-last  ' data-av-deeplink-tabs=\"\" data-av-tab-section-content=\"4\" data-tab-section-id=\"infirmier\"><div class=\"av-layout-tab-inner\"><div class=\"container\">\n<style type=\"text\/css\" data-created_by=\"avia_inline_auto\" id=\"style-css-av-weyi2-2-6209ea66dae89dfe30a1e4b00a1548aa\">\n.flex_column.av-weyi2-2-6209ea66dae89dfe30a1e4b00a1548aa{\n-webkit-border-radius:0px 0px 0px 0px;\n-moz-border-radius:0px 0px 0px 0px;\nborder-radius:0px 0px 0px 0px;\npadding:0px 0px 0px 0px;\n}\n<\/style>\n<div class='flex_column av-weyi2-2-6209ea66dae89dfe30a1e4b00a1548aa av_one_full  avia-builder-el-43  avia-builder-el-no-sibling  first flex_column_div av-zero-column-padding '     ><style type=\"text\/css\" data-created_by=\"avia_inline_auto\" id=\"style-css-av-jt5yx50t-1-4582664c99bc46e1059c5b085fd62ae2\">\n#top .togglecontainer.av-jt5yx50t-1-4582664c99bc46e1059c5b085fd62ae2 p.toggler{\ncolor:#238388;\nbackground-color:#ffffff;\n}\n#top .togglecontainer.av-jt5yx50t-1-4582664c99bc46e1059c5b085fd62ae2 p.toggler.activeTitle{\ncolor:#238388;\nborder-color:#238388;\nbackground-color:#ffffff;\n}\n#top .togglecontainer.av-jt5yx50t-1-4582664c99bc46e1059c5b085fd62ae2 p.toggler .toggle_icon{\ncolor:#238388;\nborder-color:#238388;\n}\n#top .togglecontainer.av-jt5yx50t-1-4582664c99bc46e1059c5b085fd62ae2 .toggle_wrap .toggle_content{\ncolor:#238388;\nbackground-color:#ffffff;\n}\n<\/style>\n<div  class='togglecontainer av-jt5yx50t-1-4582664c99bc46e1059c5b085fd62ae2 av-elegant-toggle  avia-builder-el-44  avia-builder-el-no-sibling  toggle_close_all hasCurrentStyle' >\n<section class='av_toggle_section av-36rzsg-04538d17d23648605c6c3fb4ae883d66'  itemscope=\"itemscope\" itemtype=\"https:\/\/schema.org\/CreativeWork\" ><div role=\"tablist\" class=\"single_toggle\" data-tags=\"{Tout} \"  ><p data-fake-id='#toggle-id-22' class='toggler   av-inherit-font-color hasCustomColor'  itemprop=\"headline\"  role='tab' tabindex='0' aria-controls='toggle-id-22'><strong>Quelle est la proc\u00e9dure ?<\/strong><span class=\"toggle_icon\"><span class=\"vert_icon\"><\/span><span class=\"hor_icon\"><\/span><\/span><\/p><div id='toggle-id-22' class='toggle_wrap  '  ><div class='toggle_content invers-color av-inherit-font-color hasCustomColor'  itemprop=\"text\" ><div id=\"c76364\" class=\"csc-default\">\n<p class=\"bodytext\">Le rempla\u00e7ant doit conclure un <strong>contrat de remplacement<\/strong> avec l&#8217;infirmier, d\u00e8s lors que le remplacement d\u00e9passe 24 heures ou s&#8217;il est inf\u00e9rieur \u00e0 24h et pratiqu\u00e9 de fa\u00e7on r\u00e9guli\u00e8re.<\/p>\n<p class=\"bodytext\"><strong>Le site de l&#8217;Ordre propose un\u00a0<a title=\"(Nouvelle fen\u00eatre)\" href=\"https:\/\/www.ordre-infirmiers.fr\/le-remplacement\" target=\"_blank\" rel=\"noopener\">contrat-type<\/a>\u00a0comment\u00e9.<\/strong><\/p>\n<\/div>\n<div id=\"c76363\" class=\"csc-default\">\n<div id=\"c67816\" class=\"csc-default\"><\/div>\n<\/div>\n<\/div><\/div><\/div><\/section>\n<section class='av_toggle_section av-4xaib4-d7006c0b3838f3dad081f8bf8e6f67bd'  itemscope=\"itemscope\" itemtype=\"https:\/\/schema.org\/CreativeWork\" ><div role=\"tablist\" class=\"single_toggle\" data-tags=\"{Tout} {1} \"  ><p data-fake-id='#toggle-id-23' class='toggler   av-inherit-font-color hasCustomColor'  itemprop=\"headline\"  role='tab' tabindex='0' aria-controls='toggle-id-23'><strong>Qui peut me remplacer dans le cadre d\u2019un exercice lib\u00e9ral conventionn\u00e9 ?<\/strong><span class=\"toggle_icon\"><span class=\"vert_icon\"><\/span><span class=\"hor_icon\"><\/span><\/span><\/p><div id='toggle-id-23' class='toggle_wrap  '  ><div class='toggle_content invers-color av-inherit-font-color hasCustomColor'  itemprop=\"text\" ><div id=\"c76360\" class=\"csc-default\">\n<p class=\"bodytext\">Tout infirmier titulaire du dipl\u00f4me d&#8217;\u00c9tat d&#8217;infirmier, lib\u00e9ral, salari\u00e9 du secteur priv\u00e9, du secteur public ou fonctionnaire, sous certaines\u00a0<a href=\"http:\/\/www.nouvelle-aquitaine.paps.sante.fr\/Infirmier.39738.0.html\">conditions<\/a>.<\/p>\n<\/div>\n<\/div><\/div><\/div><\/section>\n<\/div><\/div>\n<\/div><\/div><\/div>\n<\/div><\/div><\/div>\n\n<style type=\"text\/css\" data-created_by=\"avia_inline_auto\" id=\"style-css-av-jtiqojev-b9c47a0bd8d46aac38700667d0c4d518\">\n.avia-section.av-jtiqojev-b9c47a0bd8d46aac38700667d0c4d518{\nbackground-repeat:no-repeat;\nbackground-image:url(https:\/\/soignerenperigord.fr\/wp-content\/uploads\/2019\/03\/Soigner-en-perigord-banniere-annonces.png);\nbackground-position:50% 50%;\nbackground-attachment:scroll;\n}\n<\/style>\n<div id='av_section_6'  class='avia-section av-jtiqojev-b9c47a0bd8d46aac38700667d0c4d518 main_color avia-section-default avia-no-border-styling  avia-builder-el-45  el_after_av_tab_section  avia-builder-el-last  avia-full-stretch avia-bg-style-scroll container_wrap sidebar_right'  data-section-bg-repeat='stretch'><div class='container av-section-cont-open' ><div class='template-page content  av-content-small alpha units'><div class='post-entry post-entry-type-page post-entry-2320'><div class='entry-content-wrapper clearfix'>\n\n<style type=\"text\/css\" data-created_by=\"avia_inline_auto\" id=\"style-css-av-9z2iu-ce5243758864f004818b20d4b709a119\">\n.flex_column.av-9z2iu-ce5243758864f004818b20d4b709a119{\n-webkit-border-radius:0px 0px 0px 0px;\n-moz-border-radius:0px 0px 0px 0px;\nborder-radius:0px 0px 0px 0px;\npadding:0px 0px 0px 0px;\n}\n<\/style>\n<div class='flex_column av-9z2iu-ce5243758864f004818b20d4b709a119 av_one_full  avia-builder-el-46  el_before_av_button  avia-builder-el-first  first flex_column_div av-zero-column-padding '     ><p>\n<style type=\"text\/css\" data-created_by=\"avia_inline_auto\" id=\"style-css-av-2n0ei8-70fbece7020777a807e628b86f4965af\">\n#top .av-special-heading.av-2n0ei8-70fbece7020777a807e628b86f4965af{\npadding-bottom:10px;\ncolor:#ffffff;\nfont-size:45px;\n}\nbody .av-special-heading.av-2n0ei8-70fbece7020777a807e628b86f4965af .av-special-heading-tag .heading-char{\nfont-size:25px;\n}\n#top #wrap_all .av-special-heading.av-2n0ei8-70fbece7020777a807e628b86f4965af .av-special-heading-tag{\nfont-size:45px;\n}\n.av-special-heading.av-2n0ei8-70fbece7020777a807e628b86f4965af .special-heading-inner-border{\nborder-color:#ffffff;\n}\n.av-special-heading.av-2n0ei8-70fbece7020777a807e628b86f4965af .av-subheading{\nfont-size:32px;\n}\n\n@media only screen and (min-width: 480px) and (max-width: 767px){ \n#top #wrap_all .av-special-heading.av-2n0ei8-70fbece7020777a807e628b86f4965af .av-special-heading-tag{\nfont-size:0.8em;\n}\n}\n\n@media only screen and (max-width: 479px){ \n#top #wrap_all .av-special-heading.av-2n0ei8-70fbece7020777a807e628b86f4965af .av-special-heading-tag{\nfont-size:0.8em;\n}\n}\n<\/style>\n<div  class='av-special-heading av-2n0ei8-70fbece7020777a807e628b86f4965af av-special-heading-h3 custom-color-heading blockquote modern-quote modern-centered  avia-builder-el-47  el_before_av_hr  avia-builder-el-first  av-inherit-size'><h3 class='av-special-heading-tag'  itemprop=\"headline\"  >Vous cherchez un rempla\u00e7ant ?<\/h3><div class='av_custom_color av-subheading av-subheading_below'><p>Trouver d\u00e8s maintenant une praticien disponible !<\/p>\n<\/div><div class=\"special-heading-border\"><div class=\"special-heading-inner-border\"><\/div><\/div><\/div><br \/>\n\n<style type=\"text\/css\" data-created_by=\"avia_inline_auto\" id=\"style-css-av-jtiqsa3u-0735a2ead6e09f56c71e7b9975411674\">\n#top .hr.hr-invisible.av-jtiqsa3u-0735a2ead6e09f56c71e7b9975411674{\nheight:20px;\n}\n<\/style>\n<div  class='hr av-jtiqsa3u-0735a2ead6e09f56c71e7b9975411674 hr-invisible  avia-builder-el-48  el_after_av_heading  avia-builder-el-last '><span class='hr-inner '><span class=\"hr-inner-style\"><\/span><\/span><\/div><\/p><\/div><div  class='avia-button-wrap av-jtiqncw2-cbb98e95af542a9709cac6c70c84ebff-wrap avia-button-center  avia-builder-el-49  el_after_av_one_full  avia-builder-el-last '><a href='\/wp-admin\/post-new.php?post_type=annonces'  class='avia-button av-jtiqncw2-cbb98e95af542a9709cac6c70c84ebff avia-icon_select-yes-right-icon avia-size-large avia-position-center av-icon-on-hover avia-color-light'  ><span class='avia_iconbox_title' >Poster une annonce<\/span><span class='avia_button_icon avia_button_icon_right' aria-hidden='true' data-av_icon='\ue83c' data-av_iconfont='entypo-fontello'><\/span><\/a><\/div>\n<\/div><\/div><\/div><!-- close content main div --><\/div><\/div><div id='after_section_6'  class='main_color av_default_container_wrap container_wrap sidebar_right'  ><div class='container av-section-cont-open' ><div class='template-page content  av-content-small alpha units'><div class='post-entry post-entry-type-page post-entry-2320'><div class='entry-content-wrapper clearfix'>\n","protected":false},"excerpt":{"rendered":"","protected":false},"author":1,"featured_media":0,"parent":0,"menu_order":0,"comment_status":"closed","ping_status":"closed","template":"","meta":[],"acf":[],"yoast_head":"<!-- This site is optimized with the Yoast SEO plugin v19.13 - https:\/\/yoast.com\/wordpress\/plugins\/seo\/ -->\n<title>Professionnels de sant\u00e9 - Pratiquer au quotidien, trouver un rempla\u00e7ant...<\/title>\n<meta name=\"description\" content=\"Professionnels de sant\u00e9, d\u00e9couvrez nos conseils pour vous faire remplacer, participer \u00e0 la permanence des soins, \u00eatre accompagn\u00e9 par la CPAM de la Dordogne\" \/>\n<meta name=\"robots\" content=\"index, follow, max-snippet:-1, max-image-preview:large, max-video-preview:-1\" \/>\n<link rel=\"canonical\" href=\"https:\/\/soignerenperigord.fr\/?page_id=2320\" \/>\n<meta property=\"og:locale\" content=\"fr_FR\" \/>\n<meta property=\"og:type\" content=\"article\" \/>\n<meta property=\"og:title\" content=\"Professionnels de sant\u00e9 - Pratiquer au quotidien, trouver un rempla\u00e7ant...\" \/>\n<meta property=\"og:description\" content=\"Professionnels de sant\u00e9, d\u00e9couvrez nos conseils pour vous faire remplacer, participer \u00e0 la permanence des soins, \u00eatre accompagn\u00e9 par la CPAM de la Dordogne\" \/>\n<meta property=\"og:url\" content=\"https:\/\/soignerenperigord.fr\/?page_id=2320\" \/>\n<meta property=\"og:site_name\" content=\"SoignerEnPerigord\" \/>\n<meta property=\"article:modified_time\" content=\"2026-02-09T09:49:28+00:00\" \/>\n<meta property=\"og:image\" content=\"https:\/\/soignerenperigord.fr\/wp-content\/uploads\/2020\/01\/3608-300x51.png\" \/>\n<meta name=\"twitter:card\" content=\"summary_large_image\" \/>\n<meta name=\"twitter:label1\" content=\"Est. reading time\" \/>\n\t<meta name=\"twitter:data1\" content=\"18 minutes\" \/>\n<script type=\"application\/ld+json\" class=\"yoast-schema-graph\">{\"@context\":\"https:\/\/schema.org\",\"@graph\":[{\"@type\":\"WebPage\",\"@id\":\"https:\/\/soignerenperigord.fr\/?page_id=2320\",\"url\":\"https:\/\/soignerenperigord.fr\/?page_id=2320\",\"name\":\"Professionnels de sant\u00e9 - Pratiquer au quotidien, trouver un rempla\u00e7ant...\",\"isPartOf\":{\"@id\":\"https:\/\/soignerenperigord.fr\/#website\"},\"datePublished\":\"2019-05-06T09:15:36+00:00\",\"dateModified\":\"2026-02-09T09:49:28+00:00\",\"description\":\"Professionnels de sant\u00e9, d\u00e9couvrez nos conseils pour vous faire remplacer, participer \u00e0 la permanence des soins, \u00eatre accompagn\u00e9 par la CPAM de la Dordogne\",\"breadcrumb\":{\"@id\":\"https:\/\/soignerenperigord.fr\/?page_id=2320#breadcrumb\"},\"inLanguage\":\"fr-FR\",\"potentialAction\":[{\"@type\":\"ReadAction\",\"target\":[\"https:\/\/soignerenperigord.fr\/?page_id=2320\"]}]},{\"@type\":\"BreadcrumbList\",\"@id\":\"https:\/\/soignerenperigord.fr\/?page_id=2320#breadcrumb\",\"itemListElement\":[{\"@type\":\"ListItem\",\"position\":1,\"name\":\"Home\",\"item\":\"https:\/\/soignerenperigord.fr\/?page_id=1809\"},{\"@type\":\"ListItem\",\"position\":2,\"name\":\"Pratiquer au quotidien\"}]},{\"@type\":\"WebSite\",\"@id\":\"https:\/\/soignerenperigord.fr\/#website\",\"url\":\"https:\/\/soignerenperigord.fr\/\",\"name\":\"SoignerEnPerigord\",\"description\":\"Un site utilisant WordPress\",\"potentialAction\":[{\"@type\":\"SearchAction\",\"target\":{\"@type\":\"EntryPoint\",\"urlTemplate\":\"https:\/\/soignerenperigord.fr\/?s={search_term_string}\"},\"query-input\":\"required name=search_term_string\"}],\"inLanguage\":\"fr-FR\"}]}<\/script>\n<!-- \/ Yoast SEO plugin. -->","yoast_head_json":{"title":"Professionnels de sant\u00e9 - Pratiquer au quotidien, trouver un rempla\u00e7ant...","description":"Professionnels de sant\u00e9, d\u00e9couvrez nos conseils pour vous faire remplacer, participer \u00e0 la permanence des soins, \u00eatre accompagn\u00e9 par la CPAM de la Dordogne","robots":{"index":"index","follow":"follow","max-snippet":"max-snippet:-1","max-image-preview":"max-image-preview:large","max-video-preview":"max-video-preview:-1"},"canonical":"https:\/\/soignerenperigord.fr\/?page_id=2320","og_locale":"fr_FR","og_type":"article","og_title":"Professionnels de sant\u00e9 - Pratiquer au quotidien, trouver un rempla\u00e7ant...","og_description":"Professionnels de sant\u00e9, d\u00e9couvrez nos conseils pour vous faire remplacer, participer \u00e0 la permanence des soins, \u00eatre accompagn\u00e9 par la CPAM de la Dordogne","og_url":"https:\/\/soignerenperigord.fr\/?page_id=2320","og_site_name":"SoignerEnPerigord","article_modified_time":"2026-02-09T09:49:28+00:00","og_image":[{"url":"https:\/\/soignerenperigord.fr\/wp-content\/uploads\/2020\/01\/3608-300x51.png"}],"twitter_card":"summary_large_image","twitter_misc":{"Est. reading time":"18 minutes"},"schema":{"@context":"https:\/\/schema.org","@graph":[{"@type":"WebPage","@id":"https:\/\/soignerenperigord.fr\/?page_id=2320","url":"https:\/\/soignerenperigord.fr\/?page_id=2320","name":"Professionnels de sant\u00e9 - Pratiquer au quotidien, trouver un rempla\u00e7ant...","isPartOf":{"@id":"https:\/\/soignerenperigord.fr\/#website"},"datePublished":"2019-05-06T09:15:36+00:00","dateModified":"2026-02-09T09:49:28+00:00","description":"Professionnels de sant\u00e9, d\u00e9couvrez nos conseils pour vous faire remplacer, participer \u00e0 la permanence des soins, \u00eatre accompagn\u00e9 par la CPAM de la Dordogne","breadcrumb":{"@id":"https:\/\/soignerenperigord.fr\/?page_id=2320#breadcrumb"},"inLanguage":"fr-FR","potentialAction":[{"@type":"ReadAction","target":["https:\/\/soignerenperigord.fr\/?page_id=2320"]}]},{"@type":"BreadcrumbList","@id":"https:\/\/soignerenperigord.fr\/?page_id=2320#breadcrumb","itemListElement":[{"@type":"ListItem","position":1,"name":"Home","item":"https:\/\/soignerenperigord.fr\/?page_id=1809"},{"@type":"ListItem","position":2,"name":"Pratiquer au quotidien"}]},{"@type":"WebSite","@id":"https:\/\/soignerenperigord.fr\/#website","url":"https:\/\/soignerenperigord.fr\/","name":"SoignerEnPerigord","description":"Un site utilisant WordPress","potentialAction":[{"@type":"SearchAction","target":{"@type":"EntryPoint","urlTemplate":"https:\/\/soignerenperigord.fr\/?s={search_term_string}"},"query-input":"required name=search_term_string"}],"inLanguage":"fr-FR"}]}},"_links":{"self":[{"href":"https:\/\/soignerenperigord.fr\/index.php?rest_route=\/wp\/v2\/pages\/2320"}],"collection":[{"href":"https:\/\/soignerenperigord.fr\/index.php?rest_route=\/wp\/v2\/pages"}],"about":[{"href":"https:\/\/soignerenperigord.fr\/index.php?rest_route=\/wp\/v2\/types\/page"}],"author":[{"embeddable":true,"href":"https:\/\/soignerenperigord.fr\/index.php?rest_route=\/wp\/v2\/users\/1"}],"replies":[{"embeddable":true,"href":"https:\/\/soignerenperigord.fr\/index.php?rest_route=%2Fwp%2Fv2%2Fcomments&post=2320"}],"version-history":[{"count":34,"href":"https:\/\/soignerenperigord.fr\/index.php?rest_route=\/wp\/v2\/pages\/2320\/revisions"}],"predecessor-version":[{"id":16402,"href":"https:\/\/soignerenperigord.fr\/index.php?rest_route=\/wp\/v2\/pages\/2320\/revisions\/16402"}],"wp:attachment":[{"href":"https:\/\/soignerenperigord.fr\/index.php?rest_route=%2Fwp%2Fv2%2Fmedia&parent=2320"}],"curies":[{"name":"wp","href":"https:\/\/api.w.org\/{rel}","templated":true}]}}