{"id":1809,"date":"2019-04-01T14:15:07","date_gmt":"2019-04-01T12:15:07","guid":{"rendered":"https:\/\/soignerenperigord.dordogne.fr\/?page_id=1809"},"modified":"2026-08-25T07:41:08","modified_gmt":"2026-08-25T05:41:08","slug":"homepage","status":"publish","type":"page","link":"https:\/\/soignerenperigord.fr\/","title":{"rendered":"Homepage"},"content":{"rendered":"<div id='notification'  class='avia-section av-l346duaf-4cb7f8d951463556fe8e160d0a0d03a8 main_color avia-section-small avia-no-border-styling  avia-builder-el-0  el_before_av_section  avia-builder-el-first  avia-bg-style-scroll container_wrap sidebar_right'  ><div class='container av-section-cont-open' ><main  role=\"main\" itemprop=\"mainContentOfPage\"  class='template-page content  av-content-small alpha units'><div class='post-entry post-entry-type-page post-entry-1809'><div class='entry-content-wrapper clearfix'>\n<div  class='avia-content-slider-element-container av-l345cp4n-1b8237f2966b5f08832c2cdbf5b63449 avia-content-slider-element-slider avia-content-slider avia-smallarrow-slider avia-content-slider-active avia-content-slider-odd  avia-builder-el-1  avia-builder-el-no-sibling  av-slideshow-ui av-control-hidden av-nav-arrows-visible av-nav-dots-visible av-no-slider-navigation av-hide-nav-arrows av-slideshow-autoplay av-loop-endless av-loop-manual-endless avia-content-slider1' data-slideshow-options=\"{&quot;animation&quot;:&quot;slide&quot;,&quot;autoplay&quot;:true,&quot;loop_autoplay&quot;:&quot;endless&quot;,&quot;interval&quot;:3,&quot;loop_manual&quot;:&quot;manual-endless&quot;,&quot;autoplay_stopper&quot;:false,&quot;noNavigation&quot;:true,&quot;bg_slider&quot;:false,&quot;keep_padding&quot;:&quot;&quot;,&quot;hoverpause&quot;:false,&quot;show_slide_delay&quot;:30}\"><div class='avia-smallarrow-slider-heading  no-content-slider-heading '><div class='new-special-heading'>&nbsp;<\/div><\/div><div class=\"avia-content-slider-inner\"><div class=\"slide-entry-wrap\"><section class='slide-entry av-21vaf5-8e4ebda3aa2ee36c6299fd592ef2825c flex_column av_fullwidth post-entry slide-entry-overview slide-loop-1 slide-parity-odd  first'  itemscope=\"itemscope\" itemtype=\"https:\/\/schema.org\/CreativeWork\" ><h3 class='slide-entry-title entry-title '  itemprop=\"headline\" >Annonces<\/h3><div class='slide-entry-excerpt entry-content'  itemprop=\"text\" ><div id='avia-messagebox-' class='avia_message_box av_notification av-2y53hp-17-f318ba8916412f701b5e9ea8cccc5dba avia-color-green avia-size-large avia-icon_select-yes avia-border-  avia-builder-el-2  el_before_av_notification  avia-builder-el-first ' ><div class=\"avia_message_box_content\"><span class='avia_message_box_icon' aria-hidden='true' data-av_icon='\ue8d2' data-av_iconfont='entypo-fontello'><\/span><p><strong>180 annonces <\/strong>sont disponibles sur le site Soignerenperigord.fr.<\/p>\n<\/div><\/div>\n<\/div><\/section><\/div><div class=\"slide-entry-wrap\"><section class='slide-entry av-2t8std-be45f87c29f2efcfb742517e5009187d flex_column av_fullwidth post-entry slide-entry-overview slide-loop-2 slide-parity-odd  first'  itemscope=\"itemscope\" itemtype=\"https:\/\/schema.org\/CreativeWork\" ><h3 class='slide-entry-title entry-title '  itemprop=\"headline\" ><a href='https:\/\/soignerenperigord.fr\/?p=8904'  target=\"_blank\"  rel=\"noopener noreferrer\" title='Internat en m\u00e9decine'>Internat en m\u00e9decine<\/a><\/h3><div class='slide-entry-excerpt entry-content'  itemprop=\"text\" ><div id='avia-messagebox-' class='avia_message_box av_notification av-2y53hp-16-738fc84d8f5fa4d76a1a09eab4fdb19c avia-color-green avia-size-large avia-icon_select-yes avia-border-  avia-builder-el-3  el_after_av_notification  el_before_av_notification ' ><div class=\"avia_message_box_content\"><span class='avia_message_box_icon' aria-hidden='true' data-av_icon='\ue8d2' data-av_iconfont='entypo-fontello'><\/span><p>Postes d&#8217;internat suppl\u00e9mentaires, voir du c\u00f4t\u00e9 de BLOG..<\/p>\n<\/div><\/div>\n<\/div><\/section><\/div><div class=\"slide-entry-wrap\"><section class='slide-entry av-3st0s1-18-dc632f8c57d8f6b3d63b904f8ebfd394 flex_column av_fullwidth post-entry slide-entry-overview slide-loop-3 slide-parity-odd  post-entry-last  first'  itemscope=\"itemscope\" itemtype=\"https:\/\/schema.org\/CreativeWork\" ><h3 class='slide-entry-title entry-title '  itemprop=\"headline\" >Comment s\u2019inscrire sur le site<\/h3><div class='slide-entry-excerpt entry-content'  itemprop=\"text\" ><div id='avia-messagebox-' class='avia_message_box av_notification av-2y53hp-15-4257fb129f3f62e4d1b413fe95aa6e0e avia-color-green avia-size-large avia-icon_select-yes avia-border-  avia-builder-el-4  el_after_av_notification  avia-builder-el-last ' ><div class=\"avia_message_box_content\"><span class='avia_message_box_icon' aria-hidden='true' data-av_icon='\ue8d2' data-av_iconfont='entypo-fontello'><\/span><p><strong>Comment s&#8217;inscrire sur le site et g\u00e9rer ses propres annonces<\/strong>. <a href=\"https:\/\/soignerenperigord.fr\/?p=5423\" target=\"_blank\" rel=\"noopener\">Lire l&#8217;article<\/a><\/p>\n<\/div><\/div>\n<\/div><\/section><\/div><\/div><\/div>\n<\/div><\/div><\/main><!-- close content main element --><\/div><\/div>\n<style type=\"text\/css\" data-created_by=\"avia_inline_auto\" id=\"style-css-av-jxlrpife-26d2ee31cf0095bb3d33936e8361ea1d\">\n.avia-section.av-jxlrpife-26d2ee31cf0095bb3d33936e8361ea1d{\nbackground-repeat:no-repeat;\nbackground-image:url(https:\/\/soignerenperigord.fr\/wp-content\/uploads\/2019\/07\/soigner-en-perigord-cadre-de-vie-medecin-dordogne-installation-remplacement.jpg);\nbackground-position:50% 0%;\nbackground-attachment:scroll;\n}\n.avia-section.av-jxlrpife-26d2ee31cf0095bb3d33936e8361ea1d .av-section-color-overlay{\nopacity:0.3;\nbackground-color:#515151;\n}\n<\/style>\n<div id='av_section_2'  class='avia-section av-jxlrpife-26d2ee31cf0095bb3d33936e8361ea1d main_color avia-section-default avia-no-border-styling  avia-builder-el-5  el_after_av_section  el_before_av_section  av-desktop-hide av-medium-hide avia-full-stretch avia-bg-style-scroll av-section-color-overlay-active container_wrap sidebar_right'  data-section-bg-repeat='stretch'><div class=\"av-section-color-overlay-wrap\"><div class=\"av-section-color-overlay\"><\/div><div class='container av-section-cont-open' ><div class='template-page content  av-content-small alpha units'><div class='post-entry post-entry-type-page post-entry-1809'><div class='entry-content-wrapper clearfix'>\n\n<style type=\"text\/css\" data-created_by=\"avia_inline_auto\" id=\"style-css-av-28lp9t-afdd8de5aca5d94e4126c37287bdf69f\">\n.flex_column.av-28lp9t-afdd8de5aca5d94e4126c37287bdf69f{\n-webkit-border-radius:0px 0px 0px 0px;\n-moz-border-radius:0px 0px 0px 0px;\nborder-radius:0px 0px 0px 0px;\npadding:0px 0px 0px 0px;\n}\n<\/style>\n<div class='flex_column av-28lp9t-afdd8de5aca5d94e4126c37287bdf69f av_one_full  avia-builder-el-6  avia-builder-el-no-sibling  first flex_column_div av-zero-column-padding '     ><p>\n<style type=\"text\/css\" data-created_by=\"avia_inline_auto\" id=\"style-css-av-jxlrsg2h-d209de1b6a44bec79b1439abe8cf02e5\">\n#top .av-special-heading.av-jxlrsg2h-d209de1b6a44bec79b1439abe8cf02e5{\npadding-bottom:10px;\n}\nbody .av-special-heading.av-jxlrsg2h-d209de1b6a44bec79b1439abe8cf02e5 .av-special-heading-tag .heading-char{\nfont-size:25px;\n}\n.av-special-heading.av-jxlrsg2h-d209de1b6a44bec79b1439abe8cf02e5 .av-subheading{\nfont-size:15px;\n}\n<\/style>\n<div  class='av-special-heading av-jxlrsg2h-d209de1b6a44bec79b1439abe8cf02e5 av-special-heading-h1 blockquote modern-quote modern-centered  avia-builder-el-7  el_before_av_hr  avia-builder-el-first '><h1 class='av-special-heading-tag'  itemprop=\"headline\"  ><\/p>\n<h1 id=\"annonce_page_header_title\">Annonces m\u00e9dicales<br \/>en Dordogne<br \/>et P\u00e9rigord<\/h1>\n<p><\/h1><div class=\"special-heading-border\"><div class=\"special-heading-inner-border\"><\/div><\/div><\/div><br \/>\n\n<style type=\"text\/css\" data-created_by=\"avia_inline_auto\" id=\"style-css-av-jxlrx970-08d14458a9b81b199810f49d77afb5e2\">\n#top .hr.hr-invisible.av-jxlrx970-08d14458a9b81b199810f49d77afb5e2{\nheight:130px;\n}\n<\/style>\n<div  class='hr av-jxlrx970-08d14458a9b81b199810f49d77afb5e2 hr-invisible  avia-builder-el-8  el_after_av_heading  avia-builder-el-last '><span class='hr-inner '><span class=\"hr-inner-style\"><\/span><\/span><\/div><\/p><\/div>\n<\/p>\n<\/div><\/div><\/div><!-- close content main div --><\/div><\/div><\/div>\n<style type=\"text\/css\" data-created_by=\"avia_inline_auto\" id=\"style-css-av-jtsgvk6k-8f0ea783ccd130f2e68a42ef9dd797c4\">\n.avia-section.av-jtsgvk6k-8f0ea783ccd130f2e68a42ef9dd797c4{\nmargin-top:0px;\nmargin-bottom:0px;\n}\n<\/style>\n<div id='av_section_3'  class='avia-section av-jtsgvk6k-8f0ea783ccd130f2e68a42ef9dd797c4 alternate_color avia-section-no-padding avia-no-border-styling  avia-builder-el-9  el_after_av_section  el_before_av_one_full  av-small-hide av-mini-hide avia-bg-style-scroll container_wrap sidebar_right'  ><div class='container av-section-cont-open' ><div class='template-page content  av-content-small alpha units'><div class='post-entry post-entry-type-page post-entry-1809'><div class='entry-content-wrapper clearfix'>\n<div  class='avia-slideshow av-jtrfy30u-9174e19cf0a2052bb17893f8b53fdf95 avia-slideshow-no scaling av_slideshow avia-slide-slider  avia-builder-el-10  el_before_av_hr  avia-builder-el-first  av-slideshow-ui av-control-minimal av-slideshow-manual av-loop-once av-loop-manual-endless av-default-height-applied avia-slideshow-1' data-slideshow-options=\"{&quot;animation&quot;:&quot;slide&quot;,&quot;autoplay&quot;:false,&quot;loop_autoplay&quot;:&quot;once&quot;,&quot;interval&quot;:5,&quot;loop_manual&quot;:&quot;manual-endless&quot;,&quot;autoplay_stopper&quot;:false,&quot;noNavigation&quot;:false,&quot;bg_slider&quot;:false,&quot;keep_padding&quot;:false,&quot;hoverpause&quot;:false,&quot;show_slide_delay&quot;:0}\"  itemprop=\"image\" itemscope=\"itemscope\" itemtype=\"https:\/\/schema.org\/ImageObject\" ><ul class='avia-slideshow-inner ' style='padding-bottom: 41.322314049587%;'><li  class='avia-slideshow-slide av-jtrfy30u-9174e19cf0a2052bb17893f8b53fdf95__0  slide-1 slide-odd'><a href=\"https:\/\/soignerenperigord.fr\/?page_id=2075\"  data-rel='slideshow-1' class='avia-slide-wrap '   ><div class='av-slideshow-caption av-jtrfy30u-9174e19cf0a2052bb17893f8b53fdf95__0 avia-caption'><div class=\"avia-inner-caption\"><h2 class='avia-caption-title '  itemprop=\"name\" >Soigner en P\u00e9rigord<\/h2><div class='avia-caption-content '  itemprop=\"description\" ><p>Un cadre de vie d&#8217;exception pour pratiquer votre profession<\/p>\n<\/div><\/div><\/div><img decoding=\"async\" class=\"wp-image-3570 avia-img-lazy-loading-not-3570\"  src=\"https:\/\/soignerenperigord.fr\/wp-content\/uploads\/2019\/07\/soigner-en-perigord-cadre-de-vie-medecin-dordogne-installation-remplacement.jpg\" width=\"1210\" height=\"500\" title='soigner-en-perigord-cadre-de-vie-medecin-dordogne-installation-remplacement' alt=''  itemprop=\"thumbnailUrl\" srcset=\"https:\/\/soignerenperigord.fr\/wp-content\/uploads\/2019\/07\/soigner-en-perigord-cadre-de-vie-medecin-dordogne-installation-remplacement.jpg 1210w, https:\/\/soignerenperigord.fr\/wp-content\/uploads\/2019\/07\/soigner-en-perigord-cadre-de-vie-medecin-dordogne-installation-remplacement-300x124.jpg 300w, https:\/\/soignerenperigord.fr\/wp-content\/uploads\/2019\/07\/soigner-en-perigord-cadre-de-vie-medecin-dordogne-installation-remplacement-768x317.jpg 768w, https:\/\/soignerenperigord.fr\/wp-content\/uploads\/2019\/07\/soigner-en-perigord-cadre-de-vie-medecin-dordogne-installation-remplacement-1030x426.jpg 1030w, https:\/\/soignerenperigord.fr\/wp-content\/uploads\/2019\/07\/soigner-en-perigord-cadre-de-vie-medecin-dordogne-installation-remplacement-705x291.jpg 705w, https:\/\/soignerenperigord.fr\/wp-content\/uploads\/2019\/07\/soigner-en-perigord-cadre-de-vie-medecin-dordogne-installation-remplacement-450x186.jpg 450w\" sizes=\"(max-width: 1210px) 100vw, 1210px\" \/><\/a><\/li><li  class='avia-slideshow-slide av-jtrfy30u-9174e19cf0a2052bb17893f8b53fdf95__1  slide-2 slide-even'><a href=\"https:\/\/soignerenperigord.fr\/?post_type%5B%5D=annonces&amp;s=*&amp;type=null&amp;metier=null&amp;lat=&amp;long=&amp;spe_med=null&amp;date_from=&amp;date_to=&amp;type_structure=null&amp;milieu=null\"  data-rel='slideshow-1' class='avia-slide-wrap '   ><div class='av-slideshow-caption av-jtrfy30u-9174e19cf0a2052bb17893f8b53fdf95__1 avia-caption'><div class=\"avia-inner-caption\"><h2 class='avia-caption-title '  itemprop=\"name\" >Remplacement, installation, stage...<\/h2><div class='avia-caption-content '  itemprop=\"description\" ><p>Consultez toutes les annonces !<\/p>\n<\/div><\/div><\/div><img decoding=\"async\" class=\"wp-image-1417 avia-img-lazy-loading-not-1417\"  src=\"https:\/\/soignerenperigord.fr\/wp-content\/uploads\/2019\/03\/soigner-en-perigord-mise-en-relation-annonces-remplacement-installation-stage-medecin-dordogne.png\" width=\"1210\" height=\"500\" title='soigner-en-perigord-mise-en-relation-annonces-remplacement-installation-stage-medecin-dordogne' alt=''  itemprop=\"thumbnailUrl\" srcset=\"https:\/\/soignerenperigord.fr\/wp-content\/uploads\/2019\/03\/soigner-en-perigord-mise-en-relation-annonces-remplacement-installation-stage-medecin-dordogne.png 1210w, https:\/\/soignerenperigord.fr\/wp-content\/uploads\/2019\/03\/soigner-en-perigord-mise-en-relation-annonces-remplacement-installation-stage-medecin-dordogne-300x124.png 300w, https:\/\/soignerenperigord.fr\/wp-content\/uploads\/2019\/03\/soigner-en-perigord-mise-en-relation-annonces-remplacement-installation-stage-medecin-dordogne-768x317.png 768w, https:\/\/soignerenperigord.fr\/wp-content\/uploads\/2019\/03\/soigner-en-perigord-mise-en-relation-annonces-remplacement-installation-stage-medecin-dordogne-1030x426.png 1030w, https:\/\/soignerenperigord.fr\/wp-content\/uploads\/2019\/03\/soigner-en-perigord-mise-en-relation-annonces-remplacement-installation-stage-medecin-dordogne-705x291.png 705w, https:\/\/soignerenperigord.fr\/wp-content\/uploads\/2019\/03\/soigner-en-perigord-mise-en-relation-annonces-remplacement-installation-stage-medecin-dordogne-450x186.png 450w\" sizes=\"(max-width: 1210px) 100vw, 1210px\" \/><\/a><\/li><li  class='avia-slideshow-slide av-jtrfy30u-9174e19cf0a2052bb17893f8b53fdf95__2  slide-3 slide-odd'><a href=\"https:\/\/soignerenperigord.fr\/?page_id=1270\"  data-rel='slideshow-1' class='avia-slide-wrap '   ><div class='av-slideshow-caption av-jtrfy30u-9174e19cf0a2052bb17893f8b53fdf95__2 avia-caption'><div class=\"avia-inner-caption\"><h2 class='avia-caption-title '  itemprop=\"name\" >O\u00f9 s\u2019installer en Dordogne ?<\/h2><div class='avia-caption-content '  itemprop=\"description\" ><p>M\u00e9decins g\u00e9n\u00e9ralistes, chirurgiens-dentistes, masseurs-kin\u00e9s&#8230; d\u00e9couvrez les lieux propices \u00e0 votre installation<\/p>\n<\/div><\/div><\/div><img decoding=\"async\" class=\"wp-image-1418 avia-img-lazy-loading-not-1418\"  src=\"https:\/\/soignerenperigord.fr\/wp-content\/uploads\/2019\/03\/soigner-en-perigord-installation-remplacement-medecin-dordogne.png\" width=\"1210\" height=\"500\" title='soigner-en-perigord-installation-remplacement-medecin-dordogne' alt=''  itemprop=\"thumbnailUrl\" srcset=\"https:\/\/soignerenperigord.fr\/wp-content\/uploads\/2019\/03\/soigner-en-perigord-installation-remplacement-medecin-dordogne.png 1210w, https:\/\/soignerenperigord.fr\/wp-content\/uploads\/2019\/03\/soigner-en-perigord-installation-remplacement-medecin-dordogne-300x124.png 300w, https:\/\/soignerenperigord.fr\/wp-content\/uploads\/2019\/03\/soigner-en-perigord-installation-remplacement-medecin-dordogne-768x317.png 768w, https:\/\/soignerenperigord.fr\/wp-content\/uploads\/2019\/03\/soigner-en-perigord-installation-remplacement-medecin-dordogne-1030x426.png 1030w, https:\/\/soignerenperigord.fr\/wp-content\/uploads\/2019\/03\/soigner-en-perigord-installation-remplacement-medecin-dordogne-705x291.png 705w, https:\/\/soignerenperigord.fr\/wp-content\/uploads\/2019\/03\/soigner-en-perigord-installation-remplacement-medecin-dordogne-450x186.png 450w\" sizes=\"(max-width: 1210px) 100vw, 1210px\" \/><\/a><\/li><\/ul><div class='avia-slideshow-arrows avia-slideshow-controls' ><a href='#prev' class='prev-slide ' aria-hidden='true' data-av_icon='\ue87c' data-av_iconfont='entypo-fontello'  tabindex='-1'>Pr\u00e9c\u00e9dent<\/a><a href='#next' class='next-slide ' aria-hidden='true' data-av_icon='\ue87d' data-av_iconfont='entypo-fontello'  tabindex='-1'>Suivant<\/a><\/div><div class='avia-slideshow-dots avia-slideshow-controls'><a href='#1' class='goto-slide active' >1<\/a><a href='#2' class='goto-slide ' >2<\/a><a href='#3' class='goto-slide ' >3<\/a><\/div><\/div>\n\n<style type=\"text\/css\" data-created_by=\"avia_inline_auto\" id=\"style-css-av-jtsoqbc5-0ffea1e34c64dacc8d5058b42e420b8f\">\n#top .hr.hr-invisible.av-jtsoqbc5-0ffea1e34c64dacc8d5058b42e420b8f{\nheight:50px;\n}\n<\/style>\n<div  class='hr av-jtsoqbc5-0ffea1e34c64dacc8d5058b42e420b8f hr-invisible  avia-builder-el-11  el_after_av_slideshow  avia-builder-el-last '><span class='hr-inner '><span class=\"hr-inner-style\"><\/span><\/span><\/div>\n<\/div><\/div><\/div><!-- close content main div --><\/div><\/div><div id='after_section_3'  class='main_color av_default_container_wrap container_wrap sidebar_right'  ><div class='container av-section-cont-open' ><div class='template-page content  av-content-small alpha units'><div class='post-entry post-entry-type-page post-entry-1809'><div class='entry-content-wrapper clearfix'>\n\n<style type=\"text\/css\" data-created_by=\"avia_inline_auto\" id=\"style-css-av-jx0k3754-ebece64df8eba0c70cb53e12db55ce49\">\n.flex_column.av-jx0k3754-ebece64df8eba0c70cb53e12db55ce49{\n-webkit-border-radius:0px 0px 0px 0px;\n-moz-border-radius:0px 0px 0px 0px;\nborder-radius:0px 0px 0px 0px;\npadding:0px 0px 0px 0px;\n}\n<\/style>\n<div class='flex_column av-jx0k3754-ebece64df8eba0c70cb53e12db55ce49 av_one_full  avia-builder-el-12  el_after_av_section  el_before_av_section  avia-builder-el-no-sibling  recherche first flex_column_div av-zero-column-padding '     ><section  class='av_textblock_section av-jx0k27d0-7297afa3ecf66c43ffcb416334f084bb'  itemscope=\"itemscope\" itemtype=\"https:\/\/schema.org\/CreativeWork\" ><div class='avia_textblock recherche'  itemprop=\"text\" ><script>\n\tfunction show_specialite(){\n\t\tjQuery('#search_spec_med').addClass(\"hidden_form_bloc\");\n\t\tjQuery('#search_spec_kine').addClass(\"hidden_form_bloc\");\n\t\tjQuery('#search_spec_dent').addClass(\"hidden_form_bloc\");\n\t\tjQuery('#search_spec_inf').addClass(\"hidden_form_bloc\");\n\t\tjQuery('#spec_med').value = \"null\";\n\t\tjQuery('#spec_kine').value = \"null\";\n\t\tjQuery('#spec_dent').value = \"null\";\n\t\tjQuery('#spec_inf').value = \"null\";\n\t\tif(jQuery('#metier').val() === \"med\" && jQuery('#search_spec_med').hasClass(\"hidden_form_bloc\")){\n\t\t\tjQuery('#search_spec_med').removeClass(\"hidden_form_bloc\");\n\t\t} else if(jQuery('#metier').val() === \"kine\" && jQuery('#search_spec_kine').hasClass(\"hidden_form_bloc\")){\n\t\t\tjQuery('#search_spec_kine').removeClass(\"hidden_form_bloc\");\n\t\t} else if(jQuery('#metier').val() === \"dent\" && jQuery('#search_spec_dent').hasClass(\"hidden_form_bloc\")){\n\t\t\tjQuery('#search_spec_dent').removeClass(\"hidden_form_bloc\");\n\t\t} else if(jQuery('#metier').val() === \"inf\" && jQuery('#search_spec_inf').hasClass(\"hidden_form_bloc\")){\n\t\t\tjQuery('#search_spec_inf').removeClass(\"hidden_form_bloc\");\n\t\t} \n\t\t\/\/ else if(jQuery('#metier').val() !== \"med\" && !jQuery('#search_spec_med').hasClass(\"hidden_form_bloc\")){\n\t\t\/\/ \tjQuery('#search_spec_med').addClass(\"hidden_form_bloc\");\n\t\t\/\/ \tjQuery('#spec_med').value = \"null\";\n\t\t\/\/ }\n\t}\n\tfunction show_logement(){\n\t\tif((jQuery('#type').val() === \"remp\" || jQuery('#type').val() === \"stag\") && jQuery('#search_logement').hasClass(\"hidden_form_bloc\")){\n\t\t\tjQuery('#search_logement').removeClass(\"hidden_form_bloc\");\n\t\t} else if(!(jQuery('#type').val() === \"remp\" || jQuery('#type').val() === \"stag\") && !jQuery('#search_logement').hasClass(\"hidden_form_bloc\")){\n\t\t\tjQuery('#search_logement').addClass(\"hidden_form_bloc\");\n\t\t\tjQuery('#form_logement').value = \"null\";\n\t\t}\n\t}\n<\/script>\n\n<form action=\"https:\/\/soignerenperigord.fr\/\" id=\"searchform\" method=\"get\" class=\"\">\n\t<div id=\"annonce_search_form\">\n\t\t<h2>Rechercher<\/h2>\n\t\t<input type=\"hidden\" name=\"post_type[]\" value=\"annonces\" \/>\n\t\t<input type=\"hidden\" id=\"s\" name=\"s\" value=\"*\" placeholder='Rechercher' \/>\n\t\t<div id=\"search_form_top_bloc\">\n\t\t\t<div id=\"search_type\" class=\"search_bloc\">\n\t\t\t\t<p>Type d'annonce<\/p>\n\t\t\t\t<select name=\"type\" id=\"type\" onchange=\"show_logement()\">\n\t\t\t\t\t<option value=\"null\">Tous les types d'annonces<\/option>\n\t\t\t\t\t<option value='remp'>Remplacement<\/option><option value='asso'>Association<\/option><option value='collab'>Collaboration<\/option><option value='stag'>Stage<\/option><option value='collec'>Collectivit\u00e9 territoriale<\/option><option value='succ'>Succession<\/option><option value='sala'>Salariat<\/option><option value='hoscli'>Structure m\u00e9dicale<\/option><option value='loge'>Logement<\/option><option value='loca'>Local professionnel<\/option>\t\t\t\t<\/select>\n\t\t\t<\/div>\n\t\t\t<div id=\"search_metier\" class=\"search_bloc\">\n\t\t\t\t<p>Profession recherch\u00e9e<\/p>\n\t\t\t\t<select name=\"metier\" id=\"metier\" onchange=\"show_specialite()\">\n\t\t\t\t\t<option value=\"null\">Tous les m\u00e9tiers<\/option>\n\t\t\t\t\t<option value='astm'>Assistant(e) M\u00e9dical(e)<\/option><option value='cha'>Charg\u00e9 de mission<\/option><option value='dent'>Chirurgien-dentiste<\/option><option value='coo'>Coordonnateur<\/option><option value='dju'>Docteur junior<\/option><option value='etu'>Etudiant<\/option><option value='inf'>Infirmier(e)<\/option><option value='int'>Interne<\/option><option value='kine'>Masseur-kin\u00e9sith\u00e9rapeute<\/option><option value='med'>M\u00e9decin<\/option><option value='ort'>Orthophoniste<\/option><option value='pep'>P\u00e9dicure-podologue<\/option><option value='phar'>Pharmacien<\/option><option value='prep'>Pr\u00e9parateur pharmacie<\/option><option value='psy'>Psychologue<\/option><option value='sf'>Sage-femme<\/option><option value='aut'>Autre<\/option>\t\t\t\t<\/select>\n\t\t\t<\/div>\n\t\t\t<div id=\"search_lieu\" class=\"search_bloc\">\n\t\t\t\t<p>Lieu<\/p>\n\t\t\t\t<div id=\"form_annonce_geocodeur\"><\/div>\n\t\t\t\t<input type=\"text\" name=\"lat\" id=\"search_form_lat\" class=\"input_to_hide\">\n\t\t\t\t<input type=\"text\" name=\"long\" id=\"search_form_long\" class=\"input_to_hide\">\n\t\t\t<\/div>\n\t\t<\/div>\n\t\t<div id=\"search_form_middle_bloc\">\n\t\t\t<div id=\"advanced_search\">Plus de filtres<\/div>\n\t\t\t<div id=\"search_spec_med\" class=\"search_bloc hidden_form_bloc\">\n\t\t\t\t<p>Sp\u00e9cialit\u00e9<\/p>\n\t\t\t\t<select name=\"spe_med\" id=\"spec_med\">\n\t\t\t\t\t<option value=\"null\">Toutes les sp\u00e9cialit\u00e9s<\/option>\n\t\t\t\t\t<option value='gen'>M\u00e9decine G\u00e9n\u00e9rale<\/option><option value='acu'>Acupuncture<\/option><option value='add'>Addictologie clinique<\/option><option value='aller'>Allergologie<\/option><option value='anat'>Anatomie et cytologie pathologiques<\/option><option value='anes'>Anesth\u00e9sie-r\u00e9animation<\/option><option value='ange'>Angeiologie \/ m\u00e9decine vasculaire<\/option><option value='cardio'>Cardiologie et maladies vasculaires<\/option><option value='chirGen'>Chirurgie g\u00e9n\u00e9rale<\/option><option value='chirInf'>Chirurgie infantile<\/option><option value='chirMax'>Chirurgie maxillo-faciale et stomatologie<\/option><option value='chirOrth'>Chirurgie orthop\u00e9dique et traumatologie<\/option><option value='chirPlast'>Chirurgie plastique reconstructrice et esth\u00e9tique<\/option><option value='chirThor'>Chirurgie thoracique et cardio<\/option><option value='chirUro'>Chirurgie urologique<\/option><option value='chirVasc'>Chirurgie vasculaire<\/option><option value='derma'>Dermatologie et v\u00e9n\u00e9r\u00e9ologie<\/option><option value='endo'>Endocrinologie et m\u00e9tabolisme<\/option><option value='gastro'>Gastro-ent\u00e9rologie et h\u00e9patologie<\/option><option value='gene'>G\u00e9n\u00e9tique m\u00e9dicale<\/option><option value='geria'>G\u00e9riatrie \/ G\u00e9rontologie<\/option><option value='gyneMed'>Gyn\u00e9cologie m\u00e9dicale<\/option><option value='gyneObs'>Gyn\u00e9cologie-obst\u00e9trique<\/option><option value='hema'>H\u00e9matologie<\/option><option value='homeo'>Hom\u00e9opathie<\/option><option value='medInt'>M\u00e9decine interne<\/option><option value='medNucl'>M\u00e9decine nucl\u00e9aire<\/option><option value='neph'>N\u00e9phrologie<\/option><option value='neuro'>Neurologie<\/option><option value='orl'>ORL<\/option><option value='onco'>Oncologie<\/option><option value='ophta'>Ophtalmologie<\/option><option value='osteo'>Ost\u00e9opathie<\/option><option value='pedia'>P\u00e9diatrie<\/option><option value='pneu'>Pneumologie<\/option><option value='psy'>Psychiatrie<\/option><option value='radio'>Radiodiagnostic et imagerie m\u00e9dicale<\/option><option value='radiothe'>Radioth\u00e9rapie<\/option><option value='rhuma'>Rhumatologie<\/option><option value='autre'>Autre sp\u00e9cialit\u00e9<\/option>\t\t\t\t<\/select>\n\t\t\t<\/div>\n\t\t\t<div id=\"search_spec_dent\" class=\"search_bloc hidden_form_bloc\">\n\t\t\t\t<p>Sp\u00e9cialit\u00e9<\/p>\n\t\t\t\t<select name=\"spe_dent\" id=\"spec_dent\">\n\t\t\t\t\t<option value=\"null\">Toutes les sp\u00e9cialit\u00e9s<\/option>\n\t\t\t\t\t<option value='none'>- Pas de sp\u00e9cialit\u00e9 -<\/option><option value='endo'>Odontologie Conservatrice-Endodontie<\/option><option value='paro'>Parodontologie<\/option><option value='rurgie'>Chirurgie<\/option><option value='implan'>Implantologie<\/option><option value='pediat'>Odontologie P\u00e9diatrique<\/option><option value='prot'>Proth\u00e8ses<\/option>\t\t\t\t<\/select>\n\t\t\t<\/div>\n\t\t\t<div id=\"search_spec_kine\" class=\"search_bloc hidden_form_bloc\">\n\t\t\t\t<p>Sp\u00e9cialit\u00e9<\/p>\n\t\t\t\t<select name=\"spe_kine\" id=\"spec_kine\">\n\t\t\t\t\t<option value=\"null\">Toutes les sp\u00e9cialit\u00e9s<\/option>\n\t\t\t\t\t<option value='none'>- Pas de sp\u00e9cialit\u00e9 -<\/option><option value='resp'>Kin\u00e9sith\u00e9rapie respiratoire<\/option><option value='sport'>Kin\u00e9sith\u00e9rapie du sport<\/option><option value='geria'>Kin\u00e9sith\u00e9rapie g\u00e9riatrique<\/option><option value='patho'>Pathologie infantile<\/option><option value='recon'>Reconstruction posturale<\/option>\t\t\t\t<\/select>\n\t\t\t<\/div>\n\t\t\t<div id=\"search_spec_inf\" class=\"search_bloc hidden_form_bloc\">\n\t\t\t\t<p>Sp\u00e9cialit\u00e9<\/p>\n\t\t\t\t<select name=\"spe_inf\" id=\"spec_inf\">\n\t\t\t\t\t<option value=\"null\">Toutes les sp\u00e9cialit\u00e9s<\/option>\n\t\t\t\t\t<option value='none'>- Pas de sp\u00e9cialit\u00e9 -<\/option><option value='ipa'>IPA<\/option>\t\t\t\t<\/select>\n\t\t\t<\/div>\n\t\t\t<input type=\"submit\" value=\"Rechercher\" id=\"searchsubmit\" class=\"button avia-font-entypo-fontello\" \/>\n\t\t\t<!-- <a href=\"wp-admin\/post-new.php?post_type=annonces\"><div id=\"new_annonce_button\">D\u00e9poser une annonce<\/div><\/a> -->\n\t\t<\/div>\n\t\t<div id=\"search_form_advanced\" class=\"search_advanced_hidden\">\n\t\t\t<hr id=\"advanced_setting_bar\">\n\t\t\t<div id=\"search_date\" class=\"search_bloc\">\n\t\t\t\t<p>Date<\/p>\n\t\t\t\tDu : <input type=\"date\" id=\"search_date_from\" name=\"date_from\">\tAu : <input type=\"date\" id=\"search_date_to\" name=\"date_to\">\n\t\t\t<\/div>\n\t\t\t<div id=\"search_type_structure\" class=\"search_bloc\">\n\t\t\t\t<p>Type de structure m\u00e9dicale<\/p>\n\t\t\t\t<select name=\"type_structure\" id=\"form_type_struct\">\n\t\t\t\t\t<option value=\"null\">Tous les types de structures<\/option>\n\t\t\t\t\t<option value='App'>Appartement<\/option><option value='Ind'>Cabinet individuel<\/option><option value='pluri'>Cabinet pluridisciplinaire<\/option><option value='gro'>Cabinet de groupe<\/option><option value='pole'>Centre de sant\u00e9<\/option><option value='ch'>Chambre<\/option><option value='clin'>Clinique<\/option><option value='cmpp'>CMPP<\/option><option value='cpts'>CPTS<\/option><option value='ephad'>EPHAD<\/option><option value='essms'>ESSMS<\/option><option value='ght'>GHT<\/option><option value='hop'>H\u00f4pital<\/option><option value='mais'>Maison<\/option><option value='msp'>MSP<\/option><option value='phie'>Pharmacie<\/option><option value='ugecam'>UGECAM<\/option><option value='autre'>Autre<\/option>\t\t\t\t<\/select>\n\t\t\t<\/div>\n\t\t\t<div id=\"search_milieu\" class=\"search_bloc\">\n\t\t\t\t<p>Habitat \/ milieu<\/p>\n\t\t\t\t<select name=\"milieu\" id=\"form_milieu\">\n\t\t\t\t\t<option value=\"null\">Tous les habitats<\/option>\n\t\t\t\t\t<option value='urbain'>Urbain<\/option><option value='periurbain'>P\u00e9riurbain<\/option><option value='rural'>Rural<\/option>\t\t\t\t<\/select>\n\t\t\t<\/div>\n\t\t\t<div id=\"search_zone\" class=\"search_bloc\">\n\t\t\t\t<p>Zone prioritaire<\/p>\n\t\t\t\t<select name=\"zone\" id=\"form_zone\">\n\t\t\t\t\t<option value='null'>Indiff\u00e9rent<\/option><option value='oui'>Oui<\/option><option value='non'>Non<\/option>\t\t\t\t<\/select>\n\t\t\t<\/div>\n\t\t\t<div id=\"search_logement\" class=\"search_bloc hidden_form_bloc\">\n\t\t\t\t<p>Facilit\u00e9s de logement<\/p>\n\t\t\t\t<select name=\"logement\" id=\"form_logement\">\n\t\t\t\t\t<option value='null'>Indiff\u00e9rent<\/option><option value='Oui'>Oui<\/option><option value='Non'>Non<\/option>\t\t\t\t<\/select>\n\t\t\t<\/div>\n\t\t<\/div>\n\n\t\t<script>\n\t\tjQuery('document').ready(function(){\n\t\t\tjQuery('#advanced_search').on('click', function(){\n\t\t\t\tif(jQuery('#search_form_advanced').hasClass('search_advanced_hidden')){\n\t\t\t\t\tjQuery('#search_form_advanced').removeClass('search_advanced_hidden');\n\t\t\t\t\tjQuery('#advanced_search').html('Moins de filtres');\n\t\t\t\t} else {\n\t\t\t\t\tjQuery('#search_form_advanced').addClass('search_advanced_hidden');\n\t\t\t\t\tjQuery('#advanced_search').html('Plus de filtres');\n\t\t\t\t}\n\t\t\t});\n\n\t\t\trequire([\n\t\t\t\"esri\/widgets\/Search\",\n\t\t\t\"esri\/tasks\/Locator\",\n\t\t\t\"esri\/widgets\/Search\/LocatorSearchSource\"\n\t\t\t], function(Search, Locator, LocatorSearchSource) {\n\n\t\t\t\t\/\/ source de donn\u00e9es pour le g\u00e9ocodeur, limit\u00e9 \u00e0 la france\n\t\t\t\tvar source_geocode = new LocatorSearchSource({\n\t\t\t\t\tlocator: new Locator({\n\t\t\t\t\t\turl: \"https:\/\/geocode.arcgis.com\/arcgis\/rest\/services\/World\/GeocodeServer\"\n\t\t\t\t\t\t}),\n\t\t\t\t\tcountryCode: \"FRA\",\n\t\t\t\t\tplaceholder: \"Une adresse, une commune...\"\n\t\t\t\t});\n\t\t\t\t\/\/ on ajoute la searchBar du geocodeur et on l'attache au formulaire\n\t\t\t\tvar search = new Search({\n\t\t\t\t\tsources: [source_geocode],\n\t\t\t\t\tincludeDefaultSources: false,\n\t\t\t\t\tcontainer: \"form_annonce_geocodeur\"\n\t\t\t\t});\n\n\t\t\t\t\/\/ evt \u00e0 la selection d'un r\u00e9sultat\n\n\t\t\t\tsearch.on(\"select-result\", function(evt){\n\t\t\t\t\tjQuery('#search_form_lat').val(evt.result.feature.geometry.latitude);\n\t\t\t\t\tjQuery('#search_form_long').val(evt.result.feature.geometry.longitude);\n\t\t\t\t});\n\t\n\t\t\t});\n\t\t});\n\t\t<\/script>\n\t\t\n\t\t\t<\/div>\n<\/form>\n<\/div><\/section><\/div>\n<\/div><\/div><\/div><!-- close content main div --><\/div><\/div><div id='av_section_4'  class='avia-section av-2cdl3e-dacf014eb3add5525c120ecc3edcd93e main_color avia-section-default avia-no-border-styling  avia-builder-el-14  el_after_av_one_full  el_before_av_section  avia-bg-style-scroll container_wrap sidebar_right'  ><div class='container av-section-cont-open' ><div class='template-page content  av-content-small alpha units'><div class='post-entry post-entry-type-page post-entry-1809'><div class='entry-content-wrapper clearfix'>\n\n<style type=\"text\/css\" data-created_by=\"avia_inline_auto\" id=\"style-css-av-32ng69-18f5b45e070a541aeff180b6e7f16276\">\n.flex_column.av-32ng69-18f5b45e070a541aeff180b6e7f16276{\n-webkit-border-radius:0px 0px 0px 0px;\n-moz-border-radius:0px 0px 0px 0px;\nborder-radius:0px 0px 0px 0px;\npadding:0px 0px 0px 0px;\n}\n<\/style>\n<div class='flex_column av-32ng69-18f5b45e070a541aeff180b6e7f16276 av_one_full  avia-builder-el-15  avia-builder-el-no-sibling  first flex_column_div av-zero-column-padding '     ><p>\n<style type=\"text\/css\" data-created_by=\"avia_inline_auto\" id=\"style-css-av-jwkr8po1-22189bc5a86b87a3b8f5d5b9b8ae5768\">\n#top .av-special-heading.av-jwkr8po1-22189bc5a86b87a3b8f5d5b9b8ae5768{\npadding-bottom:0;\nfont-size:45px;\n}\nbody .av-special-heading.av-jwkr8po1-22189bc5a86b87a3b8f5d5b9b8ae5768 .av-special-heading-tag .heading-char{\nfont-size:25px;\n}\n#top #wrap_all .av-special-heading.av-jwkr8po1-22189bc5a86b87a3b8f5d5b9b8ae5768 .av-special-heading-tag{\nfont-size:45px;\n}\n.av-special-heading.av-jwkr8po1-22189bc5a86b87a3b8f5d5b9b8ae5768 .av-subheading{\nfont-size:15px;\n}\n\n@media only screen and (min-width: 480px) and (max-width: 767px){ \n#top #wrap_all .av-special-heading.av-jwkr8po1-22189bc5a86b87a3b8f5d5b9b8ae5768 .av-special-heading-tag{\nfont-size:0.8em;\n}\n}\n\n@media only screen and (max-width: 479px){ \n#top #wrap_all .av-special-heading.av-jwkr8po1-22189bc5a86b87a3b8f5d5b9b8ae5768 .av-special-heading-tag{\nfont-size:0.8em;\n}\n}\n<\/style>\n<div  class='av-special-heading av-jwkr8po1-22189bc5a86b87a3b8f5d5b9b8ae5768 av-special-heading-h2 blockquote modern-quote  avia-builder-el-16  el_before_av_textblock  avia-builder-el-first  av-inherit-size'><h2 class='av-special-heading-tag'  itemprop=\"headline\"  >Derni\u00e8res annonces<\/h2><div class=\"special-heading-border\"><div class=\"special-heading-inner-border\"><\/div><\/div><\/div><br \/>\n<section  class='av_textblock_section av-jwkqfur3-250887ac55b5feb6b6da3b9eb263c5b9'  itemscope=\"itemscope\" itemtype=\"https:\/\/schema.org\/CreativeWork\" ><div class='avia_textblock'  itemprop=\"text\" ><div id=\"four_last_annonces_container\"><div class = \"posts\"><div class=\"annonce_thumb\" style=\"background-image:url(https:\/\/soignerenperigord.fr\/wp-content\/uploads\/2026\/08\/Capture-decran-2026-08-05-a-17.08.34.png)\"><\/div><h3 class=\"annonce_type\">Structure m\u00e9dicale<\/h3><div class=\"annonce_result_info_container\"><div class=\"annonce_result_job annonce_result_subcat\"><img src=\"wp-content\/themes\/enfold-child\/css\/pics\/result_job.png\"><span>M\u00e9decin M\u00e9decine G\u00e9n\u00e9rale<\/span><\/div><div class=\"annonce_result_nom annonce_result_subcat\"><img src=\"wp-content\/themes\/enfold-child\/css\/pics\/result_contact.png\">Mme OLIVIER<\/div><div class=\"annonce_result_type_cabinet annonce_result_subcat\"><img src=\"wp-content\/themes\/enfold-child\/css\/pics\/result_cab.png\"><span>Cabinet pluridisciplinaire<\/span><\/div><div class=\"annonce_result_lieu annonce_result_subcat\"><img src=\"wp-content\/themes\/enfold-child\/css\/pics\/result_pointer.png\">Montignac-Lascaux<\/div><\/div><div class=\"annonce_open\"><a href=\"https:\/\/soignerenperigord.fr\/?annonces=16286\">Voir l'annonce<\/a><\/div><\/div><div class = \"posts\"><div class=\"annonce_thumb\" style=\"background-image:url(https:\/\/soignerenperigord.fr\/wp-content\/uploads\/2026\/07\/colloc-60PLC-8.jpeg)\"><\/div><h3 class=\"annonce_type\">Logement<\/h3><div class=\"annonce_result_info_container\"><div class=\"annonce_result_job annonce_result_subcat\"><img src=\"wp-content\/themes\/enfold-child\/css\/pics\/result_job.png\"><span>Tous les m\u00e9tiers<\/span><\/div><div class=\"annonce_result_nom annonce_result_subcat\"><img src=\"wp-content\/themes\/enfold-child\/css\/pics\/result_contact.png\">Dr. ETCHEVERRY<\/div><div class=\"annonce_result_type_cabinet annonce_result_subcat\"><img src=\"wp-content\/themes\/enfold-child\/css\/pics\/result_cab.png\"><span>Chambre<\/span><\/div><div class=\"annonce_result_lieu annonce_result_subcat\"><img src=\"wp-content\/themes\/enfold-child\/css\/pics\/result_pointer.png\">P\u00e9rigueux<\/div><\/div><div class=\"annonce_open\"><a href=\"https:\/\/soignerenperigord.fr\/?annonces=coloc-60-rue-paul-louis-courier-24000-perigueux\">Voir l'annonce<\/a><\/div><\/div><div class = \"posts\"><div class=\"annonce_thumb\" style=\"background-image:url(https:\/\/soignerenperigord.fr\/wp-content\/uploads\/2023\/11\/soigner-en-perigord-cadre-de-vie-medecin-dordogne-installation-remplacement-en.jpeg)\"><\/div><h3 class=\"annonce_type\">Local professionnel<\/h3><div class=\"annonce_result_info_container\"><div class=\"annonce_result_job annonce_result_subcat\"><img src=\"wp-content\/themes\/enfold-child\/css\/pics\/result_job.png\"><span>P\u00e9dicure-podologue<\/span><\/div><div class=\"annonce_result_nom annonce_result_subcat\"><img src=\"wp-content\/themes\/enfold-child\/css\/pics\/result_contact.png\">Dr. DUMAS<\/div><div class=\"annonce_result_type_cabinet annonce_result_subcat\"><img src=\"wp-content\/themes\/enfold-child\/css\/pics\/result_cab.png\"><span>Cabinet de groupe<\/span><\/div><div class=\"annonce_result_lieu annonce_result_subcat\"><img src=\"wp-content\/themes\/enfold-child\/css\/pics\/result_pointer.png\">P\u00e9rigueux<\/div><\/div><div class=\"annonce_open\"><a href=\"https:\/\/soignerenperigord.fr\/?annonces=16206\">Voir l'annonce<\/a><\/div><\/div><div class = \"posts\"><div class=\"annonce_thumb\" style=\"background-image:url(https:\/\/soignerenperigord.fr\/wp-content\/uploads\/2023\/11\/soigner-en-perigord-cadre-de-vie-medecin-dordogne-installation-remplacement-en.jpeg)\"><\/div><h3 class=\"annonce_type\">Local professionnel<\/h3><div class=\"annonce_result_info_container\"><div class=\"annonce_result_job annonce_result_subcat\"><img src=\"wp-content\/themes\/enfold-child\/css\/pics\/result_job.png\"><span>Infirmier(e)<\/span><\/div><div class=\"annonce_result_nom annonce_result_subcat\"><img src=\"wp-content\/themes\/enfold-child\/css\/pics\/result_contact.png\">Dr. DUMAS<\/div><div class=\"annonce_result_type_cabinet annonce_result_subcat\"><img src=\"wp-content\/themes\/enfold-child\/css\/pics\/result_cab.png\"><span>Cabinet de groupe<\/span><\/div><div class=\"annonce_result_lieu annonce_result_subcat\"><img src=\"wp-content\/themes\/enfold-child\/css\/pics\/result_pointer.png\">P\u00e9rigueux<\/div><\/div><div class=\"annonce_open\"><a href=\"https:\/\/soignerenperigord.fr\/?annonces=16192\">Voir l'annonce<\/a><\/div><\/div><div class = \"posts\"><div class=\"annonce_thumb\" style=\"background-image:url(https:\/\/soignerenperigord.fr\/wp-content\/uploads\/2023\/11\/soigner-en-perigord-cadre-de-vie-medecin-dordogne-installation-remplacement-en.jpeg)\"><\/div><h3 class=\"annonce_type\">Local professionnel<\/h3><div class=\"annonce_result_info_container\"><div class=\"annonce_result_job annonce_result_subcat\"><img src=\"wp-content\/themes\/enfold-child\/css\/pics\/result_job.png\"><span>Masseur-kin\u00e9sith\u00e9rapeute<\/span><\/div><div class=\"annonce_result_nom annonce_result_subcat\"><img src=\"wp-content\/themes\/enfold-child\/css\/pics\/result_contact.png\">Dr. DUMAS<\/div><div class=\"annonce_result_type_cabinet annonce_result_subcat\"><img src=\"wp-content\/themes\/enfold-child\/css\/pics\/result_cab.png\"><span>Cabinet de groupe<\/span><\/div><div class=\"annonce_result_lieu annonce_result_subcat\"><img src=\"wp-content\/themes\/enfold-child\/css\/pics\/result_pointer.png\">P\u00e9rigueux<\/div><\/div><div class=\"annonce_open\"><a href=\"https:\/\/soignerenperigord.fr\/?annonces=16201\">Voir l'annonce<\/a><\/div><\/div><div class = \"posts\"><div class=\"annonce_thumb\" style=\"background-image:url(https:\/\/soignerenperigord.fr\/wp-content\/uploads\/2023\/11\/soigner-en-perigord-cadre-de-vie-medecin-dordogne-installation-remplacement-en.jpeg)\"><\/div><h3 class=\"annonce_type\">Local professionnel<\/h3><div class=\"annonce_result_info_container\"><div class=\"annonce_result_job annonce_result_subcat\"><img src=\"wp-content\/themes\/enfold-child\/css\/pics\/result_job.png\"><span>Sage-femme<\/span><\/div><div class=\"annonce_result_nom annonce_result_subcat\"><img src=\"wp-content\/themes\/enfold-child\/css\/pics\/result_contact.png\">Dr. DUMAS<\/div><div class=\"annonce_result_type_cabinet annonce_result_subcat\"><img src=\"wp-content\/themes\/enfold-child\/css\/pics\/result_cab.png\"><span>Cabinet de groupe<\/span><\/div><div class=\"annonce_result_lieu annonce_result_subcat\"><img src=\"wp-content\/themes\/enfold-child\/css\/pics\/result_pointer.png\">P\u00e9rigueux<\/div><\/div><div class=\"annonce_open\"><a href=\"https:\/\/soignerenperigord.fr\/?annonces=16204\">Voir l'annonce<\/a><\/div><\/div><div class = \"posts\"><div class=\"annonce_thumb\" style=\"background-image:url(https:\/\/soignerenperigord.fr\/wp-content\/uploads\/2024\/01\/Villefranche-du-Perigord-02.png)\"><\/div><h3 class=\"annonce_type\">Succession<\/h3><div class=\"annonce_result_info_container\"><div class=\"annonce_result_job annonce_result_subcat\"><img src=\"wp-content\/themes\/enfold-child\/css\/pics\/result_job.png\"><span>Infirmier(e)<\/span><\/div><div class=\"annonce_result_nom annonce_result_subcat\"><img src=\"wp-content\/themes\/enfold-child\/css\/pics\/result_contact.png\">M. Carboni-cura<\/div><div class=\"annonce_result_type_cabinet annonce_result_subcat\"><img src=\"wp-content\/themes\/enfold-child\/css\/pics\/result_cab.png\"><span>MSP<\/span><\/div><div class=\"annonce_result_lieu annonce_result_subcat\"><img src=\"wp-content\/themes\/enfold-child\/css\/pics\/result_pointer.png\">Villefranche-du-P\u00e9rigord<\/div><\/div><div class=\"annonce_open\"><a href=\"https:\/\/soignerenperigord.fr\/?annonces=16163\">Voir l'annonce<\/a><\/div><\/div><div class = \"posts\"><div class=\"annonce_thumb\" style=\"background-image:url(https:\/\/soignerenperigord.fr\/wp-content\/uploads\/2026\/07\/la-coquille-01.jpg)\"><\/div><h3 class=\"annonce_type\">Collaboration<\/h3><div class=\"annonce_result_info_container\"><div class=\"annonce_result_job annonce_result_subcat\"><img src=\"wp-content\/themes\/enfold-child\/css\/pics\/result_job.png\"><span>Masseur-kin\u00e9sith\u00e9rapeute<\/span><\/div><div class=\"annonce_result_nom annonce_result_subcat\"><img src=\"wp-content\/themes\/enfold-child\/css\/pics\/result_contact.png\">Mme GOSSELIN<\/div><div class=\"annonce_result_type_cabinet annonce_result_subcat\"><img src=\"wp-content\/themes\/enfold-child\/css\/pics\/result_cab.png\"><span>MSP<\/span><\/div><div class=\"annonce_result_lieu annonce_result_subcat\"><img src=\"wp-content\/themes\/enfold-child\/css\/pics\/result_pointer.png\">La Coquille<\/div><\/div><div class=\"annonce_open\"><a href=\"https:\/\/soignerenperigord.fr\/?annonces=16174\">Voir l'annonce<\/a><\/div><\/div><\/div>\n<\/div><\/section><\/p><\/div>\n\n<\/div><\/div><\/div><!-- close content main div --><\/div><\/div><div id='av_section_5'  class='avia-section av-2cdl3e-14-0d2ce2079a31a10da49dd24042bb3df0 alternate_color avia-section-default avia-no-border-styling  avia-builder-el-18  el_after_av_section  el_before_av_section  avia-bg-style-scroll container_wrap sidebar_right'  ><div class='container av-section-cont-open' ><div class='template-page content  av-content-small alpha units'><div class='post-entry post-entry-type-page post-entry-1809'><div class='entry-content-wrapper clearfix'>\n\n<style type=\"text\/css\" data-created_by=\"avia_inline_auto\" id=\"style-css-av-296nqy-8a94d007904452b1c3d9dbb6258d5ccd\">\n.flex_column.av-296nqy-8a94d007904452b1c3d9dbb6258d5ccd{\n-webkit-border-radius:0px 0px 0px 0px;\n-moz-border-radius:0px 0px 0px 0px;\nborder-radius:0px 0px 0px 0px;\npadding:0px 0px 0px 0px;\n}\n<\/style>\n<div class='flex_column av-296nqy-8a94d007904452b1c3d9dbb6258d5ccd av_one_full  avia-builder-el-19  el_before_av_one_full  avia-builder-el-first  first flex_column_div av-zero-column-padding '     ><style type=\"text\/css\" data-created_by=\"avia_inline_auto\" id=\"style-css-av-2zvcs1-231089eb7b693c751ad763ccfc7d4f9c\">\n#top .av-special-heading.av-2zvcs1-231089eb7b693c751ad763ccfc7d4f9c{\npadding-bottom:10px;\nfont-size:45px;\n}\nbody .av-special-heading.av-2zvcs1-231089eb7b693c751ad763ccfc7d4f9c .av-special-heading-tag .heading-char{\nfont-size:25px;\n}\n#top #wrap_all .av-special-heading.av-2zvcs1-231089eb7b693c751ad763ccfc7d4f9c .av-special-heading-tag{\nfont-size:45px;\n}\n.av-special-heading.av-2zvcs1-231089eb7b693c751ad763ccfc7d4f9c .av-subheading{\nfont-size:15px;\n}\n\n@media only screen and (min-width: 480px) and (max-width: 767px){ \n#top #wrap_all .av-special-heading.av-2zvcs1-231089eb7b693c751ad763ccfc7d4f9c .av-special-heading-tag{\nfont-size:0.8em;\n}\n}\n\n@media only screen and (max-width: 479px){ \n#top #wrap_all .av-special-heading.av-2zvcs1-231089eb7b693c751ad763ccfc7d4f9c .av-special-heading-tag{\nfont-size:0.8em;\n}\n}\n<\/style>\n<div  class='av-special-heading av-2zvcs1-231089eb7b693c751ad763ccfc7d4f9c av-special-heading-h2 blockquote modern-quote  avia-builder-el-20  avia-builder-el-no-sibling  av-inherit-size'><h2 class='av-special-heading-tag'  itemprop=\"headline\"  >Du c\u00f4t\u00e9 du Blog&#8230;<\/h2><div class=\"special-heading-border\"><div class=\"special-heading-inner-border\"><\/div><\/div><\/div><\/div>\n<style type=\"text\/css\" data-created_by=\"avia_inline_auto\" id=\"style-css-av-296nqy-12-069655928cd9404122c81151b1e1c330\">\n.flex_column.av-296nqy-12-069655928cd9404122c81151b1e1c330{\n-webkit-border-radius:0px 0px 0px 0px;\n-moz-border-radius:0px 0px 0px 0px;\nborder-radius:0px 0px 0px 0px;\npadding:0px 0px 0px 0px;\n}\n<\/style>\n<div class='flex_column av-296nqy-12-069655928cd9404122c81151b1e1c330 av_one_full  avia-builder-el-21  el_after_av_one_full  avia-builder-el-last  first flex_column_div av-zero-column-padding column-top-margin'     ><div  data-slideshow-options=\"{&quot;animation&quot;:&quot;fade&quot;,&quot;autoplay&quot;:false,&quot;loop_autoplay&quot;:&quot;once&quot;,&quot;interval&quot;:&quot;5&quot;,&quot;loop_manual&quot;:&quot;manual-endless&quot;,&quot;autoplay_stopper&quot;:false,&quot;noNavigation&quot;:false,&quot;show_slide_delay&quot;:90}\" class='avia-content-slider avia-content-slider-active avia-content-slider1 avia-content-slider-odd  avia-builder-el-22  avia-builder-el-no-sibling  av-slideshow-ui av-control-default   av-no-slider-navigation av-slideshow-manual av-loop-once av-loop-manual-endless '  itemscope=\"itemscope\" itemtype=\"https:\/\/schema.org\/Blog\" ><div class=\"avia-content-slider-inner\"><div class=\"slide-entry-wrap\"><article class='slide-entry flex_column  post-entry post-entry-16284 slide-entry-overview slide-loop-1 slide-parity-odd  av_one_third first real-thumbnail post-format-standard'  itemscope=\"itemscope\" itemtype=\"https:\/\/schema.org\/CreativeWork\" ><a href='https:\/\/soignerenperigord.fr\/?p=16284' data-rel='slide-1' class='slide-image' title='\ud83e\ude7a &lt;strong&gt;Former davantage de m\u00e9decins pour mieux r\u00e9pondre aux besoins de sant\u00e9 des Fran\u00e7ais.&lt;\/strong&gt;'><img width=\"447\" height=\"400\" src=\"https:\/\/soignerenperigord.fr\/wp-content\/uploads\/2026\/04\/docteur-junior-01-e1777378121876-447x400.jpg\" class=\"wp-image-15461 avia-img-lazy-loading-not-15461 attachment-portfolio size-portfolio wp-post-image\" alt=\"\" decoding=\"async\" \/><\/a><div class=\"slide-content\"><header class=\"entry-content-header\"><span class=\"blog-categories minor-meta\"><a href=\"https:\/\/soignerenperigord.fr\/?cat=20\" rel=\"tag\">Blog<\/a> <\/span><h3 class='slide-entry-title entry-title '  itemprop=\"headline\" ><a href='https:\/\/soignerenperigord.fr\/?p=16284' title='\ud83e\ude7a Former davantage de m\u00e9decins pour mieux r\u00e9pondre aux besoins de sant\u00e9 des Fran\u00e7ais.'>\ud83e\ude7a <strong>Former davantage de m\u00e9decins pour mieux r\u00e9pondre aux besoins de sant\u00e9 des Fran\u00e7ais.<\/strong><\/a><\/h3><span class=\"av-vertical-delimiter\"><\/span><\/header><\/div><footer class=\"entry-footer\"><\/footer><span class='hidden'>\n\t\t\t\t<span class='av-structured-data'  itemprop=\"image\" itemscope=\"itemscope\" itemtype=\"https:\/\/schema.org\/ImageObject\" >\n\t\t\t\t\t\t<span itemprop='url'>https:\/\/soignerenperigord.fr\/wp-content\/uploads\/2026\/04\/docteur-junior-01-e1777378121876.jpg<\/span>\n\t\t\t\t\t\t<span itemprop='height'>603<\/span>\n\t\t\t\t\t\t<span itemprop='width'>447<\/span>\n\t\t\t\t<\/span>\n\t\t\t\t<span class='av-structured-data'  itemprop=\"publisher\" itemtype=\"https:\/\/schema.org\/Organization\" itemscope=\"itemscope\" >\n\t\t\t\t\t\t<span itemprop='name'>Jean-Yves Alexeline<\/span>\n\t\t\t\t\t\t<span itemprop='logo' itemscope itemtype='https:\/\/schema.org\/ImageObject'>\n\t\t\t\t\t\t\t<span itemprop='url'>https:\/\/soignerenperigord.fr\/wp-content\/uploads\/2019\/07\/LOGO_COULEURpng-300x133-300x133.png<\/span>\n\t\t\t\t\t\t<\/span>\n\t\t\t\t<\/span><span class='av-structured-data'  itemprop=\"author\" itemscope=\"itemscope\" itemtype=\"https:\/\/schema.org\/Person\" ><span itemprop='name'>Jean-Yves Alexeline<\/span><\/span><span class='av-structured-data'  itemprop=\"datePublished\" datetime=\"2019-04-01T14:15:07+02:00\" >2026-08-05 13:54:46<\/span><span class='av-structured-data'  itemprop=\"dateModified\" itemtype=\"https:\/\/schema.org\/dateModified\" >2026-08-05 13:54:48<\/span><span class='av-structured-data'  itemprop=\"mainEntityOfPage\" itemtype=\"https:\/\/schema.org\/mainEntityOfPage\" ><span itemprop='name'>\ud83e\ude7a <strong>Former davantage de m\u00e9decins pour mieux r\u00e9pondre aux besoins de sant\u00e9 des Fran\u00e7ais.<\/strong><\/span><\/span><\/span><\/article><article class='slide-entry flex_column  post-entry post-entry-15699 slide-entry-overview slide-loop-2 slide-parity-even  av_one_third  real-thumbnail post-format-standard'  itemscope=\"itemscope\" itemtype=\"https:\/\/schema.org\/CreativeWork\" ><a href='https:\/\/soignerenperigord.fr\/?p=15699' data-rel='slide-1' class='slide-image' title='Soir\u00e9e des internes du CH \u00e0 P\u00e9rigueux'><img width=\"495\" height=\"400\" src=\"https:\/\/soignerenperigord.fr\/wp-content\/uploads\/2026\/06\/vesuna-2026-495x400.jpg\" class=\"wp-image-15703 avia-img-lazy-loading-not-15703 attachment-portfolio size-portfolio wp-post-image\" alt=\"\" decoding=\"async\" srcset=\"https:\/\/soignerenperigord.fr\/wp-content\/uploads\/2026\/06\/vesuna-2026-495x400.jpg 495w, https:\/\/soignerenperigord.fr\/wp-content\/uploads\/2026\/06\/vesuna-2026-845x684.jpg 845w\" sizes=\"(max-width: 495px) 100vw, 495px\" \/><\/a><div class=\"slide-content\"><header class=\"entry-content-header\"><span class=\"blog-categories minor-meta\"><a href=\"https:\/\/soignerenperigord.fr\/?cat=20\" rel=\"tag\">Blog<\/a> <\/span><h3 class='slide-entry-title entry-title '  itemprop=\"headline\" ><a href='https:\/\/soignerenperigord.fr\/?p=15699' title='Soir\u00e9e des internes du CH \u00e0 P\u00e9rigueux'>Soir\u00e9e des internes du CH \u00e0 P\u00e9rigueux<\/a><\/h3><span class=\"av-vertical-delimiter\"><\/span><\/header><\/div><footer class=\"entry-footer\"><\/footer><span class='hidden'>\n\t\t\t\t<span class='av-structured-data'  itemprop=\"image\" itemscope=\"itemscope\" itemtype=\"https:\/\/schema.org\/ImageObject\" >\n\t\t\t\t\t\t<span itemprop='url'>https:\/\/soignerenperigord.fr\/wp-content\/uploads\/2026\/06\/vesuna-2026.jpg<\/span>\n\t\t\t\t\t\t<span itemprop='height'>1080<\/span>\n\t\t\t\t\t\t<span itemprop='width'>1440<\/span>\n\t\t\t\t<\/span>\n\t\t\t\t<span class='av-structured-data'  itemprop=\"publisher\" itemtype=\"https:\/\/schema.org\/Organization\" itemscope=\"itemscope\" >\n\t\t\t\t\t\t<span itemprop='name'>Fran\u00e7ois Viart<\/span>\n\t\t\t\t\t\t<span itemprop='logo' itemscope itemtype='https:\/\/schema.org\/ImageObject'>\n\t\t\t\t\t\t\t<span itemprop='url'>https:\/\/soignerenperigord.fr\/wp-content\/uploads\/2019\/07\/LOGO_COULEURpng-300x133-300x133.png<\/span>\n\t\t\t\t\t\t<\/span>\n\t\t\t\t<\/span><span class='av-structured-data'  itemprop=\"author\" itemscope=\"itemscope\" itemtype=\"https:\/\/schema.org\/Person\" ><span itemprop='name'>Fran\u00e7ois Viart<\/span><\/span><span class='av-structured-data'  itemprop=\"datePublished\" datetime=\"2019-04-01T14:15:07+02:00\" >2026-06-01 14:45:26<\/span><span class='av-structured-data'  itemprop=\"dateModified\" itemtype=\"https:\/\/schema.org\/dateModified\" >2026-06-01 14:49:56<\/span><span class='av-structured-data'  itemprop=\"mainEntityOfPage\" itemtype=\"https:\/\/schema.org\/mainEntityOfPage\" ><span itemprop='name'>Soir\u00e9e des internes du CH \u00e0 P\u00e9rigueux<\/span><\/span><\/span><\/article><article class='slide-entry flex_column  post-entry post-entry-15676 slide-entry-overview slide-loop-3 slide-parity-odd  av_one_third  real-thumbnail post-format-standard'  itemscope=\"itemscope\" itemtype=\"https:\/\/schema.org\/CreativeWork\" ><a href='https:\/\/soignerenperigord.fr\/?p=15676' data-rel='slide-1' class='slide-image' title='Ouverture d`une option sant\u00e9 au lyc\u00e9e Jay de Beaufort de P\u00e9rigueux'><img width=\"495\" height=\"400\" src=\"https:\/\/soignerenperigord.fr\/wp-content\/uploads\/2026\/05\/affiche_option_sante_main-495x400.png\" class=\"wp-image-15677 avia-img-lazy-loading-not-15677 attachment-portfolio size-portfolio wp-post-image\" alt=\"\" decoding=\"async\" \/><\/a><div class=\"slide-content\"><header class=\"entry-content-header\"><span class=\"blog-categories minor-meta\"><a href=\"https:\/\/soignerenperigord.fr\/?cat=20\" rel=\"tag\">Blog<\/a> <\/span><h3 class='slide-entry-title entry-title '  itemprop=\"headline\" ><a href='https:\/\/soignerenperigord.fr\/?p=15676' title='Ouverture d`une option sant\u00e9 au lyc\u00e9e Jay de Beaufort de P\u00e9rigueux'>Ouverture d`une option sant\u00e9 au lyc\u00e9e Jay de Beaufort de P\u00e9rigueux<\/a><\/h3><span class=\"av-vertical-delimiter\"><\/span><\/header><\/div><footer class=\"entry-footer\"><\/footer><span class='hidden'>\n\t\t\t\t<span class='av-structured-data'  itemprop=\"image\" itemscope=\"itemscope\" itemtype=\"https:\/\/schema.org\/ImageObject\" >\n\t\t\t\t\t\t<span itemprop='url'>https:\/\/soignerenperigord.fr\/wp-content\/uploads\/2026\/05\/affiche_option_sante_main.png<\/span>\n\t\t\t\t\t\t<span itemprop='height'>553<\/span>\n\t\t\t\t\t\t<span itemprop='width'>800<\/span>\n\t\t\t\t<\/span>\n\t\t\t\t<span class='av-structured-data'  itemprop=\"publisher\" itemtype=\"https:\/\/schema.org\/Organization\" itemscope=\"itemscope\" >\n\t\t\t\t\t\t<span itemprop='name'>Fran\u00e7ois Viart<\/span>\n\t\t\t\t\t\t<span itemprop='logo' itemscope itemtype='https:\/\/schema.org\/ImageObject'>\n\t\t\t\t\t\t\t<span itemprop='url'>https:\/\/soignerenperigord.fr\/wp-content\/uploads\/2019\/07\/LOGO_COULEURpng-300x133-300x133.png<\/span>\n\t\t\t\t\t\t<\/span>\n\t\t\t\t<\/span><span class='av-structured-data'  itemprop=\"author\" itemscope=\"itemscope\" itemtype=\"https:\/\/schema.org\/Person\" ><span itemprop='name'>Fran\u00e7ois Viart<\/span><\/span><span class='av-structured-data'  itemprop=\"datePublished\" datetime=\"2019-04-01T14:15:07+02:00\" >2026-05-19 08:15:34<\/span><span class='av-structured-data'  itemprop=\"dateModified\" itemtype=\"https:\/\/schema.org\/dateModified\" >2026-06-02 14:04:05<\/span><span class='av-structured-data'  itemprop=\"mainEntityOfPage\" itemtype=\"https:\/\/schema.org\/mainEntityOfPage\" ><span itemprop='name'>Ouverture d`une option sant\u00e9 au lyc\u00e9e Jay de Beaufort de P\u00e9rigueux<\/span><\/span><\/span><\/article><\/div><div class=\"slide-entry-wrap\"><article class='slide-entry flex_column  post-entry post-entry-15239 slide-entry-overview slide-loop-4 slide-parity-odd  av_one_third first real-thumbnail post-format-standard'  itemscope=\"itemscope\" itemtype=\"https:\/\/schema.org\/CreativeWork\" ><a href='https:\/\/soignerenperigord.fr\/?p=15239' data-rel='slide-1' class='slide-image' title='Dr. Anthelme KOUAKOU &#8211; m\u00e9decin au CH de SARLAT'><img width=\"495\" height=\"388\" src=\"https:\/\/soignerenperigord.fr\/wp-content\/uploads\/2026\/03\/CH-SARLAT-01-495x388.jpg\" class=\"wp-image-15242 avia-img-lazy-loading-not-15242 attachment-portfolio size-portfolio wp-post-image\" alt=\"\" decoding=\"async\" \/><\/a><div class=\"slide-content\"><header class=\"entry-content-header\"><span class=\"blog-categories minor-meta\"><a href=\"https:\/\/soignerenperigord.fr\/?cat=20\" rel=\"tag\">Blog<\/a> <\/span><h3 class='slide-entry-title entry-title '  itemprop=\"headline\" ><a href='https:\/\/soignerenperigord.fr\/?p=15239' title='Dr. Anthelme KOUAKOU &#8211; m\u00e9decin au CH de SARLAT'>Dr. Anthelme KOUAKOU &#8211; m\u00e9decin au CH de SARLAT<\/a><\/h3><span class=\"av-vertical-delimiter\"><\/span><\/header><\/div><footer class=\"entry-footer\"><\/footer><span class='hidden'>\n\t\t\t\t<span class='av-structured-data'  itemprop=\"image\" itemscope=\"itemscope\" itemtype=\"https:\/\/schema.org\/ImageObject\" >\n\t\t\t\t\t\t<span itemprop='url'>https:\/\/soignerenperigord.fr\/wp-content\/uploads\/2026\/03\/CH-SARLAT-01.jpg<\/span>\n\t\t\t\t\t\t<span itemprop='height'>388<\/span>\n\t\t\t\t\t\t<span itemprop='width'>610<\/span>\n\t\t\t\t<\/span>\n\t\t\t\t<span class='av-structured-data'  itemprop=\"publisher\" itemtype=\"https:\/\/schema.org\/Organization\" itemscope=\"itemscope\" >\n\t\t\t\t\t\t<span itemprop='name'>Fran\u00e7ois Viart<\/span>\n\t\t\t\t\t\t<span itemprop='logo' itemscope itemtype='https:\/\/schema.org\/ImageObject'>\n\t\t\t\t\t\t\t<span itemprop='url'>https:\/\/soignerenperigord.fr\/wp-content\/uploads\/2019\/07\/LOGO_COULEURpng-300x133-300x133.png<\/span>\n\t\t\t\t\t\t<\/span>\n\t\t\t\t<\/span><span class='av-structured-data'  itemprop=\"author\" itemscope=\"itemscope\" itemtype=\"https:\/\/schema.org\/Person\" ><span itemprop='name'>Fran\u00e7ois Viart<\/span><\/span><span class='av-structured-data'  itemprop=\"datePublished\" datetime=\"2019-04-01T14:15:07+02:00\" >2026-03-09 13:11:32<\/span><span class='av-structured-data'  itemprop=\"dateModified\" itemtype=\"https:\/\/schema.org\/dateModified\" >2026-03-09 13:28:56<\/span><span class='av-structured-data'  itemprop=\"mainEntityOfPage\" itemtype=\"https:\/\/schema.org\/mainEntityOfPage\" ><span itemprop='name'>Dr. Anthelme KOUAKOU &#8211; m\u00e9decin au CH de SARLAT<\/span><\/span><\/span><\/article><article class='slide-entry flex_column  post-entry post-entry-13017 slide-entry-overview slide-loop-5 slide-parity-even  av_one_third  real-thumbnail post-format-standard'  itemscope=\"itemscope\" itemtype=\"https:\/\/schema.org\/CreativeWork\" ><a href='https:\/\/soignerenperigord.fr\/?p=13017' data-rel='slide-1' class='slide-image' title='DEVENIR IPA EN MILIEUX HOSPITALIER, ANG\u00c9LIQUE JOLLY T\u00c9MOIGNE&#8230;'><img width=\"495\" height=\"400\" src=\"https:\/\/soignerenperigord.fr\/wp-content\/uploads\/2025\/05\/AngeliqueJolly-495x400.png\" class=\"wp-image-13028 avia-img-lazy-loading-not-13028 attachment-portfolio size-portfolio wp-post-image\" alt=\"\" decoding=\"async\" \/><\/a><div class=\"slide-content\"><header class=\"entry-content-header\"><span class=\"blog-categories minor-meta\"><a href=\"https:\/\/soignerenperigord.fr\/?cat=20\" rel=\"tag\">Blog<\/a> <\/span><h3 class='slide-entry-title entry-title '  itemprop=\"headline\" ><a href='https:\/\/soignerenperigord.fr\/?p=13017' title='DEVENIR IPA EN MILIEUX HOSPITALIER, ANG\u00c9LIQUE JOLLY T\u00c9MOIGNE&#8230;'>DEVENIR IPA EN MILIEUX HOSPITALIER, ANG\u00c9LIQUE JOLLY T\u00c9MOIGNE&#8230;<\/a><\/h3><span class=\"av-vertical-delimiter\"><\/span><\/header><\/div><footer class=\"entry-footer\"><\/footer><span class='hidden'>\n\t\t\t\t<span class='av-structured-data'  itemprop=\"image\" itemscope=\"itemscope\" itemtype=\"https:\/\/schema.org\/ImageObject\" >\n\t\t\t\t\t\t<span itemprop='url'>https:\/\/soignerenperigord.fr\/wp-content\/uploads\/2025\/05\/AngeliqueJolly.png<\/span>\n\t\t\t\t\t\t<span itemprop='height'>505<\/span>\n\t\t\t\t\t\t<span itemprop='width'>902<\/span>\n\t\t\t\t<\/span>\n\t\t\t\t<span class='av-structured-data'  itemprop=\"publisher\" itemtype=\"https:\/\/schema.org\/Organization\" itemscope=\"itemscope\" >\n\t\t\t\t\t\t<span itemprop='name'>Fran\u00e7ois Viart<\/span>\n\t\t\t\t\t\t<span itemprop='logo' itemscope itemtype='https:\/\/schema.org\/ImageObject'>\n\t\t\t\t\t\t\t<span itemprop='url'>https:\/\/soignerenperigord.fr\/wp-content\/uploads\/2019\/07\/LOGO_COULEURpng-300x133-300x133.png<\/span>\n\t\t\t\t\t\t<\/span>\n\t\t\t\t<\/span><span class='av-structured-data'  itemprop=\"author\" itemscope=\"itemscope\" itemtype=\"https:\/\/schema.org\/Person\" ><span itemprop='name'>Fran\u00e7ois Viart<\/span><\/span><span class='av-structured-data'  itemprop=\"datePublished\" datetime=\"2019-04-01T14:15:07+02:00\" >2025-05-12 13:27:52<\/span><span class='av-structured-data'  itemprop=\"dateModified\" itemtype=\"https:\/\/schema.org\/dateModified\" >2026-03-09 13:22:46<\/span><span class='av-structured-data'  itemprop=\"mainEntityOfPage\" itemtype=\"https:\/\/schema.org\/mainEntityOfPage\" ><span itemprop='name'>DEVENIR IPA EN MILIEUX HOSPITALIER, ANG\u00c9LIQUE JOLLY T\u00c9MOIGNE&#8230;<\/span><\/span><\/span><\/article><article class='slide-entry flex_column  post-entry post-entry-12744 slide-entry-overview slide-loop-6 slide-parity-odd  av_one_third  real-thumbnail post-format-standard'  itemscope=\"itemscope\" itemtype=\"https:\/\/schema.org\/CreativeWork\" ><a href='https:\/\/soignerenperigord.fr\/?p=12744' data-rel='slide-1' class='slide-image' title='Devenir IPA &#8211; Infirmi\u00e8re en Pratique Avanc\u00e9e &#8211; T\u00e9moignage de C\u00e9line Monceyron et du Dr LALEUF \u00e0 Lanouaille'><img width=\"495\" height=\"400\" src=\"https:\/\/soignerenperigord.fr\/wp-content\/uploads\/2025\/03\/ipa-lanouaille-06-495x400.png\" class=\"wp-image-12764 avia-img-lazy-loading-not-12764 attachment-portfolio size-portfolio wp-post-image\" alt=\"\" decoding=\"async\" srcset=\"https:\/\/soignerenperigord.fr\/wp-content\/uploads\/2025\/03\/ipa-lanouaille-06-495x400.png 495w, https:\/\/soignerenperigord.fr\/wp-content\/uploads\/2025\/03\/ipa-lanouaille-06-845x684.png 845w\" sizes=\"(max-width: 495px) 100vw, 495px\" \/><\/a><div class=\"slide-content\"><header class=\"entry-content-header\"><span class=\"blog-categories minor-meta\"><a href=\"https:\/\/soignerenperigord.fr\/?cat=20\" rel=\"tag\">Blog<\/a> <\/span><h3 class='slide-entry-title entry-title '  itemprop=\"headline\" ><a href='https:\/\/soignerenperigord.fr\/?p=12744' title='Devenir IPA &#8211; Infirmi\u00e8re en Pratique Avanc\u00e9e &#8211; T\u00e9moignage de C\u00e9line Monceyron et du Dr LALEUF \u00e0 Lanouaille'>Devenir IPA &#8211; Infirmi\u00e8re en Pratique Avanc\u00e9e &#8211; T\u00e9moignage de C\u00e9line Monceyron et du Dr LALEUF \u00e0 Lanouaille<\/a><\/h3><span class=\"av-vertical-delimiter\"><\/span><\/header><\/div><footer class=\"entry-footer\"><\/footer><span class='hidden'>\n\t\t\t\t<span class='av-structured-data'  itemprop=\"image\" itemscope=\"itemscope\" itemtype=\"https:\/\/schema.org\/ImageObject\" >\n\t\t\t\t\t\t<span itemprop='url'>https:\/\/soignerenperigord.fr\/wp-content\/uploads\/2025\/03\/ipa-lanouaille-06.png<\/span>\n\t\t\t\t\t\t<span itemprop='height'>1240<\/span>\n\t\t\t\t\t\t<span itemprop='width'>1754<\/span>\n\t\t\t\t<\/span>\n\t\t\t\t<span class='av-structured-data'  itemprop=\"publisher\" itemtype=\"https:\/\/schema.org\/Organization\" itemscope=\"itemscope\" >\n\t\t\t\t\t\t<span itemprop='name'>Fran\u00e7ois Viart<\/span>\n\t\t\t\t\t\t<span itemprop='logo' itemscope itemtype='https:\/\/schema.org\/ImageObject'>\n\t\t\t\t\t\t\t<span itemprop='url'>https:\/\/soignerenperigord.fr\/wp-content\/uploads\/2019\/07\/LOGO_COULEURpng-300x133-300x133.png<\/span>\n\t\t\t\t\t\t<\/span>\n\t\t\t\t<\/span><span class='av-structured-data'  itemprop=\"author\" itemscope=\"itemscope\" itemtype=\"https:\/\/schema.org\/Person\" ><span itemprop='name'>Fran\u00e7ois Viart<\/span><\/span><span class='av-structured-data'  itemprop=\"datePublished\" datetime=\"2019-04-01T14:15:07+02:00\" >2025-03-05 13:47:47<\/span><span class='av-structured-data'  itemprop=\"dateModified\" itemtype=\"https:\/\/schema.org\/dateModified\" >2025-03-05 14:55:54<\/span><span class='av-structured-data'  itemprop=\"mainEntityOfPage\" itemtype=\"https:\/\/schema.org\/mainEntityOfPage\" ><span itemprop='name'>Devenir IPA &#8211; Infirmi\u00e8re en Pratique Avanc\u00e9e &#8211; T\u00e9moignage de C\u00e9line Monceyron et du Dr LALEUF \u00e0 Lanouaille<\/span><\/span><\/span><\/article><\/div><div class=\"slide-entry-wrap\"><article class='slide-entry flex_column  post-entry post-entry-12411 slide-entry-overview slide-loop-7 slide-parity-odd  av_one_third first real-thumbnail post-format-standard'  itemscope=\"itemscope\" itemtype=\"https:\/\/schema.org\/CreativeWork\" ><a href='https:\/\/soignerenperigord.fr\/?p=12411' data-rel='slide-1' class='slide-image' title='Reportage France 3 &#8211; Soigner en P\u00e9rigord : un portail pour faciliter l&#8217;installation des professionnels de sant\u00e9'><img width=\"495\" height=\"400\" src=\"https:\/\/soignerenperigord.fr\/wp-content\/uploads\/2024\/12\/france-3-495x400.jpg\" class=\"wp-image-12414 avia-img-lazy-loading-not-12414 attachment-portfolio size-portfolio wp-post-image\" alt=\"\" decoding=\"async\" srcset=\"https:\/\/soignerenperigord.fr\/wp-content\/uploads\/2024\/12\/france-3-495x400.jpg 495w, https:\/\/soignerenperigord.fr\/wp-content\/uploads\/2024\/12\/france-3-300x243.jpg 300w, https:\/\/soignerenperigord.fr\/wp-content\/uploads\/2024\/12\/france-3-1030x835.jpg 1030w, https:\/\/soignerenperigord.fr\/wp-content\/uploads\/2024\/12\/france-3-845x684.jpg 845w, https:\/\/soignerenperigord.fr\/wp-content\/uploads\/2024\/12\/france-3.jpg 1122w\" sizes=\"(max-width: 495px) 100vw, 495px\" \/><\/a><div class=\"slide-content\"><header class=\"entry-content-header\"><span class=\"blog-categories minor-meta\"><a href=\"https:\/\/soignerenperigord.fr\/?cat=20\" rel=\"tag\">Blog<\/a> <\/span><h3 class='slide-entry-title entry-title '  itemprop=\"headline\" ><a href='https:\/\/soignerenperigord.fr\/?p=12411' title='Reportage France 3 &#8211; Soigner en P\u00e9rigord : un portail pour faciliter l&#8217;installation des professionnels de sant\u00e9'>Reportage France 3 &#8211; Soigner en P\u00e9rigord : un portail pour faciliter l&#8217;installation des professionnels de sant\u00e9<\/a><\/h3><span class=\"av-vertical-delimiter\"><\/span><\/header><\/div><footer class=\"entry-footer\"><\/footer><span class='hidden'>\n\t\t\t\t<span class='av-structured-data'  itemprop=\"image\" itemscope=\"itemscope\" itemtype=\"https:\/\/schema.org\/ImageObject\" >\n\t\t\t\t\t\t<span itemprop='url'>https:\/\/soignerenperigord.fr\/wp-content\/uploads\/2024\/12\/france-3.jpg<\/span>\n\t\t\t\t\t\t<span itemprop='height'>910<\/span>\n\t\t\t\t\t\t<span itemprop='width'>1122<\/span>\n\t\t\t\t<\/span>\n\t\t\t\t<span class='av-structured-data'  itemprop=\"publisher\" itemtype=\"https:\/\/schema.org\/Organization\" itemscope=\"itemscope\" >\n\t\t\t\t\t\t<span itemprop='name'>Jean-Yves Alexeline<\/span>\n\t\t\t\t\t\t<span itemprop='logo' itemscope itemtype='https:\/\/schema.org\/ImageObject'>\n\t\t\t\t\t\t\t<span itemprop='url'>https:\/\/soignerenperigord.fr\/wp-content\/uploads\/2019\/07\/LOGO_COULEURpng-300x133-300x133.png<\/span>\n\t\t\t\t\t\t<\/span>\n\t\t\t\t<\/span><span class='av-structured-data'  itemprop=\"author\" itemscope=\"itemscope\" itemtype=\"https:\/\/schema.org\/Person\" ><span itemprop='name'>Jean-Yves Alexeline<\/span><\/span><span class='av-structured-data'  itemprop=\"datePublished\" datetime=\"2019-04-01T14:15:07+02:00\" >2024-12-02 13:08:38<\/span><span class='av-structured-data'  itemprop=\"dateModified\" itemtype=\"https:\/\/schema.org\/dateModified\" >2024-12-02 13:10:07<\/span><span class='av-structured-data'  itemprop=\"mainEntityOfPage\" itemtype=\"https:\/\/schema.org\/mainEntityOfPage\" ><span itemprop='name'>Reportage France 3 &#8211; Soigner en P\u00e9rigord : un portail pour faciliter l&#8217;installation des professionnels de sant\u00e9<\/span><\/span><\/span><\/article><article class='slide-entry flex_column  post-entry post-entry-11993 slide-entry-overview slide-loop-8 slide-parity-even  av_one_third  real-thumbnail post-format-standard'  itemscope=\"itemscope\" itemtype=\"https:\/\/schema.org\/CreativeWork\" ><a href='https:\/\/soignerenperigord.fr\/?p=11993' data-rel='slide-1' class='slide-image' title='Int\u00e9gration de 3 IPA au Centre Hospitalier VAUCLAIRE'><img width=\"495\" height=\"400\" src=\"https:\/\/soignerenperigord.fr\/wp-content\/uploads\/2024\/07\/ipa-vauclaire-495x400.png\" class=\"wp-image-11995 avia-img-lazy-loading-not-11995 attachment-portfolio size-portfolio wp-post-image\" alt=\"\" decoding=\"async\" srcset=\"https:\/\/soignerenperigord.fr\/wp-content\/uploads\/2024\/07\/ipa-vauclaire-495x400.png 495w, https:\/\/soignerenperigord.fr\/wp-content\/uploads\/2024\/07\/ipa-vauclaire-845x684.png 845w\" sizes=\"(max-width: 495px) 100vw, 495px\" \/><\/a><div class=\"slide-content\"><header class=\"entry-content-header\"><span class=\"blog-categories minor-meta\"><a href=\"https:\/\/soignerenperigord.fr\/?cat=20\" rel=\"tag\">Blog<\/a> <\/span><h3 class='slide-entry-title entry-title '  itemprop=\"headline\" ><a href='https:\/\/soignerenperigord.fr\/?p=11993' title='Int\u00e9gration de 3 IPA au Centre Hospitalier VAUCLAIRE'>Int\u00e9gration de 3 IPA au Centre Hospitalier VAUCLAIRE<\/a><\/h3><span class=\"av-vertical-delimiter\"><\/span><\/header><\/div><footer class=\"entry-footer\"><\/footer><span class='hidden'>\n\t\t\t\t<span class='av-structured-data'  itemprop=\"image\" itemscope=\"itemscope\" itemtype=\"https:\/\/schema.org\/ImageObject\" >\n\t\t\t\t\t\t<span itemprop='url'>https:\/\/soignerenperigord.fr\/wp-content\/uploads\/2024\/07\/ipa-vauclaire.png<\/span>\n\t\t\t\t\t\t<span itemprop='height'>720<\/span>\n\t\t\t\t\t\t<span itemprop='width'>1280<\/span>\n\t\t\t\t<\/span>\n\t\t\t\t<span class='av-structured-data'  itemprop=\"publisher\" itemtype=\"https:\/\/schema.org\/Organization\" itemscope=\"itemscope\" >\n\t\t\t\t\t\t<span itemprop='name'>Fran\u00e7ois Viart<\/span>\n\t\t\t\t\t\t<span itemprop='logo' itemscope itemtype='https:\/\/schema.org\/ImageObject'>\n\t\t\t\t\t\t\t<span itemprop='url'>https:\/\/soignerenperigord.fr\/wp-content\/uploads\/2019\/07\/LOGO_COULEURpng-300x133-300x133.png<\/span>\n\t\t\t\t\t\t<\/span>\n\t\t\t\t<\/span><span class='av-structured-data'  itemprop=\"author\" itemscope=\"itemscope\" itemtype=\"https:\/\/schema.org\/Person\" ><span itemprop='name'>Fran\u00e7ois Viart<\/span><\/span><span class='av-structured-data'  itemprop=\"datePublished\" datetime=\"2019-04-01T14:15:07+02:00\" >2024-07-24 14:42:27<\/span><span class='av-structured-data'  itemprop=\"dateModified\" itemtype=\"https:\/\/schema.org\/dateModified\" >2024-07-24 14:43:41<\/span><span class='av-structured-data'  itemprop=\"mainEntityOfPage\" itemtype=\"https:\/\/schema.org\/mainEntityOfPage\" ><span itemprop='name'>Int\u00e9gration de 3 IPA au Centre Hospitalier VAUCLAIRE<\/span><\/span><\/span><\/article><article class='slide-entry flex_column  post-entry post-entry-11903 slide-entry-overview slide-loop-9 slide-parity-odd  av_one_third  real-thumbnail post-format-standard'  itemscope=\"itemscope\" itemtype=\"https:\/\/schema.org\/CreativeWork\" ><a href='https:\/\/soignerenperigord.fr\/?p=11903' data-rel='slide-1' class='slide-image' title='Soigner en P\u00e9rigord en Bergeracois'><img width=\"495\" height=\"353\" src=\"https:\/\/soignerenperigord.fr\/wp-content\/uploads\/2024\/07\/Image20240708142713-495x353.png\" class=\"wp-image-11912 avia-img-lazy-loading-not-11912 attachment-portfolio size-portfolio wp-post-image\" alt=\"\" decoding=\"async\" srcset=\"https:\/\/soignerenperigord.fr\/wp-content\/uploads\/2024\/07\/Image20240708142713-495x353.png 495w, https:\/\/soignerenperigord.fr\/wp-content\/uploads\/2024\/07\/Image20240708142713-260x185.png 260w\" sizes=\"(max-width: 495px) 100vw, 495px\" \/><\/a><div class=\"slide-content\"><header class=\"entry-content-header\"><span class=\"blog-categories minor-meta\"><a href=\"https:\/\/soignerenperigord.fr\/?cat=20\" rel=\"tag\">Blog<\/a> <\/span><h3 class='slide-entry-title entry-title '  itemprop=\"headline\" ><a href='https:\/\/soignerenperigord.fr\/?p=11903' title='Soigner en P\u00e9rigord en Bergeracois'>Soigner en P\u00e9rigord en Bergeracois<\/a><\/h3><span class=\"av-vertical-delimiter\"><\/span><\/header><\/div><footer class=\"entry-footer\"><\/footer><span class='hidden'>\n\t\t\t\t<span class='av-structured-data'  itemprop=\"image\" itemscope=\"itemscope\" itemtype=\"https:\/\/schema.org\/ImageObject\" >\n\t\t\t\t\t\t<span itemprop='url'>https:\/\/soignerenperigord.fr\/wp-content\/uploads\/2024\/07\/Image20240708142713.png<\/span>\n\t\t\t\t\t\t<span itemprop='height'>353<\/span>\n\t\t\t\t\t\t<span itemprop='width'>602<\/span>\n\t\t\t\t<\/span>\n\t\t\t\t<span class='av-structured-data'  itemprop=\"publisher\" itemtype=\"https:\/\/schema.org\/Organization\" itemscope=\"itemscope\" >\n\t\t\t\t\t\t<span itemprop='name'>Fran\u00e7ois Viart<\/span>\n\t\t\t\t\t\t<span itemprop='logo' itemscope itemtype='https:\/\/schema.org\/ImageObject'>\n\t\t\t\t\t\t\t<span itemprop='url'>https:\/\/soignerenperigord.fr\/wp-content\/uploads\/2019\/07\/LOGO_COULEURpng-300x133-300x133.png<\/span>\n\t\t\t\t\t\t<\/span>\n\t\t\t\t<\/span><span class='av-structured-data'  itemprop=\"author\" itemscope=\"itemscope\" itemtype=\"https:\/\/schema.org\/Person\" ><span itemprop='name'>Fran\u00e7ois Viart<\/span><\/span><span class='av-structured-data'  itemprop=\"datePublished\" datetime=\"2019-04-01T14:15:07+02:00\" >2024-07-08 14:24:28<\/span><span class='av-structured-data'  itemprop=\"dateModified\" itemtype=\"https:\/\/schema.org\/dateModified\" >2024-07-08 14:27:36<\/span><span class='av-structured-data'  itemprop=\"mainEntityOfPage\" itemtype=\"https:\/\/schema.org\/mainEntityOfPage\" ><span itemprop='name'>Soigner en P\u00e9rigord en Bergeracois<\/span><\/span><\/span><\/article><\/div><div class=\"slide-entry-wrap\"><article class='slide-entry flex_column  post-entry post-entry-10430 slide-entry-overview slide-loop-10 slide-parity-odd  av_one_third first real-thumbnail post-format-standard'  itemscope=\"itemscope\" itemtype=\"https:\/\/schema.org\/CreativeWork\" ><a href='https:\/\/soignerenperigord.fr\/?p=10430' data-rel='slide-1' class='slide-image' title='Devenir m\u00e9decin sapeur-pompier volontaire -t\u00e9moignage'><img width=\"495\" height=\"400\" src=\"https:\/\/soignerenperigord.fr\/wp-content\/uploads\/2024\/01\/PF-495x400.png\" class=\"wp-image-10432 avia-img-lazy-loading-not-10432 attachment-portfolio size-portfolio wp-post-image\" alt=\"Dr FAROUDJA\" decoding=\"async\" \/><\/a><div class=\"slide-content\"><header class=\"entry-content-header\"><span class=\"blog-categories minor-meta\"><a href=\"https:\/\/soignerenperigord.fr\/?cat=20\" rel=\"tag\">Blog<\/a> <\/span><h3 class='slide-entry-title entry-title '  itemprop=\"headline\" ><a href='https:\/\/soignerenperigord.fr\/?p=10430' title='Devenir m\u00e9decin sapeur-pompier volontaire -t\u00e9moignage'>Devenir m\u00e9decin sapeur-pompier volontaire -t\u00e9moignage<\/a><\/h3><span class=\"av-vertical-delimiter\"><\/span><\/header><\/div><footer class=\"entry-footer\"><\/footer><span class='hidden'>\n\t\t\t\t<span class='av-structured-data'  itemprop=\"image\" itemscope=\"itemscope\" itemtype=\"https:\/\/schema.org\/ImageObject\" >\n\t\t\t\t\t\t<span itemprop='url'>https:\/\/soignerenperigord.fr\/wp-content\/uploads\/2024\/01\/PF.png<\/span>\n\t\t\t\t\t\t<span itemprop='height'>625<\/span>\n\t\t\t\t\t\t<span itemprop='width'>711<\/span>\n\t\t\t\t<\/span>\n\t\t\t\t<span class='av-structured-data'  itemprop=\"publisher\" itemtype=\"https:\/\/schema.org\/Organization\" itemscope=\"itemscope\" >\n\t\t\t\t\t\t<span itemprop='name'>Jean-Yves Alexeline<\/span>\n\t\t\t\t\t\t<span itemprop='logo' itemscope itemtype='https:\/\/schema.org\/ImageObject'>\n\t\t\t\t\t\t\t<span itemprop='url'>https:\/\/soignerenperigord.fr\/wp-content\/uploads\/2019\/07\/LOGO_COULEURpng-300x133-300x133.png<\/span>\n\t\t\t\t\t\t<\/span>\n\t\t\t\t<\/span><span class='av-structured-data'  itemprop=\"author\" itemscope=\"itemscope\" itemtype=\"https:\/\/schema.org\/Person\" ><span itemprop='name'>Jean-Yves Alexeline<\/span><\/span><span class='av-structured-data'  itemprop=\"datePublished\" datetime=\"2019-04-01T14:15:07+02:00\" >2024-01-04 14:33:46<\/span><span class='av-structured-data'  itemprop=\"dateModified\" itemtype=\"https:\/\/schema.org\/dateModified\" >2024-01-04 14:36:01<\/span><span class='av-structured-data'  itemprop=\"mainEntityOfPage\" itemtype=\"https:\/\/schema.org\/mainEntityOfPage\" ><span itemprop='name'>Devenir m\u00e9decin sapeur-pompier volontaire -t\u00e9moignage<\/span><\/span><\/span><\/article><article class='slide-entry flex_column  post-entry post-entry-10398 slide-entry-overview slide-loop-11 slide-parity-even  av_one_third  real-thumbnail post-format-standard'  itemscope=\"itemscope\" itemtype=\"https:\/\/schema.org\/CreativeWork\" ><a href='https:\/\/soignerenperigord.fr\/?p=10398' data-rel='slide-1' class='slide-image' title='Devenir assistante m\u00e9dicale &#8211; T\u00e9moignage de Val\u00e9rie LIVERTOUT'><img width=\"495\" height=\"307\" src=\"https:\/\/soignerenperigord.fr\/wp-content\/uploads\/2024\/01\/Livertout2-1-495x307.png\" class=\"wp-image-10404 avia-img-lazy-loading-not-10404 attachment-portfolio size-portfolio wp-post-image\" alt=\"\" decoding=\"async\" \/><\/a><div class=\"slide-content\"><header class=\"entry-content-header\"><span class=\"blog-categories minor-meta\"><a href=\"https:\/\/soignerenperigord.fr\/?cat=20\" rel=\"tag\">Blog<\/a> <\/span><h3 class='slide-entry-title entry-title '  itemprop=\"headline\" ><a href='https:\/\/soignerenperigord.fr\/?p=10398' title='Devenir assistante m\u00e9dicale &#8211; T\u00e9moignage de Val\u00e9rie LIVERTOUT'>Devenir assistante m\u00e9dicale &#8211; T\u00e9moignage de Val\u00e9rie LIVERTOUT<\/a><\/h3><span class=\"av-vertical-delimiter\"><\/span><\/header><\/div><footer class=\"entry-footer\"><\/footer><span class='hidden'>\n\t\t\t\t<span class='av-structured-data'  itemprop=\"image\" itemscope=\"itemscope\" itemtype=\"https:\/\/schema.org\/ImageObject\" >\n\t\t\t\t\t\t<span itemprop='url'>https:\/\/soignerenperigord.fr\/wp-content\/uploads\/2024\/01\/Livertout2-1.png<\/span>\n\t\t\t\t\t\t<span itemprop='height'>307<\/span>\n\t\t\t\t\t\t<span itemprop='width'>536<\/span>\n\t\t\t\t<\/span>\n\t\t\t\t<span class='av-structured-data'  itemprop=\"publisher\" itemtype=\"https:\/\/schema.org\/Organization\" itemscope=\"itemscope\" >\n\t\t\t\t\t\t<span itemprop='name'>Jean-Yves Alexeline<\/span>\n\t\t\t\t\t\t<span itemprop='logo' itemscope itemtype='https:\/\/schema.org\/ImageObject'>\n\t\t\t\t\t\t\t<span itemprop='url'>https:\/\/soignerenperigord.fr\/wp-content\/uploads\/2019\/07\/LOGO_COULEURpng-300x133-300x133.png<\/span>\n\t\t\t\t\t\t<\/span>\n\t\t\t\t<\/span><span class='av-structured-data'  itemprop=\"author\" itemscope=\"itemscope\" itemtype=\"https:\/\/schema.org\/Person\" ><span itemprop='name'>Jean-Yves Alexeline<\/span><\/span><span class='av-structured-data'  itemprop=\"datePublished\" datetime=\"2019-04-01T14:15:07+02:00\" >2024-01-03 12:07:13<\/span><span class='av-structured-data'  itemprop=\"dateModified\" itemtype=\"https:\/\/schema.org\/dateModified\" >2025-03-05 13:57:07<\/span><span class='av-structured-data'  itemprop=\"mainEntityOfPage\" itemtype=\"https:\/\/schema.org\/mainEntityOfPage\" ><span itemprop='name'>Devenir assistante m\u00e9dicale &#8211; T\u00e9moignage de Val\u00e9rie LIVERTOUT<\/span><\/span><\/span><\/article><article class='slide-entry flex_column  post-entry post-entry-10066 slide-entry-overview slide-loop-12 slide-parity-odd  av_one_third  real-thumbnail post-format-standard'  itemscope=\"itemscope\" itemtype=\"https:\/\/schema.org\/CreativeWork\" ><a href='https:\/\/soignerenperigord.fr\/?p=10066' data-rel='slide-1' class='slide-image' title='Le D\u00e9partement de la Dordogne et ses partenaires \u00e0 Paris pour une op\u00e9ration s\u00e9duction des m\u00e9decins g\u00e9n\u00e9ralistes JNMG 2023'><img width=\"480\" height=\"232\" src=\"https:\/\/soignerenperigord.fr\/wp-content\/uploads\/2023\/10\/Logo-JNMG.png\" class=\"wp-image-10058 avia-img-lazy-loading-not-10058 attachment-portfolio size-portfolio wp-post-image\" alt=\"\" decoding=\"async\" srcset=\"https:\/\/soignerenperigord.fr\/wp-content\/uploads\/2023\/10\/Logo-JNMG.png 480w, https:\/\/soignerenperigord.fr\/wp-content\/uploads\/2023\/10\/Logo-JNMG-300x145.png 300w\" sizes=\"(max-width: 480px) 100vw, 480px\" \/><\/a><div class=\"slide-content\"><header class=\"entry-content-header\"><span class=\"blog-categories minor-meta\"><a href=\"https:\/\/soignerenperigord.fr\/?cat=20\" rel=\"tag\">Blog<\/a> <\/span><h3 class='slide-entry-title entry-title '  itemprop=\"headline\" ><a href='https:\/\/soignerenperigord.fr\/?p=10066' title='Le D\u00e9partement de la Dordogne et ses partenaires \u00e0 Paris pour une op\u00e9ration s\u00e9duction des m\u00e9decins g\u00e9n\u00e9ralistes JNMG 2023'>Le D\u00e9partement de la Dordogne et ses partenaires \u00e0 Paris pour une op\u00e9ration s\u00e9duction des m\u00e9decins g\u00e9n\u00e9ralistes JNMG 2023<\/a><\/h3><span class=\"av-vertical-delimiter\"><\/span><\/header><\/div><footer class=\"entry-footer\"><\/footer><span class='hidden'>\n\t\t\t\t<span class='av-structured-data'  itemprop=\"image\" itemscope=\"itemscope\" itemtype=\"https:\/\/schema.org\/ImageObject\" >\n\t\t\t\t\t\t<span itemprop='url'>https:\/\/soignerenperigord.fr\/wp-content\/uploads\/2023\/10\/Logo-JNMG.png<\/span>\n\t\t\t\t\t\t<span itemprop='height'>232<\/span>\n\t\t\t\t\t\t<span itemprop='width'>480<\/span>\n\t\t\t\t<\/span>\n\t\t\t\t<span class='av-structured-data'  itemprop=\"publisher\" itemtype=\"https:\/\/schema.org\/Organization\" itemscope=\"itemscope\" >\n\t\t\t\t\t\t<span itemprop='name'>Fran\u00e7ois Viart<\/span>\n\t\t\t\t\t\t<span itemprop='logo' itemscope itemtype='https:\/\/schema.org\/ImageObject'>\n\t\t\t\t\t\t\t<span itemprop='url'>https:\/\/soignerenperigord.fr\/wp-content\/uploads\/2019\/07\/LOGO_COULEURpng-300x133-300x133.png<\/span>\n\t\t\t\t\t\t<\/span>\n\t\t\t\t<\/span><span class='av-structured-data'  itemprop=\"author\" itemscope=\"itemscope\" itemtype=\"https:\/\/schema.org\/Person\" ><span itemprop='name'>Fran\u00e7ois Viart<\/span><\/span><span class='av-structured-data'  itemprop=\"datePublished\" datetime=\"2019-04-01T14:15:07+02:00\" >2023-10-23 10:10:57<\/span><span class='av-structured-data'  itemprop=\"dateModified\" itemtype=\"https:\/\/schema.org\/dateModified\" >2023-10-26 09:54:04<\/span><span class='av-structured-data'  itemprop=\"mainEntityOfPage\" itemtype=\"https:\/\/schema.org\/mainEntityOfPage\" ><span itemprop='name'>Le D\u00e9partement de la Dordogne et ses partenaires \u00e0 Paris pour une op\u00e9ration s\u00e9duction des m\u00e9decins g\u00e9n\u00e9ralistes JNMG 2023<\/span><\/span><\/span><\/article><\/div><div class=\"slide-entry-wrap\"><article class='slide-entry flex_column  post-entry post-entry-9761 slide-entry-overview slide-loop-13 slide-parity-odd  av_one_third first real-thumbnail post-format-standard'  itemscope=\"itemscope\" itemtype=\"https:\/\/schema.org\/CreativeWork\" ><a href='https:\/\/soignerenperigord.fr\/?p=9761' data-rel='slide-1' class='slide-image' title='Paris je te quitte &#8211; Deux m\u00e9decins en Dordogne'><img width=\"440\" height=\"396\" src=\"https:\/\/soignerenperigord.fr\/wp-content\/uploads\/2019\/04\/Perigord-Noir4.png\" class=\"wp-image-2168 avia-img-lazy-loading-not-2168 attachment-portfolio size-portfolio wp-post-image\" alt=\"\" decoding=\"async\" srcset=\"https:\/\/soignerenperigord.fr\/wp-content\/uploads\/2019\/04\/Perigord-Noir4.png 440w, https:\/\/soignerenperigord.fr\/wp-content\/uploads\/2019\/04\/Perigord-Noir4-300x270.png 300w\" sizes=\"(max-width: 440px) 100vw, 440px\" \/><\/a><div class=\"slide-content\"><header class=\"entry-content-header\"><span class=\"blog-categories minor-meta\"><a href=\"https:\/\/soignerenperigord.fr\/?cat=20\" rel=\"tag\">Blog<\/a> <\/span><h3 class='slide-entry-title entry-title '  itemprop=\"headline\" ><a href='https:\/\/soignerenperigord.fr\/?p=9761' title='Paris je te quitte &#8211; Deux m\u00e9decins en Dordogne'>Paris je te quitte &#8211; Deux m\u00e9decins en Dordogne<\/a><\/h3><span class=\"av-vertical-delimiter\"><\/span><\/header><\/div><footer class=\"entry-footer\"><\/footer><span class='hidden'>\n\t\t\t\t<span class='av-structured-data'  itemprop=\"image\" itemscope=\"itemscope\" itemtype=\"https:\/\/schema.org\/ImageObject\" >\n\t\t\t\t\t\t<span itemprop='url'>https:\/\/soignerenperigord.fr\/wp-content\/uploads\/2019\/04\/Perigord-Noir4.png<\/span>\n\t\t\t\t\t\t<span itemprop='height'>396<\/span>\n\t\t\t\t\t\t<span itemprop='width'>440<\/span>\n\t\t\t\t<\/span>\n\t\t\t\t<span class='av-structured-data'  itemprop=\"publisher\" itemtype=\"https:\/\/schema.org\/Organization\" itemscope=\"itemscope\" >\n\t\t\t\t\t\t<span itemprop='name'>Jean-Yves Alexeline<\/span>\n\t\t\t\t\t\t<span itemprop='logo' itemscope itemtype='https:\/\/schema.org\/ImageObject'>\n\t\t\t\t\t\t\t<span itemprop='url'>https:\/\/soignerenperigord.fr\/wp-content\/uploads\/2019\/07\/LOGO_COULEURpng-300x133-300x133.png<\/span>\n\t\t\t\t\t\t<\/span>\n\t\t\t\t<\/span><span class='av-structured-data'  itemprop=\"author\" itemscope=\"itemscope\" itemtype=\"https:\/\/schema.org\/Person\" ><span itemprop='name'>Jean-Yves Alexeline<\/span><\/span><span class='av-structured-data'  itemprop=\"datePublished\" datetime=\"2019-04-01T14:15:07+02:00\" >2023-08-01 16:51:44<\/span><span class='av-structured-data'  itemprop=\"dateModified\" itemtype=\"https:\/\/schema.org\/dateModified\" >2023-08-01 16:53:38<\/span><span class='av-structured-data'  itemprop=\"mainEntityOfPage\" itemtype=\"https:\/\/schema.org\/mainEntityOfPage\" ><span itemprop='name'>Paris je te quitte &#8211; Deux m\u00e9decins en Dordogne<\/span><\/span><\/span><\/article><article class='slide-entry flex_column  post-entry post-entry-9212 slide-entry-overview slide-loop-14 slide-parity-even  av_one_third  real-thumbnail post-format-standard'  itemscope=\"itemscope\" itemtype=\"https:\/\/schema.org\/CreativeWork\" ><a href='https:\/\/soignerenperigord.fr\/?p=9212' data-rel='slide-1' class='slide-image' title='Venez vivre le P\u00e9rigord &#8211; Le spot TV 2023'><img width=\"300\" height=\"300\" src=\"https:\/\/soignerenperigord.fr\/wp-content\/uploads\/2023\/04\/VivreLePerigord.png\" class=\"wp-image-9216 avia-img-lazy-loading-not-9216 attachment-portfolio size-portfolio wp-post-image\" alt=\"\" decoding=\"async\" srcset=\"https:\/\/soignerenperigord.fr\/wp-content\/uploads\/2023\/04\/VivreLePerigord.png 300w, https:\/\/soignerenperigord.fr\/wp-content\/uploads\/2023\/04\/VivreLePerigord-80x80.png 80w, https:\/\/soignerenperigord.fr\/wp-content\/uploads\/2023\/04\/VivreLePerigord-36x36.png 36w, https:\/\/soignerenperigord.fr\/wp-content\/uploads\/2023\/04\/VivreLePerigord-180x180.png 180w\" sizes=\"(max-width: 300px) 100vw, 300px\" \/><\/a><div class=\"slide-content\"><header class=\"entry-content-header\"><span class=\"blog-categories minor-meta\"><a href=\"https:\/\/soignerenperigord.fr\/?cat=20\" rel=\"tag\">Blog<\/a> <\/span><h3 class='slide-entry-title entry-title '  itemprop=\"headline\" ><a href='https:\/\/soignerenperigord.fr\/?p=9212' title='Venez vivre le P\u00e9rigord &#8211; Le spot TV 2023'>Venez vivre le P\u00e9rigord &#8211; Le spot TV 2023<\/a><\/h3><span class=\"av-vertical-delimiter\"><\/span><\/header><\/div><footer class=\"entry-footer\"><\/footer><span class='hidden'>\n\t\t\t\t<span class='av-structured-data'  itemprop=\"image\" itemscope=\"itemscope\" itemtype=\"https:\/\/schema.org\/ImageObject\" >\n\t\t\t\t\t\t<span itemprop='url'>https:\/\/soignerenperigord.fr\/wp-content\/uploads\/2023\/04\/VivreLePerigord.png<\/span>\n\t\t\t\t\t\t<span itemprop='height'>300<\/span>\n\t\t\t\t\t\t<span itemprop='width'>300<\/span>\n\t\t\t\t<\/span>\n\t\t\t\t<span class='av-structured-data'  itemprop=\"publisher\" itemtype=\"https:\/\/schema.org\/Organization\" itemscope=\"itemscope\" >\n\t\t\t\t\t\t<span itemprop='name'>Jean-Yves Alexeline<\/span>\n\t\t\t\t\t\t<span itemprop='logo' itemscope itemtype='https:\/\/schema.org\/ImageObject'>\n\t\t\t\t\t\t\t<span itemprop='url'>https:\/\/soignerenperigord.fr\/wp-content\/uploads\/2019\/07\/LOGO_COULEURpng-300x133-300x133.png<\/span>\n\t\t\t\t\t\t<\/span>\n\t\t\t\t<\/span><span class='av-structured-data'  itemprop=\"author\" itemscope=\"itemscope\" itemtype=\"https:\/\/schema.org\/Person\" ><span itemprop='name'>Jean-Yves Alexeline<\/span><\/span><span class='av-structured-data'  itemprop=\"datePublished\" datetime=\"2019-04-01T14:15:07+02:00\" >2023-04-07 11:54:48<\/span><span class='av-structured-data'  itemprop=\"dateModified\" itemtype=\"https:\/\/schema.org\/dateModified\" >2023-04-07 12:03:04<\/span><span class='av-structured-data'  itemprop=\"mainEntityOfPage\" itemtype=\"https:\/\/schema.org\/mainEntityOfPage\" ><span itemprop='name'>Venez vivre le P\u00e9rigord &#8211; Le spot TV 2023<\/span><\/span><\/span><\/article><article class='slide-entry flex_column  post-entry post-entry-8904 slide-entry-overview slide-loop-15 slide-parity-odd  av_one_third  real-thumbnail post-format-standard'  itemscope=\"itemscope\" itemtype=\"https:\/\/schema.org\/CreativeWork\" ><a href='https:\/\/soignerenperigord.fr\/?p=8904' data-rel='slide-1' class='slide-image' title='Un TEP-SCAN en Dordogne &#8211; Visite \u00e0 l&#8217;h\u00f4pital priv\u00e9 Francheville'><img width=\"495\" height=\"400\" src=\"https:\/\/soignerenperigord.fr\/wp-content\/uploads\/2023\/02\/VignetteTepScan-495x400.jpg\" class=\"wp-image-8907 avia-img-lazy-loading-not-8907 attachment-portfolio size-portfolio wp-post-image\" alt=\"\" decoding=\"async\" \/><\/a><div class=\"slide-content\"><header class=\"entry-content-header\"><span class=\"blog-categories minor-meta\"><a href=\"https:\/\/soignerenperigord.fr\/?cat=20\" rel=\"tag\">Blog<\/a> <\/span><h3 class='slide-entry-title entry-title '  itemprop=\"headline\" ><a href='https:\/\/soignerenperigord.fr\/?p=8904' title='Un TEP-SCAN en Dordogne &#8211; Visite \u00e0 l&#8217;h\u00f4pital priv\u00e9 Francheville'>Un TEP-SCAN en Dordogne &#8211; Visite \u00e0 l&#8217;h\u00f4pital priv\u00e9 Francheville<\/a><\/h3><span class=\"av-vertical-delimiter\"><\/span><\/header><\/div><footer class=\"entry-footer\"><\/footer><span class='hidden'>\n\t\t\t\t<span class='av-structured-data'  itemprop=\"image\" itemscope=\"itemscope\" itemtype=\"https:\/\/schema.org\/ImageObject\" >\n\t\t\t\t\t\t<span itemprop='url'>https:\/\/soignerenperigord.fr\/wp-content\/uploads\/2023\/02\/VignetteTepScan.jpg<\/span>\n\t\t\t\t\t\t<span itemprop='height'>678<\/span>\n\t\t\t\t\t\t<span itemprop='width'>1324<\/span>\n\t\t\t\t<\/span>\n\t\t\t\t<span class='av-structured-data'  itemprop=\"publisher\" itemtype=\"https:\/\/schema.org\/Organization\" itemscope=\"itemscope\" >\n\t\t\t\t\t\t<span itemprop='name'>Jean-Yves Alexeline<\/span>\n\t\t\t\t\t\t<span itemprop='logo' itemscope itemtype='https:\/\/schema.org\/ImageObject'>\n\t\t\t\t\t\t\t<span itemprop='url'>https:\/\/soignerenperigord.fr\/wp-content\/uploads\/2019\/07\/LOGO_COULEURpng-300x133-300x133.png<\/span>\n\t\t\t\t\t\t<\/span>\n\t\t\t\t<\/span><span class='av-structured-data'  itemprop=\"author\" itemscope=\"itemscope\" itemtype=\"https:\/\/schema.org\/Person\" ><span itemprop='name'>Jean-Yves Alexeline<\/span><\/span><span class='av-structured-data'  itemprop=\"datePublished\" datetime=\"2019-04-01T14:15:07+02:00\" >2023-02-09 12:14:42<\/span><span class='av-structured-data'  itemprop=\"dateModified\" itemtype=\"https:\/\/schema.org\/dateModified\" >2023-02-09 13:43:54<\/span><span class='av-structured-data'  itemprop=\"mainEntityOfPage\" itemtype=\"https:\/\/schema.org\/mainEntityOfPage\" ><span itemprop='name'>Un TEP-SCAN en Dordogne &#8211; Visite \u00e0 l&#8217;h\u00f4pital priv\u00e9 Francheville<\/span><\/span><\/span><\/article><\/div><div class=\"slide-entry-wrap\"><article class='slide-entry flex_column  post-entry post-entry-8893 slide-entry-overview slide-loop-16 slide-parity-odd  av_one_third first real-thumbnail post-format-standard'  itemscope=\"itemscope\" itemtype=\"https:\/\/schema.org\/CreativeWork\" ><a href='https:\/\/soignerenperigord.fr\/?p=8893' data-rel='slide-1' class='slide-image' title='L&#8217;h\u00f4pital de P\u00e9rigueux veut r\u00e9habiliter son internat d&#8217;ici 2024 pour attirer les jeunes m\u00e9decins'><img width=\"495\" height=\"400\" src=\"https:\/\/soignerenperigord.fr\/wp-content\/uploads\/2019\/07\/soigner-en-perigord-cadre-de-vie-medecin-dordogne-installation-remplacement-495x400.jpg\" class=\"wp-image-3570 avia-img-lazy-loading-not-3570 attachment-portfolio size-portfolio wp-post-image\" alt=\"\" decoding=\"async\" \/><\/a><div class=\"slide-content\"><header class=\"entry-content-header\"><span class=\"blog-categories minor-meta\"><a href=\"https:\/\/soignerenperigord.fr\/?cat=20\" rel=\"tag\">Blog<\/a> <\/span><h3 class='slide-entry-title entry-title '  itemprop=\"headline\" ><a href='https:\/\/soignerenperigord.fr\/?p=8893' title='L&#8217;h\u00f4pital de P\u00e9rigueux veut r\u00e9habiliter son internat d&#8217;ici 2024 pour attirer les jeunes m\u00e9decins'>L&#8217;h\u00f4pital de P\u00e9rigueux veut r\u00e9habiliter son internat d&#8217;ici 2024 pour attirer les jeunes m\u00e9decins<\/a><\/h3><span class=\"av-vertical-delimiter\"><\/span><\/header><\/div><footer class=\"entry-footer\"><\/footer><span class='hidden'>\n\t\t\t\t<span class='av-structured-data'  itemprop=\"image\" itemscope=\"itemscope\" itemtype=\"https:\/\/schema.org\/ImageObject\" >\n\t\t\t\t\t\t<span itemprop='url'>https:\/\/soignerenperigord.fr\/wp-content\/uploads\/2019\/07\/soigner-en-perigord-cadre-de-vie-medecin-dordogne-installation-remplacement.jpg<\/span>\n\t\t\t\t\t\t<span itemprop='height'>500<\/span>\n\t\t\t\t\t\t<span itemprop='width'>1210<\/span>\n\t\t\t\t<\/span>\n\t\t\t\t<span class='av-structured-data'  itemprop=\"publisher\" itemtype=\"https:\/\/schema.org\/Organization\" itemscope=\"itemscope\" >\n\t\t\t\t\t\t<span itemprop='name'>Jean-Yves Alexeline<\/span>\n\t\t\t\t\t\t<span itemprop='logo' itemscope itemtype='https:\/\/schema.org\/ImageObject'>\n\t\t\t\t\t\t\t<span itemprop='url'>https:\/\/soignerenperigord.fr\/wp-content\/uploads\/2019\/07\/LOGO_COULEURpng-300x133-300x133.png<\/span>\n\t\t\t\t\t\t<\/span>\n\t\t\t\t<\/span><span class='av-structured-data'  itemprop=\"author\" itemscope=\"itemscope\" itemtype=\"https:\/\/schema.org\/Person\" ><span itemprop='name'>Jean-Yves Alexeline<\/span><\/span><span class='av-structured-data'  itemprop=\"datePublished\" datetime=\"2019-04-01T14:15:07+02:00\" >2023-02-09 10:51:41<\/span><span class='av-structured-data'  itemprop=\"dateModified\" itemtype=\"https:\/\/schema.org\/dateModified\" >2023-02-09 10:51:42<\/span><span class='av-structured-data'  itemprop=\"mainEntityOfPage\" itemtype=\"https:\/\/schema.org\/mainEntityOfPage\" ><span itemprop='name'>L&#8217;h\u00f4pital de P\u00e9rigueux veut r\u00e9habiliter son internat d&#8217;ici 2024 pour attirer les jeunes m\u00e9decins<\/span><\/span><\/span><\/article><article class='slide-entry flex_column  post-entry post-entry-8886 slide-entry-overview slide-loop-17 slide-parity-even  av_one_third  real-thumbnail post-format-standard'  itemscope=\"itemscope\" itemtype=\"https:\/\/schema.org\/CreativeWork\" ><a href='https:\/\/soignerenperigord.fr\/?p=8886' data-rel='slide-1' class='slide-image' title='Reportage France 3 : Des internes originaires de Limoges \u00e0 l&#8217;h\u00f4pital de P\u00e9rigueux'><img width=\"495\" height=\"400\" src=\"https:\/\/soignerenperigord.fr\/wp-content\/uploads\/2023\/02\/sante-495x400.jpg\" class=\"wp-image-8890 avia-img-lazy-loading-not-8890 attachment-portfolio size-portfolio wp-post-image\" alt=\"\" decoding=\"async\" srcset=\"https:\/\/soignerenperigord.fr\/wp-content\/uploads\/2023\/02\/sante-495x400.jpg 495w, https:\/\/soignerenperigord.fr\/wp-content\/uploads\/2023\/02\/sante-845x684.jpg 845w\" sizes=\"(max-width: 495px) 100vw, 495px\" \/><\/a><div class=\"slide-content\"><header class=\"entry-content-header\"><span class=\"blog-categories minor-meta\"><a href=\"https:\/\/soignerenperigord.fr\/?cat=20\" rel=\"tag\">Blog<\/a> <\/span><h3 class='slide-entry-title entry-title '  itemprop=\"headline\" ><a href='https:\/\/soignerenperigord.fr\/?p=8886' title='Reportage France 3 : Des internes originaires de Limoges \u00e0 l&#8217;h\u00f4pital de P\u00e9rigueux'>Reportage France 3 : Des internes originaires de Limoges \u00e0 l&#8217;h\u00f4pital de P\u00e9rigueux<\/a><\/h3><span class=\"av-vertical-delimiter\"><\/span><\/header><\/div><footer class=\"entry-footer\"><\/footer><span class='hidden'>\n\t\t\t\t<span class='av-structured-data'  itemprop=\"image\" itemscope=\"itemscope\" itemtype=\"https:\/\/schema.org\/ImageObject\" >\n\t\t\t\t\t\t<span itemprop='url'>https:\/\/soignerenperigord.fr\/wp-content\/uploads\/2023\/02\/sante.jpg<\/span>\n\t\t\t\t\t\t<span itemprop='height'>728<\/span>\n\t\t\t\t\t\t<span itemprop='width'>1315<\/span>\n\t\t\t\t<\/span>\n\t\t\t\t<span class='av-structured-data'  itemprop=\"publisher\" itemtype=\"https:\/\/schema.org\/Organization\" itemscope=\"itemscope\" >\n\t\t\t\t\t\t<span itemprop='name'>Jean-Yves Alexeline<\/span>\n\t\t\t\t\t\t<span itemprop='logo' itemscope itemtype='https:\/\/schema.org\/ImageObject'>\n\t\t\t\t\t\t\t<span itemprop='url'>https:\/\/soignerenperigord.fr\/wp-content\/uploads\/2019\/07\/LOGO_COULEURpng-300x133-300x133.png<\/span>\n\t\t\t\t\t\t<\/span>\n\t\t\t\t<\/span><span class='av-structured-data'  itemprop=\"author\" itemscope=\"itemscope\" itemtype=\"https:\/\/schema.org\/Person\" ><span itemprop='name'>Jean-Yves Alexeline<\/span><\/span><span class='av-structured-data'  itemprop=\"datePublished\" datetime=\"2019-04-01T14:15:07+02:00\" >2023-02-08 10:45:39<\/span><span class='av-structured-data'  itemprop=\"dateModified\" itemtype=\"https:\/\/schema.org\/dateModified\" >2023-02-08 10:48:24<\/span><span class='av-structured-data'  itemprop=\"mainEntityOfPage\" itemtype=\"https:\/\/schema.org\/mainEntityOfPage\" ><span itemprop='name'>Reportage France 3 : Des internes originaires de Limoges \u00e0 l&#8217;h\u00f4pital de P\u00e9rigueux<\/span><\/span><\/span><\/article><article class='slide-entry flex_column  post-entry post-entry-8537 slide-entry-overview slide-loop-18 slide-parity-odd  av_one_third  real-thumbnail post-format-standard'  itemscope=\"itemscope\" itemtype=\"https:\/\/schema.org\/CreativeWork\" ><a href='https:\/\/soignerenperigord.fr\/?p=8537' data-rel='slide-1' class='slide-image' title='CPTS de Bergerac dans le JT de 13h de TF1'><img width=\"422\" height=\"400\" src=\"https:\/\/soignerenperigord.fr\/wp-content\/uploads\/2020\/02\/bergerac-422x400.png\" class=\"wp-image-4914 avia-img-lazy-loading-not-4914 attachment-portfolio size-portfolio wp-post-image\" alt=\"\" decoding=\"async\" \/><\/a><div class=\"slide-content\"><header class=\"entry-content-header\"><span class=\"blog-categories minor-meta\"><a href=\"https:\/\/soignerenperigord.fr\/?cat=20\" rel=\"tag\">Blog<\/a> <\/span><h3 class='slide-entry-title entry-title '  itemprop=\"headline\" ><a href='https:\/\/soignerenperigord.fr\/?p=8537' title='CPTS de Bergerac dans le JT de 13h de TF1'>CPTS de Bergerac dans le JT de 13h de TF1<\/a><\/h3><span class=\"av-vertical-delimiter\"><\/span><\/header><\/div><footer class=\"entry-footer\"><\/footer><span class='hidden'>\n\t\t\t\t<span class='av-structured-data'  itemprop=\"image\" itemscope=\"itemscope\" itemtype=\"https:\/\/schema.org\/ImageObject\" >\n\t\t\t\t\t\t<span itemprop='url'>https:\/\/soignerenperigord.fr\/wp-content\/uploads\/2020\/02\/bergerac.png<\/span>\n\t\t\t\t\t\t<span itemprop='height'>557<\/span>\n\t\t\t\t\t\t<span itemprop='width'>422<\/span>\n\t\t\t\t<\/span>\n\t\t\t\t<span class='av-structured-data'  itemprop=\"publisher\" itemtype=\"https:\/\/schema.org\/Organization\" itemscope=\"itemscope\" >\n\t\t\t\t\t\t<span itemprop='name'>Jean-Yves Alexeline<\/span>\n\t\t\t\t\t\t<span itemprop='logo' itemscope itemtype='https:\/\/schema.org\/ImageObject'>\n\t\t\t\t\t\t\t<span itemprop='url'>https:\/\/soignerenperigord.fr\/wp-content\/uploads\/2019\/07\/LOGO_COULEURpng-300x133-300x133.png<\/span>\n\t\t\t\t\t\t<\/span>\n\t\t\t\t<\/span><span class='av-structured-data'  itemprop=\"author\" itemscope=\"itemscope\" itemtype=\"https:\/\/schema.org\/Person\" ><span itemprop='name'>Jean-Yves Alexeline<\/span><\/span><span class='av-structured-data'  itemprop=\"datePublished\" datetime=\"2019-04-01T14:15:07+02:00\" >2022-12-14 14:13:49<\/span><span class='av-structured-data'  itemprop=\"dateModified\" itemtype=\"https:\/\/schema.org\/dateModified\" >2022-12-14 14:13:51<\/span><span class='av-structured-data'  itemprop=\"mainEntityOfPage\" itemtype=\"https:\/\/schema.org\/mainEntityOfPage\" ><span itemprop='name'>CPTS de Bergerac dans le JT de 13h de TF1<\/span><\/span><\/span><\/article><\/div><div class=\"slide-entry-wrap\"><article class='slide-entry flex_column  post-entry post-entry-8381 slide-entry-overview slide-loop-19 slide-parity-odd  av_one_third first real-thumbnail post-format-standard'  itemscope=\"itemscope\" itemtype=\"https:\/\/schema.org\/CreativeWork\" ><a href='https:\/\/soignerenperigord.fr\/?p=8381' data-rel='slide-1' class='slide-image' title='Dossier sp\u00e9cial Sant\u00e9 en Dordogne dans SUDOUEST'><img width=\"495\" height=\"400\" src=\"https:\/\/soignerenperigord.fr\/wp-content\/uploads\/2022\/11\/DossierSante-495x400.jpg\" class=\"wp-image-8383 avia-img-lazy-loading-not-8383 attachment-portfolio size-portfolio wp-post-image\" alt=\"\" decoding=\"async\" \/><\/a><div class=\"slide-content\"><header class=\"entry-content-header\"><span class=\"blog-categories minor-meta\"><a href=\"https:\/\/soignerenperigord.fr\/?cat=20\" rel=\"tag\">Blog<\/a> <\/span><h3 class='slide-entry-title entry-title '  itemprop=\"headline\" ><a href='https:\/\/soignerenperigord.fr\/?p=8381' title='Dossier sp\u00e9cial Sant\u00e9 en Dordogne dans SUDOUEST'>Dossier sp\u00e9cial Sant\u00e9 en Dordogne dans SUDOUEST<\/a><\/h3><span class=\"av-vertical-delimiter\"><\/span><\/header><\/div><footer class=\"entry-footer\"><\/footer><span class='hidden'>\n\t\t\t\t<span class='av-structured-data'  itemprop=\"image\" itemscope=\"itemscope\" itemtype=\"https:\/\/schema.org\/ImageObject\" >\n\t\t\t\t\t\t<span itemprop='url'>https:\/\/soignerenperigord.fr\/wp-content\/uploads\/2022\/11\/DossierSante.jpg<\/span>\n\t\t\t\t\t\t<span itemprop='height'>753<\/span>\n\t\t\t\t\t\t<span itemprop='width'>598<\/span>\n\t\t\t\t<\/span>\n\t\t\t\t<span class='av-structured-data'  itemprop=\"publisher\" itemtype=\"https:\/\/schema.org\/Organization\" itemscope=\"itemscope\" >\n\t\t\t\t\t\t<span itemprop='name'>Jean-Yves Alexeline<\/span>\n\t\t\t\t\t\t<span itemprop='logo' itemscope itemtype='https:\/\/schema.org\/ImageObject'>\n\t\t\t\t\t\t\t<span itemprop='url'>https:\/\/soignerenperigord.fr\/wp-content\/uploads\/2019\/07\/LOGO_COULEURpng-300x133-300x133.png<\/span>\n\t\t\t\t\t\t<\/span>\n\t\t\t\t<\/span><span class='av-structured-data'  itemprop=\"author\" itemscope=\"itemscope\" itemtype=\"https:\/\/schema.org\/Person\" ><span itemprop='name'>Jean-Yves Alexeline<\/span><\/span><span class='av-structured-data'  itemprop=\"datePublished\" datetime=\"2019-04-01T14:15:07+02:00\" >2022-11-17 14:21:01<\/span><span class='av-structured-data'  itemprop=\"dateModified\" itemtype=\"https:\/\/schema.org\/dateModified\" >2022-11-17 14:23:36<\/span><span class='av-structured-data'  itemprop=\"mainEntityOfPage\" itemtype=\"https:\/\/schema.org\/mainEntityOfPage\" ><span itemprop='name'>Dossier sp\u00e9cial Sant\u00e9 en Dordogne dans SUDOUEST<\/span><\/span><\/span><\/article><article class='slide-entry flex_column  post-entry post-entry-8161 slide-entry-overview slide-loop-20 slide-parity-even  av_one_third  real-thumbnail post-format-standard'  itemscope=\"itemscope\" itemtype=\"https:\/\/schema.org\/CreativeWork\" ><a href='https:\/\/soignerenperigord.fr\/?p=8161' data-rel='slide-1' class='slide-image' title='Fili\u00e8re de soins en Dordogne &#8211; Article SUDOUEST &#8211; L&#8217;Institut de formation des ambulanciers lanc\u00e9 au Campus P\u00e9rigord'><img width=\"495\" height=\"400\" src=\"https:\/\/soignerenperigord.fr\/wp-content\/uploads\/2022\/09\/SEP2-495x400.jpg\" class=\"wp-image-8167 avia-img-lazy-loading-not-8167 attachment-portfolio size-portfolio wp-post-image\" alt=\"\" decoding=\"async\" \/><small class='avia-copyright'>Photo : St\u00e9phane Klein\/\u00bbSud Ouest \u00bb<\/small><\/a><div class=\"slide-content\"><header class=\"entry-content-header\"><span class=\"blog-categories minor-meta\"><a href=\"https:\/\/soignerenperigord.fr\/?cat=20\" rel=\"tag\">Blog<\/a> <\/span><h3 class='slide-entry-title entry-title '  itemprop=\"headline\" ><a href='https:\/\/soignerenperigord.fr\/?p=8161' title='Fili\u00e8re de soins en Dordogne &#8211; Article SUDOUEST &#8211; L&#8217;Institut de formation des ambulanciers lanc\u00e9 au Campus P\u00e9rigord'>Fili\u00e8re de soins en Dordogne &#8211; Article SUDOUEST &#8211; L&#8217;Institut de formation des ambulanciers lanc\u00e9 au Campus P\u00e9rigord<\/a><\/h3><span class=\"av-vertical-delimiter\"><\/span><\/header><\/div><footer class=\"entry-footer\"><\/footer><span class='hidden'>\n\t\t\t\t<span class='av-structured-data'  itemprop=\"image\" itemscope=\"itemscope\" itemtype=\"https:\/\/schema.org\/ImageObject\" >\n\t\t\t\t\t\t<span itemprop='url'>https:\/\/soignerenperigord.fr\/wp-content\/uploads\/2022\/09\/SEP2.jpg<\/span>\n\t\t\t\t\t\t<span itemprop='height'>438<\/span>\n\t\t\t\t\t\t<span itemprop='width'>678<\/span>\n\t\t\t\t<\/span>\n\t\t\t\t<span class='av-structured-data'  itemprop=\"publisher\" itemtype=\"https:\/\/schema.org\/Organization\" itemscope=\"itemscope\" >\n\t\t\t\t\t\t<span itemprop='name'>Jean-Yves Alexeline<\/span>\n\t\t\t\t\t\t<span itemprop='logo' itemscope itemtype='https:\/\/schema.org\/ImageObject'>\n\t\t\t\t\t\t\t<span itemprop='url'>https:\/\/soignerenperigord.fr\/wp-content\/uploads\/2019\/07\/LOGO_COULEURpng-300x133-300x133.png<\/span>\n\t\t\t\t\t\t<\/span>\n\t\t\t\t<\/span><span class='av-structured-data'  itemprop=\"author\" itemscope=\"itemscope\" itemtype=\"https:\/\/schema.org\/Person\" ><span itemprop='name'>Jean-Yves Alexeline<\/span><\/span><span class='av-structured-data'  itemprop=\"datePublished\" datetime=\"2019-04-01T14:15:07+02:00\" >2022-09-05 15:05:40<\/span><span class='av-structured-data'  itemprop=\"dateModified\" itemtype=\"https:\/\/schema.org\/dateModified\" >2022-09-05 15:13:10<\/span><span class='av-structured-data'  itemprop=\"mainEntityOfPage\" itemtype=\"https:\/\/schema.org\/mainEntityOfPage\" ><span itemprop='name'>Fili\u00e8re de soins en Dordogne &#8211; Article SUDOUEST &#8211; L&#8217;Institut de formation des ambulanciers lanc\u00e9 au Campus P\u00e9rigord<\/span><\/span><\/span><\/article><article class='slide-entry flex_column  post-entry post-entry-6599 slide-entry-overview slide-loop-21 slide-parity-odd  av_one_third  real-thumbnail post-format-standard'  itemscope=\"itemscope\" itemtype=\"https:\/\/schema.org\/CreativeWork\" ><a href='https:\/\/soignerenperigord.fr\/?p=6599' data-rel='slide-1' class='slide-image' title='Soignerenperigord.fr pr\u00e9sent au Forum Limousin Sant\u00e9-Territoires'><img width=\"495\" height=\"400\" src=\"https:\/\/soignerenperigord.fr\/wp-content\/uploads\/2022\/04\/SEP1-495x400.png\" class=\"wp-image-7043 avia-img-lazy-loading-not-7043 attachment-portfolio size-portfolio wp-post-image\" alt=\"\" decoding=\"async\" \/><\/a><div class=\"slide-content\"><header class=\"entry-content-header\"><span class=\"blog-categories minor-meta\"><a href=\"https:\/\/soignerenperigord.fr\/?cat=20\" rel=\"tag\">Blog<\/a> <\/span><h3 class='slide-entry-title entry-title '  itemprop=\"headline\" ><a href='https:\/\/soignerenperigord.fr\/?p=6599' title='Soignerenperigord.fr pr\u00e9sent au Forum Limousin Sant\u00e9-Territoires'>Soignerenperigord.fr pr\u00e9sent au Forum Limousin Sant\u00e9-Territoires<\/a><\/h3><span class=\"av-vertical-delimiter\"><\/span><\/header><\/div><footer class=\"entry-footer\"><\/footer><span class='hidden'>\n\t\t\t\t<span class='av-structured-data'  itemprop=\"image\" itemscope=\"itemscope\" itemtype=\"https:\/\/schema.org\/ImageObject\" >\n\t\t\t\t\t\t<span itemprop='url'>https:\/\/soignerenperigord.fr\/wp-content\/uploads\/2022\/04\/SEP1.png<\/span>\n\t\t\t\t\t\t<span itemprop='height'>600<\/span>\n\t\t\t\t\t\t<span itemprop='width'>600<\/span>\n\t\t\t\t<\/span>\n\t\t\t\t<span class='av-structured-data'  itemprop=\"publisher\" itemtype=\"https:\/\/schema.org\/Organization\" itemscope=\"itemscope\" >\n\t\t\t\t\t\t<span itemprop='name'>denis.martin<\/span>\n\t\t\t\t\t\t<span itemprop='logo' itemscope itemtype='https:\/\/schema.org\/ImageObject'>\n\t\t\t\t\t\t\t<span itemprop='url'>https:\/\/soignerenperigord.fr\/wp-content\/uploads\/2019\/07\/LOGO_COULEURpng-300x133-300x133.png<\/span>\n\t\t\t\t\t\t<\/span>\n\t\t\t\t<\/span><span class='av-structured-data'  itemprop=\"author\" itemscope=\"itemscope\" itemtype=\"https:\/\/schema.org\/Person\" ><span itemprop='name'>denis.martin<\/span><\/span><span class='av-structured-data'  itemprop=\"datePublished\" datetime=\"2019-04-01T14:15:07+02:00\" >2022-04-25 15:08:11<\/span><span class='av-structured-data'  itemprop=\"dateModified\" itemtype=\"https:\/\/schema.org\/dateModified\" >2022-04-25 15:39:10<\/span><span class='av-structured-data'  itemprop=\"mainEntityOfPage\" itemtype=\"https:\/\/schema.org\/mainEntityOfPage\" ><span itemprop='name'>Soignerenperigord.fr pr\u00e9sent au Forum Limousin Sant\u00e9-Territoires<\/span><\/span><\/span><\/article><\/div><div class=\"slide-entry-wrap\"><article class='slide-entry flex_column  post-entry post-entry-6415 slide-entry-overview slide-loop-22 slide-parity-odd  av_one_third first real-thumbnail post-format-standard'  itemscope=\"itemscope\" itemtype=\"https:\/\/schema.org\/CreativeWork\" ><a href='https:\/\/soignerenperigord.fr\/?p=6415' data-rel='slide-1' class='slide-image' title='Le d\u00e9pistage de la r\u00e9tinopathie diab\u00e9tique, une d\u00e9marche de pr\u00e9vention itin\u00e9rante en Dordogne.'><img width=\"495\" height=\"400\" src=\"https:\/\/soignerenperigord.fr\/wp-content\/uploads\/2021\/07\/retinopathie-495x400.jpg\" class=\"wp-image-6418 avia-img-lazy-loading-not-6418 attachment-portfolio size-portfolio wp-post-image\" alt=\"\" decoding=\"async\" \/><\/a><div class=\"slide-content\"><header class=\"entry-content-header\"><span class=\"blog-categories minor-meta\"><a href=\"https:\/\/soignerenperigord.fr\/?cat=20\" rel=\"tag\">Blog<\/a> <\/span><h3 class='slide-entry-title entry-title '  itemprop=\"headline\" ><a href='https:\/\/soignerenperigord.fr\/?p=6415' title='Le d\u00e9pistage de la r\u00e9tinopathie diab\u00e9tique, une d\u00e9marche de pr\u00e9vention itin\u00e9rante en Dordogne.'>Le d\u00e9pistage de la r\u00e9tinopathie diab\u00e9tique, une d\u00e9marche de pr\u00e9vention itin\u00e9rante en Dordogne.<\/a><\/h3><span class=\"av-vertical-delimiter\"><\/span><\/header><\/div><footer class=\"entry-footer\"><\/footer><span class='hidden'>\n\t\t\t\t<span class='av-structured-data'  itemprop=\"image\" itemscope=\"itemscope\" itemtype=\"https:\/\/schema.org\/ImageObject\" >\n\t\t\t\t\t\t<span itemprop='url'>https:\/\/soignerenperigord.fr\/wp-content\/uploads\/2021\/07\/retinopathie.jpg<\/span>\n\t\t\t\t\t\t<span itemprop='height'>637<\/span>\n\t\t\t\t\t\t<span itemprop='width'>1214<\/span>\n\t\t\t\t<\/span>\n\t\t\t\t<span class='av-structured-data'  itemprop=\"publisher\" itemtype=\"https:\/\/schema.org\/Organization\" itemscope=\"itemscope\" >\n\t\t\t\t\t\t<span itemprop='name'>Jean-Yves Alexeline<\/span>\n\t\t\t\t\t\t<span itemprop='logo' itemscope itemtype='https:\/\/schema.org\/ImageObject'>\n\t\t\t\t\t\t\t<span itemprop='url'>https:\/\/soignerenperigord.fr\/wp-content\/uploads\/2019\/07\/LOGO_COULEURpng-300x133-300x133.png<\/span>\n\t\t\t\t\t\t<\/span>\n\t\t\t\t<\/span><span class='av-structured-data'  itemprop=\"author\" itemscope=\"itemscope\" itemtype=\"https:\/\/schema.org\/Person\" ><span itemprop='name'>Jean-Yves Alexeline<\/span><\/span><span class='av-structured-data'  itemprop=\"datePublished\" datetime=\"2019-04-01T14:15:07+02:00\" >2021-07-27 13:02:27<\/span><span class='av-structured-data'  itemprop=\"dateModified\" itemtype=\"https:\/\/schema.org\/dateModified\" >2021-08-24 13:15:08<\/span><span class='av-structured-data'  itemprop=\"mainEntityOfPage\" itemtype=\"https:\/\/schema.org\/mainEntityOfPage\" ><span itemprop='name'>Le d\u00e9pistage de la r\u00e9tinopathie diab\u00e9tique, une d\u00e9marche de pr\u00e9vention itin\u00e9rante en Dordogne.<\/span><\/span><\/span><\/article><article class='slide-entry flex_column  post-entry post-entry-6239 slide-entry-overview slide-loop-23 slide-parity-even  av_one_third  real-thumbnail post-format-standard'  itemscope=\"itemscope\" itemtype=\"https:\/\/schema.org\/CreativeWork\" ><a href='https:\/\/soignerenperigord.fr\/?p=6239' data-rel='slide-1' class='slide-image' title='Une maison de sant\u00e9 \u00e0 Saint-Cyprien'><img width=\"495\" height=\"400\" src=\"https:\/\/soignerenperigord.fr\/wp-content\/uploads\/2021\/05\/MSP-St-Cyprien-495x400.jpg\" class=\"wp-image-6240 avia-img-lazy-loading-not-6240 attachment-portfolio size-portfolio wp-post-image\" alt=\"\" decoding=\"async\" \/><\/a><div class=\"slide-content\"><header class=\"entry-content-header\"><span class=\"blog-categories minor-meta\"><a href=\"https:\/\/soignerenperigord.fr\/?cat=20\" rel=\"tag\">Blog<\/a> <\/span><h3 class='slide-entry-title entry-title '  itemprop=\"headline\" ><a href='https:\/\/soignerenperigord.fr\/?p=6239' title='Une maison de sant\u00e9 \u00e0 Saint-Cyprien'>Une maison de sant\u00e9 \u00e0 Saint-Cyprien<\/a><\/h3><span class=\"av-vertical-delimiter\"><\/span><\/header><\/div><footer class=\"entry-footer\"><\/footer><span class='hidden'>\n\t\t\t\t<span class='av-structured-data'  itemprop=\"image\" itemscope=\"itemscope\" itemtype=\"https:\/\/schema.org\/ImageObject\" >\n\t\t\t\t\t\t<span itemprop='url'>https:\/\/soignerenperigord.fr\/wp-content\/uploads\/2021\/05\/MSP-St-Cyprien.jpg<\/span>\n\t\t\t\t\t\t<span itemprop='height'>585<\/span>\n\t\t\t\t\t\t<span itemprop='width'>1007<\/span>\n\t\t\t\t<\/span>\n\t\t\t\t<span class='av-structured-data'  itemprop=\"publisher\" itemtype=\"https:\/\/schema.org\/Organization\" itemscope=\"itemscope\" >\n\t\t\t\t\t\t<span itemprop='name'>Jean-Fran\u00e7ois JEANNOT<\/span>\n\t\t\t\t\t\t<span itemprop='logo' itemscope itemtype='https:\/\/schema.org\/ImageObject'>\n\t\t\t\t\t\t\t<span itemprop='url'>https:\/\/soignerenperigord.fr\/wp-content\/uploads\/2019\/07\/LOGO_COULEURpng-300x133-300x133.png<\/span>\n\t\t\t\t\t\t<\/span>\n\t\t\t\t<\/span><span class='av-structured-data'  itemprop=\"author\" itemscope=\"itemscope\" itemtype=\"https:\/\/schema.org\/Person\" ><span itemprop='name'>Jean-Fran\u00e7ois JEANNOT<\/span><\/span><span class='av-structured-data'  itemprop=\"datePublished\" datetime=\"2019-04-01T14:15:07+02:00\" >2021-05-26 08:31:56<\/span><span class='av-structured-data'  itemprop=\"dateModified\" itemtype=\"https:\/\/schema.org\/dateModified\" >2021-05-27 09:21:32<\/span><span class='av-structured-data'  itemprop=\"mainEntityOfPage\" itemtype=\"https:\/\/schema.org\/mainEntityOfPage\" ><span itemprop='name'>Une maison de sant\u00e9 \u00e0 Saint-Cyprien<\/span><\/span><\/span><\/article><article class='slide-entry flex_column  post-entry post-entry-5994 slide-entry-overview slide-loop-24 slide-parity-odd  av_one_third  real-thumbnail post-format-standard'  itemscope=\"itemscope\" itemtype=\"https:\/\/schema.org\/CreativeWork\" ><a href='https:\/\/soignerenperigord.fr\/?p=5994' data-rel='slide-1' class='slide-image' title='L&#8217;exercice coordonn\u00e9 : Qu\u00e9sako ?'><img width=\"495\" height=\"400\" src=\"https:\/\/soignerenperigord.fr\/wp-content\/uploads\/2021\/03\/medics-handshaking-hospital-495x400.jpg\" class=\"wp-image-5998 avia-img-lazy-loading-not-5998 attachment-portfolio size-portfolio wp-post-image\" alt=\"\" decoding=\"async\" srcset=\"https:\/\/soignerenperigord.fr\/wp-content\/uploads\/2021\/03\/medics-handshaking-hospital-495x400.jpg 495w, https:\/\/soignerenperigord.fr\/wp-content\/uploads\/2021\/03\/medics-handshaking-hospital-845x684.jpg 845w\" sizes=\"(max-width: 495px) 100vw, 495px\" \/><\/a><div class=\"slide-content\"><header class=\"entry-content-header\"><span class=\"blog-categories minor-meta\"><a href=\"https:\/\/soignerenperigord.fr\/?cat=20\" rel=\"tag\">Blog<\/a> <\/span><h3 class='slide-entry-title entry-title '  itemprop=\"headline\" ><a href='https:\/\/soignerenperigord.fr\/?p=5994' title='L&#8217;exercice coordonn\u00e9 : Qu\u00e9sako ?'>L&#8217;exercice coordonn\u00e9 : Qu\u00e9sako ?<\/a><\/h3><span class=\"av-vertical-delimiter\"><\/span><\/header><\/div><footer class=\"entry-footer\"><\/footer><span class='hidden'>\n\t\t\t\t<span class='av-structured-data'  itemprop=\"image\" itemscope=\"itemscope\" itemtype=\"https:\/\/schema.org\/ImageObject\" >\n\t\t\t\t\t\t<span itemprop='url'>https:\/\/soignerenperigord.fr\/wp-content\/uploads\/2021\/03\/medics-handshaking-hospital.jpg<\/span>\n\t\t\t\t\t\t<span itemprop='height'>4912<\/span>\n\t\t\t\t\t\t<span itemprop='width'>7360<\/span>\n\t\t\t\t<\/span>\n\t\t\t\t<span class='av-structured-data'  itemprop=\"publisher\" itemtype=\"https:\/\/schema.org\/Organization\" itemscope=\"itemscope\" >\n\t\t\t\t\t\t<span itemprop='name'>Jean-Yves Alexeline<\/span>\n\t\t\t\t\t\t<span itemprop='logo' itemscope itemtype='https:\/\/schema.org\/ImageObject'>\n\t\t\t\t\t\t\t<span itemprop='url'>https:\/\/soignerenperigord.fr\/wp-content\/uploads\/2019\/07\/LOGO_COULEURpng-300x133-300x133.png<\/span>\n\t\t\t\t\t\t<\/span>\n\t\t\t\t<\/span><span class='av-structured-data'  itemprop=\"author\" itemscope=\"itemscope\" itemtype=\"https:\/\/schema.org\/Person\" ><span itemprop='name'>Jean-Yves Alexeline<\/span><\/span><span class='av-structured-data'  itemprop=\"datePublished\" datetime=\"2019-04-01T14:15:07+02:00\" >2021-03-23 12:46:52<\/span><span class='av-structured-data'  itemprop=\"dateModified\" itemtype=\"https:\/\/schema.org\/dateModified\" >2021-03-23 12:58:59<\/span><span class='av-structured-data'  itemprop=\"mainEntityOfPage\" itemtype=\"https:\/\/schema.org\/mainEntityOfPage\" ><span itemprop='name'>L&#8217;exercice coordonn\u00e9 : Qu\u00e9sako ?<\/span><\/span><\/span><\/article><\/div><div class=\"slide-entry-wrap\"><article class='slide-entry flex_column  post-entry post-entry-5627 slide-entry-overview slide-loop-25 slide-parity-odd  av_one_third first real-thumbnail post-format-standard'  itemscope=\"itemscope\" itemtype=\"https:\/\/schema.org\/CreativeWork\" ><a href='https:\/\/soignerenperigord.fr\/?p=5627' data-rel='slide-1' class='slide-image' title='SUDOUEST &#8211; Suppl\u00e9ment Sant\u00e9 en Dordogne'><img width=\"495\" height=\"400\" src=\"https:\/\/soignerenperigord.fr\/wp-content\/uploads\/2020\/11\/SOSUPPLEMEN2020-495x400.jpg\" class=\"wp-image-5631 avia-img-lazy-loading-not-5631 attachment-portfolio size-portfolio wp-post-image\" alt=\"\" decoding=\"async\" \/><\/a><div class=\"slide-content\"><header class=\"entry-content-header\"><span class=\"blog-categories minor-meta\"><a href=\"https:\/\/soignerenperigord.fr\/?cat=20\" rel=\"tag\">Blog<\/a> <\/span><h3 class='slide-entry-title entry-title '  itemprop=\"headline\" ><a href='https:\/\/soignerenperigord.fr\/?p=5627' title='SUDOUEST &#8211; Suppl\u00e9ment Sant\u00e9 en Dordogne'>SUDOUEST &#8211; Suppl\u00e9ment Sant\u00e9 en Dordogne<\/a><\/h3><span class=\"av-vertical-delimiter\"><\/span><\/header><\/div><footer class=\"entry-footer\"><\/footer><span class='hidden'>\n\t\t\t\t<span class='av-structured-data'  itemprop=\"image\" itemscope=\"itemscope\" itemtype=\"https:\/\/schema.org\/ImageObject\" >\n\t\t\t\t\t\t<span itemprop='url'>https:\/\/soignerenperigord.fr\/wp-content\/uploads\/2020\/11\/SOSUPPLEMEN2020.jpg<\/span>\n\t\t\t\t\t\t<span itemprop='height'>561<\/span>\n\t\t\t\t\t\t<span itemprop='width'>529<\/span>\n\t\t\t\t<\/span>\n\t\t\t\t<span class='av-structured-data'  itemprop=\"publisher\" itemtype=\"https:\/\/schema.org\/Organization\" itemscope=\"itemscope\" >\n\t\t\t\t\t\t<span itemprop='name'>Jean-Yves Alexeline<\/span>\n\t\t\t\t\t\t<span itemprop='logo' itemscope itemtype='https:\/\/schema.org\/ImageObject'>\n\t\t\t\t\t\t\t<span itemprop='url'>https:\/\/soignerenperigord.fr\/wp-content\/uploads\/2019\/07\/LOGO_COULEURpng-300x133-300x133.png<\/span>\n\t\t\t\t\t\t<\/span>\n\t\t\t\t<\/span><span class='av-structured-data'  itemprop=\"author\" itemscope=\"itemscope\" itemtype=\"https:\/\/schema.org\/Person\" ><span itemprop='name'>Jean-Yves Alexeline<\/span><\/span><span class='av-structured-data'  itemprop=\"datePublished\" datetime=\"2019-04-01T14:15:07+02:00\" >2020-11-19 16:43:50<\/span><span class='av-structured-data'  itemprop=\"dateModified\" itemtype=\"https:\/\/schema.org\/dateModified\" >2020-11-19 16:43:52<\/span><span class='av-structured-data'  itemprop=\"mainEntityOfPage\" itemtype=\"https:\/\/schema.org\/mainEntityOfPage\" ><span itemprop='name'>SUDOUEST &#8211; Suppl\u00e9ment Sant\u00e9 en Dordogne<\/span><\/span><\/span><\/article><article class='slide-entry flex_column  post-entry post-entry-5423 slide-entry-overview slide-loop-26 slide-parity-even  av_one_third  real-thumbnail post-format-standard'  itemscope=\"itemscope\" itemtype=\"https:\/\/schema.org\/CreativeWork\" ><a href='https:\/\/soignerenperigord.fr\/?p=5423' data-rel='slide-1' class='slide-image' title='Soignerenperigord.fr &#8211; Comment s&#8217;inscrire ?'><img width=\"495\" height=\"400\" src=\"https:\/\/soignerenperigord.fr\/wp-content\/uploads\/2020\/09\/SepTuto-495x400.jpg\" class=\"wp-image-5428 avia-img-lazy-loading-not-5428 attachment-portfolio size-portfolio wp-post-image\" alt=\"\" decoding=\"async\" \/><\/a><div class=\"slide-content\"><header class=\"entry-content-header\"><span class=\"blog-categories minor-meta\"><a href=\"https:\/\/soignerenperigord.fr\/?cat=20\" rel=\"tag\">Blog<\/a> <\/span><h3 class='slide-entry-title entry-title '  itemprop=\"headline\" ><a href='https:\/\/soignerenperigord.fr\/?p=5423' title='Soignerenperigord.fr &#8211; Comment s&#8217;inscrire ?'>Soignerenperigord.fr &#8211; Comment s&#8217;inscrire ?<\/a><\/h3><span class=\"av-vertical-delimiter\"><\/span><\/header><\/div><footer class=\"entry-footer\"><\/footer><span class='hidden'>\n\t\t\t\t<span class='av-structured-data'  itemprop=\"image\" itemscope=\"itemscope\" itemtype=\"https:\/\/schema.org\/ImageObject\" >\n\t\t\t\t\t\t<span itemprop='url'>https:\/\/soignerenperigord.fr\/wp-content\/uploads\/2020\/09\/SepTuto.jpg<\/span>\n\t\t\t\t\t\t<span itemprop='height'>575<\/span>\n\t\t\t\t\t\t<span itemprop='width'>973<\/span>\n\t\t\t\t<\/span>\n\t\t\t\t<span class='av-structured-data'  itemprop=\"publisher\" itemtype=\"https:\/\/schema.org\/Organization\" itemscope=\"itemscope\" >\n\t\t\t\t\t\t<span itemprop='name'>Jean-Yves Alexeline<\/span>\n\t\t\t\t\t\t<span itemprop='logo' itemscope itemtype='https:\/\/schema.org\/ImageObject'>\n\t\t\t\t\t\t\t<span itemprop='url'>https:\/\/soignerenperigord.fr\/wp-content\/uploads\/2019\/07\/LOGO_COULEURpng-300x133-300x133.png<\/span>\n\t\t\t\t\t\t<\/span>\n\t\t\t\t<\/span><span class='av-structured-data'  itemprop=\"author\" itemscope=\"itemscope\" itemtype=\"https:\/\/schema.org\/Person\" ><span itemprop='name'>Jean-Yves Alexeline<\/span><\/span><span class='av-structured-data'  itemprop=\"datePublished\" datetime=\"2019-04-01T14:15:07+02:00\" >2020-09-30 14:36:16<\/span><span class='av-structured-data'  itemprop=\"dateModified\" itemtype=\"https:\/\/schema.org\/dateModified\" >2021-09-10 10:06:46<\/span><span class='av-structured-data'  itemprop=\"mainEntityOfPage\" itemtype=\"https:\/\/schema.org\/mainEntityOfPage\" ><span itemprop='name'>Soignerenperigord.fr &#8211; Comment s&#8217;inscrire ?<\/span><\/span><\/span><\/article><article class='slide-entry flex_column  post-entry post-entry-4692 slide-entry-overview slide-loop-27 slide-parity-odd  av_one_third  real-thumbnail post-format-standard'  itemscope=\"itemscope\" itemtype=\"https:\/\/schema.org\/CreativeWork\" ><a href='https:\/\/soignerenperigord.fr\/?p=4692' data-rel='slide-1' class='slide-image' title='\u00c9tudes en sant\u00e9 &#8211; L&#8217;universit\u00e9 de Bordeaux ajoute P\u00e9rigueux \u00e0 sa fili\u00e8re sant\u00e9'><img width=\"495\" height=\"400\" src=\"https:\/\/soignerenperigord.fr\/wp-content\/uploads\/2020\/02\/three-persons-sitting-on-the-stairs-talking-with-each-other-1438072-495x400.jpg\" class=\"wp-image-4694 avia-img-lazy-loading-not-4694 attachment-portfolio size-portfolio wp-post-image\" alt=\"\" decoding=\"async\" srcset=\"https:\/\/soignerenperigord.fr\/wp-content\/uploads\/2020\/02\/three-persons-sitting-on-the-stairs-talking-with-each-other-1438072-495x400.jpg 495w, https:\/\/soignerenperigord.fr\/wp-content\/uploads\/2020\/02\/three-persons-sitting-on-the-stairs-talking-with-each-other-1438072-845x684.jpg 845w\" sizes=\"(max-width: 495px) 100vw, 495px\" \/><small class='avia-copyright'>Photo by Buro Millennial from Pexels<\/small><\/a><div class=\"slide-content\"><header class=\"entry-content-header\"><span class=\"blog-categories minor-meta\"><a href=\"https:\/\/soignerenperigord.fr\/?cat=20\" rel=\"tag\">Blog<\/a> <\/span><h3 class='slide-entry-title entry-title '  itemprop=\"headline\" ><a href='https:\/\/soignerenperigord.fr\/?p=4692' title='\u00c9tudes en sant\u00e9 &#8211; L&#8217;universit\u00e9 de Bordeaux ajoute P\u00e9rigueux \u00e0 sa fili\u00e8re sant\u00e9'>\u00c9tudes en sant\u00e9 &#8211; L&#8217;universit\u00e9 de Bordeaux ajoute P\u00e9rigueux \u00e0 sa fili\u00e8re sant\u00e9<\/a><\/h3><span class=\"av-vertical-delimiter\"><\/span><\/header><\/div><footer class=\"entry-footer\"><\/footer><span class='hidden'>\n\t\t\t\t<span class='av-structured-data'  itemprop=\"image\" itemscope=\"itemscope\" itemtype=\"https:\/\/schema.org\/ImageObject\" >\n\t\t\t\t\t\t<span itemprop='url'>https:\/\/soignerenperigord.fr\/wp-content\/uploads\/2020\/02\/three-persons-sitting-on-the-stairs-talking-with-each-other-1438072.jpg<\/span>\n\t\t\t\t\t\t<span itemprop='height'>4016<\/span>\n\t\t\t\t\t\t<span itemprop='width'>6016<\/span>\n\t\t\t\t<\/span>\n\t\t\t\t<span class='av-structured-data'  itemprop=\"publisher\" itemtype=\"https:\/\/schema.org\/Organization\" itemscope=\"itemscope\" >\n\t\t\t\t\t\t<span itemprop='name'>Jean-Yves Alexeline<\/span>\n\t\t\t\t\t\t<span itemprop='logo' itemscope itemtype='https:\/\/schema.org\/ImageObject'>\n\t\t\t\t\t\t\t<span itemprop='url'>https:\/\/soignerenperigord.fr\/wp-content\/uploads\/2019\/07\/LOGO_COULEURpng-300x133-300x133.png<\/span>\n\t\t\t\t\t\t<\/span>\n\t\t\t\t<\/span><span class='av-structured-data'  itemprop=\"author\" itemscope=\"itemscope\" itemtype=\"https:\/\/schema.org\/Person\" ><span itemprop='name'>Jean-Yves Alexeline<\/span><\/span><span class='av-structured-data'  itemprop=\"datePublished\" datetime=\"2019-04-01T14:15:07+02:00\" >2020-02-11 15:42:12<\/span><span class='av-structured-data'  itemprop=\"dateModified\" itemtype=\"https:\/\/schema.org\/dateModified\" >2020-02-11 15:42:13<\/span><span class='av-structured-data'  itemprop=\"mainEntityOfPage\" itemtype=\"https:\/\/schema.org\/mainEntityOfPage\" ><span itemprop='name'>\u00c9tudes en sant\u00e9 &#8211; L&#8217;universit\u00e9 de Bordeaux ajoute P\u00e9rigueux \u00e0 sa fili\u00e8re sant\u00e9<\/span><\/span><\/span><\/article><\/div><div class=\"slide-entry-wrap\"><article class='slide-entry flex_column  post-entry post-entry-4682 slide-entry-overview slide-loop-28 slide-parity-odd  av_one_third first real-thumbnail post-format-standard'  itemscope=\"itemscope\" itemtype=\"https:\/\/schema.org\/CreativeWork\" ><a href='https:\/\/soignerenperigord.fr\/?p=4682' data-rel='slide-1' class='slide-image' title='R\u00e9zone, un service d\u2019aide \u00e0 l\u2019installation des m\u00e9decins'><img width=\"495\" height=\"400\" src=\"https:\/\/soignerenperigord.fr\/wp-content\/uploads\/2020\/02\/Rezone-495x400.jpg\" class=\"wp-image-4684 avia-img-lazy-loading-not-4684 attachment-portfolio size-portfolio wp-post-image\" alt=\"\" decoding=\"async\" srcset=\"https:\/\/soignerenperigord.fr\/wp-content\/uploads\/2020\/02\/Rezone-495x400.jpg 495w, https:\/\/soignerenperigord.fr\/wp-content\/uploads\/2020\/02\/Rezone-845x684.jpg 845w\" sizes=\"(max-width: 495px) 100vw, 495px\" \/><\/a><div class=\"slide-content\"><header class=\"entry-content-header\"><span class=\"blog-categories minor-meta\"><a href=\"https:\/\/soignerenperigord.fr\/?cat=20\" rel=\"tag\">Blog<\/a> <\/span><h3 class='slide-entry-title entry-title '  itemprop=\"headline\" ><a href='https:\/\/soignerenperigord.fr\/?p=4682' title='R\u00e9zone, un service d\u2019aide \u00e0 l\u2019installation des m\u00e9decins'>R\u00e9zone, un service d\u2019aide \u00e0 l\u2019installation des m\u00e9decins<\/a><\/h3><span class=\"av-vertical-delimiter\"><\/span><\/header><\/div><footer class=\"entry-footer\"><\/footer><span class='hidden'>\n\t\t\t\t<span class='av-structured-data'  itemprop=\"image\" itemscope=\"itemscope\" itemtype=\"https:\/\/schema.org\/ImageObject\" >\n\t\t\t\t\t\t<span itemprop='url'>https:\/\/soignerenperigord.fr\/wp-content\/uploads\/2020\/02\/Rezone.jpg<\/span>\n\t\t\t\t\t\t<span itemprop='height'>851<\/span>\n\t\t\t\t\t\t<span itemprop='width'>1902<\/span>\n\t\t\t\t<\/span>\n\t\t\t\t<span class='av-structured-data'  itemprop=\"publisher\" itemtype=\"https:\/\/schema.org\/Organization\" itemscope=\"itemscope\" >\n\t\t\t\t\t\t<span itemprop='name'>Jean-Yves Alexeline<\/span>\n\t\t\t\t\t\t<span itemprop='logo' itemscope itemtype='https:\/\/schema.org\/ImageObject'>\n\t\t\t\t\t\t\t<span itemprop='url'>https:\/\/soignerenperigord.fr\/wp-content\/uploads\/2019\/07\/LOGO_COULEURpng-300x133-300x133.png<\/span>\n\t\t\t\t\t\t<\/span>\n\t\t\t\t<\/span><span class='av-structured-data'  itemprop=\"author\" itemscope=\"itemscope\" itemtype=\"https:\/\/schema.org\/Person\" ><span itemprop='name'>Jean-Yves Alexeline<\/span><\/span><span class='av-structured-data'  itemprop=\"datePublished\" datetime=\"2019-04-01T14:15:07+02:00\" >2020-02-11 09:30:43<\/span><span class='av-structured-data'  itemprop=\"dateModified\" itemtype=\"https:\/\/schema.org\/dateModified\" >2020-02-11 09:35:49<\/span><span class='av-structured-data'  itemprop=\"mainEntityOfPage\" itemtype=\"https:\/\/schema.org\/mainEntityOfPage\" ><span itemprop='name'>R\u00e9zone, un service d\u2019aide \u00e0 l\u2019installation des m\u00e9decins<\/span><\/span><\/span><\/article><article class='slide-entry flex_column  post-entry post-entry-4344 slide-entry-overview slide-loop-29 slide-parity-even  av_one_third  real-thumbnail post-format-standard'  itemscope=\"itemscope\" itemtype=\"https:\/\/schema.org\/CreativeWork\" ><a href='https:\/\/soignerenperigord.fr\/?p=4344' data-rel='slide-1' class='slide-image' title='T\u00e9l\u00e9m\u00e9decine &#8211; Un reportage complet en Bergeracois'><img width=\"495\" height=\"400\" src=\"https:\/\/soignerenperigord.fr\/wp-content\/uploads\/2019\/12\/Reportage-TelemedecineBergerac2-495x400.jpg\" class=\"wp-image-4369 avia-img-lazy-loading-not-4369 attachment-portfolio size-portfolio wp-post-image\" alt=\"\" decoding=\"async\" \/><\/a><div class=\"slide-content\"><header class=\"entry-content-header\"><span class=\"blog-categories minor-meta\"><a href=\"https:\/\/soignerenperigord.fr\/?cat=20\" rel=\"tag\">Blog<\/a> <\/span><h3 class='slide-entry-title entry-title '  itemprop=\"headline\" ><a href='https:\/\/soignerenperigord.fr\/?p=4344' title='T\u00e9l\u00e9m\u00e9decine &#8211; Un reportage complet en Bergeracois'>T\u00e9l\u00e9m\u00e9decine &#8211; Un reportage complet en Bergeracois<\/a><\/h3><span class=\"av-vertical-delimiter\"><\/span><\/header><\/div><footer class=\"entry-footer\"><\/footer><span class='hidden'>\n\t\t\t\t<span class='av-structured-data'  itemprop=\"image\" itemscope=\"itemscope\" itemtype=\"https:\/\/schema.org\/ImageObject\" >\n\t\t\t\t\t\t<span itemprop='url'>https:\/\/soignerenperigord.fr\/wp-content\/uploads\/2019\/12\/Reportage-TelemedecineBergerac2.jpg<\/span>\n\t\t\t\t\t\t<span itemprop='height'>471<\/span>\n\t\t\t\t\t\t<span itemprop='width'>631<\/span>\n\t\t\t\t<\/span>\n\t\t\t\t<span class='av-structured-data'  itemprop=\"publisher\" itemtype=\"https:\/\/schema.org\/Organization\" itemscope=\"itemscope\" >\n\t\t\t\t\t\t<span itemprop='name'>Jean-Yves Alexeline<\/span>\n\t\t\t\t\t\t<span itemprop='logo' itemscope itemtype='https:\/\/schema.org\/ImageObject'>\n\t\t\t\t\t\t\t<span itemprop='url'>https:\/\/soignerenperigord.fr\/wp-content\/uploads\/2019\/07\/LOGO_COULEURpng-300x133-300x133.png<\/span>\n\t\t\t\t\t\t<\/span>\n\t\t\t\t<\/span><span class='av-structured-data'  itemprop=\"author\" itemscope=\"itemscope\" itemtype=\"https:\/\/schema.org\/Person\" ><span itemprop='name'>Jean-Yves Alexeline<\/span><\/span><span class='av-structured-data'  itemprop=\"datePublished\" datetime=\"2019-04-01T14:15:07+02:00\" >2019-12-26 10:19:34<\/span><span class='av-structured-data'  itemprop=\"dateModified\" itemtype=\"https:\/\/schema.org\/dateModified\" >2019-12-26 10:22:42<\/span><span class='av-structured-data'  itemprop=\"mainEntityOfPage\" itemtype=\"https:\/\/schema.org\/mainEntityOfPage\" ><span itemprop='name'>T\u00e9l\u00e9m\u00e9decine &#8211; Un reportage complet en Bergeracois<\/span><\/span><\/span><\/article><article class='slide-entry flex_column  post-entry post-entry-2834 slide-entry-overview slide-loop-30 slide-parity-odd  av_one_third  real-thumbnail post-format-standard'  itemscope=\"itemscope\" itemtype=\"https:\/\/schema.org\/CreativeWork\" ><a href='https:\/\/soignerenperigord.fr\/?p=2834' data-rel='slide-1' class='slide-image' title='Pour attirer ses m\u00e9decins de demain, la Dordogne soigne les internes d\u2019aujourd\u2019hui'><img width=\"495\" height=\"400\" src=\"https:\/\/soignerenperigord.fr\/wp-content\/uploads\/2019\/05\/etudiants-en-medecine-stage-dordogne-495x400.jpg\" class=\"wp-image-2839 avia-img-lazy-loading-not-2839 attachment-portfolio size-portfolio wp-post-image\" alt=\"etudiants-en-medecine-stage-dordogne\" decoding=\"async\" \/><\/a><div class=\"slide-content\"><header class=\"entry-content-header\"><span class=\"blog-categories minor-meta\"><a href=\"https:\/\/soignerenperigord.fr\/?cat=20\" rel=\"tag\">Blog<\/a> <\/span><h3 class='slide-entry-title entry-title '  itemprop=\"headline\" ><a href='https:\/\/soignerenperigord.fr\/?p=2834' title='Pour attirer ses m\u00e9decins de demain, la Dordogne soigne les internes d\u2019aujourd\u2019hui'>Pour attirer ses m\u00e9decins de demain, la Dordogne soigne les internes d\u2019aujourd\u2019hui<\/a><\/h3><span class=\"av-vertical-delimiter\"><\/span><\/header><\/div><footer class=\"entry-footer\"><\/footer><span class='hidden'>\n\t\t\t\t<span class='av-structured-data'  itemprop=\"image\" itemscope=\"itemscope\" itemtype=\"https:\/\/schema.org\/ImageObject\" >\n\t\t\t\t\t\t<span itemprop='url'>https:\/\/soignerenperigord.fr\/wp-content\/uploads\/2019\/05\/etudiants-en-medecine-stage-dordogne.jpg<\/span>\n\t\t\t\t\t\t<span itemprop='height'>500<\/span>\n\t\t\t\t\t\t<span itemprop='width'>1000<\/span>\n\t\t\t\t<\/span>\n\t\t\t\t<span class='av-structured-data'  itemprop=\"publisher\" itemtype=\"https:\/\/schema.org\/Organization\" itemscope=\"itemscope\" >\n\t\t\t\t\t\t<span itemprop='name'>denis.martin<\/span>\n\t\t\t\t\t\t<span itemprop='logo' itemscope itemtype='https:\/\/schema.org\/ImageObject'>\n\t\t\t\t\t\t\t<span itemprop='url'>https:\/\/soignerenperigord.fr\/wp-content\/uploads\/2019\/07\/LOGO_COULEURpng-300x133-300x133.png<\/span>\n\t\t\t\t\t\t<\/span>\n\t\t\t\t<\/span><span class='av-structured-data'  itemprop=\"author\" itemscope=\"itemscope\" itemtype=\"https:\/\/schema.org\/Person\" ><span itemprop='name'>denis.martin<\/span><\/span><span class='av-structured-data'  itemprop=\"datePublished\" datetime=\"2019-04-01T14:15:07+02:00\" >2019-05-23 17:18:15<\/span><span class='av-structured-data'  itemprop=\"dateModified\" itemtype=\"https:\/\/schema.org\/dateModified\" >2019-06-11 16:08:43<\/span><span class='av-structured-data'  itemprop=\"mainEntityOfPage\" itemtype=\"https:\/\/schema.org\/mainEntityOfPage\" ><span itemprop='name'>Pour attirer ses m\u00e9decins de demain, la Dordogne soigne les internes d\u2019aujourd\u2019hui<\/span><\/span><\/span><\/article><\/div><div class=\"slide-entry-wrap\"><article class='slide-entry flex_column  post-entry post-entry-1493 slide-entry-overview slide-loop-31 slide-parity-odd  av_one_third first real-thumbnail post-format-video'  itemscope=\"itemscope\" itemtype=\"https:\/\/schema.org\/CreativeWork\" ><a href='https:\/\/soignerenperigord.fr\/?p=1493' data-rel='slide-1' class='slide-image' title='Pourquoi devenir MSU ? T\u00e9moignage du Dr Hammel'><img width=\"495\" height=\"400\" src=\"https:\/\/soignerenperigord.fr\/wp-content\/uploads\/2019\/03\/Stage-Medecine-devenir-MSU-Perigord-Dordogne-1-495x400.png\" class=\"wp-image-1385 avia-img-lazy-loading-not-1385 attachment-portfolio size-portfolio wp-post-image\" alt=\"Stage-Medecine-devenir-MSU-Perigord-Dordogne\" decoding=\"async\" \/><\/a><div class=\"slide-content\"><header class=\"entry-content-header\"><span class=\"blog-categories minor-meta\"><a href=\"https:\/\/soignerenperigord.fr\/?cat=20\" rel=\"tag\">Blog<\/a> <\/span><h3 class='slide-entry-title entry-title '  itemprop=\"headline\" ><a href='https:\/\/soignerenperigord.fr\/?p=1493' title='Pourquoi devenir MSU ? T\u00e9moignage du Dr Hammel'>Pourquoi devenir MSU ? T\u00e9moignage du Dr Hammel<\/a><\/h3><span class=\"av-vertical-delimiter\"><\/span><\/header><\/div><footer class=\"entry-footer\"><\/footer><span class='hidden'>\n\t\t\t\t<span class='av-structured-data'  itemprop=\"image\" itemscope=\"itemscope\" itemtype=\"https:\/\/schema.org\/ImageObject\" >\n\t\t\t\t\t\t<span itemprop='url'>https:\/\/soignerenperigord.fr\/wp-content\/uploads\/2019\/03\/Stage-Medecine-devenir-MSU-Perigord-Dordogne-1.png<\/span>\n\t\t\t\t\t\t<span itemprop='height'>680<\/span>\n\t\t\t\t\t\t<span itemprop='width'>1209<\/span>\n\t\t\t\t<\/span>\n\t\t\t\t<span class='av-structured-data'  itemprop=\"publisher\" itemtype=\"https:\/\/schema.org\/Organization\" itemscope=\"itemscope\" >\n\t\t\t\t\t\t<span itemprop='name'>denis.martin<\/span>\n\t\t\t\t\t\t<span itemprop='logo' itemscope itemtype='https:\/\/schema.org\/ImageObject'>\n\t\t\t\t\t\t\t<span itemprop='url'>https:\/\/soignerenperigord.fr\/wp-content\/uploads\/2019\/07\/LOGO_COULEURpng-300x133-300x133.png<\/span>\n\t\t\t\t\t\t<\/span>\n\t\t\t\t<\/span><span class='av-structured-data'  itemprop=\"author\" itemscope=\"itemscope\" itemtype=\"https:\/\/schema.org\/Person\" ><span itemprop='name'>denis.martin<\/span><\/span><span class='av-structured-data'  itemprop=\"datePublished\" datetime=\"2019-04-01T14:15:07+02:00\" >2019-03-28 16:41:56<\/span><span class='av-structured-data'  itemprop=\"dateModified\" itemtype=\"https:\/\/schema.org\/dateModified\" >2019-06-12 09:54:26<\/span><span class='av-structured-data'  itemprop=\"mainEntityOfPage\" itemtype=\"https:\/\/schema.org\/mainEntityOfPage\" ><span itemprop='name'>Pourquoi devenir MSU ? T\u00e9moignage du Dr Hammel<\/span><\/span><\/span><\/article><article class='slide-entry flex_column  post-entry post-entry-2355 slide-entry-overview slide-loop-32 slide-parity-even  post-entry-last  av_one_third  real-thumbnail post-format-standard'  itemscope=\"itemscope\" itemtype=\"https:\/\/schema.org\/CreativeWork\" ><a href='https:\/\/soignerenperigord.fr\/?p=2355' data-rel='slide-1' class='slide-image' title='Dossier M\u00e9dical Partag\u00e9, tout ce que les professionnels de sant\u00e9 doivent savoir'><img width=\"450\" height=\"300\" src=\"https:\/\/soignerenperigord.fr\/wp-content\/uploads\/2019\/05\/dmp-dossier-medical-partage-de-la-cpam.jpeg\" class=\"wp-image-2356 avia-img-lazy-loading-not-2356 attachment-portfolio size-portfolio wp-post-image\" alt=\"\" decoding=\"async\" srcset=\"https:\/\/soignerenperigord.fr\/wp-content\/uploads\/2019\/05\/dmp-dossier-medical-partage-de-la-cpam.jpeg 450w, https:\/\/soignerenperigord.fr\/wp-content\/uploads\/2019\/05\/dmp-dossier-medical-partage-de-la-cpam-300x200.jpeg 300w\" sizes=\"(max-width: 450px) 100vw, 450px\" \/><\/a><div class=\"slide-content\"><header class=\"entry-content-header\"><span class=\"blog-categories minor-meta\"><a href=\"https:\/\/soignerenperigord.fr\/?cat=20\" rel=\"tag\">Blog<\/a> <\/span><h3 class='slide-entry-title entry-title '  itemprop=\"headline\" ><a href='https:\/\/soignerenperigord.fr\/?p=2355' title='Dossier M\u00e9dical Partag\u00e9, tout ce que les professionnels de sant\u00e9 doivent savoir'>Dossier M\u00e9dical Partag\u00e9, tout ce que les professionnels de sant\u00e9 doivent savoir<\/a><\/h3><span class=\"av-vertical-delimiter\"><\/span><\/header><\/div><footer class=\"entry-footer\"><\/footer><span class='hidden'>\n\t\t\t\t<span class='av-structured-data'  itemprop=\"image\" itemscope=\"itemscope\" itemtype=\"https:\/\/schema.org\/ImageObject\" >\n\t\t\t\t\t\t<span itemprop='url'>https:\/\/soignerenperigord.fr\/wp-content\/uploads\/2019\/05\/dmp-dossier-medical-partage-de-la-cpam.jpeg<\/span>\n\t\t\t\t\t\t<span itemprop='height'>300<\/span>\n\t\t\t\t\t\t<span itemprop='width'>450<\/span>\n\t\t\t\t<\/span>\n\t\t\t\t<span class='av-structured-data'  itemprop=\"publisher\" itemtype=\"https:\/\/schema.org\/Organization\" itemscope=\"itemscope\" >\n\t\t\t\t\t\t<span itemprop='name'>denis.martin<\/span>\n\t\t\t\t\t\t<span itemprop='logo' itemscope itemtype='https:\/\/schema.org\/ImageObject'>\n\t\t\t\t\t\t\t<span itemprop='url'>https:\/\/soignerenperigord.fr\/wp-content\/uploads\/2019\/07\/LOGO_COULEURpng-300x133-300x133.png<\/span>\n\t\t\t\t\t\t<\/span>\n\t\t\t\t<\/span><span class='av-structured-data'  itemprop=\"author\" itemscope=\"itemscope\" itemtype=\"https:\/\/schema.org\/Person\" ><span itemprop='name'>denis.martin<\/span><\/span><span class='av-structured-data'  itemprop=\"datePublished\" datetime=\"2019-04-01T14:15:07+02:00\" >2019-03-06 16:45:03<\/span><span class='av-structured-data'  itemprop=\"dateModified\" itemtype=\"https:\/\/schema.org\/dateModified\" >2019-10-16 15:13:33<\/span><span class='av-structured-data'  itemprop=\"mainEntityOfPage\" itemtype=\"https:\/\/schema.org\/mainEntityOfPage\" ><span itemprop='name'>Dossier M\u00e9dical Partag\u00e9, tout ce que les professionnels de sant\u00e9 doivent savoir<\/span><\/span><\/span><\/article><\/div><\/div><div class='avia-slideshow-arrows avia-slideshow-controls' ><a href='#prev' class='prev-slide ' aria-hidden='true' data-av_icon='\ue87c' data-av_iconfont='entypo-fontello'  tabindex='-1'>Pr\u00e9c\u00e9dent<\/a><a href='#next' class='next-slide ' aria-hidden='true' data-av_icon='\ue87d' data-av_iconfont='entypo-fontello'  tabindex='-1'>Suivant<\/a><\/div><\/div><\/div>\n\n<\/div><\/div><\/div><!-- close content main div --><\/div><\/div><div id='av_section_6'  class='avia-section av-2cdl3e-13-8c5077f9a91c514c642080ddadffa04e main_color avia-section-default avia-no-border-styling  avia-builder-el-23  el_after_av_section  el_before_av_section  avia-bg-style-scroll container_wrap sidebar_right'  ><div class='container av-section-cont-open' ><div class='template-page content  av-content-small alpha units'><div class='post-entry post-entry-type-page post-entry-1809'><div class='entry-content-wrapper clearfix'>\n\n<style type=\"text\/css\" data-created_by=\"avia_inline_auto\" id=\"style-css-av-1dgq6i-4392de833b48a3a67458154c12da55f4\">\n.flex_column.av-1dgq6i-4392de833b48a3a67458154c12da55f4{\n-webkit-border-radius:0px 0px 0px 0px;\n-moz-border-radius:0px 0px 0px 0px;\nborder-radius:0px 0px 0px 0px;\npadding:0px 0px 0px 0px;\n}\n<\/style>\n<div class='flex_column av-1dgq6i-4392de833b48a3a67458154c12da55f4 av_two_third  avia-builder-el-24  el_before_av_one_third  avia-builder-el-first  first flex_column_div av-zero-column-padding '     ><style type=\"text\/css\" data-created_by=\"avia_inline_auto\" id=\"style-css-av-37qhoh-41dd9454c09993caab3900a3fd5f1d99\">\n#top .av-special-heading.av-37qhoh-41dd9454c09993caab3900a3fd5f1d99{\npadding-bottom:10px;\nfont-size:45px;\n}\nbody .av-special-heading.av-37qhoh-41dd9454c09993caab3900a3fd5f1d99 .av-special-heading-tag .heading-char{\nfont-size:25px;\n}\n#top #wrap_all .av-special-heading.av-37qhoh-41dd9454c09993caab3900a3fd5f1d99 .av-special-heading-tag{\nfont-size:45px;\n}\n.av-special-heading.av-37qhoh-41dd9454c09993caab3900a3fd5f1d99 .av-subheading{\nfont-size:23px;\n}\n\n@media only screen and (min-width: 480px) and (max-width: 767px){ \n#top #wrap_all .av-special-heading.av-37qhoh-41dd9454c09993caab3900a3fd5f1d99 .av-special-heading-tag{\nfont-size:0.8em;\n}\n}\n\n@media only screen and (max-width: 479px){ \n#top #wrap_all .av-special-heading.av-37qhoh-41dd9454c09993caab3900a3fd5f1d99 .av-special-heading-tag{\nfont-size:0.8em;\n}\n}\n<\/style>\n<div  class='av-special-heading av-37qhoh-41dd9454c09993caab3900a3fd5f1d99 av-special-heading-h2 blockquote modern-quote  avia-builder-el-25  el_before_av_textblock  avia-builder-el-first  av-inherit-size'><h2 class='av-special-heading-tag'  itemprop=\"headline\"  >Soigner en P\u00e9rigord<\/h2><div class='av-subheading av-subheading_below'><h3>la plateforme de mise en relation pour les professionnels de sant\u00e9 en Dordogne<\/h3>\n<\/div><div class=\"special-heading-border\"><div class=\"special-heading-inner-border\"><\/div><\/div><\/div><br \/>\n\n<style type=\"text\/css\" data-created_by=\"avia_inline_auto\" id=\"style-css-av-jty6q72w-139e2cd176af687013e1476deb4dff08\">\n#top .av_textblock_section.av-jty6q72w-139e2cd176af687013e1476deb4dff08 .avia_textblock{\nfont-size:15px;\n}\n<\/style>\n<section  class='av_textblock_section av-jty6q72w-139e2cd176af687013e1476deb4dff08'  itemscope=\"itemscope\" itemtype=\"https:\/\/schema.org\/CreativeWork\" ><div class='avia_textblock'  itemprop=\"text\" ><p><strong>Soigner en P\u00e9rigord<\/strong>\u00a0est la plateforme officielle du d\u00e9partement de la Dordogne pour la\u00a0<strong>mise en relation des professionnels de sant\u00e9<\/strong>\u00a0afin d\u2019assurer la continuit\u00e9 des soins des patients lors de vacances, formations, cong\u00e9 maternit\u00e9 ou d\u00e9part \u00e0 la retraite.<\/p>\n<p><strong>Initiative impuls\u00e9e par la CPAM et le Conseil D\u00e9partemental de la Dordogne<\/strong>, Soigner en P\u00e9rigord regroupe toutes les annonces de remplacement, collaboration, association, succession et stage des professions m\u00e9dicales en Dordogne.<\/p>\n<p>\n<style type=\"text\/css\" data-created_by=\"avia_inline_auto\" id=\"style-css-av-ijr6e-b3b5e0c60992ef9432fab9d7d71c3d96\">\n.av_font_icon.av-ijr6e-b3b5e0c60992ef9432fab9d7d71c3d96{\ncolor:#51becb;\nborder-color:#51becb;\n}\n.av_font_icon.av-ijr6e-b3b5e0c60992ef9432fab9d7d71c3d96 .av-icon-char{\nfont-size:27px;\nline-height:27px;\n}\n<\/style>\n<span  class='av_font_icon av-ijr6e-b3b5e0c60992ef9432fab9d7d71c3d96 avia_animate_when_visible av-icon-style- avia-icon-pos-left'><span class='av-icon-char' aria-hidden='true' data-av_icon='\ue832' data-av_iconfont='entypo-fontello' ><\/span><\/span><span data-contrast=\"none\"><span style=\"text-decoration: underline; color: #51becb;\"><strong><a style=\"color: #51becb; text-decoration: underline;\" href=\"\/?page_id=848\" target=\"_blank\" rel=\"noopener\"><span style=\"font-size: 18px;\">En savoir plus sur l\u2019organisation de la sant\u00e9 en Dordogne<\/span><\/a><\/strong><\/span><\/span><\/p>\n<\/div><\/section><\/p><\/div>\n<style type=\"text\/css\" data-created_by=\"avia_inline_auto\" id=\"style-css-av-21rdu2-5a888238750a1e1c0635f0a05bef9f56\">\n.flex_column.av-21rdu2-5a888238750a1e1c0635f0a05bef9f56{\n-webkit-border-radius:0px 0px 0px 0px;\n-moz-border-radius:0px 0px 0px 0px;\nborder-radius:0px 0px 0px 0px;\npadding:0px 0px 0px 0px;\n}\n<\/style>\n<div class='flex_column av-21rdu2-5a888238750a1e1c0635f0a05bef9f56 av_one_third  avia-builder-el-28  el_after_av_two_third  avia-builder-el-last  flex_column_div av-zero-column-padding '     ><p>\n<style type=\"text\/css\" data-created_by=\"avia_inline_auto\" id=\"style-css-av-jvqs1fhr-01785b19a38025a385808a1266019778\">\n.avia-image-container.av-jvqs1fhr-01785b19a38025a385808a1266019778 img.avia_image{\nbox-shadow:none;\n}\n.avia-image-container.av-jvqs1fhr-01785b19a38025a385808a1266019778 .av-image-caption-overlay-center{\ncolor:#ffffff;\n}\n<\/style>\n<div  class='avia-image-container av-jvqs1fhr-01785b19a38025a385808a1266019778 av-styling- avia-align-center  avia-builder-el-29  el_before_av_hr  avia-builder-el-first '   itemprop=\"image\" itemscope=\"itemscope\" itemtype=\"https:\/\/schema.org\/ImageObject\" ><div class=\"avia-image-container-inner\"><div class=\"avia-image-overlay-wrap\"><a href=\"https:\/\/www.dordogne.fr\" class='avia_image' target=\"_blank\" rel=\"noopener noreferrer\"><img decoding=\"async\" class='wp-image-945 avia-img-lazy-loading-not-945 avia_image ' src=\"https:\/\/soignerenperigord.fr\/wp-content\/uploads\/2019\/03\/logo-departement-dordogne-edito.png\" alt='logo-departement-dordogne-edito' title='logo-departement-dordogne-edito'  height=\"125\" width=\"355\"  itemprop=\"thumbnailUrl\" srcset=\"https:\/\/soignerenperigord.fr\/wp-content\/uploads\/2019\/03\/logo-departement-dordogne-edito.png 355w, https:\/\/soignerenperigord.fr\/wp-content\/uploads\/2019\/03\/logo-departement-dordogne-edito-300x106.png 300w\" sizes=\"(max-width: 355px) 100vw, 355px\" \/><\/a><\/div><\/div><\/div><br \/>\n\n<style type=\"text\/css\" data-created_by=\"avia_inline_auto\" id=\"style-css-av-jvqs0sw5-2475d3b4dff9fae062c4a964c341651d\">\n#top .hr.hr-invisible.av-jvqs0sw5-2475d3b4dff9fae062c4a964c341651d{\nheight:20px;\n}\n<\/style>\n<div  class='hr av-jvqs0sw5-2475d3b4dff9fae062c4a964c341651d hr-invisible  avia-builder-el-30  el_after_av_image  el_before_av_image '><span class='hr-inner '><span class=\"hr-inner-style\"><\/span><\/span><\/div><br \/>\n\n<style type=\"text\/css\" data-created_by=\"avia_inline_auto\" id=\"style-css-av-jvqs1rg1-7f37b4ba64b54dc6ad50142696281047\">\n.avia-image-container.av-jvqs1rg1-7f37b4ba64b54dc6ad50142696281047 img.avia_image{\nbox-shadow:none;\n}\n.avia-image-container.av-jvqs1rg1-7f37b4ba64b54dc6ad50142696281047 .av-image-caption-overlay-center{\ncolor:#ffffff;\n}\n<\/style>\n<div  class='avia-image-container av-jvqs1rg1-7f37b4ba64b54dc6ad50142696281047 av-styling- avia-align-center  avia-builder-el-31  el_after_av_hr  avia-builder-el-last '   itemprop=\"image\" itemscope=\"itemscope\" itemtype=\"https:\/\/schema.org\/ImageObject\" ><div class=\"avia-image-container-inner\"><div class=\"avia-image-overlay-wrap\"><a href=\"https:\/\/www.ameli.fr\" class='avia_image' target=\"_blank\" rel=\"noopener noreferrer\"><img decoding=\"async\" class='wp-image-6419 avia-img-lazy-loading-not-6419 avia_image ' src=\"https:\/\/soignerenperigord.fr\/wp-content\/uploads\/2021\/07\/Fichier-3-100-300x65.jpg\" alt='' title='Fichier 3-100'  height=\"65\" width=\"300\"  itemprop=\"thumbnailUrl\" srcset=\"https:\/\/soignerenperigord.fr\/wp-content\/uploads\/2021\/07\/Fichier-3-100-300x65.jpg 300w, https:\/\/soignerenperigord.fr\/wp-content\/uploads\/2021\/07\/Fichier-3-100-705x153.jpg 705w, https:\/\/soignerenperigord.fr\/wp-content\/uploads\/2021\/07\/Fichier-3-100-450x98.jpg 450w, https:\/\/soignerenperigord.fr\/wp-content\/uploads\/2021\/07\/Fichier-3-100.jpg 751w\" sizes=\"(max-width: 300px) 100vw, 300px\" \/><\/a><\/div><\/div><\/div><\/p><\/div>\n\n<\/div><\/div><\/div><!-- close content main div --><\/div><\/div><div id='av_section_7'  class='avia-section av-2cdl3e-10-9da1f98c8e5e84c01532a33ab01d02ae footer_color avia-section-default avia-no-border-styling  avia-builder-el-32  el_after_av_section  el_before_av_section  avia-bg-style-scroll container_wrap sidebar_right'  ><div class='container av-section-cont-open' ><div class='template-page content  av-content-small alpha units'><div class='post-entry post-entry-type-page post-entry-1809'><div class='entry-content-wrapper clearfix'>\n\n<style type=\"text\/css\" data-created_by=\"avia_inline_auto\" id=\"style-css-av-1dgq6i-9-7cf070ff7eca9b72fdba67480b3dd83e\">\n.flex_column.av-1dgq6i-9-7cf070ff7eca9b72fdba67480b3dd83e{\n-webkit-border-radius:0px 0px 0px 0px;\n-moz-border-radius:0px 0px 0px 0px;\nborder-radius:0px 0px 0px 0px;\npadding:0px 0px 0px 0px;\n}\n<\/style>\n<div class='flex_column av-1dgq6i-9-7cf070ff7eca9b72fdba67480b3dd83e av_one_half  avia-builder-el-33  el_before_av_one_half  avia-builder-el-first  first flex_column_div av-zero-column-padding '     ><div  class='avia-video av-jt9zwwke-0374f7e8ab9e3eaff3acd9145c12df71 avia-video-16-9 av-no-preview-image avia-video-load-always av-lazyload-immediate av-lazyload-video-embed'  itemprop=\"video\" itemtype=\"https:\/\/schema.org\/VideoObject\"  data-original_url='https:\/\/vimeo.com\/131630395'><script type='text\/html' class='av-video-tmpl'><div class='avia-iframe-wrap'><iframe title=\"Destination Dordogne P\u00e9rigord\" src=\"https:\/\/player.vimeo.com\/video\/131630395?dnt=1&amp;app_id=122963&autoplay=0&loop=0&controls=1&muted=0\" width=\"1500\" height=\"844\" frameborder=\"0\" allow=\"autoplay; fullscreen; picture-in-picture; clipboard-write; encrypted-media; web-share\" referrerpolicy=\"strict-origin-when-cross-origin\"><\/iframe><\/div><\/script><div class='av-click-to-play-overlay'><div class=\"avia_playpause_icon\"><\/div><\/div><\/div><\/div>\n<style type=\"text\/css\" data-created_by=\"avia_inline_auto\" id=\"style-css-av-21rdu2-8-694ad37ca948dc467eba93ce5ce7722e\">\n.flex_column.av-21rdu2-8-694ad37ca948dc467eba93ce5ce7722e{\n-webkit-border-radius:0px 0px 0px 0px;\n-moz-border-radius:0px 0px 0px 0px;\nborder-radius:0px 0px 0px 0px;\npadding:0px 0px 0px 0px;\n}\n<\/style>\n<div class='flex_column av-21rdu2-8-694ad37ca948dc467eba93ce5ce7722e av_one_half  avia-builder-el-35  el_after_av_one_half  avia-builder-el-last  flex_column_div av-zero-column-padding '     ><p>\n<style type=\"text\/css\" data-created_by=\"avia_inline_auto\" id=\"style-css-av-juwc2g3b-86ec19b07149300817402ee56e02c513\">\n#top .hr.hr-invisible.av-juwc2g3b-86ec19b07149300817402ee56e02c513{\nheight:20px;\n}\n<\/style>\n<div  class='hr av-juwc2g3b-86ec19b07149300817402ee56e02c513 hr-invisible  avia-builder-el-36  el_before_av_icon_box  avia-builder-el-first '><span class='hr-inner '><span class=\"hr-inner-style\"><\/span><\/span><\/div><br \/>\n<article  class='iconbox iconbox_left_content av-jty6ercr-2450f619fcaa46d9ef413a816bd32da3 av-icon-style-no-border  avia-builder-el-37  el_after_av_hr  el_before_av_hr '  itemscope=\"itemscope\" itemtype=\"https:\/\/schema.org\/CreativeWork\" ><a href='https:\/\/soignerenperigord.fr\/?page_id=2075' title='D\u00e9couvrir la Dordogne'  class=\"iconbox_icon heading-color\" aria-hidden='true' data-av_icon='\ue832' data-av_iconfont='entypo-fontello'><\/a><div class=\"iconbox_content\"><header class=\"entry-content-header\"><h3 class='iconbox_content_title '  itemprop=\"headline\" ><a href='https:\/\/soignerenperigord.fr\/?page_id=2075' title='D\u00e9couvrir la Dordogne' >D\u00e9couvrir la Dordogne<\/a><\/h3><\/header><div class='iconbox_content_container '  itemprop=\"text\" ><\/div><\/div><footer class=\"entry-footer\"><\/footer><\/article><br \/>\n\n<style type=\"text\/css\" data-created_by=\"avia_inline_auto\" id=\"style-css-av-juwc2g3b-6-c85ddc467bfc25e63d26e34745a8e985\">\n#top .hr.hr-invisible.av-juwc2g3b-6-c85ddc467bfc25e63d26e34745a8e985{\nheight:20px;\n}\n<\/style>\n<div  class='hr av-juwc2g3b-6-c85ddc467bfc25e63d26e34745a8e985 hr-invisible  avia-builder-el-38  el_after_av_icon_box  el_before_av_icon_box '><span class='hr-inner '><span class=\"hr-inner-style\"><\/span><\/span><\/div><br \/>\n<article  class='iconbox iconbox_left_content av-jty6ercr-5-3f994d694bed1150ba9e7ad26473c930 av-icon-style-no-border  avia-builder-el-39  el_after_av_hr  el_before_av_hr '  itemscope=\"itemscope\" itemtype=\"https:\/\/schema.org\/CreativeWork\" ><a href='https:\/\/soignerenperigord.fr\/?page_id=1270' title='O\u00f9 s\u2019installer en Dordogne ?'  class=\"iconbox_icon heading-color\" aria-hidden='true' data-av_icon='\ue832' data-av_iconfont='entypo-fontello'><\/a><div class=\"iconbox_content\"><header class=\"entry-content-header\"><h3 class='iconbox_content_title '  itemprop=\"headline\" ><a href='https:\/\/soignerenperigord.fr\/?page_id=1270' title='O\u00f9 s\u2019installer en Dordogne ?' >O\u00f9 s\u2019installer en Dordogne ?<\/a><\/h3><\/header><div class='iconbox_content_container '  itemprop=\"text\" ><\/div><\/div><footer class=\"entry-footer\"><\/footer><\/article><br \/>\n\n<style type=\"text\/css\" data-created_by=\"avia_inline_auto\" id=\"style-css-av-juwc2g3b-4-58d6ceb629a749db336713ff5a43f059\">\n#top .hr.hr-invisible.av-juwc2g3b-4-58d6ceb629a749db336713ff5a43f059{\nheight:20px;\n}\n<\/style>\n<div  class='hr av-juwc2g3b-4-58d6ceb629a749db336713ff5a43f059 hr-invisible  avia-builder-el-40  el_after_av_icon_box  el_before_av_icon_box '><span class='hr-inner '><span class=\"hr-inner-style\"><\/span><\/span><\/div><br \/>\n<article  class='iconbox iconbox_left_content av-jty6ercr-3-f53cb5cb08a0e0360f9f3255dc7f1da3 av-icon-style-no-border  avia-builder-el-41  el_after_av_hr  el_before_av_hr '  itemscope=\"itemscope\" itemtype=\"https:\/\/schema.org\/CreativeWork\" ><a href='https:\/\/soignerenperigord.fr\/?page_id=1081' title='Accueillir un stagiaire'  class=\"iconbox_icon heading-color\" aria-hidden='true' data-av_icon='\ue832' data-av_iconfont='entypo-fontello'><\/a><div class=\"iconbox_content\"><header class=\"entry-content-header\"><h3 class='iconbox_content_title '  itemprop=\"headline\" ><a href='https:\/\/soignerenperigord.fr\/?page_id=1081' title='Accueillir un stagiaire' >Accueillir un stagiaire<\/a><\/h3><\/header><div class='iconbox_content_container '  itemprop=\"text\" ><\/div><\/div><footer class=\"entry-footer\"><\/footer><\/article><br \/>\n\n<style type=\"text\/css\" data-created_by=\"avia_inline_auto\" id=\"style-css-av-juwc2g3b-2-0ae922b1c8f926e0d51f458aab03cecf\">\n#top .hr.hr-invisible.av-juwc2g3b-2-0ae922b1c8f926e0d51f458aab03cecf{\nheight:20px;\n}\n<\/style>\n<div  class='hr av-juwc2g3b-2-0ae922b1c8f926e0d51f458aab03cecf hr-invisible  avia-builder-el-42  el_after_av_icon_box  el_before_av_icon_box '><span class='hr-inner '><span class=\"hr-inner-style\"><\/span><\/span><\/div><br \/>\n<article  class='iconbox iconbox_left_content av-jty6ercr-1-4ee8d3a7957beb826f612d1c810ca830 av-icon-style-no-border  avia-builder-el-43  el_after_av_hr  avia-builder-el-last '  itemscope=\"itemscope\" itemtype=\"https:\/\/schema.org\/CreativeWork\" ><a href='\/?post_type%5B%5D=annonces&s=*&type=null&metier=null&lat=&long=&spe_med=null&date_from=&date_to=&type_structure=null&milieu=null' title='Les annonces de remplacement et d\u2019installation'  class=\"iconbox_icon heading-color\" aria-hidden='true' data-av_icon='\ue832' data-av_iconfont='entypo-fontello'><\/a><div class=\"iconbox_content\"><header class=\"entry-content-header\"><h3 class='iconbox_content_title '  itemprop=\"headline\" ><a href='\/?post_type%5B%5D=annonces&s=*&type=null&metier=null&lat=&long=&spe_med=null&date_from=&date_to=&type_structure=null&milieu=null' title='Les annonces de remplacement et d\u2019installation' >Les annonces de remplacement et d\u2019installation<\/a><\/h3><\/header><div class='iconbox_content_container '  itemprop=\"text\" ><\/div><\/div><footer class=\"entry-footer\"><\/footer><\/article><\/p><\/div>\n\n<\/div><\/div><\/div><!-- close content main div --><\/div><\/div><div id='av_section_8'  class='avia-section av-2cdl3e-7-3a4302acd747f1dd69d2b5183259269f alternate_color avia-section-default avia-no-border-styling  avia-builder-el-44  el_after_av_section  avia-builder-el-last  avia-bg-style-scroll container_wrap sidebar_right'  ><div class='container av-section-cont-open' ><div class='template-page content  av-content-small alpha units'><div class='post-entry post-entry-type-page post-entry-1809'><div class='entry-content-wrapper clearfix'>\n\n<style type=\"text\/css\" data-created_by=\"avia_inline_auto\" id=\"style-css-av-296nqy-11-38b9da27182d3184d5908f5befad71df\">\n.flex_column.av-296nqy-11-38b9da27182d3184d5908f5befad71df{\n-webkit-border-radius:0px 0px 0px 0px;\n-moz-border-radius:0px 0px 0px 0px;\nborder-radius:0px 0px 0px 0px;\npadding:0px 0px 0px 0px;\n}\n<\/style>\n<div class='flex_column av-296nqy-11-38b9da27182d3184d5908f5befad71df av_one_full  avia-builder-el-45  avia-builder-el-no-sibling  first flex_column_div av-zero-column-padding '     ><p>\n<style type=\"text\/css\" data-created_by=\"avia_inline_auto\" id=\"style-css-av-8p3wfl-f2c4f9ae306ad7674e43b071b9eba660\">\n#top .av-special-heading.av-8p3wfl-f2c4f9ae306ad7674e43b071b9eba660{\npadding-bottom:10px;\nfont-size:45px;\n}\nbody .av-special-heading.av-8p3wfl-f2c4f9ae306ad7674e43b071b9eba660 .av-special-heading-tag .heading-char{\nfont-size:25px;\n}\n#top #wrap_all .av-special-heading.av-8p3wfl-f2c4f9ae306ad7674e43b071b9eba660 .av-special-heading-tag{\nfont-size:45px;\n}\n.av-special-heading.av-8p3wfl-f2c4f9ae306ad7674e43b071b9eba660 .av-subheading{\nfont-size:15px;\n}\n\n@media only screen and (min-width: 480px) and (max-width: 767px){ \n#top #wrap_all .av-special-heading.av-8p3wfl-f2c4f9ae306ad7674e43b071b9eba660 .av-special-heading-tag{\nfont-size:0.8em;\n}\n}\n\n@media only screen and (max-width: 479px){ \n#top #wrap_all .av-special-heading.av-8p3wfl-f2c4f9ae306ad7674e43b071b9eba660 .av-special-heading-tag{\nfont-size:0.8em;\n}\n}\n<\/style>\n<div  class='av-special-heading av-8p3wfl-f2c4f9ae306ad7674e43b071b9eba660 av-special-heading-h2 blockquote modern-quote modern-centered  avia-builder-el-46  el_before_av_testimonials  avia-builder-el-first  av-inherit-size'><h2 class='av-special-heading-tag'  itemprop=\"headline\"  >Ils t\u00e9moignent<\/h2><div class=\"special-heading-border\"><div class=\"special-heading-inner-border\"><\/div><\/div><\/div><br \/>\n<div  class='avia-testimonial-wrapper av-jt8sg7w3-8ed700dcfe28a7c81c37273704ded62a avia-slider-testimonials avia-slider-2-testimonials avia_animate_when_almost_visible av-large-testimonial-slider av-slideshow-ui av-control-default av-slider-hover-pause av-slideshow-autoplay av-loop-endless av-loop-manual-endless' data-slideshow-options=\"{&quot;animation&quot;:&quot;fade&quot;,&quot;autoplay&quot;:true,&quot;loop_autoplay&quot;:&quot;endless&quot;,&quot;interval&quot;:7,&quot;loop_manual&quot;:&quot;manual-endless&quot;,&quot;autoplay_stopper&quot;:false,&quot;noNavigation&quot;:false,&quot;bg_slider&quot;:false,&quot;keep_padding&quot;:&quot;&quot;,&quot;hoverpause&quot;:true,&quot;show_slide_delay&quot;:0}\">\n<section class=\"avia-testimonial-row\"><div class='avia-testimonial av-7kqxc1-2767586e455c8ad23b253bb98ac267c1 avia-testimonial-row-1 avia-first-testimonial flex_column no_margin av_one_half'><div class='avia-testimonial_inner'  itemscope=\"itemscope\" itemtype=\"https:\/\/schema.org\/CreativeWork\" ><div class='avia-testimonial-content '><div class='avia-testimonial-markup-entry-content'  itemprop=\"text\" ><p>\u00ab\u00a0Partir pour s\u2019installer en Dordogne, r\u00e9gion que nous ne connaissions pas, c\u2019\u00e9tait un projet qui paraissait un peu fou. Gr\u00e2ce au soutien de la CPAM, les \u00e9tapes se sont encha\u00een\u00e9es naturellement, les contacts ont \u00e9t\u00e9 facilit\u00e9s et le projet a avanc\u00e9 efficacement en quelques mois. Aujourd\u2019hui c\u2019est un changement r\u00e9ussi o\u00f9 toute la famille y a trouv\u00e9 son compte\u00a0!\u00a0\u00bb<\/p>\n<\/div><\/div><div class=\"avia-testimonial-meta\"><div class=\"avia-testimonial-arrow-wrap\"><div class=\"avia-arrow\"><\/div><\/div><div class='avia-testimonial-image'  itemprop=\"image\" ><img width=\"180\" height=\"180\" src=\"https:\/\/soignerenperigord.fr\/wp-content\/uploads\/2019\/05\/pedicure-podologue-180x180.jpg\" class=\"avia-img-lazy-loading-2363 attachment-square size-square\" alt=\"\" decoding=\"async\" loading=\"lazy\" srcset=\"https:\/\/soignerenperigord.fr\/wp-content\/uploads\/2019\/05\/pedicure-podologue-180x180.jpg 180w, https:\/\/soignerenperigord.fr\/wp-content\/uploads\/2019\/05\/pedicure-podologue-80x80.jpg 80w, https:\/\/soignerenperigord.fr\/wp-content\/uploads\/2019\/05\/pedicure-podologue-36x36.jpg 36w, https:\/\/soignerenperigord.fr\/wp-content\/uploads\/2019\/05\/pedicure-podologue-120x120.jpg 120w\" sizes=\"(max-width: 180px) 100vw, 180px\" \/><\/div><div class='avia-testimonial-meta-mini'  itemprop=\"author\" itemscope=\"itemscope\" itemtype=\"https:\/\/schema.org\/Person\" ><strong  class='avia-testimonial-name'  itemprop=\"name\" >Magali, P\u00e9dicure-Podologue<\/strong><span  class='avia-testimonial-subtitle '  itemprop=\"jobTitle\" >Install\u00e9e en Dordogne depuis 2010<\/span><\/div><\/div><\/div><\/div>\n<div class='avia-testimonial av-n7au9-fecf40a82d759f9e94693da2531bf6fa avia-testimonial-row-1 flex_column no_margin av_one_half'><div class='avia-testimonial_inner'  itemscope=\"itemscope\" itemtype=\"https:\/\/schema.org\/CreativeWork\" ><div class='avia-testimonial-content '><div class='avia-testimonial-markup-entry-content'  itemprop=\"text\" ><p>\u00ab\u00a0Ma d\u00e9cision de venir m\u2019installer en Dordogne apr\u00e8s 25 ans sur Lille s\u2019est faite apr\u00e8s avoir connu la r\u00e9gion par biais d\u2019amis. Les principaux crit\u00e8res de choix\u00a0: tout d\u2019abord le c\u00f4t\u00e9 tr\u00e8s agr\u00e9able de la Dordogne\u00a0; la proximit\u00e9 avec Bordeaux\u00a0; un accueil chaleureux des professionnels de la sant\u00e9\u00a0; une aide pr\u00e9cieuse du service d\u2019accompagnement de la CPAM et enfin une aide importante de la Mairie.\u00a0\u00bb<\/p>\n<\/div><\/div><div class=\"avia-testimonial-meta\"><div class=\"avia-testimonial-arrow-wrap\"><div class=\"avia-arrow\"><\/div><\/div><div class='avia-testimonial-image'  itemprop=\"image\" ><img width=\"180\" height=\"180\" src=\"https:\/\/soignerenperigord.fr\/wp-content\/uploads\/2019\/05\/medecin-generaliste-180x180.jpg\" class=\"avia-img-lazy-loading-2366 attachment-square size-square\" alt=\"\" decoding=\"async\" loading=\"lazy\" srcset=\"https:\/\/soignerenperigord.fr\/wp-content\/uploads\/2019\/05\/medecin-generaliste-180x180.jpg 180w, https:\/\/soignerenperigord.fr\/wp-content\/uploads\/2019\/05\/medecin-generaliste-80x80.jpg 80w, https:\/\/soignerenperigord.fr\/wp-content\/uploads\/2019\/05\/medecin-generaliste-36x36.jpg 36w, https:\/\/soignerenperigord.fr\/wp-content\/uploads\/2019\/05\/medecin-generaliste-120x120.jpg 120w\" sizes=\"(max-width: 180px) 100vw, 180px\" \/><\/div><div class='avia-testimonial-meta-mini'  itemprop=\"author\" itemscope=\"itemscope\" itemtype=\"https:\/\/schema.org\/Person\" ><strong  class='avia-testimonial-name'  itemprop=\"name\" >Roger, M\u00e9decin G\u00e9n\u00e9raliste<\/strong><span  class='avia-testimonial-subtitle '  itemprop=\"jobTitle\" >Install\u00e9 en Dordogne depuis 2009<\/span><\/div><\/div><\/div><\/div>\n<div class='avia-testimonial av-4joj0x-9ff2cc5c38be787e714cb81dae280ecc avia-testimonial-row-1 flex_column no_margin av_one_half'><div class='avia-testimonial_inner'  itemscope=\"itemscope\" itemtype=\"https:\/\/schema.org\/CreativeWork\" ><div class='avia-testimonial-content '><div class='avia-testimonial-markup-entry-content'  itemprop=\"text\" ><p>\u00ab\u00a0Fruit d\u2019un partenariat avec la CPAM dont le service d\u00e9di\u00e9 a su organiser les rencontres indispensables pour mener le projet \u00e0 bien, mon installation b\u00e9n\u00e9ficie des v\u0153ux de multiples bonnes f\u00e9es m\u00e9tamorphosant l\u2019ophtalmologiste des villes en ophtalmologiste des champs. Au bout de quelques mois d\u2019exercices, je peux d\u00e9j\u00e0 dire que mon installation est magnifique et je ne puis qu\u2019encourager les sp\u00e9cialistes et g\u00e9n\u00e9ralistes \u00e0 venir s\u2019installer dans nos \u00ab\u00a0d\u00e9serts m\u00e9dicaux\u00a0\u00bb, \u00e0 se relancer dans l\u2019aventure m\u00e9dicale si merveilleuse de mettre son savoir, son exp\u00e9rience au service de nos contemporains victimes de la d\u00e9m\u00e9dicalisation.\u00a0\u00bb<\/p>\n<\/div><\/div><div class=\"avia-testimonial-meta\"><div class=\"avia-testimonial-arrow-wrap\"><div class=\"avia-arrow\"><\/div><\/div><div class='avia-testimonial-image'  itemprop=\"image\" ><img width=\"180\" height=\"180\" src=\"https:\/\/soignerenperigord.fr\/wp-content\/uploads\/2019\/05\/Diagnostica-Oftalmologica-4-180x180.jpg\" class=\"avia-img-lazy-loading-2364 attachment-square size-square\" alt=\"\" decoding=\"async\" loading=\"lazy\" srcset=\"https:\/\/soignerenperigord.fr\/wp-content\/uploads\/2019\/05\/Diagnostica-Oftalmologica-4-180x180.jpg 180w, https:\/\/soignerenperigord.fr\/wp-content\/uploads\/2019\/05\/Diagnostica-Oftalmologica-4-80x80.jpg 80w, https:\/\/soignerenperigord.fr\/wp-content\/uploads\/2019\/05\/Diagnostica-Oftalmologica-4-36x36.jpg 36w, https:\/\/soignerenperigord.fr\/wp-content\/uploads\/2019\/05\/Diagnostica-Oftalmologica-4-120x120.jpg 120w, https:\/\/soignerenperigord.fr\/wp-content\/uploads\/2019\/05\/Diagnostica-Oftalmologica-4-450x450.jpg 450w\" sizes=\"(max-width: 180px) 100vw, 180px\" \/><\/div><div class='avia-testimonial-meta-mini'  itemprop=\"author\" itemscope=\"itemscope\" itemtype=\"https:\/\/schema.org\/Person\" ><strong  class='avia-testimonial-name'  itemprop=\"name\" >Fran\u00e7oise, Ophtalmologiste<\/strong><span  class='avia-testimonial-subtitle '  itemprop=\"jobTitle\" >Install\u00e9e en Dordogne depuis 2008<\/span><\/div><\/div><\/div><\/div>\n<div class='avia-testimonial av-20c7e9-210de3bb2a5075346dd69a46994309b5 avia-testimonial-row-1 flex_column no_margin av_one_half'><div class='avia-testimonial_inner'  itemscope=\"itemscope\" itemtype=\"https:\/\/schema.org\/CreativeWork\" ><div class='avia-testimonial-content '><div class='avia-testimonial-markup-entry-content'  itemprop=\"text\" ><p>\u00ab\u00a0Je suis tr\u00e8s satisfait du suivi de la CPAM pour mon installation et le suivi des dossiers patients. Je n\u2019ai aucun regret tant au niveau professionnel qu\u2019au niveau personnel. Le P\u00e9rigord est un pays extraordinaire. Je souhaite \u00e0 quiconque d\u00e9sirant de d\u2019installer de s\u2019adresser directement \u00e0 vous. Encore merci de m\u2019avoir \u00e9paul\u00e9. \u00bb<\/p>\n<\/div><\/div><div class=\"avia-testimonial-meta\"><div class=\"avia-testimonial-arrow-wrap\"><div class=\"avia-arrow\"><\/div><\/div><div class='avia-testimonial-image'  itemprop=\"image\" ><img width=\"180\" height=\"180\" src=\"https:\/\/soignerenperigord.fr\/wp-content\/uploads\/2019\/05\/cabinet-dentiste-180x180.jpg\" class=\"avia-img-lazy-loading-2365 attachment-square size-square\" alt=\"\" decoding=\"async\" loading=\"lazy\" srcset=\"https:\/\/soignerenperigord.fr\/wp-content\/uploads\/2019\/05\/cabinet-dentiste-180x180.jpg 180w, https:\/\/soignerenperigord.fr\/wp-content\/uploads\/2019\/05\/cabinet-dentiste-80x80.jpg 80w, https:\/\/soignerenperigord.fr\/wp-content\/uploads\/2019\/05\/cabinet-dentiste-36x36.jpg 36w, https:\/\/soignerenperigord.fr\/wp-content\/uploads\/2019\/05\/cabinet-dentiste-120x120.jpg 120w\" sizes=\"(max-width: 180px) 100vw, 180px\" \/><\/div><div class='avia-testimonial-meta-mini'  itemprop=\"author\" itemscope=\"itemscope\" itemtype=\"https:\/\/schema.org\/Person\" ><strong  class='avia-testimonial-name'  itemprop=\"name\" >Thierry, Chirurgien-dentiste<\/strong><span  class='avia-testimonial-subtitle '  itemprop=\"jobTitle\" >Install\u00e9 en Dordogne depuis 2008<\/span><\/div><\/div><\/div><\/div>\n<\/section><div class='avia-slideshow-arrows avia-slideshow-controls' ><a href='#prev' class='prev-slide ' aria-hidden='true' data-av_icon='\ue87c' data-av_iconfont='entypo-fontello'  tabindex='-1'>Pr\u00e9c\u00e9dent<\/a><a href='#next' class='next-slide ' aria-hidden='true' data-av_icon='\ue87d' data-av_iconfont='entypo-fontello'  tabindex='-1'>Suivant<\/a><\/div><\/div><\/p><\/div>\n<\/div><\/div><\/div><!-- close content main div --><\/div><\/div><div id='after_section_8'  class='main_color av_default_container_wrap container_wrap sidebar_right'  ><div class='container av-section-cont-open' ><div class='template-page content  av-content-small alpha units'><div class='post-entry post-entry-type-page post-entry-1809'><div class='entry-content-wrapper clearfix'>\n","protected":false},"excerpt":{"rendered":"","protected":false},"author":1,"featured_media":0,"parent":0,"menu_order":0,"comment_status":"closed","ping_status":"closed","template":"","meta":[],"acf":[],"yoast_head":"<!-- This site is optimized with the Yoast SEO plugin v19.13 - https:\/\/yoast.com\/wordpress\/plugins\/seo\/ -->\n<title>% Soigner en P\u00e9rigord - Annonces m\u00e9dicales - Remplacement - aide \u00e0 l\u2019installation - local professionnel<\/title>\n<meta name=\"description\" content=\"% % Soigner en P\u00e9rigord regroupe toutes les annonces de remplacement, collaboration, association, succession, stage, locaux professionnels et h\u00e9bergements des professions m\u00e9dicales en Dordogne.\" \/>\n<meta name=\"robots\" content=\"index, follow, max-snippet:-1, max-image-preview:large, max-video-preview:-1\" \/>\n<link rel=\"canonical\" href=\"https:\/\/soignerenperigord.fr\/\" \/>\n<meta property=\"og:locale\" content=\"fr_FR\" \/>\n<meta property=\"og:type\" content=\"article\" \/>\n<meta property=\"og:title\" content=\"% Soigner en P\u00e9rigord - Annonces m\u00e9dicales - Remplacement - aide \u00e0 l\u2019installation - local professionnel\" \/>\n<meta property=\"og:description\" content=\"% % Soigner en P\u00e9rigord regroupe toutes les annonces de remplacement, collaboration, association, succession, stage, locaux professionnels et h\u00e9bergements des professions m\u00e9dicales en Dordogne.\" \/>\n<meta property=\"og:url\" content=\"https:\/\/soignerenperigord.fr\/\" \/>\n<meta property=\"og:site_name\" content=\"SoignerEnPerigord\" \/>\n<meta property=\"article:modified_time\" content=\"2026-08-25T05:41:08+00:00\" \/>\n<meta name=\"twitter:card\" content=\"summary_large_image\" \/>\n<meta name=\"twitter:label1\" content=\"Est. reading time\" \/>\n\t<meta name=\"twitter:data1\" content=\"10 minutes\" \/>\n<script type=\"application\/ld+json\" class=\"yoast-schema-graph\">{\"@context\":\"https:\/\/schema.org\",\"@graph\":[{\"@type\":\"WebPage\",\"@id\":\"https:\/\/soignerenperigord.fr\/\",\"url\":\"https:\/\/soignerenperigord.fr\/\",\"name\":\"% Soigner en P\u00e9rigord - Annonces m\u00e9dicales - Remplacement - aide \u00e0 l\u2019installation - local professionnel\",\"isPartOf\":{\"@id\":\"https:\/\/soignerenperigord.fr\/#website\"},\"datePublished\":\"2019-04-01T12:15:07+00:00\",\"dateModified\":\"2026-08-25T05:41:08+00:00\",\"description\":\"% % Soigner en P\u00e9rigord regroupe toutes les annonces de remplacement, collaboration, association, succession, stage, locaux professionnels et h\u00e9bergements des professions m\u00e9dicales en Dordogne.\",\"breadcrumb\":{\"@id\":\"https:\/\/soignerenperigord.fr\/#breadcrumb\"},\"inLanguage\":\"fr-FR\",\"potentialAction\":[{\"@type\":\"ReadAction\",\"target\":[\"https:\/\/soignerenperigord.fr\/\"]}]},{\"@type\":\"BreadcrumbList\",\"@id\":\"https:\/\/soignerenperigord.fr\/#breadcrumb\",\"itemListElement\":[{\"@type\":\"ListItem\",\"position\":1,\"name\":\"Home\",\"item\":\"https:\/\/soignerenperigord.fr\/?page_id=1809\"},{\"@type\":\"ListItem\",\"position\":2,\"name\":\"Homepage\"}]},{\"@type\":\"WebSite\",\"@id\":\"https:\/\/soignerenperigord.fr\/#website\",\"url\":\"https:\/\/soignerenperigord.fr\/\",\"name\":\"SoignerEnPerigord\",\"description\":\"Un site utilisant WordPress\",\"potentialAction\":[{\"@type\":\"SearchAction\",\"target\":{\"@type\":\"EntryPoint\",\"urlTemplate\":\"https:\/\/soignerenperigord.fr\/?s={search_term_string}\"},\"query-input\":\"required name=search_term_string\"}],\"inLanguage\":\"fr-FR\"}]}<\/script>\n<!-- \/ Yoast SEO plugin. -->","yoast_head_json":{"title":"% Soigner en P\u00e9rigord - Annonces m\u00e9dicales - Remplacement - aide \u00e0 l\u2019installation - local professionnel","description":"% % Soigner en P\u00e9rigord regroupe toutes les annonces de remplacement, collaboration, association, succession, stage, locaux professionnels et h\u00e9bergements des professions m\u00e9dicales en Dordogne.","robots":{"index":"index","follow":"follow","max-snippet":"max-snippet:-1","max-image-preview":"max-image-preview:large","max-video-preview":"max-video-preview:-1"},"canonical":"https:\/\/soignerenperigord.fr\/","og_locale":"fr_FR","og_type":"article","og_title":"% Soigner en P\u00e9rigord - Annonces m\u00e9dicales - Remplacement - aide \u00e0 l\u2019installation - local professionnel","og_description":"% % Soigner en P\u00e9rigord regroupe toutes les annonces de remplacement, collaboration, association, succession, stage, locaux professionnels et h\u00e9bergements des professions m\u00e9dicales en Dordogne.","og_url":"https:\/\/soignerenperigord.fr\/","og_site_name":"SoignerEnPerigord","article_modified_time":"2026-08-25T05:41:08+00:00","twitter_card":"summary_large_image","twitter_misc":{"Est. reading time":"10 minutes"},"schema":{"@context":"https:\/\/schema.org","@graph":[{"@type":"WebPage","@id":"https:\/\/soignerenperigord.fr\/","url":"https:\/\/soignerenperigord.fr\/","name":"% Soigner en P\u00e9rigord - Annonces m\u00e9dicales - Remplacement - aide \u00e0 l\u2019installation - local professionnel","isPartOf":{"@id":"https:\/\/soignerenperigord.fr\/#website"},"datePublished":"2019-04-01T12:15:07+00:00","dateModified":"2026-08-25T05:41:08+00:00","description":"% % Soigner en P\u00e9rigord regroupe toutes les annonces de remplacement, collaboration, association, succession, stage, locaux professionnels et h\u00e9bergements des professions m\u00e9dicales en Dordogne.","breadcrumb":{"@id":"https:\/\/soignerenperigord.fr\/#breadcrumb"},"inLanguage":"fr-FR","potentialAction":[{"@type":"ReadAction","target":["https:\/\/soignerenperigord.fr\/"]}]},{"@type":"BreadcrumbList","@id":"https:\/\/soignerenperigord.fr\/#breadcrumb","itemListElement":[{"@type":"ListItem","position":1,"name":"Home","item":"https:\/\/soignerenperigord.fr\/?page_id=1809"},{"@type":"ListItem","position":2,"name":"Homepage"}]},{"@type":"WebSite","@id":"https:\/\/soignerenperigord.fr\/#website","url":"https:\/\/soignerenperigord.fr\/","name":"SoignerEnPerigord","description":"Un site utilisant WordPress","potentialAction":[{"@type":"SearchAction","target":{"@type":"EntryPoint","urlTemplate":"https:\/\/soignerenperigord.fr\/?s={search_term_string}"},"query-input":"required name=search_term_string"}],"inLanguage":"fr-FR"}]}},"_links":{"self":[{"href":"https:\/\/soignerenperigord.fr\/index.php?rest_route=\/wp\/v2\/pages\/1809"}],"collection":[{"href":"https:\/\/soignerenperigord.fr\/index.php?rest_route=\/wp\/v2\/pages"}],"about":[{"href":"https:\/\/soignerenperigord.fr\/index.php?rest_route=\/wp\/v2\/types\/page"}],"author":[{"embeddable":true,"href":"https:\/\/soignerenperigord.fr\/index.php?rest_route=\/wp\/v2\/users\/1"}],"replies":[{"embeddable":true,"href":"https:\/\/soignerenperigord.fr\/index.php?rest_route=%2Fwp%2Fv2%2Fcomments&post=1809"}],"version-history":[{"count":25,"href":"https:\/\/soignerenperigord.fr\/index.php?rest_route=\/wp\/v2\/pages\/1809\/revisions"}],"predecessor-version":[{"id":16453,"href":"https:\/\/soignerenperigord.fr\/index.php?rest_route=\/wp\/v2\/pages\/1809\/revisions\/16453"}],"wp:attachment":[{"href":"https:\/\/soignerenperigord.fr\/index.php?rest_route=%2Fwp%2Fv2%2Fmedia&parent=1809"}],"curies":[{"name":"wp","href":"https:\/\/api.w.org\/{rel}","templated":true}]}}