{"id":1270,"date":"2019-03-25T16:54:49","date_gmt":"2019-03-25T15:54:49","guid":{"rendered":"https:\/\/soignerenperigord.dordogne.fr\/?page_id=1270"},"modified":"2026-08-17T09:45:19","modified_gmt":"2026-08-17T07:45:19","slug":"sinstaller","status":"publish","type":"page","link":"https:\/\/soignerenperigord.fr\/?page_id=1270","title":{"rendered":"S&#8217;installer"},"content":{"rendered":"<p><div id='av_section_1'  class='avia-section av-jt5uk2ev-fd64a8e7d873710bbccbf9e0e3e5e58b main_color avia-section-default avia-no-border-styling  avia-builder-el-0  el_before_av_section  avia-builder-el-first  avia-bg-style-scroll container_wrap sidebar_right'  ><div class='container av-section-cont-open' ><main  role=\"main\" itemprop=\"mainContentOfPage\"  class='template-page content  av-content-small alpha units'><div class='post-entry post-entry-type-page post-entry-1270'><div class='entry-content-wrapper clearfix'>\n\n<style type=\"text\/css\" data-created_by=\"avia_inline_auto\" id=\"style-css-av-1jj42a-51e1fbcca5d00870bab08cd27f95ac1e\">\n.flex_column.av-1jj42a-51e1fbcca5d00870bab08cd27f95ac1e{\n-webkit-border-radius:0px 0px 0px 0px;\n-moz-border-radius:0px 0px 0px 0px;\nborder-radius:0px 0px 0px 0px;\npadding:0px 0px 0px 0px;\n}\n<\/style>\n<div class='flex_column av-1jj42a-51e1fbcca5d00870bab08cd27f95ac1e av_one_full  avia-builder-el-1  el_before_av_one_full  avia-builder-el-first  first flex_column_div av-zero-column-padding '     ><style type=\"text\/css\" data-created_by=\"avia_inline_auto\" id=\"style-css-av-20i0i52-8c16ae45b29e2273964b1b1ec03566be\">\n#top .av-special-heading.av-20i0i52-8c16ae45b29e2273964b1b1ec03566be{\npadding-bottom:10px;\nfont-size:3vw;\n}\nbody .av-special-heading.av-20i0i52-8c16ae45b29e2273964b1b1ec03566be .av-special-heading-tag .heading-char{\nfont-size:25px;\n}\n#top #wrap_all .av-special-heading.av-20i0i52-8c16ae45b29e2273964b1b1ec03566be .av-special-heading-tag{\nfont-size:3vw;\n}\n.av-special-heading.av-20i0i52-8c16ae45b29e2273964b1b1ec03566be .av-subheading{\nfont-size:15px;\n}\n\n@media only screen and (min-width: 480px) and (max-width: 767px){ \n#top #wrap_all .av-special-heading.av-20i0i52-8c16ae45b29e2273964b1b1ec03566be .av-special-heading-tag{\nfont-size:0.8em;\n}\n}\n\n@media only screen and (max-width: 479px){ \n#top #wrap_all .av-special-heading.av-20i0i52-8c16ae45b29e2273964b1b1ec03566be .av-special-heading-tag{\nfont-size:0.8em;\n}\n}\n<\/style>\n<div  class='av-special-heading av-20i0i52-8c16ae45b29e2273964b1b1ec03566be av-special-heading-h1 blockquote modern-quote modern-centered  avia-builder-el-2  avia-builder-el-no-sibling  av-inherit-size'><h1 class='av-special-heading-tag'  itemprop=\"headline\"  >S\u2019installer en Dordogne<\/h1><div class=\"special-heading-border\"><div class=\"special-heading-inner-border\"><\/div><\/div><\/div><\/div>\n<style type=\"text\/css\" data-created_by=\"avia_inline_auto\" id=\"style-css-av-1dgq6i-4392de833b48a3a67458154c12da55f4\">\n.flex_column.av-1dgq6i-4392de833b48a3a67458154c12da55f4{\n-webkit-border-radius:0px 0px 0px 0px;\n-moz-border-radius:0px 0px 0px 0px;\nborder-radius:0px 0px 0px 0px;\npadding:0px 0px 0px 0px;\n}\n<\/style>\n<div class='flex_column av-1dgq6i-4392de833b48a3a67458154c12da55f4 av_one_full  avia-builder-el-3  el_after_av_one_full  el_before_av_hr  first flex_column_div av-zero-column-padding column-top-margin'     ><style type=\"text\/css\" data-created_by=\"avia_inline_auto\" id=\"style-css-av-jt60ttfw-8316a577e0da99ef83eb1f5e0b0ecf40\">\n.avia-image-container.av-jt60ttfw-8316a577e0da99ef83eb1f5e0b0ecf40 img.avia_image{\nbox-shadow:none;\n}\n.avia-image-container.av-jt60ttfw-8316a577e0da99ef83eb1f5e0b0ecf40 .av-image-caption-overlay-center{\ncolor:#ffffff;\n}\n<\/style>\n<div  class='avia-image-container av-jt60ttfw-8316a577e0da99ef83eb1f5e0b0ecf40 av-styling- av-hover-grow avia-align-center  avia-builder-el-4  avia-builder-el-no-sibling '   itemprop=\"image\" itemscope=\"itemscope\" itemtype=\"https:\/\/schema.org\/ImageObject\" ><div class=\"avia-image-container-inner\"><div class=\"avia-image-overlay-wrap\"><img decoding=\"async\" class='wp-image-1367 avia-img-lazy-loading-not-1367 avia_image ' src=\"https:\/\/soignerenperigord.fr\/wp-content\/uploads\/2019\/03\/projet-installation-medecin-dordogne-perigord-MSP.png\" alt='projet-installation-medecin-dentiste-dordogne-perigord-MSP' title='projet-installation-medecin-dordogne-perigord-MSP'  height=\"615\" width=\"1040\"  itemprop=\"thumbnailUrl\" srcset=\"https:\/\/soignerenperigord.fr\/wp-content\/uploads\/2019\/03\/projet-installation-medecin-dordogne-perigord-MSP.png 1040w, https:\/\/soignerenperigord.fr\/wp-content\/uploads\/2019\/03\/projet-installation-medecin-dordogne-perigord-MSP-300x177.png 300w, https:\/\/soignerenperigord.fr\/wp-content\/uploads\/2019\/03\/projet-installation-medecin-dordogne-perigord-MSP-768x454.png 768w, https:\/\/soignerenperigord.fr\/wp-content\/uploads\/2019\/03\/projet-installation-medecin-dordogne-perigord-MSP-1030x609.png 1030w, https:\/\/soignerenperigord.fr\/wp-content\/uploads\/2019\/03\/projet-installation-medecin-dordogne-perigord-MSP-705x417.png 705w, https:\/\/soignerenperigord.fr\/wp-content\/uploads\/2019\/03\/projet-installation-medecin-dordogne-perigord-MSP-450x266.png 450w\" sizes=\"(max-width: 1040px) 100vw, 1040px\" \/><\/div><\/div><\/div><\/div>\n<style type=\"text\/css\" data-created_by=\"avia_inline_auto\" id=\"style-css-av-jtyilemo-f573bb39ac80c2c5101e0887c16a7bcd\">\n#top .hr.hr-invisible.av-jtyilemo-f573bb39ac80c2c5101e0887c16a7bcd{\nheight:40px;\n}\n<\/style>\n<div  class='hr av-jtyilemo-f573bb39ac80c2c5101e0887c16a7bcd hr-invisible  avia-builder-el-5  el_after_av_one_full  avia-builder-el-last '><span class='hr-inner '><span class=\"hr-inner-style\"><\/span><\/span><\/div>\n<br \/>\n<\/div><\/div><\/main><!-- close content main element --><\/div><\/div><div id='av_section_2'  class='avia-section av-2cdl3e-32b02742e02f88934e8d8963cd0fbc60 alternate_color avia-section-default avia-no-border-styling  avia-builder-el-6  el_after_av_section  el_before_av_section  avia-bg-style-scroll container_wrap sidebar_right'  ><div class='container av-section-cont-open' ><div class='template-page content  av-content-small alpha units'><div class='post-entry post-entry-type-page post-entry-1270'><div class='entry-content-wrapper clearfix'>\n\n<style type=\"text\/css\" data-created_by=\"avia_inline_auto\" id=\"style-css-av-11rhye-f157f6bb27319695b7a3b59202eb9917\">\n.flex_column.av-11rhye-f157f6bb27319695b7a3b59202eb9917{\n-webkit-border-radius:0px 0px 0px 0px;\n-moz-border-radius:0px 0px 0px 0px;\nborder-radius:0px 0px 0px 0px;\npadding:0px 0px 0px 0px;\n}\n<\/style>\n<div class='flex_column av-11rhye-f157f6bb27319695b7a3b59202eb9917 av_two_fifth first flex_column_div av-zero-column-padding '     ><p>\n<style type=\"text\/css\" data-created_by=\"avia_inline_auto\" id=\"style-css-av-jtoj9bvb-b7430f58e1dbd75f2024aa253bb38fcd\">\n#top .av-special-heading.av-jtoj9bvb-b7430f58e1dbd75f2024aa253bb38fcd{\npadding-bottom:10px;\nfont-size:45px;\n}\nbody .av-special-heading.av-jtoj9bvb-b7430f58e1dbd75f2024aa253bb38fcd .av-special-heading-tag .heading-char{\nfont-size:25px;\n}\n#top #wrap_all .av-special-heading.av-jtoj9bvb-b7430f58e1dbd75f2024aa253bb38fcd .av-special-heading-tag{\nfont-size:45px;\n}\n.av-special-heading.av-jtoj9bvb-b7430f58e1dbd75f2024aa253bb38fcd .av-subheading{\nfont-size:15px;\n}\n\n@media only screen and (min-width: 480px) and (max-width: 767px){ \n#top #wrap_all .av-special-heading.av-jtoj9bvb-b7430f58e1dbd75f2024aa253bb38fcd .av-special-heading-tag{\nfont-size:0.8em;\n}\n}\n\n@media only screen and (max-width: 479px){ \n#top #wrap_all .av-special-heading.av-jtoj9bvb-b7430f58e1dbd75f2024aa253bb38fcd .av-special-heading-tag{\nfont-size:0.8em;\n}\n}\n<\/style>\n<div  class='av-special-heading av-jtoj9bvb-b7430f58e1dbd75f2024aa253bb38fcd av-special-heading-h2 blockquote modern-quote av-inherit-size'><h2 class='av-special-heading-tag'  itemprop=\"headline\"  >O\u00f9 s\u2019installer en Dordogne ?<\/h2><div class=\"special-heading-border\"><div class=\"special-heading-inner-border\"><\/div><\/div><\/div><br \/>\n<section  class='av_textblock_section av-jt5vybbq-f52afa904cb78474f5fc91ac88f61df9'  itemscope=\"itemscope\" itemtype=\"https:\/\/schema.org\/CreativeWork\" ><div class='avia_textblock'  itemprop=\"text\" ><p>Afin de cibler votre lieu d&#8217;installation, il est primordial de disposer de chiffres d\u00e9taill\u00e9s sur l&#8217;offre et la consommation de soins. Ces informations relatives \u00e0 la d\u00e9mographie m\u00e9dicale vous permettront de r\u00e9pondre \u00e0 vos questions telles que :<\/p>\n<ul>\n<li><em>Combien de m\u00e9decins g\u00e9n\u00e9ralistes exercent en Dordogne ? La densit\u00e9 y est-elle plus faible ou plus \u00e9lev\u00e9e que la moyenne r\u00e9gionale ?<\/em><\/li>\n<li><em>Le nombre de chirurgiens-dentistes a-t-il augment\u00e9 entre 2009 et 2018 \u00e0 P\u00e9rigueux ?<\/em><\/li>\n<li><em>Quelles sont les communes de Dordogne o\u00f9 la densit\u00e9 de masseurs-kin\u00e9s est la plus \u00e9lev\u00e9e ?<\/em><\/li>\n<li><em>Combien de personnes vivent \u00e0 30 minutes autour de Bergerac ?<\/em><\/li>\n<\/ul>\n<p>Vous souhaitez r\u00e9aliser une \u00e9tude de march\u00e9 en vue de votre installation ? Nous vous conseillons l&#8217;outil cartographique <a title=\"(Nouvelle fen\u00eatre)\" href=\"https:\/\/cartosante.atlasante.fr\/#bbox=403977,6531501,230134,159886&#038;c=indicator&#038;selcodgeo=24&#038;view=map5\" target=\"_blank\" rel=\"noopener noreferrer\"><strong>C@rtoSant\u00e9<\/strong><\/a> permettant d&#8217;analyser l&#8217;offre et la demande de soins de premier recours sur l&#8217;ensemble des communes de la Dordogne.<\/p>\n<\/div><\/section><\/p><\/div>\n<style type=\"text\/css\" data-created_by=\"avia_inline_auto\" id=\"style-css-av-188p0m-df20bc78c1af71fe96068207cfeed282\">\n.flex_column.av-188p0m-df20bc78c1af71fe96068207cfeed282{\n-webkit-border-radius:0px 0px 0px 0px;\n-moz-border-radius:0px 0px 0px 0px;\nborder-radius:0px 0px 0px 0px;\npadding:0px 0px 0px 0px;\n}\n<\/style>\n<div class='flex_column av-188p0m-df20bc78c1af71fe96068207cfeed282 av_three_fifth flex_column_div av-zero-column-padding '     ><p>\n<style type=\"text\/css\" data-created_by=\"avia_inline_auto\" id=\"style-css-av-jt7b3szv-9733b4875b7a286fee92f156576903f2\">\n.avia-image-container.av-jt7b3szv-9733b4875b7a286fee92f156576903f2 img.avia_image{\nbox-shadow:none;\n}\n.avia-image-container.av-jt7b3szv-9733b4875b7a286fee92f156576903f2 .av-image-caption-overlay-center{\ncolor:#ffffff;\n}\n<\/style>\n<div  class='avia-image-container av-jt7b3szv-9733b4875b7a286fee92f156576903f2 av-styling- avia-align-center'   itemprop=\"image\" itemscope=\"itemscope\" itemtype=\"https:\/\/schema.org\/ImageObject\" ><div class=\"avia-image-container-inner\"><div class=\"avia-image-overlay-wrap\"><img decoding=\"async\" class='wp-image-783 avia-img-lazy-loading-not-783 avia_image ' src=\"https:\/\/soignerenperigord.fr\/wp-content\/uploads\/2019\/03\/Carte-stage.png\" alt='' title='Carte-stage'  height=\"440\" width=\"700\"  itemprop=\"thumbnailUrl\" srcset=\"https:\/\/soignerenperigord.fr\/wp-content\/uploads\/2019\/03\/Carte-stage.png 700w, https:\/\/soignerenperigord.fr\/wp-content\/uploads\/2019\/03\/Carte-stage-300x189.png 300w, https:\/\/soignerenperigord.fr\/wp-content\/uploads\/2019\/03\/Carte-stage-450x283.png 450w\" sizes=\"(max-width: 700px) 100vw, 700px\" \/><\/div><\/div><\/div><br \/>\n<section  class='av_textblock_section av-jt5vybbq-f52afa904cb78474f5fc91ac88f61df9'  itemscope=\"itemscope\" itemtype=\"https:\/\/schema.org\/CreativeWork\" ><div class='avia_textblock'  itemprop=\"text\" ><p>\n<style type=\"text\/css\" data-created_by=\"avia_inline_auto\" id=\"style-css-av-ijr6e-779fdead8fec31a8283af5b56eb3821b\">\n.av_font_icon.av-ijr6e-779fdead8fec31a8283af5b56eb3821b{\ncolor:#51becb;\nborder-color:#51becb;\n}\n.av_font_icon.av-ijr6e-779fdead8fec31a8283af5b56eb3821b .av-icon-char{\nfont-size:20px;\nline-height:20px;\n}\n<\/style>\n<span  class='av_font_icon av-ijr6e-779fdead8fec31a8283af5b56eb3821b avia_animate_when_visible av-icon-style- avia-icon-pos-left'><span class='av-icon-char' aria-hidden='true' data-av_icon='\ue8b1' data-av_iconfont='entypo-fontello' ><\/span><\/span><span data-contrast=\"none\"><span style=\"text-decoration: underline; color: #51becb;\"><strong><a style=\"color: #51becb; text-decoration: underline;\" href=\"http:\/\/cartosante.atlasante.fr\/#bbox=378225,6531501,281640,159886&#038;c=indicator&#038;selcodgeo=24&#038;view=map5\" target=\"_blank\" rel=\"noopener noreferrer\">Plus de cartes sur le site web C@rto Sant\u00e9, l&#8217;outil cartographique pour r\u00e9aliser vos \u00e9tudes d&#8217;implantation<\/a><\/strong><\/span><\/span><\/p>\n<\/div><\/section><\/p><\/div>\n<br \/>\n<\/div><\/div><\/div><!-- close content main div --><\/div><\/div><div id='av_section_3'  class='avia-section av-2cdl3e-dacf014eb3add5525c120ecc3edcd93e main_color avia-section-default avia-no-border-styling avia-bg-style-scroll container_wrap sidebar_right'  ><div class='container av-section-cont-open' ><div class='template-page content  av-content-small alpha units'><div class='post-entry post-entry-type-page post-entry-1270'><div class='entry-content-wrapper clearfix'>\n\n<style type=\"text\/css\" data-created_by=\"avia_inline_auto\" id=\"style-css-av-296nqy-8a94d007904452b1c3d9dbb6258d5ccd\">\n.flex_column.av-296nqy-8a94d007904452b1c3d9dbb6258d5ccd{\n-webkit-border-radius:0px 0px 0px 0px;\n-moz-border-radius:0px 0px 0px 0px;\nborder-radius:0px 0px 0px 0px;\npadding:0px 0px 0px 0px;\n}\n<\/style>\n<div class='flex_column av-296nqy-8a94d007904452b1c3d9dbb6258d5ccd av_one_third  avia-builder-el-7  el_before_av_two_third  avia-builder-el-first  first flex_column_div av-zero-column-padding '     ><style type=\"text\/css\" data-created_by=\"avia_inline_auto\" id=\"style-css-av-b7whrq-64ce70058fa8907e13ee0b086c1a7084\">\n#top .av-special-heading.av-b7whrq-64ce70058fa8907e13ee0b086c1a7084{\npadding-bottom:10px;\nfont-size:45px;\n}\nbody .av-special-heading.av-b7whrq-64ce70058fa8907e13ee0b086c1a7084 .av-special-heading-tag .heading-char{\nfont-size:25px;\n}\n#top #wrap_all .av-special-heading.av-b7whrq-64ce70058fa8907e13ee0b086c1a7084 .av-special-heading-tag{\nfont-size:45px;\n}\n.av-special-heading.av-b7whrq-64ce70058fa8907e13ee0b086c1a7084 .av-subheading{\nfont-size:15px;\n}\n\n@media only screen and (min-width: 480px) and (max-width: 767px){ \n#top #wrap_all .av-special-heading.av-b7whrq-64ce70058fa8907e13ee0b086c1a7084 .av-special-heading-tag{\nfont-size:0.8em;\n}\n}\n\n@media only screen and (max-width: 479px){ \n#top #wrap_all .av-special-heading.av-b7whrq-64ce70058fa8907e13ee0b086c1a7084 .av-special-heading-tag{\nfont-size:0.8em;\n}\n}\n<\/style>\n<div  class='av-special-heading av-b7whrq-64ce70058fa8907e13ee0b086c1a7084 av-special-heading-h2 blockquote modern-quote  avia-builder-el-8  el_before_av_textblock  avia-builder-el-first  av-inherit-size'><h2 class='av-special-heading-tag'  itemprop=\"headline\"  >Le parcours d\u2019installation<\/h2><div class=\"special-heading-border\"><div class=\"special-heading-inner-border\"><\/div><\/div><\/div><\/div>\n<style type=\"text\/css\" data-created_by=\"avia_inline_auto\" id=\"style-css-av-12k5gq-ebfdd70256b0d8df0dffa9051d59755e\">\n.flex_column.av-12k5gq-ebfdd70256b0d8df0dffa9051d59755e{\n-webkit-border-radius:0px 0px 0px 0px;\n-moz-border-radius:0px 0px 0px 0px;\nborder-radius:0px 0px 0px 0px;\npadding:0px 0px 0px 0px;\n}\n<\/style>\n<div class='flex_column av-12k5gq-ebfdd70256b0d8df0dffa9051d59755e av_two_third flex_column_div av-zero-column-padding '     ><style type=\"text\/css\" data-created_by=\"avia_inline_auto\" id=\"style-css-av-jt5vybbq-6b72cdf3ac76df867b35a85dc0b581ce\">\n#top .av_textblock_section.av-jt5vybbq-6b72cdf3ac76df867b35a85dc0b581ce .avia_textblock{\nfont-size:17px;\n}\n<\/style>\n<section  class='av_textblock_section av-jt5vybbq-6b72cdf3ac76df867b35a85dc0b581ce'  itemscope=\"itemscope\" itemtype=\"https:\/\/schema.org\/CreativeWork\" ><div class='avia_textblock'  itemprop=\"text\" ><p>Retrouvez les informations sur les d\u00e9marches et les formalit\u00e9s \u00e0 effectuer lors de votre installation. Une infographie vous pr\u00e9sente les diff\u00e9rentes \u00e9tapes que vous devez effectuer\u00a0dans votre parcours administratif.<\/p>\n<\/div><\/section><\/div>\n<\/div><\/div><\/div><!-- close content main div --><\/div><\/div><div id='after_section_3'  class='main_color av_default_container_wrap container_wrap sidebar_right'  ><div class='container av-section-cont-open' ><div class='template-page content  av-content-small alpha units'><div class='post-entry post-entry-type-page post-entry-1270'><div class='entry-content-wrapper clearfix'><br \/>\n\n<style type=\"text\/css\" data-created_by=\"avia_inline_auto\" id=\"style-css-av-jt5ya1wb-1429bfb13923553c06f9841c622a540f\">\n.av-tab-section-outer-container.av-jt5ya1wb-1429bfb13923553c06f9841c622a540f .av-tab-section-tab-title-container{\nbackground-color:#ffffff;\n}\n#top .av-tab-section-outer-container.av-jt5ya1wb-1429bfb13923553c06f9841c622a540f .av-section-tab-title{\ncolor:#238388;\n}\n<\/style>\n<\/div><\/div><\/div><!-- close content main div --><\/div><\/div><div id='av-tab-section-1'  class='av-tab-section-container entry-content-wrapper main_color av-tab-slide-transition av-tab-content-auto  av-tab-above-content  container_wrap sidebar_right'  ><div class='av-tab-section-outer-container av-jt5ya1wb-1429bfb13923553c06f9841c622a540f'><div class='av-tab-section-tab-title-container avia-tab-title-padding-default av-custom-tab-color' role='tablist'><a href='#mdecin' data-av-tab-section-title='1' class='av-section-tab-title av-active-tab-title no-scroll av-jt5xh6y5-d0e588208ee8c754f0f321b09545cb9f av-tab-no-icon av-tab-with-image noHover ' role='tab' tabindex='0' aria-controls='av-tab-section-1-1'><span class='av-tab-section-image' style='background-image: url(https:\/\/soignerenperigord.fr\/wp-content\/uploads\/2019\/03\/etudes-medecine.png);'><\/span><span class='av-outer-tab-title'><span class='av-inner-tab-title'>M\u00e9decin<\/span><\/span><span class=\"av-tab-arrow-container\"><span><\/span><\/span><\/a><a href='#chirurgien-dentiste' data-av-tab-section-title='2' class='av-section-tab-title  av-jt5xl4sn-ae649e848a98d6682e9620ad504eedce av-tab-no-icon av-tab-with-image noHover ' role='tab' tabindex='0' aria-controls='av-tab-section-1-2'><span class='av-tab-section-image' style='background-image: url(https:\/\/soignerenperigord.fr\/wp-content\/uploads\/2019\/03\/etudes-medicales.png);'><\/span><span class='av-outer-tab-title'><span class='av-inner-tab-title'>Chirurgien-dentiste<\/span><\/span><span class=\"av-tab-arrow-container\"><span><\/span><\/span><\/a><a href='#masseur-kinsithrapeute' data-av-tab-section-title='3' class='av-section-tab-title  av-jt5xk2g8-fe71d957fc41d7fcde64a4e28ad98d2b av-tab-no-icon av-tab-with-image noHover ' role='tab' tabindex='0' aria-controls='av-tab-section-1-3'><span class='av-tab-section-image' style='background-image: url(https:\/\/soignerenperigord.fr\/wp-content\/uploads\/2019\/03\/etudes-kine-ostheo.png);'><\/span><span class='av-outer-tab-title'><span class='av-inner-tab-title'>Masseur-kin\u00e9sith\u00e9rapeute<\/span><\/span><span class=\"av-tab-arrow-container\"><span><\/span><\/span><\/a><a href='#infirmier' data-av-tab-section-title='4' class='av-section-tab-title  av-jt5xidgd-67a2ff444437590dec6dca5962e1d147 av-tab-no-icon av-tab-with-image noHover ' role='tab' tabindex='0' aria-controls='av-tab-section-1-4'><span class='av-tab-section-image' style='background-image: url(https:\/\/soignerenperigord.fr\/wp-content\/uploads\/2019\/03\/etudes-soins-infirmiers.png);'><\/span><span class='av-outer-tab-title'><span class='av-inner-tab-title'>Infirmier<\/span><\/span><span class=\"av-tab-arrow-container\"><span><\/span><\/span><\/a><\/div><div class='avia-slideshow-arrows av-tabsection-arrow' ><a href='#prev' class='prev-slide av_prev_tab_section av-tab-section-slide' aria-hidden='true' data-av_icon='\ue87c' data-av_iconfont='entypo-fontello'  tabindex='-1'>Pr\u00e9c\u00e9dent<\/a><a href='#next' class='next-slide av_next_tab_section av-tab-section-slide' aria-hidden='true' data-av_icon='\ue87d' data-av_iconfont='entypo-fontello'  tabindex='-1'>Suivant<\/a><\/div><div class='av-tab-section-inner-container avia-section-default' style='width:400vw; left:0%;'><span class=\"av_prev_tab_section av_tab_navigation\"><\/span><span class=\"av_next_tab_section av_tab_navigation\"><\/span>\n\n<style type=\"text\/css\" data-created_by=\"avia_inline_auto\" id=\"style-css-av-jt5xh6y5-d0e588208ee8c754f0f321b09545cb9f\">\n.av-layout-tab.av-jt5xh6y5-d0e588208ee8c754f0f321b09545cb9f{\nvertical-align:top;\nbackground-color:#f8f8f8;\n}\n#top .av-tab-section-outer-container.av-jt5ya1wb-1429bfb13923553c06f9841c622a540f .av-active-tab-title.av-section-tab-title.av-jt5xh6y5-d0e588208ee8c754f0f321b09545cb9f{\ncolor:#51becb;\n}\n#top .av-tab-section-outer-container.av-jt5ya1wb-1429bfb13923553c06f9841c622a540f .av-active-tab-title.av-section-tab-title.av-jt5xh6y5-d0e588208ee8c754f0f321b09545cb9f .av-tab-arrow-container span{\nbackground-color:#f8f8f8;\n}\n<\/style>\n<div id='av-tab-section-1-1' class='av-layout-tab av-jt5xh6y5-d0e588208ee8c754f0f321b09545cb9f av-animation-delay-container av-active-tab-content __av_init_open ' data-av-deeplink-tabs=\"\" data-av-tab-section-content=\"1\" data-tab-section-id=\"mdecin\"><div class=\"av-layout-tab-inner\"><div class=\"container\"><p>\n<style type=\"text\/css\" data-created_by=\"avia_inline_auto\" id=\"style-css-av-weyi2-0615eb989164fa3c9e907b3e228733c0\">\n.flex_column.av-weyi2-0615eb989164fa3c9e907b3e228733c0{\n-webkit-border-radius:0px 0px 0px 0px;\n-moz-border-radius:0px 0px 0px 0px;\nborder-radius:0px 0px 0px 0px;\npadding:0px 0px 0px 0px;\n}\n<\/style>\n<div class='flex_column av-weyi2-0615eb989164fa3c9e907b3e228733c0 av_one_full first flex_column_div av-zero-column-padding '     ><style type=\"text\/css\" data-created_by=\"avia_inline_auto\" id=\"style-css-sub-av-jto7jm9f-1eb4a28208a9574ca06f396110e90042\">\n.av-hotspot-image-container .av-image-hotspot.av-1x84od2-68b51a0cf5f0ef1dff56d144b0f1f948{\ntop:49.5%;\nleft:10.2%;\n}\n.av-hotspot-image-container .av-image-hotspot.av-1x84od2-68b51a0cf5f0ef1dff56d144b0f1f948 .av-image-hotspot_inner{\nbackground-color:#0f8389;\ncolor:#ffffff;\n}\n.av-hotspot-image-container .av-image-hotspot.av-1x84od2-68b51a0cf5f0ef1dff56d144b0f1f948 .av-image-hotspot-pulse{\nbackground-color:#ffffff;\n}\n.av-hotspot-image-container .av-image-hotspot.av-1uho0c6-bc031210c6d5f86efe6a76a9e659339c{\ntop:49.5%;\nleft:24.3%;\n}\n.av-hotspot-image-container .av-image-hotspot.av-1uho0c6-bc031210c6d5f86efe6a76a9e659339c .av-image-hotspot_inner{\nbackground-color:#0f8389;\ncolor:#ffffff;\n}\n.av-hotspot-image-container .av-image-hotspot.av-1uho0c6-bc031210c6d5f86efe6a76a9e659339c .av-image-hotspot-pulse{\nbackground-color:#ffffff;\n}\n.av-hotspot-image-container .av-image-hotspot.av-1u20qk6-178f0b7775677ccb5c4c309f49e6c38a{\ntop:49.5%;\nleft:35.9%;\n}\n.av-hotspot-image-container .av-image-hotspot.av-1u20qk6-178f0b7775677ccb5c4c309f49e6c38a .av-image-hotspot_inner{\nbackground-color:#0f8389;\ncolor:#ffffff;\n}\n.av-hotspot-image-container .av-image-hotspot.av-1u20qk6-178f0b7775677ccb5c4c309f49e6c38a .av-image-hotspot-pulse{\nbackground-color:#ffffff;\n}\n.av-hotspot-image-container .av-image-hotspot.av-1s3nqae-44185767bf69e3ff7b15407413cd5dca{\ntop:49.5%;\nleft:47.3%;\n}\n.av-hotspot-image-container .av-image-hotspot.av-1s3nqae-44185767bf69e3ff7b15407413cd5dca .av-image-hotspot_inner{\nbackground-color:#0f8389;\ncolor:#ffffff;\n}\n.av-hotspot-image-container .av-image-hotspot.av-1s3nqae-44185767bf69e3ff7b15407413cd5dca .av-image-hotspot-pulse{\nbackground-color:#ffffff;\n}\n.av-hotspot-image-container .av-image-hotspot.av-1qi8gzq-2552bd5928c7f20cc48c0f1ab6856b02{\ntop:50%;\nleft:58.5%;\n}\n.av-hotspot-image-container .av-image-hotspot.av-1qi8gzq-2552bd5928c7f20cc48c0f1ab6856b02 .av-image-hotspot_inner{\nbackground-color:#238388;\ncolor:#ffffff;\n}\n.av-hotspot-image-container .av-image-hotspot.av-1qi8gzq-2552bd5928c7f20cc48c0f1ab6856b02 .av-image-hotspot-pulse{\nbackground-color:#ffffff;\n}\n.av-hotspot-image-container .av-image-hotspot.av-1ns8b3q-5c827b86877ce6bcd072de76fb48d999{\ntop:50%;\nleft:89.5%;\n}\n.av-hotspot-image-container .av-image-hotspot.av-1ns8b3q-5c827b86877ce6bcd072de76fb48d999 .av-image-hotspot_inner{\nbackground-color:#238388;\ncolor:#ffffff;\n}\n.av-hotspot-image-container .av-image-hotspot.av-1ns8b3q-5c827b86877ce6bcd072de76fb48d999 .av-image-hotspot-pulse{\nbackground-color:#ffffff;\n}\n<\/style>\n<div  class='av-hotspot-image-container av-jto7jm9f-1eb4a28208a9574ca06f396110e90042 av-hotspot-numbered av-mobile-fallback-active  av-non-fullwidth-hotspot-image'  itemprop=\"image\" itemscope=\"itemscope\" itemtype=\"https:\/\/schema.org\/ImageObject\" ><div class='av-hotspot-container'><div class='av-hotspot-container-inner-cell'><div class='av-hotspot-container-inner-wrap'><div class='av-image-hotspot av-1x84od2-68b51a0cf5f0ef1dff56d144b0f1f948 av-image-hotspot-1 ' data-avia-tooltip-position='left' data-avia-tooltip-alignment='top' data-avia-tooltip-class='av-tt-default-width av-tt-pos-left av-tt-align-top  av-mobile-fallback-active  main_color av-tooltip-shadow av-tt-hotspot' data-avia-tooltip='&lt;p&gt;Inscription \u00e0 l&#8217;ordre des m\u00e9decins&lt;\/p&gt;\n'><a href=https:\/\/soignerenperigord.dordogne.fr\/?page_id=1270#toggle-id-1  class='av-image-hotspot_inner'>1<\/a><div class='av-image-hotspot-pulse'><\/div><\/div><div class='av-image-hotspot av-1uho0c6-bc031210c6d5f86efe6a76a9e659339c av-image-hotspot-2 ' data-avia-tooltip-position='left' data-avia-tooltip-alignment='top' data-avia-tooltip-class='av-tt-default-width av-tt-pos-left av-tt-align-top  av-mobile-fallback-active  main_color av-tooltip-shadow av-tt-hotspot' data-avia-tooltip='&lt;p&gt;Enregistrement aupr\u00e8s de l&#8217;Assurance Maladie&lt;\/p&gt;\n'><a href=https:\/\/soignerenperigord.dordogne.fr\/?page_id=1270#toggle-id-2  class='av-image-hotspot_inner'>2<\/a><div class='av-image-hotspot-pulse'><\/div><\/div><div class='av-image-hotspot av-1u20qk6-178f0b7775677ccb5c4c309f49e6c38a av-image-hotspot-3 ' data-avia-tooltip-position='left' data-avia-tooltip-alignment='top' data-avia-tooltip-class='av-tt-default-width av-tt-pos-left av-tt-align-top  av-mobile-fallback-active  main_color av-tooltip-shadow av-tt-hotspot' data-avia-tooltip='&lt;p&gt;D\u00e9claration de d\u00e9but d&#8217;activit\u00e9 adress\u00e9e \u00e0 l&#8217;URSSAF&lt;\/p&gt;\n'><a href=https:\/\/soignerenperigord.dordogne.fr\/?page_id=1270#toggle-id-3  class='av-image-hotspot_inner'>3<\/a><div class='av-image-hotspot-pulse'><\/div><\/div><div class='av-image-hotspot av-1s3nqae-44185767bf69e3ff7b15407413cd5dca av-image-hotspot-4 ' data-avia-tooltip-position='left' data-avia-tooltip-alignment='top' data-avia-tooltip-class='av-tt-default-width av-tt-pos-left av-tt-align-top  av-mobile-fallback-active  main_color av-tooltip-shadow av-tt-hotspot' data-avia-tooltip='&lt;p&gt;Adh\u00e9rer \u00e0 la CARMF&lt;\/p&gt;\n'><a href=https:\/\/soignerenperigord.dordogne.fr\/?page_id=1270#toggle-id-4  class='av-image-hotspot_inner'>4<\/a><div class='av-image-hotspot-pulse'><\/div><\/div><div class='av-image-hotspot av-1qi8gzq-2552bd5928c7f20cc48c0f1ab6856b02 av-image-hotspot-5 ' data-avia-tooltip-position='left' data-avia-tooltip-alignment='top' data-avia-tooltip-class='av-tt-default-width av-tt-pos-left av-tt-align-top  av-mobile-fallback-active  main_color av-tooltip-shadow av-tt-hotspot' data-avia-tooltip='&lt;p&gt;Souscrire aux assurances : RCP, Pr\u00e9voyance&#8230;&lt;\/p&gt;\n'><a href=https:\/\/soignerenperigord.dordogne.fr\/?page_id=1270#toggle-id-5  class='av-image-hotspot_inner'>5<\/a><div class='av-image-hotspot-pulse'><\/div><\/div><div class='av-image-hotspot av-1ns8b3q-5c827b86877ce6bcd072de76fb48d999 av-image-hotspot-6 ' data-avia-tooltip-position='left' data-avia-tooltip-alignment='top' data-avia-tooltip-class='av-tt-default-width av-tt-pos-left av-tt-align-top  av-mobile-fallback-active  main_color av-tooltip-shadow av-tt-hotspot' data-avia-tooltip='&lt;p&gt;Faire le choix d&#8217;une AGA&lt;\/p&gt;\n'><a href=https:\/\/soignerenperigord.dordogne.fr\/?page_id=1270#toggle-id-6  class='av-image-hotspot_inner'>6<\/a><div class='av-image-hotspot-pulse'><\/div><\/div><img decoding=\"async\" class='wp-image-1925 avia-img-lazy-loading-not-1925 avia_image' src=\"https:\/\/soignerenperigord.fr\/wp-content\/uploads\/2019\/04\/medecin-infographie-parcours-installation.png\" alt='medecin-infographie-parcours-installation' title='medecin-infographie-parcours-installation'  height=\"400\" width=\"1064\"  itemprop=\"thumbnailUrl\" srcset=\"https:\/\/soignerenperigord.fr\/wp-content\/uploads\/2019\/04\/medecin-infographie-parcours-installation.png 1064w, https:\/\/soignerenperigord.fr\/wp-content\/uploads\/2019\/04\/medecin-infographie-parcours-installation-300x113.png 300w, https:\/\/soignerenperigord.fr\/wp-content\/uploads\/2019\/04\/medecin-infographie-parcours-installation-768x289.png 768w, https:\/\/soignerenperigord.fr\/wp-content\/uploads\/2019\/04\/medecin-infographie-parcours-installation-1030x387.png 1030w, https:\/\/soignerenperigord.fr\/wp-content\/uploads\/2019\/04\/medecin-infographie-parcours-installation-705x265.png 705w, https:\/\/soignerenperigord.fr\/wp-content\/uploads\/2019\/04\/medecin-infographie-parcours-installation-450x169.png 450w\" sizes=\"(max-width: 1064px) 100vw, 1064px\" \/><\/div><\/div><\/div><div class='av-hotspot-fallback-tooltip av-image-hotspot-1 '><div class=\"av-hotspot-fallback-tooltip-count\">1<div class=\"avia-arrow\"><\/div><\/div><div class=\"av-hotspot-fallback-tooltip-inner clearfix\"><p>\nInscription \u00e0 l&#8217;ordre des m\u00e9decins<\/p>\n<\/div><\/div><div class='av-hotspot-fallback-tooltip av-image-hotspot-2 '><div class=\"av-hotspot-fallback-tooltip-count\">2<div class=\"avia-arrow\"><\/div><\/div><div class=\"av-hotspot-fallback-tooltip-inner clearfix\"><p>\nEnregistrement aupr\u00e8s de l&#8217;Assurance Maladie<\/p>\n<\/div><\/div><div class='av-hotspot-fallback-tooltip av-image-hotspot-3 '><div class=\"av-hotspot-fallback-tooltip-count\">3<div class=\"avia-arrow\"><\/div><\/div><div class=\"av-hotspot-fallback-tooltip-inner clearfix\"><p>\nD\u00e9claration de d\u00e9but d&#8217;activit\u00e9 adress\u00e9e \u00e0 l&#8217;URSSAF<\/p>\n<\/div><\/div><div class='av-hotspot-fallback-tooltip av-image-hotspot-4 '><div class=\"av-hotspot-fallback-tooltip-count\">4<div class=\"avia-arrow\"><\/div><\/div><div class=\"av-hotspot-fallback-tooltip-inner clearfix\"><p>\nAdh\u00e9rer \u00e0 la CARMF<\/p>\n<\/div><\/div><div class='av-hotspot-fallback-tooltip av-image-hotspot-5 '><div class=\"av-hotspot-fallback-tooltip-count\">5<div class=\"avia-arrow\"><\/div><\/div><div class=\"av-hotspot-fallback-tooltip-inner clearfix\"><p>\nSouscrire aux assurances : RCP, Pr\u00e9voyance&#8230;<\/p>\n<\/div><\/div><div class='av-hotspot-fallback-tooltip av-image-hotspot-6 '><div class=\"av-hotspot-fallback-tooltip-count\">6<div class=\"avia-arrow\"><\/div><\/div><div class=\"av-hotspot-fallback-tooltip-inner clearfix\"><p>\nFaire le choix d&#8217;une AGA<\/p>\n<\/div><\/div><\/div><\/div>\n<style type=\"text\/css\" data-created_by=\"avia_inline_auto\" id=\"style-css-av-weyi2-0615eb989164fa3c9e907b3e228733c0\">\n.flex_column.av-weyi2-0615eb989164fa3c9e907b3e228733c0{\n-webkit-border-radius:0px 0px 0px 0px;\n-moz-border-radius:0px 0px 0px 0px;\nborder-radius:0px 0px 0px 0px;\npadding:0px 0px 0px 0px;\n}\n<\/style>\n<div class='flex_column av-weyi2-0615eb989164fa3c9e907b3e228733c0 av_one_full first flex_column_div av-zero-column-padding '     ><style type=\"text\/css\" data-created_by=\"avia_inline_auto\" id=\"style-css-av-jto7myke-e302574caa9d14165b161644942f3aa8\">\n#top .togglecontainer.av-jto7myke-e302574caa9d14165b161644942f3aa8 p.toggler{\ncolor:#238388;\nbackground-color:#ffffff;\n}\n#top .togglecontainer.av-jto7myke-e302574caa9d14165b161644942f3aa8 p.toggler.activeTitle{\ncolor:#238388;\nborder-color:#238388;\nbackground-color:#ffffff;\n}\n#top .togglecontainer.av-jto7myke-e302574caa9d14165b161644942f3aa8 p.toggler .toggle_icon{\ncolor:#238388;\nborder-color:#238388;\n}\n#top .togglecontainer.av-jto7myke-e302574caa9d14165b161644942f3aa8 .toggle_wrap .toggle_content{\ncolor:#238388;\nbackground-color:#ffffff;\n}\n<\/style>\n<div  class='togglecontainer av-jto7myke-e302574caa9d14165b161644942f3aa8 av-elegant-toggle toggle_close_all hasCurrentStyle' >\n<section class='av_toggle_section av-kx9njq-9582ed97bcaa75132b743a73316a9f28'  itemscope=\"itemscope\" itemtype=\"https:\/\/schema.org\/CreativeWork\" ><div role=\"tablist\" class=\"single_toggle\" data-tags=\"{Tout} {10} \"  ><p data-fake-id='#toggle-id-1' class='toggler   av-inherit-font-color hasCustomColor'  itemprop=\"headline\"  role='tab' tabindex='0' aria-controls='toggle-id-1'><strong>\u00c9tape 1 - Inscription \u00e0 l\u2019Ordre des M\u00e9decins<\/strong><span class=\"toggle_icon\"><span class=\"vert_icon\"><\/span><span class=\"hor_icon\"><\/span><\/span><\/p><div id='toggle-id-1' class='toggle_wrap  '  ><div class='toggle_content invers-color av-inherit-font-color hasCustomColor'  itemprop=\"text\" ><div class=\"content-chapo\">\nL\u2019inscription est obligatoire pour tout m\u00e9decin qui exerce la profession en France, selon l\u2019article L.4111-1 du Code de la sant\u00e9 publique.\n<\/div>\n<div class=\"content-texte single\">\nLe d\u00e9faut d\u2019inscription est, conform\u00e9ment \u00e0 l\u2019article L.4161-1 du Code de la sant\u00e9 publique, constitutif du d\u00e9lit d\u2019exercice ill\u00e9gal de la m\u00e9decine et puni des peines de deux ans d\u2019emprisonnement et 30\u00a0000\u00a0euros d\u2019amende ; la confiscation du mat\u00e9riel ayant permis l\u2019exercice ill\u00e9gal peut \u00eatre ordonn\u00e9e.<br \/>\nL\u2019inscription a pour effet de rendre licite l\u2019exercice du m\u00e9decin sur tout le territoire (article L.4112-5 du Code de la sant\u00e9 publique).<br \/>\nElle est sollicit\u00e9e aupr\u00e8s du\u00a0<a href=\"http:\/\/www.soignereniledefrance.org\/wp-content\/uploads\/2017\/08\/coordonnees_des_CD_IDF_0.docx\" target=\"_blank\" rel=\"noopener noreferrer\">conseil d\u00e9partemental de l\u2019Ordre des m\u00e9decins<\/a>\u00a0dans lequel le m\u00e9decin \u00e9tablit sa r\u00e9sidence professionnelle (article L.4112-1 du code de la sant\u00e9 publique).\n<\/div>\n<\/div><\/div><\/div><\/section>\n<section class='av_toggle_section av-jid3bq-721884ce1f7907b3ccfdddc600cf9e7b'  itemscope=\"itemscope\" itemtype=\"https:\/\/schema.org\/CreativeWork\" ><div role=\"tablist\" class=\"single_toggle\" data-tags=\"{Tout} {20} \"  ><p data-fake-id='#toggle-id-2' class='toggler   av-inherit-font-color hasCustomColor'  itemprop=\"headline\"  role='tab' tabindex='0' aria-controls='toggle-id-2'><strong>\u00c9tape 2 - Enregistrement aupr\u00e8s de l\u2019Assurance Maladie<\/strong><span class=\"toggle_icon\"><span class=\"vert_icon\"><\/span><span class=\"hor_icon\"><\/span><\/span><\/p><div id='toggle-id-2' class='toggle_wrap  '  ><div class='toggle_content invers-color av-inherit-font-color hasCustomColor'  itemprop=\"text\" ><div class=\"content-chapo\">\nUne fois que vous \u00eates inscrit au tableau de l\u2019Ordre, vous devez d\u00e9clarer et faire enregistrer votre activit\u00e9 lib\u00e9rale aupr\u00e8s de l\u2019Assurance Maladie. La CPAM est seule habilit\u00e9e \u00e0 fournir les feuilles de soins pr\u00e9-identifi\u00e9es permettant aux patients de se faire rembourser.\n<\/div>\n<div class=\"content-texte single\">\n<span class=\"light-blue\">Utilisez le nouveau service d\u2019inscription en ligne de l\u2019assurance maladie :<\/span><br \/>\n<a href=\"https:\/\/installation-medecin.ameli.fr\/installation_medecin\/\" target=\"_blank\" rel=\"noopener noreferrer\">https:\/\/installation-medecin.ameli.fr\/installation_medecin\/<\/a><br \/>\n<span class=\"light-blue\">OU contactez par t\u00e9l\u00e9phone la caisse primaire d\u2019Assurance Maladie (CPAM) de votre lieu d\u2019exercice pour prendre rendez-vous.<\/span><br \/>\nUn conseiller de l\u2019Assurance Maladie vous indiquera la liste des pi\u00e8ces justificatives n\u00e9cessaires \u00e0 pr\u00e9senter lors de cet entretien :<\/p>\n<ul>\n<li>l\u2019attestation d\u2019inscription au tableau de l\u2019Ordre ;<\/li>\n<li>une pi\u00e8ce d\u2019identit\u00e9 ;<\/li>\n<li>votre carte Vitale ou votre attestation Vitale ;<\/li>\n<li>un RIB ;<\/li>\n<li>et, le cas \u00e9ch\u00e9ant :\n<ul>\n<li>le(s)\u00a0<a href=\"http:\/\/www.soignereniledefrance.org\/conseils\/4-choisir-son-secteur-secteur-1-ou-2\/\" target=\"_blank\" rel=\"noopener noreferrer\">titre(s) justificatif(s) permettant l\u2019acc\u00e8s au secteur 2<\/a>\u00a0;<\/li>\n<li>le(s) contrat(s) de collaboration lib\u00e9rale ;<\/li>\n<li>l\u2019agr\u00e9ment de votre \u00e9quipement radiologique.<\/li>\n<\/ul>\n<\/li>\n<\/ul>\n<\/div>\n<\/div><\/div><\/div><\/section>\n<section class='av_toggle_section av-hlkvt2-8e3a8c261acc4c98592e0f24d956ab0f'  itemscope=\"itemscope\" itemtype=\"https:\/\/schema.org\/CreativeWork\" ><div role=\"tablist\" class=\"single_toggle\" data-tags=\"{Tout} {40} \"  ><p data-fake-id='#toggle-id-3' class='toggler   av-inherit-font-color hasCustomColor'  itemprop=\"headline\"  role='tab' tabindex='0' aria-controls='toggle-id-3'><strong>\u00c9tape 3 - D\u00e9claration de d\u00e9but d\u2018activit\u00e9 adress\u00e9e \u00e0 l\u2019URSSAF<\/strong><span class=\"toggle_icon\"><span class=\"vert_icon\"><\/span><span class=\"hor_icon\"><\/span><\/span><\/p><div id='toggle-id-3' class='toggle_wrap  '  ><div class='toggle_content invers-color av-inherit-font-color hasCustomColor'  itemprop=\"text\" ><div class=\"content-chapo\">\n<div class=\"content-chapo\">\nUne d\u00e9claration de d\u00e9but d\u2019activit\u00e9 doit \u00eatre adress\u00e9e dans les 8 jours suivant le d\u00e9but de l\u2019activit\u00e9 au Centre de Formalit\u00e9s des Entreprises (CFE) comp\u00e9tent.\n<\/div>\n<div class=\"content-texte single\">\nUne d\u00e9claration de d\u00e9but d\u2019activit\u00e9 doit \u00eatre adress\u00e9e au Centre de Formalit\u00e9s des Entreprises (CFE) comp\u00e9tent, c\u2019est-\u00e0-dire :<br \/>\n>>\u00a0<strong>\u00c0 l\u2019URSSAF<\/strong>\u00a0(Union de Recouvrement des cotisations de S\u00e9curit\u00e9 Sociale et d\u2019Allocations Familiales) du lieu d\u2019exercice lorsque l\u2019activit\u00e9 est exerc\u00e9e\u00a0<strong>\u00e0 titre individuel<\/strong>.<br \/>\n<span class=\"light-blue\">Pour l\u2019immatriculation individuelle, cette formalit\u00e9 est aujourd\u2019hui r\u00e9alis\u00e9e par la CPAM (facilitation des d\u00e9marches) . Vous n\u2019avez donc pas \u00e0 vous d\u00e9placer.<\/span>\n<\/div>\n<\/div>\n<div class=\"content-texte single\"><\/div>\n<\/div><\/div><\/div><\/section>\n<section class='av_toggle_section av-1m2tnrq-f99ca8ae39fd6e3f1da0fd5ac86413ce'  itemscope=\"itemscope\" itemtype=\"https:\/\/schema.org\/CreativeWork\" ><div role=\"tablist\" class=\"single_toggle\" data-tags=\"{Tout} {40} \"  ><p data-fake-id='#toggle-id-4' class='toggler   av-inherit-font-color hasCustomColor'  itemprop=\"headline\"  role='tab' tabindex='0' aria-controls='toggle-id-4'><strong>\u00c9tape 4 - Adh\u00e9rer \u00e0 la CARMF<\/strong><span class=\"toggle_icon\"><span class=\"vert_icon\"><\/span><span class=\"hor_icon\"><\/span><\/span><\/p><div id='toggle-id-4' class='toggle_wrap  '  ><div class='toggle_content invers-color av-inherit-font-color hasCustomColor'  itemprop=\"text\" ><div class=\"content-chapo\">\nTout m\u00e9decin exer\u00e7ant une activit\u00e9 m\u00e9dicale lib\u00e9rale et titulaire du dipl\u00f4me de Docteur en m\u00e9decine est obligatoirement assujetti \u00e0 la Caisse autonome de retraite des m\u00e9decins de France (CARMF).\n<\/div>\n<div class=\"content-texte single\">\nL\u2019affiliation est obligatoire pour les m\u00e9decins titulaires du dipl\u00f4me de docteur en m\u00e9decine, inscrits au conseil de l\u2019Ordre et exer\u00e7ant une activit\u00e9 m\u00e9dicale lib\u00e9rale (installation, remplacements, expertises pour les compagnies d\u2019assurance ou les laboratoires priv\u00e9s, secteur priv\u00e9 \u00e0 l\u2019h\u00f4pital, en soci\u00e9t\u00e9 d\u2019exercice lib\u00e9ral ou toute autre activit\u00e9 r\u00e9mun\u00e9r\u00e9e sous forme d\u2019honoraires) en France m\u00e9tropolitaine et dans les d\u00e9partements d\u2019Outre-Mer ou \u00e0 Monaco.<br \/>\nL\u2019inscription est \u00e0 demander dans un d\u00e9lai d\u2019un mois apr\u00e8s le d\u00e9but d\u2019activit\u00e9, et prend effet au premier jour du trimestre civil suivant la date de d\u00e9but d\u2019activit\u00e9.<br \/>\nLa d\u00e9claration en vue de l\u2019affiliation doit \u00eatre retourn\u00e9e \u00e0 la CARMF, compl\u00e9t\u00e9e et contresign\u00e9e par le Conseil d\u00e9partemental de l\u2019Ordre des m\u00e9decins.\n<\/div>\n<\/div><\/div><\/div><\/section>\n<section class='av_toggle_section av-1kkp55y-f52b12bae274a5eb9dd23f5f007d42c0'  itemscope=\"itemscope\" itemtype=\"https:\/\/schema.org\/CreativeWork\" ><div role=\"tablist\" class=\"single_toggle\" data-tags=\"{Tout} {30} \"  ><p data-fake-id='#toggle-id-5' class='toggler   av-inherit-font-color hasCustomColor'  itemprop=\"headline\"  role='tab' tabindex='0' aria-controls='toggle-id-5'><strong>\u00c9tape 5 - Souscrire aux assurances : RCP, Pr\u00e9voyance...<\/strong><span class=\"toggle_icon\"><span class=\"vert_icon\"><\/span><span class=\"hor_icon\"><\/span><\/span><\/p><div id='toggle-id-5' class='toggle_wrap  '  ><div class='toggle_content invers-color av-inherit-font-color hasCustomColor'  itemprop=\"text\" ><div class=\"content-chapo\">\nTous les m\u00e9decins lib\u00e9raux en exercice (et leurs rempla\u00e7ants) sont oblig\u00e9s de souscrire\u00a0<strong>une assurance responsabilit\u00e9 civile professionnelle<\/strong>\u00a0(loi n\u00b0 2002-303 du 4 mars 2002 dite \u00ab loi Kouchner \u00bb, relative aux droits des malades et \u00e0 la qualit\u00e9 du syst\u00e8me de sant\u00e9).\n<\/div>\n<ul>\n<li class=\"content-texte single\"><strong>L\u2019assurance responsabilit\u00e9 civile professionnelle (RCP) : obligatoire<\/strong><\/li>\n<\/ul>\n<p><span class=\"light-blue\">L\u2019assurance responsabilit\u00e9 civile professionnelle (RCP) doit :<\/span><\/p>\n<ul>\n<li style=\"list-style-type: none;\">\n<ul>\n<li>\u00eatre souscrite pr\u00e9alablement \u00e0 l\u2019accomplissement d\u2019un quelconque acte professionnel, il faut donc \u00eatre assur\u00e9 avant d\u2019exercer comme l\u2019on doit \u00eatre assur\u00e9 pour conduire un v\u00e9hicule automobile.<\/li>\n<li>couvrir tous les actes que le m\u00e9decin \u00e0 l\u2019intention d\u2019effectuer, c\u2019est tout l\u2019int\u00e9r\u00eat du contrat RCP qui doit \u00eatre exhaustif.<\/li>\n<\/ul>\n<\/li>\n<\/ul>\n<ul>\n<li><strong>La pr\u00e9voyance : facultative mais fortement conseill\u00e9e<\/strong><\/li>\n<\/ul>\n<p>Personne n\u2019est \u00e0 l\u2019abri d\u2019un accident de la vie, d\u2019une maladie. En cas d\u2019arr\u00eat maladie, les indemnit\u00e9s journali\u00e8res que vous verse la CARMF n\u2019interviennent qu\u2019\u00e0 compter du 91\u00e9me jour d\u2019arr\u00eat de travail.<br \/>\nIl est donc vivement recommand\u00e9 de souscrire une assurance compl\u00e9mentaire couvrant les trois premiers mois.<\/p>\n<\/div><\/div><\/div><\/section>\n<section class='av_toggle_section av-c6rf8m-9cd2c9d3344ebebda8441ccab4b2978b'  itemscope=\"itemscope\" itemtype=\"https:\/\/schema.org\/CreativeWork\" ><div role=\"tablist\" class=\"single_toggle\" data-tags=\"{Tout} {40} \"  ><p data-fake-id='#toggle-id-6' class='toggler   av-inherit-font-color hasCustomColor'  itemprop=\"headline\"  role='tab' tabindex='0' aria-controls='toggle-id-6'><strong>\u00c9tape 6 - Faire le choix d\u2019une AGA<\/strong><span class=\"toggle_icon\"><span class=\"vert_icon\"><\/span><span class=\"hor_icon\"><\/span><\/span><\/p><div id='toggle-id-6' class='toggle_wrap  '  ><div class='toggle_content invers-color av-inherit-font-color hasCustomColor'  itemprop=\"text\" ><div class=\"content-chapo\">\n<div class=\"content-chapo\"><strong>Adh\u00e9rer \u00e0 une association de gestion agr\u00e9\u00e9e par l\u2019administration fiscale est facultatif mais apporte un certain nombre d\u2019avantages, notamment fiscaux.<\/strong><\/div>\n<div class=\"content-texte single\">\n<div class=\"content-texte single\">\nL\u2019adh\u00e9sion \u00e0 une association de gestion agr\u00e9\u00e9e (AGA) vous permet de\u00a0<strong>b\u00e9n\u00e9ficier d\u2019avantages fiscaux, ainsi que d\u2019une assistance<\/strong>\u00a0en mati\u00e8re de tenue de comptabilit\u00e9, fiscalit\u00e9, \u00e9tablissement de vos d\u00e9clarations d\u2019imp\u00f4ts et formalit\u00e9s professionnelles.\n<\/div>\n<p><strong><span class=\"light-blue\">Missions d\u2019une AGA<\/span><\/strong><\/p>\n<ul>\n<li>Assister les adh\u00e9rents \u00e0 d\u00e9terminer leurs revenus par une tenue comptable vigilante.<\/li>\n<li>Aviser les adh\u00e9rents de leurs obligations administratives et fiscales et notamment de leurs \u00e9volutions.<\/li>\n<li>Organiser des formations (ou entretiens personnalis\u00e9s).<\/li>\n<li>V\u00e9rifier vraisemblance, coh\u00e9rence et concordance des d\u00e9clarations fiscales professionnelles.<\/li>\n<li>Pr\u00e9voir une analyse des informations \u00e9conomiques, comptables et financi\u00e8res.<\/li>\n<\/ul>\n<p><strong><span class=\"light-blue\">Trois raisons d\u2019adh\u00e9rer \u00e0 une AGA<\/span><\/strong><\/p>\n<ul>\n<li>Les adh\u00e9rents \u00e0 une AGA sont imposables sur le b\u00e9n\u00e9fice d\u00e9termin\u00e9 par la 2035 alors que les non-adh\u00e9rents le sont sur ce m\u00eame b\u00e9n\u00e9fice major\u00e9 de 25 %.<\/li>\n<li>Pour b\u00e9n\u00e9ficier d\u2019une d\u00e9ductibilit\u00e9 int\u00e9grale de la r\u00e9mun\u00e9ration de votre conjoint salari\u00e9 quel que soit votre r\u00e9gime matrimonial sous r\u00e9serve d\u2019une r\u00e9mun\u00e9ration normale avec r\u00e8glements des cotisations.<\/li>\n<li>A partir du 1er janvier 2016, les frais de tenue de comptabilit\u00e9 et d\u2019adh\u00e9sion \u00e0 une AGA constituent des charges d\u00e9ductibles pour la d\u00e9termination du r\u00e9sultat.<\/li>\n<\/ul>\n<p><strong><span class=\"light-blue\">Vos obligations en qualit\u00e9 d\u2019adh\u00e9rent<\/span><\/strong><\/p>\n<ul>\n<li>Tenir une comptabilit\u00e9 conforme au plan comptable imputable aux professions lib\u00e9rales, en utilisant les documents ad\u00e9quats (livre journal, registre des immobilisations et amortissements, livre des recettes journali\u00e8res).<\/li>\n<li>Accepter les r\u00e8glements par ch\u00e8que libell\u00e9 \u00e0 votre nom.<\/li>\n<li>Informer votre client\u00e8le de votre appartenance \u00e0 une association de gestion agr\u00e9\u00e9e par mention sur les documents professionnels et affichage dans les locaux.<\/li>\n<li>Porter le montant des honoraires per\u00e7us sur les feuilles de soins, dans leur totalit\u00e9.<\/li>\n<li>Respecter chaque ann\u00e9e la date fix\u00e9e par l\u2019AGA pour l\u2019envoi de la d\u00e9claration de vos revenus professionnels accompagn\u00e9e du dossier de gestion.<\/li>\n<\/ul>\n<\/div>\n<\/div>\n<div class=\"content-texte single\"><\/div>\n<\/div><\/div><\/div><\/section>\n<\/div><\/div><\/p>\n<\/div><\/div><\/div>\n<style type=\"text\/css\" data-created_by=\"avia_inline_auto\" id=\"style-css-av-jt5xl4sn-ae649e848a98d6682e9620ad504eedce\">\n.av-layout-tab.av-jt5xl4sn-ae649e848a98d6682e9620ad504eedce{\nvertical-align:top;\nbackground-color:#f8f8f8;\n}\n#top .av-tab-section-outer-container.av-jt5ya1wb-1429bfb13923553c06f9841c622a540f .av-active-tab-title.av-section-tab-title.av-jt5xl4sn-ae649e848a98d6682e9620ad504eedce{\ncolor:#51becb;\n}\n#top .av-tab-section-outer-container.av-jt5ya1wb-1429bfb13923553c06f9841c622a540f .av-active-tab-title.av-section-tab-title.av-jt5xl4sn-ae649e848a98d6682e9620ad504eedce .av-tab-arrow-container span{\nbackground-color:#f8f8f8;\n}\n<\/style>\n<div id='av-tab-section-1-2' class='av-layout-tab av-jt5xl4sn-ae649e848a98d6682e9620ad504eedce av-animation-delay-container ' data-av-deeplink-tabs=\"\" data-av-tab-section-content=\"2\" data-tab-section-id=\"chirurgien-dentiste\"><div class=\"av-layout-tab-inner\"><div class=\"container\"><p>\n<style type=\"text\/css\" data-created_by=\"avia_inline_auto\" id=\"style-css-av-weyi2-0615eb989164fa3c9e907b3e228733c0\">\n.flex_column.av-weyi2-0615eb989164fa3c9e907b3e228733c0{\n-webkit-border-radius:0px 0px 0px 0px;\n-moz-border-radius:0px 0px 0px 0px;\nborder-radius:0px 0px 0px 0px;\npadding:0px 0px 0px 0px;\n}\n<\/style>\n<div class='flex_column av-weyi2-0615eb989164fa3c9e907b3e228733c0 av_one_full first flex_column_div av-zero-column-padding '     ><style type=\"text\/css\" data-created_by=\"avia_inline_auto\" id=\"style-css-sub-av-jto7jm9f-0320eaeabff29ecc802fddc3c3ac67cc\">\n.av-hotspot-image-container .av-image-hotspot.av-1jy4lme-560a127358b5568fdca6c19d2c351639{\ntop:49.5%;\nleft:9.8%;\n}\n.av-hotspot-image-container .av-image-hotspot.av-1jy4lme-560a127358b5568fdca6c19d2c351639 .av-image-hotspot_inner{\nbackground-color:#0f8389;\ncolor:#ffffff;\n}\n.av-hotspot-image-container .av-image-hotspot.av-1jy4lme-560a127358b5568fdca6c19d2c351639 .av-image-hotspot-pulse{\nbackground-color:#ffffff;\n}\n.av-hotspot-image-container .av-image-hotspot.av-1i43ex2-170131b42621f2081f5af63bc51283fe{\ntop:49.5%;\nleft:24.3%;\n}\n.av-hotspot-image-container .av-image-hotspot.av-1i43ex2-170131b42621f2081f5af63bc51283fe .av-image-hotspot_inner{\nbackground-color:#0f8389;\ncolor:#ffffff;\n}\n.av-hotspot-image-container .av-image-hotspot.av-1i43ex2-170131b42621f2081f5af63bc51283fe .av-image-hotspot-pulse{\nbackground-color:#ffffff;\n}\n.av-hotspot-image-container .av-image-hotspot.av-1gbiyd2-0121347134fcc01b72035d984e3b2d1d{\ntop:49.5%;\nleft:35.4%;\n}\n.av-hotspot-image-container .av-image-hotspot.av-1gbiyd2-0121347134fcc01b72035d984e3b2d1d .av-image-hotspot_inner{\nbackground-color:#0f8389;\ncolor:#ffffff;\n}\n.av-hotspot-image-container .av-image-hotspot.av-1gbiyd2-0121347134fcc01b72035d984e3b2d1d .av-image-hotspot-pulse{\nbackground-color:#ffffff;\n}\n.av-hotspot-image-container .av-image-hotspot.av-1erpzty-53cef379ccf55aab0be4a3cb16f38bfc{\ntop:49.5%;\nleft:46.9%;\n}\n.av-hotspot-image-container .av-image-hotspot.av-1erpzty-53cef379ccf55aab0be4a3cb16f38bfc .av-image-hotspot_inner{\nbackground-color:#0f8389;\ncolor:#ffffff;\n}\n.av-hotspot-image-container .av-image-hotspot.av-1erpzty-53cef379ccf55aab0be4a3cb16f38bfc .av-image-hotspot-pulse{\nbackground-color:#ffffff;\n}\n.av-hotspot-image-container .av-image-hotspot.av-4ujw46-cd605512abdfdf8a63e9d9038d6f95ee{\ntop:50%;\nleft:58.5%;\n}\n.av-hotspot-image-container .av-image-hotspot.av-4ujw46-cd605512abdfdf8a63e9d9038d6f95ee .av-image-hotspot_inner{\nbackground-color:#238388;\ncolor:#ffffff;\n}\n.av-hotspot-image-container .av-image-hotspot.av-4ujw46-cd605512abdfdf8a63e9d9038d6f95ee .av-image-hotspot-pulse{\nbackground-color:#ffffff;\n}\n.av-hotspot-image-container .av-image-hotspot.av-1b1f16u-486c6432f017784c0672eb04c0bfaa48{\ntop:50%;\nleft:89%;\n}\n.av-hotspot-image-container .av-image-hotspot.av-1b1f16u-486c6432f017784c0672eb04c0bfaa48 .av-image-hotspot_inner{\nbackground-color:#238388;\ncolor:#ffffff;\n}\n.av-hotspot-image-container .av-image-hotspot.av-1b1f16u-486c6432f017784c0672eb04c0bfaa48 .av-image-hotspot-pulse{\nbackground-color:#ffffff;\n}\n<\/style>\n<div  class='av-hotspot-image-container av-jto7jm9f-0320eaeabff29ecc802fddc3c3ac67cc av-hotspot-numbered av-mobile-fallback-active  av-non-fullwidth-hotspot-image'  itemprop=\"image\" itemscope=\"itemscope\" itemtype=\"https:\/\/schema.org\/ImageObject\" ><div class='av-hotspot-container'><div class='av-hotspot-container-inner-cell'><div class='av-hotspot-container-inner-wrap'><div class='av-image-hotspot av-1jy4lme-560a127358b5568fdca6c19d2c351639 av-image-hotspot-1 ' data-avia-tooltip-position='left' data-avia-tooltip-alignment='top' data-avia-tooltip-class='av-tt-default-width av-tt-pos-left av-tt-align-top  av-mobile-fallback-active  main_color av-tooltip-shadow av-tt-hotspot' data-avia-tooltip='&lt;p&gt;Inscription \u00e0 l&#8217;ordre des chirurgiens-dentistes&lt;\/p&gt;\n'><a href=https:\/\/soignerenperigord.dordogne.fr\/?page_id=1270#toggle-id-7  class='av-image-hotspot_inner'>1<\/a><div class='av-image-hotspot-pulse'><\/div><\/div><div class='av-image-hotspot av-1i43ex2-170131b42621f2081f5af63bc51283fe av-image-hotspot-2 ' data-avia-tooltip-position='left' data-avia-tooltip-alignment='top' data-avia-tooltip-class='av-tt-default-width av-tt-pos-left av-tt-align-top  av-mobile-fallback-active  main_color av-tooltip-shadow av-tt-hotspot' data-avia-tooltip='&lt;p&gt;Enregistrement aupr\u00e8s de l&#8217;Assurance Maladie&lt;\/p&gt;\n'><a href=https:\/\/soignerenperigord.dordogne.fr\/?page_id=1270#toggle-id-8  class='av-image-hotspot_inner'>2<\/a><div class='av-image-hotspot-pulse'><\/div><\/div><div class='av-image-hotspot av-1gbiyd2-0121347134fcc01b72035d984e3b2d1d av-image-hotspot-3 ' data-avia-tooltip-position='left' data-avia-tooltip-alignment='top' data-avia-tooltip-class='av-tt-default-width av-tt-pos-left av-tt-align-top  av-mobile-fallback-active  main_color av-tooltip-shadow av-tt-hotspot' data-avia-tooltip='&lt;p&gt;D\u00e9claration de d\u00e9but d&#8217;activit\u00e9 adress\u00e9e \u00e0 l&#8217;URSSAF&lt;\/p&gt;\n'><a href=https:\/\/soignerenperigord.dordogne.fr\/?page_id=1270#toggle-id-9  class='av-image-hotspot_inner'>3<\/a><div class='av-image-hotspot-pulse'><\/div><\/div><div class='av-image-hotspot av-1erpzty-53cef379ccf55aab0be4a3cb16f38bfc av-image-hotspot-4 ' data-avia-tooltip-position='left' data-avia-tooltip-alignment='top' data-avia-tooltip-class='av-tt-default-width av-tt-pos-left av-tt-align-top  av-mobile-fallback-active  main_color av-tooltip-shadow av-tt-hotspot' data-avia-tooltip='&lt;p&gt;Adh\u00e9rer \u00e0 la CARCDSF&lt;\/p&gt;\n'><a href=https:\/\/soignerenperigord.dordogne.fr\/?page_id=1270#toggle-id-10  class='av-image-hotspot_inner'>4<\/a><div class='av-image-hotspot-pulse'><\/div><\/div><div class='av-image-hotspot av-4ujw46-cd605512abdfdf8a63e9d9038d6f95ee av-image-hotspot-5 ' data-avia-tooltip-position='left' data-avia-tooltip-alignment='top' data-avia-tooltip-class='av-tt-default-width av-tt-pos-left av-tt-align-top  av-mobile-fallback-active  main_color av-tooltip-shadow av-tt-hotspot' data-avia-tooltip='&lt;p&gt;Souscrire aux assurances : RCP, Pr\u00e9voyance&#8230;&lt;\/p&gt;\n'><a href=https:\/\/soignerenperigord.dordogne.fr\/?page_id=1270#toggle-id-11  class='av-image-hotspot_inner'>5<\/a><div class='av-image-hotspot-pulse'><\/div><\/div><div class='av-image-hotspot av-1b1f16u-486c6432f017784c0672eb04c0bfaa48 av-image-hotspot-6 ' data-avia-tooltip-position='left' data-avia-tooltip-alignment='top' data-avia-tooltip-class='av-tt-default-width av-tt-pos-left av-tt-align-top  av-mobile-fallback-active  main_color av-tooltip-shadow av-tt-hotspot' data-avia-tooltip='&lt;p&gt;Faire le choix d&#8217;une AGA&lt;\/p&gt;\n'><a href=https:\/\/soignerenperigord.dordogne.fr\/?page_id=1270#toggle-id-12  class='av-image-hotspot_inner'>6<\/a><div class='av-image-hotspot-pulse'><\/div><\/div><img decoding=\"async\" class='wp-image-1991 avia-img-lazy-loading-not-1991 avia_image' src=\"https:\/\/soignerenperigord.fr\/wp-content\/uploads\/2019\/04\/dentiste-infographie-parcours-installation-1.png\" alt='dentiste-infographie-parcours-installation' title='dentiste-infographie-parcours-installation'  height=\"400\" width=\"1064\"  itemprop=\"thumbnailUrl\" srcset=\"https:\/\/soignerenperigord.fr\/wp-content\/uploads\/2019\/04\/dentiste-infographie-parcours-installation-1.png 1064w, https:\/\/soignerenperigord.fr\/wp-content\/uploads\/2019\/04\/dentiste-infographie-parcours-installation-1-300x113.png 300w, https:\/\/soignerenperigord.fr\/wp-content\/uploads\/2019\/04\/dentiste-infographie-parcours-installation-1-768x289.png 768w, https:\/\/soignerenperigord.fr\/wp-content\/uploads\/2019\/04\/dentiste-infographie-parcours-installation-1-1030x387.png 1030w, https:\/\/soignerenperigord.fr\/wp-content\/uploads\/2019\/04\/dentiste-infographie-parcours-installation-1-705x265.png 705w, https:\/\/soignerenperigord.fr\/wp-content\/uploads\/2019\/04\/dentiste-infographie-parcours-installation-1-450x169.png 450w\" sizes=\"(max-width: 1064px) 100vw, 1064px\" \/><\/div><\/div><\/div><div class='av-hotspot-fallback-tooltip av-image-hotspot-1 '><div class=\"av-hotspot-fallback-tooltip-count\">1<div class=\"avia-arrow\"><\/div><\/div><div class=\"av-hotspot-fallback-tooltip-inner clearfix\"><p>\nInscription \u00e0 l&#8217;ordre des chirurgiens-dentistes<\/p>\n<\/div><\/div><div class='av-hotspot-fallback-tooltip av-image-hotspot-2 '><div class=\"av-hotspot-fallback-tooltip-count\">2<div class=\"avia-arrow\"><\/div><\/div><div class=\"av-hotspot-fallback-tooltip-inner clearfix\"><p>\nEnregistrement aupr\u00e8s de l&#8217;Assurance Maladie<\/p>\n<\/div><\/div><div class='av-hotspot-fallback-tooltip av-image-hotspot-3 '><div class=\"av-hotspot-fallback-tooltip-count\">3<div class=\"avia-arrow\"><\/div><\/div><div class=\"av-hotspot-fallback-tooltip-inner clearfix\"><p>\nD\u00e9claration de d\u00e9but d&#8217;activit\u00e9 adress\u00e9e \u00e0 l&#8217;URSSAF<\/p>\n<\/div><\/div><div class='av-hotspot-fallback-tooltip av-image-hotspot-4 '><div class=\"av-hotspot-fallback-tooltip-count\">4<div class=\"avia-arrow\"><\/div><\/div><div class=\"av-hotspot-fallback-tooltip-inner clearfix\"><p>\nAdh\u00e9rer \u00e0 la CARCDSF<\/p>\n<\/div><\/div><div class='av-hotspot-fallback-tooltip av-image-hotspot-5 '><div class=\"av-hotspot-fallback-tooltip-count\">5<div class=\"avia-arrow\"><\/div><\/div><div class=\"av-hotspot-fallback-tooltip-inner clearfix\"><p>\nSouscrire aux assurances : RCP, Pr\u00e9voyance&#8230;<\/p>\n<\/div><\/div><div class='av-hotspot-fallback-tooltip av-image-hotspot-6 '><div class=\"av-hotspot-fallback-tooltip-count\">6<div class=\"avia-arrow\"><\/div><\/div><div class=\"av-hotspot-fallback-tooltip-inner clearfix\"><p>\nFaire le choix d&#8217;une AGA<\/p>\n<\/div><\/div><\/div><\/div>\n<style type=\"text\/css\" data-created_by=\"avia_inline_auto\" id=\"style-css-av-1a2tbie-c3ca62ba588b45ab0db5a1c40a5496ef\">\n.flex_column.av-1a2tbie-c3ca62ba588b45ab0db5a1c40a5496ef{\n-webkit-border-radius:0px 0px 0px 0px;\n-moz-border-radius:0px 0px 0px 0px;\nborder-radius:0px 0px 0px 0px;\npadding:0px 0px 0px 0px;\n}\n<\/style>\n<div class='flex_column av-1a2tbie-c3ca62ba588b45ab0db5a1c40a5496ef av_one_full first flex_column_div av-zero-column-padding '     ><style type=\"text\/css\" data-created_by=\"avia_inline_auto\" id=\"style-css-av-jto7myke-e302574caa9d14165b161644942f3aa8\">\n#top .togglecontainer.av-jto7myke-e302574caa9d14165b161644942f3aa8 p.toggler{\ncolor:#238388;\nbackground-color:#ffffff;\n}\n#top .togglecontainer.av-jto7myke-e302574caa9d14165b161644942f3aa8 p.toggler.activeTitle{\ncolor:#238388;\nborder-color:#238388;\nbackground-color:#ffffff;\n}\n#top .togglecontainer.av-jto7myke-e302574caa9d14165b161644942f3aa8 p.toggler .toggle_icon{\ncolor:#238388;\nborder-color:#238388;\n}\n#top .togglecontainer.av-jto7myke-e302574caa9d14165b161644942f3aa8 .toggle_wrap .toggle_content{\ncolor:#238388;\nbackground-color:#ffffff;\n}\n<\/style>\n<div  class='togglecontainer av-jto7myke-e302574caa9d14165b161644942f3aa8 av-elegant-toggle toggle_close_all hasCurrentStyle' >\n<section class='av_toggle_section av-185ke52-6d109b8dddada5005713cc6b433055e2'  itemscope=\"itemscope\" itemtype=\"https:\/\/schema.org\/CreativeWork\" ><div role=\"tablist\" class=\"single_toggle\" data-tags=\"{Tout} {10} \"  ><p data-fake-id='#toggle-id-7' class='toggler   av-inherit-font-color hasCustomColor'  itemprop=\"headline\"  role='tab' tabindex='0' aria-controls='toggle-id-7'><strong>\u00c9tape 1 - Inscription \u00e0 l\u2019Ordre des Chirurgiens-Dentistes<\/strong><span class=\"toggle_icon\"><span class=\"vert_icon\"><\/span><span class=\"hor_icon\"><\/span><\/span><\/p><div id='toggle-id-7' class='toggle_wrap  '  ><div class='toggle_content invers-color av-inherit-font-color hasCustomColor'  itemprop=\"text\" ><div class=\"content-chapo\">\nL\u2019inscription est obligatoire pour tout m\u00e9decin qui exerce la profession en France, selon l\u2019article L.4111-1 du Code de la sant\u00e9 publique.\n<\/div>\n<div class=\"content-texte single\">\nLe d\u00e9faut d\u2019inscription est, conform\u00e9ment \u00e0 l\u2019article L.4161-1 du Code de la sant\u00e9 publique, constitutif du d\u00e9lit d\u2019exercice ill\u00e9gal de la m\u00e9decine et puni des peines de deux ans d\u2019emprisonnement et 30\u00a0000\u00a0euros d\u2019amende ; la confiscation du mat\u00e9riel ayant permis l\u2019exercice ill\u00e9gal peut \u00eatre ordonn\u00e9e.<br \/>\nL\u2019inscription a pour effet de rendre licite l\u2019exercice du m\u00e9decin sur tout le territoire (article L.4112-5 du Code de la sant\u00e9 publique).<br \/>\nElle est sollicit\u00e9e aupr\u00e8s du\u00a0<a href=\"http:\/\/www.soignereniledefrance.org\/wp-content\/uploads\/2017\/08\/coordonnees_des_CD_IDF_0.docx\" target=\"_blank\" rel=\"noopener noreferrer\">conseil d\u00e9partemental de l\u2019Ordre des m\u00e9decins<\/a>\u00a0dans lequel le m\u00e9decin \u00e9tablit sa r\u00e9sidence professionnelle (article L.4112-1 du code de la sant\u00e9 publique).\n<\/div>\n<\/div><\/div><\/div><\/section>\n<section class='av_toggle_section av-jid3bq-721884ce1f7907b3ccfdddc600cf9e7b'  itemscope=\"itemscope\" itemtype=\"https:\/\/schema.org\/CreativeWork\" ><div role=\"tablist\" class=\"single_toggle\" data-tags=\"{Tout} {20} \"  ><p data-fake-id='#toggle-id-8' class='toggler   av-inherit-font-color hasCustomColor'  itemprop=\"headline\"  role='tab' tabindex='0' aria-controls='toggle-id-8'><strong>\u00c9tape 2 - Enregistrement aupr\u00e8s de l\u2019Assurance Maladie<\/strong><span class=\"toggle_icon\"><span class=\"vert_icon\"><\/span><span class=\"hor_icon\"><\/span><\/span><\/p><div id='toggle-id-8' class='toggle_wrap  '  ><div class='toggle_content invers-color av-inherit-font-color hasCustomColor'  itemprop=\"text\" ><div class=\"content-chapo\">\nUne fois que vous \u00eates inscrit au tableau de l\u2019Ordre, vous devez d\u00e9clarer et faire enregistrer votre activit\u00e9 lib\u00e9rale aupr\u00e8s de l\u2019Assurance Maladie. La CPAM est seule habilit\u00e9e \u00e0 fournir les feuilles de soins pr\u00e9-identifi\u00e9es permettant aux patients de se faire rembourser.\n<\/div>\n<div class=\"content-texte single\">\n<span class=\"light-blue\">Utilisez le nouveau service d\u2019inscription en ligne de l\u2019assurance maladie :<\/span><br \/>\n<a href=\"https:\/\/installation-medecin.ameli.fr\/installation_medecin\/\" target=\"_blank\" rel=\"noopener noreferrer\">https:\/\/installation-medecin.ameli.fr\/installation_medecin\/<\/a><br \/>\n<span class=\"light-blue\">OU contactez par t\u00e9l\u00e9phone la caisse primaire d\u2019Assurance Maladie (CPAM) de votre lieu d\u2019exercice pour prendre rendez-vous.<\/span><br \/>\nUn conseiller de l\u2019Assurance Maladie vous indiquera la liste des pi\u00e8ces justificatives n\u00e9cessaires \u00e0 pr\u00e9senter lors de cet entretien :<\/p>\n<ul>\n<li>l\u2019attestation d\u2019inscription au tableau de l\u2019Ordre ;<\/li>\n<li>une pi\u00e8ce d\u2019identit\u00e9 ;<\/li>\n<li>votre carte Vitale ou votre attestation Vitale ;<\/li>\n<li>un RIB ;<\/li>\n<li>et, le cas \u00e9ch\u00e9ant :\n<ul>\n<li>le(s)\u00a0<a href=\"http:\/\/www.soignereniledefrance.org\/conseils\/4-choisir-son-secteur-secteur-1-ou-2\/\" target=\"_blank\" rel=\"noopener noreferrer\">titre(s) justificatif(s) permettant l\u2019acc\u00e8s au secteur 2<\/a>\u00a0;<\/li>\n<li>le(s) contrat(s) de collaboration lib\u00e9rale ;<\/li>\n<li>l\u2019agr\u00e9ment de votre \u00e9quipement radiologique.<\/li>\n<\/ul>\n<\/li>\n<\/ul>\n<\/div>\n<\/div><\/div><\/div><\/section>\n<section class='av_toggle_section av-hlkvt2-8e3a8c261acc4c98592e0f24d956ab0f'  itemscope=\"itemscope\" itemtype=\"https:\/\/schema.org\/CreativeWork\" ><div role=\"tablist\" class=\"single_toggle\" data-tags=\"{Tout} {40} \"  ><p data-fake-id='#toggle-id-9' class='toggler   av-inherit-font-color hasCustomColor'  itemprop=\"headline\"  role='tab' tabindex='0' aria-controls='toggle-id-9'><strong>\u00c9tape 3 - D\u00e9claration de d\u00e9but d\u2018activit\u00e9 adress\u00e9e \u00e0 l\u2019URSSAF<\/strong><span class=\"toggle_icon\"><span class=\"vert_icon\"><\/span><span class=\"hor_icon\"><\/span><\/span><\/p><div id='toggle-id-9' class='toggle_wrap  '  ><div class='toggle_content invers-color av-inherit-font-color hasCustomColor'  itemprop=\"text\" ><div class=\"content-chapo\">\n<div class=\"content-chapo\">\nUne d\u00e9claration de d\u00e9but d\u2019activit\u00e9 doit \u00eatre adress\u00e9e dans les 8 jours suivant le d\u00e9but de l\u2019activit\u00e9 au Centre de Formalit\u00e9s des Entreprises (CFE) comp\u00e9tent.\n<\/div>\n<div class=\"content-texte single\">\nUne d\u00e9claration de d\u00e9but d\u2019activit\u00e9 doit \u00eatre adress\u00e9e au Centre de Formalit\u00e9s des Entreprises (CFE) comp\u00e9tent, c\u2019est-\u00e0-dire :<br \/>\n>>\u00a0<strong>\u00c0 l\u2019URSSAF<\/strong>\u00a0(Union de Recouvrement des cotisations de S\u00e9curit\u00e9 Sociale et d\u2019Allocations Familiales) du lieu d\u2019exercice lorsque l\u2019activit\u00e9 est exerc\u00e9e\u00a0<strong>\u00e0 titre individuel<\/strong>.<br \/>\n<span class=\"light-blue\">Pour l\u2019immatriculation individuelle, cette formalit\u00e9 est aujourd\u2019hui r\u00e9alis\u00e9e par la CPAM (facilitation des d\u00e9marches) . Vous n\u2019avez donc pas \u00e0 vous d\u00e9placer.<\/span>\n<\/div>\n<\/div>\n<div class=\"content-texte single\"><\/div>\n<\/div><\/div><\/div><\/section>\n<section class='av_toggle_section av-160dbue-a12c29775dd293906088d23d717c180f'  itemscope=\"itemscope\" itemtype=\"https:\/\/schema.org\/CreativeWork\" ><div role=\"tablist\" class=\"single_toggle\" data-tags=\"{Tout} {40} \"  ><p data-fake-id='#toggle-id-10' class='toggler   av-inherit-font-color hasCustomColor'  itemprop=\"headline\"  role='tab' tabindex='0' aria-controls='toggle-id-10'><strong>\u00c9tape 4 - Adh\u00e9rer \u00e0 la CARCDSF<\/strong><span class=\"toggle_icon\"><span class=\"vert_icon\"><\/span><span class=\"hor_icon\"><\/span><\/span><\/p><div id='toggle-id-10' class='toggle_wrap  '  ><div class='toggle_content invers-color av-inherit-font-color hasCustomColor'  itemprop=\"text\" ><div class=\"content-chapo\">\nTout m\u00e9decin exer\u00e7ant une activit\u00e9 m\u00e9dicale lib\u00e9rale et titulaire du dipl\u00f4me de Docteur en m\u00e9decine est obligatoirement assujetti \u00e0 la Caisse autonome de retraite des m\u00e9decins de France (CARMF).\n<\/div>\n<div class=\"content-texte single\">\nL\u2019affiliation est obligatoire pour les m\u00e9decins titulaires du dipl\u00f4me de docteur en m\u00e9decine, inscrits au conseil de l\u2019Ordre et exer\u00e7ant une activit\u00e9 m\u00e9dicale lib\u00e9rale (installation, remplacements, expertises pour les compagnies d\u2019assurance ou les laboratoires priv\u00e9s, secteur priv\u00e9 \u00e0 l\u2019h\u00f4pital, en soci\u00e9t\u00e9 d\u2019exercice lib\u00e9ral ou toute autre activit\u00e9 r\u00e9mun\u00e9r\u00e9e sous forme d\u2019honoraires) en France m\u00e9tropolitaine et dans les d\u00e9partements d\u2019Outre-Mer ou \u00e0 Monaco.<br \/>\nL\u2019inscription est \u00e0 demander dans un d\u00e9lai d\u2019un mois apr\u00e8s le d\u00e9but d\u2019activit\u00e9, et prend effet au premier jour du trimestre civil suivant la date de d\u00e9but d\u2019activit\u00e9.<br \/>\nLa d\u00e9claration en vue de l\u2019affiliation doit \u00eatre retourn\u00e9e \u00e0 la CARMF, compl\u00e9t\u00e9e et contresign\u00e9e par le Conseil d\u00e9partemental de l\u2019Ordre des m\u00e9decins.\n<\/div>\n<\/div><\/div><\/div><\/section>\n<section class='av_toggle_section av-15507p2-5b1395f2cbe9a5423bed2ef7dc666761'  itemscope=\"itemscope\" itemtype=\"https:\/\/schema.org\/CreativeWork\" ><div role=\"tablist\" class=\"single_toggle\" data-tags=\"{Tout} {30} \"  ><p data-fake-id='#toggle-id-11' class='toggler   av-inherit-font-color hasCustomColor'  itemprop=\"headline\"  role='tab' tabindex='0' aria-controls='toggle-id-11'><strong>\u00c9tape 5 - Souscrire aux assurances : RCP, Pr\u00e9voyance...<\/strong><span class=\"toggle_icon\"><span class=\"vert_icon\"><\/span><span class=\"hor_icon\"><\/span><\/span><\/p><div id='toggle-id-11' class='toggle_wrap  '  ><div class='toggle_content invers-color av-inherit-font-color hasCustomColor'  itemprop=\"text\" ><div class=\"content-chapo\">\nTous les m\u00e9decins lib\u00e9raux en exercice (et leurs rempla\u00e7ants) sont oblig\u00e9s de souscrire\u00a0<strong>une assurance responsabilit\u00e9 civile professionnelle<\/strong>\u00a0(loi n\u00b0 2002-303 du 4 mars 2002 dite \u00ab loi Kouchner \u00bb, relative aux droits des malades et \u00e0 la qualit\u00e9 du syst\u00e8me de sant\u00e9).\n<\/div>\n<ul>\n<li class=\"content-texte single\"><strong>L\u2019assurance responsabilit\u00e9 civile professionnelle (RCP) : obligatoire<\/strong><\/li>\n<\/ul>\n<p><span class=\"light-blue\">L\u2019assurance responsabilit\u00e9 civile professionnelle (RCP) doit :<\/span><\/p>\n<ul>\n<li style=\"list-style-type: none;\">\n<ul>\n<li>\u00eatre souscrite pr\u00e9alablement \u00e0 l\u2019accomplissement d\u2019un quelconque acte professionnel, il faut donc \u00eatre assur\u00e9 avant d\u2019exercer comme l\u2019on doit \u00eatre assur\u00e9 pour conduire un v\u00e9hicule automobile.<\/li>\n<li>couvrir tous les actes que le m\u00e9decin \u00e0 l\u2019intention d\u2019effectuer, c\u2019est tout l\u2019int\u00e9r\u00eat du contrat RCP qui doit \u00eatre exhaustif.<\/li>\n<\/ul>\n<\/li>\n<\/ul>\n<ul>\n<li><strong>La pr\u00e9voyance : facultative mais fortement conseill\u00e9e<\/strong><\/li>\n<\/ul>\n<p>Personne n\u2019est \u00e0 l\u2019abri d\u2019un accident de la vie, d\u2019une maladie. En cas d\u2019arr\u00eat maladie, les indemnit\u00e9s journali\u00e8res que vous verse la CARMF n\u2019interviennent qu\u2019\u00e0 compter du 91\u00e9me jour d\u2019arr\u00eat de travail.<br \/>\nIl est donc vivement recommand\u00e9 de souscrire une assurance compl\u00e9mentaire couvrant les trois premiers mois.<\/p>\n<\/div><\/div><\/div><\/section>\n<section class='av_toggle_section av-c6rf8m-9cd2c9d3344ebebda8441ccab4b2978b'  itemscope=\"itemscope\" itemtype=\"https:\/\/schema.org\/CreativeWork\" ><div role=\"tablist\" class=\"single_toggle\" data-tags=\"{Tout} {40} \"  ><p data-fake-id='#toggle-id-12' class='toggler   av-inherit-font-color hasCustomColor'  itemprop=\"headline\"  role='tab' tabindex='0' aria-controls='toggle-id-12'><strong>\u00c9tape 6 - Faire le choix d\u2019une AGA<\/strong><span class=\"toggle_icon\"><span class=\"vert_icon\"><\/span><span class=\"hor_icon\"><\/span><\/span><\/p><div id='toggle-id-12' class='toggle_wrap  '  ><div class='toggle_content invers-color av-inherit-font-color hasCustomColor'  itemprop=\"text\" ><div class=\"content-chapo\">\n<div class=\"content-chapo\"><strong>Adh\u00e9rer \u00e0 une association de gestion agr\u00e9\u00e9e par l\u2019administration fiscale est facultatif mais apporte un certain nombre d\u2019avantages, notamment fiscaux.<\/strong><\/div>\n<div class=\"content-texte single\">\n<div class=\"content-texte single\">\nL\u2019adh\u00e9sion \u00e0 une association de gestion agr\u00e9\u00e9e (AGA) vous permet de\u00a0<strong>b\u00e9n\u00e9ficier d\u2019avantages fiscaux, ainsi que d\u2019une assistance<\/strong>\u00a0en mati\u00e8re de tenue de comptabilit\u00e9, fiscalit\u00e9, \u00e9tablissement de vos d\u00e9clarations d\u2019imp\u00f4ts et formalit\u00e9s professionnelles.\n<\/div>\n<p><strong><span class=\"light-blue\">Missions d\u2019une AGA<\/span><\/strong><\/p>\n<ul>\n<li>Assister les adh\u00e9rents \u00e0 d\u00e9terminer leurs revenus par une tenue comptable vigilante.<\/li>\n<li>Aviser les adh\u00e9rents de leurs obligations administratives et fiscales et notamment de leurs \u00e9volutions.<\/li>\n<li>Organiser des formations (ou entretiens personnalis\u00e9s).<\/li>\n<li>V\u00e9rifier vraisemblance, coh\u00e9rence et concordance des d\u00e9clarations fiscales professionnelles.<\/li>\n<li>Pr\u00e9voir une analyse des informations \u00e9conomiques, comptables et financi\u00e8res.<\/li>\n<\/ul>\n<p><strong><span class=\"light-blue\">Trois raisons d\u2019adh\u00e9rer \u00e0 une AGA<\/span><\/strong><\/p>\n<ul>\n<li>Les adh\u00e9rents \u00e0 une AGA sont imposables sur le b\u00e9n\u00e9fice d\u00e9termin\u00e9 par la 2035 alors que les non-adh\u00e9rents le sont sur ce m\u00eame b\u00e9n\u00e9fice major\u00e9 de 25 %.<\/li>\n<li>Pour b\u00e9n\u00e9ficier d\u2019une d\u00e9ductibilit\u00e9 int\u00e9grale de la r\u00e9mun\u00e9ration de votre conjoint salari\u00e9 quel que soit votre r\u00e9gime matrimonial sous r\u00e9serve d\u2019une r\u00e9mun\u00e9ration normale avec r\u00e8glements des cotisations.<\/li>\n<li>A partir du 1er janvier 2016, les frais de tenue de comptabilit\u00e9 et d\u2019adh\u00e9sion \u00e0 une AGA constituent des charges d\u00e9ductibles pour la d\u00e9termination du r\u00e9sultat.<\/li>\n<\/ul>\n<p><strong><span class=\"light-blue\">Vos obligations en qualit\u00e9 d\u2019adh\u00e9rent<\/span><\/strong><\/p>\n<ul>\n<li>Tenir une comptabilit\u00e9 conforme au plan comptable imputable aux professions lib\u00e9rales, en utilisant les documents ad\u00e9quats (livre journal, registre des immobilisations et amortissements, livre des recettes journali\u00e8res).<\/li>\n<li>Accepter les r\u00e8glements par ch\u00e8que libell\u00e9 \u00e0 votre nom.<\/li>\n<li>Informer votre client\u00e8le de votre appartenance \u00e0 une association de gestion agr\u00e9\u00e9e par mention sur les documents professionnels et affichage dans les locaux.<\/li>\n<li>Porter le montant des honoraires per\u00e7us sur les feuilles de soins, dans leur totalit\u00e9.<\/li>\n<li>Respecter chaque ann\u00e9e la date fix\u00e9e par l\u2019AGA pour l\u2019envoi de la d\u00e9claration de vos revenus professionnels accompagn\u00e9e du dossier de gestion.<\/li>\n<\/ul>\n<\/div>\n<\/div>\n<div class=\"content-texte single\"><\/div>\n<\/div><\/div><\/div><\/section>\n<\/div><\/div><\/p>\n<\/div><\/div><\/div>\n<style type=\"text\/css\" data-created_by=\"avia_inline_auto\" id=\"style-css-av-jt5xk2g8-fe71d957fc41d7fcde64a4e28ad98d2b\">\n.av-layout-tab.av-jt5xk2g8-fe71d957fc41d7fcde64a4e28ad98d2b{\nvertical-align:top;\nbackground-color:#f8f8f8;\n}\n#top .av-tab-section-outer-container.av-jt5ya1wb-1429bfb13923553c06f9841c622a540f .av-active-tab-title.av-section-tab-title.av-jt5xk2g8-fe71d957fc41d7fcde64a4e28ad98d2b{\ncolor:#51becb;\n}\n#top .av-tab-section-outer-container.av-jt5ya1wb-1429bfb13923553c06f9841c622a540f .av-active-tab-title.av-section-tab-title.av-jt5xk2g8-fe71d957fc41d7fcde64a4e28ad98d2b .av-tab-arrow-container span{\nbackground-color:#f8f8f8;\n}\n<\/style>\n<div id='av-tab-section-1-3' class='av-layout-tab av-jt5xk2g8-fe71d957fc41d7fcde64a4e28ad98d2b av-animation-delay-container ' data-av-deeplink-tabs=\"\" data-av-tab-section-content=\"3\" data-tab-section-id=\"masseur-kinsithrapeute\"><div class=\"av-layout-tab-inner\"><div class=\"container\"><p>\n<style type=\"text\/css\" data-created_by=\"avia_inline_auto\" id=\"style-css-av-weyi2-0615eb989164fa3c9e907b3e228733c0\">\n.flex_column.av-weyi2-0615eb989164fa3c9e907b3e228733c0{\n-webkit-border-radius:0px 0px 0px 0px;\n-moz-border-radius:0px 0px 0px 0px;\nborder-radius:0px 0px 0px 0px;\npadding:0px 0px 0px 0px;\n}\n<\/style>\n<div class='flex_column av-weyi2-0615eb989164fa3c9e907b3e228733c0 av_one_full first flex_column_div av-zero-column-padding '     ><style type=\"text\/css\" data-created_by=\"avia_inline_auto\" id=\"style-css-sub-av-jto7jm9f-30005f120fb4a1ebc54ba2a2d78bdc93\">\n.av-hotspot-image-container .av-image-hotspot.av-12tn3km-c98b85faf70cd2a87357c90e15e8d6e7{\ntop:49.5%;\nleft:10.2%;\n}\n.av-hotspot-image-container .av-image-hotspot.av-12tn3km-c98b85faf70cd2a87357c90e15e8d6e7 .av-image-hotspot_inner{\nbackground-color:#0f8389;\ncolor:#ffffff;\n}\n.av-hotspot-image-container .av-image-hotspot.av-12tn3km-c98b85faf70cd2a87357c90e15e8d6e7 .av-image-hotspot-pulse{\nbackground-color:#ffffff;\n}\n.av-hotspot-image-container .av-image-hotspot.av-1187u9y-890b996d5bf7c77dfbcda0e41d70ff24{\ntop:49.5%;\nleft:24.8%;\n}\n.av-hotspot-image-container .av-image-hotspot.av-1187u9y-890b996d5bf7c77dfbcda0e41d70ff24 .av-image-hotspot_inner{\nbackground-color:#0f8389;\ncolor:#ffffff;\n}\n.av-hotspot-image-container .av-image-hotspot.av-1187u9y-890b996d5bf7c77dfbcda0e41d70ff24 .av-image-hotspot-pulse{\nbackground-color:#ffffff;\n}\n.av-hotspot-image-container .av-image-hotspot.av-3j8sdy-916fd247cac3fa6f98af33c726dab0f1{\ntop:49.5%;\nleft:35.9%;\n}\n.av-hotspot-image-container .av-image-hotspot.av-3j8sdy-916fd247cac3fa6f98af33c726dab0f1 .av-image-hotspot_inner{\nbackground-color:#0f8389;\ncolor:#ffffff;\n}\n.av-hotspot-image-container .av-image-hotspot.av-3j8sdy-916fd247cac3fa6f98af33c726dab0f1 .av-image-hotspot-pulse{\nbackground-color:#ffffff;\n}\n.av-hotspot-image-container .av-image-hotspot.av-3ewjdy-a9d6d53d0f9035afe968580bd25a432b{\ntop:49.5%;\nleft:47.3%;\n}\n.av-hotspot-image-container .av-image-hotspot.av-3ewjdy-a9d6d53d0f9035afe968580bd25a432b .av-image-hotspot_inner{\nbackground-color:#0f8389;\ncolor:#ffffff;\n}\n.av-hotspot-image-container .av-image-hotspot.av-3ewjdy-a9d6d53d0f9035afe968580bd25a432b .av-image-hotspot-pulse{\nbackground-color:#ffffff;\n}\n.av-hotspot-image-container .av-image-hotspot.av-wui44m-8ff56650f8c6ffa2f674e4af2ecd48ea{\ntop:50%;\nleft:59%;\n}\n.av-hotspot-image-container .av-image-hotspot.av-wui44m-8ff56650f8c6ffa2f674e4af2ecd48ea .av-image-hotspot_inner{\nbackground-color:#238388;\ncolor:#ffffff;\n}\n.av-hotspot-image-container .av-image-hotspot.av-wui44m-8ff56650f8c6ffa2f674e4af2ecd48ea .av-image-hotspot-pulse{\nbackground-color:#ffffff;\n}\n.av-hotspot-image-container .av-image-hotspot.av-vdrysm-1462ad8d19af7ac1f5fe41619b98c10c{\ntop:50%;\nleft:90%;\n}\n.av-hotspot-image-container .av-image-hotspot.av-vdrysm-1462ad8d19af7ac1f5fe41619b98c10c .av-image-hotspot_inner{\nbackground-color:#238388;\ncolor:#ffffff;\n}\n.av-hotspot-image-container .av-image-hotspot.av-vdrysm-1462ad8d19af7ac1f5fe41619b98c10c .av-image-hotspot-pulse{\nbackground-color:#ffffff;\n}\n<\/style>\n<div  class='av-hotspot-image-container av-jto7jm9f-30005f120fb4a1ebc54ba2a2d78bdc93 av-hotspot-numbered av-mobile-fallback-active  av-non-fullwidth-hotspot-image'  itemprop=\"image\" itemscope=\"itemscope\" itemtype=\"https:\/\/schema.org\/ImageObject\" ><div class='av-hotspot-container'><div class='av-hotspot-container-inner-cell'><div class='av-hotspot-container-inner-wrap'><div class='av-image-hotspot av-12tn3km-c98b85faf70cd2a87357c90e15e8d6e7 av-image-hotspot-1 ' data-avia-tooltip-position='left' data-avia-tooltip-alignment='top' data-avia-tooltip-class='av-tt-default-width av-tt-pos-left av-tt-align-top  av-mobile-fallback-active  main_color av-tooltip-shadow av-tt-hotspot' data-avia-tooltip='&lt;p&gt;Inscription \u00e0 l\u2019Ordre des Masseurs-Kin\u00e9sith\u00e9rapeutes&lt;\/p&gt;\n'><a href=https:\/\/soignerenperigord.dordogne.fr\/?page_id=1270#toggle-id-13  class='av-image-hotspot_inner'>1<\/a><div class='av-image-hotspot-pulse'><\/div><\/div><div class='av-image-hotspot av-1187u9y-890b996d5bf7c77dfbcda0e41d70ff24 av-image-hotspot-2 ' data-avia-tooltip-position='left' data-avia-tooltip-alignment='top' data-avia-tooltip-class='av-tt-default-width av-tt-pos-left av-tt-align-top  av-mobile-fallback-active  main_color av-tooltip-shadow av-tt-hotspot' data-avia-tooltip='&lt;p&gt;Enregistrement aupr\u00e8s de l&#8217;Assurance Maladie&lt;\/p&gt;\n'><a href=https:\/\/soignerenperigord.dordogne.fr\/?page_id=1270#toggle-id-14  class='av-image-hotspot_inner'>2<\/a><div class='av-image-hotspot-pulse'><\/div><\/div><div class='av-image-hotspot av-3j8sdy-916fd247cac3fa6f98af33c726dab0f1 av-image-hotspot-3 ' data-avia-tooltip-position='left' data-avia-tooltip-alignment='top' data-avia-tooltip-class='av-tt-default-width av-tt-pos-left av-tt-align-top  av-mobile-fallback-active  main_color av-tooltip-shadow av-tt-hotspot' data-avia-tooltip='&lt;p&gt;D\u00e9claration de d\u00e9but d&#8217;activit\u00e9 adress\u00e9e \u00e0 l&#8217;URSSAF&lt;\/p&gt;\n'><a href=https:\/\/soignerenperigord.dordogne.fr\/?page_id=1270#toggle-id-15  class='av-image-hotspot_inner'>3<\/a><div class='av-image-hotspot-pulse'><\/div><\/div><div class='av-image-hotspot av-3ewjdy-a9d6d53d0f9035afe968580bd25a432b av-image-hotspot-4 ' data-avia-tooltip-position='left' data-avia-tooltip-alignment='top' data-avia-tooltip-class='av-tt-default-width av-tt-pos-left av-tt-align-top  av-mobile-fallback-active  main_color av-tooltip-shadow av-tt-hotspot' data-avia-tooltip='&lt;p&gt;Adh\u00e9rer \u00e0 la CARPIMKO&lt;\/p&gt;\n'><a href=https:\/\/soignerenperigord.dordogne.fr\/?page_id=1270#toggle-id-16  class='av-image-hotspot_inner'>4<\/a><div class='av-image-hotspot-pulse'><\/div><\/div><div class='av-image-hotspot av-wui44m-8ff56650f8c6ffa2f674e4af2ecd48ea av-image-hotspot-5 ' data-avia-tooltip-position='left' data-avia-tooltip-alignment='top' data-avia-tooltip-class='av-tt-default-width av-tt-pos-left av-tt-align-top  av-mobile-fallback-active  main_color av-tooltip-shadow av-tt-hotspot' data-avia-tooltip='&lt;p&gt;Souscrire aux assurances : RCP, Pr\u00e9voyance&#8230;&lt;\/p&gt;\n'><a href=https:\/\/soignerenperigord.dordogne.fr\/?page_id=1270#toggle-id-17  class='av-image-hotspot_inner'>5<\/a><div class='av-image-hotspot-pulse'><\/div><\/div><div class='av-image-hotspot av-vdrysm-1462ad8d19af7ac1f5fe41619b98c10c av-image-hotspot-6 ' data-avia-tooltip-position='left' data-avia-tooltip-alignment='top' data-avia-tooltip-class='av-tt-default-width av-tt-pos-left av-tt-align-top  av-mobile-fallback-active  main_color av-tooltip-shadow av-tt-hotspot' data-avia-tooltip='&lt;p&gt;Faire le choix d&#8217;une AGA&lt;\/p&gt;\n'><a href=https:\/\/soignerenperigord.dordogne.fr\/?page_id=1270#toggle-id-18  class='av-image-hotspot_inner'>6<\/a><div class='av-image-hotspot-pulse'><\/div><\/div><img decoding=\"async\" class='wp-image-1992 avia-img-lazy-loading-not-1992 avia_image' src=\"https:\/\/soignerenperigord.fr\/wp-content\/uploads\/2019\/04\/kine-infographie-parcours-installation-1.png\" alt='' title='kine-infographie-parcours-installation'  height=\"400\" width=\"1064\"  itemprop=\"thumbnailUrl\" srcset=\"https:\/\/soignerenperigord.fr\/wp-content\/uploads\/2019\/04\/kine-infographie-parcours-installation-1.png 1064w, https:\/\/soignerenperigord.fr\/wp-content\/uploads\/2019\/04\/kine-infographie-parcours-installation-1-300x113.png 300w, https:\/\/soignerenperigord.fr\/wp-content\/uploads\/2019\/04\/kine-infographie-parcours-installation-1-768x289.png 768w, https:\/\/soignerenperigord.fr\/wp-content\/uploads\/2019\/04\/kine-infographie-parcours-installation-1-1030x387.png 1030w, https:\/\/soignerenperigord.fr\/wp-content\/uploads\/2019\/04\/kine-infographie-parcours-installation-1-705x265.png 705w, https:\/\/soignerenperigord.fr\/wp-content\/uploads\/2019\/04\/kine-infographie-parcours-installation-1-450x169.png 450w\" sizes=\"(max-width: 1064px) 100vw, 1064px\" \/><\/div><\/div><\/div><div class='av-hotspot-fallback-tooltip av-image-hotspot-1 '><div class=\"av-hotspot-fallback-tooltip-count\">1<div class=\"avia-arrow\"><\/div><\/div><div class=\"av-hotspot-fallback-tooltip-inner clearfix\"><p>\nInscription \u00e0 l\u2019Ordre des Masseurs-Kin\u00e9sith\u00e9rapeutes<\/p>\n<\/div><\/div><div class='av-hotspot-fallback-tooltip av-image-hotspot-2 '><div class=\"av-hotspot-fallback-tooltip-count\">2<div class=\"avia-arrow\"><\/div><\/div><div class=\"av-hotspot-fallback-tooltip-inner clearfix\"><p>\nEnregistrement aupr\u00e8s de l&#8217;Assurance Maladie<\/p>\n<\/div><\/div><div class='av-hotspot-fallback-tooltip av-image-hotspot-3 '><div class=\"av-hotspot-fallback-tooltip-count\">3<div class=\"avia-arrow\"><\/div><\/div><div class=\"av-hotspot-fallback-tooltip-inner clearfix\"><p>\nD\u00e9claration de d\u00e9but d&#8217;activit\u00e9 adress\u00e9e \u00e0 l&#8217;URSSAF<\/p>\n<\/div><\/div><div class='av-hotspot-fallback-tooltip av-image-hotspot-4 '><div class=\"av-hotspot-fallback-tooltip-count\">4<div class=\"avia-arrow\"><\/div><\/div><div class=\"av-hotspot-fallback-tooltip-inner clearfix\"><p>\nAdh\u00e9rer \u00e0 la CARPIMKO<\/p>\n<\/div><\/div><div class='av-hotspot-fallback-tooltip av-image-hotspot-5 '><div class=\"av-hotspot-fallback-tooltip-count\">5<div class=\"avia-arrow\"><\/div><\/div><div class=\"av-hotspot-fallback-tooltip-inner clearfix\"><p>\nSouscrire aux assurances : RCP, Pr\u00e9voyance&#8230;<\/p>\n<\/div><\/div><div class='av-hotspot-fallback-tooltip av-image-hotspot-6 '><div class=\"av-hotspot-fallback-tooltip-count\">6<div class=\"avia-arrow\"><\/div><\/div><div class=\"av-hotspot-fallback-tooltip-inner clearfix\"><p>\nFaire le choix d&#8217;une AGA<\/p>\n<\/div><\/div><\/div><\/div>\n<style type=\"text\/css\" data-created_by=\"avia_inline_auto\" id=\"style-css-av-weyi2-0615eb989164fa3c9e907b3e228733c0\">\n.flex_column.av-weyi2-0615eb989164fa3c9e907b3e228733c0{\n-webkit-border-radius:0px 0px 0px 0px;\n-moz-border-radius:0px 0px 0px 0px;\nborder-radius:0px 0px 0px 0px;\npadding:0px 0px 0px 0px;\n}\n<\/style>\n<div class='flex_column av-weyi2-0615eb989164fa3c9e907b3e228733c0 av_one_full first flex_column_div av-zero-column-padding '     ><style type=\"text\/css\" data-created_by=\"avia_inline_auto\" id=\"style-css-av-jto7myke-e302574caa9d14165b161644942f3aa8\">\n#top .togglecontainer.av-jto7myke-e302574caa9d14165b161644942f3aa8 p.toggler{\ncolor:#238388;\nbackground-color:#ffffff;\n}\n#top .togglecontainer.av-jto7myke-e302574caa9d14165b161644942f3aa8 p.toggler.activeTitle{\ncolor:#238388;\nborder-color:#238388;\nbackground-color:#ffffff;\n}\n#top .togglecontainer.av-jto7myke-e302574caa9d14165b161644942f3aa8 p.toggler .toggle_icon{\ncolor:#238388;\nborder-color:#238388;\n}\n#top .togglecontainer.av-jto7myke-e302574caa9d14165b161644942f3aa8 .toggle_wrap .toggle_content{\ncolor:#238388;\nbackground-color:#ffffff;\n}\n<\/style>\n<div  class='togglecontainer av-jto7myke-e302574caa9d14165b161644942f3aa8 av-elegant-toggle toggle_close_all hasCurrentStyle' >\n<section class='av_toggle_section av-tikrqu-50ea48c36bab815cc26586aec8bc3021'  itemscope=\"itemscope\" itemtype=\"https:\/\/schema.org\/CreativeWork\" ><div role=\"tablist\" class=\"single_toggle\" data-tags=\"{Tout} {10} \"  ><p data-fake-id='#toggle-id-13' class='toggler   av-inherit-font-color hasCustomColor'  itemprop=\"headline\"  role='tab' tabindex='0' aria-controls='toggle-id-13'><strong>\u00c9tape 1 - Inscription \u00e0 l\u2019Ordre des Masseurs-Kin\u00e9sith\u00e9rapeutes<\/strong><span class=\"toggle_icon\"><span class=\"vert_icon\"><\/span><span class=\"hor_icon\"><\/span><\/span><\/p><div id='toggle-id-13' class='toggle_wrap  '  ><div class='toggle_content invers-color av-inherit-font-color hasCustomColor'  itemprop=\"text\" ><div class=\"content-chapo\">\nL\u2019inscription est obligatoire pour tout m\u00e9decin qui exerce la profession en France, selon l\u2019article L.4111-1 du Code de la sant\u00e9 publique.\n<\/div>\n<div class=\"content-texte single\">\nLe d\u00e9faut d\u2019inscription est, conform\u00e9ment \u00e0 l\u2019article L.4161-1 du Code de la sant\u00e9 publique, constitutif du d\u00e9lit d\u2019exercice ill\u00e9gal de la m\u00e9decine et puni des peines de deux ans d\u2019emprisonnement et 30\u00a0000\u00a0euros d\u2019amende ; la confiscation du mat\u00e9riel ayant permis l\u2019exercice ill\u00e9gal peut \u00eatre ordonn\u00e9e.<br \/>\nL\u2019inscription a pour effet de rendre licite l\u2019exercice du m\u00e9decin sur tout le territoire (article L.4112-5 du Code de la sant\u00e9 publique).<br \/>\nElle est sollicit\u00e9e aupr\u00e8s du\u00a0<a href=\"http:\/\/www.soignereniledefrance.org\/wp-content\/uploads\/2017\/08\/coordonnees_des_CD_IDF_0.docx\" target=\"_blank\" rel=\"noopener noreferrer\">conseil d\u00e9partemental de l\u2019Ordre des m\u00e9decins<\/a>\u00a0dans lequel le m\u00e9decin \u00e9tablit sa r\u00e9sidence professionnelle (article L.4112-1 du code de la sant\u00e9 publique).\n<\/div>\n<\/div><\/div><\/div><\/section>\n<section class='av_toggle_section av-jid3bq-721884ce1f7907b3ccfdddc600cf9e7b'  itemscope=\"itemscope\" itemtype=\"https:\/\/schema.org\/CreativeWork\" ><div role=\"tablist\" class=\"single_toggle\" data-tags=\"{Tout} {20} \"  ><p data-fake-id='#toggle-id-14' class='toggler   av-inherit-font-color hasCustomColor'  itemprop=\"headline\"  role='tab' tabindex='0' aria-controls='toggle-id-14'><strong>\u00c9tape 2 - Enregistrement aupr\u00e8s de l\u2019Assurance Maladie<\/strong><span class=\"toggle_icon\"><span class=\"vert_icon\"><\/span><span class=\"hor_icon\"><\/span><\/span><\/p><div id='toggle-id-14' class='toggle_wrap  '  ><div class='toggle_content invers-color av-inherit-font-color hasCustomColor'  itemprop=\"text\" ><div class=\"content-chapo\">\nUne fois que vous \u00eates inscrit au tableau de l\u2019Ordre, vous devez d\u00e9clarer et faire enregistrer votre activit\u00e9 lib\u00e9rale aupr\u00e8s de l\u2019Assurance Maladie. La CPAM est seule habilit\u00e9e \u00e0 fournir les feuilles de soins pr\u00e9-identifi\u00e9es permettant aux patients de se faire rembourser.\n<\/div>\n<div class=\"content-texte single\">\n<span class=\"light-blue\">Utilisez le nouveau service d\u2019inscription en ligne de l\u2019assurance maladie :<\/span><br \/>\n<a href=\"https:\/\/installation-medecin.ameli.fr\/installation_medecin\/\" target=\"_blank\" rel=\"noopener noreferrer\">https:\/\/installation-medecin.ameli.fr\/installation_medecin\/<\/a><br \/>\n<span class=\"light-blue\">OU contactez par t\u00e9l\u00e9phone la caisse primaire d\u2019Assurance Maladie (CPAM) de votre lieu d\u2019exercice pour prendre rendez-vous.<\/span><br \/>\nUn conseiller de l\u2019Assurance Maladie vous indiquera la liste des pi\u00e8ces justificatives n\u00e9cessaires \u00e0 pr\u00e9senter lors de cet entretien :<\/p>\n<ul>\n<li>l\u2019attestation d\u2019inscription au tableau de l\u2019Ordre ;<\/li>\n<li>une pi\u00e8ce d\u2019identit\u00e9 ;<\/li>\n<li>votre carte Vitale ou votre attestation Vitale ;<\/li>\n<li>un RIB ;<\/li>\n<li>et, le cas \u00e9ch\u00e9ant :\n<ul>\n<li>le(s)\u00a0<a href=\"http:\/\/www.soignereniledefrance.org\/conseils\/4-choisir-son-secteur-secteur-1-ou-2\/\" target=\"_blank\" rel=\"noopener noreferrer\">titre(s) justificatif(s) permettant l\u2019acc\u00e8s au secteur 2<\/a>\u00a0;<\/li>\n<li>le(s) contrat(s) de collaboration lib\u00e9rale ;<\/li>\n<li>l\u2019agr\u00e9ment de votre \u00e9quipement radiologique.<\/li>\n<\/ul>\n<\/li>\n<\/ul>\n<\/div>\n<\/div><\/div><\/div><\/section>\n<section class='av_toggle_section av-hlkvt2-8e3a8c261acc4c98592e0f24d956ab0f'  itemscope=\"itemscope\" itemtype=\"https:\/\/schema.org\/CreativeWork\" ><div role=\"tablist\" class=\"single_toggle\" data-tags=\"{Tout} {40} \"  ><p data-fake-id='#toggle-id-15' class='toggler   av-inherit-font-color hasCustomColor'  itemprop=\"headline\"  role='tab' tabindex='0' aria-controls='toggle-id-15'><strong>\u00c9tape 3 - D\u00e9claration de d\u00e9but d\u2018activit\u00e9 adress\u00e9e \u00e0 l\u2019URSSAF<\/strong><span class=\"toggle_icon\"><span class=\"vert_icon\"><\/span><span class=\"hor_icon\"><\/span><\/span><\/p><div id='toggle-id-15' class='toggle_wrap  '  ><div class='toggle_content invers-color av-inherit-font-color hasCustomColor'  itemprop=\"text\" ><div class=\"content-chapo\">\n<div class=\"content-chapo\">\nUne d\u00e9claration de d\u00e9but d\u2019activit\u00e9 doit \u00eatre adress\u00e9e dans les 8 jours suivant le d\u00e9but de l\u2019activit\u00e9 au Centre de Formalit\u00e9s des Entreprises (CFE) comp\u00e9tent.\n<\/div>\n<div class=\"content-texte single\">\nUne d\u00e9claration de d\u00e9but d\u2019activit\u00e9 doit \u00eatre adress\u00e9e au Centre de Formalit\u00e9s des Entreprises (CFE) comp\u00e9tent, c\u2019est-\u00e0-dire :<br \/>\n>>\u00a0<strong>\u00c0 l\u2019URSSAF<\/strong>\u00a0(Union de Recouvrement des cotisations de S\u00e9curit\u00e9 Sociale et d\u2019Allocations Familiales) du lieu d\u2019exercice lorsque l\u2019activit\u00e9 est exerc\u00e9e\u00a0<strong>\u00e0 titre individuel<\/strong>.<br \/>\n<span class=\"light-blue\">Pour l\u2019immatriculation individuelle, cette formalit\u00e9 est aujourd\u2019hui r\u00e9alis\u00e9e par la CPAM (facilitation des d\u00e9marches) . Vous n\u2019avez donc pas \u00e0 vous d\u00e9placer.<\/span>\n<\/div>\n<\/div>\n<div class=\"content-texte single\"><\/div>\n<\/div><\/div><\/div><\/section>\n<section class='av_toggle_section av-2sxuvq-f23aaa73b4a318975391210efb16b8e7'  itemscope=\"itemscope\" itemtype=\"https:\/\/schema.org\/CreativeWork\" ><div role=\"tablist\" class=\"single_toggle\" data-tags=\"{Tout} {40} \"  ><p data-fake-id='#toggle-id-16' class='toggler   av-inherit-font-color hasCustomColor'  itemprop=\"headline\"  role='tab' tabindex='0' aria-controls='toggle-id-16'><strong>\u00c9tape 4 - Adh\u00e9rer \u00e0 la CARPIMKO<\/strong><span class=\"toggle_icon\"><span class=\"vert_icon\"><\/span><span class=\"hor_icon\"><\/span><\/span><\/p><div id='toggle-id-16' class='toggle_wrap  '  ><div class='toggle_content invers-color av-inherit-font-color hasCustomColor'  itemprop=\"text\" ><div class=\"content-chapo\">\nTout m\u00e9decin exer\u00e7ant une activit\u00e9 m\u00e9dicale lib\u00e9rale et titulaire du dipl\u00f4me de Docteur en m\u00e9decine est obligatoirement assujetti \u00e0 la Caisse autonome de retraite des m\u00e9decins de France (CARMF).\n<\/div>\n<div class=\"content-texte single\">\nL\u2019affiliation est obligatoire pour les m\u00e9decins titulaires du dipl\u00f4me de docteur en m\u00e9decine, inscrits au conseil de l\u2019Ordre et exer\u00e7ant une activit\u00e9 m\u00e9dicale lib\u00e9rale (installation, remplacements, expertises pour les compagnies d\u2019assurance ou les laboratoires priv\u00e9s, secteur priv\u00e9 \u00e0 l\u2019h\u00f4pital, en soci\u00e9t\u00e9 d\u2019exercice lib\u00e9ral ou toute autre activit\u00e9 r\u00e9mun\u00e9r\u00e9e sous forme d\u2019honoraires) en France m\u00e9tropolitaine et dans les d\u00e9partements d\u2019Outre-Mer ou \u00e0 Monaco.<br \/>\nL\u2019inscription est \u00e0 demander dans un d\u00e9lai d\u2019un mois apr\u00e8s le d\u00e9but d\u2019activit\u00e9, et prend effet au premier jour du trimestre civil suivant la date de d\u00e9but d\u2019activit\u00e9.<br \/>\nLa d\u00e9claration en vue de l\u2019affiliation doit \u00eatre retourn\u00e9e \u00e0 la CARMF, compl\u00e9t\u00e9e et contresign\u00e9e par le Conseil d\u00e9partemental de l\u2019Ordre des m\u00e9decins.\n<\/div>\n<\/div><\/div><\/div><\/section>\n<section class='av_toggle_section av-2l5xpy-e331d71ef2f1e7332b19f689263c8908'  itemscope=\"itemscope\" itemtype=\"https:\/\/schema.org\/CreativeWork\" ><div role=\"tablist\" class=\"single_toggle\" data-tags=\"{Tout} {30} \"  ><p data-fake-id='#toggle-id-17' class='toggler   av-inherit-font-color hasCustomColor'  itemprop=\"headline\"  role='tab' tabindex='0' aria-controls='toggle-id-17'><strong>\u00c9tape 5 - Souscrire aux assurances : RCP, Pr\u00e9voyance...<\/strong><span class=\"toggle_icon\"><span class=\"vert_icon\"><\/span><span class=\"hor_icon\"><\/span><\/span><\/p><div id='toggle-id-17' class='toggle_wrap  '  ><div class='toggle_content invers-color av-inherit-font-color hasCustomColor'  itemprop=\"text\" ><div class=\"content-chapo\">\nTous les m\u00e9decins lib\u00e9raux en exercice (et leurs rempla\u00e7ants) sont oblig\u00e9s de souscrire\u00a0<strong>une assurance responsabilit\u00e9 civile professionnelle<\/strong>\u00a0(loi n\u00b0 2002-303 du 4 mars 2002 dite \u00ab loi Kouchner \u00bb, relative aux droits des malades et \u00e0 la qualit\u00e9 du syst\u00e8me de sant\u00e9).\n<\/div>\n<ul>\n<li class=\"content-texte single\"><strong>L\u2019assurance responsabilit\u00e9 civile professionnelle (RCP) : obligatoire<\/strong><\/li>\n<\/ul>\n<p><span class=\"light-blue\">L\u2019assurance responsabilit\u00e9 civile professionnelle (RCP) doit :<\/span><\/p>\n<ul>\n<li style=\"list-style-type: none;\">\n<ul>\n<li>\u00eatre souscrite pr\u00e9alablement \u00e0 l\u2019accomplissement d\u2019un quelconque acte professionnel, il faut donc \u00eatre assur\u00e9 avant d\u2019exercer comme l\u2019on doit \u00eatre assur\u00e9 pour conduire un v\u00e9hicule automobile.<\/li>\n<li>couvrir tous les actes que le m\u00e9decin \u00e0 l\u2019intention d\u2019effectuer, c\u2019est tout l\u2019int\u00e9r\u00eat du contrat RCP qui doit \u00eatre exhaustif.<\/li>\n<\/ul>\n<\/li>\n<\/ul>\n<ul>\n<li><strong>La pr\u00e9voyance : facultative mais fortement conseill\u00e9e<\/strong><\/li>\n<\/ul>\n<p>Personne n\u2019est \u00e0 l\u2019abri d\u2019un accident de la vie, d\u2019une maladie. En cas d\u2019arr\u00eat maladie, les indemnit\u00e9s journali\u00e8res que vous verse la CARMF n\u2019interviennent qu\u2019\u00e0 compter du 91\u00e9me jour d\u2019arr\u00eat de travail.<br \/>\nIl est donc vivement recommand\u00e9 de souscrire une assurance compl\u00e9mentaire couvrant les trois premiers mois.<\/p>\n<\/div><\/div><\/div><\/section>\n<section class='av_toggle_section av-c6rf8m-9cd2c9d3344ebebda8441ccab4b2978b'  itemscope=\"itemscope\" itemtype=\"https:\/\/schema.org\/CreativeWork\" ><div role=\"tablist\" class=\"single_toggle\" data-tags=\"{Tout} {40} \"  ><p data-fake-id='#toggle-id-18' class='toggler   av-inherit-font-color hasCustomColor'  itemprop=\"headline\"  role='tab' tabindex='0' aria-controls='toggle-id-18'><strong>\u00c9tape 6 - Faire le choix d\u2019une AGA<\/strong><span class=\"toggle_icon\"><span class=\"vert_icon\"><\/span><span class=\"hor_icon\"><\/span><\/span><\/p><div id='toggle-id-18' class='toggle_wrap  '  ><div class='toggle_content invers-color av-inherit-font-color hasCustomColor'  itemprop=\"text\" ><div class=\"content-chapo\">\n<div class=\"content-chapo\"><strong>Adh\u00e9rer \u00e0 une association de gestion agr\u00e9\u00e9e par l\u2019administration fiscale est facultatif mais apporte un certain nombre d\u2019avantages, notamment fiscaux.<\/strong><\/div>\n<div class=\"content-texte single\">\n<div class=\"content-texte single\">\nL\u2019adh\u00e9sion \u00e0 une association de gestion agr\u00e9\u00e9e (AGA) vous permet de\u00a0<strong>b\u00e9n\u00e9ficier d\u2019avantages fiscaux, ainsi que d\u2019une assistance<\/strong>\u00a0en mati\u00e8re de tenue de comptabilit\u00e9, fiscalit\u00e9, \u00e9tablissement de vos d\u00e9clarations d\u2019imp\u00f4ts et formalit\u00e9s professionnelles.\n<\/div>\n<p><strong><span class=\"light-blue\">Missions d\u2019une AGA<\/span><\/strong><\/p>\n<ul>\n<li>Assister les adh\u00e9rents \u00e0 d\u00e9terminer leurs revenus par une tenue comptable vigilante.<\/li>\n<li>Aviser les adh\u00e9rents de leurs obligations administratives et fiscales et notamment de leurs \u00e9volutions.<\/li>\n<li>Organiser des formations (ou entretiens personnalis\u00e9s).<\/li>\n<li>V\u00e9rifier vraisemblance, coh\u00e9rence et concordance des d\u00e9clarations fiscales professionnelles.<\/li>\n<li>Pr\u00e9voir une analyse des informations \u00e9conomiques, comptables et financi\u00e8res.<\/li>\n<\/ul>\n<p><strong><span class=\"light-blue\">Trois raisons d\u2019adh\u00e9rer \u00e0 une AGA<\/span><\/strong><\/p>\n<ul>\n<li>Les adh\u00e9rents \u00e0 une AGA sont imposables sur le b\u00e9n\u00e9fice d\u00e9termin\u00e9 par la 2035 alors que les non-adh\u00e9rents le sont sur ce m\u00eame b\u00e9n\u00e9fice major\u00e9 de 25 %.<\/li>\n<li>Pour b\u00e9n\u00e9ficier d\u2019une d\u00e9ductibilit\u00e9 int\u00e9grale de la r\u00e9mun\u00e9ration de votre conjoint salari\u00e9 quel que soit votre r\u00e9gime matrimonial sous r\u00e9serve d\u2019une r\u00e9mun\u00e9ration normale avec r\u00e8glements des cotisations.<\/li>\n<li>A partir du 1er janvier 2016, les frais de tenue de comptabilit\u00e9 et d\u2019adh\u00e9sion \u00e0 une AGA constituent des charges d\u00e9ductibles pour la d\u00e9termination du r\u00e9sultat.<\/li>\n<\/ul>\n<p><strong><span class=\"light-blue\">Vos obligations en qualit\u00e9 d\u2019adh\u00e9rent<\/span><\/strong><\/p>\n<ul>\n<li>Tenir une comptabilit\u00e9 conforme au plan comptable imputable aux professions lib\u00e9rales, en utilisant les documents ad\u00e9quats (livre journal, registre des immobilisations et amortissements, livre des recettes journali\u00e8res).<\/li>\n<li>Accepter les r\u00e8glements par ch\u00e8que libell\u00e9 \u00e0 votre nom.<\/li>\n<li>Informer votre client\u00e8le de votre appartenance \u00e0 une association de gestion agr\u00e9\u00e9e par mention sur les documents professionnels et affichage dans les locaux.<\/li>\n<li>Porter le montant des honoraires per\u00e7us sur les feuilles de soins, dans leur totalit\u00e9.<\/li>\n<li>Respecter chaque ann\u00e9e la date fix\u00e9e par l\u2019AGA pour l\u2019envoi de la d\u00e9claration de vos revenus professionnels accompagn\u00e9e du dossier de gestion.<\/li>\n<\/ul>\n<\/div>\n<\/div>\n<div class=\"content-texte single\"><\/div>\n<\/div><\/div><\/div><\/section>\n<\/div><\/div><\/p>\n<\/div><\/div><\/div>\n<style type=\"text\/css\" data-created_by=\"avia_inline_auto\" id=\"style-css-av-jt5xidgd-67a2ff444437590dec6dca5962e1d147\">\n.av-layout-tab.av-jt5xidgd-67a2ff444437590dec6dca5962e1d147{\nvertical-align:top;\nbackground-color:#f8f8f8;\n}\n#top .av-tab-section-outer-container.av-jt5ya1wb-1429bfb13923553c06f9841c622a540f .av-active-tab-title.av-section-tab-title.av-jt5xidgd-67a2ff444437590dec6dca5962e1d147{\ncolor:#51becb;\n}\n#top .av-tab-section-outer-container.av-jt5ya1wb-1429bfb13923553c06f9841c622a540f .av-active-tab-title.av-section-tab-title.av-jt5xidgd-67a2ff444437590dec6dca5962e1d147 .av-tab-arrow-container span{\nbackground-color:#f8f8f8;\n}\n<\/style>\n<div id='av-tab-section-1-4' class='av-layout-tab av-jt5xidgd-67a2ff444437590dec6dca5962e1d147 av-animation-delay-container ' data-av-deeplink-tabs=\"\" data-av-tab-section-content=\"4\" data-tab-section-id=\"infirmier\"><div class=\"av-layout-tab-inner\"><div class=\"container\"><p>\n<style type=\"text\/css\" data-created_by=\"avia_inline_auto\" id=\"style-css-sub-av-jto7jm9f-e5ecbc6915a371a672aaab63eee907a9\">\n.av-hotspot-image-container .av-image-hotspot.av-oc7vom-e7305680bedc94d60723060ce5388b72{\ntop:49.5%;\nleft:7.4%;\n}\n.av-hotspot-image-container .av-image-hotspot.av-oc7vom-e7305680bedc94d60723060ce5388b72 .av-image-hotspot_inner{\nbackground-color:#0f8389;\ncolor:#ffffff;\n}\n.av-hotspot-image-container .av-image-hotspot.av-oc7vom-e7305680bedc94d60723060ce5388b72 .av-image-hotspot-pulse{\nbackground-color:#ffffff;\n}\n.av-hotspot-image-container .av-image-hotspot.av-mkbura-801946721b550aae7a4559188ad2a8ed{\ntop:49.5%;\nleft:19.1%;\n}\n.av-hotspot-image-container .av-image-hotspot.av-mkbura-801946721b550aae7a4559188ad2a8ed .av-image-hotspot_inner{\nbackground-color:#0f8389;\ncolor:#ffffff;\n}\n.av-hotspot-image-container .av-image-hotspot.av-mkbura-801946721b550aae7a4559188ad2a8ed .av-image-hotspot-pulse{\nbackground-color:#ffffff;\n}\n.av-hotspot-image-container .av-image-hotspot.av-koqig6-59042d53dad1a56ff68e95b6e17d2a5c{\ntop:49.5%;\nleft:30.8%;\n}\n.av-hotspot-image-container .av-image-hotspot.av-koqig6-59042d53dad1a56ff68e95b6e17d2a5c .av-image-hotspot_inner{\nbackground-color:#0f8389;\ncolor:#ffffff;\n}\n.av-hotspot-image-container .av-image-hotspot.av-koqig6-59042d53dad1a56ff68e95b6e17d2a5c .av-image-hotspot-pulse{\nbackground-color:#ffffff;\n}\n.av-hotspot-image-container .av-image-hotspot.av-iktqti-b1662502472c95bd7eeda43005985236{\ntop:49.5%;\nleft:41.7%;\n}\n.av-hotspot-image-container .av-image-hotspot.av-iktqti-b1662502472c95bd7eeda43005985236 .av-image-hotspot_inner{\nbackground-color:#0f8389;\ncolor:#ffffff;\n}\n.av-hotspot-image-container .av-image-hotspot.av-iktqti-b1662502472c95bd7eeda43005985236 .av-image-hotspot-pulse{\nbackground-color:#ffffff;\n}\n.av-hotspot-image-container .av-image-hotspot.av-h1cko6-b222f4faccda80623bc2a61d5df963ef{\ntop:50%;\nleft:53.3%;\n}\n.av-hotspot-image-container .av-image-hotspot.av-h1cko6-b222f4faccda80623bc2a61d5df963ef .av-image-hotspot_inner{\nbackground-color:#238388;\ncolor:#ffffff;\n}\n.av-hotspot-image-container .av-image-hotspot.av-h1cko6-b222f4faccda80623bc2a61d5df963ef .av-image-hotspot-pulse{\nbackground-color:#ffffff;\n}\n.av-hotspot-image-container .av-image-hotspot.av-g9frty-ffe5f1efce2ae6c3e41c3c40906250d7{\ntop:50%;\nleft:64.1%;\n}\n.av-hotspot-image-container .av-image-hotspot.av-g9frty-ffe5f1efce2ae6c3e41c3c40906250d7 .av-image-hotspot_inner{\nbackground-color:#238388;\ncolor:#ffffff;\n}\n.av-hotspot-image-container .av-image-hotspot.av-g9frty-ffe5f1efce2ae6c3e41c3c40906250d7 .av-image-hotspot-pulse{\nbackground-color:#ffffff;\n}\n.av-hotspot-image-container .av-image-hotspot.av-e281sm-26a372caab4133efc3dd03c973e537b1{\ntop:50%;\nleft:91.9%;\n}\n.av-hotspot-image-container .av-image-hotspot.av-e281sm-26a372caab4133efc3dd03c973e537b1 .av-image-hotspot_inner{\nbackground-color:#238388;\ncolor:#ffffff;\n}\n.av-hotspot-image-container .av-image-hotspot.av-e281sm-26a372caab4133efc3dd03c973e537b1 .av-image-hotspot-pulse{\nbackground-color:#ffffff;\n}\n<\/style>\n<div  class='av-hotspot-image-container av-jto7jm9f-e5ecbc6915a371a672aaab63eee907a9 av-hotspot-numbered  av-non-fullwidth-hotspot-image'  itemprop=\"image\" itemscope=\"itemscope\" itemtype=\"https:\/\/schema.org\/ImageObject\" ><div class='av-hotspot-container'><div class='av-hotspot-container-inner-cell'><div class='av-hotspot-container-inner-wrap'><div class='av-image-hotspot av-oc7vom-e7305680bedc94d60723060ce5388b72 av-image-hotspot-1 ' data-avia-tooltip-position='left' data-avia-tooltip-alignment='top' data-avia-tooltip-class='av-tt-default-width av-tt-pos-left av-tt-align-top  main_color av-tooltip-shadow av-tt-hotspot' data-avia-tooltip='&lt;p&gt;Enrgistrement aupr\u00e8s de l&#8217;Assurance Maladie&lt;\/p&gt;\n'><a href=https:\/\/soignerenperigord.dordogne.fr\/?page_id=1270#toggle-id-19  class='av-image-hotspot_inner'>1<\/a><div class='av-image-hotspot-pulse'><\/div><\/div><div class='av-image-hotspot av-mkbura-801946721b550aae7a4559188ad2a8ed av-image-hotspot-2 ' data-avia-tooltip-position='left' data-avia-tooltip-alignment='top' data-avia-tooltip-class='av-tt-default-width av-tt-pos-left av-tt-align-top  main_color av-tooltip-shadow av-tt-hotspot' data-avia-tooltip='&lt;p&gt;D\u00e9claration de d\u00e9but d&#8217;activit\u00e9 adress\u00e9e \u00e0 l&#8217;URSSAF&lt;\/p&gt;\n'><a href=https:\/\/soignerenperigord.dordogne.fr\/?page_id=1270#toggle-id-20  class='av-image-hotspot_inner'>2<\/a><div class='av-image-hotspot-pulse'><\/div><\/div><div class='av-image-hotspot av-koqig6-59042d53dad1a56ff68e95b6e17d2a5c av-image-hotspot-3 ' data-avia-tooltip-position='left' data-avia-tooltip-alignment='top' data-avia-tooltip-class='av-tt-default-width av-tt-pos-left av-tt-align-top  main_color av-tooltip-shadow av-tt-hotspot' data-avia-tooltip='&lt;p&gt;Adh\u00e9rer \u00e0 la CARPIMKO&lt;\/p&gt;\n'><a href=https:\/\/soignerenperigord.dordogne.fr\/?page_id=1270#toggle-id-21  class='av-image-hotspot_inner'>3<\/a><div class='av-image-hotspot-pulse'><\/div><\/div><div class='av-image-hotspot av-iktqti-b1662502472c95bd7eeda43005985236 av-image-hotspot-4 ' data-avia-tooltip-position='left' data-avia-tooltip-alignment='top' data-avia-tooltip-class='av-tt-default-width av-tt-pos-left av-tt-align-top  main_color av-tooltip-shadow av-tt-hotspot' data-avia-tooltip='&lt;p&gt;Enregistrement de son dipl\u00f4me \u00e0 l&#8217;ARS&lt;\/p&gt;\n'><a href=https:\/\/soignerenperigord.dordogne.fr\/?page_id=1270#toggle-id-22  class='av-image-hotspot_inner'>4<\/a><div class='av-image-hotspot-pulse'><\/div><\/div><div class='av-image-hotspot av-h1cko6-b222f4faccda80623bc2a61d5df963ef av-image-hotspot-5 ' data-avia-tooltip-position='left' data-avia-tooltip-alignment='top' data-avia-tooltip-class='av-tt-default-width av-tt-pos-left av-tt-align-top  main_color av-tooltip-shadow av-tt-hotspot' data-avia-tooltip='&lt;p&gt;Inscription \u00e0 l&#8217;Ordre des Infirmiers&lt;\/p&gt;\n'><a href=https:\/\/soignerenperigord.dordogne.fr\/?page_id=1270#toggle-id-23  class='av-image-hotspot_inner'>5<\/a><div class='av-image-hotspot-pulse'><\/div><\/div><div class='av-image-hotspot av-g9frty-ffe5f1efce2ae6c3e41c3c40906250d7 av-image-hotspot-6 ' data-avia-tooltip-position='left' data-avia-tooltip-alignment='top' data-avia-tooltip-class='av-tt-default-width av-tt-pos-left av-tt-align-top  main_color av-tooltip-shadow av-tt-hotspot' data-avia-tooltip='&lt;p&gt;Souscrire aux assurances : Pr\u00e9voyance, RCP&#8230;&lt;\/p&gt;\n'><a href=https:\/\/soignerenperigord.dordogne.fr\/?page_id=1270#toggle-id-24  class='av-image-hotspot_inner'>6<\/a><div class='av-image-hotspot-pulse'><\/div><\/div><div class='av-image-hotspot av-e281sm-26a372caab4133efc3dd03c973e537b1 av-image-hotspot-7 ' data-avia-tooltip-position='left' data-avia-tooltip-alignment='top' data-avia-tooltip-class='av-tt-default-width av-tt-pos-left av-tt-align-top  main_color av-tooltip-shadow av-tt-hotspot' data-avia-tooltip='&lt;p&gt;Faire le choix d&#8217;une AGA&lt;\/p&gt;\n'><a href=https:\/\/soignerenperigord.dordogne.fr\/?page_id=1270#toggle-id-25  class='av-image-hotspot_inner'>7<\/a><div class='av-image-hotspot-pulse'><\/div><\/div><img decoding=\"async\" class='wp-image-1995 avia-img-lazy-loading-not-1995 avia_image' src=\"https:\/\/soignerenperigord.fr\/wp-content\/uploads\/2019\/04\/infirmier-infographie-parcours-installation-1.png\" alt='infirmier-infographie-parcours-installation' title='infirmier-infographie-parcours-installation'  height=\"400\" width=\"1064\"  itemprop=\"thumbnailUrl\" srcset=\"https:\/\/soignerenperigord.fr\/wp-content\/uploads\/2019\/04\/infirmier-infographie-parcours-installation-1.png 1064w, https:\/\/soignerenperigord.fr\/wp-content\/uploads\/2019\/04\/infirmier-infographie-parcours-installation-1-300x113.png 300w, https:\/\/soignerenperigord.fr\/wp-content\/uploads\/2019\/04\/infirmier-infographie-parcours-installation-1-768x289.png 768w, https:\/\/soignerenperigord.fr\/wp-content\/uploads\/2019\/04\/infirmier-infographie-parcours-installation-1-1030x387.png 1030w, https:\/\/soignerenperigord.fr\/wp-content\/uploads\/2019\/04\/infirmier-infographie-parcours-installation-1-705x265.png 705w, https:\/\/soignerenperigord.fr\/wp-content\/uploads\/2019\/04\/infirmier-infographie-parcours-installation-1-450x169.png 450w\" sizes=\"(max-width: 1064px) 100vw, 1064px\" \/><\/div><\/div><\/div><\/div><br \/>\n\n<style type=\"text\/css\" data-created_by=\"avia_inline_auto\" id=\"style-css-av-weyi2-0615eb989164fa3c9e907b3e228733c0\">\n.flex_column.av-weyi2-0615eb989164fa3c9e907b3e228733c0{\n-webkit-border-radius:0px 0px 0px 0px;\n-moz-border-radius:0px 0px 0px 0px;\nborder-radius:0px 0px 0px 0px;\npadding:0px 0px 0px 0px;\n}\n<\/style>\n<div class='flex_column av-weyi2-0615eb989164fa3c9e907b3e228733c0 av_one_full first flex_column_div av-zero-column-padding '     ><style type=\"text\/css\" data-created_by=\"avia_inline_auto\" id=\"style-css-av-jto7myke-e302574caa9d14165b161644942f3aa8\">\n#top .togglecontainer.av-jto7myke-e302574caa9d14165b161644942f3aa8 p.toggler{\ncolor:#238388;\nbackground-color:#ffffff;\n}\n#top .togglecontainer.av-jto7myke-e302574caa9d14165b161644942f3aa8 p.toggler.activeTitle{\ncolor:#238388;\nborder-color:#238388;\nbackground-color:#ffffff;\n}\n#top .togglecontainer.av-jto7myke-e302574caa9d14165b161644942f3aa8 p.toggler .toggle_icon{\ncolor:#238388;\nborder-color:#238388;\n}\n#top .togglecontainer.av-jto7myke-e302574caa9d14165b161644942f3aa8 .toggle_wrap .toggle_content{\ncolor:#238388;\nbackground-color:#ffffff;\n}\n<\/style>\n<div  class='togglecontainer av-jto7myke-e302574caa9d14165b161644942f3aa8 av-elegant-toggle toggle_close_all hasCurrentStyle' >\n<section class='av_toggle_section av-ct1w4m-9206beba1d22faa8814ae78b87c3d3af'  itemscope=\"itemscope\" itemtype=\"https:\/\/schema.org\/CreativeWork\" ><div role=\"tablist\" class=\"single_toggle\" data-tags=\"{Tout} {20} \"  ><p data-fake-id='#toggle-id-19' class='toggler   av-inherit-font-color hasCustomColor'  itemprop=\"headline\"  role='tab' tabindex='0' aria-controls='toggle-id-19'><strong>\u00c9tape 1 - Enregistrement aupr\u00e8s de l\u2019Assurance Maladie<\/strong><span class=\"toggle_icon\"><span class=\"vert_icon\"><\/span><span class=\"hor_icon\"><\/span><\/span><\/p><div id='toggle-id-19' class='toggle_wrap  '  ><div class='toggle_content invers-color av-inherit-font-color hasCustomColor'  itemprop=\"text\" ><div class=\"content-chapo\">\nUne fois que vous \u00eates inscrit au tableau de l\u2019Ordre, vous devez d\u00e9clarer et faire enregistrer votre activit\u00e9 lib\u00e9rale aupr\u00e8s de l\u2019Assurance Maladie. La CPAM est seule habilit\u00e9e \u00e0 fournir les feuilles de soins pr\u00e9-identifi\u00e9es permettant aux patients de se faire rembourser.\n<\/div>\n<div class=\"content-texte single\">\n<span class=\"light-blue\">Utilisez le nouveau service d\u2019inscription en ligne de l\u2019assurance maladie :<\/span><br \/>\n<a href=\"https:\/\/installation-medecin.ameli.fr\/installation_medecin\/\" target=\"_blank\" rel=\"noopener noreferrer\">https:\/\/installation-medecin.ameli.fr\/installation_medecin\/<\/a><br \/>\n<span class=\"light-blue\">OU contactez par t\u00e9l\u00e9phone la caisse primaire d\u2019Assurance Maladie (CPAM) de votre lieu d\u2019exercice pour prendre rendez-vous.<\/span><br \/>\nUn conseiller de l\u2019Assurance Maladie vous indiquera la liste des pi\u00e8ces justificatives n\u00e9cessaires \u00e0 pr\u00e9senter lors de cet entretien :<\/p>\n<ul>\n<li>l\u2019attestation d\u2019inscription au tableau de l\u2019Ordre ;<\/li>\n<li>une pi\u00e8ce d\u2019identit\u00e9 ;<\/li>\n<li>votre carte Vitale ou votre attestation Vitale ;<\/li>\n<li>un RIB ;<\/li>\n<li>et, le cas \u00e9ch\u00e9ant :\n<ul>\n<li>le(s)\u00a0<a href=\"http:\/\/www.soignereniledefrance.org\/conseils\/4-choisir-son-secteur-secteur-1-ou-2\/\" target=\"_blank\" rel=\"noopener noreferrer\">titre(s) justificatif(s) permettant l\u2019acc\u00e8s au secteur 2<\/a>\u00a0;<\/li>\n<li>le(s) contrat(s) de collaboration lib\u00e9rale ;<\/li>\n<li>l\u2019agr\u00e9ment de votre \u00e9quipement radiologique.<\/li>\n<\/ul>\n<\/li>\n<\/ul>\n<\/div>\n<\/div><\/div><\/div><\/section>\n<section class='av_toggle_section av-14u5d2-9346b81692db4fc007636388ef4fd9d5'  itemscope=\"itemscope\" itemtype=\"https:\/\/schema.org\/CreativeWork\" ><div role=\"tablist\" class=\"single_toggle\" data-tags=\"{Tout} {40} \"  ><p data-fake-id='#toggle-id-20' class='toggler   av-inherit-font-color hasCustomColor'  itemprop=\"headline\"  role='tab' tabindex='0' aria-controls='toggle-id-20'><strong>\u00c9tape 2 - D\u00e9claration de d\u00e9but d\u2018activit\u00e9 adress\u00e9e \u00e0 l\u2019URSSAF<\/strong><span class=\"toggle_icon\"><span class=\"vert_icon\"><\/span><span class=\"hor_icon\"><\/span><\/span><\/p><div id='toggle-id-20' class='toggle_wrap  '  ><div class='toggle_content invers-color av-inherit-font-color hasCustomColor'  itemprop=\"text\" ><div class=\"content-chapo\">\n<div class=\"content-chapo\">\nUne d\u00e9claration de d\u00e9but d\u2019activit\u00e9 doit \u00eatre adress\u00e9e dans les 8 jours suivant le d\u00e9but de l\u2019activit\u00e9 au Centre de Formalit\u00e9s des Entreprises (CFE) comp\u00e9tent.\n<\/div>\n<div class=\"content-texte single\">\nUne d\u00e9claration de d\u00e9but d\u2019activit\u00e9 doit \u00eatre adress\u00e9e au Centre de Formalit\u00e9s des Entreprises (CFE) comp\u00e9tent, c\u2019est-\u00e0-dire :<br \/>\n>>\u00a0<strong>\u00c0 l\u2019URSSAF<\/strong>\u00a0(Union de Recouvrement des cotisations de S\u00e9curit\u00e9 Sociale et d\u2019Allocations Familiales) du lieu d\u2019exercice lorsque l\u2019activit\u00e9 est exerc\u00e9e\u00a0<strong>\u00e0 titre individuel<\/strong>.<br \/>\n<span class=\"light-blue\">Pour l\u2019immatriculation individuelle, cette formalit\u00e9 est aujourd\u2019hui r\u00e9alis\u00e9e par la CPAM (facilitation des d\u00e9marches) . Vous n\u2019avez donc pas \u00e0 vous d\u00e9placer.<\/span>\n<\/div>\n<\/div>\n<div class=\"content-texte single\"><\/div>\n<\/div><\/div><\/div><\/section>\n<section class='av_toggle_section av-9vwiza-ab5cedc79ed539a0ed5bbbc0ca5b798e'  itemscope=\"itemscope\" itemtype=\"https:\/\/schema.org\/CreativeWork\" ><div role=\"tablist\" class=\"single_toggle\" data-tags=\"{Tout} {40} \"  ><p data-fake-id='#toggle-id-21' class='toggler   av-inherit-font-color hasCustomColor'  itemprop=\"headline\"  role='tab' tabindex='0' aria-controls='toggle-id-21'><strong>\u00c9tape 3 - Adh\u00e9rer \u00e0 la CARPIMKO<\/strong><span class=\"toggle_icon\"><span class=\"vert_icon\"><\/span><span class=\"hor_icon\"><\/span><\/span><\/p><div id='toggle-id-21' class='toggle_wrap  '  ><div class='toggle_content invers-color av-inherit-font-color hasCustomColor'  itemprop=\"text\" ><div class=\"content-chapo\">\nTout m\u00e9decin exer\u00e7ant une activit\u00e9 m\u00e9dicale lib\u00e9rale et titulaire du dipl\u00f4me de Docteur en m\u00e9decine est obligatoirement assujetti \u00e0 la Caisse autonome de retraite des m\u00e9decins de France (CARMF).\n<\/div>\n<div class=\"content-texte single\">\nL\u2019affiliation est obligatoire pour les m\u00e9decins titulaires du dipl\u00f4me de docteur en m\u00e9decine, inscrits au conseil de l\u2019Ordre et exer\u00e7ant une activit\u00e9 m\u00e9dicale lib\u00e9rale (installation, remplacements, expertises pour les compagnies d\u2019assurance ou les laboratoires priv\u00e9s, secteur priv\u00e9 \u00e0 l\u2019h\u00f4pital, en soci\u00e9t\u00e9 d\u2019exercice lib\u00e9ral ou toute autre activit\u00e9 r\u00e9mun\u00e9r\u00e9e sous forme d\u2019honoraires) en France m\u00e9tropolitaine et dans les d\u00e9partements d\u2019Outre-Mer ou \u00e0 Monaco.<br \/>\nL\u2019inscription est \u00e0 demander dans un d\u00e9lai d\u2019un mois apr\u00e8s le d\u00e9but d\u2019activit\u00e9, et prend effet au premier jour du trimestre civil suivant la date de d\u00e9but d\u2019activit\u00e9.<br \/>\nLa d\u00e9claration en vue de l\u2019affiliation doit \u00eatre retourn\u00e9e \u00e0 la CARMF, compl\u00e9t\u00e9e et contresign\u00e9e par le Conseil d\u00e9partemental de l\u2019Ordre des m\u00e9decins.\n<\/div>\n<\/div><\/div><\/div><\/section>\n<section class='av_toggle_section av-s26py-34e710380c21d4c5263da61e64eecc9c'  itemscope=\"itemscope\" itemtype=\"https:\/\/schema.org\/CreativeWork\" ><div role=\"tablist\" class=\"single_toggle\" data-tags=\"{Tout} {40} \"  ><p data-fake-id='#toggle-id-22' class='toggler   av-inherit-font-color hasCustomColor'  itemprop=\"headline\"  role='tab' tabindex='0' aria-controls='toggle-id-22'><strong>\u00c9tape 4 - Enregistrer son dipl\u00f4me \u00e0 l\u2019ARS<\/strong><span class=\"toggle_icon\"><span class=\"vert_icon\"><\/span><span class=\"hor_icon\"><\/span><\/span><\/p><div id='toggle-id-22' class='toggle_wrap  '  ><div class='toggle_content invers-color av-inherit-font-color hasCustomColor'  itemprop=\"text\" ><div class=\"content-chapo\">\n<div class=\"content-chapo\"><strong>Adh\u00e9rer \u00e0 une association de gestion agr\u00e9\u00e9e par l\u2019administration fiscale est facultatif mais apporte un certain nombre d\u2019avantages, notamment fiscaux.<\/strong><\/div>\n<div class=\"content-texte single\">\n<div class=\"content-texte single\">\nL\u2019adh\u00e9sion \u00e0 une association de gestion agr\u00e9\u00e9e (AGA) vous permet de\u00a0<strong>b\u00e9n\u00e9ficier d\u2019avantages fiscaux, ainsi que d\u2019une assistance<\/strong>\u00a0en mati\u00e8re de tenue de comptabilit\u00e9, fiscalit\u00e9, \u00e9tablissement de vos d\u00e9clarations d\u2019imp\u00f4ts et formalit\u00e9s professionnelles.\n<\/div>\n<p><strong><span class=\"light-blue\">Missions d\u2019une AGA<\/span><\/strong><\/p>\n<ul>\n<li>Assister les adh\u00e9rents \u00e0 d\u00e9terminer leurs revenus par une tenue comptable vigilante.<\/li>\n<li>Aviser les adh\u00e9rents de leurs obligations administratives et fiscales et notamment de leurs \u00e9volutions.<\/li>\n<li>Organiser des formations (ou entretiens personnalis\u00e9s).<\/li>\n<li>V\u00e9rifier vraisemblance, coh\u00e9rence et concordance des d\u00e9clarations fiscales professionnelles.<\/li>\n<li>Pr\u00e9voir une analyse des informations \u00e9conomiques, comptables et financi\u00e8res.<\/li>\n<\/ul>\n<p><strong><span class=\"light-blue\">Trois raisons d\u2019adh\u00e9rer \u00e0 une AGA<\/span><\/strong><\/p>\n<ul>\n<li>Les adh\u00e9rents \u00e0 une AGA sont imposables sur le b\u00e9n\u00e9fice d\u00e9termin\u00e9 par la 2035 alors que les non-adh\u00e9rents le sont sur ce m\u00eame b\u00e9n\u00e9fice major\u00e9 de 25 %.<\/li>\n<li>Pour b\u00e9n\u00e9ficier d\u2019une d\u00e9ductibilit\u00e9 int\u00e9grale de la r\u00e9mun\u00e9ration de votre conjoint salari\u00e9 quel que soit votre r\u00e9gime matrimonial sous r\u00e9serve d\u2019une r\u00e9mun\u00e9ration normale avec r\u00e8glements des cotisations.<\/li>\n<li>A partir du 1er janvier 2016, les frais de tenue de comptabilit\u00e9 et d\u2019adh\u00e9sion \u00e0 une AGA constituent des charges d\u00e9ductibles pour la d\u00e9termination du r\u00e9sultat.<\/li>\n<\/ul>\n<p><strong><span class=\"light-blue\">Vos obligations en qualit\u00e9 d\u2019adh\u00e9rent<\/span><\/strong><\/p>\n<ul>\n<li>Tenir une comptabilit\u00e9 conforme au plan comptable imputable aux professions lib\u00e9rales, en utilisant les documents ad\u00e9quats (livre journal, registre des immobilisations et amortissements, livre des recettes journali\u00e8res).<\/li>\n<li>Accepter les r\u00e8glements par ch\u00e8que libell\u00e9 \u00e0 votre nom.<\/li>\n<li>Informer votre client\u00e8le de votre appartenance \u00e0 une association de gestion agr\u00e9\u00e9e par mention sur les documents professionnels et affichage dans les locaux.<\/li>\n<li>Porter le montant des honoraires per\u00e7us sur les feuilles de soins, dans leur totalit\u00e9.<\/li>\n<li>Respecter chaque ann\u00e9e la date fix\u00e9e par l\u2019AGA pour l\u2019envoi de la d\u00e9claration de vos revenus professionnels accompagn\u00e9e du dossier de gestion.<\/li>\n<\/ul>\n<\/div>\n<\/div>\n<div class=\"content-texte single\"><\/div>\n<\/div><\/div><\/div><\/section>\n<section class='av_toggle_section av-5j53ee-08f514f5526c746041a6d2abffb4a988'  itemscope=\"itemscope\" itemtype=\"https:\/\/schema.org\/CreativeWork\" ><div role=\"tablist\" class=\"single_toggle\" data-tags=\"{Tout} {10} \"  ><p data-fake-id='#toggle-id-23' class='toggler   av-inherit-font-color hasCustomColor'  itemprop=\"headline\"  role='tab' tabindex='0' aria-controls='toggle-id-23'><strong>\u00c9tape 5 - Inscription \u00e0 l\u2019Ordre des Infirmiers<\/strong><span class=\"toggle_icon\"><span class=\"vert_icon\"><\/span><span class=\"hor_icon\"><\/span><\/span><\/p><div id='toggle-id-23' class='toggle_wrap  '  ><div class='toggle_content invers-color av-inherit-font-color hasCustomColor'  itemprop=\"text\" ><div class=\"content-chapo\">\nL\u2019inscription est obligatoire pour tout m\u00e9decin qui exerce la profession en France, selon l\u2019article L.4111-1 du Code de la sant\u00e9 publique.\n<\/div>\n<div class=\"content-texte single\">\nLe d\u00e9faut d\u2019inscription est, conform\u00e9ment \u00e0 l\u2019article L.4161-1 du Code de la sant\u00e9 publique, constitutif du d\u00e9lit d\u2019exercice ill\u00e9gal de la m\u00e9decine et puni des peines de deux ans d\u2019emprisonnement et 30\u00a0000\u00a0euros d\u2019amende ; la confiscation du mat\u00e9riel ayant permis l\u2019exercice ill\u00e9gal peut \u00eatre ordonn\u00e9e.<br \/>\nL\u2019inscription a pour effet de rendre licite l\u2019exercice du m\u00e9decin sur tout le territoire (article L.4112-5 du Code de la sant\u00e9 publique).<br \/>\nElle est sollicit\u00e9e aupr\u00e8s du\u00a0<a href=\"http:\/\/www.soignereniledefrance.org\/wp-content\/uploads\/2017\/08\/coordonnees_des_CD_IDF_0.docx\" target=\"_blank\" rel=\"noopener noreferrer\">conseil d\u00e9partemental de l\u2019Ordre des m\u00e9decins<\/a>\u00a0dans lequel le m\u00e9decin \u00e9tablit sa r\u00e9sidence professionnelle (article L.4112-1 du code de la sant\u00e9 publique).\n<\/div>\n<\/div><\/div><\/div><\/section>\n<section class='av_toggle_section av-d8ph2-8ecad350bd32df2cb04b4587ac84effe'  itemscope=\"itemscope\" itemtype=\"https:\/\/schema.org\/CreativeWork\" ><div role=\"tablist\" class=\"single_toggle\" data-tags=\"{Tout} {30} \"  ><p data-fake-id='#toggle-id-24' class='toggler   av-inherit-font-color hasCustomColor'  itemprop=\"headline\"  role='tab' tabindex='0' aria-controls='toggle-id-24'><strong>\u00c9tape 6 - Souscrire aux assurances : RCP, Pr\u00e9voyance...<\/strong><span class=\"toggle_icon\"><span class=\"vert_icon\"><\/span><span class=\"hor_icon\"><\/span><\/span><\/p><div id='toggle-id-24' class='toggle_wrap  '  ><div class='toggle_content invers-color av-inherit-font-color hasCustomColor'  itemprop=\"text\" ><div class=\"content-chapo\">\nTous les m\u00e9decins lib\u00e9raux en exercice (et leurs rempla\u00e7ants) sont oblig\u00e9s de souscrire\u00a0<strong>une assurance responsabilit\u00e9 civile professionnelle<\/strong>\u00a0(loi n\u00b0 2002-303 du 4 mars 2002 dite \u00ab loi Kouchner \u00bb, relative aux droits des malades et \u00e0 la qualit\u00e9 du syst\u00e8me de sant\u00e9).\n<\/div>\n<ul>\n<li class=\"content-texte single\"><strong>L\u2019assurance responsabilit\u00e9 civile professionnelle (RCP) : obligatoire<\/strong><\/li>\n<\/ul>\n<p><span class=\"light-blue\">L\u2019assurance responsabilit\u00e9 civile professionnelle (RCP) doit :<\/span><\/p>\n<ul>\n<li style=\"list-style-type: none;\">\n<ul>\n<li>\u00eatre souscrite pr\u00e9alablement \u00e0 l\u2019accomplissement d\u2019un quelconque acte professionnel, il faut donc \u00eatre assur\u00e9 avant d\u2019exercer comme l\u2019on doit \u00eatre assur\u00e9 pour conduire un v\u00e9hicule automobile.<\/li>\n<li>couvrir tous les actes que le m\u00e9decin \u00e0 l\u2019intention d\u2019effectuer, c\u2019est tout l\u2019int\u00e9r\u00eat du contrat RCP qui doit \u00eatre exhaustif.<\/li>\n<\/ul>\n<\/li>\n<\/ul>\n<ul>\n<li><strong>La pr\u00e9voyance : facultative mais fortement conseill\u00e9e<\/strong><\/li>\n<\/ul>\n<p>Personne n\u2019est \u00e0 l\u2019abri d\u2019un accident de la vie, d\u2019une maladie. En cas d\u2019arr\u00eat maladie, les indemnit\u00e9s journali\u00e8res que vous verse la CARMF n\u2019interviennent qu\u2019\u00e0 compter du 91\u00e9me jour d\u2019arr\u00eat de travail.<br \/>\nIl est donc vivement recommand\u00e9 de souscrire une assurance compl\u00e9mentaire couvrant les trois premiers mois.<\/p>\n<\/div><\/div><\/div><\/section>\n<section class='av_toggle_section av-2o7oc6-e0a64f309c9b80aab1c69508a94562b5'  itemscope=\"itemscope\" itemtype=\"https:\/\/schema.org\/CreativeWork\" ><div role=\"tablist\" class=\"single_toggle\" data-tags=\"{Tout} {40} \"  ><p data-fake-id='#toggle-id-25' class='toggler   av-inherit-font-color hasCustomColor'  itemprop=\"headline\"  role='tab' tabindex='0' aria-controls='toggle-id-25'><strong>\u00c9tape 7 - Faire le choix d\u2019une AGA<\/strong><span class=\"toggle_icon\"><span class=\"vert_icon\"><\/span><span class=\"hor_icon\"><\/span><\/span><\/p><div id='toggle-id-25' class='toggle_wrap  '  ><div class='toggle_content invers-color av-inherit-font-color hasCustomColor'  itemprop=\"text\" ><div class=\"content-chapo\">\n<div class=\"content-chapo\"><strong>Adh\u00e9rer \u00e0 une association de gestion agr\u00e9\u00e9e par l\u2019administration fiscale est facultatif mais apporte un certain nombre d\u2019avantages, notamment fiscaux.<\/strong><\/div>\n<div class=\"content-texte single\">\n<div class=\"content-texte single\">\nL\u2019adh\u00e9sion \u00e0 une association de gestion agr\u00e9\u00e9e (AGA) vous permet de\u00a0<strong>b\u00e9n\u00e9ficier d\u2019avantages fiscaux, ainsi que d\u2019une assistance<\/strong>\u00a0en mati\u00e8re de tenue de comptabilit\u00e9, fiscalit\u00e9, \u00e9tablissement de vos d\u00e9clarations d\u2019imp\u00f4ts et formalit\u00e9s professionnelles.\n<\/div>\n<p><strong><span class=\"light-blue\">Missions d\u2019une AGA<\/span><\/strong><\/p>\n<ul>\n<li>Assister les adh\u00e9rents \u00e0 d\u00e9terminer leurs revenus par une tenue comptable vigilante.<\/li>\n<li>Aviser les adh\u00e9rents de leurs obligations administratives et fiscales et notamment de leurs \u00e9volutions.<\/li>\n<li>Organiser des formations (ou entretiens personnalis\u00e9s).<\/li>\n<li>V\u00e9rifier vraisemblance, coh\u00e9rence et concordance des d\u00e9clarations fiscales professionnelles.<\/li>\n<li>Pr\u00e9voir une analyse des informations \u00e9conomiques, comptables et financi\u00e8res.<\/li>\n<\/ul>\n<p><strong><span class=\"light-blue\">Trois raisons d\u2019adh\u00e9rer \u00e0 une AGA<\/span><\/strong><\/p>\n<ul>\n<li>Les adh\u00e9rents \u00e0 une AGA sont imposables sur le b\u00e9n\u00e9fice d\u00e9termin\u00e9 par la 2035 alors que les non-adh\u00e9rents le sont sur ce m\u00eame b\u00e9n\u00e9fice major\u00e9 de 25 %.<\/li>\n<li>Pour b\u00e9n\u00e9ficier d\u2019une d\u00e9ductibilit\u00e9 int\u00e9grale de la r\u00e9mun\u00e9ration de votre conjoint salari\u00e9 quel que soit votre r\u00e9gime matrimonial sous r\u00e9serve d\u2019une r\u00e9mun\u00e9ration normale avec r\u00e8glements des cotisations.<\/li>\n<li>A partir du 1er janvier 2016, les frais de tenue de comptabilit\u00e9 et d\u2019adh\u00e9sion \u00e0 une AGA constituent des charges d\u00e9ductibles pour la d\u00e9termination du r\u00e9sultat.<\/li>\n<\/ul>\n<p><strong><span class=\"light-blue\">Vos obligations en qualit\u00e9 d\u2019adh\u00e9rent<\/span><\/strong><\/p>\n<ul>\n<li>Tenir une comptabilit\u00e9 conforme au plan comptable imputable aux professions lib\u00e9rales, en utilisant les documents ad\u00e9quats (livre journal, registre des immobilisations et amortissements, livre des recettes journali\u00e8res).<\/li>\n<li>Accepter les r\u00e8glements par ch\u00e8que libell\u00e9 \u00e0 votre nom.<\/li>\n<li>Informer votre client\u00e8le de votre appartenance \u00e0 une association de gestion agr\u00e9\u00e9e par mention sur les documents professionnels et affichage dans les locaux.<\/li>\n<li>Porter le montant des honoraires per\u00e7us sur les feuilles de soins, dans leur totalit\u00e9.<\/li>\n<li>Respecter chaque ann\u00e9e la date fix\u00e9e par l\u2019AGA pour l\u2019envoi de la d\u00e9claration de vos revenus professionnels accompagn\u00e9e du dossier de gestion.<\/li>\n<\/ul>\n<\/div>\n<\/div>\n<div class=\"content-texte single\"><\/div>\n<\/div><\/div><\/div><\/section>\n<\/div><\/div><\/p>\n<\/div><\/div><\/div>\n<\/div><\/div><\/div><br \/>\n<\/div><\/div><\/div><!-- close content main div --><\/div><\/div><div id='av_section_4'  class='avia-section av-2cdl3e-dacf014eb3add5525c120ecc3edcd93e main_color avia-section-default avia-no-border-styling avia-bg-style-scroll container_wrap sidebar_right'  ><div class='container av-section-cont-open' ><div class='template-page content  av-content-small alpha units'><div class='post-entry post-entry-type-page post-entry-1270'><div class='entry-content-wrapper clearfix'>\n\n<style type=\"text\/css\" data-created_by=\"avia_inline_auto\" id=\"style-css-av-296nqy-8a94d007904452b1c3d9dbb6258d5ccd\">\n.flex_column.av-296nqy-8a94d007904452b1c3d9dbb6258d5ccd{\n-webkit-border-radius:0px 0px 0px 0px;\n-moz-border-radius:0px 0px 0px 0px;\nborder-radius:0px 0px 0px 0px;\npadding:0px 0px 0px 0px;\n}\n<\/style>\n<div class='flex_column av-296nqy-8a94d007904452b1c3d9dbb6258d5ccd av_one_third first flex_column_div av-zero-column-padding '     ><style type=\"text\/css\" data-created_by=\"avia_inline_auto\" id=\"style-css-av-av_heading-afe76e1bedf48980435e2ec43e28eb8f\">\n#top .av-special-heading.av-av_heading-afe76e1bedf48980435e2ec43e28eb8f{\npadding-bottom:10px;\nfont-size:45px;\n}\nbody .av-special-heading.av-av_heading-afe76e1bedf48980435e2ec43e28eb8f .av-special-heading-tag .heading-char{\nfont-size:25px;\n}\n#top #wrap_all .av-special-heading.av-av_heading-afe76e1bedf48980435e2ec43e28eb8f .av-special-heading-tag{\nfont-size:45px;\n}\n.av-special-heading.av-av_heading-afe76e1bedf48980435e2ec43e28eb8f .av-subheading{\nfont-size:15px;\n}\n\n@media only screen and (min-width: 480px) and (max-width: 767px){ \n#top #wrap_all .av-special-heading.av-av_heading-afe76e1bedf48980435e2ec43e28eb8f .av-special-heading-tag{\nfont-size:0.8em;\n}\n}\n\n@media only screen and (max-width: 479px){ \n#top #wrap_all .av-special-heading.av-av_heading-afe76e1bedf48980435e2ec43e28eb8f .av-special-heading-tag{\nfont-size:0.8em;\n}\n}\n<\/style>\n<div  class='av-special-heading av-av_heading-afe76e1bedf48980435e2ec43e28eb8f av-special-heading-h2 blockquote modern-quote av-inherit-size'><h2 class='av-special-heading-tag'  itemprop=\"headline\"  >Les aides \u00e0 l\u2019installation<\/h2><div class=\"special-heading-border\"><div class=\"special-heading-inner-border\"><\/div><\/div><\/div><\/div>\n<style type=\"text\/css\" data-created_by=\"avia_inline_auto\" id=\"style-css-av-12k5gq-ebfdd70256b0d8df0dffa9051d59755e\">\n.flex_column.av-12k5gq-ebfdd70256b0d8df0dffa9051d59755e{\n-webkit-border-radius:0px 0px 0px 0px;\n-moz-border-radius:0px 0px 0px 0px;\nborder-radius:0px 0px 0px 0px;\npadding:0px 0px 0px 0px;\n}\n<\/style>\n<div class='flex_column av-12k5gq-ebfdd70256b0d8df0dffa9051d59755e av_two_third  avia-builder-el-10  el_after_av_one_third  avia-builder-el-last  flex_column_div av-zero-column-padding '     ><section  class='av_textblock_section av-jt5vybbq-f52afa904cb78474f5fc91ac88f61df9'  itemscope=\"itemscope\" itemtype=\"https:\/\/schema.org\/CreativeWork\" ><div class='avia_textblock'  itemprop=\"text\" ><p>Lorem ipsum dolor sit amet, consectetur adipiscing elit, sed do eiusmod tempor incididunt ut labore et dolore magna aliqua. Justo eget magna fermentum iaculis eu. Ut venenatis tellus in metus vulputate eu scelerisque. Dictum fusce ut placerat orci nulla pellentesque dignissim. Lorem ipsum dolor sit amet, consectetur adipiscing elit, sed do eiusmod tempor incididunt ut labore et dolore magna aliqua. Justo eget magna fermentum iaculis eu.<\/p>\n<\/div><\/section><\/div><\/div><\/div><\/div><!-- close content main div --><\/div><\/div><div id='after_section_4'  class='main_color av_default_container_wrap container_wrap sidebar_right'  ><div class='container av-section-cont-open' ><div class='template-page content  av-content-small alpha units'><div class='post-entry post-entry-type-page post-entry-1270'><div class='entry-content-wrapper clearfix'>\n<style type=\"text\/css\" data-created_by=\"avia_inline_auto\" id=\"style-css-av-jt5ya1wb-101cf10bf775a6b4538ccb59bef63622\">\n.av-tab-section-outer-container.av-jt5ya1wb-101cf10bf775a6b4538ccb59bef63622 .av-tab-section-tab-title-container{\nbackground-color:#ffffff;\n}\n#top .av-tab-section-outer-container.av-jt5ya1wb-101cf10bf775a6b4538ccb59bef63622 .av-section-tab-title{\ncolor:#238388;\n}\n<\/style>\n<\/div><\/div><\/div><!-- close content main div --><\/div><\/div><div id='av-tab-section-2'  class='av-tab-section-container entry-content-wrapper main_color av-tab-slide-transition av-tab-content-auto  av-tab-above-content  container_wrap sidebar_right'  ><div class='av-tab-section-outer-container av-jt5ya1wb-101cf10bf775a6b4538ccb59bef63622'><div class='av-tab-section-tab-title-container avia-tab-title-padding-default av-custom-tab-color' role='tablist'><a href='#mdecin' data-av-tab-section-title='1' class='av-section-tab-title av-active-tab-title no-scroll av-jt5xh6y5-d0e588208ee8c754f0f321b09545cb9f av-tab-no-icon av-tab-with-image noHover ' role='tab' tabindex='0' aria-controls='av-tab-section-2-1'><span class='av-tab-section-image' style='background-image: url(https:\/\/soignerenperigord.fr\/wp-content\/uploads\/2019\/03\/etudes-medecine.png);'><\/span><span class='av-outer-tab-title'><span class='av-inner-tab-title'>M\u00e9decin<\/span><\/span><span class=\"av-tab-arrow-container\"><span><\/span><\/span><\/a><a href='#chirurgien-dentiste' data-av-tab-section-title='2' class='av-section-tab-title  av-jt5xl4sn-ae649e848a98d6682e9620ad504eedce av-tab-no-icon av-tab-with-image noHover ' role='tab' tabindex='0' aria-controls='av-tab-section-2-2'><span class='av-tab-section-image' style='background-image: url(https:\/\/soignerenperigord.fr\/wp-content\/uploads\/2019\/03\/etudes-medicales.png);'><\/span><span class='av-outer-tab-title'><span class='av-inner-tab-title'>Chirurgien-dentiste<\/span><\/span><span class=\"av-tab-arrow-container\"><span><\/span><\/span><\/a><a href='#masseur-kinsithrapeute' data-av-tab-section-title='3' class='av-section-tab-title  av-jt5xk2g8-fe71d957fc41d7fcde64a4e28ad98d2b av-tab-no-icon av-tab-with-image noHover ' role='tab' tabindex='0' aria-controls='av-tab-section-2-3'><span class='av-tab-section-image' style='background-image: url(https:\/\/soignerenperigord.fr\/wp-content\/uploads\/2019\/03\/etudes-kine-ostheo.png);'><\/span><span class='av-outer-tab-title'><span class='av-inner-tab-title'>Masseur-kin\u00e9sith\u00e9rapeute<\/span><\/span><span class=\"av-tab-arrow-container\"><span><\/span><\/span><\/a><a href='#infirmier' data-av-tab-section-title='4' class='av-section-tab-title  av-jt5xidgd-67a2ff444437590dec6dca5962e1d147 av-tab-no-icon av-tab-with-image noHover ' role='tab' tabindex='0' aria-controls='av-tab-section-2-4'><span class='av-tab-section-image' style='background-image: url(https:\/\/soignerenperigord.fr\/wp-content\/uploads\/2019\/03\/etudes-soins-infirmiers.png);'><\/span><span class='av-outer-tab-title'><span class='av-inner-tab-title'>Infirmier<\/span><\/span><span class=\"av-tab-arrow-container\"><span><\/span><\/span><\/a><\/div><div class='avia-slideshow-arrows av-tabsection-arrow' ><a href='#prev' class='prev-slide av_prev_tab_section av-tab-section-slide' aria-hidden='true' data-av_icon='\ue87c' data-av_iconfont='entypo-fontello'  tabindex='-1'>Pr\u00e9c\u00e9dent<\/a><a href='#next' class='next-slide av_next_tab_section av-tab-section-slide' aria-hidden='true' data-av_icon='\ue87d' data-av_iconfont='entypo-fontello'  tabindex='-1'>Suivant<\/a><\/div><div class='av-tab-section-inner-container avia-section-default' style='width:400vw; left:0%;'><span class=\"av_prev_tab_section av_tab_navigation\"><\/span><span class=\"av_next_tab_section av_tab_navigation\"><\/span>\n\n<style type=\"text\/css\" data-created_by=\"avia_inline_auto\" id=\"style-css-av-jt5xh6y5-d0e588208ee8c754f0f321b09545cb9f\">\n.av-layout-tab.av-jt5xh6y5-d0e588208ee8c754f0f321b09545cb9f{\nvertical-align:top;\nbackground-color:#f8f8f8;\n}\n#top .av-tab-section-outer-container.av-jt5ya1wb-101cf10bf775a6b4538ccb59bef63622 .av-active-tab-title.av-section-tab-title.av-jt5xh6y5-d0e588208ee8c754f0f321b09545cb9f{\ncolor:#51becb;\n}\n#top .av-tab-section-outer-container.av-jt5ya1wb-101cf10bf775a6b4538ccb59bef63622 .av-active-tab-title.av-section-tab-title.av-jt5xh6y5-d0e588208ee8c754f0f321b09545cb9f .av-tab-arrow-container span{\nbackground-color:#f8f8f8;\n}\n<\/style>\n<div id='av-tab-section-2-1' class='av-layout-tab av-jt5xh6y5-d0e588208ee8c754f0f321b09545cb9f av-animation-delay-container av-active-tab-content __av_init_open ' data-av-deeplink-tabs=\"\" data-av-tab-section-content=\"1\" data-tab-section-id=\"mdecin\"><div class=\"av-layout-tab-inner\"><div class=\"container\">\n<style type=\"text\/css\" data-created_by=\"avia_inline_auto\" id=\"style-css-av-weyi2-0615eb989164fa3c9e907b3e228733c0\">\n.flex_column.av-weyi2-0615eb989164fa3c9e907b3e228733c0{\n-webkit-border-radius:0px 0px 0px 0px;\n-moz-border-radius:0px 0px 0px 0px;\nborder-radius:0px 0px 0px 0px;\npadding:0px 0px 0px 0px;\n}\n<\/style>\n<div class='flex_column av-weyi2-0615eb989164fa3c9e907b3e228733c0 av_one_full first flex_column_div av-zero-column-padding '     ><style type=\"text\/css\" data-created_by=\"avia_inline_auto\" id=\"style-css-av-jt5yx50t-960d162e2a5f9a334dd400a55fe31d46\">\n#top .togglecontainer.av-jt5yx50t-960d162e2a5f9a334dd400a55fe31d46 p.toggler{\ncolor:#238388;\nbackground-color:#ffffff;\n}\n#top .togglecontainer.av-jt5yx50t-960d162e2a5f9a334dd400a55fe31d46 p.toggler.activeTitle{\ncolor:#238388;\nborder-color:#238388;\nbackground-color:#ffffff;\n}\n#top .togglecontainer.av-jt5yx50t-960d162e2a5f9a334dd400a55fe31d46 p.toggler .toggle_icon{\ncolor:#238388;\nborder-color:#238388;\n}\n#top .togglecontainer.av-jt5yx50t-960d162e2a5f9a334dd400a55fe31d46 .toggle_wrap .toggle_content{\ncolor:#238388;\nbackground-color:#ffffff;\n}\n<\/style>\n<div  class='togglecontainer av-jt5yx50t-960d162e2a5f9a334dd400a55fe31d46 av-elegant-toggle toggle_close_all hasCurrentStyle' >\n<section class='av_toggle_section av-av_toggle-c8a093acbac14dbc98c302527d4390c1'  itemscope=\"itemscope\" itemtype=\"https:\/\/schema.org\/CreativeWork\" ><div role=\"tablist\" class=\"single_toggle\" data-tags=\"{Tout} {1} \"  ><p data-fake-id='#toggle-id-26' class='toggler   av-inherit-font-color hasCustomColor'  itemprop=\"headline\"  role='tab' tabindex='0' aria-controls='toggle-id-26'><strong>Les exon\u00e9rations fiscales<\/strong><span class=\"toggle_icon\"><span class=\"vert_icon\"><\/span><span class=\"hor_icon\"><\/span><\/span><\/p><div id='toggle-id-26' class='toggle_wrap  '  ><div class='toggle_content invers-color av-inherit-font-color hasCustomColor'  itemprop=\"text\" ><p class=\"align-justify\">Si vous avez pour projet d&#8217;embaucher un salari\u00e9 et que votre cabinet se situe dans une zone de revitalisation rurale (ZRR), de redynamisation urbaine (ZRU) ou en zone franche urbaine (ZFU). Vous pouvez b\u00e9n\u00e9ficier:<br \/>\n&#8211; d&#8217;une exon\u00e9ration des cotisations patronales de S\u00e9curit\u00e9 sociale<br \/>\n&#8211; d&#8217;une exon\u00e9ration de cotisations sociales en cr\u00e9ant ou reprenant une activit\u00e9, dans les conditions fix\u00e9es par le dispositif\u00a0<a title=\"(Nouvelle fen\u00eatre)\" href=\"http:\/\/www.urssaf.fr\/profil\/createurs_dentreprise\/chef_dentreprise\/vous_-_creer_votre_entreprise\/les_aides_et_exonerations_02.html\" target=\"_blank\" rel=\"noopener noreferrer\">Accre<\/a>.<\/p>\n<p>Voici le d\u00e9tail de ces 2 aides :<\/p>\n<ul>\n<li><strong>Embauche d&#8217;un salari\u00e9 par un cabinet<\/strong><\/li>\n<\/ul>\n<p class=\"align-justify\">&#8211; L&#8217;article 190 de la loi n\u00b0 2008-1425 du 27 d\u00e9cembre 2008 de finances pour 2009 pr\u00e9voit une exon\u00e9ration totale ou partielle des cotisations patronales de S\u00e9curit\u00e9 sociale pour l&#8217;embauche d&#8217;un salari\u00e9 par un \u00e9tablissement implant\u00e9 en zone franche urbaine. V\u00e9rifiez que les conditions sont remplies aupr\u00e8s de l&#8217;Urssaf et de la Direccte. Pour toute information compl\u00e9mentaire reportez vous aux documents de\u00a0<a title=\"(Nouvelle fen\u00eatre)\" href=\"http:\/\/www.urssaf.fr\/profil\/employeurs\/activite_generale\/vos_salaries_-_les_mesures_daide_a_lemploi\/exoneration_zrr_zru_01.html\" target=\"_blank\" rel=\"noopener noreferrer\">l&#8217;URSSAF (exon\u00e9ration de cotisations patronales de S\u00e9curit\u00e9 sociale en ZRU, ZRR ou ZFU)<\/a>.<\/p>\n<ul class=\"align-justify\">\n<li><strong>Cr\u00e9ation ou reprise d&#8217;activit\u00e9 :<\/strong><\/li>\n<\/ul>\n<p class=\"align-justify\">Le dispositif Accre (Aide aux ch\u00f4meurs cr\u00e9ant ou reprenant une entreprise) permet au cr\u00e9ateur ou au repreneur d?une entreprise de b\u00e9n\u00e9ficier d&#8217;une exon\u00e9ration de cotisations sociales. Sous certains aspects en particulier (cr\u00e9er ou reprendre une entreprise en zone urbaine sensible, avoir entre 18 et 25 ans&#8230;), cette aide peut vous concerner. L\u00e0 encore, vous trouverez toutes les pr\u00e9cisions n\u00e9cessaires sur le site de l&#8217;Urssaf.<\/p>\n<p><strong>Documents li\u00e9s\u202f:<\/strong><br \/>\n\n<style type=\"text\/css\" data-created_by=\"avia_inline_auto\" id=\"style-css-av-ijr6e-779fdead8fec31a8283af5b56eb3821b\">\n.av_font_icon.av-ijr6e-779fdead8fec31a8283af5b56eb3821b{\ncolor:#51becb;\nborder-color:#51becb;\n}\n.av_font_icon.av-ijr6e-779fdead8fec31a8283af5b56eb3821b .av-icon-char{\nfont-size:20px;\nline-height:20px;\n}\n<\/style>\n<span  class='av_font_icon av-ijr6e-779fdead8fec31a8283af5b56eb3821b avia_animate_when_visible av-icon-style- avia-icon-pos-left'><span class='av-icon-char' aria-hidden='true' data-av_icon='\ue8b1' data-av_iconfont='entypo-fontello' ><\/span><\/span><span data-contrast=\"none\"><span style=\"text-decoration: underline; color: #51becb;\"><strong><a style=\"color: #51becb; text-decoration: underline;\" href=\"https:\/\/soignerenperigord.dordogne.fr\/?page_id=610\">Carte des zones prioritaires en termes d\u2019acc\u00e8s aux soins et aides financi\u00e8res<\/a><\/strong><\/span><\/span><\/p>\n<\/div><\/div><\/div><\/section>\n<section class='av_toggle_section av-av_toggle-99bec867cb84ae249e959c106ab68d48'  itemscope=\"itemscope\" itemtype=\"https:\/\/schema.org\/CreativeWork\" ><div role=\"tablist\" class=\"single_toggle\" data-tags=\"{Tout} \"  ><p data-fake-id='#toggle-id-27' class='toggler   av-inherit-font-color hasCustomColor'  itemprop=\"headline\"  role='tab' tabindex='0' aria-controls='toggle-id-27'><strong>Les aides d\u00e9mographiques<\/strong><span class=\"toggle_icon\"><span class=\"vert_icon\"><\/span><span class=\"hor_icon\"><\/span><\/span><\/p><div id='toggle-id-27' class='toggle_wrap  '  ><div class='toggle_content invers-color av-inherit-font-color hasCustomColor'  itemprop=\"text\" ><p>4 contrats ont \u00e9t\u00e9 cr\u00e9\u00e9s par la convention de 2016 pour les m\u00e9decins exer\u00e7ant tout ou partie de leur activit\u00e9 en ZIP, Zone d\u2019Intervention prioritaire (ou zones sous-denses) d\u00e9finies par le zonage r\u00e9gional ARS\u202f:<\/p>\n<h3><span style=\"color: #51becb;\">1\/ Le CAIM\u202f: Contrat d\u2019Aide \u00e0 l\u2019Installation M\u00e9decins<\/span><\/h3>\n<p><strong>C\u2019est pour qui\u202f?<\/strong><\/p>\n<ul>\n<li>Pour les m\u00e9decins de secteur 1 ou secteur 2 adh\u00e9rant \u00e0 un dispositif de pratique tarifaire maitris\u00e9e (OPTAM ou OPTAM CO) toutes sp\u00e9cialit\u00e9s<\/li>\n<li>Qui s\u2019installent ou sont install\u00e9s depuis moins d\u2019un an en ZIP<\/li>\n<\/ul>\n<p><strong>En quoi \u00e7a consiste\u202f?<\/strong><br \/>\nLe CAIM vise \u00e0 apporter une aide financi\u00e8re significative d\u00e8s l\u2019installation pour aider le m\u00e9decin \u00e0 faire face aux frais d\u2019investissement g\u00e9n\u00e9r\u00e9s par le d\u00e9but d\u2019activit\u00e9.<br \/>\n<strong>Quelles sont les conditions\u202f?<\/strong><\/p>\n<ul>\n<li>Contrat de 5 ans non renouvelable.<\/li>\n<li>S\u2019engager \u00e0 exercer une activit\u00e9 lib\u00e9rale au minimum \u00e9gale \u00e0 2,5 jours par semaine dans la zone<\/li>\n<li>Exercer en groupe ou dans le cadre d\u2019une communaut\u00e9 professionnelle territoriale de sant\u00e9 (CPTS) ou d\u2019une \u00e9quipe de soins primaires (ESP)<\/li>\n<li>S\u2019engager \u00e0 participer au dispositif de permanence des soins ambulatoires sur le territoire<\/li>\n<\/ul>\n<p><strong>Quels sont les avantages\u202f?<\/strong><\/p>\n<ul>\n<li>Aide forfaitaire de 31 250\u20ac \u00e0 50 000 \u20ac selon le nombre de jours d\u2019exercice lib\u00e9ral par semaine, vers\u00e9e en 2 fois (\u00e0 l\u2019adh\u00e9sion et \u00e0 la premi\u00e8re date anniversaire)<\/li>\n<li>Majoration de 2\u202f500\u20ac en cas d\u2019exercice partiel dans un h\u00f4pital de proximit\u00e9<\/li>\n<\/ul>\n<p><\/br><\/p>\n<h3><span style=\"color: #51becb;\">2\/ Le COSCOM\u202f: Contrat de Stabilisation et de Coordination M\u00e9decins<\/span><\/h3>\n<p><strong>C\u2019est pour qui\u202f?<\/strong><\/p>\n<ul>\n<li>Pour les m\u00e9decins conventionn\u00e9s toutes sp\u00e9cialit\u00e9s, quel que soit le secteur d\u2019exercice<\/li>\n<li>d\u00e9j\u00e0 install\u00e9s en ZIP<\/li>\n<li>impliqu\u00e9s dans une d\u00e9marche d\u2019exercice coordonn\u00e9e.<\/li>\n<\/ul>\n<p><strong>En quoi \u00e7a consiste\u202f?<\/strong><br \/>\nCe contrat vise \u00e0 encourager les m\u00e9decins impliqu\u00e9s en zone sous-dense dans la prise en charge coordonn\u00e9e de leurs patients.<br \/>\n<strong>Quelles sont les conditions\u202f?<\/strong><\/p>\n<ul>\n<li>Contrat de 3 ans, renouvelable<\/li>\n<li>Exercer en en groupe, en communaut\u00e9 professionnelle territoriale de sant\u00e9 (CPTS) ou Equipe de Soins primaires (ESP)<\/li>\n<\/ul>\n<p><strong>Quels sont les avantages\u202f?<\/strong><\/p>\n<ul>\n<li>Aide forfaitaire de 5\u202f000\u20ac par an<\/li>\n<li>Majoration de 1\u202f250\u20ac\/an pour un exercice lib\u00e9ral partiel dans un h\u00f4pital de proximit\u00e9<\/li>\n<li>R\u00e9mun\u00e9ration compl\u00e9mentaire de 300\u20ac\/mois pour l\u2019accueil en stage d\u2019internes ou externes.<\/li>\n<\/ul>\n<p><\/br><\/p>\n<h3><span style=\"color: #51becb;\">3\/ Le COTRAM\u202f: Contrat de Transition M\u00e9decins<\/span><\/h3>\n<p><strong>C\u2019est pour qui ?<\/strong><\/p>\n<ul>\n<li>Pour les m\u00e9decins conventionn\u00e9s toutes sp\u00e9cialit\u00e9s, quel que soit le secteur d\u2019exercice<\/li>\n<li>Install\u00e9s en ZIP<\/li>\n<li>\u00e2g\u00e9s de 60 ans et plus<\/li>\n<li>qui accueillent un m\u00e9decin de moins de 50 ans qui s\u2019installe dans la zone ou qui est install\u00e9 depuis moins d\u2019un an.<\/li>\n<\/ul>\n<p><strong>En quoi \u00e7a consiste\u202f?<\/strong><br \/>\nCe contrat vise \u00e0 soutenir les m\u00e9decins exer\u00e7ant en zones sous-denses pr\u00e9parant leur cessation d\u2019activit\u00e9 et pr\u00eats \u00e0 accompagner pendant cette p\u00e9riode, un m\u00e9decin nouvellement install\u00e9 dans leur cabinet.<br \/>\n<strong>Quelles sont les conditions\u202f?<\/strong><\/p>\n<ul>\n<li>Contrat de 3 ans, renouvelable 1 fois<\/li>\n<li>S\u2019engager \u00e0 accompagner son coll\u00e8gue nouvel install\u00e9 dans son cabinet dans toutes les d\u00e9marches li\u00e9es \u00e0 l\u2019installation, \u00e0 la gestion du cabinet, \u00e0 la prise en charge des patients\u2026<\/li>\n<\/ul>\n<p><strong>Quels sont les avantages\u202f?<\/strong><br \/>\nValorisation de +10 % des honoraires conventionn\u00e9s (actes cliniques et techniques hors d\u00e9passements et r\u00e9mun\u00e9rations forfaitaires) plafonn\u00e9e \u00e0 20\u202f000\u20ac par an.<br \/>\n<\/br><\/p>\n<h3><span style=\"color: #51becb;\">4\/ Le CSTM\u202f: Contrat de Solidarit\u00e9 territoriale M\u00e9decins<\/span><\/h3>\n<p><strong>C\u2019est pour qui ?<\/strong><\/p>\n<ul>\n<li>Pour les m\u00e9decins conventionn\u00e9s toutes sp\u00e9cialit\u00e9s, quel que soit le secteur d\u2019exercice<\/li>\n<li>Non install\u00e9s en ZIP<\/li>\n<\/ul>\n<p><strong>En quoi \u00e7a consiste\u202f?<\/strong><br \/>\nCe contrat vise \u00e0 favoriser l\u2019intervention ponctuelle de m\u00e9decins venant exercer dans les ZIP\u202f;<br \/>\n<strong>Quelles sont les conditions\u202f?<\/strong><\/p>\n<ul>\n<li>Contrat de 3 ans, renouvelable<\/li>\n<li>Exercer au moins 10 jours\/an en ZIP<\/li>\n<li>Facturer l\u2019activit\u00e9 r\u00e9alis\u00e9e au sein de ces zones, sous le num\u00e9ro de facturant (num\u00e9ro AM) attribu\u00e9 sp\u00e9cifiquement pour cette activit\u00e9<\/li>\n<\/ul>\n<p><strong>Quels sont les avantages\u202f?<\/strong><\/p>\n<ul>\n<li>+ 25 % sur les honoraires conventionn\u00e9s li\u00e9s \u00e0 l\u2019activit\u00e9 sur la zone (plafonn\u00e9 \u00e0 50 000 \u20ac\/an)<\/li>\n<li>Prise en charge des frais de d\u00e9placement engag\u00e9s pour se rendre en ZIP<\/li>\n<\/ul>\n<\/div><\/div><\/div><\/section>\n<section class='av_toggle_section av-av_toggle-a1234cc59ab22cd9ef5bfe97b48db15f'  itemscope=\"itemscope\" itemtype=\"https:\/\/schema.org\/CreativeWork\" ><div role=\"tablist\" class=\"single_toggle\" data-tags=\"{Tout} \"  ><p data-fake-id='#toggle-id-28' class='toggler   av-inherit-font-color hasCustomColor'  itemprop=\"headline\"  role='tab' tabindex='0' aria-controls='toggle-id-28'><strong>Les aides pour maternit\u00e9, paternit\u00e9, adoption<\/strong><span class=\"toggle_icon\"><span class=\"vert_icon\"><\/span><span class=\"hor_icon\"><\/span><\/span><\/p><div id='toggle-id-28' class='toggle_wrap  '  ><div class='toggle_content invers-color av-inherit-font-color hasCustomColor'  itemprop=\"text\" ><p><strong>C\u2019est pour qui ?<\/strong><br \/>\nPour les m\u00e9decins lib\u00e9raux conventionn\u00e9s toutes sp\u00e9cialit\u00e9s, quel que soit le secteur d\u2019exercice<br \/>\n<strong>En quoi \u00e7a consiste\u202f?<\/strong><br \/>\nCette aide compl\u00e9mentaire est vers\u00e9e pour pallier la baisse de revenus engendr\u00e9e par l&#8217;interruption de l&#8217;activit\u00e9 m\u00e9dicale due \u00e0 un cong\u00e9 pour maternit\u00e9, paternit\u00e9 ou adoption.<br \/>\n<strong>Quelles sont les conditions\u202f?<\/strong><br \/>\nJustifier de son interruption de son activit\u00e9 pour cause de maternit\u00e9, paternit\u00e9 ou adoption.<br \/>\n<strong>Quels sont les avantages\u202f?<\/strong><br \/>\nR\u00e9mun\u00e9ration vers\u00e9e selon le temps d\u2019activit\u00e9 lib\u00e9rale et le secteur d\u2019exercice.<\/p>\n<table>\n<tbody>\n<tr>\n<td><strong>Cong\u00e9<\/strong><\/td>\n<td><strong>M\u00e9decins Secteur 1 ou Secteur 2 OPTAM\/OPTAM-CO<\/strong><\/td>\n<td><strong>M\u00e9decins Secteur 2<\/strong><\/td>\n<\/tr>\n<tr>\n<td><strong>Maternit\u00e9 ou Adoption<\/strong><\/td>\n<td>De 1550 \u20ac \u00e0 3100\u20ac \/ mois<\/td>\n<td>De 1033 \u20ac \u00e0 2066\u20ac \/ mois<\/td>\n<\/tr>\n<tr>\n<td><strong>Paternit\u00e9<\/strong><\/td>\n<td>De 558 \u20ac \u00e0 1116\u20ac \/ mois<\/td>\n<td>De 372 \u20ac \u00e0 744\u20ac \/ mois<\/td>\n<\/tr>\n<\/tbody>\n<\/table>\n<\/div><\/div><\/div><\/section>\n<section class='av_toggle_section av-av_toggle-e7c3f9f10f47cc85fc52d6d4c43b86fc'  itemscope=\"itemscope\" itemtype=\"https:\/\/schema.org\/CreativeWork\" ><div role=\"tablist\" class=\"single_toggle\" data-tags=\"{Tout} \"  ><p data-fake-id='#toggle-id-29' class='toggler   av-inherit-font-color hasCustomColor'  itemprop=\"headline\"  role='tab' tabindex='0' aria-controls='toggle-id-29'><strong>Les r\u00e9mun\u00e9rations forfaitaires<\/strong><span class=\"toggle_icon\"><span class=\"vert_icon\"><\/span><span class=\"hor_icon\"><\/span><\/span><\/p><div id='toggle-id-29' class='toggle_wrap  '  ><div class='toggle_content invers-color av-inherit-font-color hasCustomColor'  itemprop=\"text\" ><h3><span style=\"color: #51becb;\">1\/ Le Forfait Structure<\/span><\/h3>\n<p><strong>C\u2019est pour qui\u202f?<\/strong><br \/>\nPour les m\u00e9decins conventionn\u00e9s toutes sp\u00e9cialit\u00e9s, quel que soit le secteur d\u2019exercice<br \/>\n<strong>En quoi \u00e7a consiste\u202f?<\/strong><br \/>\nCe forfait structure a pour objectif d\u2019aider les m\u00e9decins \u00e0 investir dans des outils informatiques notamment ainsi que dans des modes d\u2019organisation facilitant la pratique et la gestion du cabinet au quotidien et \u00e0 d\u00e9velopper les services offerts aux patients.<br \/>\n<strong>Quelles sont les conditions\u202f?<\/strong><\/p>\n<ul>\n<li>Atteindre a minima le volet 1 du forfait, soient 5 indicateurs\u202fpr\u00e9-requis :\n<ul>\n<li>Disposer d\u2019un logiciel m\u00e9tier avec LAP certifi\u00e9 HAS et compatible DMP<\/li>\n<li>Disposer d\u2019une messagerie s\u00e9curis\u00e9e de sant\u00e9<\/li>\n<li>Disposer d\u2019une version du cahier des charges Sesam-Vitale int\u00e9grant les avenants requis<\/li>\n<li>Avoir un taux de t\u00e9l\u00e9transmission > ou \u00e9gal \u00e0 2\/3<\/li>\n<li>Affichage des horaires du cabinet dans annuaire sant\u00e9<\/li>\n<\/ul>\n<\/li>\n<li>Atteindre les indicateurs optionnels du volet 2 en compl\u00e9ment le cas \u00e9ch\u00e9ant<\/li>\n<li>D\u00e9clarer annuellement ses indicateurs \u00e0 sa caisse<\/li>\n<li>Fournir les justificatifs le cas \u00e9ch\u00e9ant<\/li>\n<\/ul>\n<p><strong>Quels sont les avantages\u202f?<\/strong><\/p>\n<ul>\n<li>R\u00e9mun\u00e9ration forfaitaire du volet 1 de 1\u202f610\u20ac pour 2018 (1\u202f960\u20ac pour 2019)<\/li>\n<li>R\u00e9mun\u00e9ration compl\u00e9mentaire du volet 2 selon les indicateurs atteints<\/li>\n<\/ul>\n<p><\/br><\/p>\n<h3><span style=\"color: #51becb;\">2\/ Le FPMT\u202f: Forfait Patient\u00e8le M\u00e9decin Traitant<\/span><\/h3>\n<p><strong>C\u2019est pour qui\u202f?<\/strong><br \/>\nPour les m\u00e9decins traitants de secteur 1 ou secteur 2 ayant adh\u00e9r\u00e9 aux options de pratique tarifaire ma\u00eetris\u00e9e (OPTAM\/OPTAM-CO)<br \/>\n<strong>En quoi \u00e7a consiste\u202f?<\/strong><br \/>\nCe forfait, cr\u00e9\u00e9 par la convention m\u00e9dicale du 25 ao\u00fbt 2016, valorise le suivi au long cours des patients par le m\u00e9decin qu\u2019ils ont choisi comme m\u00e9decin traitant.<br \/>\n<strong>Quelles sont les conditions\u202f?<\/strong><br \/>\nEtre d\u00e9clar\u00e9 en tant que m\u00e9decin traitant<br \/>\n<strong>Quels sont les avantages\u202f?<\/strong><\/p>\n<ul>\n<li>R\u00e9mun\u00e9ration calcul\u00e9e annuellement en fonction de la patient\u00e8le m\u00e9decin traitant au 31\/12 de l\u2019ann\u00e9e consid\u00e9r\u00e9e<\/li>\n<li>Le calcul tient compte des caract\u00e9ristiques de la patient\u00e8le du m\u00e9decin traitant au regard de son \u00e2ge, de ses pathologies et de son niveau de pr\u00e9carit\u00e9<\/li>\n<\/ul>\n<table>\n<tbody>\n<tr>\n<td><strong>Caract\u00e9ristique du patient<\/strong><\/td>\n<td><strong>Pr\u00e9cision<\/strong><\/td>\n<td><strong>Valorisation<\/strong><\/td>\n<\/tr>\n<tr>\n<td>Enfant de 0 \u00e0 6 ans<\/td>\n<td>Hors ALD<\/td>\n<td>6 \u20ac<\/td>\n<\/tr>\n<tr>\n<td>Patient de 80 ans et plus<\/td>\n<td>Hors ALD<\/td>\n<td>42 \u20ac<\/td>\n<\/tr>\n<tr>\n<td>Patient de moins de 80 ans et en ALD<\/td>\n<td>Y compris les enfants de 0 \u00e0 6 ans avec ALD<\/td>\n<td>42 \u20ac<\/td>\n<\/tr>\n<tr>\n<td>Patient de 80 ans ou plus et en ALD<\/td>\n<td><\/td>\n<td>70 \u20ac<\/td>\n<\/tr>\n<tr>\n<td>Autres patients<\/td>\n<td>7 \u00e0 79 ans, hors ALD<\/td>\n<td>5 \u20ac<\/td>\n<\/tr>\n<\/tbody>\n<\/table>\n<p><\/br><\/p>\n<h3><span style=\"color: #51becb;\">3\/ La MPA\u202f: Majoration pour Personnes Ag\u00e9es<\/span><\/h3>\n<p><strong>C\u2019est pour qui\u202f?<\/strong><br \/>\nPour les m\u00e9decins conventionn\u00e9s secteur 1 ou secteur 2 adh\u00e9rant \u00e0 un dispositif de pratique tarifaire maitris\u00e9e (OPTAM ou OPTAM CO) toutes sp\u00e9cialit\u00e9s<br \/>\n<strong>En quoi \u00e7a consiste\u202f?<\/strong><br \/>\nCette r\u00e9mun\u00e9ration forfaitaire valorise le suivi des patients de plus de 80 ans qui n\u2019ont pas choisi le m\u00e9decin comme m\u00e9decin traitant.<br \/>\n<strong>Quelles sont les conditions\u202f?<\/strong><\/p>\n<ul>\n<li>Effectuer des consultations ou visites<\/li>\n<li>Aupr\u00e8s des patients \u00e2g\u00e9s de plus de 80 ans ne faisant pas partie de la patient\u00e8le m\u00e9decin traitant<\/li>\n<\/ul>\n<p><strong>Quels sont les avantages ?<\/strong><br \/>\nR\u00e9mun\u00e9ration forfaitaire de 5\u20ac applicable \u00e0 chaque consultation ou visite r\u00e9alis\u00e9e, vers\u00e9e trimestriellement.<\/p>\n<\/div><\/div><\/div><\/section>\n<section class='av_toggle_section av-av_toggle-a496c8f870c5e24c2117aa6de2f19b16'  itemscope=\"itemscope\" itemtype=\"https:\/\/schema.org\/CreativeWork\" ><div role=\"tablist\" class=\"single_toggle\" data-tags=\"{Tout} \"  ><p data-fake-id='#toggle-id-30' class='toggler   av-inherit-font-color hasCustomColor'  itemprop=\"headline\"  role='tab' tabindex='0' aria-controls='toggle-id-30'><strong>Les r\u00e9mun\u00e9rations sur objectifs<\/strong><span class=\"toggle_icon\"><span class=\"vert_icon\"><\/span><span class=\"hor_icon\"><\/span><\/span><\/p><div id='toggle-id-30' class='toggle_wrap  '  ><div class='toggle_content invers-color av-inherit-font-color hasCustomColor'  itemprop=\"text\" ><h3><span style=\"color: #51becb;\">1\/ La ROSP\u202f: R\u00e9mun\u00e9ration sur Objectifs de Sant\u00e9 Publique<\/span><\/h3>\n<p><strong>C\u2019est pour qui\u202f?<\/strong><\/p>\n<ul>\n<li>Pour les m\u00e9decins traitants conventionn\u00e9s toutes sp\u00e9cialit\u00e9s, quel que soit le secteur d\u2019exercice<\/li>\n<li>Pour les m\u00e9decins sp\u00e9cialistes en gastroent\u00e9rologie et h\u00e9patologie, en endocrinologie, diab\u00e9tologie et nutrition, et en cardiologie et maladies vasculaires, quel que soit le secteur d\u2019exercice.<\/li>\n<\/ul>\n<p><strong>En quoi \u00e7a consiste\u202f?<\/strong><br \/>\nCette r\u00e9mun\u00e9ration repose sur le suivi d\u2019indicateurs de la pratique m\u00e9dicale et permet de valoriser l\u2019engagement des m\u00e9decins dans la pr\u00e9vention, le suivi des pathologies chroniques et l&#8217;efficience des prescriptions.<br \/>\n<strong>Quelles sont les conditions\u202f?<\/strong><\/p>\n<ul>\n<li>Atteindre un seuil minimal de patients ou de bo\u00eetes rembours\u00e9es, au 31 d\u00e9cembre de l\u2019ann\u00e9e consid\u00e9r\u00e9e.<\/li>\n<li>\u00catre d\u00e9clar\u00e9 m\u00e9decin traitant par au moins un patient ou avoir au moins un patient dans la patient\u00e8le correspondante pour les cardiologues, gastroent\u00e9rologues et endocrinologues<\/li>\n<li>d\u00e9clarer certains indicateurs d\u00e9claratifs annuellement \u00e0 sa caisse<\/li>\n<\/ul>\n<p><strong>Quels sont les avantages\u202f?<\/strong><\/p>\n<ul>\n<li>R\u00e9mun\u00e9ration annuelle selon le taux de r\u00e9alisation qui prend en compte le niveau atteint et\/ou la progression r\u00e9alis\u00e9e pour chaque indicateur.<\/li>\n<li>Le calcul se fait en fonction d\u2019un nombre de points (7\u20ac par point) et en fonction du volume de la patient\u00e8le<\/li>\n<\/ul>\n<p><\/br><\/p>\n<h3><span style=\"color: #51becb;\">2\/ OPTAM et OPTAM-CO\u202f: Options Pratique Tarifaire Maitris\u00e9e<\/span><\/h3>\n<h4><span style=\"color: #51becb;\"><strong>>> OPTAM<\/strong><\/span><\/h4>\n<p><strong>C\u2019est pour qui\u202f?<\/strong><\/p>\n<ul>\n<li>Pour les m\u00e9decins conventionn\u00e9s secteur 2, toutes sp\u00e9cialit\u00e9s<\/li>\n<li>Pour les m\u00e9decins conventionn\u00e9s en secteur 1 DP ou en secteur 1 titr\u00e9s et install\u00e9s avant le 01\/01\/2013, toutes sp\u00e9cialit\u00e9s<\/li>\n<\/ul>\n<p><strong>En quoi \u00e7a consiste\u202f?<\/strong><br \/>\nEn signant cette option, le m\u00e9decin s\u2019engage \u00e0 ma\u00eetriser ses d\u00e9passements d&#8217;honoraires et permettre ainsi de faire b\u00e9n\u00e9ficier ses patients d\u2019un moindre reste \u00e0 charge et d\u2019un meilleur remboursement de leurs soins.<br \/>\n<strong>Quelles sont les conditions\u202f?<\/strong><\/p>\n<ul>\n<li>S\u2019engager \u00e0 respecter un taux de d\u00e9passement moyen<\/li>\n<li>R\u00e9aliser une partie de l\u2019activit\u00e9 au tarif opposable (sans d\u00e9passement).<\/li>\n<\/ul>\n<p><strong>Quels sont les avantages\u202f?<\/strong><\/p>\n<ul>\n<li>Paiement d\u2019une prime annuelle calcul\u00e9e avec un taux selon la sp\u00e9cialit\u00e9 appliqu\u00e9 aux honoraires pratiqu\u00e9s aux tarifs opposables, proratis\u00e9e selon l\u2019atteinte des objectifs<\/li>\n<li>B\u00e9n\u00e9fice des tarifs identiques \u00e0 ceux des m\u00e9decins de secteur 1 pour un meilleur niveau de remboursement des patients<\/li>\n<\/ul>\n<h4><strong><span style=\"color: #51becb;\">>> OPTAM-CO (Chirurgie\/obst\u00e9trique)<\/span> <\/strong><\/h4>\n<p><strong>C\u2019est pour qui\u202f?<\/strong><\/p>\n<ul>\n<li>Pour les m\u00e9decins conventionn\u00e9s secteur 2 et les m\u00e9decins conventionn\u00e9s en secteur 1 DP ou en secteur 1 titr\u00e9s et install\u00e9s avant le 01\/01\/2013<\/li>\n<li>exer\u00e7ant une sp\u00e9cialit\u00e9 chirurgicale ou une sp\u00e9cialit\u00e9 de gyn\u00e9cologie-obst\u00e9trique<\/li>\n<li>ayant r\u00e9alis\u00e9 au moins 50 actes de chirurgie ou actes d\u2019obst\u00e9trique l\u2019ann\u00e9e pr\u00e9c\u00e9dant leur demande d\u2019adh\u00e9sion \u00e0 l\u2019option (sauf nouveaux install\u00e9s)<\/li>\n<\/ul>\n<p><strong>En quoi \u00e7a consiste\u202f?<\/strong><br \/>\nEn signant cette option, le m\u00e9decin s\u2019engage sur le respect d\u2019un taux de d\u00e9passement moyen et d\u2019un taux d\u2019activit\u00e9 au tarif opposable en contrepartie de l\u2019acc\u00e8s aux tarifs de remboursements applicables aux m\u00e9decins de secteur 1.<br \/>\n<strong>Quelles sont les conditions\u202f?<\/strong><\/p>\n<ul>\n<li>s\u2019engager \u00e0 respecter un taux de d\u00e9passement moyen<\/li>\n<li>r\u00e9aliser une partie de l\u2019activit\u00e9 au tarif opposable (sans d\u00e9passement)<\/li>\n<\/ul>\n<p><strong>Quels sont les avantages ?<\/strong><\/p>\n<ul>\n<li>majoration tarifaire sur les actes techniques : majoration \u00ab forfaits modulables \u00bb (modificateur K \u00e0 11.5%)<\/li>\n<li>alignement des tarifs sur ceux des m\u00e9decins en secteur 1\u202fpour un meilleur niveau de remboursement des patients<\/li>\n<\/ul>\n<\/div><\/div><\/div><\/section>\n<section class='av_toggle_section av-av_toggle-f1b34fe35f1c067f6c7b1ae71e6c868d'  itemscope=\"itemscope\" itemtype=\"https:\/\/schema.org\/CreativeWork\" ><div role=\"tablist\" class=\"single_toggle\" data-tags=\"{Tout} \"  ><p data-fake-id='#toggle-id-31' class='toggler   av-inherit-font-color hasCustomColor'  itemprop=\"headline\"  role='tab' tabindex='0' aria-controls='toggle-id-31'><strong>Les aides \u00e0 l\u2019exercice coordonn\u00e9<\/strong><span class=\"toggle_icon\"><span class=\"vert_icon\"><\/span><span class=\"hor_icon\"><\/span><\/span><\/p><div id='toggle-id-31' class='toggle_wrap  '  ><div class='toggle_content invers-color av-inherit-font-color hasCustomColor'  itemprop=\"text\" ><h3><span style=\"color: #51becb;\">1\/ L\u2019ACI\u202f: Accord Conventionnel Interprofessionnel<\/span><\/h3>\n<p><strong>C\u2019est pour qui\u202f?<\/strong><br \/>\n<strong>En quoi \u00e7a consiste\u202f?<\/strong><br \/>\n<strong>Quelles sont les conditions\u202f?<\/strong><br \/>\n<strong>Quels sont les avantages\u202f?<\/strong><br \/>\n<\/br><\/p>\n<h3><span style=\"color: #51becb;\">2\/ Les contrats de coop\u00e9ration pour les soins visuels<\/span><\/h3>\n<h4><span style=\"color: #51becb;\"><strong>&gt;&gt; Le contrat Embauche<br \/>\n<\/strong><\/span><\/h4>\n<p><strong>C\u2019est pour qui\u202f?<\/strong><\/p>\n<ul>\n<li>Pour les ophtalmologistes conventionn\u00e9s secteur 1 ou secteur 2 adh\u00e9rant \u00e0 un dispositif de pratique tarifaire maitris\u00e9e (OPTAM ou OPTAM CO)<\/li>\n<li>Qui souhaitent recruter un orthoptiste salari\u00e9<\/li>\n<\/ul>\n<p><strong>En quoi \u00e7a consiste\u202f?<\/strong><br \/>\nCe contrat permet de b\u00e9n\u00e9ficier d\u2019une aide pour l\u2019embauche d\u2019un orthoptiste salari\u00e9 au sein du cabinet afin de d\u00e9velopper le travail en coop\u00e9ration et de<br \/>\n<strong>Quelles sont les conditions\u202f?<\/strong><\/p>\n<ul>\n<li>d\u2019une dur\u00e9e de 3 ans<\/li>\n<li>ne pas avoir d\u2019orthoptiste salari\u00e9 ou n\u2019ayant pas proc\u00e9der au licenciement d\u2019un orthoptiste dans l\u2019ann\u00e9e pr\u00e9c\u00e9dente<\/li>\n<li>disposer d\u2019une organisation permettant l\u2019intervention d\u2019un orthoptiste au sein du cabinet<\/li>\n<li>recruter un orthoptiste pour une activit\u00e9 de 16h a minima<\/li>\n<li>augmenter annuellement le nombre de patients diff\u00e9rents re\u00e7us en consultation au cabinet<\/li>\n<\/ul>\n<p><strong>Quels sont les avantages\u202f?<\/strong><br \/>\nUne aide principale forfaitaire d\u2019un montant maximal de 30\u202f000\u202f\u20ac par an sur 3 ans<\/p>\n<h4><span style=\"color: #51becb;\"><strong>&gt;&gt; Le contrat Formation<br \/>\n<\/strong><\/span><\/h4>\n<p><strong>C\u2019est pour qui\u202f?<\/strong><\/p>\n<ul>\n<li>Pour les ophtalmologistes conventionn\u00e9s secteur 1 ou secteur 2 adh\u00e9rant \u00e0 un dispositif de pratique tarifaire maitris\u00e9e (OPTAM ou OPTAM CO)<\/li>\n<li>Qui accueillent en stage un \u00e9tudiant en 3\u00e8me ann\u00e9e de pr\u00e9paration au certificat de capacit\u00e9 d\u2019orthoptiste<\/li>\n<\/ul>\n<p><strong>En quoi \u00e7a consiste\u202f?<\/strong><br \/>\nCe contrat permet de b\u00e9n\u00e9ficier d\u2019une aide pour l\u2019accueil en stage au sein du cabinet d\u2019un \u00e9tudiant en troisi\u00e8me ann\u00e9e de pr\u00e9paration au certificat de capacit\u00e9 d\u2019orthoptiste afin de le former, entre autres, au travail en coop\u00e9ration avec les m\u00e9decins ophtalmologistes.<br \/>\n<strong>Quelles sont les conditions\u202f?<\/strong><\/p>\n<ul>\n<li>d\u2019une dur\u00e9e de 3 ans<\/li>\n<li>employer ou exer\u00e7ant dans un cabinet qui emploie un orthoptiste salari\u00e9 pouvant assurer la fonction de ma\u00eetre de stage<\/li>\n<li>disposer d\u2019une organisation permettant l\u2019intervention d\u2019un orthoptiste au sein du cabinet<\/li>\n<\/ul>\n<p><strong>Quels sont les avantages ?<\/strong><br \/>\nUne aide de 1\u202f800\u20ac par formation dans la limite de 3 formations successives<\/p>\n<\/div><\/div><\/div><\/section>\n<section class='av_toggle_section av-av_toggle-ed266af9c17864a01a4796befa7b0e7e'  itemscope=\"itemscope\" itemtype=\"https:\/\/schema.org\/CreativeWork\" ><div role=\"tablist\" class=\"single_toggle\" data-tags=\"{Tout} \"  ><p data-fake-id='#toggle-id-32' class='toggler   av-inherit-font-color hasCustomColor'  itemprop=\"headline\"  role='tab' tabindex='0' aria-controls='toggle-id-32'><strong>Les aides du Conseil D\u00e9partemental de la Dordogne<\/strong><span class=\"toggle_icon\"><span class=\"vert_icon\"><\/span><span class=\"hor_icon\"><\/span><\/span><\/p><div id='toggle-id-32' class='toggle_wrap  '  ><div class='toggle_content invers-color av-inherit-font-color hasCustomColor'  itemprop=\"text\" ><p>Liste des aides du D\u00e9partement de la Dordogne<\/p>\n<\/div><\/div><\/div><\/section>\n<\/div><\/div>\n<\/div><\/div><\/div>\n<style type=\"text\/css\" data-created_by=\"avia_inline_auto\" id=\"style-css-av-jt5xl4sn-ae649e848a98d6682e9620ad504eedce\">\n.av-layout-tab.av-jt5xl4sn-ae649e848a98d6682e9620ad504eedce{\nvertical-align:top;\nbackground-color:#f8f8f8;\n}\n#top .av-tab-section-outer-container.av-jt5ya1wb-101cf10bf775a6b4538ccb59bef63622 .av-active-tab-title.av-section-tab-title.av-jt5xl4sn-ae649e848a98d6682e9620ad504eedce{\ncolor:#51becb;\n}\n#top .av-tab-section-outer-container.av-jt5ya1wb-101cf10bf775a6b4538ccb59bef63622 .av-active-tab-title.av-section-tab-title.av-jt5xl4sn-ae649e848a98d6682e9620ad504eedce .av-tab-arrow-container span{\nbackground-color:#f8f8f8;\n}\n<\/style>\n<div id='av-tab-section-2-2' class='av-layout-tab av-jt5xl4sn-ae649e848a98d6682e9620ad504eedce av-animation-delay-container ' data-av-deeplink-tabs=\"\" data-av-tab-section-content=\"2\" data-tab-section-id=\"chirurgien-dentiste\"><div class=\"av-layout-tab-inner\"><div class=\"container\">\n<style type=\"text\/css\" data-created_by=\"avia_inline_auto\" id=\"style-css-av-weyi2-0615eb989164fa3c9e907b3e228733c0\">\n.flex_column.av-weyi2-0615eb989164fa3c9e907b3e228733c0{\n-webkit-border-radius:0px 0px 0px 0px;\n-moz-border-radius:0px 0px 0px 0px;\nborder-radius:0px 0px 0px 0px;\npadding:0px 0px 0px 0px;\n}\n<\/style>\n<div class='flex_column av-weyi2-0615eb989164fa3c9e907b3e228733c0 av_one_full first flex_column_div av-zero-column-padding '     ><style type=\"text\/css\" data-created_by=\"avia_inline_auto\" id=\"style-css-av-jt5yx50t-960d162e2a5f9a334dd400a55fe31d46\">\n#top .togglecontainer.av-jt5yx50t-960d162e2a5f9a334dd400a55fe31d46 p.toggler{\ncolor:#238388;\nbackground-color:#ffffff;\n}\n#top .togglecontainer.av-jt5yx50t-960d162e2a5f9a334dd400a55fe31d46 p.toggler.activeTitle{\ncolor:#238388;\nborder-color:#238388;\nbackground-color:#ffffff;\n}\n#top .togglecontainer.av-jt5yx50t-960d162e2a5f9a334dd400a55fe31d46 p.toggler .toggle_icon{\ncolor:#238388;\nborder-color:#238388;\n}\n#top .togglecontainer.av-jt5yx50t-960d162e2a5f9a334dd400a55fe31d46 .toggle_wrap .toggle_content{\ncolor:#238388;\nbackground-color:#ffffff;\n}\n<\/style>\n<div  class='togglecontainer av-jt5yx50t-960d162e2a5f9a334dd400a55fe31d46 av-elegant-toggle toggle_close_all hasCurrentStyle' >\n<section class='av_toggle_section av-4x9mmu-2d48dbcc3e5a1b3100ad83c2fbc871b9'  itemscope=\"itemscope\" itemtype=\"https:\/\/schema.org\/CreativeWork\" ><div role=\"tablist\" class=\"single_toggle\" data-tags=\"{Tout} {1} \"  ><p data-fake-id='#toggle-id-33' class='toggler   av-inherit-font-color hasCustomColor'  itemprop=\"headline\"  role='tab' tabindex='0' aria-controls='toggle-id-33'><strong>Les exon\u00e9rations fiscales<\/strong><span class=\"toggle_icon\"><span class=\"vert_icon\"><\/span><span class=\"hor_icon\"><\/span><\/span><\/p><div id='toggle-id-33' class='toggle_wrap  '  ><div class='toggle_content invers-color av-inherit-font-color hasCustomColor'  itemprop=\"text\" ><p class=\"align-justify\">Si vous avez pour projet d&#8217;embaucher un salari\u00e9 et que votre cabinet se situe dans une zone de revitalisation rurale (ZRR), de redynamisation urbaine (ZRU) ou en zone franche urbaine (ZFU). Vous pouvez b\u00e9n\u00e9ficier:<br \/>\n&#8211; d&#8217;une exon\u00e9ration des cotisations patronales de S\u00e9curit\u00e9 sociale<br \/>\n&#8211; d&#8217;une exon\u00e9ration de cotisations sociales en cr\u00e9ant ou reprenant une activit\u00e9, dans les conditions fix\u00e9es par le dispositif\u00a0<a title=\"(Nouvelle fen\u00eatre)\" href=\"http:\/\/www.urssaf.fr\/profil\/createurs_dentreprise\/chef_dentreprise\/vous_-_creer_votre_entreprise\/les_aides_et_exonerations_02.html\" target=\"_blank\" rel=\"noopener noreferrer\">Accre<\/a>.<br \/>\nVoici le d\u00e9tail de ces 2 aides :<\/p>\n<ul>\n<li><strong>Embauche d&#8217;un salari\u00e9 par un cabinet<\/strong><\/li>\n<\/ul>\n<p class=\"align-justify\">&#8211; L&#8217;article 190 de la loi n\u00b0 2008-1425 du 27 d\u00e9cembre 2008 de finances pour 2009 pr\u00e9voit une exon\u00e9ration totale ou partielle des cotisations patronales de S\u00e9curit\u00e9 sociale pour l&#8217;embauche d&#8217;un salari\u00e9 par un \u00e9tablissement implant\u00e9 en zone franche urbaine. V\u00e9rifiez que les conditions sont remplies aupr\u00e8s de l&#8217;Urssaf et de la Direccte. Pour toute information compl\u00e9mentaire reportez vous aux documents de\u00a0<a title=\"(Nouvelle fen\u00eatre)\" href=\"http:\/\/www.urssaf.fr\/profil\/employeurs\/activite_generale\/vos_salaries_-_les_mesures_daide_a_lemploi\/exoneration_zrr_zru_01.html\" target=\"_blank\" rel=\"noopener noreferrer\">l&#8217;URSSAF (exon\u00e9ration de cotisations patronales de S\u00e9curit\u00e9 sociale en ZRU, ZRR ou ZFU)<\/a>.<\/p>\n<ul class=\"align-justify\">\n<li><strong>Cr\u00e9ation ou reprise d&#8217;activit\u00e9 :<\/strong><\/li>\n<\/ul>\n<p class=\"align-justify\">Le dispositif Accre (Aide aux ch\u00f4meurs cr\u00e9ant ou reprenant une entreprise) permet au cr\u00e9ateur ou au repreneur d?une entreprise de b\u00e9n\u00e9ficier d&#8217;une exon\u00e9ration de cotisations sociales. Sous certains aspects en particulier (cr\u00e9er ou reprendre une entreprise en zone urbaine sensible, avoir entre 18 et 25 ans&#8230;), cette aide peut vous concerner. L\u00e0 encore, vous trouverez toutes les pr\u00e9cisions n\u00e9cessaires sur le site de l&#8217;Urssaf.<\/p>\n<p><strong>Documents li\u00e9s\u202f:<\/strong><br \/>\n\n<style type=\"text\/css\" data-created_by=\"avia_inline_auto\" id=\"style-css-av-ijr6e-779fdead8fec31a8283af5b56eb3821b\">\n.av_font_icon.av-ijr6e-779fdead8fec31a8283af5b56eb3821b{\ncolor:#51becb;\nborder-color:#51becb;\n}\n.av_font_icon.av-ijr6e-779fdead8fec31a8283af5b56eb3821b .av-icon-char{\nfont-size:20px;\nline-height:20px;\n}\n<\/style>\n<span  class='av_font_icon av-ijr6e-779fdead8fec31a8283af5b56eb3821b avia_animate_when_visible av-icon-style- avia-icon-pos-left'><span class='av-icon-char' aria-hidden='true' data-av_icon='\ue8b1' data-av_iconfont='entypo-fontello' ><\/span><\/span><span data-contrast=\"none\"><span style=\"text-decoration: underline; color: #51becb;\"><strong><a style=\"color: #51becb; text-decoration: underline;\" href=\"https:\/\/soignerenperigord.dordogne.fr\/?page_id=610\">Carte des zones prioritaires en termes d\u2019acc\u00e8s aux soins et aides financi\u00e8res<\/a><\/strong><\/span><\/span><\/p>\n<\/div><\/div><\/div><\/section>\n<section class='av_toggle_section av-av_toggle-d2e88f74d706fa0062330e0fb0c8e1f6'  itemscope=\"itemscope\" itemtype=\"https:\/\/schema.org\/CreativeWork\" ><div role=\"tablist\" class=\"single_toggle\" data-tags=\"{Tout} \"  ><p data-fake-id='#toggle-id-34' class='toggler   av-inherit-font-color hasCustomColor'  itemprop=\"headline\"  role='tab' tabindex='0' aria-controls='toggle-id-34'><strong>Le Contrat Incitatif Chirurgien-Dentiste\u202f: CICD<\/strong><span class=\"toggle_icon\"><span class=\"vert_icon\"><\/span><span class=\"hor_icon\"><\/span><\/span><\/p><div id='toggle-id-34' class='toggle_wrap  '  ><div class='toggle_content invers-color av-inherit-font-color hasCustomColor'  itemprop=\"text\" ><p><strong>C\u2019est pour qui ?<\/strong><br \/>\nLes Chirurgiens-dentistes install\u00e9s ou qui s\u2019installent en zone tr\u00e8s sous dot\u00e9e<br \/>\n<strong>En quoi \u00e7a consiste ?<\/strong><br \/>\nCe contrat entre dans le cadre des mesures de r\u00e9\u00e9quilibrage de l&#8217;offre de soins de chirurgien-dentiste en France.<br \/>\n<strong>Quelles sont les conditions ?<\/strong><\/p>\n<ul>\n<li>Exerce une activit\u00e9 lib\u00e9rale conventionnelle \u00e0 titre principal aupr\u00e8s de patients r\u00e9sidant dans la zone \u00ab\u202ftr\u00e8s sous-dot\u00e9e\u202f\u00bb\u202f;<\/li>\n<li>avoir un taux de t\u00e9l\u00e9transmission de feuille de soins sup\u00e9rieur ou \u00e9gal \u00e0 70\u202f% de l\u2019activit\u00e9.<\/li>\n<\/ul>\n<p><strong>Quels sont les avantages ?<\/strong><\/p>\n<ul>\n<li>versement d\u2019une r\u00e9mun\u00e9ration forfaitaire de 3 000\u20ac\/ an pour le maintien d\u2019un dentiste d\u00e9j\u00e0 install\u00e9 (contrat de 3 ans)<\/li>\n<li>versement d\u2019une aide \u00e0 l\u2019installation de 15\u202f000\u20ac pour un dentiste qui s\u2019installe dans la zone (contrat de 5 ans)<\/li>\n<\/ul>\n<\/div><\/div><\/div><\/section>\n<\/div><\/div>\n<\/div><\/div><\/div>\n<style type=\"text\/css\" data-created_by=\"avia_inline_auto\" id=\"style-css-av-jt5xk2g8-fe71d957fc41d7fcde64a4e28ad98d2b\">\n.av-layout-tab.av-jt5xk2g8-fe71d957fc41d7fcde64a4e28ad98d2b{\nvertical-align:top;\nbackground-color:#f8f8f8;\n}\n#top .av-tab-section-outer-container.av-jt5ya1wb-101cf10bf775a6b4538ccb59bef63622 .av-active-tab-title.av-section-tab-title.av-jt5xk2g8-fe71d957fc41d7fcde64a4e28ad98d2b{\ncolor:#51becb;\n}\n#top .av-tab-section-outer-container.av-jt5ya1wb-101cf10bf775a6b4538ccb59bef63622 .av-active-tab-title.av-section-tab-title.av-jt5xk2g8-fe71d957fc41d7fcde64a4e28ad98d2b .av-tab-arrow-container span{\nbackground-color:#f8f8f8;\n}\n<\/style>\n<div id='av-tab-section-2-3' class='av-layout-tab av-jt5xk2g8-fe71d957fc41d7fcde64a4e28ad98d2b av-animation-delay-container ' data-av-deeplink-tabs=\"\" data-av-tab-section-content=\"3\" data-tab-section-id=\"masseur-kinsithrapeute\"><div class=\"av-layout-tab-inner\"><div class=\"container\">\n<style type=\"text\/css\" data-created_by=\"avia_inline_auto\" id=\"style-css-av-weyi2-0615eb989164fa3c9e907b3e228733c0\">\n.flex_column.av-weyi2-0615eb989164fa3c9e907b3e228733c0{\n-webkit-border-radius:0px 0px 0px 0px;\n-moz-border-radius:0px 0px 0px 0px;\nborder-radius:0px 0px 0px 0px;\npadding:0px 0px 0px 0px;\n}\n<\/style>\n<div class='flex_column av-weyi2-0615eb989164fa3c9e907b3e228733c0 av_one_full first flex_column_div av-zero-column-padding '     ><style type=\"text\/css\" data-created_by=\"avia_inline_auto\" id=\"style-css-av-jt5yx50t-960d162e2a5f9a334dd400a55fe31d46\">\n#top .togglecontainer.av-jt5yx50t-960d162e2a5f9a334dd400a55fe31d46 p.toggler{\ncolor:#238388;\nbackground-color:#ffffff;\n}\n#top .togglecontainer.av-jt5yx50t-960d162e2a5f9a334dd400a55fe31d46 p.toggler.activeTitle{\ncolor:#238388;\nborder-color:#238388;\nbackground-color:#ffffff;\n}\n#top .togglecontainer.av-jt5yx50t-960d162e2a5f9a334dd400a55fe31d46 p.toggler .toggle_icon{\ncolor:#238388;\nborder-color:#238388;\n}\n#top .togglecontainer.av-jt5yx50t-960d162e2a5f9a334dd400a55fe31d46 .toggle_wrap .toggle_content{\ncolor:#238388;\nbackground-color:#ffffff;\n}\n<\/style>\n<div  class='togglecontainer av-jt5yx50t-960d162e2a5f9a334dd400a55fe31d46 av-elegant-toggle toggle_close_all hasCurrentStyle' >\n<section class='av_toggle_section av-4x9mmu-2d48dbcc3e5a1b3100ad83c2fbc871b9'  itemscope=\"itemscope\" itemtype=\"https:\/\/schema.org\/CreativeWork\" ><div role=\"tablist\" class=\"single_toggle\" data-tags=\"{Tout} {1} \"  ><p data-fake-id='#toggle-id-35' class='toggler   av-inherit-font-color hasCustomColor'  itemprop=\"headline\"  role='tab' tabindex='0' aria-controls='toggle-id-35'><strong>Les exon\u00e9rations fiscales<\/strong><span class=\"toggle_icon\"><span class=\"vert_icon\"><\/span><span class=\"hor_icon\"><\/span><\/span><\/p><div id='toggle-id-35' class='toggle_wrap  '  ><div class='toggle_content invers-color av-inherit-font-color hasCustomColor'  itemprop=\"text\" ><p class=\"align-justify\">Si vous avez pour projet d&#8217;embaucher un salari\u00e9 et que votre cabinet se situe dans une zone de revitalisation rurale (ZRR), de redynamisation urbaine (ZRU) ou en zone franche urbaine (ZFU). Vous pouvez b\u00e9n\u00e9ficier:<br \/>\n&#8211; d&#8217;une exon\u00e9ration des cotisations patronales de S\u00e9curit\u00e9 sociale<br \/>\n&#8211; d&#8217;une exon\u00e9ration de cotisations sociales en cr\u00e9ant ou reprenant une activit\u00e9, dans les conditions fix\u00e9es par le dispositif\u00a0<a title=\"(Nouvelle fen\u00eatre)\" href=\"http:\/\/www.urssaf.fr\/profil\/createurs_dentreprise\/chef_dentreprise\/vous_-_creer_votre_entreprise\/les_aides_et_exonerations_02.html\" target=\"_blank\" rel=\"noopener noreferrer\">Accre<\/a>.<br \/>\nVoici le d\u00e9tail de ces 2 aides :<\/p>\n<ul>\n<li><strong>Embauche d&#8217;un salari\u00e9 par un cabinet<\/strong><\/li>\n<\/ul>\n<p class=\"align-justify\">&#8211; L&#8217;article 190 de la loi n\u00b0 2008-1425 du 27 d\u00e9cembre 2008 de finances pour 2009 pr\u00e9voit une exon\u00e9ration totale ou partielle des cotisations patronales de S\u00e9curit\u00e9 sociale pour l&#8217;embauche d&#8217;un salari\u00e9 par un \u00e9tablissement implant\u00e9 en zone franche urbaine. V\u00e9rifiez que les conditions sont remplies aupr\u00e8s de l&#8217;Urssaf et de la Direccte. Pour toute information compl\u00e9mentaire reportez vous aux documents de\u00a0<a title=\"(Nouvelle fen\u00eatre)\" href=\"http:\/\/www.urssaf.fr\/profil\/employeurs\/activite_generale\/vos_salaries_-_les_mesures_daide_a_lemploi\/exoneration_zrr_zru_01.html\" target=\"_blank\" rel=\"noopener noreferrer\">l&#8217;URSSAF (exon\u00e9ration de cotisations patronales de S\u00e9curit\u00e9 sociale en ZRU, ZRR ou ZFU)<\/a>.<\/p>\n<ul class=\"align-justify\">\n<li><strong>Cr\u00e9ation ou reprise d&#8217;activit\u00e9 :<\/strong><\/li>\n<\/ul>\n<p class=\"align-justify\">Le dispositif Accre (Aide aux ch\u00f4meurs cr\u00e9ant ou reprenant une entreprise) permet au cr\u00e9ateur ou au repreneur d?une entreprise de b\u00e9n\u00e9ficier d&#8217;une exon\u00e9ration de cotisations sociales. Sous certains aspects en particulier (cr\u00e9er ou reprendre une entreprise en zone urbaine sensible, avoir entre 18 et 25 ans&#8230;), cette aide peut vous concerner. L\u00e0 encore, vous trouverez toutes les pr\u00e9cisions n\u00e9cessaires sur le site de l&#8217;Urssaf.<\/p>\n<p><strong>Documents li\u00e9s\u202f:<\/strong><br \/>\n\n<style type=\"text\/css\" data-created_by=\"avia_inline_auto\" id=\"style-css-av-ijr6e-779fdead8fec31a8283af5b56eb3821b\">\n.av_font_icon.av-ijr6e-779fdead8fec31a8283af5b56eb3821b{\ncolor:#51becb;\nborder-color:#51becb;\n}\n.av_font_icon.av-ijr6e-779fdead8fec31a8283af5b56eb3821b .av-icon-char{\nfont-size:20px;\nline-height:20px;\n}\n<\/style>\n<span  class='av_font_icon av-ijr6e-779fdead8fec31a8283af5b56eb3821b avia_animate_when_visible av-icon-style- avia-icon-pos-left'><span class='av-icon-char' aria-hidden='true' data-av_icon='\ue8b1' data-av_iconfont='entypo-fontello' ><\/span><\/span><span data-contrast=\"none\"><span style=\"text-decoration: underline; color: #51becb;\"><strong><a style=\"color: #51becb; text-decoration: underline;\" href=\"https:\/\/soignerenperigord.dordogne.fr\/?page_id=610\">Carte des zones prioritaires en termes d\u2019acc\u00e8s aux soins et aides financi\u00e8res<\/a><\/strong><\/span><\/span><\/p>\n<\/div><\/div><\/div><\/section>\n<section class='av_toggle_section av-av_toggle-e2d17703cd13ca397190d99939987dba'  itemscope=\"itemscope\" itemtype=\"https:\/\/schema.org\/CreativeWork\" ><div role=\"tablist\" class=\"single_toggle\" data-tags=\"{Tout} \"  ><p data-fake-id='#toggle-id-36' class='toggler   av-inherit-font-color hasCustomColor'  itemprop=\"headline\"  role='tab' tabindex='0' aria-controls='toggle-id-36'><strong>Le Contrat Incitatif Masseurs-kin\u00e9sith\u00e9rapeutes : CIMK<\/strong><span class=\"toggle_icon\"><span class=\"vert_icon\"><\/span><span class=\"hor_icon\"><\/span><\/span><\/p><div id='toggle-id-36' class='toggle_wrap  '  ><div class='toggle_content invers-color av-inherit-font-color hasCustomColor'  itemprop=\"text\" ><p><strong>C\u2019est pour qui ?<\/strong><br \/>\nLes masseurs install\u00e9s ou qui s\u2019installent en zone tr\u00e8s sous dot\u00e9e ou sous-dot\u00e9e<br \/>\n<strong>En quoi \u00e7a consiste ?<\/strong><br \/>\nCe contrat entre dans le cadre des mesures de r\u00e9\u00e9quilibrage de l&#8217;offre de soins de masseurs kin\u00e9sith\u00e9rapeutes en France en favorisant leur installation et leur maintien dans les zones caract\u00e9ris\u00e9es par une offre insuffisante en soins de masso-kin\u00e9sith\u00e9rapie.<br \/>\n<strong>Quelles sont les conditions ?<\/strong><\/p>\n<ul>\n<li>exercer les deux tiers de l\u2019activit\u00e9 lib\u00e9rale conventionnelle dans la zone \u00ab\u202ftr\u00e8s sous-dot\u00e9e\u202f\u00bb ou \u00ab\u202fsous-dot\u00e9e\u202f\u00bb\u202f;<\/li>\n<li>avoir un taux de t\u00e9l\u00e9transmission au minimum de 70\u202f% de votre activit\u00e9\u202f;<\/li>\n<li>exercer pendant au moins 3 ans au sein de la zone concern\u00e9e.<\/li>\n<\/ul>\n<p><strong>Quels sont les avantages ?<\/strong><br \/>\nversement d\u2019une r\u00e9mun\u00e9ration forfaitaire de 5 600\u20ac\/an<\/p>\n<\/div><\/div><\/div><\/section>\n<\/div><\/div>\n<\/div><\/div><\/div>\n<style type=\"text\/css\" data-created_by=\"avia_inline_auto\" id=\"style-css-av-jt5xidgd-67a2ff444437590dec6dca5962e1d147\">\n.av-layout-tab.av-jt5xidgd-67a2ff444437590dec6dca5962e1d147{\nvertical-align:top;\nbackground-color:#f8f8f8;\n}\n#top .av-tab-section-outer-container.av-jt5ya1wb-101cf10bf775a6b4538ccb59bef63622 .av-active-tab-title.av-section-tab-title.av-jt5xidgd-67a2ff444437590dec6dca5962e1d147{\ncolor:#51becb;\n}\n#top .av-tab-section-outer-container.av-jt5ya1wb-101cf10bf775a6b4538ccb59bef63622 .av-active-tab-title.av-section-tab-title.av-jt5xidgd-67a2ff444437590dec6dca5962e1d147 .av-tab-arrow-container span{\nbackground-color:#f8f8f8;\n}\n<\/style>\n<div id='av-tab-section-2-4' class='av-layout-tab av-jt5xidgd-67a2ff444437590dec6dca5962e1d147 av-animation-delay-container ' data-av-deeplink-tabs=\"\" data-av-tab-section-content=\"4\" data-tab-section-id=\"infirmier\"><div class=\"av-layout-tab-inner\"><div class=\"container\">\n<style type=\"text\/css\" data-created_by=\"avia_inline_auto\" id=\"style-css-av-weyi2-0615eb989164fa3c9e907b3e228733c0\">\n.flex_column.av-weyi2-0615eb989164fa3c9e907b3e228733c0{\n-webkit-border-radius:0px 0px 0px 0px;\n-moz-border-radius:0px 0px 0px 0px;\nborder-radius:0px 0px 0px 0px;\npadding:0px 0px 0px 0px;\n}\n<\/style>\n<div class='flex_column av-weyi2-0615eb989164fa3c9e907b3e228733c0 av_one_full first flex_column_div av-zero-column-padding '     ><style type=\"text\/css\" data-created_by=\"avia_inline_auto\" id=\"style-css-av-jt5yx50t-960d162e2a5f9a334dd400a55fe31d46\">\n#top .togglecontainer.av-jt5yx50t-960d162e2a5f9a334dd400a55fe31d46 p.toggler{\ncolor:#238388;\nbackground-color:#ffffff;\n}\n#top .togglecontainer.av-jt5yx50t-960d162e2a5f9a334dd400a55fe31d46 p.toggler.activeTitle{\ncolor:#238388;\nborder-color:#238388;\nbackground-color:#ffffff;\n}\n#top .togglecontainer.av-jt5yx50t-960d162e2a5f9a334dd400a55fe31d46 p.toggler .toggle_icon{\ncolor:#238388;\nborder-color:#238388;\n}\n#top .togglecontainer.av-jt5yx50t-960d162e2a5f9a334dd400a55fe31d46 .toggle_wrap .toggle_content{\ncolor:#238388;\nbackground-color:#ffffff;\n}\n<\/style>\n<div  class='togglecontainer av-jt5yx50t-960d162e2a5f9a334dd400a55fe31d46 av-elegant-toggle toggle_close_all hasCurrentStyle' >\n<section class='av_toggle_section av-a3my4m-fd1b2c49afa30d5a1b4b50f8b26989ab'  itemscope=\"itemscope\" itemtype=\"https:\/\/schema.org\/CreativeWork\" ><div role=\"tablist\" class=\"single_toggle\" data-tags=\"{Tout} {1} \"  ><p data-fake-id='#toggle-id-37' class='toggler   av-inherit-font-color hasCustomColor'  itemprop=\"headline\"  role='tab' tabindex='0' aria-controls='toggle-id-37'><strong>Les exon\u00e9rations fiscales<\/strong><span class=\"toggle_icon\"><span class=\"vert_icon\"><\/span><span class=\"hor_icon\"><\/span><\/span><\/p><div id='toggle-id-37' class='toggle_wrap  '  ><div class='toggle_content invers-color av-inherit-font-color hasCustomColor'  itemprop=\"text\" ><p class=\"align-justify\">Si vous avez pour projet d&#8217;embaucher un salari\u00e9 et que votre cabinet se situe dans une zone de revitalisation rurale (ZRR), de redynamisation urbaine (ZRU) ou en zone franche urbaine (ZFU). Vous pouvez b\u00e9n\u00e9ficier:<br \/>\n&#8211; d&#8217;une exon\u00e9ration des cotisations patronales de S\u00e9curit\u00e9 sociale<br \/>\n&#8211; d&#8217;une exon\u00e9ration de cotisations sociales en cr\u00e9ant ou reprenant une activit\u00e9, dans les conditions fix\u00e9es par le dispositif\u00a0<a title=\"(Nouvelle fen\u00eatre)\" href=\"http:\/\/www.urssaf.fr\/profil\/createurs_dentreprise\/chef_dentreprise\/vous_-_creer_votre_entreprise\/les_aides_et_exonerations_02.html\" target=\"_blank\" rel=\"noopener noreferrer\">Accre<\/a>.<br \/>\nVoici le d\u00e9tail de ces 2 aides :<\/p>\n<ul>\n<li><strong>Embauche d&#8217;un salari\u00e9 par un cabinet<\/strong><\/li>\n<\/ul>\n<p class=\"align-justify\">&#8211; L&#8217;article 190 de la loi n\u00b0 2008-1425 du 27 d\u00e9cembre 2008 de finances pour 2009 pr\u00e9voit une exon\u00e9ration totale ou partielle des cotisations patronales de S\u00e9curit\u00e9 sociale pour l&#8217;embauche d&#8217;un salari\u00e9 par un \u00e9tablissement implant\u00e9 en zone franche urbaine. V\u00e9rifiez que les conditions sont remplies aupr\u00e8s de l&#8217;Urssaf et de la Direccte. Pour toute information compl\u00e9mentaire reportez vous aux documents de\u00a0<a title=\"(Nouvelle fen\u00eatre)\" href=\"http:\/\/www.urssaf.fr\/profil\/employeurs\/activite_generale\/vos_salaries_-_les_mesures_daide_a_lemploi\/exoneration_zrr_zru_01.html\" target=\"_blank\" rel=\"noopener noreferrer\">l&#8217;URSSAF (exon\u00e9ration de cotisations patronales de S\u00e9curit\u00e9 sociale en ZRU, ZRR ou ZFU)<\/a>.<\/p>\n<ul class=\"align-justify\">\n<li><strong>Cr\u00e9ation ou reprise d&#8217;activit\u00e9 :<\/strong><\/li>\n<\/ul>\n<p class=\"align-justify\">Le dispositif Accre (Aide aux ch\u00f4meurs cr\u00e9ant ou reprenant une entreprise) permet au cr\u00e9ateur ou au repreneur d?une entreprise de b\u00e9n\u00e9ficier d&#8217;une exon\u00e9ration de cotisations sociales. Sous certains aspects en particulier (cr\u00e9er ou reprendre une entreprise en zone urbaine sensible, avoir entre 18 et 25 ans&#8230;), cette aide peut vous concerner. L\u00e0 encore, vous trouverez toutes les pr\u00e9cisions n\u00e9cessaires sur le site de l&#8217;Urssaf.<\/p>\n<p><strong>Documents li\u00e9s\u202f:<\/strong><br \/>\n\n<style type=\"text\/css\" data-created_by=\"avia_inline_auto\" id=\"style-css-av-ijr6e-779fdead8fec31a8283af5b56eb3821b\">\n.av_font_icon.av-ijr6e-779fdead8fec31a8283af5b56eb3821b{\ncolor:#51becb;\nborder-color:#51becb;\n}\n.av_font_icon.av-ijr6e-779fdead8fec31a8283af5b56eb3821b .av-icon-char{\nfont-size:20px;\nline-height:20px;\n}\n<\/style>\n<span  class='av_font_icon av-ijr6e-779fdead8fec31a8283af5b56eb3821b avia_animate_when_visible av-icon-style- avia-icon-pos-left'><span class='av-icon-char' aria-hidden='true' data-av_icon='\ue8b1' data-av_iconfont='entypo-fontello' ><\/span><\/span><span data-contrast=\"none\"><span style=\"text-decoration: underline; color: #51becb;\"><strong><a style=\"color: #51becb; text-decoration: underline;\" href=\"https:\/\/soignerenperigord.dordogne.fr\/?page_id=610\">Carte des zones prioritaires en termes d\u2019acc\u00e8s aux soins et aides financi\u00e8res<\/a><\/strong><\/span><\/span><\/p>\n<\/div><\/div><\/div><\/section>\n<section class='av_toggle_section av-av_toggle-b2f0a76c00c94dd46df24c4d3f9d0b26'  itemscope=\"itemscope\" itemtype=\"https:\/\/schema.org\/CreativeWork\" ><div role=\"tablist\" class=\"single_toggle\" data-tags=\"{Tout} \"  ><p data-fake-id='#toggle-id-38' class='toggler   av-inherit-font-color hasCustomColor'  itemprop=\"headline\"  role='tab' tabindex='0' aria-controls='toggle-id-38'><strong>Le Contrat Incitatif Infirmier : CII<\/strong><span class=\"toggle_icon\"><span class=\"vert_icon\"><\/span><span class=\"hor_icon\"><\/span><\/span><\/p><div id='toggle-id-38' class='toggle_wrap  '  ><div class='toggle_content invers-color av-inherit-font-color hasCustomColor'  itemprop=\"text\" ><p><strong>C\u2019est pour qui ?<\/strong><br \/>\nLes infirmiers install\u00e9s ou qui s\u2019installent en zone tr\u00e8s sous dot\u00e9e<br \/>\n<strong>En quoi \u00e7a consiste ?<\/strong><br \/>\nCe contrat entre dans le cadre des mesures de r\u00e9\u00e9quilibrage de l&#8217;offre de soins des infirmiers en France en favorisant leur installation et leur maintien dans les zones caract\u00e9ris\u00e9es par une offre insuffisante en soins infirmiers.<br \/>\n<strong>Quelles sont les conditions ?<\/strong><\/p>\n<ul>\n<li>exercer les deux tiers de l\u2019activit\u00e9 lib\u00e9rale conventionnelle dans la zone \u00ab\u202ftr\u00e8s sous-dot\u00e9e\u202f\u00bb<\/li>\n<li>avoir un taux de t\u00e9l\u00e9transmission au minimum de 80\u202f% de votre activit\u00e9\u202f;<\/li>\n<li>r\u00e9aliser les injections vaccinales contre la grippe dans le cadre des campagnes de l&#8217;Assurance Maladie ;<\/li>\n<li>assurer le suivi de vos patients atteints de pathologies chroniques, notamment le suivi de vos patients insulino d\u00e9pendants.<\/li>\n<\/ul>\n<p><strong>Quels sont les avantages ?<\/strong><br \/>\nVersement d\u2019une r\u00e9mun\u00e9ration forfaitaire de 5 500\u20ac\/an<\/p>\n<\/div><\/div><\/div><\/section>\n<\/div><\/div>\n<\/div><\/div><\/div><\/div><\/div><\/div>\n<style type=\"text\/css\" data-created_by=\"avia_inline_auto\" id=\"style-css-av-jt5ya1wb-b903517071f663b06346a8d8dc02cb88\">\n.av-tab-section-outer-container.av-jt5ya1wb-b903517071f663b06346a8d8dc02cb88 .av-tab-section-tab-title-container{\nbackground-color:#ffffff;\n}\n#top .av-tab-section-outer-container.av-jt5ya1wb-b903517071f663b06346a8d8dc02cb88 .av-section-tab-title{\ncolor:#238388;\n}\n<\/style>\n<\/div><\/div><\/div><!-- close content main div --><\/div><\/div><div id='av-tab-section-3'  class='av-tab-section-container entry-content-wrapper main_color av-tab-slide-transition av-tab-content-auto av-desktop-hide av-medium-hide av-small-hide av-mini-hide av-tab-above-content  container_wrap sidebar_right'  ><div class='av-tab-section-outer-container av-jt5ya1wb-b903517071f663b06346a8d8dc02cb88 av-desktop-hide av-medium-hide av-small-hide av-mini-hide'><div class='av-tab-section-tab-title-container avia-tab-title-padding-default av-custom-tab-color' role='tablist'><a href='#mdecin' data-av-tab-section-title='1' class='av-section-tab-title av-active-tab-title no-scroll av-jt5xh6y5-d0e588208ee8c754f0f321b09545cb9f av-tab-no-icon av-tab-with-image noHover ' role='tab' tabindex='0' aria-controls='av-tab-section-3-1'><span class='av-tab-section-image' style='background-image: url(https:\/\/soignerenperigord.fr\/wp-content\/uploads\/2019\/03\/etudes-medecine.png);'><\/span><span class='av-outer-tab-title'><span class='av-inner-tab-title'>M\u00e9decin<\/span><\/span><span class=\"av-tab-arrow-container\"><span><\/span><\/span><\/a><a href='#chirurgien-dentiste' data-av-tab-section-title='2' class='av-section-tab-title  av-jt5xl4sn-ae649e848a98d6682e9620ad504eedce av-tab-no-icon av-tab-with-image noHover ' role='tab' tabindex='0' aria-controls='av-tab-section-3-2'><span class='av-tab-section-image' style='background-image: url(https:\/\/soignerenperigord.fr\/wp-content\/uploads\/2019\/03\/etudes-medicales.png);'><\/span><span class='av-outer-tab-title'><span class='av-inner-tab-title'>Chirurgien-dentiste<\/span><\/span><span class=\"av-tab-arrow-container\"><span><\/span><\/span><\/a><a href='#masseur-kinsithrapeute' data-av-tab-section-title='3' class='av-section-tab-title  av-jt5xk2g8-fe71d957fc41d7fcde64a4e28ad98d2b av-tab-no-icon av-tab-with-image noHover ' role='tab' tabindex='0' aria-controls='av-tab-section-3-3'><span class='av-tab-section-image' style='background-image: url(https:\/\/soignerenperigord.fr\/wp-content\/uploads\/2019\/03\/etudes-kine-ostheo.png);'><\/span><span class='av-outer-tab-title'><span class='av-inner-tab-title'>Masseur-kin\u00e9sith\u00e9rapeute<\/span><\/span><span class=\"av-tab-arrow-container\"><span><\/span><\/span><\/a><a href='#infirmier' data-av-tab-section-title='4' class='av-section-tab-title  av-jt5xidgd-67a2ff444437590dec6dca5962e1d147 av-tab-no-icon av-tab-with-image noHover ' role='tab' tabindex='0' aria-controls='av-tab-section-3-4'><span class='av-tab-section-image' style='background-image: url(https:\/\/soignerenperigord.fr\/wp-content\/uploads\/2019\/03\/etudes-soins-infirmiers.png);'><\/span><span class='av-outer-tab-title'><span class='av-inner-tab-title'>Infirmier<\/span><\/span><span class=\"av-tab-arrow-container\"><span><\/span><\/span><\/a><\/div><div class='avia-slideshow-arrows av-tabsection-arrow' ><a href='#prev' class='prev-slide av_prev_tab_section av-tab-section-slide' aria-hidden='true' data-av_icon='\ue87c' data-av_iconfont='entypo-fontello'  tabindex='-1'>Pr\u00e9c\u00e9dent<\/a><a href='#next' class='next-slide av_next_tab_section av-tab-section-slide' aria-hidden='true' data-av_icon='\ue87d' data-av_iconfont='entypo-fontello'  tabindex='-1'>Suivant<\/a><\/div><div class='av-tab-section-inner-container avia-section-default' style='width:400vw; left:0%;'><span class=\"av_prev_tab_section av_tab_navigation\"><\/span><span class=\"av_next_tab_section av_tab_navigation\"><\/span>\n\n<style type=\"text\/css\" data-created_by=\"avia_inline_auto\" id=\"style-css-av-jt5xh6y5-d0e588208ee8c754f0f321b09545cb9f\">\n.av-layout-tab.av-jt5xh6y5-d0e588208ee8c754f0f321b09545cb9f{\nvertical-align:top;\nbackground-color:#f8f8f8;\n}\n#top .av-tab-section-outer-container.av-jt5ya1wb-b903517071f663b06346a8d8dc02cb88 .av-active-tab-title.av-section-tab-title.av-jt5xh6y5-d0e588208ee8c754f0f321b09545cb9f{\ncolor:#51becb;\n}\n#top .av-tab-section-outer-container.av-jt5ya1wb-b903517071f663b06346a8d8dc02cb88 .av-active-tab-title.av-section-tab-title.av-jt5xh6y5-d0e588208ee8c754f0f321b09545cb9f .av-tab-arrow-container span{\nbackground-color:#f8f8f8;\n}\n<\/style>\n<div id='av-tab-section-3-1' class='av-layout-tab av-jt5xh6y5-d0e588208ee8c754f0f321b09545cb9f av-animation-delay-container av-active-tab-content __av_init_open ' data-av-deeplink-tabs=\"\" data-av-tab-section-content=\"1\" data-tab-section-id=\"mdecin\"><div class=\"av-layout-tab-inner\"><div class=\"container\">\n<style type=\"text\/css\" data-created_by=\"avia_inline_auto\" id=\"style-css-av-weyi2-0615eb989164fa3c9e907b3e228733c0\">\n.flex_column.av-weyi2-0615eb989164fa3c9e907b3e228733c0{\n-webkit-border-radius:0px 0px 0px 0px;\n-moz-border-radius:0px 0px 0px 0px;\nborder-radius:0px 0px 0px 0px;\npadding:0px 0px 0px 0px;\n}\n<\/style>\n<div class='flex_column av-weyi2-0615eb989164fa3c9e907b3e228733c0 av_one_full first flex_column_div av-zero-column-padding '     ><style type=\"text\/css\" data-created_by=\"avia_inline_auto\" id=\"style-css-av-jt5yx50t-960d162e2a5f9a334dd400a55fe31d46\">\n#top .togglecontainer.av-jt5yx50t-960d162e2a5f9a334dd400a55fe31d46 p.toggler{\ncolor:#238388;\nbackground-color:#ffffff;\n}\n#top .togglecontainer.av-jt5yx50t-960d162e2a5f9a334dd400a55fe31d46 p.toggler.activeTitle{\ncolor:#238388;\nborder-color:#238388;\nbackground-color:#ffffff;\n}\n#top .togglecontainer.av-jt5yx50t-960d162e2a5f9a334dd400a55fe31d46 p.toggler .toggle_icon{\ncolor:#238388;\nborder-color:#238388;\n}\n#top .togglecontainer.av-jt5yx50t-960d162e2a5f9a334dd400a55fe31d46 .toggle_wrap .toggle_content{\ncolor:#238388;\nbackground-color:#ffffff;\n}\n<\/style>\n<div  class='togglecontainer av-jt5yx50t-960d162e2a5f9a334dd400a55fe31d46 av-elegant-toggle toggle_close_all hasCurrentStyle' >\n<section class='av_toggle_section av-1w9sx2-f7b3dbee364fd5634188c4c6487c3772'  itemscope=\"itemscope\" itemtype=\"https:\/\/schema.org\/CreativeWork\" ><div role=\"tablist\" class=\"single_toggle\" data-tags=\"{Tout} {1} \"  ><p data-fake-id='#toggle-id-39' class='toggler   av-inherit-font-color hasCustomColor'  itemprop=\"headline\"  role='tab' tabindex='0' aria-controls='toggle-id-39'><strong>Les exon\u00e9rations fiscales<\/strong><span class=\"toggle_icon\"><span class=\"vert_icon\"><\/span><span class=\"hor_icon\"><\/span><\/span><\/p><div id='toggle-id-39' class='toggle_wrap  '  ><div class='toggle_content invers-color av-inherit-font-color hasCustomColor'  itemprop=\"text\" ><p class=\"align-justify\">Si vous avez pour projet d&#8217;embaucher un salari\u00e9 et que votre cabinet se situe dans une zone de revitalisation rurale (ZRR), de redynamisation urbaine (ZRU) ou en zone franche urbaine (ZFU). Vous pouvez b\u00e9n\u00e9ficier:<br \/>\n&#8211; d&#8217;une exon\u00e9ration des cotisations patronales de S\u00e9curit\u00e9 sociale<br \/>\n&#8211; d&#8217;une exon\u00e9ration de cotisations sociales en cr\u00e9ant ou reprenant une activit\u00e9, dans les conditions fix\u00e9es par le dispositif\u00a0<a title=\"(Nouvelle fen\u00eatre)\" href=\"http:\/\/www.urssaf.fr\/profil\/createurs_dentreprise\/chef_dentreprise\/vous_-_creer_votre_entreprise\/les_aides_et_exonerations_02.html\" target=\"_blank\" rel=\"noopener noreferrer\">Accre<\/a>.<br \/>\nVoici le d\u00e9tail de ces 2 aides :<\/p>\n<ul>\n<li><strong>Embauche d&#8217;un salari\u00e9 par un cabinet<\/strong><\/li>\n<\/ul>\n<p class=\"align-justify\">&#8211; L&#8217;article 190 de la loi n\u00b0 2008-1425 du 27 d\u00e9cembre 2008 de finances pour 2009 pr\u00e9voit une exon\u00e9ration totale ou partielle des cotisations patronales de S\u00e9curit\u00e9 sociale pour l&#8217;embauche d&#8217;un salari\u00e9 par un \u00e9tablissement implant\u00e9 en zone franche urbaine. V\u00e9rifiez que les conditions sont remplies aupr\u00e8s de l&#8217;Urssaf et de la Direccte. Pour toute information compl\u00e9mentaire reportez vous aux documents de\u00a0<a title=\"(Nouvelle fen\u00eatre)\" href=\"http:\/\/www.urssaf.fr\/profil\/employeurs\/activite_generale\/vos_salaries_-_les_mesures_daide_a_lemploi\/exoneration_zrr_zru_01.html\" target=\"_blank\" rel=\"noopener noreferrer\">l&#8217;URSSAF (exon\u00e9ration de cotisations patronales de S\u00e9curit\u00e9 sociale en ZRU, ZRR ou ZFU)<\/a>.<\/p>\n<ul class=\"align-justify\">\n<li><strong>Cr\u00e9ation ou reprise d&#8217;activit\u00e9 :<\/strong><\/li>\n<\/ul>\n<p class=\"align-justify\">Le dispositif Accre (Aide aux ch\u00f4meurs cr\u00e9ant ou reprenant une entreprise) permet au cr\u00e9ateur ou au repreneur d?une entreprise de b\u00e9n\u00e9ficier d&#8217;une exon\u00e9ration de cotisations sociales. Sous certains aspects en particulier (cr\u00e9er ou reprendre une entreprise en zone urbaine sensible, avoir entre 18 et 25 ans&#8230;), cette aide peut vous concerner. L\u00e0 encore, vous trouverez toutes les pr\u00e9cisions n\u00e9cessaires sur le site de l&#8217;Urssaf.<\/p>\n<p><strong>Documents li\u00e9s\u202f:<\/strong><br \/>\n\n<style type=\"text\/css\" data-created_by=\"avia_inline_auto\" id=\"style-css-av-ijr6e-779fdead8fec31a8283af5b56eb3821b\">\n.av_font_icon.av-ijr6e-779fdead8fec31a8283af5b56eb3821b{\ncolor:#51becb;\nborder-color:#51becb;\n}\n.av_font_icon.av-ijr6e-779fdead8fec31a8283af5b56eb3821b .av-icon-char{\nfont-size:20px;\nline-height:20px;\n}\n<\/style>\n<span  class='av_font_icon av-ijr6e-779fdead8fec31a8283af5b56eb3821b avia_animate_when_visible av-icon-style- avia-icon-pos-left'><span class='av-icon-char' aria-hidden='true' data-av_icon='\ue8b1' data-av_iconfont='entypo-fontello' ><\/span><\/span><span data-contrast=\"none\"><span style=\"text-decoration: underline; color: #51becb;\"><strong><a style=\"color: #51becb; text-decoration: underline;\" href=\"https:\/\/soignerenperigord.dordogne.fr\/?page_id=610\">Carte des zones prioritaires en termes d\u2019acc\u00e8s aux soins et aides financi\u00e8res<\/a><\/strong><\/span><\/span><\/p>\n<\/div><\/div><\/div><\/section>\n<section class='av_toggle_section av-h8hk7q-d2d16cde46a3a935e36bda5bc17a943b'  itemscope=\"itemscope\" itemtype=\"https:\/\/schema.org\/CreativeWork\" ><div role=\"tablist\" class=\"single_toggle\" data-tags=\"{Tout} \"  ><p data-fake-id='#toggle-id-40' class='toggler   av-inherit-font-color hasCustomColor'  itemprop=\"headline\"  role='tab' tabindex='0' aria-controls='toggle-id-40'><strong>Dispositif de Praticien Territorial de M\u00e9decine G\u00e9n\u00e9rale<\/strong><span class=\"toggle_icon\"><span class=\"vert_icon\"><\/span><span class=\"hor_icon\"><\/span><\/span><\/p><div id='toggle-id-40' class='toggle_wrap  '  ><div class='toggle_content invers-color av-inherit-font-color hasCustomColor'  itemprop=\"text\" ><p>Lorem ipsum dolor sit amet, consectetur adipiscing elit, sed do eiusmod tempor incididunt ut labore et dolore magna aliqua. Justo eget magna fermentum iaculis eu. Ut venenatis tellus in metus vulputate eu scelerisque. Dictum fusce ut placerat orci nulla pellentesque dignissim. Lorem ipsum dolor sit amet, consectetur adipiscing elit, sed do eiusmod tempor incididunt ut labore et dolore magna aliqua. Justo eget magna fermentum iaculis eu. Ut venenatis tellus in metus vulputate eu scelerisque. Dictum fusce ut placerat orci nulla pellentesque dignissim.<\/p>\n<\/div><\/div><\/div><\/section>\n<section class='av_toggle_section av-fxp3s6-ec27a88185ba5f8eadc74ac5a43bbb6e'  itemscope=\"itemscope\" itemtype=\"https:\/\/schema.org\/CreativeWork\" ><div role=\"tablist\" class=\"single_toggle\" data-tags=\"{Tout} \"  ><p data-fake-id='#toggle-id-41' class='toggler   av-inherit-font-color hasCustomColor'  itemprop=\"headline\"  role='tab' tabindex='0' aria-controls='toggle-id-41'><strong>Dispositif de Praticien Territorial de M\u00e9decine Ambulatoire<\/strong><span class=\"toggle_icon\"><span class=\"vert_icon\"><\/span><span class=\"hor_icon\"><\/span><\/span><\/p><div id='toggle-id-41' class='toggle_wrap  '  ><div class='toggle_content invers-color av-inherit-font-color hasCustomColor'  itemprop=\"text\" ><p>Lorem ipsum dolor sit amet, consectetur adipiscing elit, sed do eiusmod tempor incididunt ut labore et dolore magna aliqua. Justo eget magna fermentum iaculis eu. Ut venenatis tellus in metus vulputate eu scelerisque. Dictum fusce ut placerat orci nulla pellentesque dignissim. Lorem ipsum dolor sit amet, consectetur adipiscing elit, sed do eiusmod tempor incididunt ut labore et dolore magna aliqua. Justo eget magna fermentum iaculis eu. Ut venenatis tellus in metus vulputate eu scelerisque. Dictum fusce ut placerat orci nulla pellentesque dignissim.<\/p>\n<\/div><\/div><\/div><\/section>\n<section class='av_toggle_section av-eqglty-6bdb603b5f11af8d171df163b5a2b375'  itemscope=\"itemscope\" itemtype=\"https:\/\/schema.org\/CreativeWork\" ><div role=\"tablist\" class=\"single_toggle\" data-tags=\"{Tout} \"  ><p data-fake-id='#toggle-id-42' class='toggler   av-inherit-font-color hasCustomColor'  itemprop=\"headline\"  role='tab' tabindex='0' aria-controls='toggle-id-42'><strong>Dispositif de Praticien Territorial M\u00e9dical de Remplacement<\/strong><span class=\"toggle_icon\"><span class=\"vert_icon\"><\/span><span class=\"hor_icon\"><\/span><\/span><\/p><div id='toggle-id-42' class='toggle_wrap  '  ><div class='toggle_content invers-color av-inherit-font-color hasCustomColor'  itemprop=\"text\" ><p>Lorem ipsum dolor sit amet, consectetur adipiscing elit, sed do eiusmod tempor incididunt ut labore et dolore magna aliqua. Justo eget magna fermentum iaculis eu. Ut venenatis tellus in metus vulputate eu scelerisque. Dictum fusce ut placerat orci nulla pellentesque dignissim. Lorem ipsum dolor sit amet, consectetur adipiscing elit, sed do eiusmod tempor incididunt ut labore et dolore magna aliqua. Justo eget magna fermentum iaculis eu. Ut venenatis tellus in metus vulputate eu scelerisque. Dictum fusce ut placerat orci nulla pellentesque dignissim.<\/p>\n<\/div><\/div><\/div><\/section>\n<section class='av_toggle_section av-d143nq-7bba3f9ebc70164a0c62100886c311da'  itemscope=\"itemscope\" itemtype=\"https:\/\/schema.org\/CreativeWork\" ><div role=\"tablist\" class=\"single_toggle\" data-tags=\"{Tout} \"  ><p data-fake-id='#toggle-id-43' class='toggler   av-inherit-font-color hasCustomColor'  itemprop=\"headline\"  role='tab' tabindex='0' aria-controls='toggle-id-43'><strong>Aides de l\u2019Assurance Maladie<\/strong><span class=\"toggle_icon\"><span class=\"vert_icon\"><\/span><span class=\"hor_icon\"><\/span><\/span><\/p><div id='toggle-id-43' class='toggle_wrap  '  ><div class='toggle_content invers-color av-inherit-font-color hasCustomColor'  itemprop=\"text\" ><p>Lorem ipsum dolor sit amet, consectetur adipiscing elit, sed do eiusmod tempor incididunt ut labore et dolore magna aliqua. Justo eget magna fermentum iaculis eu. Ut venenatis tellus in metus vulputate eu scelerisque. Dictum fusce ut placerat orci nulla pellentesque dignissim. Lorem ipsum dolor sit amet, consectetur adipiscing elit, sed do eiusmod tempor incididunt ut labore et dolore magna aliqua. Justo eget magna fermentum iaculis eu. Ut venenatis tellus in metus vulputate eu scelerisque. Dictum fusce ut placerat orci nulla pellentesque dignissim.<\/p>\n<\/div><\/div><\/div><\/section>\n<\/div><\/div>\n<\/div><\/div><\/div>\n<style type=\"text\/css\" data-created_by=\"avia_inline_auto\" id=\"style-css-av-jt5xl4sn-ae649e848a98d6682e9620ad504eedce\">\n.av-layout-tab.av-jt5xl4sn-ae649e848a98d6682e9620ad504eedce{\nvertical-align:top;\nbackground-color:#f8f8f8;\n}\n#top .av-tab-section-outer-container.av-jt5ya1wb-b903517071f663b06346a8d8dc02cb88 .av-active-tab-title.av-section-tab-title.av-jt5xl4sn-ae649e848a98d6682e9620ad504eedce{\ncolor:#51becb;\n}\n#top .av-tab-section-outer-container.av-jt5ya1wb-b903517071f663b06346a8d8dc02cb88 .av-active-tab-title.av-section-tab-title.av-jt5xl4sn-ae649e848a98d6682e9620ad504eedce .av-tab-arrow-container span{\nbackground-color:#f8f8f8;\n}\n<\/style>\n<div id='av-tab-section-3-2' class='av-layout-tab av-jt5xl4sn-ae649e848a98d6682e9620ad504eedce av-animation-delay-container ' data-av-deeplink-tabs=\"\" data-av-tab-section-content=\"2\" data-tab-section-id=\"chirurgien-dentiste\"><div class=\"av-layout-tab-inner\"><div class=\"container\">\n<style type=\"text\/css\" data-created_by=\"avia_inline_auto\" id=\"style-css-av-weyi2-0615eb989164fa3c9e907b3e228733c0\">\n.flex_column.av-weyi2-0615eb989164fa3c9e907b3e228733c0{\n-webkit-border-radius:0px 0px 0px 0px;\n-moz-border-radius:0px 0px 0px 0px;\nborder-radius:0px 0px 0px 0px;\npadding:0px 0px 0px 0px;\n}\n<\/style>\n<div class='flex_column av-weyi2-0615eb989164fa3c9e907b3e228733c0 av_one_full first flex_column_div av-zero-column-padding '     ><style type=\"text\/css\" data-created_by=\"avia_inline_auto\" id=\"style-css-av-jt5yx50t-960d162e2a5f9a334dd400a55fe31d46\">\n#top .togglecontainer.av-jt5yx50t-960d162e2a5f9a334dd400a55fe31d46 p.toggler{\ncolor:#238388;\nbackground-color:#ffffff;\n}\n#top .togglecontainer.av-jt5yx50t-960d162e2a5f9a334dd400a55fe31d46 p.toggler.activeTitle{\ncolor:#238388;\nborder-color:#238388;\nbackground-color:#ffffff;\n}\n#top .togglecontainer.av-jt5yx50t-960d162e2a5f9a334dd400a55fe31d46 p.toggler .toggle_icon{\ncolor:#238388;\nborder-color:#238388;\n}\n#top .togglecontainer.av-jt5yx50t-960d162e2a5f9a334dd400a55fe31d46 .toggle_wrap .toggle_content{\ncolor:#238388;\nbackground-color:#ffffff;\n}\n<\/style>\n<div  class='togglecontainer av-jt5yx50t-960d162e2a5f9a334dd400a55fe31d46 av-elegant-toggle toggle_close_all hasCurrentStyle' >\n<section class='av_toggle_section av-4x9mmu-2d48dbcc3e5a1b3100ad83c2fbc871b9'  itemscope=\"itemscope\" itemtype=\"https:\/\/schema.org\/CreativeWork\" ><div role=\"tablist\" class=\"single_toggle\" data-tags=\"{Tout} {1} \"  ><p data-fake-id='#toggle-id-44' class='toggler   av-inherit-font-color hasCustomColor'  itemprop=\"headline\"  role='tab' tabindex='0' aria-controls='toggle-id-44'><strong>Les exon\u00e9rations fiscales<\/strong><span class=\"toggle_icon\"><span class=\"vert_icon\"><\/span><span class=\"hor_icon\"><\/span><\/span><\/p><div id='toggle-id-44' class='toggle_wrap  '  ><div class='toggle_content invers-color av-inherit-font-color hasCustomColor'  itemprop=\"text\" ><p class=\"align-justify\">Si vous avez pour projet d&#8217;embaucher un salari\u00e9 et que votre cabinet se situe dans une zone de revitalisation rurale (ZRR), de redynamisation urbaine (ZRU) ou en zone franche urbaine (ZFU). Vous pouvez b\u00e9n\u00e9ficier:<br \/>\n&#8211; d&#8217;une exon\u00e9ration des cotisations patronales de S\u00e9curit\u00e9 sociale<br \/>\n&#8211; d&#8217;une exon\u00e9ration de cotisations sociales en cr\u00e9ant ou reprenant une activit\u00e9, dans les conditions fix\u00e9es par le dispositif\u00a0<a title=\"(Nouvelle fen\u00eatre)\" href=\"http:\/\/www.urssaf.fr\/profil\/createurs_dentreprise\/chef_dentreprise\/vous_-_creer_votre_entreprise\/les_aides_et_exonerations_02.html\" target=\"_blank\" rel=\"noopener noreferrer\">Accre<\/a>.<br \/>\nVoici le d\u00e9tail de ces 2 aides :<\/p>\n<ul>\n<li><strong>Embauche d&#8217;un salari\u00e9 par un cabinet<\/strong><\/li>\n<\/ul>\n<p class=\"align-justify\">&#8211; L&#8217;article 190 de la loi n\u00b0 2008-1425 du 27 d\u00e9cembre 2008 de finances pour 2009 pr\u00e9voit une exon\u00e9ration totale ou partielle des cotisations patronales de S\u00e9curit\u00e9 sociale pour l&#8217;embauche d&#8217;un salari\u00e9 par un \u00e9tablissement implant\u00e9 en zone franche urbaine. V\u00e9rifiez que les conditions sont remplies aupr\u00e8s de l&#8217;Urssaf et de la Direccte. Pour toute information compl\u00e9mentaire reportez vous aux documents de\u00a0<a title=\"(Nouvelle fen\u00eatre)\" href=\"http:\/\/www.urssaf.fr\/profil\/employeurs\/activite_generale\/vos_salaries_-_les_mesures_daide_a_lemploi\/exoneration_zrr_zru_01.html\" target=\"_blank\" rel=\"noopener noreferrer\">l&#8217;URSSAF (exon\u00e9ration de cotisations patronales de S\u00e9curit\u00e9 sociale en ZRU, ZRR ou ZFU)<\/a>.<\/p>\n<ul class=\"align-justify\">\n<li><strong>Cr\u00e9ation ou reprise d&#8217;activit\u00e9 :<\/strong><\/li>\n<\/ul>\n<p class=\"align-justify\">Le dispositif Accre (Aide aux ch\u00f4meurs cr\u00e9ant ou reprenant une entreprise) permet au cr\u00e9ateur ou au repreneur d?une entreprise de b\u00e9n\u00e9ficier d&#8217;une exon\u00e9ration de cotisations sociales. Sous certains aspects en particulier (cr\u00e9er ou reprendre une entreprise en zone urbaine sensible, avoir entre 18 et 25 ans&#8230;), cette aide peut vous concerner. L\u00e0 encore, vous trouverez toutes les pr\u00e9cisions n\u00e9cessaires sur le site de l&#8217;Urssaf.<\/p>\n<p><strong>Documents li\u00e9s\u202f:<\/strong><br \/>\n\n<style type=\"text\/css\" data-created_by=\"avia_inline_auto\" id=\"style-css-av-ijr6e-779fdead8fec31a8283af5b56eb3821b\">\n.av_font_icon.av-ijr6e-779fdead8fec31a8283af5b56eb3821b{\ncolor:#51becb;\nborder-color:#51becb;\n}\n.av_font_icon.av-ijr6e-779fdead8fec31a8283af5b56eb3821b .av-icon-char{\nfont-size:20px;\nline-height:20px;\n}\n<\/style>\n<span  class='av_font_icon av-ijr6e-779fdead8fec31a8283af5b56eb3821b avia_animate_when_visible av-icon-style- avia-icon-pos-left'><span class='av-icon-char' aria-hidden='true' data-av_icon='\ue8b1' data-av_iconfont='entypo-fontello' ><\/span><\/span><span data-contrast=\"none\"><span style=\"text-decoration: underline; color: #51becb;\"><strong><a style=\"color: #51becb; text-decoration: underline;\" href=\"https:\/\/soignerenperigord.dordogne.fr\/?page_id=610\">Carte des zones prioritaires en termes d\u2019acc\u00e8s aux soins et aides financi\u00e8res<\/a><\/strong><\/span><\/span><\/p>\n<\/div><\/div><\/div><\/section>\n<section class='av_toggle_section av-av_toggle-d2e88f74d706fa0062330e0fb0c8e1f6'  itemscope=\"itemscope\" itemtype=\"https:\/\/schema.org\/CreativeWork\" ><div role=\"tablist\" class=\"single_toggle\" data-tags=\"{Tout} \"  ><p data-fake-id='#toggle-id-45' class='toggler   av-inherit-font-color hasCustomColor'  itemprop=\"headline\"  role='tab' tabindex='0' aria-controls='toggle-id-45'><strong>Le Contrat Incitatif Chirurgien-Dentiste\u202f: CICD<\/strong><span class=\"toggle_icon\"><span class=\"vert_icon\"><\/span><span class=\"hor_icon\"><\/span><\/span><\/p><div id='toggle-id-45' class='toggle_wrap  '  ><div class='toggle_content invers-color av-inherit-font-color hasCustomColor'  itemprop=\"text\" ><p><strong>C\u2019est pour qui ?<\/strong><br \/>\nLes Chirurgiens-dentistes install\u00e9s ou qui s\u2019installent en zone tr\u00e8s sous dot\u00e9e<br \/>\n<strong>En quoi \u00e7a consiste ?<\/strong><br \/>\nCe contrat entre dans le cadre des mesures de r\u00e9\u00e9quilibrage de l&#8217;offre de soins de chirurgien-dentiste en France.<br \/>\n<strong>Quelles sont les conditions ?<\/strong><\/p>\n<ul>\n<li>Exerce une activit\u00e9 lib\u00e9rale conventionnelle \u00e0 titre principal aupr\u00e8s de patients r\u00e9sidant dans la zone \u00ab\u202ftr\u00e8s sous-dot\u00e9e\u202f\u00bb<\/li>\n<li>Avoir un taux de t\u00e9l\u00e9transmission de feuille de soins sup\u00e9rieur ou \u00e9gal \u00e0 70\u202f% de l\u2019activit\u00e9.<\/li>\n<\/ul>\n<p><strong>Quels sont les avantages ?<\/strong><\/p>\n<ul>\n<li>Versement d\u2019une r\u00e9mun\u00e9ration forfaitaire de 3 000\u20ac\/ an pour le maintien d\u2019un dentiste d\u00e9j\u00e0 install\u00e9 (contrat de 3 ans)<\/li>\n<li>Versement d\u2019une aide \u00e0 l\u2019installation de 15\u202f000\u20ac pour un dentiste qui s\u2019installe dans la zone (contrat de 5 ans)<\/li>\n<\/ul>\n<\/div><\/div><\/div><\/section>\n<\/div><\/div>\n<\/div><\/div><\/div>\n<style type=\"text\/css\" data-created_by=\"avia_inline_auto\" id=\"style-css-av-jt5xk2g8-fe71d957fc41d7fcde64a4e28ad98d2b\">\n.av-layout-tab.av-jt5xk2g8-fe71d957fc41d7fcde64a4e28ad98d2b{\nvertical-align:top;\nbackground-color:#f8f8f8;\n}\n#top .av-tab-section-outer-container.av-jt5ya1wb-b903517071f663b06346a8d8dc02cb88 .av-active-tab-title.av-section-tab-title.av-jt5xk2g8-fe71d957fc41d7fcde64a4e28ad98d2b{\ncolor:#51becb;\n}\n#top .av-tab-section-outer-container.av-jt5ya1wb-b903517071f663b06346a8d8dc02cb88 .av-active-tab-title.av-section-tab-title.av-jt5xk2g8-fe71d957fc41d7fcde64a4e28ad98d2b .av-tab-arrow-container span{\nbackground-color:#f8f8f8;\n}\n<\/style>\n<div id='av-tab-section-3-3' class='av-layout-tab av-jt5xk2g8-fe71d957fc41d7fcde64a4e28ad98d2b av-animation-delay-container ' data-av-deeplink-tabs=\"\" data-av-tab-section-content=\"3\" data-tab-section-id=\"masseur-kinsithrapeute\"><div class=\"av-layout-tab-inner\"><div class=\"container\">\n<style type=\"text\/css\" data-created_by=\"avia_inline_auto\" id=\"style-css-av-weyi2-0615eb989164fa3c9e907b3e228733c0\">\n.flex_column.av-weyi2-0615eb989164fa3c9e907b3e228733c0{\n-webkit-border-radius:0px 0px 0px 0px;\n-moz-border-radius:0px 0px 0px 0px;\nborder-radius:0px 0px 0px 0px;\npadding:0px 0px 0px 0px;\n}\n<\/style>\n<div class='flex_column av-weyi2-0615eb989164fa3c9e907b3e228733c0 av_one_full first flex_column_div av-zero-column-padding '     ><style type=\"text\/css\" data-created_by=\"avia_inline_auto\" id=\"style-css-av-jt5yx50t-960d162e2a5f9a334dd400a55fe31d46\">\n#top .togglecontainer.av-jt5yx50t-960d162e2a5f9a334dd400a55fe31d46 p.toggler{\ncolor:#238388;\nbackground-color:#ffffff;\n}\n#top .togglecontainer.av-jt5yx50t-960d162e2a5f9a334dd400a55fe31d46 p.toggler.activeTitle{\ncolor:#238388;\nborder-color:#238388;\nbackground-color:#ffffff;\n}\n#top .togglecontainer.av-jt5yx50t-960d162e2a5f9a334dd400a55fe31d46 p.toggler .toggle_icon{\ncolor:#238388;\nborder-color:#238388;\n}\n#top .togglecontainer.av-jt5yx50t-960d162e2a5f9a334dd400a55fe31d46 .toggle_wrap .toggle_content{\ncolor:#238388;\nbackground-color:#ffffff;\n}\n<\/style>\n<div  class='togglecontainer av-jt5yx50t-960d162e2a5f9a334dd400a55fe31d46 av-elegant-toggle toggle_close_all hasCurrentStyle' >\n<section class='av_toggle_section av-7fiq86-604e567f6d45e7e3adcdf31cef369118'  itemscope=\"itemscope\" itemtype=\"https:\/\/schema.org\/CreativeWork\" ><div role=\"tablist\" class=\"single_toggle\" data-tags=\"{Tout} {1} \"  ><p data-fake-id='#toggle-id-46' class='toggler   av-inherit-font-color hasCustomColor'  itemprop=\"headline\"  role='tab' tabindex='0' aria-controls='toggle-id-46'><strong>Les exon\u00e9rations fiscales<\/strong><span class=\"toggle_icon\"><span class=\"vert_icon\"><\/span><span class=\"hor_icon\"><\/span><\/span><\/p><div id='toggle-id-46' class='toggle_wrap  '  ><div class='toggle_content invers-color av-inherit-font-color hasCustomColor'  itemprop=\"text\" ><p class=\"align-justify\">Si vous avez pour projet d&#8217;embaucher un salari\u00e9 et que votre cabinet se situe dans une zone de revitalisation rurale (ZRR), de redynamisation urbaine (ZRU) ou en zone franche urbaine (ZFU). Vous pouvez b\u00e9n\u00e9ficier:<br \/>\n&#8211; d&#8217;une exon\u00e9ration des cotisations patronales de S\u00e9curit\u00e9 sociale<br \/>\n&#8211; d&#8217;une exon\u00e9ration de cotisations sociales en cr\u00e9ant ou reprenant une activit\u00e9, dans les conditions fix\u00e9es par le dispositif\u00a0<a title=\"(Nouvelle fen\u00eatre)\" href=\"http:\/\/www.urssaf.fr\/profil\/createurs_dentreprise\/chef_dentreprise\/vous_-_creer_votre_entreprise\/les_aides_et_exonerations_02.html\" target=\"_blank\" rel=\"noopener noreferrer\">Accre<\/a>.<br \/>\nVoici le d\u00e9tail de ces 2 aides :<\/p>\n<ul>\n<li><strong>Embauche d&#8217;un salari\u00e9 par un cabinet<\/strong><\/li>\n<\/ul>\n<p class=\"align-justify\">&#8211; L&#8217;article 190 de la loi n\u00b0 2008-1425 du 27 d\u00e9cembre 2008 de finances pour 2009 pr\u00e9voit une exon\u00e9ration totale ou partielle des cotisations patronales de S\u00e9curit\u00e9 sociale pour l&#8217;embauche d&#8217;un salari\u00e9 par un \u00e9tablissement implant\u00e9 en zone franche urbaine. V\u00e9rifiez que les conditions sont remplies aupr\u00e8s de l&#8217;Urssaf et de la Direccte. Pour toute information compl\u00e9mentaire reportez vous aux documents de\u00a0<a title=\"(Nouvelle fen\u00eatre)\" href=\"http:\/\/www.urssaf.fr\/profil\/employeurs\/activite_generale\/vos_salaries_-_les_mesures_daide_a_lemploi\/exoneration_zrr_zru_01.html\" target=\"_blank\" rel=\"noopener noreferrer\">l&#8217;URSSAF (exon\u00e9ration de cotisations patronales de S\u00e9curit\u00e9 sociale en ZRU, ZRR ou ZFU)<\/a>.<\/p>\n<ul class=\"align-justify\">\n<li><strong>Cr\u00e9ation ou reprise d&#8217;activit\u00e9 :<\/strong><\/li>\n<\/ul>\n<p class=\"align-justify\">Le dispositif Accre (Aide aux ch\u00f4meurs cr\u00e9ant ou reprenant une entreprise) permet au cr\u00e9ateur ou au repreneur d?une entreprise de b\u00e9n\u00e9ficier d&#8217;une exon\u00e9ration de cotisations sociales. Sous certains aspects en particulier (cr\u00e9er ou reprendre une entreprise en zone urbaine sensible, avoir entre 18 et 25 ans&#8230;), cette aide peut vous concerner. L\u00e0 encore, vous trouverez toutes les pr\u00e9cisions n\u00e9cessaires sur le site de l&#8217;Urssaf.<\/p>\n<p><strong>Documents li\u00e9s\u202f:<\/strong><br \/>\n\n<style type=\"text\/css\" data-created_by=\"avia_inline_auto\" id=\"style-css-av-ijr6e-779fdead8fec31a8283af5b56eb3821b\">\n.av_font_icon.av-ijr6e-779fdead8fec31a8283af5b56eb3821b{\ncolor:#51becb;\nborder-color:#51becb;\n}\n.av_font_icon.av-ijr6e-779fdead8fec31a8283af5b56eb3821b .av-icon-char{\nfont-size:20px;\nline-height:20px;\n}\n<\/style>\n<span  class='av_font_icon av-ijr6e-779fdead8fec31a8283af5b56eb3821b avia_animate_when_visible av-icon-style- avia-icon-pos-left'><span class='av-icon-char' aria-hidden='true' data-av_icon='\ue8b1' data-av_iconfont='entypo-fontello' ><\/span><\/span><span data-contrast=\"none\"><span style=\"text-decoration: underline; color: #51becb;\"><strong><a style=\"color: #51becb; text-decoration: underline;\" href=\"https:\/\/soignerenperigord.dordogne.fr\/?page_id=610\">Carte des zones prioritaires en termes d\u2019acc\u00e8s aux soins et aides financi\u00e8res<\/a><\/strong><\/span><\/span><\/p>\n<\/div><\/div><\/div><\/section>\n<section class='av_toggle_section av-6b8bpy-92a702e1ff2e5e6ba9234d4e95dcc6f0'  itemscope=\"itemscope\" itemtype=\"https:\/\/schema.org\/CreativeWork\" ><div role=\"tablist\" class=\"single_toggle\" data-tags=\"{Tout} \"  ><p data-fake-id='#toggle-id-47' class='toggler   av-inherit-font-color hasCustomColor'  itemprop=\"headline\"  role='tab' tabindex='0' aria-controls='toggle-id-47'><strong>Aides de l\u2019Assurance Maladie<\/strong><span class=\"toggle_icon\"><span class=\"vert_icon\"><\/span><span class=\"hor_icon\"><\/span><\/span><\/p><div id='toggle-id-47' class='toggle_wrap  '  ><div class='toggle_content invers-color av-inherit-font-color hasCustomColor'  itemprop=\"text\" ><p>Lorem ipsum dolor sit amet, consectetur adipiscing elit, sed do eiusmod tempor incididunt ut labore et dolore magna aliqua. Justo eget magna fermentum iaculis eu. Ut venenatis tellus in metus vulputate eu scelerisque. Dictum fusce ut placerat orci nulla pellentesque dignissim. Lorem ipsum dolor sit amet, consectetur adipiscing elit, sed do eiusmod tempor incididunt ut labore et dolore magna aliqua. Justo eget magna fermentum iaculis eu. Ut venenatis tellus in metus vulputate eu scelerisque. Dictum fusce ut placerat orci nulla pellentesque dignissim.<\/p>\n<\/div><\/div><\/div><\/section>\n<\/div><\/div>\n<\/div><\/div><\/div>\n<style type=\"text\/css\" data-created_by=\"avia_inline_auto\" id=\"style-css-av-jt5xidgd-67a2ff444437590dec6dca5962e1d147\">\n.av-layout-tab.av-jt5xidgd-67a2ff444437590dec6dca5962e1d147{\nvertical-align:top;\nbackground-color:#f8f8f8;\n}\n#top .av-tab-section-outer-container.av-jt5ya1wb-b903517071f663b06346a8d8dc02cb88 .av-active-tab-title.av-section-tab-title.av-jt5xidgd-67a2ff444437590dec6dca5962e1d147{\ncolor:#51becb;\n}\n#top .av-tab-section-outer-container.av-jt5ya1wb-b903517071f663b06346a8d8dc02cb88 .av-active-tab-title.av-section-tab-title.av-jt5xidgd-67a2ff444437590dec6dca5962e1d147 .av-tab-arrow-container span{\nbackground-color:#f8f8f8;\n}\n<\/style>\n<div id='av-tab-section-3-4' class='av-layout-tab av-jt5xidgd-67a2ff444437590dec6dca5962e1d147 av-animation-delay-container ' data-av-deeplink-tabs=\"\" data-av-tab-section-content=\"4\" data-tab-section-id=\"infirmier\"><div class=\"av-layout-tab-inner\"><div class=\"container\">\n<style type=\"text\/css\" data-created_by=\"avia_inline_auto\" id=\"style-css-av-weyi2-0615eb989164fa3c9e907b3e228733c0\">\n.flex_column.av-weyi2-0615eb989164fa3c9e907b3e228733c0{\n-webkit-border-radius:0px 0px 0px 0px;\n-moz-border-radius:0px 0px 0px 0px;\nborder-radius:0px 0px 0px 0px;\npadding:0px 0px 0px 0px;\n}\n<\/style>\n<div class='flex_column av-weyi2-0615eb989164fa3c9e907b3e228733c0 av_one_full first flex_column_div av-zero-column-padding '     ><style type=\"text\/css\" data-created_by=\"avia_inline_auto\" id=\"style-css-av-jt5yx50t-960d162e2a5f9a334dd400a55fe31d46\">\n#top .togglecontainer.av-jt5yx50t-960d162e2a5f9a334dd400a55fe31d46 p.toggler{\ncolor:#238388;\nbackground-color:#ffffff;\n}\n#top .togglecontainer.av-jt5yx50t-960d162e2a5f9a334dd400a55fe31d46 p.toggler.activeTitle{\ncolor:#238388;\nborder-color:#238388;\nbackground-color:#ffffff;\n}\n#top .togglecontainer.av-jt5yx50t-960d162e2a5f9a334dd400a55fe31d46 p.toggler .toggle_icon{\ncolor:#238388;\nborder-color:#238388;\n}\n#top .togglecontainer.av-jt5yx50t-960d162e2a5f9a334dd400a55fe31d46 .toggle_wrap .toggle_content{\ncolor:#238388;\nbackground-color:#ffffff;\n}\n<\/style>\n<div  class='togglecontainer av-jt5yx50t-960d162e2a5f9a334dd400a55fe31d46 av-elegant-toggle toggle_close_all hasCurrentStyle' >\n<section class='av_toggle_section av-a3my4m-fd1b2c49afa30d5a1b4b50f8b26989ab'  itemscope=\"itemscope\" itemtype=\"https:\/\/schema.org\/CreativeWork\" ><div role=\"tablist\" class=\"single_toggle\" data-tags=\"{Tout} {1} \"  ><p data-fake-id='#toggle-id-48' class='toggler   av-inherit-font-color hasCustomColor'  itemprop=\"headline\"  role='tab' tabindex='0' aria-controls='toggle-id-48'><strong>Les exon\u00e9rations fiscales<\/strong><span class=\"toggle_icon\"><span class=\"vert_icon\"><\/span><span class=\"hor_icon\"><\/span><\/span><\/p><div id='toggle-id-48' class='toggle_wrap  '  ><div class='toggle_content invers-color av-inherit-font-color hasCustomColor'  itemprop=\"text\" ><p class=\"align-justify\">Si vous avez pour projet d&#8217;embaucher un salari\u00e9 et que votre cabinet se situe dans une zone de revitalisation rurale (ZRR), de redynamisation urbaine (ZRU) ou en zone franche urbaine (ZFU). Vous pouvez b\u00e9n\u00e9ficier:<br \/>\n&#8211; d&#8217;une exon\u00e9ration des cotisations patronales de S\u00e9curit\u00e9 sociale<br \/>\n&#8211; d&#8217;une exon\u00e9ration de cotisations sociales en cr\u00e9ant ou reprenant une activit\u00e9, dans les conditions fix\u00e9es par le dispositif\u00a0<a title=\"(Nouvelle fen\u00eatre)\" href=\"http:\/\/www.urssaf.fr\/profil\/createurs_dentreprise\/chef_dentreprise\/vous_-_creer_votre_entreprise\/les_aides_et_exonerations_02.html\" target=\"_blank\" rel=\"noopener noreferrer\">Accre<\/a>.<br \/>\nVoici le d\u00e9tail de ces 2 aides :<\/p>\n<ul>\n<li><strong>Embauche d&#8217;un salari\u00e9 par un cabinet<\/strong><\/li>\n<\/ul>\n<p class=\"align-justify\">&#8211; L&#8217;article 190 de la loi n\u00b0 2008-1425 du 27 d\u00e9cembre 2008 de finances pour 2009 pr\u00e9voit une exon\u00e9ration totale ou partielle des cotisations patronales de S\u00e9curit\u00e9 sociale pour l&#8217;embauche d&#8217;un salari\u00e9 par un \u00e9tablissement implant\u00e9 en zone franche urbaine. V\u00e9rifiez que les conditions sont remplies aupr\u00e8s de l&#8217;Urssaf et de la Direccte. Pour toute information compl\u00e9mentaire reportez vous aux documents de\u00a0<a title=\"(Nouvelle fen\u00eatre)\" href=\"http:\/\/www.urssaf.fr\/profil\/employeurs\/activite_generale\/vos_salaries_-_les_mesures_daide_a_lemploi\/exoneration_zrr_zru_01.html\" target=\"_blank\" rel=\"noopener noreferrer\">l&#8217;URSSAF (exon\u00e9ration de cotisations patronales de S\u00e9curit\u00e9 sociale en ZRU, ZRR ou ZFU)<\/a>.<\/p>\n<ul class=\"align-justify\">\n<li><strong>Cr\u00e9ation ou reprise d&#8217;activit\u00e9 :<\/strong><\/li>\n<\/ul>\n<p class=\"align-justify\">Le dispositif Accre (Aide aux ch\u00f4meurs cr\u00e9ant ou reprenant une entreprise) permet au cr\u00e9ateur ou au repreneur d?une entreprise de b\u00e9n\u00e9ficier d&#8217;une exon\u00e9ration de cotisations sociales. Sous certains aspects en particulier (cr\u00e9er ou reprendre une entreprise en zone urbaine sensible, avoir entre 18 et 25 ans&#8230;), cette aide peut vous concerner. L\u00e0 encore, vous trouverez toutes les pr\u00e9cisions n\u00e9cessaires sur le site de l&#8217;Urssaf.<\/p>\n<p><strong>Documents li\u00e9s\u202f:<\/strong><br \/>\n\n<style type=\"text\/css\" data-created_by=\"avia_inline_auto\" id=\"style-css-av-ijr6e-779fdead8fec31a8283af5b56eb3821b\">\n.av_font_icon.av-ijr6e-779fdead8fec31a8283af5b56eb3821b{\ncolor:#51becb;\nborder-color:#51becb;\n}\n.av_font_icon.av-ijr6e-779fdead8fec31a8283af5b56eb3821b .av-icon-char{\nfont-size:20px;\nline-height:20px;\n}\n<\/style>\n<span  class='av_font_icon av-ijr6e-779fdead8fec31a8283af5b56eb3821b avia_animate_when_visible av-icon-style- avia-icon-pos-left'><span class='av-icon-char' aria-hidden='true' data-av_icon='\ue8b1' data-av_iconfont='entypo-fontello' ><\/span><\/span><span data-contrast=\"none\"><span style=\"text-decoration: underline; color: #51becb;\"><strong><a style=\"color: #51becb; text-decoration: underline;\" href=\"https:\/\/soignerenperigord.dordogne.fr\/?page_id=610\">Carte des zones prioritaires en termes d\u2019acc\u00e8s aux soins et aides financi\u00e8res<\/a><\/strong><\/span><\/span><\/p>\n<\/div><\/div><\/div><\/section>\n<section class='av_toggle_section av-8oj3k6-6bb4171d10ea821c498b4e477f3e34c9'  itemscope=\"itemscope\" itemtype=\"https:\/\/schema.org\/CreativeWork\" ><div role=\"tablist\" class=\"single_toggle\" data-tags=\"{Tout} \"  ><p data-fake-id='#toggle-id-49' class='toggler   av-inherit-font-color hasCustomColor'  itemprop=\"headline\"  role='tab' tabindex='0' aria-controls='toggle-id-49'><strong>Aides de l\u2019Assurance Maladie<\/strong><span class=\"toggle_icon\"><span class=\"vert_icon\"><\/span><span class=\"hor_icon\"><\/span><\/span><\/p><div id='toggle-id-49' class='toggle_wrap  '  ><div class='toggle_content invers-color av-inherit-font-color hasCustomColor'  itemprop=\"text\" ><p>Lorem ipsum dolor sit amet, consectetur adipiscing elit, sed do eiusmod tempor incididunt ut labore et dolore magna aliqua. Justo eget magna fermentum iaculis eu. Ut venenatis tellus in metus vulputate eu scelerisque. Dictum fusce ut placerat orci nulla pellentesque dignissim. Lorem ipsum dolor sit amet, consectetur adipiscing elit, sed do eiusmod tempor incididunt ut labore et dolore magna aliqua. Justo eget magna fermentum iaculis eu. Ut venenatis tellus in metus vulputate eu scelerisque. Dictum fusce ut placerat orci nulla pellentesque dignissim.<\/p>\n<\/div><\/div><\/div><\/section>\n<\/div><\/div>\n<\/div><\/div><\/div><\/div><\/div><\/div><\/div><\/div><\/div><!-- close content main div --><\/div><\/div><div id='av_section_5'  class='avia-section av-h7f6x6-69e180de92f6013739825afd9c05cff5 main_color avia-section-default avia-no-border-styling avia-bg-style-scroll container_wrap sidebar_right'  ><div class='container av-section-cont-open' ><div class='template-page content  av-content-small alpha units'><div class='post-entry post-entry-type-page post-entry-1270'><div class='entry-content-wrapper clearfix'>\n\n<style type=\"text\/css\" data-created_by=\"avia_inline_auto\" id=\"style-css-av-1tdfgq-3d5e717ecb0ebefa37773bffbdcba590\">\n.flex_column.av-1tdfgq-3d5e717ecb0ebefa37773bffbdcba590{\n-webkit-border-radius:0px 0px 0px 0px;\n-moz-border-radius:0px 0px 0px 0px;\nborder-radius:0px 0px 0px 0px;\npadding:0px 0px 0px 0px;\n}\n<\/style>\n<div class='flex_column av-1tdfgq-3d5e717ecb0ebefa37773bffbdcba590 av_one_third first flex_column_div av-zero-column-padding '     ><style type=\"text\/css\" data-created_by=\"avia_inline_auto\" id=\"style-css-av-6wd7p2-b30e729c19f7007cedaef788358cad6f\">\n#top .av-special-heading.av-6wd7p2-b30e729c19f7007cedaef788358cad6f{\npadding-bottom:10px;\nfont-size:45px;\n}\nbody .av-special-heading.av-6wd7p2-b30e729c19f7007cedaef788358cad6f .av-special-heading-tag .heading-char{\nfont-size:25px;\n}\n#top #wrap_all .av-special-heading.av-6wd7p2-b30e729c19f7007cedaef788358cad6f .av-special-heading-tag{\nfont-size:45px;\n}\n.av-special-heading.av-6wd7p2-b30e729c19f7007cedaef788358cad6f .av-subheading{\nfont-size:15px;\n}\n\n@media only screen and (min-width: 480px) and (max-width: 767px){ \n#top #wrap_all .av-special-heading.av-6wd7p2-b30e729c19f7007cedaef788358cad6f .av-special-heading-tag{\nfont-size:0.8em;\n}\n}\n\n@media only screen and (max-width: 479px){ \n#top #wrap_all .av-special-heading.av-6wd7p2-b30e729c19f7007cedaef788358cad6f .av-special-heading-tag{\nfont-size:0.8em;\n}\n}\n<\/style>\n<div  class='av-special-heading av-6wd7p2-b30e729c19f7007cedaef788358cad6f av-special-heading-h2 blockquote modern-quote av-inherit-size'><h2 class='av-special-heading-tag'  itemprop=\"headline\"  >Choisir son mode d\u2019exercice<\/h2><div class=\"special-heading-border\"><div class=\"special-heading-inner-border\"><\/div><\/div><\/div><\/div>\n<style type=\"text\/css\" data-created_by=\"avia_inline_auto\" id=\"style-css-av-fp53p6-ac618ff64838889d31f7502cd0c2fe3f\">\n.flex_column.av-fp53p6-ac618ff64838889d31f7502cd0c2fe3f{\n-webkit-border-radius:0px 0px 0px 0px;\n-moz-border-radius:0px 0px 0px 0px;\nborder-radius:0px 0px 0px 0px;\npadding:0px 0px 0px 0px;\n}\n<\/style>\n<div class='flex_column av-fp53p6-ac618ff64838889d31f7502cd0c2fe3f av_two_third flex_column_div av-zero-column-padding '     ><style type=\"text\/css\" data-created_by=\"avia_inline_auto\" id=\"style-css-av-jthe5q47-ffa2a294ccdc625efc150f78005aaab6\">\n#top .av_textblock_section.av-jthe5q47-ffa2a294ccdc625efc150f78005aaab6 .avia_textblock{\nfont-size:17px;\n}\n<\/style>\n<section  class='av_textblock_section av-jthe5q47-ffa2a294ccdc625efc150f78005aaab6'  itemscope=\"itemscope\" itemtype=\"https:\/\/schema.org\/CreativeWork\" ><div class='avia_textblock'  itemprop=\"text\" ><p>Exercer en lib\u00e9ral, en salari\u00e9, mixte, en coordonn\u00e9 ou en tant que rempla\u00e7ant, vous avez le choix entre plusieurs\u00a0modes d\u2019exercice et de\u00a0statuts.<\/p>\n<\/div><\/section><\/div>\n<style type=\"text\/css\" data-created_by=\"avia_inline_auto\" id=\"style-css-av-weyi2-0615eb989164fa3c9e907b3e228733c0\">\n.flex_column.av-weyi2-0615eb989164fa3c9e907b3e228733c0{\n-webkit-border-radius:0px 0px 0px 0px;\n-moz-border-radius:0px 0px 0px 0px;\nborder-radius:0px 0px 0px 0px;\npadding:0px 0px 0px 0px;\n}\n<\/style>\n<div class='flex_column av-weyi2-0615eb989164fa3c9e907b3e228733c0 av_one_third first flex_column_div av-zero-column-padding '     ><style type=\"text\/css\" data-created_by=\"avia_inline_auto\" id=\"style-css-av-s0xea1-3c3ee5ae132f0422839b58b071e5eff3\">\n.avia-image-container.av-s0xea1-3c3ee5ae132f0422839b58b071e5eff3 img.avia_image{\nbox-shadow:none;\n}\n.avia-image-container.av-s0xea1-3c3ee5ae132f0422839b58b071e5eff3 .av-image-caption-overlay-center{\ncolor:#ffffff;\n}\n<\/style>\n<div  class='avia-image-container av-s0xea1-3c3ee5ae132f0422839b58b071e5eff3 av-styling- avia-align-center'   itemprop=\"image\" itemscope=\"itemscope\" itemtype=\"https:\/\/schema.org\/ImageObject\" ><div class=\"avia-image-container-inner\"><div class=\"avia-image-overlay-wrap\"><img decoding=\"async\" class='wp-image-1362 avia-img-lazy-loading-not-1362 avia_image ' src=\"https:\/\/soignerenperigord.fr\/wp-content\/uploads\/2019\/03\/mode-exercice-medecin.png\" alt='mode-exercice-medecin' title='mode-exercice-medecin'  height=\"320\" width=\"355\"  itemprop=\"thumbnailUrl\" srcset=\"https:\/\/soignerenperigord.fr\/wp-content\/uploads\/2019\/03\/mode-exercice-medecin.png 355w, https:\/\/soignerenperigord.fr\/wp-content\/uploads\/2019\/03\/mode-exercice-medecin-300x270.png 300w\" sizes=\"(max-width: 355px) 100vw, 355px\" \/><\/div><\/div><\/div><\/div>\n<style type=\"text\/css\" data-created_by=\"avia_inline_auto\" id=\"style-css-av-weyi2-53fcc39f4dd551e384a304a69305f40e\">\n.flex_column.av-weyi2-53fcc39f4dd551e384a304a69305f40e{\n-webkit-border-radius:0px 0px 0px 0px;\n-moz-border-radius:0px 0px 0px 0px;\nborder-radius:0px 0px 0px 0px;\npadding:0px 0px 0px 0px;\n}\n<\/style>\n<div class='flex_column av-weyi2-53fcc39f4dd551e384a304a69305f40e av_two_third flex_column_div av-zero-column-padding '     ><div  class='togglecontainer av-jt5yx50t-2fcfe0ffd8e668573848dc98b51b2845 av-minimal-toggle toggle_close_all' >\n<section class='av_toggle_section av-5mm9km-6b0bfdcd96a2893d13acac230a2b8066'  itemscope=\"itemscope\" itemtype=\"https:\/\/schema.org\/CreativeWork\" ><div role=\"tablist\" class=\"single_toggle\" data-tags=\"{Tout} {1} \"  ><p data-fake-id='#toggle-id-50' class='toggler   '  itemprop=\"headline\"  role='tab' tabindex='0' aria-controls='toggle-id-50'><strong>Exercice lib\u00e9ral<\/strong><span class=\"toggle_icon\"><span class=\"vert_icon\"><\/span><span class=\"hor_icon\"><\/span><\/span><\/p><div id='toggle-id-50' class='toggle_wrap  '  ><div class='toggle_content invers-color '  itemprop=\"text\" ><h3><span class=\"mise-en-avant-violet\">Quelles sont les principales caract\u00e9ristiques de l&#8217;activit\u00e9 lib\u00e9rale\u00a0?<\/span><\/h3>\n<p class=\"align-justify\"><strong>Les modalit\u00e9s de r\u00e9mun\u00e9ration<\/strong><br \/>\nLe professionnel de sant\u00e9 lib\u00e9ral est essentiellement r\u00e9mun\u00e9r\u00e9 \u00e0 l&#8217;acte.<br \/>\nToutefois d&#8217;autres modalit\u00e9s de r\u00e9mun\u00e9rations peuvent \u00e9galement intervenir de mani\u00e8re compl\u00e9mentaire\u00a0: r\u00e9mun\u00e9rations forfaitaires ou sur objectifs de sant\u00e9 publique.<\/p>\n<p class=\"align-justify paps-icons-see-all-purple\"><strong>Le dispositif conventionnel<\/strong><br \/>\nLes relations entre les professions de sant\u00e9 et les caisses sont r\u00e9gies par des conventions nationales, n\u00e9goci\u00e9es et sign\u00e9es entre l&#8217;Assurance Maladie (UNCAM) et les syndicats repr\u00e9sentatifs des professionnels de sant\u00e9 lib\u00e9raux. Ces conventions d\u00e9finissent les engagements des deux parties (tarifs, r\u00e9mun\u00e9ration, pratiques &#8230;). Elles sont conclues avec chacune de ces professions pour une dur\u00e9e maximale de 5 ans.<\/p>\n<p class=\"bodytext\">Un professionnel de sant\u00e9 est dit &#8220;conventionn\u00e9&#8221; lorsqu&#8217;il adh\u00e8re \u00e0 la convention.<\/p>\n<p class=\"align-justify\">L&#8217;adh\u00e9sion de chaque professionnel \u00e0 la convention est libre. Elle ouvre droit, entre autres, au remboursement par l&#8217;assurance maladie des soins dispens\u00e9s aux assur\u00e9s sociaux. Elle permet aussi au professionnel de b\u00e9n\u00e9ficier d&#8217;une prise en charge partielle, par l&#8217;Assurance Maladie, du financement de sa protection sociale ou encore de sa formation professionnelle. Toutes les conventions sont consultables sur le site de l&#8217;<a title=\"Assurance Maladie - Conditions d'installation et d'acc\u00e8s au conventionnement (Nouvelle fen\u00eatre)\" href=\"http:\/\/www.ameli.fr\/professionnels-de-sante.php\" target=\"_blank\" rel=\"noopener noreferrer\">Assurance Maladie<\/a>.<\/p>\n<p class=\"paps-icons-see-all-purple\"><strong>Quelques pr\u00e9cisions concernant les m\u00e9decins<\/strong><br \/>\nLe m\u00e9decin conventionn\u00e9 peut choisir d&#8217;exercer\u00a0:<\/p>\n<p class=\"align-justify indent\">&#8211;<strong>\u00a0en secteur 1\u00a0<\/strong><em><br \/>\n<\/em><strong>Le m\u00e9decin applique les tarifs de la convention.<\/strong>\u00a0Les seuls d\u00e9passements d&#8217;honoraires autoris\u00e9s sont li\u00e9s \u00e0 des exigences particuli\u00e8res du patient (ex\u00a0: une visite en dehors des heures habituelles d&#8217;ouverture du cabinet du m\u00e9decin) et ne sont pas rembours\u00e9s par l&#8217;Assurance Maladie.<br \/>\nIl b\u00e9n\u00e9ficie d&#8217;une prise en charge partielle de ses cotisations sociales par l&#8217;Assurance Maladie.<\/p>\n<p><strong>&#8211; en secteur 2 ou secteur &#8220;\u00e0 honoraires libres&#8221;<\/strong><em><br \/>\n<\/em>Le m\u00e9decin peut pratiquer des d\u00e9passements d&#8217;honoraires avec tact et mesure. Le montant du d\u00e9passement n&#8217;est pas rembours\u00e9 par l&#8217;Assurance Maladie.<br \/>\n<strong>Le m\u00e9decin en secteur 2 qui choisit d&#8217;adh\u00e9rer au &#8220;contrat d&#8217;acc\u00e8s aux soins&#8221; s&#8217;engage \u00e0 pratiquer des d\u00e9passements mod\u00e9r\u00e9s.<\/strong>\u00a0En contrepartie il b\u00e9n\u00e9ficie, entre autres, d&#8217;un financement partiel par l&#8217;Assurance Maladie de ses cotisations sociales et ses patients sont mieux rembours\u00e9s.<\/p>\n<\/div><\/div><\/div><\/section>\n<section class='av_toggle_section av-6uaesm-44a1d91abb4b6ca68a7ba81c23a87a17'  itemscope=\"itemscope\" itemtype=\"https:\/\/schema.org\/CreativeWork\" ><div role=\"tablist\" class=\"single_toggle\" data-tags=\"{Tout} {1} \"  ><p data-fake-id='#toggle-id-51' class='toggler   '  itemprop=\"headline\"  role='tab' tabindex='0' aria-controls='toggle-id-51'><strong>Exercice salari\u00e9<\/strong><span class=\"toggle_icon\"><span class=\"vert_icon\"><\/span><span class=\"hor_icon\"><\/span><\/span><\/p><div id='toggle-id-51' class='toggle_wrap  '  ><div class='toggle_content invers-color '  itemprop=\"text\" ><div id=\"c76156\" class=\"csc-default\">\n<div id=\"c34200\" class=\"csc-default\">\n<div class=\"csc-textpic csc-textpic-intext-left csc-textpic-equalheight\">\n<div class=\"csc-textpic-text\">\n<p class=\"align-justify\"><strong>Vous \u00eates professionnel de sant\u00e9, diff\u00e9rentes possibilit\u00e9s s&#8217;offrent \u00e0 vous, pour exercer en tant que salari\u00e9, selon votre domaine d&#8217;activit\u00e9.<\/strong><\/p>\n<h3 class=\"align-justify\"><strong class=\"mise-en-avant-violet\">Quels sont les modes d&#8217;exercice pour un m\u00e9decin salari\u00e9 ?<\/strong><\/h3>\n<\/div>\n<\/div>\n<\/div>\n<\/div>\n<div id=\"c76155\" class=\"csc-default\">\n<p class=\"bodytext\">La m\u00e9decine salari\u00e9e comprend un nombre tr\u00e8s vari\u00e9 de situations : en \u00e9tablissements de sant\u00e9 publics ou priv\u00e9s ; dans des structures non hospitali\u00e8res, comme les\u00a0<a href=\"http:\/\/www.nouvelle-aquitaine.paps.sante.fr\/Travailler-en-coordination.39667.0.html\">centres de sant\u00e9<\/a>.<\/p>\n<\/div>\n<div id=\"c76154\" class=\"csc-default\">\n<div id=\"c65841\" class=\"csc-default\">\n<p class=\"align-justify\">Pour en savoir plus sur les conditions d&#8217;exercice, les statuts, les r\u00e9mun\u00e9rations, consulter le site du\u00a0<strong><a title=\"Centre National de Gestion (Nouvelle fen\u00eatre)\" href=\"http:\/\/www.cng.sante.fr\/\" target=\"_blank\" rel=\"noopener noreferrer\">Centre National de Gestion<\/a>(CNG).<\/strong><\/p>\n<p class=\"align-justify\">D&#8217;autres possibilit\u00e9s s&#8217;offrent \u00e9galement \u00e0 vous\u00a0: m\u00e9decine du Travail, P.M.I. (protection maternelle et infantile), m\u00e9decine du service de sant\u00e9 scolaire et universitaire\u2026<\/p>\n<h3 class=\"mise-en-avant-violet\"><strong>Quels sont les modes d&#8217;exercice possibles pour une sage-femme salari\u00e9e ?<\/strong><\/h3>\n<p class=\"align-justify\">Vous pouvez exercer en tant que\u00a0<strong>salari\u00e9e dans des \u00e9tablissements de soins publics ou priv\u00e9s ou encore dans les services de Protection Maternelle et Infantile.<\/strong><br \/>\nL&#8217;exercice salari\u00e9 concerne actuellement 80% des sages-femmes, majoritairement \u00e0 l&#8217;h\u00f4pital.<br \/>\nSur les diff\u00e9rentes possibilit\u00e9s d&#8217;exercice, vous pouvez consulter le\u00a0<a title=\"Ordre national des sages-femmes (Nouvelle fen\u00eatre)\" href=\"http:\/\/www.ordre-sages-femmes.fr\/NET\/fr\/document\/2\/exercice_de_la_profession\/la_profession_et_modes_dexercice\/index.htm\" target=\"_blank\" rel=\"noopener noreferrer\">site de l&#8217;Ordre<\/a>.<\/p>\n<h3><strong class=\"mise-en-avant-violet\">Quels sont les modes d&#8217;exercice possibles pour un(e) infirmier(e) salari\u00e9(e) ?<\/strong><\/h3>\n<p class=\"align-justify\">En tant qu&#8217;infirmier(e) salari\u00e9(e), vous pouvez exercer\u00a0:<\/p>\n<ul>\n<li><strong>dans les h\u00f4pitaux,<\/strong>\u00a0dans les services de soins (services de m\u00e9decine, chirurgie, r\u00e9animation, SMUR (services m\u00e9dicaux d&#8217;urgence et de r\u00e9animation), urgence, bloc op\u00e9ratoire, consultations, psychiatrie, g\u00e9riatrie\u2026)\u00a0;<\/li>\n<li><strong>en clinique ;<\/strong><\/li>\n<li><strong>en \u00e9tablissement de soins de suite et de r\u00e9adaptation (SSR) ;<\/strong><\/li>\n<li><strong>en \u00e9tablissement scolaire\u00a0;<\/strong><\/li>\n<li>en centre de soins, dispensaire, centre de pr\u00e9vention\u2026\u00a0;<\/li>\n<li>en maison de retraite ou service de maintien \u00e0 domicile des personnes \u00e2g\u00e9es\u00a0;<\/li>\n<li>en entreprise au sein des services de sant\u00e9 au travail&#8230;<\/li>\n<\/ul>\n<\/div>\n<\/div>\n<\/div><\/div><\/div><\/section>\n<section class='av_toggle_section av-5zn0km-29fbf252c5d62ab8100c057824f764bb'  itemscope=\"itemscope\" itemtype=\"https:\/\/schema.org\/CreativeWork\" ><div role=\"tablist\" class=\"single_toggle\" data-tags=\"{Tout} {1} \"  ><p data-fake-id='#toggle-id-52' class='toggler   '  itemprop=\"headline\"  role='tab' tabindex='0' aria-controls='toggle-id-52'><strong>Exercice mixte<\/strong><span class=\"toggle_icon\"><span class=\"vert_icon\"><\/span><span class=\"hor_icon\"><\/span><\/span><\/p><div id='toggle-id-52' class='toggle_wrap  '  ><div class='toggle_content invers-color '  itemprop=\"text\" ><div id=\"c76156\" class=\"csc-default\">\n<div id=\"c34200\" class=\"csc-default\">\n<div class=\"csc-textpic csc-textpic-intext-left csc-textpic-equalheight\">\n<div class=\"csc-textpic-text\">\n<p class=\"bodytext\"><span class=\"mise-en-avant-violet\"><strong>Ce mode d&#8217;exercice, qui consiste \u00e0 avoir \u00e0 la fois une activit\u00e9 lib\u00e9rale et une activit\u00e9 salari\u00e9e est privil\u00e9gi\u00e9 par de plus en plus de professionnels de sant\u00e9\u00a0:<\/strong><\/span>\u00a0l&#8217;exercice hospitalier peut par exemple permettre l&#8217;acc\u00e8s \u00e0 des moyens techniques n\u00e9cessaires \u00e0 la pratique de certaines sp\u00e9cialit\u00e9s (chirurgie, gastroent\u00e9rologie, etc.), ou encore faciliter la mise \u00e0 jour des connaissances sur les derni\u00e8res innovations\u00a0: le choix d&#8217;un exercice salari\u00e9 est alors li\u00e9 au d\u00e9veloppement technique ou scientifique d&#8217;une partie de l&#8217;activit\u00e9 m\u00e9dicale.<\/p>\n<p class=\"bodytext\">Garder un contact avec l&#8217;h\u00f4pital, pour un jeune m\u00e9decin lib\u00e9ral, est aussi un moyen de se cr\u00e9er un r\u00e9seau professionnel. L&#8217;exercice salari\u00e9 peut enfin constituer un compl\u00e9ment de revenu.<\/p>\n<p class=\"bodytext\"><strong>En pratique\u00a0:<\/strong>\u00a0l&#8217;exercice mixte peut se traduire par exemple par une activit\u00e9 en cabinet de ville et des vacations (une demi-journ\u00e9e par semaine) \u00e0 l&#8217;h\u00f4pital ou dans un dispensaire.<br \/>\nOu encore, un m\u00e9decin salari\u00e9, \u00e0 temps partiel \u00e0 l&#8217;h\u00f4pital, donnant \u00e9galement des consultations dans un cabinet \u00e0 titre lib\u00e9ral et exer\u00e7ant une ou plusieurs demi-journ\u00e9es en clinique.<br \/>\nEnfin, certains m\u00e9decins, tout en \u00e9tant salari\u00e9s \u00e0 temps plein \u00e0 l&#8217;h\u00f4pital, donnent des consultations \u00e0 titre lib\u00e9ral \u00e0 l&#8217;h\u00f4pital (secteur priv\u00e9 hospitalier).<\/p>\n<p class=\"mise-en-avant-violet\"><strong>En tout \u00e9tat de cause, il est important de bien choisir quelle sera l&#8217;activit\u00e9 principale et l&#8217;activit\u00e9 secondaire entre le lib\u00e9ral et le salariat.<\/strong><\/p>\n<\/div>\n<\/div>\n<\/div>\n<\/div>\n<div id=\"c76154\" class=\"csc-default\">\n<div id=\"c65841\" class=\"csc-default\"><\/div>\n<\/div>\n<\/div><\/div><\/div><\/section>\n<section class='av_toggle_section av-4vrtwm-aa71563f5b9a7f19035462a14f55c02a'  itemscope=\"itemscope\" itemtype=\"https:\/\/schema.org\/CreativeWork\" ><div role=\"tablist\" class=\"single_toggle\" data-tags=\"{Tout} {1} \"  ><p data-fake-id='#toggle-id-53' class='toggler   '  itemprop=\"headline\"  role='tab' tabindex='0' aria-controls='toggle-id-53'><strong>Exercice coordonn\u00e9<\/strong><span class=\"toggle_icon\"><span class=\"vert_icon\"><\/span><span class=\"hor_icon\"><\/span><\/span><\/p><div id='toggle-id-53' class='toggle_wrap  '  ><div class='toggle_content invers-color '  itemprop=\"text\" ><p class=\"bodytext\"><strong class=\"mise-en-avant-violet\">La pratique en maison de sant\u00e9 pluriprofessionnelle ou en centre de sant\u00e9<\/strong>, plus g\u00e9n\u00e9ralement qualifi\u00e9e &#8220;d&#8217;exercice coordonn\u00e9&#8221; est aujourd&#8217;hui largement pl\u00e9biscit\u00e9e par les professionnels de sant\u00e9 eux-m\u00eames qui souhaitent exercer diff\u00e9remment.<\/p>\n<p class=\"bodytext\">De fait, ce mode d&#8217;exercice\u00a0<strong>facilite vos \u00e9changes avec vos confr\u00e8res, la coordination autour de la prise en charge du patient<\/strong>\u00a0; il permet \u00e9galement davantage de souplesse dans votre pratique\u00a0(mutualisation de la gestion des charges administratives, organisation des absences pour assurer la continuit\u00e9 de la prise en charge de vos patients, ou encore possibilit\u00e9 de ne pas exercer \u00e0 temps plein \u2026)<\/p>\n<p class=\"bodytext\">Ce mode d&#8217;exercice r\u00e9pond tout autant \u00e0 l&#8217;\u00e9volution des besoins de vos patients.<\/p>\n<p><strong>La soci\u00e9t\u00e9 interprofessionnelle de soins ambulatoires (SISA) :\u00a0\u00a0<\/strong><br \/>\n<span data-contrast=\"auto\">La soci\u00e9t\u00e9 interprofessionnelle de soins ambulatoires (SISA) a \u00e9t\u00e9 cr\u00e9\u00e9e en 2011 pour r\u00e9pondre aux besoins des maisons de sant\u00e9 pluriprofessionnelles et leur permettre de percevoir des subventions dans un cadre juridique et fiscal s\u00e9curis\u00e9, visant \u00e0 r\u00e9mun\u00e9rer les activit\u00e9s r\u00e9alis\u00e9es en commun par les professionnels de sant\u00e9 y exer\u00e7ant.\u00a0<\/span><span data-ccp-props=\"{\"201341983\":0,\"335559739\":200,\"335559740\":276}\">\u00a0<\/span><br \/>\n<span data-contrast=\"auto\">La SISA, qui rel\u00e8ve du r\u00e9gime des soci\u00e9t\u00e9s civiles, comporte en effet un double objet :<\/span><span data-ccp-props=\"{\"201341983\":0,\"335559739\":200,\"335559740\":276}\">\u00a0<\/span><\/p>\n<ul>\n<li data-leveltext=\"\uf0b7\" data-font=\"Symbol\" data-listid=\"37\" aria-setsize=\"-1\" data-aria-posinset=\"1\" data-aria-level=\"1\"><span data-contrast=\"auto\">La mise en commun de moyens n\u00e9cessaires \u00e0 l&#8217;activit\u00e9<\/span><span data-ccp-props=\"{\"201341983\":0,\"335559739\":200,\"335559740\":276}\">\u00a0<\/span><\/li>\n<li data-leveltext=\"\uf0b7\" data-font=\"Symbol\" data-listid=\"37\" aria-setsize=\"-1\" data-aria-posinset=\"2\" data-aria-level=\"1\"><span data-contrast=\"auto\">Et l&#8217;exercice d&#8217;activit\u00e9s r\u00e9alis\u00e9es en commun par ses membres (coordination, coop\u00e9ration, \u00e9ducation th\u00e9rapeutique\u2026)<\/span><span data-ccp-props=\"{\"201341983\":0,\"335559739\":200,\"335559740\":276}\">\u00a0<\/span><\/li>\n<\/ul>\n<p><span data-contrast=\"auto\">Dans le cadre de l&#8217;accord conventionnel interprofessionnel (ACI), les professionnels de sant\u00e9 associ\u00e9s dans la SISA, peuvent percevoir collectivement des r\u00e9mun\u00e9rations forfaitaires (de l&#8217;ordre de 40 000 euros en moyenne).\u00a0<\/span><span data-ccp-props=\"{\"201341983\":0,\"335559739\":200,\"335559740\":276}\">\u00a0<\/span><\/p>\n<\/div><\/div><\/div><\/section>\n<section class='av_toggle_section av-2gyeh2-b4ce57b00445324c382bb82b506b847a'  itemscope=\"itemscope\" itemtype=\"https:\/\/schema.org\/CreativeWork\" ><div role=\"tablist\" class=\"single_toggle\" data-tags=\"{Tout} {1} \"  ><p data-fake-id='#toggle-id-54' class='toggler   '  itemprop=\"headline\"  role='tab' tabindex='0' aria-controls='toggle-id-54'><strong>Remplacement<\/strong><span class=\"toggle_icon\"><span class=\"vert_icon\"><\/span><span class=\"hor_icon\"><\/span><\/span><\/p><div id='toggle-id-54' class='toggle_wrap  '  ><div class='toggle_content invers-color '  itemprop=\"text\" ><p><span data-contrast=\"auto\">Le remplacement d\u2019un professionnel de sant\u00e9 est possible pour une dur\u00e9e correspondant \u00e0 l\u2019indisponib<\/span><span data-contrast=\"auto\">ilit\u00e9 du professionnel remplac\u00e9.<\/span><span data-ccp-props=\"{\"201341983\":0,\"335559739\":200,\"335559740\":276}\">\u00a0<\/span><br \/>\n<span data-contrast=\"auto\">Pendant toute la dur\u00e9e du remplacement, le professionnel de sant\u00e9 s&#8217;engage \u00e0 cesser d&#8217;exercer toute activit\u00e9. Il existe une exception \u00e0 ce principe : le m\u00e9decin peut continuer \u00e0 exercer son activit\u00e9 dans une zone d\u00e9ficitaire en mati\u00e8re d&#8217;offre de soins dans le but d&#8217;y assurer la continuit\u00e9 des soins (article 65 du code de d\u00e9ontologie m\u00e9dicale).\u00a0<\/span><span data-ccp-props=\"{\"201341983\":0,\"335559739\":200,\"335559740\":276}\">\u00a0<\/span><br \/>\n<span data-contrast=\"auto\">Le professionnel de sant\u00e9 doit informer son rempla\u00e7ant des dispositions l\u00e9gislatives et\u00a0<\/span><span data-contrast=\"auto\">r<\/span><span data-contrast=\"auto\">\u00e9glementaires qui r\u00e9gissent l&#8217;exercice lib\u00e9ral sous convention.\u00a0<\/span><span data-ccp-props=\"{\"201341983\":0,\"335559739\":200,\"335559740\":276}\">\u00a0<\/span><br \/>\nLe rempla\u00e7ant utilise sa propre carte de professionnel rempla\u00e7ant.<br \/>\n<span data-contrast=\"auto\">A l&#8217;issue du contrat, le professionnel de sant\u00e9 doit proc\u00e9der \u00e0 une r\u00e9trocession d&#8217;honoraires (r\u00e9trocession dont les modalit\u00e9s doivent \u00eatre convenues au pr\u00e9alable dans le contrat de remplacement).\u00a0<\/span><span data-ccp-props=\"{\"201341983\":0,\"335559739\":200,\"335559740\":276}\">\u00a0<\/span><br \/>\n<strong>1\/ Les obligations du rempla\u00e7ant \u00a0:<\/strong><br \/>\n<span data-contrast=\"auto\">Pensez \u00e0 v\u00e9rifier que votre rempla\u00e7ant : <\/span><span data-ccp-props=\"{\"201341983\":0,\"335559739\":200,\"335559740\":276}\">\u00a0<\/span><\/p>\n<ul>\n<li><span data-contrast=\"auto\">est inscrit au Conseil de l&#8217;Ordre, le cas \u00e9ch\u00e9ant, <\/span><\/li>\n<li>est titulaire d&#8217;une autorisation de remplacement,<\/li>\n<li>a souscrit \u00e0 une assurance responsabilit\u00e9 civile,<\/li>\n<li>est assur\u00e9 pour l&#8217;utilisation de vos locaux et de votre mat\u00e9riel,<\/li>\n<li>est couvert par une assurance s&#8217;il utilise votre v\u00e9hicule. <span data-ccp-props=\"{\"201341983\":0,\"335559739\":200,\"335559740\":276}\">\u00a0<\/span><\/li>\n<\/ul>\n<p><span data-contrast=\"auto\">Si vous souhaitez vous faire remplacer et que vous n&#8217;avez pas encore trouv\u00e9 de rempla\u00e7ant, vous pouvez contacter le conseil d\u00e9partemental de l&#8217;Ordre. Il pourra vous mettre en relation avec des professionnels de sant\u00e9 rempla\u00e7ants.&#8221;\u00a0<\/span><span data-ccp-props=\"{\"201341983\":0,\"335559739\":200,\"335559740\":276}\">\u00a0<\/span><br \/>\n<strong>2\/ Le contrat de remplacement :<\/strong><br \/>\n<span data-contrast=\"auto\">Une fois votre rempla\u00e7ant trouv\u00e9, vous devez \u00e9tablir un contrat de remplacement en trois exemplaires : <\/span><span data-ccp-props=\"{\"201341983\":0,\"335559739\":200,\"335559740\":276}\">\u00a0<\/span><\/p>\n<ul>\n<li><span data-contrast=\"auto\">un pour vous, <\/span><\/li>\n<li>un pour votre rempla\u00e7ant,<\/li>\n<li>un pour le conseil d\u00e9partemental de l&#8217;Ordre.<span data-ccp-props=\"{\"201341983\":0,\"335559739\":200,\"335559740\":276}\">\u00a0<\/span><\/li>\n<\/ul>\n<p><strong>3\/ Avertir le Conseil de l&#8217;Ordre :<\/strong><br \/>\n<span data-contrast=\"auto\">Il vous appartient de demander \u00e0 votre Conseil d\u00e9partemental de l&#8217;Ordre une autorisation de remplacement. <\/span><span data-ccp-props=\"{\"201341983\":0,\"335559739\":200,\"335559740\":276}\">\u00a0<\/span><br \/>\n<span data-contrast=\"auto\">Vous devez lui indiquer, par \u00e9crit, les noms, pr\u00e9nom et adresse de votre rempla\u00e7ant, ainsi que les dates et la dur\u00e9e du remplacement.<\/span><span data-ccp-props=\"{\"201341983\":0,\"335559739\":200,\"335559740\":276}\">\u00a0<\/span><\/p>\n<\/div><\/div><\/div><\/section>\n<\/div><\/div>\n<\/div><\/div><\/div><!-- close content main div --><\/div><\/div><div id='after_section_5'  class='main_color av_default_container_wrap container_wrap sidebar_right'  ><div class='container av-section-cont-open' ><div class='template-page content  av-content-small alpha units'><div class='post-entry post-entry-type-page post-entry-1270'><div class='entry-content-wrapper clearfix'><br \/>\n<\/div><\/div><\/div><!-- close content main div --><\/div><\/div><div id='av_section_6'  class='avia-section av-2cdl3e-32b02742e02f88934e8d8963cd0fbc60 alternate_color avia-section-default avia-no-border-styling avia-bg-style-scroll container_wrap sidebar_right'  ><div class='container av-section-cont-open' ><div class='template-page content  av-content-small alpha units'><div class='post-entry post-entry-type-page post-entry-1270'><div class='entry-content-wrapper clearfix'>\n\n<style type=\"text\/css\" data-created_by=\"avia_inline_auto\" id=\"style-css-av-296nqy-8a94d007904452b1c3d9dbb6258d5ccd\">\n.flex_column.av-296nqy-8a94d007904452b1c3d9dbb6258d5ccd{\n-webkit-border-radius:0px 0px 0px 0px;\n-moz-border-radius:0px 0px 0px 0px;\nborder-radius:0px 0px 0px 0px;\npadding:0px 0px 0px 0px;\n}\n<\/style>\n<div class='flex_column av-296nqy-8a94d007904452b1c3d9dbb6258d5ccd av_one_full first flex_column_div av-zero-column-padding '     ><p>\n<style type=\"text\/css\" data-created_by=\"avia_inline_auto\" id=\"style-css-av-4gfpd2-95709c767e09f5feb89908bb47c2d7e5\">\n#top .av-special-heading.av-4gfpd2-95709c767e09f5feb89908bb47c2d7e5{\npadding-bottom:10px;\nfont-size:45px;\n}\nbody .av-special-heading.av-4gfpd2-95709c767e09f5feb89908bb47c2d7e5 .av-special-heading-tag .heading-char{\nfont-size:25px;\n}\n#top #wrap_all .av-special-heading.av-4gfpd2-95709c767e09f5feb89908bb47c2d7e5 .av-special-heading-tag{\nfont-size:45px;\n}\n.av-special-heading.av-4gfpd2-95709c767e09f5feb89908bb47c2d7e5 .av-subheading{\nfont-size:15px;\n}\n\n@media only screen and (min-width: 480px) and (max-width: 767px){ \n#top #wrap_all .av-special-heading.av-4gfpd2-95709c767e09f5feb89908bb47c2d7e5 .av-special-heading-tag{\nfont-size:0.8em;\n}\n}\n\n@media only screen and (max-width: 479px){ \n#top #wrap_all .av-special-heading.av-4gfpd2-95709c767e09f5feb89908bb47c2d7e5 .av-special-heading-tag{\nfont-size:0.8em;\n}\n}\n<\/style>\n<div  class='av-special-heading av-4gfpd2-95709c767e09f5feb89908bb47c2d7e5 av-special-heading-h2 blockquote modern-quote modern-centered av-inherit-size'><h2 class='av-special-heading-tag'  itemprop=\"headline\"  >Ils t\u00e9moignent<\/h2><div class=\"special-heading-border\"><div class=\"special-heading-inner-border\"><\/div><\/div><\/div><br \/>\n<div  class='avia-testimonial-wrapper av-jt8sg7w3-8ed700dcfe28a7c81c37273704ded62a avia-slider-testimonials avia-slider-2-testimonials avia_animate_when_almost_visible av-large-testimonial-slider av-slideshow-ui av-control-default av-slider-hover-pause av-slideshow-autoplay av-loop-endless av-loop-manual-endless' data-slideshow-options=\"{&quot;animation&quot;:&quot;fade&quot;,&quot;autoplay&quot;:true,&quot;loop_autoplay&quot;:&quot;endless&quot;,&quot;interval&quot;:7,&quot;loop_manual&quot;:&quot;manual-endless&quot;,&quot;autoplay_stopper&quot;:false,&quot;noNavigation&quot;:false,&quot;bg_slider&quot;:false,&quot;keep_padding&quot;:&quot;&quot;,&quot;hoverpause&quot;:true,&quot;show_slide_delay&quot;:0}\">\n<section class=\"avia-testimonial-row\"><div class='avia-testimonial av-2tc052-69c039ad34b520ebad46a8e26ccd98a2 avia-testimonial-row-1 avia-first-testimonial flex_column no_margin av_one_half'><div class='avia-testimonial_inner'  itemscope=\"itemscope\" itemtype=\"https:\/\/schema.org\/CreativeWork\" ><div class='avia-testimonial-content '><div class='avia-testimonial-markup-entry-content'  itemprop=\"text\" ><p>Lorem ipsum dolor sit amet, consectetur adipiscing elit, sed do eiusmod tempor incididunt ut labore et dolore magna aliqua. Justo eget magna fermentum iaculis eu. Ut venenatis tellus in metus vulputate eu scelerisque. Dictum fusce ut placerat orci nulla pellentesque dignissim.<br \/>\nLorem ipsum dolor sit amet, consectetur adipiscing elit, sed do eiusmod tempor incididunt ut labore et dolore magna aliqua. Justo eget magna fermentum iaculis eu.<\/p>\n<\/div><\/div><div class=\"avia-testimonial-meta\"><div class=\"avia-testimonial-arrow-wrap\"><div class=\"avia-arrow\"><\/div><\/div><div class='avia-testimonial-image'  itemprop=\"image\" ><img width=\"180\" height=\"180\" src=\"https:\/\/soignerenperigord.fr\/wp-content\/uploads\/2019\/03\/medecin-generaliste-nontron.png\" class=\"avia-img-lazy-loading-1352 attachment-square size-square\" alt=\"\" decoding=\"async\" loading=\"lazy\" srcset=\"https:\/\/soignerenperigord.fr\/wp-content\/uploads\/2019\/03\/medecin-generaliste-nontron.png 180w, https:\/\/soignerenperigord.fr\/wp-content\/uploads\/2019\/03\/medecin-generaliste-nontron-80x80.png 80w, https:\/\/soignerenperigord.fr\/wp-content\/uploads\/2019\/03\/medecin-generaliste-nontron-36x36.png 36w, https:\/\/soignerenperigord.fr\/wp-content\/uploads\/2019\/03\/medecin-generaliste-nontron-120x120.png 120w\" sizes=\"(max-width: 180px) 100vw, 180px\" \/><\/div><div class='avia-testimonial-meta-mini'  itemprop=\"author\" itemscope=\"itemscope\" itemtype=\"https:\/\/schema.org\/Person\" ><strong  class='avia-testimonial-name'  itemprop=\"name\" >Dr Chantal Rousseau<\/strong><span  class='avia-testimonial-subtitle '  itemprop=\"jobTitle\" >M\u00e9decin g\u00e9n\u00e9raliste \u00e0 Nontron<\/span><\/div><\/div><\/div><\/div>\n<\/section><div class='avia-slideshow-arrows avia-slideshow-controls' ><a href='#prev' class='prev-slide ' aria-hidden='true' data-av_icon='\ue87c' data-av_iconfont='entypo-fontello'  tabindex='-1'>Pr\u00e9c\u00e9dent<\/a><a href='#next' class='next-slide ' aria-hidden='true' data-av_icon='\ue87d' data-av_iconfont='entypo-fontello'  tabindex='-1'>Suivant<\/a><\/div><\/div><\/p><\/div>\n<\/div><\/div><\/div><!-- close content main div --><\/div><\/div><div id='after_section_6'  class='main_color av_default_container_wrap container_wrap sidebar_right'  ><div class='container av-section-cont-open' ><div class='template-page content  av-content-small alpha units'><div class='post-entry post-entry-type-page post-entry-1270'><div class='entry-content-wrapper clearfix'><br \/>\n<\/div><\/div><\/div><!-- close content main div --><\/div><\/div>\n<style type=\"text\/css\" data-created_by=\"avia_inline_auto\" id=\"style-css-av-jtiqojev-efd0c3b3a2098569e4b7e03cad5f1cd1\">\n.avia-section.av-jtiqojev-efd0c3b3a2098569e4b7e03cad5f1cd1{\nbackground-repeat:no-repeat;\nbackground-image:url(https:\/\/soignerenperigord.fr\/wp-content\/uploads\/2019\/03\/Soigner-en-perigord-banniere-annonces.png);\nbackground-position:50% 50%;\nbackground-attachment:scroll;\n}\n<\/style>\n<div id='av_section_7'  class='avia-section av-jtiqojev-efd0c3b3a2098569e4b7e03cad5f1cd1 main_color avia-section-default avia-no-border-styling avia-full-stretch avia-bg-style-scroll container_wrap sidebar_right'  data-section-bg-repeat='stretch'><div class='container av-section-cont-open' ><div class='template-page content  av-content-small alpha units'><div class='post-entry post-entry-type-page post-entry-1270'><div class='entry-content-wrapper clearfix'>\n\n<style type=\"text\/css\" data-created_by=\"avia_inline_auto\" id=\"style-css-av-9z2iu-ce5243758864f004818b20d4b709a119\">\n.flex_column.av-9z2iu-ce5243758864f004818b20d4b709a119{\n-webkit-border-radius:0px 0px 0px 0px;\n-moz-border-radius:0px 0px 0px 0px;\nborder-radius:0px 0px 0px 0px;\npadding:0px 0px 0px 0px;\n}\n<\/style>\n<div class='flex_column av-9z2iu-ce5243758864f004818b20d4b709a119 av_one_full first flex_column_div av-zero-column-padding '     ><p>\n<style type=\"text\/css\" data-created_by=\"avia_inline_auto\" id=\"style-css-av-jtpl0thm-fb78c4ac6f961e329978a977401907bb\">\n#top .av-special-heading.av-jtpl0thm-fb78c4ac6f961e329978a977401907bb{\npadding-bottom:10px;\ncolor:#ffffff;\nfont-size:3vw;\n}\nbody .av-special-heading.av-jtpl0thm-fb78c4ac6f961e329978a977401907bb .av-special-heading-tag .heading-char{\nfont-size:25px;\n}\n#top #wrap_all .av-special-heading.av-jtpl0thm-fb78c4ac6f961e329978a977401907bb .av-special-heading-tag{\nfont-size:3vw;\n}\n.av-special-heading.av-jtpl0thm-fb78c4ac6f961e329978a977401907bb .special-heading-inner-border{\nborder-color:#ffffff;\n}\n.av-special-heading.av-jtpl0thm-fb78c4ac6f961e329978a977401907bb .av-subheading{\nfont-size:32px;\n}\n\n@media only screen and (min-width: 480px) and (max-width: 767px){ \n#top #wrap_all .av-special-heading.av-jtpl0thm-fb78c4ac6f961e329978a977401907bb .av-special-heading-tag{\nfont-size:0.8em;\n}\n}\n\n@media only screen and (max-width: 479px){ \n#top #wrap_all .av-special-heading.av-jtpl0thm-fb78c4ac6f961e329978a977401907bb .av-special-heading-tag{\nfont-size:0.8em;\n}\n}\n<\/style>\n<div  class='av-special-heading av-jtpl0thm-fb78c4ac6f961e329978a977401907bb av-special-heading-h3 custom-color-heading blockquote modern-quote modern-centered av-inherit-size'><h3 class='av-special-heading-tag'  itemprop=\"headline\"  >Un projet d\u2019installation ?<\/h3><div class='av_custom_color av-subheading av-subheading_below'><p>Collaboration, association, succession, remplacement&#8230;<\/p>\n<\/div><div class=\"special-heading-border\"><div class=\"special-heading-inner-border\"><\/div><\/div><\/div><br \/>\n\n<style type=\"text\/css\" data-created_by=\"avia_inline_auto\" id=\"style-css-av-jtiqsa3u-0735a2ead6e09f56c71e7b9975411674\">\n#top .hr.hr-invisible.av-jtiqsa3u-0735a2ead6e09f56c71e7b9975411674{\nheight:20px;\n}\n<\/style>\n<div  class='hr av-jtiqsa3u-0735a2ead6e09f56c71e7b9975411674 hr-invisible'><span class='hr-inner '><span class=\"hr-inner-style\"><\/span><\/span><\/div><\/p><\/div><div  class='avia-button-wrap av-jtiqncw2-8a4fd0bdb88a055cf0b7b76641e77506-wrap avia-button-center '><a href='https:\/\/soignerenperigord.fr\/?page_id=774'  class='avia-button av-jtiqncw2-8a4fd0bdb88a055cf0b7b76641e77506 avia-icon_select-yes-right-icon avia-size-large avia-position-center av-icon-on-hover avia-color-light'  ><span class='avia_iconbox_title' >Consulter les annonces<\/span><span class='avia_button_icon avia_button_icon_right' aria-hidden='true' data-av_icon='\ue83c' data-av_iconfont='entypo-fontello'><\/span><\/a><\/div>\n<\/div><\/div><\/div><!-- close content main div --><\/div><\/div><div id='after_section_7'  class='main_color av_default_container_wrap container_wrap sidebar_right'  ><div class='container av-section-cont-open' ><div class='template-page content  av-content-small alpha units'><div class='post-entry post-entry-type-page post-entry-1270'><div class='entry-content-wrapper clearfix'><\/p>\n","protected":false},"excerpt":{"rendered":"","protected":false},"author":1,"featured_media":0,"parent":0,"menu_order":0,"comment_status":"closed","ping_status":"closed","template":"","meta":[],"acf":[],"yoast_head":"<!-- This site is optimized with the Yoast SEO plugin v19.13 - https:\/\/yoast.com\/wordpress\/plugins\/seo\/ -->\n<title>S&#039;installer en Dordogne - Installation m\u00e9decin, kin\u00e9, dentiste, infirmier<\/title>\n<meta name=\"description\" content=\"M\u00e9decin, kin\u00e9, dentiste, infirmier... Retrouvez toutes les informations sur les aides et les d\u00e9marches \u00e0 effectuer lors de votre installation en Dordogne\" \/>\n<meta name=\"robots\" content=\"index, follow, max-snippet:-1, max-image-preview:large, max-video-preview:-1\" \/>\n<link rel=\"canonical\" href=\"https:\/\/soignerenperigord.fr\/?page_id=1270\" \/>\n<meta property=\"og:locale\" content=\"fr_FR\" \/>\n<meta property=\"og:type\" content=\"article\" \/>\n<meta property=\"og:title\" content=\"S&#039;installer en Dordogne - Installation m\u00e9decin, kin\u00e9, dentiste, infirmier\" \/>\n<meta property=\"og:description\" content=\"M\u00e9decin, kin\u00e9, dentiste, infirmier... Retrouvez toutes les informations sur les aides et les d\u00e9marches \u00e0 effectuer lors de votre installation en Dordogne\" \/>\n<meta property=\"og:url\" content=\"https:\/\/soignerenperigord.fr\/?page_id=1270\" \/>\n<meta property=\"og:site_name\" content=\"SoignerEnPerigord\" \/>\n<meta property=\"article:modified_time\" content=\"2026-08-17T07:45:19+00:00\" \/>\n<meta name=\"twitter:card\" content=\"summary_large_image\" \/>\n<meta name=\"twitter:label1\" content=\"Est. reading time\" \/>\n\t<meta name=\"twitter:data1\" content=\"72 minutes\" \/>\n<script type=\"application\/ld+json\" class=\"yoast-schema-graph\">{\"@context\":\"https:\/\/schema.org\",\"@graph\":[{\"@type\":\"WebPage\",\"@id\":\"https:\/\/soignerenperigord.fr\/?page_id=1270\",\"url\":\"https:\/\/soignerenperigord.fr\/?page_id=1270\",\"name\":\"S'installer en Dordogne - Installation m\u00e9decin, kin\u00e9, dentiste, infirmier\",\"isPartOf\":{\"@id\":\"https:\/\/soignerenperigord.fr\/#website\"},\"datePublished\":\"2019-03-25T15:54:49+00:00\",\"dateModified\":\"2026-08-17T07:45:19+00:00\",\"description\":\"M\u00e9decin, kin\u00e9, dentiste, infirmier... Retrouvez toutes les informations sur les aides et les d\u00e9marches \u00e0 effectuer lors de votre installation en Dordogne\",\"breadcrumb\":{\"@id\":\"https:\/\/soignerenperigord.fr\/?page_id=1270#breadcrumb\"},\"inLanguage\":\"fr-FR\",\"potentialAction\":[{\"@type\":\"ReadAction\",\"target\":[\"https:\/\/soignerenperigord.fr\/?page_id=1270\"]}]},{\"@type\":\"BreadcrumbList\",\"@id\":\"https:\/\/soignerenperigord.fr\/?page_id=1270#breadcrumb\",\"itemListElement\":[{\"@type\":\"ListItem\",\"position\":1,\"name\":\"Home\",\"item\":\"https:\/\/soignerenperigord.fr\/?page_id=1809\"},{\"@type\":\"ListItem\",\"position\":2,\"name\":\"S&rsquo;installer\"}]},{\"@type\":\"WebSite\",\"@id\":\"https:\/\/soignerenperigord.fr\/#website\",\"url\":\"https:\/\/soignerenperigord.fr\/\",\"name\":\"SoignerEnPerigord\",\"description\":\"Un site utilisant WordPress\",\"potentialAction\":[{\"@type\":\"SearchAction\",\"target\":{\"@type\":\"EntryPoint\",\"urlTemplate\":\"https:\/\/soignerenperigord.fr\/?s={search_term_string}\"},\"query-input\":\"required name=search_term_string\"}],\"inLanguage\":\"fr-FR\"}]}<\/script>\n<!-- \/ Yoast SEO plugin. -->","yoast_head_json":{"title":"S'installer en Dordogne - Installation m\u00e9decin, kin\u00e9, dentiste, infirmier","description":"M\u00e9decin, kin\u00e9, dentiste, infirmier... Retrouvez toutes les informations sur les aides et les d\u00e9marches \u00e0 effectuer lors de votre installation en Dordogne","robots":{"index":"index","follow":"follow","max-snippet":"max-snippet:-1","max-image-preview":"max-image-preview:large","max-video-preview":"max-video-preview:-1"},"canonical":"https:\/\/soignerenperigord.fr\/?page_id=1270","og_locale":"fr_FR","og_type":"article","og_title":"S'installer en Dordogne - Installation m\u00e9decin, kin\u00e9, dentiste, infirmier","og_description":"M\u00e9decin, kin\u00e9, dentiste, infirmier... Retrouvez toutes les informations sur les aides et les d\u00e9marches \u00e0 effectuer lors de votre installation en Dordogne","og_url":"https:\/\/soignerenperigord.fr\/?page_id=1270","og_site_name":"SoignerEnPerigord","article_modified_time":"2026-08-17T07:45:19+00:00","twitter_card":"summary_large_image","twitter_misc":{"Est. reading time":"72 minutes"},"schema":{"@context":"https:\/\/schema.org","@graph":[{"@type":"WebPage","@id":"https:\/\/soignerenperigord.fr\/?page_id=1270","url":"https:\/\/soignerenperigord.fr\/?page_id=1270","name":"S'installer en Dordogne - Installation m\u00e9decin, kin\u00e9, dentiste, infirmier","isPartOf":{"@id":"https:\/\/soignerenperigord.fr\/#website"},"datePublished":"2019-03-25T15:54:49+00:00","dateModified":"2026-08-17T07:45:19+00:00","description":"M\u00e9decin, kin\u00e9, dentiste, infirmier... Retrouvez toutes les informations sur les aides et les d\u00e9marches \u00e0 effectuer lors de votre installation en Dordogne","breadcrumb":{"@id":"https:\/\/soignerenperigord.fr\/?page_id=1270#breadcrumb"},"inLanguage":"fr-FR","potentialAction":[{"@type":"ReadAction","target":["https:\/\/soignerenperigord.fr\/?page_id=1270"]}]},{"@type":"BreadcrumbList","@id":"https:\/\/soignerenperigord.fr\/?page_id=1270#breadcrumb","itemListElement":[{"@type":"ListItem","position":1,"name":"Home","item":"https:\/\/soignerenperigord.fr\/?page_id=1809"},{"@type":"ListItem","position":2,"name":"S&rsquo;installer"}]},{"@type":"WebSite","@id":"https:\/\/soignerenperigord.fr\/#website","url":"https:\/\/soignerenperigord.fr\/","name":"SoignerEnPerigord","description":"Un site utilisant WordPress","potentialAction":[{"@type":"SearchAction","target":{"@type":"EntryPoint","urlTemplate":"https:\/\/soignerenperigord.fr\/?s={search_term_string}"},"query-input":"required name=search_term_string"}],"inLanguage":"fr-FR"}]}},"_links":{"self":[{"href":"https:\/\/soignerenperigord.fr\/index.php?rest_route=\/wp\/v2\/pages\/1270"}],"collection":[{"href":"https:\/\/soignerenperigord.fr\/index.php?rest_route=\/wp\/v2\/pages"}],"about":[{"href":"https:\/\/soignerenperigord.fr\/index.php?rest_route=\/wp\/v2\/types\/page"}],"author":[{"embeddable":true,"href":"https:\/\/soignerenperigord.fr\/index.php?rest_route=\/wp\/v2\/users\/1"}],"replies":[{"embeddable":true,"href":"https:\/\/soignerenperigord.fr\/index.php?rest_route=%2Fwp%2Fv2%2Fcomments&post=1270"}],"version-history":[{"count":29,"href":"https:\/\/soignerenperigord.fr\/index.php?rest_route=\/wp\/v2\/pages\/1270\/revisions"}],"predecessor-version":[{"id":2053,"href":"https:\/\/soignerenperigord.fr\/index.php?rest_route=\/wp\/v2\/pages\/1270\/revisions\/2053"}],"wp:attachment":[{"href":"https:\/\/soignerenperigord.fr\/index.php?rest_route=%2Fwp%2Fv2%2Fmedia&parent=1270"}],"curies":[{"name":"wp","href":"https:\/\/api.w.org\/{rel}","templated":true}]}}