{"id":11012,"date":"2024-03-06T14:58:47","date_gmt":"2024-03-06T13:58:47","guid":{"rendered":"https:\/\/soignerenperigord.fr\/?page_id=11012"},"modified":"2026-08-26T11:07:03","modified_gmt":"2026-08-26T09:07:03","slug":"venir-vivre-en-dordogne","status":"publish","type":"page","link":"https:\/\/soignerenperigord.fr\/?page_id=11012","title":{"rendered":"Venir vivre en Dordogne"},"content":{"rendered":"<div id='av_section_1'  class='avia-section av-27n142s-83e55660a8ecb3d307ef811a382cccae main_color avia-section-default avia-no-border-styling  avia-builder-el-0  avia-builder-el-no-sibling  avia-bg-style-scroll container_wrap sidebar_right'  ><div class='container av-section-cont-open' ><main  role=\"main\" itemprop=\"mainContentOfPage\"  class='template-page content  av-content-small alpha units'><div class='post-entry post-entry-type-page post-entry-11012'><div class='entry-content-wrapper clearfix'>\n<div class='flex_column av-1fe0gis-34795c7b9cb0f958ce77f6c31868d6a7 av_one_full  avia-builder-el-1  el_before_av_one_third  avia-builder-el-first  first flex_column_div '     ><style type=\"text\/css\" data-created_by=\"avia_inline_auto\" id=\"style-css-av-lticz8by-2633ce395dde34f966fa7123cf1fac02\">\n#top .av-special-heading.av-lticz8by-2633ce395dde34f966fa7123cf1fac02{\npadding-bottom:10px;\n}\nbody .av-special-heading.av-lticz8by-2633ce395dde34f966fa7123cf1fac02 .av-special-heading-tag .heading-char{\nfont-size:25px;\n}\n.av-special-heading.av-lticz8by-2633ce395dde34f966fa7123cf1fac02 .av-subheading{\nfont-size:15px;\n}\n<\/style>\n<div  class='av-special-heading av-lticz8by-2633ce395dde34f966fa7123cf1fac02 av-special-heading-h1 blockquote modern-quote modern-centered  avia-builder-el-2  avia-builder-el-no-sibling '><h1 class='av-special-heading-tag'  itemprop=\"headline\"  >Venir vivre en Dordogne<\/h1><div class=\"special-heading-border\"><div class=\"special-heading-inner-border\"><\/div><\/div><\/div><\/div><div class='flex_column av-1stvfus-96bcf52fb3f916ce894341ab5b2e4f71 av_one_third  avia-builder-el-3  el_after_av_one_full  el_before_av_two_third  first flex_column_div column-top-margin'     ><style type=\"text\/css\" data-created_by=\"avia_inline_auto\" id=\"style-css-av-1bus4jo-b615b0a5ef4e175d3de4b988cb00cd84\">\n.avia-image-container.av-1bus4jo-b615b0a5ef4e175d3de4b988cb00cd84 img.avia_image{\nbox-shadow:none;\n}\n.avia-image-container.av-1bus4jo-b615b0a5ef4e175d3de4b988cb00cd84 .av-image-caption-overlay-center{\ncolor:#ffffff;\n}\n<\/style>\n<div  class='avia-image-container av-1bus4jo-b615b0a5ef4e175d3de4b988cb00cd84 av-styling- avia-align-center  avia-builder-el-4  avia-builder-el-no-sibling '   itemprop=\"image\" itemscope=\"itemscope\" itemtype=\"https:\/\/schema.org\/ImageObject\" ><div class=\"avia-image-container-inner\"><div class=\"avia-image-overlay-wrap\"><img decoding=\"async\" class='wp-image-11081 avia-img-lazy-loading-not-11081 avia_image ' src=\"https:\/\/soignerenperigord.fr\/wp-content\/uploads\/2024\/03\/garderie-enfant-scaled.jpg\" alt='' title='garderie enfant'  height=\"1707\" width=\"2560\"  itemprop=\"thumbnailUrl\" srcset=\"https:\/\/soignerenperigord.fr\/wp-content\/uploads\/2024\/03\/garderie-enfant-scaled.jpg 2560w, https:\/\/soignerenperigord.fr\/wp-content\/uploads\/2024\/03\/garderie-enfant-300x200.jpg 300w, https:\/\/soignerenperigord.fr\/wp-content\/uploads\/2024\/03\/garderie-enfant-1030x687.jpg 1030w, https:\/\/soignerenperigord.fr\/wp-content\/uploads\/2024\/03\/garderie-enfant-768x512.jpg 768w, https:\/\/soignerenperigord.fr\/wp-content\/uploads\/2024\/03\/garderie-enfant-1536x1024.jpg 1536w, https:\/\/soignerenperigord.fr\/wp-content\/uploads\/2024\/03\/garderie-enfant-2048x1365.jpg 2048w, https:\/\/soignerenperigord.fr\/wp-content\/uploads\/2024\/03\/garderie-enfant-1500x1000.jpg 1500w, https:\/\/soignerenperigord.fr\/wp-content\/uploads\/2024\/03\/garderie-enfant-705x470.jpg 705w\" sizes=\"(max-width: 2560px) 100vw, 2560px\" \/><\/div><\/div><\/div><\/div><div class='flex_column av-wtvtgk-b661a3f67976125ee4038c0a8b6547dd av_two_third  avia-builder-el-5  el_after_av_one_third  el_before_av_one_third  flex_column_div column-top-margin'     ><section  class='av_textblock_section av-ltfuks07-4018b2a9425735820fc0f7b1ecb8e34d'  itemscope=\"itemscope\" itemtype=\"https:\/\/schema.org\/CreativeWork\" ><div class='avia_textblock'  itemprop=\"text\" ><h3>Faire garder ses enfants<\/h3>\n<p>pour trouver une assistante maternelle \u00e0 proximit\u00e9 de votre domicile,<\/p>\n<p><span class=\"adr\"><span class=\"street-address\"><a class=\"url\" title=\"Acc\u00e9der au site du Centre de formation et de promotion (nouvelle fen\u00eatre)\" href=\"https:\/\/www.grandperigueux.fr\/mon-quotidien\/famille\/creches\/\" target=\"_blank\" rel=\"noopener v:url\" aria-label=\"www.cfpchampcevinel.fr (dans une nouvelle fen\u00eatre)\">les Relais Petite Enfance<\/a><\/span><\/span><\/p>\n<p>pour trouver un mode d&#8217;accueil,<br \/>\n<a href=\"https:\/\/monenfant.fr\/\" target=\"_blank\" rel=\"noopener\">monenfant.fr<\/a><br \/>\n<a href=\"https:\/\/www.dordogne.fr\/a-votre-service\/enfance-famille\/faire-garder-mon-enfant\" target=\"_blank\" rel=\"noopener\">les diff\u00e9rents modes de garde<\/a><\/p>\n<\/div><\/section><\/div><div class='flex_column av-4bjsqqs-21317d0df36f4e42124fabb49811aed5 av_one_third  avia-builder-el-7  el_after_av_two_third  el_before_av_two_third  first flex_column_div column-top-margin'     ><p><br \/>\n\n<style type=\"text\/css\" data-created_by=\"avia_inline_auto\" id=\"style-css-av-lto1ebds-fd59e20ffa55c25fde2a93b55efc1c38\">\n.avia-image-container.av-lto1ebds-fd59e20ffa55c25fde2a93b55efc1c38 img.avia_image{\nbox-shadow:none;\n}\n.avia-image-container.av-lto1ebds-fd59e20ffa55c25fde2a93b55efc1c38 .av-image-caption-overlay-center{\ncolor:#ffffff;\n}\n<\/style>\n<div  class='avia-image-container av-lto1ebds-fd59e20ffa55c25fde2a93b55efc1c38 av-styling- avia-align-center  avia-builder-el-9  el_after_av_image  avia-builder-el-last '   itemprop=\"image\" itemscope=\"itemscope\" itemtype=\"https:\/\/schema.org\/ImageObject\" ><div class=\"avia-image-container-inner\"><div class=\"avia-image-overlay-wrap\"><img decoding=\"async\" class='wp-image-11138 avia-img-lazy-loading-not-11138 avia_image ' src=\"https:\/\/soignerenperigord.fr\/wp-content\/uploads\/2024\/03\/etudes-scaled.jpg\" alt='' title='etudes'  height=\"1707\" width=\"2560\"  itemprop=\"thumbnailUrl\" srcset=\"https:\/\/soignerenperigord.fr\/wp-content\/uploads\/2024\/03\/etudes-scaled.jpg 2560w, https:\/\/soignerenperigord.fr\/wp-content\/uploads\/2024\/03\/etudes-300x200.jpg 300w, https:\/\/soignerenperigord.fr\/wp-content\/uploads\/2024\/03\/etudes-1030x687.jpg 1030w, https:\/\/soignerenperigord.fr\/wp-content\/uploads\/2024\/03\/etudes-768x512.jpg 768w, https:\/\/soignerenperigord.fr\/wp-content\/uploads\/2024\/03\/etudes-1536x1024.jpg 1536w, https:\/\/soignerenperigord.fr\/wp-content\/uploads\/2024\/03\/etudes-2048x1365.jpg 2048w, https:\/\/soignerenperigord.fr\/wp-content\/uploads\/2024\/03\/etudes-1500x1000.jpg 1500w, https:\/\/soignerenperigord.fr\/wp-content\/uploads\/2024\/03\/etudes-705x470.jpg 705w\" sizes=\"(max-width: 2560px) 100vw, 2560px\" \/><\/div><\/div><\/div><\/p><\/div><div class='flex_column av-3f4ia3o-699e1886c238dde47a3d247fd9b2e7f8 av_two_third  avia-builder-el-10  el_after_av_one_third  el_before_av_one_third  flex_column_div column-top-margin'     ><section  class='av_textblock_section av-ltfwrlqg-164c75dc92308d5f0f1a41fa99946ff3'  itemscope=\"itemscope\" itemtype=\"https:\/\/schema.org\/CreativeWork\" ><div class='avia_textblock'  itemprop=\"text\" ><h3>Les \u00e9coles,<\/h3>\n<p>Vous souhaitez inscrire votre enfant dans un \u00e9tablissement : <span class=\"adr\"><span class=\"street-address\">\u00a0<\/span><\/span> <span class=\"adr\"><span class=\"street-address\"><a class=\"url\" title=\"Acc\u00e9der au site du Centre de formation et de promotion (nouvelle fen\u00eatre)\" href=\"https:\/\/www.ac-bordeaux.fr\/affectation-en-dordogne-123629\" target=\"_blank\" rel=\"noopener v:url\" aria-label=\"www.cfpchampcevinel.fr (dans une nouvelle fen\u00eatre)\">Acad\u00e9mie de Bordeaux<\/a><\/span><\/span><\/p>\n<h3>Les \u00e9tudes sup\u00e9rieures<\/h3>\n<p><a href=\"http:\/\/lyceejaydebeaufort.fr\/post-bac\/presentation-du-dts\/\" target=\"_blank\" rel=\"noopener\"><span class=\"adr\"><span class=\"street-address\">DTS Imagerie m\u00e9dicale et radiologie th\u00e9rapeutique<\/span><\/span><\/a><\/p>\n<p><a href=\"https:\/\/www.grandperigueux.fr\/mon-quotidien\/jeunesse\/1ere-annee-de-medecine\/\" target=\"_blank\" rel=\"noopener\"><span class=\"adr\"><span class=\"street-address\">1\u00e8re ann\u00e9e d&#8217;\u00e9tudes de Sant\u00e9 \u00e0 P\u00e9rigueux (PASS)<\/span><\/span><\/a><\/p>\n<p><a href=\"https:\/\/www.ch-perigueux.fr\/institut-de-formation-de-perigueux-294.html\" target=\"_blank\" rel=\"noopener\"><span class=\"adr\"><span class=\"street-address\">IFSI IFAS &#8211; Institut de formation en soins infirmiers, P\u00e9rigueux<\/span><\/span><\/a><\/p>\n<p><a href=\"https:\/\/mspb.com\/offre-de-formation\/la-formation-au-metier-dinfirmiere\/\" target=\"_blank\" rel=\"noopener\"><span class=\"adr\"><span class=\"street-address\">DTS IFSI Bagatelle &#8211; John Bost, Bergerac<\/span><\/span><\/a><\/p>\n<\/div><\/section><\/div><div class='flex_column av-1rzmmbo-6d0154550d8de5ce3de1975c9ad4b2ac av_one_third  avia-builder-el-12  el_after_av_two_third  el_before_av_two_third  first flex_column_div column-top-margin'     ><p>\n<style type=\"text\/css\" data-created_by=\"avia_inline_auto\" id=\"style-css-av-11yzhfo-0dc0da009c4080b77aa5e44f0f866646\">\n.avia-image-container.av-11yzhfo-0dc0da009c4080b77aa5e44f0f866646 img.avia_image{\nbox-shadow:none;\n}\n.avia-image-container.av-11yzhfo-0dc0da009c4080b77aa5e44f0f866646 .av-image-caption-overlay-center{\ncolor:#ffffff;\n}\n<\/style>\n<div  class='avia-image-container av-11yzhfo-0dc0da009c4080b77aa5e44f0f866646 av-styling- avia-align-center  avia-builder-el-13  el_before_av_image  avia-builder-el-first '   itemprop=\"image\" itemscope=\"itemscope\" itemtype=\"https:\/\/schema.org\/ImageObject\" ><div class=\"avia-image-container-inner\"><div class=\"avia-image-overlay-wrap\"><img decoding=\"async\" class='wp-image-12862 avia-img-lazy-loading-not-12862 avia_image ' src=\"https:\/\/soignerenperigord.fr\/wp-content\/uploads\/2025\/03\/villefranche-de-lonchat-01.jpg\" alt='' title='villefranche de lonchat 01'  height=\"453\" width=\"600\"  itemprop=\"thumbnailUrl\" srcset=\"https:\/\/soignerenperigord.fr\/wp-content\/uploads\/2025\/03\/villefranche-de-lonchat-01.jpg 600w, https:\/\/soignerenperigord.fr\/wp-content\/uploads\/2025\/03\/villefranche-de-lonchat-01-300x227.jpg 300w\" sizes=\"(max-width: 600px) 100vw, 600px\" \/><\/div><\/div><\/div><br \/>\n\n<style type=\"text\/css\" data-created_by=\"avia_inline_auto\" id=\"style-css-av-1ag8fac-eb8123a9b4d3739d9f767245cc82f97f\">\n.avia-image-container.av-1ag8fac-eb8123a9b4d3739d9f767245cc82f97f img.avia_image{\nbox-shadow:none;\n}\n.avia-image-container.av-1ag8fac-eb8123a9b4d3739d9f767245cc82f97f .av-image-caption-overlay-center{\ncolor:#ffffff;\n}\n<\/style>\n<div  class='avia-image-container av-1ag8fac-eb8123a9b4d3739d9f767245cc82f97f av-styling- avia-align-center  avia-builder-el-14  el_after_av_image  avia-builder-el-last '   itemprop=\"image\" itemscope=\"itemscope\" itemtype=\"https:\/\/schema.org\/ImageObject\" ><div class=\"avia-image-container-inner\"><div class=\"avia-image-overlay-wrap\"><img decoding=\"async\" class='wp-image-11082 avia-img-lazy-loading-not-11082 avia_image ' src=\"https:\/\/soignerenperigord.fr\/wp-content\/uploads\/2024\/03\/habitation.png\" alt='' title='habitation'  height=\"309\" width=\"459\"  itemprop=\"thumbnailUrl\" srcset=\"https:\/\/soignerenperigord.fr\/wp-content\/uploads\/2024\/03\/habitation.png 459w, https:\/\/soignerenperigord.fr\/wp-content\/uploads\/2024\/03\/habitation-300x202.png 300w\" sizes=\"(max-width: 459px) 100vw, 459px\" \/><\/div><\/div><\/div><\/p><\/div><div class='flex_column av-21fpf2c-cbb296eb30d48808d440dad7ae8bc22e av_two_third  avia-builder-el-15  el_after_av_one_third  el_before_av_one_third  flex_column_div column-top-margin'     ><section  class='av_textblock_section av-ltfvr3f0-49181aa9068278823c849bf6f62b926b'  itemscope=\"itemscope\" itemtype=\"https:\/\/schema.org\/CreativeWork\" ><div class='avia_textblock'  itemprop=\"text\" ><h3>Habiter en Dordogne<\/h3>\n<p>pour un s\u00e9jour d\u00e9couverte,<br \/>\n<span class=\"adr\"><span class=\"street-address\"><a class=\"url\" title=\"Acc\u00e9der au site du Centre de formation et de promotion (nouvelle fen\u00eatre)\" href=\"https:\/\/www.mesnouveauxvoisins.org\/\" target=\"_blank\" rel=\"noopener v:url\" aria-label=\"www.cfpchampcevinel.fr (dans une nouvelle fen\u00eatre)\">mesnouveauxvoisins\u00a0 \u00a0 \u00a0 \u00a0<\/a><\/span><\/span><a href=\"https:\/\/www.dordogne-perigord-tourisme.fr\/preparer-son-sejour\/ou-dormir\/gites-locations-vacances\/\" target=\"_blank\" rel=\"noopener\">g\u00eetes et locations<\/a><\/p>\n<p>pour du tourisme,<\/p>\n<p><a href=\"https:\/\/www.perigord.com\/\" target=\"_blank\" rel=\"noopener\">P\u00e9rigord.com<\/a>\u00a0 \u00a0 \u00a0 \u00a0 <a href=\"https:\/\/www.guide-du-perigord.com\/fr\/\" target=\"_blank\" rel=\"noopener\">Guide du P\u00e9rigord<\/a>\u00a0 \u00a0 \u00a0 \u00a0 <a href=\"https:\/\/www.dordogne-perigord-tourisme.fr\/\" target=\"_blank\" rel=\"noopener\">Dordogne P\u00e9rigord Tourisme<\/a><\/p>\n<p>pour s&#8217;installer,<\/p>\n<p><a href=\"https:\/\/www.jesuisunjeune.com\/fr\/collection-city\/8-perigueux\" target=\"_blank\" rel=\"noopener\">h\u00e9bergements pour \u00e9tudiants et jeunes actifs<\/a><\/p>\n<p><a href=\"https:\/\/www.fnaim.fr\/\" target=\"_blank\" rel=\"noopener\">les professionnels de l&#8217;immobilier<\/a><\/p>\n<h3>Quelques chiffres<\/h3>\n<p>pour vous aider dans votre projet,<\/p>\n<p><a href=\"https:\/\/immobilier.statistiques.notaires.fr\/prix-immobilier?typeLocalisation=DEPARTEMENT&#038;codeInsee=24&#038;typeBien=MAI&#038;neuf=false\" target=\"_blank\" rel=\"noopener\">le prix au m\u00b2\u00a0 de l&#8217;immobilier<\/a><\/p>\n<p><a href=\"https:\/\/www.chambre-dordogne.notaires.fr\/\" target=\"_blank\" rel=\"noopener\">un notaire pr\u00e8s de chez vous<\/a><\/p>\n<h3>et aussi&#8230;<\/h3>\n<p><a href=\"https:\/\/www.perigordnumerique.fr\/\" target=\"_blank\" rel=\"noopener\">la fibre optique en Dordogne\u00a0<\/a><\/p>\n<p><a href=\"https:\/\/www.grandperigueux.fr\/au-quotidien\/deplacements\" target=\"_blank\" rel=\"noopener\">se d\u00e9placer en bus, en v\u00e9lo, en covoiturage..<\/a><\/p>\n<p><a href=\"https:\/\/www.dordogne-perigord-tourisme.fr\/cote-pratique\/comment-venir-en-dordogne\/\" target=\"_blank\" rel=\"noopener\">comment venir en Dordogne ?<\/a><\/p>\n<\/div><\/section><\/div><div class='flex_column av-1c5m7r8-04f5e2ee3145fd41803a31d023c101af av_one_third  avia-builder-el-17  el_after_av_two_third  el_before_av_two_third  first flex_column_div column-top-margin'     ><style type=\"text\/css\" data-created_by=\"avia_inline_auto\" id=\"style-css-av-owa6kk-ea2ee4848b5a7bd475badbafd38f1812\">\n.avia-image-container.av-owa6kk-ea2ee4848b5a7bd475badbafd38f1812 img.avia_image{\nbox-shadow:none;\n}\n.avia-image-container.av-owa6kk-ea2ee4848b5a7bd475badbafd38f1812 .av-image-caption-overlay-center{\ncolor:#ffffff;\n}\n<\/style>\n<div  class='avia-image-container av-owa6kk-ea2ee4848b5a7bd475badbafd38f1812 av-styling- avia-align-center  avia-builder-el-18  avia-builder-el-no-sibling '   itemprop=\"image\" itemscope=\"itemscope\" itemtype=\"https:\/\/schema.org\/ImageObject\" ><div class=\"avia-image-container-inner\"><div class=\"avia-image-overlay-wrap\"><img decoding=\"async\" class='wp-image-11087 avia-img-lazy-loading-not-11087 avia_image ' src=\"https:\/\/soignerenperigord.fr\/wp-content\/uploads\/2024\/03\/job-dordogne.jpg\" alt='' title='job dordogne'  height=\"352\" width=\"536\"  itemprop=\"thumbnailUrl\" srcset=\"https:\/\/soignerenperigord.fr\/wp-content\/uploads\/2024\/03\/job-dordogne.jpg 536w, https:\/\/soignerenperigord.fr\/wp-content\/uploads\/2024\/03\/job-dordogne-300x197.jpg 300w\" sizes=\"(max-width: 536px) 100vw, 536px\" \/><\/div><\/div><\/div><\/div><div class='flex_column av-sgenyc-d20f8d7bcaf2638a501a8cc999979109 av_two_third  avia-builder-el-19  el_after_av_one_third  avia-builder-el-last  flex_column_div column-top-margin'     ><section  class='av_textblock_section av-ltfvu15z-a887f3d1c63b7a7d45c35ac5b6882c3c'  itemscope=\"itemscope\" itemtype=\"https:\/\/schema.org\/CreativeWork\" ><div class='avia_textblock'  itemprop=\"text\" ><h3>Trouver un emploi pour votre conjoint(e)<\/h3>\n<p>Le service public de l&#8217;emploi, France Travail : <a href=\"https:\/\/soignerenperigord.fr\/?page_id=16369\" target=\"_blank\" rel=\"noopener\">pour en savoir plus<\/a><\/p>\n<p>Les entreprises qui recrutent,\u00a0 voir le site <a href=\"https:\/\/www.perigord-developpement.com\/emploi\" target=\"_blank\" rel=\"noopener\">P\u00e9rigord D\u00e9veloppement<\/a>.<\/p>\n<p>La Maison de l&#8217;emploi du Grand P\u00e9rigueux, voir le site <a href=\"https:\/\/www.mde-grandperigueux.fr\/\" target=\"_blank\" rel=\"noopener\">M2E<\/a><\/p>\n<p>Des offres d&#8217;emploi cadres, conseils, voir le site <a href=\"https:\/\/www.apec.fr\/\" target=\"_blank\" rel=\"noopener\">APEC<\/a><\/p>\n<p>Vous avez un projet d&#8217;entreprise, voir le site <a href=\"https:\/\/www.initiative-perigord.fr\/\" target=\"_blank\" rel=\"noopener\">Initiative P\u00e9rigord<\/a><\/p>\n<p>Incubateur d&#8217;entreprise, voir le site<a href=\"https:\/\/www.incubateur-h24.fr\/\" target=\"_blank\" rel=\"noopener\"> H24<\/a><\/p>\n<p>L&#8217;amicale des P\u00e9rigourdins de Paris, voir le site <a href=\"http:\/\/www.latruffe.org\/\" target=\"_blank\" rel=\"noopener\">La truffe<\/a><\/p>\n<p>Club d&#8217;entrepreneurs, voir le site <a href=\"https:\/\/www.club-dordogne-entrepreneurs.fr\/\" target=\"_blank\" rel=\"noopener\">Club Dordogne Entrepreneurs<\/a><\/p>\n<p>Rapprocher les comp\u00e9tences et les emplois en Nouvelle Aquitaine, voir le site <a href=\"https:\/\/talentsdici.fr\/\" target=\"_blank\" rel=\"noopener\">Talents d&#8217;ici<\/a><\/p>\n<\/div><\/section><\/div>\n<\/div><\/div><\/main><!-- close content main element --><\/div><\/div><div id='after_section_1'  class='main_color av_default_container_wrap container_wrap sidebar_right'  ><div class='container av-section-cont-open' ><div class='template-page content  av-content-small alpha units'><div class='post-entry post-entry-type-page post-entry-11012'><div class='entry-content-wrapper clearfix'>\n","protected":false},"excerpt":{"rendered":"","protected":false},"author":20,"featured_media":0,"parent":0,"menu_order":0,"comment_status":"closed","ping_status":"closed","template":"","meta":[],"acf":[],"yoast_head":"<!-- This site is optimized with the Yoast SEO plugin v19.13 - https:\/\/yoast.com\/wordpress\/plugins\/seo\/ -->\n<title>Venir vivre en Dordogne - Accompagnement \u00e0 l&#039;installation<\/title>\n<meta name=\"description\" content=\"Professionnels de sant\u00e9, retrouvez les partenaires pour vous accompagner dans votre installation en Dordogne.\" \/>\n<meta name=\"robots\" content=\"index, follow, max-snippet:-1, max-image-preview:large, max-video-preview:-1\" \/>\n<link rel=\"canonical\" href=\"https:\/\/soignerenperigord.fr\/?page_id=11012\" \/>\n<meta property=\"og:locale\" content=\"fr_FR\" \/>\n<meta property=\"og:type\" content=\"article\" \/>\n<meta property=\"og:title\" content=\"Venir vivre en Dordogne - Accompagnement \u00e0 l&#039;installation\" \/>\n<meta property=\"og:description\" content=\"Professionnels de sant\u00e9, retrouvez les partenaires pour vous accompagner dans votre installation en Dordogne.\" \/>\n<meta property=\"og:url\" content=\"https:\/\/soignerenperigord.fr\/?page_id=11012\" \/>\n<meta property=\"og:site_name\" content=\"SoignerEnPerigord\" \/>\n<meta property=\"article:modified_time\" content=\"2026-08-26T09:07:03+00:00\" \/>\n<meta name=\"twitter:card\" content=\"summary_large_image\" \/>\n<meta name=\"twitter:label1\" content=\"Est. reading time\" \/>\n\t<meta name=\"twitter:data1\" content=\"11 minutes\" \/>\n<script type=\"application\/ld+json\" class=\"yoast-schema-graph\">{\"@context\":\"https:\/\/schema.org\",\"@graph\":[{\"@type\":\"WebPage\",\"@id\":\"https:\/\/soignerenperigord.fr\/?page_id=11012\",\"url\":\"https:\/\/soignerenperigord.fr\/?page_id=11012\",\"name\":\"Venir vivre en Dordogne - Accompagnement \u00e0 l'installation\",\"isPartOf\":{\"@id\":\"https:\/\/soignerenperigord.fr\/#website\"},\"datePublished\":\"2024-03-06T13:58:47+00:00\",\"dateModified\":\"2026-08-26T09:07:03+00:00\",\"description\":\"Professionnels de sant\u00e9, retrouvez les partenaires pour vous accompagner dans votre installation en Dordogne.\",\"breadcrumb\":{\"@id\":\"https:\/\/soignerenperigord.fr\/?page_id=11012#breadcrumb\"},\"inLanguage\":\"fr-FR\",\"potentialAction\":[{\"@type\":\"ReadAction\",\"target\":[\"https:\/\/soignerenperigord.fr\/?page_id=11012\"]}]},{\"@type\":\"BreadcrumbList\",\"@id\":\"https:\/\/soignerenperigord.fr\/?page_id=11012#breadcrumb\",\"itemListElement\":[{\"@type\":\"ListItem\",\"position\":1,\"name\":\"Home\",\"item\":\"https:\/\/soignerenperigord.fr\/?page_id=1809\"},{\"@type\":\"ListItem\",\"position\":2,\"name\":\"Venir vivre en Dordogne\"}]},{\"@type\":\"WebSite\",\"@id\":\"https:\/\/soignerenperigord.fr\/#website\",\"url\":\"https:\/\/soignerenperigord.fr\/\",\"name\":\"SoignerEnPerigord\",\"description\":\"Un site utilisant WordPress\",\"potentialAction\":[{\"@type\":\"SearchAction\",\"target\":{\"@type\":\"EntryPoint\",\"urlTemplate\":\"https:\/\/soignerenperigord.fr\/?s={search_term_string}\"},\"query-input\":\"required name=search_term_string\"}],\"inLanguage\":\"fr-FR\"}]}<\/script>\n<!-- \/ Yoast SEO plugin. -->","yoast_head_json":{"title":"Venir vivre en Dordogne - Accompagnement \u00e0 l'installation","description":"Professionnels de sant\u00e9, retrouvez les partenaires pour vous accompagner dans votre installation en Dordogne.","robots":{"index":"index","follow":"follow","max-snippet":"max-snippet:-1","max-image-preview":"max-image-preview:large","max-video-preview":"max-video-preview:-1"},"canonical":"https:\/\/soignerenperigord.fr\/?page_id=11012","og_locale":"fr_FR","og_type":"article","og_title":"Venir vivre en Dordogne - Accompagnement \u00e0 l'installation","og_description":"Professionnels de sant\u00e9, retrouvez les partenaires pour vous accompagner dans votre installation en Dordogne.","og_url":"https:\/\/soignerenperigord.fr\/?page_id=11012","og_site_name":"SoignerEnPerigord","article_modified_time":"2026-08-26T09:07:03+00:00","twitter_card":"summary_large_image","twitter_misc":{"Est. reading time":"11 minutes"},"schema":{"@context":"https:\/\/schema.org","@graph":[{"@type":"WebPage","@id":"https:\/\/soignerenperigord.fr\/?page_id=11012","url":"https:\/\/soignerenperigord.fr\/?page_id=11012","name":"Venir vivre en Dordogne - Accompagnement \u00e0 l'installation","isPartOf":{"@id":"https:\/\/soignerenperigord.fr\/#website"},"datePublished":"2024-03-06T13:58:47+00:00","dateModified":"2026-08-26T09:07:03+00:00","description":"Professionnels de sant\u00e9, retrouvez les partenaires pour vous accompagner dans votre installation en Dordogne.","breadcrumb":{"@id":"https:\/\/soignerenperigord.fr\/?page_id=11012#breadcrumb"},"inLanguage":"fr-FR","potentialAction":[{"@type":"ReadAction","target":["https:\/\/soignerenperigord.fr\/?page_id=11012"]}]},{"@type":"BreadcrumbList","@id":"https:\/\/soignerenperigord.fr\/?page_id=11012#breadcrumb","itemListElement":[{"@type":"ListItem","position":1,"name":"Home","item":"https:\/\/soignerenperigord.fr\/?page_id=1809"},{"@type":"ListItem","position":2,"name":"Venir vivre en Dordogne"}]},{"@type":"WebSite","@id":"https:\/\/soignerenperigord.fr\/#website","url":"https:\/\/soignerenperigord.fr\/","name":"SoignerEnPerigord","description":"Un site utilisant WordPress","potentialAction":[{"@type":"SearchAction","target":{"@type":"EntryPoint","urlTemplate":"https:\/\/soignerenperigord.fr\/?s={search_term_string}"},"query-input":"required name=search_term_string"}],"inLanguage":"fr-FR"}]}},"_links":{"self":[{"href":"https:\/\/soignerenperigord.fr\/index.php?rest_route=\/wp\/v2\/pages\/11012"}],"collection":[{"href":"https:\/\/soignerenperigord.fr\/index.php?rest_route=\/wp\/v2\/pages"}],"about":[{"href":"https:\/\/soignerenperigord.fr\/index.php?rest_route=\/wp\/v2\/types\/page"}],"author":[{"embeddable":true,"href":"https:\/\/soignerenperigord.fr\/index.php?rest_route=\/wp\/v2\/users\/20"}],"replies":[{"embeddable":true,"href":"https:\/\/soignerenperigord.fr\/index.php?rest_route=%2Fwp%2Fv2%2Fcomments&post=11012"}],"version-history":[{"count":63,"href":"https:\/\/soignerenperigord.fr\/index.php?rest_route=\/wp\/v2\/pages\/11012\/revisions"}],"predecessor-version":[{"id":16452,"href":"https:\/\/soignerenperigord.fr\/index.php?rest_route=\/wp\/v2\/pages\/11012\/revisions\/16452"}],"wp:attachment":[{"href":"https:\/\/soignerenperigord.fr\/index.php?rest_route=%2Fwp%2Fv2%2Fmedia&parent=11012"}],"curies":[{"name":"wp","href":"https:\/\/api.w.org\/{rel}","templated":true}]}}