{"id":1081,"date":"2019-03-19T16:11:12","date_gmt":"2019-03-19T15:11:12","guid":{"rendered":"https:\/\/soignerenperigord.dordogne.fr\/?page_id=1081"},"modified":"2023-12-08T14:38:09","modified_gmt":"2023-12-08T13:38:09","slug":"accueillir-un-stagiaire","status":"publish","type":"page","link":"https:\/\/soignerenperigord.fr\/?page_id=1081","title":{"rendered":"Accueillir un stagiaire"},"content":{"rendered":"<p><div id='av_section_1'  class='avia-section av-jt5uk2ev-fd64a8e7d873710bbccbf9e0e3e5e58b main_color avia-section-default avia-no-border-styling  avia-builder-el-0  el_before_av_tab_section  avia-builder-el-first  avia-bg-style-scroll container_wrap sidebar_right'  ><div class='container av-section-cont-open' ><main  role=\"main\" itemprop=\"mainContentOfPage\"  class='template-page content  av-content-small alpha units'><div class='post-entry post-entry-type-page post-entry-1081'><div class='entry-content-wrapper clearfix'>\n\n<style type=\"text\/css\" data-created_by=\"avia_inline_auto\" id=\"style-css-av-1jj42a-51e1fbcca5d00870bab08cd27f95ac1e\">\n.flex_column.av-1jj42a-51e1fbcca5d00870bab08cd27f95ac1e{\n-webkit-border-radius:0px 0px 0px 0px;\n-moz-border-radius:0px 0px 0px 0px;\nborder-radius:0px 0px 0px 0px;\npadding:0px 0px 0px 0px;\n}\n<\/style>\n<div class='flex_column av-1jj42a-51e1fbcca5d00870bab08cd27f95ac1e av_one_full  avia-builder-el-1  el_before_av_one_full  avia-builder-el-first  first flex_column_div av-zero-column-padding '     ><style type=\"text\/css\" data-created_by=\"avia_inline_auto\" id=\"style-css-av-jtfvnf3z-8e4c9e29ee28a37106e4449d81410ce1\">\n#top .av-special-heading.av-jtfvnf3z-8e4c9e29ee28a37106e4449d81410ce1{\npadding-bottom:10px;\nfont-size:3vw;\n}\nbody .av-special-heading.av-jtfvnf3z-8e4c9e29ee28a37106e4449d81410ce1 .av-special-heading-tag .heading-char{\nfont-size:25px;\n}\n#top #wrap_all .av-special-heading.av-jtfvnf3z-8e4c9e29ee28a37106e4449d81410ce1 .av-special-heading-tag{\nfont-size:3vw;\n}\n.av-special-heading.av-jtfvnf3z-8e4c9e29ee28a37106e4449d81410ce1 .av-subheading{\nfont-size:15px;\n}\n\n@media only screen and (min-width: 480px) and (max-width: 767px){ \n#top #wrap_all .av-special-heading.av-jtfvnf3z-8e4c9e29ee28a37106e4449d81410ce1 .av-special-heading-tag{\nfont-size:0.8em;\n}\n}\n\n@media only screen and (max-width: 479px){ \n#top #wrap_all .av-special-heading.av-jtfvnf3z-8e4c9e29ee28a37106e4449d81410ce1 .av-special-heading-tag{\nfont-size:0.8em;\n}\n}\n<\/style>\n<div  class='av-special-heading av-jtfvnf3z-8e4c9e29ee28a37106e4449d81410ce1 av-special-heading-h1 blockquote modern-quote modern-centered  avia-builder-el-2  avia-builder-el-no-sibling  av-inherit-size'><h1 class='av-special-heading-tag'  itemprop=\"headline\"  >Accueillir un stagiaire<\/h1><div class=\"special-heading-border\"><div class=\"special-heading-inner-border\"><\/div><\/div><\/div><\/div>\n<style type=\"text\/css\" data-created_by=\"avia_inline_auto\" id=\"style-css-av-1dgq6i-4392de833b48a3a67458154c12da55f4\">\n.flex_column.av-1dgq6i-4392de833b48a3a67458154c12da55f4{\n-webkit-border-radius:0px 0px 0px 0px;\n-moz-border-radius:0px 0px 0px 0px;\nborder-radius:0px 0px 0px 0px;\npadding:0px 0px 0px 0px;\n}\n<\/style>\n<div class='flex_column av-1dgq6i-4392de833b48a3a67458154c12da55f4 av_one_full  avia-builder-el-3  el_after_av_one_full  avia-builder-el-last  first flex_column_div av-zero-column-padding column-top-margin'     ><style type=\"text\/css\" data-created_by=\"avia_inline_auto\" id=\"style-css-av-jt60ttfw-bd011d356e6fb2e9b3f9b2a7583bb505\">\n.avia-image-container.av-jt60ttfw-bd011d356e6fb2e9b3f9b2a7583bb505 img.avia_image{\nbox-shadow:none;\n}\n.avia-image-container.av-jt60ttfw-bd011d356e6fb2e9b3f9b2a7583bb505 .av-image-caption-overlay-center{\ncolor:#ffffff;\n}\n<\/style>\n<div  class='avia-image-container av-jt60ttfw-bd011d356e6fb2e9b3f9b2a7583bb505 av-styling- av-hover-grow avia-align-center'   itemprop=\"image\" itemscope=\"itemscope\" itemtype=\"https:\/\/schema.org\/ImageObject\" ><div class=\"avia-image-container-inner\"><div class=\"avia-image-overlay-wrap\"><img decoding=\"async\" class='wp-image-776 avia-img-lazy-loading-not-776 avia_image ' src=\"https:\/\/soignerenperigord.fr\/wp-content\/uploads\/2019\/03\/Effectuer-Stage-Medecine-Perigord.png\" alt='Effectuer-Stage-Medecine-Perigord' title='Effectuer-Stage-Medecine-Perigord'  height=\"615\" width=\"1040\"  itemprop=\"thumbnailUrl\" srcset=\"https:\/\/soignerenperigord.fr\/wp-content\/uploads\/2019\/03\/Effectuer-Stage-Medecine-Perigord.png 1040w, https:\/\/soignerenperigord.fr\/wp-content\/uploads\/2019\/03\/Effectuer-Stage-Medecine-Perigord-300x177.png 300w, https:\/\/soignerenperigord.fr\/wp-content\/uploads\/2019\/03\/Effectuer-Stage-Medecine-Perigord-768x454.png 768w, https:\/\/soignerenperigord.fr\/wp-content\/uploads\/2019\/03\/Effectuer-Stage-Medecine-Perigord-1030x609.png 1030w, https:\/\/soignerenperigord.fr\/wp-content\/uploads\/2019\/03\/Effectuer-Stage-Medecine-Perigord-705x417.png 705w, https:\/\/soignerenperigord.fr\/wp-content\/uploads\/2019\/03\/Effectuer-Stage-Medecine-Perigord-450x266.png 450w\" sizes=\"(max-width: 1040px) 100vw, 1040px\" \/><\/div><\/div><\/div><\/div>\n<style type=\"text\/css\" data-created_by=\"avia_inline_auto\" id=\"style-css-av-jt5ya1wb-a9009e902b5e64f82c4524b0038b564f\">\n.av-tab-section-outer-container.av-jt5ya1wb-a9009e902b5e64f82c4524b0038b564f .av-tab-section-tab-title-container{\nbackground-color:#ffffff;\n}\n#top .av-tab-section-outer-container.av-jt5ya1wb-a9009e902b5e64f82c4524b0038b564f .av-section-tab-title{\ncolor:#238388;\n}\n<\/style>\n<\/div><\/div><\/main><!-- close content main element --><\/div><\/div><div id='av-tab-section-1'  class='av-tab-section-container entry-content-wrapper main_color av-tab-slide-transition av-tab-content-auto  av-tab-above-content  container_wrap sidebar_right'  ><div class='av-tab-section-outer-container av-jt5ya1wb-a9009e902b5e64f82c4524b0038b564f'><div class='av-tab-section-tab-title-container avia-tab-title-padding-default av-custom-tab-color' role='tablist'><a href='#mdecin' data-av-tab-section-title='1' class='av-section-tab-title av-active-tab-title no-scroll av-jt5xh6y5-d0e588208ee8c754f0f321b09545cb9f av-tab-no-icon av-tab-with-image noHover ' role='tab' tabindex='0' aria-controls='av-tab-section-1-1'><span class='av-tab-section-image' style='background-image: url(https:\/\/soignerenperigord.fr\/wp-content\/uploads\/2019\/03\/etudes-medecine.png);'><\/span><span class='av-outer-tab-title'><span class='av-inner-tab-title'>M\u00e9decin<\/span><\/span><span class=\"av-tab-arrow-container\"><span><\/span><\/span><\/a><a href='#pharmacien' data-av-tab-section-title='2' class='av-section-tab-title  av-jt5xh6y5-657858601052c8ba665dedc41e98a869 av-tab-no-icon av-tab-with-image noHover ' role='tab' tabindex='0' aria-controls='av-tab-section-1-2'><span class='av-tab-section-image' style='background-image: url(https:\/\/soignerenperigord.fr\/wp-content\/uploads\/2019\/03\/etudes-kine-ostheo.png);'><\/span><span class='av-outer-tab-title'><span class='av-inner-tab-title'>Pharmacien<\/span><\/span><span class=\"av-tab-arrow-container\"><span><\/span><\/span><\/a><a href='#chirurgien-dentiste' data-av-tab-section-title='3' class='av-section-tab-title  av-jt5xh6y5-1162f8629412e50d34221f63daf37f8e av-tab-no-icon av-tab-with-image noHover ' role='tab' tabindex='0' aria-controls='av-tab-section-1-3'><span class='av-tab-section-image' style='background-image: url(https:\/\/soignerenperigord.fr\/wp-content\/uploads\/2019\/03\/etudes-medicales.png);'><\/span><span class='av-outer-tab-title'><span class='av-inner-tab-title'>Chirurgien-dentiste<\/span><\/span><span class=\"av-tab-arrow-container\"><span><\/span><\/span><\/a><\/div><div class='avia-slideshow-arrows av-tabsection-arrow' ><a href='#prev' class='prev-slide av_prev_tab_section av-tab-section-slide' aria-hidden='true' data-av_icon='\ue87c' data-av_iconfont='entypo-fontello'  tabindex='-1'>Pr\u00e9c\u00e9dent<\/a><a href='#next' class='next-slide av_next_tab_section av-tab-section-slide' aria-hidden='true' data-av_icon='\ue87d' data-av_iconfont='entypo-fontello'  tabindex='-1'>Suivant<\/a><\/div><div class='av-tab-section-inner-container avia-section-default' style='width:300vw; left:0%;'><span class=\"av_prev_tab_section av_tab_navigation\"><\/span><span class=\"av_next_tab_section av_tab_navigation\"><\/span>\n\n<style type=\"text\/css\" data-created_by=\"avia_inline_auto\" id=\"style-css-av-jt5xh6y5-d0e588208ee8c754f0f321b09545cb9f\">\n.av-layout-tab.av-jt5xh6y5-d0e588208ee8c754f0f321b09545cb9f{\nvertical-align:top;\nbackground-color:#f8f8f8;\n}\n#top .av-tab-section-outer-container.av-jt5ya1wb-a9009e902b5e64f82c4524b0038b564f .av-active-tab-title.av-section-tab-title.av-jt5xh6y5-d0e588208ee8c754f0f321b09545cb9f{\ncolor:#51becb;\n}\n#top .av-tab-section-outer-container.av-jt5ya1wb-a9009e902b5e64f82c4524b0038b564f .av-active-tab-title.av-section-tab-title.av-jt5xh6y5-d0e588208ee8c754f0f321b09545cb9f .av-tab-arrow-container span{\nbackground-color:#f8f8f8;\n}\n<\/style>\n<div id='av-tab-section-1-1' class='av-layout-tab av-jt5xh6y5-d0e588208ee8c754f0f321b09545cb9f av-animation-delay-container av-active-tab-content __av_init_open ' data-av-deeplink-tabs=\"\" data-av-tab-section-content=\"1\" data-tab-section-id=\"mdecin\"><div class=\"av-layout-tab-inner\"><div class=\"container\"><p>\n<style type=\"text\/css\" data-created_by=\"avia_inline_auto\" id=\"style-css-av-1tdfgq-3d5e717ecb0ebefa37773bffbdcba590\">\n.flex_column.av-1tdfgq-3d5e717ecb0ebefa37773bffbdcba590{\n-webkit-border-radius:0px 0px 0px 0px;\n-moz-border-radius:0px 0px 0px 0px;\nborder-radius:0px 0px 0px 0px;\npadding:0px 0px 0px 0px;\n}\n<\/style>\n<div class='flex_column av-1tdfgq-3d5e717ecb0ebefa37773bffbdcba590 av_one_full first flex_column_div av-zero-column-padding '     ><style type=\"text\/css\" data-created_by=\"avia_inline_auto\" id=\"style-css-av-jtfvzagz-c6c10e087c39c283f2a224f5b9dbbd8e\">\n#top .av-special-heading.av-jtfvzagz-c6c10e087c39c283f2a224f5b9dbbd8e{\npadding-bottom:10px;\n}\nbody .av-special-heading.av-jtfvzagz-c6c10e087c39c283f2a224f5b9dbbd8e .av-special-heading-tag .heading-char{\nfont-size:25px;\n}\n.av-special-heading.av-jtfvzagz-c6c10e087c39c283f2a224f5b9dbbd8e .av-subheading{\nfont-size:15px;\n}\n<\/style>\n<div  class='av-special-heading av-jtfvzagz-c6c10e087c39c283f2a224f5b9dbbd8e av-special-heading-h2 blockquote modern-quote modern-centered'><h2 class='av-special-heading-tag'  itemprop=\"headline\"  >Devenir ma\u00eetre de stage des universit\u00e9s de m\u00e9decine g\u00e9n\u00e9rale<\/h2><div class=\"special-heading-border\"><div class=\"special-heading-inner-border\"><\/div><\/div><\/div><\/div>\n<style type=\"text\/css\" data-created_by=\"avia_inline_auto\" id=\"style-css-av-weyi2-0615eb989164fa3c9e907b3e228733c0\">\n.flex_column.av-weyi2-0615eb989164fa3c9e907b3e228733c0{\n-webkit-border-radius:0px 0px 0px 0px;\n-moz-border-radius:0px 0px 0px 0px;\nborder-radius:0px 0px 0px 0px;\npadding:0px 0px 0px 0px;\n}\n<\/style>\n<div class='flex_column av-weyi2-0615eb989164fa3c9e907b3e228733c0 av_one_fourth first flex_column_div av-zero-column-padding '     ><style type=\"text\/css\" data-created_by=\"avia_inline_auto\" id=\"style-css-av-av_image-dcf1d442716ebb30a2ab8806ac33b782\">\n.avia-image-container.av-av_image-dcf1d442716ebb30a2ab8806ac33b782 img.avia_image{\nbox-shadow:none;\n}\n.avia-image-container.av-av_image-dcf1d442716ebb30a2ab8806ac33b782 .av-image-caption-overlay-center{\ncolor:#ffffff;\n}\n<\/style>\n<div  class='avia-image-container av-av_image-dcf1d442716ebb30a2ab8806ac33b782 av-styling- avia-align-center'   itemprop=\"image\" itemscope=\"itemscope\" itemtype=\"https:\/\/schema.org\/ImageObject\" ><div class=\"avia-image-container-inner\"><div class=\"avia-image-overlay-wrap\"><img decoding=\"async\" class='avia-img-lazy-loading-not- avia_image ' src=\"https:\/\/soignerenperigord.dordogne.fr\/wp-content\/themes\/enfold\/config-templatebuilder\/avia-template-builder\/images\/placeholder.jpg\" alt='' title=''   itemprop=\"thumbnailUrl\"  \/><\/div><\/div><\/div><\/div>\n<style type=\"text\/css\" data-created_by=\"avia_inline_auto\" id=\"style-css-av-weyi2-53fcc39f4dd551e384a304a69305f40e\">\n.flex_column.av-weyi2-53fcc39f4dd551e384a304a69305f40e{\n-webkit-border-radius:0px 0px 0px 0px;\n-moz-border-radius:0px 0px 0px 0px;\nborder-radius:0px 0px 0px 0px;\npadding:0px 0px 0px 0px;\n}\n<\/style>\n<div class='flex_column av-weyi2-53fcc39f4dd551e384a304a69305f40e av_three_fourth flex_column_div av-zero-column-padding '     ><style type=\"text\/css\" data-created_by=\"avia_inline_auto\" id=\"style-css-av-jt5yx50t-22a0f0b4a73b5963f90c02b104f24d49\">\n#top .togglecontainer.av-jt5yx50t-22a0f0b4a73b5963f90c02b104f24d49 p.toggler{\ncolor:#238388;\nbackground-color:#ffffff;\n}\n#top .togglecontainer.av-jt5yx50t-22a0f0b4a73b5963f90c02b104f24d49 p.toggler.activeTitle{\ncolor:#238388;\nborder-color:#238388;\nbackground-color:#ffffff;\n}\n#top .togglecontainer.av-jt5yx50t-22a0f0b4a73b5963f90c02b104f24d49 p.toggler .toggle_icon{\ncolor:#238388;\nborder-color:#238388;\n}\n#top .togglecontainer.av-jt5yx50t-22a0f0b4a73b5963f90c02b104f24d49 .toggle_wrap .toggle_content{\ncolor:#238388;\nbackground-color:#ffffff;\n}\n<\/style>\n<div  class='togglecontainer av-jt5yx50t-22a0f0b4a73b5963f90c02b104f24d49 av-minimal-toggle toggle_close_all hasCurrentStyle' >\n<section class='av_toggle_section av-av_toggle-4d1f2ce2325353a100244cc94e3913a8'  itemscope=\"itemscope\" itemtype=\"https:\/\/schema.org\/CreativeWork\" ><div role=\"tablist\" class=\"single_toggle\" data-tags=\"{Tout} {1} \"  ><p data-fake-id='#toggle-id-1' class='toggler  activeTitle av-inherit-font-color hasCustomColor'  itemprop=\"headline\"  role='tab' tabindex='0' aria-controls='toggle-id-1'><strong>A quel moment du cursus puis-je intervenir en tant que ma\u00eetre de stage en m\u00e9decine g\u00e9n\u00e9rale ?<\/strong><span class=\"toggle_icon\"><span class=\"vert_icon\"><\/span><span class=\"hor_icon\"><\/span><\/span><\/p><div id='toggle-id-1' class='toggle_wrap  active_tc' style='display:block;' ><div class='toggle_content invers-color av-inherit-font-color hasCustomColor'  itemprop=\"text\" ><ul>\n<li><strong>Le stage de 2\u00e8me cycle\u00a0 (6 \u00e0 8 semaines \u00e0 temps plein ou 12 \u00e0 16 semaines \u00e0 temps partiel)<\/strong><\/li>\n<\/ul>\n<p class=\"bodytext\"><strong>Ce stage \u00a0obligatoire permet aux externes<\/strong>\u00a0d\u2019appr\u00e9hender les sp\u00e9cificit\u00e9s de la m\u00e9decine g\u00e9n\u00e9rale\u00a0; il repr\u00e9sente une occasion unique pour tous les \u00e9tudiants de d\u00e9couvrir la m\u00e9decine g\u00e9n\u00e9rale avant les Epreuves Classantes Nationales (ECN), \u00e0 l\u2019issue desquelles les \u00e9tudiants choisissent leur sp\u00e9cialit\u00e9.<\/p>\n<ul>\n<li>\u00a0<strong>Le stage dit \u00ab\u00a0de niveau 1\u00a0\u00bb (au cours de l\u2019internat de m\u00e9decine g\u00e9n\u00e9rale)<\/strong><\/li>\n<\/ul>\n<p class=\"bodytext\"><strong>Ce stage de 6 mois obligatoire\u00a0<\/strong>concerne les internes de m\u00e9decine g\u00e9n\u00e9rale, g\u00e9n\u00e9ralement en 3<sup>\u00e8me<\/sup>\u00a0ou 4<sup>\u00e8me<\/sup>\u00a0semestre. Il se d\u00e9roule dans un ou plusieurs sites, \u00e0 raison de 9 demi-journ\u00e9es par semaine. Le MSU doit \u00eatre pr\u00e9sent en m\u00eame temps que l\u2019interne.<\/p>\n<ul>\n<li>\u00a0<strong>Le stage dit \u00ab\u00a0de niveau 2\u00a0\u00bb, ou Stage Ambulatoire de Soins Primaires en Autonomie Supervis\u00e9e (SASPAS)<\/strong><\/li>\n<\/ul>\n<p class=\"bodytext\"><strong>Ce stage de 6 mois est facultatif.\u00a0<\/strong>Il consiste \u00e0 accueillir un interne, qui consulte en l\u2019absence du MSU, une ou plusieurs journ\u00e9es par semaine. Un temps d\u2019\u00e9change doit \u00eatre obligatoirement programm\u00e9 \u00a0sur les dossiers des patients vus par l\u2019interne.<\/p>\n<\/div><\/div><\/div><\/section>\n<section class='av_toggle_section av-av_toggle-a0faea8a365683ad45389e4db47154cf'  itemscope=\"itemscope\" itemtype=\"https:\/\/schema.org\/CreativeWork\" ><div role=\"tablist\" class=\"single_toggle\" data-tags=\"{Tout} {1} \"  ><p data-fake-id='#toggle-id-2' class='toggler   av-inherit-font-color hasCustomColor'  itemprop=\"headline\"  role='tab' tabindex='0' aria-controls='toggle-id-2'><strong>Quelles sont les crit\u00e8res \u00e0 remplir pour devenir ma\u00eetre de stage des universit\u00e9s de m\u00e9decine g\u00e9n\u00e9rale ?<\/strong><span class=\"toggle_icon\"><span class=\"vert_icon\"><\/span><span class=\"hor_icon\"><\/span><\/span><\/p><div id='toggle-id-2' class='toggle_wrap  '  ><div class='toggle_content invers-color av-inherit-font-color hasCustomColor'  itemprop=\"text\" ><ul>\n<li><strong>Pour l\u2019accueil des externes :<\/strong> le m\u00e9decin g\u00e9n\u00e9raliste doit exercer son activit\u00e9 professionnelle en tant que m\u00e9decin install\u00e9 depuis au moins 1 an.<\/li>\n<li><strong>Pour l\u2019accueil des internes\u00a0:<\/strong> le m\u00e9decin g\u00e9n\u00e9raliste doit exercer son activit\u00e9 professionnelle depuis au moins 3 ans.<\/li>\n<\/ul>\n<\/div><\/div><\/div><\/section>\n<section class='av_toggle_section av-av_toggle-22348f717c14bc23ef3aeac43fbe3e9b'  itemscope=\"itemscope\" itemtype=\"https:\/\/schema.org\/CreativeWork\" ><div role=\"tablist\" class=\"single_toggle\" data-tags=\"{Tout} {1} \"  ><p data-fake-id='#toggle-id-3' class='toggler   av-inherit-font-color hasCustomColor'  itemprop=\"headline\"  role='tab' tabindex='0' aria-controls='toggle-id-3'><strong>Comment devient-on ma\u00eetre de stage des universit\u00e9s de m\u00e9decine g\u00e9n\u00e9rale ?<\/strong><span class=\"toggle_icon\"><span class=\"vert_icon\"><\/span><span class=\"hor_icon\"><\/span><\/span><\/p><div id='toggle-id-3' class='toggle_wrap  '  ><div class='toggle_content invers-color av-inherit-font-color hasCustomColor'  itemprop=\"text\" ><p class=\"bodytext\">Il faut en faire la demande aupr\u00e8s de l\u2019unit\u00e9 de formation et de recherche (UFR) de m\u00e9decine de l\u2019universit\u00e9 la plus proche de votre lieu d\u2019exercice et se situant dans la m\u00eame r\u00e9gion.<\/p>\n<p class=\"bodytext\">Des renseignements compl\u00e9mentaires peuvent \u00eatre fournis par le d\u00e9partement de m\u00e9decine g\u00e9n\u00e9rale de la facult\u00e9 de m\u00e9decine.<\/p>\n<p class=\"bodytext\">Une formation pr\u00e9alable peut \u00eatre demand\u00e9e par la Facult\u00e9. Vous trouverez sur le site de<a title=\"(Nouvelle fen\u00eatre)\" href=\"https:\/\/www.agencedpc.fr\/\" target=\"_blank\" rel=\"noopener noreferrer\">\u00a0l\u2019Agence Nationale du DPC<\/a>\u00a0des programmes de formation avec une indemnisation pour perte de ressources.<\/p>\n<p class=\"bodytext\">Les m\u00e9decins g\u00e9n\u00e9ralistes sont agr\u00e9\u00e9s ma\u00eetres de stage des universit\u00e9s par le directeur de l\u2019UFR de m\u00e9decine pour l\u2019accueil d\u2019externes et par le directeur g\u00e9n\u00e9ral de l\u2019agence r\u00e9gionale de sant\u00e9 pour l\u2019accueil d\u2019internes.<\/p>\n<\/div><\/div><\/div><\/section>\n<section class='av_toggle_section av-av_toggle-1640c8609c8e2c274293d689261a4fd6'  itemscope=\"itemscope\" itemtype=\"https:\/\/schema.org\/CreativeWork\" ><div role=\"tablist\" class=\"single_toggle\" data-tags=\"{Tout} {1} \"  ><p data-fake-id='#toggle-id-4' class='toggler   av-inherit-font-color hasCustomColor'  itemprop=\"headline\"  role='tab' tabindex='0' aria-controls='toggle-id-4'><strong>Le ma\u00eetre de stage des universit\u00e9s en m\u00e9decine g\u00e9n\u00e9rale est-il r\u00e9mun\u00e9r\u00e9 ?<\/strong><span class=\"toggle_icon\"><span class=\"vert_icon\"><\/span><span class=\"hor_icon\"><\/span><\/span><\/p><div id='toggle-id-4' class='toggle_wrap  '  ><div class='toggle_content invers-color av-inherit-font-color hasCustomColor'  itemprop=\"text\" ><ul>\n<li><strong>Pour les externes<\/strong>, le g\u00e9n\u00e9raliste per\u00e7oit des honoraires p\u00e9dagogiques et des indemnisations forfaitaires pour perte de ressources professionnelles.<\/li>\n<li><strong>Pour les internes<\/strong>, le montant forfaitaire des honoraires est fix\u00e9 \u00e0\u00a0<strong>600 \u20ac brut par mois<\/strong> de stage.<\/li>\n<\/ul>\n<p class=\"bloc-encadre\"><strong>Le saviez-vous\u00a0?<\/strong>\u00a0le contrat conventionnel \u00ab\u00a0<span class=\"mise-en-avant-violet\">COSCOM\u00a0<\/span>\u00bb\u00a0offre aux <strong>MSU install\u00e9s dans une zone caract\u00e9ris\u00e9e par une insuffisance de professionnels de sant\u00e9<\/strong>\u00a0 une majoration de 50% de leurs honoraires p\u00e9dagogiques, soit une\u00a0<strong>r\u00e9mun\u00e9ration compl\u00e9mentaire de 300 euros<\/strong>\u00a0pour l\u2019accueil d\u2019un stagiaire \u00e0 temps plein.<\/p>\n<p class=\"bodytext\">De m\u00eame, dans le cadre du\u00a0<strong class=\"mise-en-avant-violet\">forfait structure<\/strong>\u00a0mis en place dans la convention m\u00e9dicale pour aider les m\u00e9decins \u00e0 investir dans les outils informatiques facilitant le suivi des patients et les liens avec les professionnels de sant\u00e9 (logiciels m\u00e9tier, messagerie s\u00e9curis\u00e9e) et dans les d\u00e9marches en faveur d\u2019une meilleure organisation, occuper une fonction de ma\u00eetre de stage est \u00e9galement valoris\u00e9e pour l\u2019ensemble des m\u00e9decins lib\u00e9raux install\u00e9s sur le territoire : valorisation de\u00a0<strong>210 euros par an pour l\u2019ann\u00e9e 2018 et \u00e0 partir de 2019 de 350 euros par an<\/strong>.<\/p>\n<p class=\"bodytext\">Enfin, si vous exercez en\u00a0<strong class=\"mise-en-avant-violet\">maison de sant\u00e9 pluriprofessionnelle <\/strong>et que cette derni\u00e8re a souscrit \u00e0 l\u2019accord conventionnel interprofessionnel (ACI), la MSP peut percevoir une <strong>r\u00e9mun\u00e9ration \u00e0 hauteur de 3150 euros par an<\/strong>\u00a0<strong>pour l\u2019accueil d\u2019au moins 2 stagiaires<\/strong>.<\/p>\n<\/div><\/div><\/div><\/section>\n<section class='av_toggle_section av-av_toggle-d9593a3f8316844c382071fabd0837a0'  itemscope=\"itemscope\" itemtype=\"https:\/\/schema.org\/CreativeWork\" ><div role=\"tablist\" class=\"single_toggle\" data-tags=\"{Tout} {1} \"  ><p data-fake-id='#toggle-id-5' class='toggler   av-inherit-font-color hasCustomColor'  itemprop=\"headline\"  role='tab' tabindex='0' aria-controls='toggle-id-5'><strong>Qui contacter ?<\/strong><span class=\"toggle_icon\"><span class=\"vert_icon\"><\/span><span class=\"hor_icon\"><\/span><\/span><\/p><div id='toggle-id-5' class='toggle_wrap  '  ><div class='toggle_content invers-color av-inherit-font-color hasCustomColor'  itemprop=\"text\" ><p>Pour la constitution du dossier de candidature, adressez-vous au d\u00e9partement de m\u00e9decine g\u00e9n\u00e9rale de la facult\u00e9 la plus proche de votre lieu d\u2019exercice et se situant dans la m\u00eame r\u00e9gion.<\/p>\n<\/div><\/div><\/div><\/section>\n<\/div><\/div><\/p>\n<\/div><\/div><\/div>\n<style type=\"text\/css\" data-created_by=\"avia_inline_auto\" id=\"style-css-av-jt5xh6y5-657858601052c8ba665dedc41e98a869\">\n.av-layout-tab.av-jt5xh6y5-657858601052c8ba665dedc41e98a869{\nvertical-align:top;\nbackground-color:#f8f8f8;\n}\n#top .av-tab-section-outer-container.av-jt5ya1wb-a9009e902b5e64f82c4524b0038b564f .av-active-tab-title.av-section-tab-title.av-jt5xh6y5-657858601052c8ba665dedc41e98a869{\ncolor:#51becb;\n}\n#top .av-tab-section-outer-container.av-jt5ya1wb-a9009e902b5e64f82c4524b0038b564f .av-active-tab-title.av-section-tab-title.av-jt5xh6y5-657858601052c8ba665dedc41e98a869 .av-tab-arrow-container span{\nbackground-color:#f8f8f8;\n}\n<\/style>\n<div id='av-tab-section-1-2' class='av-layout-tab av-jt5xh6y5-657858601052c8ba665dedc41e98a869 av-animation-delay-container ' data-av-deeplink-tabs=\"\" data-av-tab-section-content=\"2\" data-tab-section-id=\"pharmacien\"><div class=\"av-layout-tab-inner\"><div class=\"container\"><p>\n<style type=\"text\/css\" data-created_by=\"avia_inline_auto\" id=\"style-css-av-1tdfgq-3d5e717ecb0ebefa37773bffbdcba590\">\n.flex_column.av-1tdfgq-3d5e717ecb0ebefa37773bffbdcba590{\n-webkit-border-radius:0px 0px 0px 0px;\n-moz-border-radius:0px 0px 0px 0px;\nborder-radius:0px 0px 0px 0px;\npadding:0px 0px 0px 0px;\n}\n<\/style>\n<div class='flex_column av-1tdfgq-3d5e717ecb0ebefa37773bffbdcba590 av_one_full first flex_column_div av-zero-column-padding '     ><style type=\"text\/css\" data-created_by=\"avia_inline_auto\" id=\"style-css-av-jtfvzagz-a0afb539b60409bc6cdc8df9ce4a1168\">\n#top .av-special-heading.av-jtfvzagz-a0afb539b60409bc6cdc8df9ce4a1168{\npadding-bottom:10px;\n}\nbody .av-special-heading.av-jtfvzagz-a0afb539b60409bc6cdc8df9ce4a1168 .av-special-heading-tag .heading-char{\nfont-size:25px;\n}\n.av-special-heading.av-jtfvzagz-a0afb539b60409bc6cdc8df9ce4a1168 .av-subheading{\nfont-size:15px;\n}\n<\/style>\n<div  class='av-special-heading av-jtfvzagz-a0afb539b60409bc6cdc8df9ce4a1168 av-special-heading-h2 blockquote modern-quote modern-centered'><h2 class='av-special-heading-tag'  itemprop=\"headline\"  >Devenir ma\u00eetre de stage en officine<\/h2><div class=\"special-heading-border\"><div class=\"special-heading-inner-border\"><\/div><\/div><\/div><\/div>\n<style type=\"text\/css\" data-created_by=\"avia_inline_auto\" id=\"style-css-av-weyi2-0615eb989164fa3c9e907b3e228733c0\">\n.flex_column.av-weyi2-0615eb989164fa3c9e907b3e228733c0{\n-webkit-border-radius:0px 0px 0px 0px;\n-moz-border-radius:0px 0px 0px 0px;\nborder-radius:0px 0px 0px 0px;\npadding:0px 0px 0px 0px;\n}\n<\/style>\n<div class='flex_column av-weyi2-0615eb989164fa3c9e907b3e228733c0 av_one_fourth first flex_column_div av-zero-column-padding '     ><style type=\"text\/css\" data-created_by=\"avia_inline_auto\" id=\"style-css-av-av_image-dcf1d442716ebb30a2ab8806ac33b782\">\n.avia-image-container.av-av_image-dcf1d442716ebb30a2ab8806ac33b782 img.avia_image{\nbox-shadow:none;\n}\n.avia-image-container.av-av_image-dcf1d442716ebb30a2ab8806ac33b782 .av-image-caption-overlay-center{\ncolor:#ffffff;\n}\n<\/style>\n<div  class='avia-image-container av-av_image-dcf1d442716ebb30a2ab8806ac33b782 av-styling- avia-align-center'   itemprop=\"image\" itemscope=\"itemscope\" itemtype=\"https:\/\/schema.org\/ImageObject\" ><div class=\"avia-image-container-inner\"><div class=\"avia-image-overlay-wrap\"><img decoding=\"async\" class='avia-img-lazy-loading-not- avia_image ' src=\"https:\/\/soignerenperigord.dordogne.fr\/wp-content\/themes\/enfold\/config-templatebuilder\/avia-template-builder\/images\/placeholder.jpg\" alt='' title=''   itemprop=\"thumbnailUrl\"  \/><\/div><\/div><\/div><\/div>\n<style type=\"text\/css\" data-created_by=\"avia_inline_auto\" id=\"style-css-av-weyi2-53fcc39f4dd551e384a304a69305f40e\">\n.flex_column.av-weyi2-53fcc39f4dd551e384a304a69305f40e{\n-webkit-border-radius:0px 0px 0px 0px;\n-moz-border-radius:0px 0px 0px 0px;\nborder-radius:0px 0px 0px 0px;\npadding:0px 0px 0px 0px;\n}\n<\/style>\n<div class='flex_column av-weyi2-53fcc39f4dd551e384a304a69305f40e av_three_fourth flex_column_div av-zero-column-padding '     ><style type=\"text\/css\" data-created_by=\"avia_inline_auto\" id=\"style-css-av-jt5yx50t-22a0f0b4a73b5963f90c02b104f24d49\">\n#top .togglecontainer.av-jt5yx50t-22a0f0b4a73b5963f90c02b104f24d49 p.toggler{\ncolor:#238388;\nbackground-color:#ffffff;\n}\n#top .togglecontainer.av-jt5yx50t-22a0f0b4a73b5963f90c02b104f24d49 p.toggler.activeTitle{\ncolor:#238388;\nborder-color:#238388;\nbackground-color:#ffffff;\n}\n#top .togglecontainer.av-jt5yx50t-22a0f0b4a73b5963f90c02b104f24d49 p.toggler .toggle_icon{\ncolor:#238388;\nborder-color:#238388;\n}\n#top .togglecontainer.av-jt5yx50t-22a0f0b4a73b5963f90c02b104f24d49 .toggle_wrap .toggle_content{\ncolor:#238388;\nbackground-color:#ffffff;\n}\n<\/style>\n<div  class='togglecontainer av-jt5yx50t-22a0f0b4a73b5963f90c02b104f24d49 av-minimal-toggle toggle_close_all hasCurrentStyle' >\n<section class='av_toggle_section av-av_toggle-0329b618fd62f350871bdb5dd3e67df1'  itemscope=\"itemscope\" itemtype=\"https:\/\/schema.org\/CreativeWork\" ><div role=\"tablist\" class=\"single_toggle\" data-tags=\"{Tout} {1} \"  ><p data-fake-id='#toggle-id-6' class='toggler  activeTitle av-inherit-font-color hasCustomColor'  itemprop=\"headline\"  role='tab' tabindex='0' aria-controls='toggle-id-6'><strong>A quel moment du cursus puis-je intervenir en tant que ma\u00eetre de stage en officine ?<\/strong><span class=\"toggle_icon\"><span class=\"vert_icon\"><\/span><span class=\"hor_icon\"><\/span><\/span><\/p><div id='toggle-id-6' class='toggle_wrap  active_tc' style='display:block;' ><div class='toggle_content invers-color av-inherit-font-color hasCustomColor'  itemprop=\"text\" ><p class=\"bodytext\"><strong class=\"mise-en-avant-violet\">Stages de 1<sup>er<\/sup>\u00a0cycle<\/strong><\/p>\n<ul>\n<li class=\"paps-icons-see-all-purple\"><strong>Stage optionnel de d\u00e9couverte du monde du travail dans le domaine de la sant\u00e9<\/strong>\u00a0(hors officine et pharmacie \u00e0 usage int\u00e9rieur), d&#8217;une dur\u00e9e d&#8217;1\u00a0mois avant le d\u00e9but du 3<sup>e<\/sup>\u00a0semestre, \u00e0 r\u00e9aliser avant l&#8217;entr\u00e9e en 2<sup>e<\/sup>\u00a0ann\u00e9e (DFGSP2)<\/li>\n<li class=\"paps-icons-see-all-purple\"><strong>Formations d&#8217;application en officine ayant pour objectif la mise en pratique d&#8217;enseignements th\u00e9matiques\u00a0:<\/strong>\n<ul>\n<li>d&#8217;une dur\u00e9e maximale de 2 semaines au cours de la 3<sup>e<\/sup>\u00a0ann\u00e9e (DFGSP3)\u00a0;<\/li>\n<li>d&#8217;une dur\u00e9e d&#8217;1 \u00e0 2 semaines au cours du 1<sup>er<\/sup>\u00a0semestre de la 4<sup>e<\/sup>\u00a0ann\u00e9e (DFASP1).<\/li>\n<\/ul>\n<\/li>\n<li class=\"paps-icons-see-all-purple\"><strong>Stage d&#8217;initiation obligatoire d&#8217;une dur\u00e9e de 6 semaines en officine<\/strong>, \u00e0 temps complet, en 1 ou 2 p\u00e9riodes, avant le d\u00e9but du 5<sup>e<\/sup>\u00a0semestre. Ce stage, qui doit \u00eatre r\u00e9alis\u00e9 avant l&#8217;entr\u00e9e en 3<sup>e<\/sup> ann\u00e9e, va permettre \u00e0 l&#8217;\u00e9tudiant de prendre un premier contact avec les r\u00e9alit\u00e9s de la profession.<\/li>\n<\/ul>\n<p><\/br><\/p>\n<p class=\"bodytext\"><strong><span class=\"mise-en-avant-violet\">Stage de 3<sup>e<\/sup>\u00a0cycle (cycle court)<\/span><\/strong><\/p>\n<ul>\n<li class=\"paps-icons-see-all-purple\"><strong>Stage de pratique professionnelle au cours de la 6<sup>e<\/sup>\u00a0ann\u00e9e d&#8217;une dur\u00e9e de 6\u00a0mois \u00e0 temps plein<\/strong>\u00a0accompli de mani\u00e8re continue en officine ou en industrie selon le parcours de l&#8217;\u00e9tudiant.<\/li>\n<\/ul>\n<\/div><\/div><\/div><\/section>\n<section class='av_toggle_section av-av_toggle-8c7dd720194d2ca223b76f980aae4651'  itemscope=\"itemscope\" itemtype=\"https:\/\/schema.org\/CreativeWork\" ><div role=\"tablist\" class=\"single_toggle\" data-tags=\"{Tout} {1} \"  ><p data-fake-id='#toggle-id-7' class='toggler   av-inherit-font-color hasCustomColor'  itemprop=\"headline\"  role='tab' tabindex='0' aria-controls='toggle-id-7'><strong>Quelles sont les crit\u00e8res \u00e0 remplir pour devenir ma\u00eetre de stage en officine ? <\/strong><span class=\"toggle_icon\"><span class=\"vert_icon\"><\/span><span class=\"hor_icon\"><\/span><\/span><\/p><div id='toggle-id-7' class='toggle_wrap  '  ><div class='toggle_content invers-color av-inherit-font-color hasCustomColor'  itemprop=\"text\" ><p>Tout pharmacien titulaire d&#8217;une officine ouverte au public ou g\u00e9rant de pharmacie mutualiste ou de secours mini\u00e8re peut accueillir des \u00e9tudiants en stage \u00e0 la condition d&#8217;avoir la qualit\u00e9 de ma\u00eetre de stage.<br \/>\n<strong>Vous devez \u00eatre\u00a0agr\u00e9\u00e9 par le directeur de l&#8217;unit\u00e9 de formation et de recherche (UFR) dispensant des formations pharmaceutiques, et justifier de 5\u00a0ann\u00e9es d&#8217;exercice officinal,<\/strong>\u00a0dont 2\u00a0ann\u00e9es au moins en tant que titulaire ou pharmacien g\u00e9rant d&#8217;une pharmacie mutualiste ou d&#8217;une pharmacie de soci\u00e9t\u00e9 de secours mini\u00e8re.<\/p>\n<\/div><\/div><\/div><\/section>\n<section class='av_toggle_section av-av_toggle-9d105cff7496339afd206d7e2d034f08'  itemscope=\"itemscope\" itemtype=\"https:\/\/schema.org\/CreativeWork\" ><div role=\"tablist\" class=\"single_toggle\" data-tags=\"{Tout} {1} \"  ><p data-fake-id='#toggle-id-8' class='toggler   av-inherit-font-color hasCustomColor'  itemprop=\"headline\"  role='tab' tabindex='0' aria-controls='toggle-id-8'><strong>Comment devient-on ma\u00eetre de stage en officine ?<\/strong><span class=\"toggle_icon\"><span class=\"vert_icon\"><\/span><span class=\"hor_icon\"><\/span><\/span><\/p><div id='toggle-id-8' class='toggle_wrap  '  ><div class='toggle_content invers-color av-inherit-font-color hasCustomColor'  itemprop=\"text\" ><p class=\"bodytext\"><strong>La demande doit \u00eatre form\u00e9e\u00a0<\/strong>aupr\u00e8s du directeur de l&#8217;unit\u00e9 de formation et de recherche (UFR) dispensant des formations pharmaceutiques la plus proche de votre lieu d&#8217;exercice. Des campagnes de recrutement ont lieu r\u00e9guli\u00e8rement.<\/p>\n<p class=\"bodytext\"><strong>Les ma\u00eetres de stage sont agr\u00e9\u00e9s par le directeur de l&#8217;unit\u00e9 de formation et de recherche (UFR)<\/strong> dispensant des formations pharmaceutiques, apr\u00e8s avis du Conseil de l&#8217;Ordre des pharmaciens.<\/p>\n<p class=\"bodytext\">Le responsable universitaire de la formation \u00e0 l&#8217;officine ainsi que le conseiller de stage (d\u00e9sign\u00e9s par le directeur de l&#8217;UFR), donnent\u00a0<strong>un avis motiv\u00e9<\/strong>\u00a0sur la nomination des ma\u00eetres de stage apr\u00e8s visite des officines ou pharmacies concern\u00e9es.<\/p>\n<p class=\"bodytext\">Les ma\u00eetres de stage doivent\u00a0<strong>signer une charte d&#8217;engagement ainsi qu&#8217;un contrat p\u00e9dagogique<\/strong> avec le directeur de l&#8217;UFR, fixant les objectifs p\u00e9dagogiques et les modalit\u00e9s pratiques du stage. L&#8217;agr\u00e9ment doit \u00eatre renouvel\u00e9 tous les 5 ans.<\/p>\n<\/div><\/div><\/div><\/section>\n<section class='av_toggle_section av-av_toggle-d9593a3f8316844c382071fabd0837a0'  itemscope=\"itemscope\" itemtype=\"https:\/\/schema.org\/CreativeWork\" ><div role=\"tablist\" class=\"single_toggle\" data-tags=\"{Tout} {1} \"  ><p data-fake-id='#toggle-id-9' class='toggler   av-inherit-font-color hasCustomColor'  itemprop=\"headline\"  role='tab' tabindex='0' aria-controls='toggle-id-9'><strong>Qui contacter ?<\/strong><span class=\"toggle_icon\"><span class=\"vert_icon\"><\/span><span class=\"hor_icon\"><\/span><\/span><\/p><div id='toggle-id-9' class='toggle_wrap  '  ><div class='toggle_content invers-color av-inherit-font-color hasCustomColor'  itemprop=\"text\" ><div id=\"col-main\" class=\"col-md-8 col-xs-12 open\" role=\"main\">\n<div id=\"c76344\" class=\"csc-default\">\n<div id=\"c32689\" class=\"csc-default\">\n<div class=\"csc-textpic csc-textpic-intext-left csc-textpic-equalheight\">\n<div class=\"csc-textpic-text\">\n<p class=\"bodytext\">Pour toute information, ainsi que pour la constitution du dossier de candidature, adressez-vous \u00e0\u00a0<strong>la facult\u00e9 de pharmacie la plus proche de votre lieu d&#8217;exercice.<\/strong><\/p>\n<\/div>\n<\/div>\n<\/div>\n<\/div>\n<\/div>\n<\/div><\/div><\/div><\/section>\n<\/div><\/div><\/p>\n<\/div><\/div><\/div>\n<style type=\"text\/css\" data-created_by=\"avia_inline_auto\" id=\"style-css-av-jt5xh6y5-1162f8629412e50d34221f63daf37f8e\">\n.av-layout-tab.av-jt5xh6y5-1162f8629412e50d34221f63daf37f8e{\nvertical-align:top;\nbackground-color:#f8f8f8;\n}\n#top .av-tab-section-outer-container.av-jt5ya1wb-a9009e902b5e64f82c4524b0038b564f .av-active-tab-title.av-section-tab-title.av-jt5xh6y5-1162f8629412e50d34221f63daf37f8e{\ncolor:#51becb;\n}\n#top .av-tab-section-outer-container.av-jt5ya1wb-a9009e902b5e64f82c4524b0038b564f .av-active-tab-title.av-section-tab-title.av-jt5xh6y5-1162f8629412e50d34221f63daf37f8e .av-tab-arrow-container span{\nbackground-color:#f8f8f8;\n}\n<\/style>\n<div id='av-tab-section-1-3' class='av-layout-tab av-jt5xh6y5-1162f8629412e50d34221f63daf37f8e av-animation-delay-container ' data-av-deeplink-tabs=\"\" data-av-tab-section-content=\"3\" data-tab-section-id=\"chirurgien-dentiste\"><div class=\"av-layout-tab-inner\"><div class=\"container\"><p>\n<style type=\"text\/css\" data-created_by=\"avia_inline_auto\" id=\"style-css-av-1tdfgq-3d5e717ecb0ebefa37773bffbdcba590\">\n.flex_column.av-1tdfgq-3d5e717ecb0ebefa37773bffbdcba590{\n-webkit-border-radius:0px 0px 0px 0px;\n-moz-border-radius:0px 0px 0px 0px;\nborder-radius:0px 0px 0px 0px;\npadding:0px 0px 0px 0px;\n}\n<\/style>\n<div class='flex_column av-1tdfgq-3d5e717ecb0ebefa37773bffbdcba590 av_one_full first flex_column_div av-zero-column-padding '     ><style type=\"text\/css\" data-created_by=\"avia_inline_auto\" id=\"style-css-av-jtfvzagz-73076ed39665f23301aa93dedd0a528f\">\n#top .av-special-heading.av-jtfvzagz-73076ed39665f23301aa93dedd0a528f{\npadding-bottom:10px;\n}\nbody .av-special-heading.av-jtfvzagz-73076ed39665f23301aa93dedd0a528f .av-special-heading-tag .heading-char{\nfont-size:25px;\n}\n.av-special-heading.av-jtfvzagz-73076ed39665f23301aa93dedd0a528f .av-subheading{\nfont-size:15px;\n}\n<\/style>\n<div  class='av-special-heading av-jtfvzagz-73076ed39665f23301aa93dedd0a528f av-special-heading-h2 blockquote modern-quote modern-centered'><h2 class='av-special-heading-tag'  itemprop=\"headline\"  >Devenir ma\u00eetre de stage en odontologie<\/h2><div class=\"special-heading-border\"><div class=\"special-heading-inner-border\"><\/div><\/div><\/div><\/div>\n<style type=\"text\/css\" data-created_by=\"avia_inline_auto\" id=\"style-css-av-weyi2-0615eb989164fa3c9e907b3e228733c0\">\n.flex_column.av-weyi2-0615eb989164fa3c9e907b3e228733c0{\n-webkit-border-radius:0px 0px 0px 0px;\n-moz-border-radius:0px 0px 0px 0px;\nborder-radius:0px 0px 0px 0px;\npadding:0px 0px 0px 0px;\n}\n<\/style>\n<div class='flex_column av-weyi2-0615eb989164fa3c9e907b3e228733c0 av_one_fourth first flex_column_div av-zero-column-padding '     ><style type=\"text\/css\" data-created_by=\"avia_inline_auto\" id=\"style-css-av-av_image-dcf1d442716ebb30a2ab8806ac33b782\">\n.avia-image-container.av-av_image-dcf1d442716ebb30a2ab8806ac33b782 img.avia_image{\nbox-shadow:none;\n}\n.avia-image-container.av-av_image-dcf1d442716ebb30a2ab8806ac33b782 .av-image-caption-overlay-center{\ncolor:#ffffff;\n}\n<\/style>\n<div  class='avia-image-container av-av_image-dcf1d442716ebb30a2ab8806ac33b782 av-styling- avia-align-center'   itemprop=\"image\" itemscope=\"itemscope\" itemtype=\"https:\/\/schema.org\/ImageObject\" ><div class=\"avia-image-container-inner\"><div class=\"avia-image-overlay-wrap\"><img decoding=\"async\" class='avia-img-lazy-loading-not- avia_image ' src=\"https:\/\/soignerenperigord.dordogne.fr\/wp-content\/themes\/enfold\/config-templatebuilder\/avia-template-builder\/images\/placeholder.jpg\" alt='' title=''   itemprop=\"thumbnailUrl\"  \/><\/div><\/div><\/div><\/div>\n<style type=\"text\/css\" data-created_by=\"avia_inline_auto\" id=\"style-css-av-weyi2-53fcc39f4dd551e384a304a69305f40e\">\n.flex_column.av-weyi2-53fcc39f4dd551e384a304a69305f40e{\n-webkit-border-radius:0px 0px 0px 0px;\n-moz-border-radius:0px 0px 0px 0px;\nborder-radius:0px 0px 0px 0px;\npadding:0px 0px 0px 0px;\n}\n<\/style>\n<div class='flex_column av-weyi2-53fcc39f4dd551e384a304a69305f40e av_three_fourth flex_column_div av-zero-column-padding '     ><style type=\"text\/css\" data-created_by=\"avia_inline_auto\" id=\"style-css-av-jt5yx50t-22a0f0b4a73b5963f90c02b104f24d49\">\n#top .togglecontainer.av-jt5yx50t-22a0f0b4a73b5963f90c02b104f24d49 p.toggler{\ncolor:#238388;\nbackground-color:#ffffff;\n}\n#top .togglecontainer.av-jt5yx50t-22a0f0b4a73b5963f90c02b104f24d49 p.toggler.activeTitle{\ncolor:#238388;\nborder-color:#238388;\nbackground-color:#ffffff;\n}\n#top .togglecontainer.av-jt5yx50t-22a0f0b4a73b5963f90c02b104f24d49 p.toggler .toggle_icon{\ncolor:#238388;\nborder-color:#238388;\n}\n#top .togglecontainer.av-jt5yx50t-22a0f0b4a73b5963f90c02b104f24d49 .toggle_wrap .toggle_content{\ncolor:#238388;\nbackground-color:#ffffff;\n}\n<\/style>\n<div  class='togglecontainer av-jt5yx50t-22a0f0b4a73b5963f90c02b104f24d49 av-minimal-toggle toggle_close_all hasCurrentStyle' >\n<section class='av_toggle_section av-av_toggle-80dbc7f6b330763ee526ce88f15b7905'  itemscope=\"itemscope\" itemtype=\"https:\/\/schema.org\/CreativeWork\" ><div role=\"tablist\" class=\"single_toggle\" data-tags=\"{Tout} {1} \"  ><p data-fake-id='#toggle-id-10' class='toggler  activeTitle av-inherit-font-color hasCustomColor'  itemprop=\"headline\"  role='tab' tabindex='0' aria-controls='toggle-id-10'><strong>A quel moment du cursus puis-je intervenir en tant que ma\u00eetre de stage en odontologie ?<\/strong><span class=\"toggle_icon\"><span class=\"vert_icon\"><\/span><span class=\"hor_icon\"><\/span><\/span><\/p><div id='toggle-id-10' class='toggle_wrap  active_tc' style='display:block;' ><div class='toggle_content invers-color av-inherit-font-color hasCustomColor'  itemprop=\"text\" ><p><strong>Lors du stage actif de 6<sup>e<\/sup>\u00a0ann\u00e9e<\/strong>\u00a0(pour le cycle court). Ce stage d&#8217;initiation \u00e0 la vie professionnelle aupr\u00e8s d&#8217;un chirurgien-dentiste constitue pour l&#8217;\u00e9tudiant, une r\u00e9elle opportunit\u00e9 de d\u00e9couvrir et appr\u00e9cier l&#8217;exercice de la chirurgie dentaire en cabinet lib\u00e9ral, en maison de sant\u00e9 ou en centre de sant\u00e9\u2026<\/p>\n<\/div><\/div><\/div><\/section>\n<section class='av_toggle_section av-av_toggle-f380898b4f496626d18cccc196149251'  itemscope=\"itemscope\" itemtype=\"https:\/\/schema.org\/CreativeWork\" ><div role=\"tablist\" class=\"single_toggle\" data-tags=\"{Tout} {1} \"  ><p data-fake-id='#toggle-id-11' class='toggler   av-inherit-font-color hasCustomColor'  itemprop=\"headline\"  role='tab' tabindex='0' aria-controls='toggle-id-11'><strong>Quelles sont les crit\u00e8res \u00e0 remplir pour devenir ma\u00eetre de stage en odontologie ?<\/strong><span class=\"toggle_icon\"><span class=\"vert_icon\"><\/span><span class=\"hor_icon\"><\/span><\/span><\/p><div id='toggle-id-11' class='toggle_wrap  '  ><div class='toggle_content invers-color av-inherit-font-color hasCustomColor'  itemprop=\"text\" ><p class=\"align-justify\">Il suffit\u00a0<strong>d&#8217;exercer depuis au moins 3\u00a0ans<\/strong>\u00a0en cabinet lib\u00e9ral, en maison de sant\u00e9 ou en centre de sant\u00e9.<\/p>\n<\/div><\/div><\/div><\/section>\n<section class='av_toggle_section av-av_toggle-53f7d6fbbc5e1061a4b390ad0b66b223'  itemscope=\"itemscope\" itemtype=\"https:\/\/schema.org\/CreativeWork\" ><div role=\"tablist\" class=\"single_toggle\" data-tags=\"{Tout} {1} \"  ><p data-fake-id='#toggle-id-12' class='toggler   av-inherit-font-color hasCustomColor'  itemprop=\"headline\"  role='tab' tabindex='0' aria-controls='toggle-id-12'><strong>Comment devient-on ma\u00eetre de stage en odontologie ?<\/strong><span class=\"toggle_icon\"><span class=\"vert_icon\"><\/span><span class=\"hor_icon\"><\/span><\/span><\/p><div id='toggle-id-12' class='toggle_wrap  '  ><div class='toggle_content invers-color av-inherit-font-color hasCustomColor'  itemprop=\"text\" ><p class=\"bodytext\"><strong>La demande doit \u00eatre faite aupr\u00e8s de la facult\u00e9 d&#8217;odontologie la plus proche de votre lieu d&#8217;exercice.<\/strong><\/p>\n<p class=\"bodytext\">L&#8217;agr\u00e9ment est accord\u00e9 par le directeur de l&#8217;UFR d&#8217;odontologie apr\u00e8s avis du Conseil d\u00e9partemental de l&#8217;Ordre des chirurgiens-dentistes.<\/p>\n<p class=\"bodytext\">Le ma\u00eetre de stage signe un contrat p\u00e9dagogique avec le directeur de l&#8217;unit\u00e9 de formation et de recherche d&#8217;odontologie. Ce contrat fixe les objectifs p\u00e9dagogiques, les crit\u00e8res d&#8217;\u00e9valuation et les modalit\u00e9s pratiques du stage. Une formation pr\u00e9alable peut \u00eatre requise par la facult\u00e9.<\/p>\n<\/div><\/div><\/div><\/section>\n<section class='av_toggle_section av-av_toggle-d9593a3f8316844c382071fabd0837a0'  itemscope=\"itemscope\" itemtype=\"https:\/\/schema.org\/CreativeWork\" ><div role=\"tablist\" class=\"single_toggle\" data-tags=\"{Tout} {1} \"  ><p data-fake-id='#toggle-id-13' class='toggler   av-inherit-font-color hasCustomColor'  itemprop=\"headline\"  role='tab' tabindex='0' aria-controls='toggle-id-13'><strong>Qui contacter ?<\/strong><span class=\"toggle_icon\"><span class=\"vert_icon\"><\/span><span class=\"hor_icon\"><\/span><\/span><\/p><div id='toggle-id-13' class='toggle_wrap  '  ><div class='toggle_content invers-color av-inherit-font-color hasCustomColor'  itemprop=\"text\" ><div id=\"col-main\" class=\"col-md-8 col-xs-12 open\" role=\"main\">\n<div id=\"c76338\" class=\"csc-default\">\n<div id=\"c32692\" class=\"csc-default\">\n<div class=\"csc-textpic csc-textpic-intext-left csc-textpic-equalheight\">\n<div class=\"csc-textpic-text\">\n<p class=\"align-justify\">Pour toutes informations, ainsi que pour la constitution du dossier de candidature, adressez-vous \u00e0 la facult\u00e9 d&#8217;odontologie la plus proche de votre lieu d&#8217;exercice.<\/p>\n<\/div>\n<\/div>\n<\/div>\n<\/div>\n<\/div>\n<\/div><\/div><\/div><\/section>\n<\/div><\/div><\/p>\n<\/div><\/div><\/div><\/div><\/div><\/div><\/div><\/div><\/div><!-- close content main div --><\/div><\/div><div id='av_section_2'  class='avia-section av-2cdl3e-cf29dca7d36a1f1e2e0ffa9562b182a9 main_color avia-section-default avia-no-border-styling avia-bg-style-scroll container_wrap sidebar_right'  ><div class='container av-section-cont-open' ><div class='template-page content  av-content-small alpha units'><div class='post-entry post-entry-type-page post-entry-1081'><div class='entry-content-wrapper clearfix'>\n\n<style type=\"text\/css\" data-created_by=\"avia_inline_auto\" id=\"style-css-av-296nqy-8a94d007904452b1c3d9dbb6258d5ccd\">\n.flex_column.av-296nqy-8a94d007904452b1c3d9dbb6258d5ccd{\n-webkit-border-radius:0px 0px 0px 0px;\n-moz-border-radius:0px 0px 0px 0px;\nborder-radius:0px 0px 0px 0px;\npadding:0px 0px 0px 0px;\n}\n<\/style>\n<div class='flex_column av-296nqy-8a94d007904452b1c3d9dbb6258d5ccd av_one_full first flex_column_div av-zero-column-padding '     ><p>\n<style type=\"text\/css\" data-created_by=\"avia_inline_auto\" id=\"style-css-av-jt8s9k0w-22d52a98c26670cb95b14f6b8e803b54\">\n#top .av-special-heading.av-jt8s9k0w-22d52a98c26670cb95b14f6b8e803b54{\npadding-bottom:10px;\nfont-size:45px;\n}\nbody .av-special-heading.av-jt8s9k0w-22d52a98c26670cb95b14f6b8e803b54 .av-special-heading-tag .heading-char{\nfont-size:25px;\n}\n#top #wrap_all .av-special-heading.av-jt8s9k0w-22d52a98c26670cb95b14f6b8e803b54 .av-special-heading-tag{\nfont-size:45px;\n}\n.av-special-heading.av-jt8s9k0w-22d52a98c26670cb95b14f6b8e803b54 .av-subheading{\nfont-size:15px;\n}\n\n@media only screen and (min-width: 480px) and (max-width: 767px){ \n#top #wrap_all .av-special-heading.av-jt8s9k0w-22d52a98c26670cb95b14f6b8e803b54 .av-special-heading-tag{\nfont-size:0.8em;\n}\n}\n\n@media only screen and (max-width: 479px){ \n#top #wrap_all .av-special-heading.av-jt8s9k0w-22d52a98c26670cb95b14f6b8e803b54 .av-special-heading-tag{\nfont-size:0.8em;\n}\n}\n<\/style>\n<div  class='av-special-heading av-jt8s9k0w-22d52a98c26670cb95b14f6b8e803b54 av-special-heading-h2 blockquote modern-quote modern-centered av-inherit-size'><h2 class='av-special-heading-tag'  itemprop=\"headline\"  >Ils t\u00e9moignent<\/h2><div class=\"special-heading-border\"><div class=\"special-heading-inner-border\"><\/div><\/div><\/div><br \/>\n<div  class='avia-testimonial-wrapper av-jt8sg7w3-8ed700dcfe28a7c81c37273704ded62a avia-slider-testimonials avia-slider-2-testimonials avia_animate_when_almost_visible av-large-testimonial-slider av-slideshow-ui av-control-default av-slider-hover-pause av-slideshow-autoplay av-loop-endless av-loop-manual-endless' data-slideshow-options=\"{&quot;animation&quot;:&quot;fade&quot;,&quot;autoplay&quot;:true,&quot;loop_autoplay&quot;:&quot;endless&quot;,&quot;interval&quot;:7,&quot;loop_manual&quot;:&quot;manual-endless&quot;,&quot;autoplay_stopper&quot;:false,&quot;noNavigation&quot;:false,&quot;bg_slider&quot;:false,&quot;keep_padding&quot;:&quot;&quot;,&quot;hoverpause&quot;:true,&quot;show_slide_delay&quot;:0}\">\n<section class=\"avia-testimonial-row\"><div class='avia-testimonial av-ez66y-598b6e71c0927fb278259597d152d010 avia-testimonial-row-1 avia-first-testimonial flex_column no_margin av_one_half'><div class='avia-testimonial_inner'  itemscope=\"itemscope\" itemtype=\"https:\/\/schema.org\/CreativeWork\" ><div class='avia-testimonial-content '><div class='avia-testimonial-markup-entry-content'  itemprop=\"text\" ><p>Lorem ipsum dolor sit amet, consectetur adipiscing elit, sed do eiusmod tempor incididunt ut labore et dolore magna aliqua. Justo eget magna fermentum iaculis eu. Ut venenatis tellus in metus vulputate eu scelerisque. Dictum fusce ut placerat orci nulla pellentesque dignissim.<br \/>\nLorem ipsum dolor sit amet, consectetur adipiscing elit, sed do eiusmod tempor incididunt ut labore et dolore magna aliqua. Justo eget magna fermentum iaculis eu.<\/p>\n<\/div><\/div><div class=\"avia-testimonial-meta\"><div class=\"avia-testimonial-arrow-wrap\"><div class=\"avia-arrow\"><\/div><\/div><div class='avia-testimonial-image'  itemprop=\"image\" ><img width=\"180\" height=\"180\" src=\"https:\/\/soignerenperigord.fr\/wp-content\/uploads\/2018\/10\/desat-girl-m13-180x180.jpg\" class=\"avia-img-lazy-loading-581 attachment-square size-square\" alt=\"\" decoding=\"async\" loading=\"lazy\" srcset=\"https:\/\/soignerenperigord.fr\/wp-content\/uploads\/2018\/10\/desat-girl-m13-180x180.jpg 180w, https:\/\/soignerenperigord.fr\/wp-content\/uploads\/2018\/10\/desat-girl-m13-80x80.jpg 80w, https:\/\/soignerenperigord.fr\/wp-content\/uploads\/2018\/10\/desat-girl-m13-300x300.jpg 300w, https:\/\/soignerenperigord.fr\/wp-content\/uploads\/2018\/10\/desat-girl-m13-768x768.jpg 768w, https:\/\/soignerenperigord.fr\/wp-content\/uploads\/2018\/10\/desat-girl-m13-36x36.jpg 36w, https:\/\/soignerenperigord.fr\/wp-content\/uploads\/2018\/10\/desat-girl-m13-705x705.jpg 705w, https:\/\/soignerenperigord.fr\/wp-content\/uploads\/2018\/10\/desat-girl-m13-120x120.jpg 120w, https:\/\/soignerenperigord.fr\/wp-content\/uploads\/2018\/10\/desat-girl-m13-450x450.jpg 450w, https:\/\/soignerenperigord.fr\/wp-content\/uploads\/2018\/10\/desat-girl-m13.jpg 850w\" sizes=\"(max-width: 180px) 100vw, 180px\" \/><\/div><div class='avia-testimonial-meta-mini'  itemprop=\"author\" itemscope=\"itemscope\" itemtype=\"https:\/\/schema.org\/Person\" ><strong  class='avia-testimonial-name'  itemprop=\"name\" >L\u00e9a<\/strong><span  class='avia-testimonial-subtitle '  itemprop=\"jobTitle\" >\u00e9tudiante en 2\u00e8me ann\u00e9e \u00e0 l\u2019Institut de Formation en Soins Infirmiers \u00e0 P\u00e9rigueux<\/span><\/div><\/div><\/div><\/div>\n<div class='avia-testimonial av-aglki-f4a797081672eab23fee1ca0f9fee480 avia-testimonial-row-1 flex_column no_margin av_one_half'><div class='avia-testimonial_inner'  itemscope=\"itemscope\" itemtype=\"https:\/\/schema.org\/CreativeWork\" ><div class='avia-testimonial-content '><div class='avia-testimonial-markup-entry-content'  itemprop=\"text\" ><p>Lorem ipsum dolor sit amet, consectetur adipiscing elit, sed do eiusmod tempor incididunt ut labore et dolore magna aliqua. Justo eget magna fermentum iaculis eu. Ut venenatis tellus in metus vulputate eu scelerisque. Dictum fusce ut placerat orci nulla pellentesque dignissim.<br \/>\nLorem ipsum dolor sit amet, consectetur adipiscing elit, sed do eiusmod tempor incididunt ut labore et dolore magna aliqua. Justo eget magna fermentum iaculis eu.<\/p>\n<\/div><\/div><div class=\"avia-testimonial-meta\"><div class=\"avia-testimonial-arrow-wrap\"><div class=\"avia-arrow\"><\/div><\/div><div class='avia-testimonial-image'  itemprop=\"image\" ><img width=\"180\" height=\"180\" src=\"https:\/\/soignerenperigord.fr\/wp-content\/uploads\/2018\/10\/desat-boy-m4-180x180.jpg\" class=\"avia-img-lazy-loading-580 attachment-square size-square\" alt=\"\" decoding=\"async\" loading=\"lazy\" srcset=\"https:\/\/soignerenperigord.fr\/wp-content\/uploads\/2018\/10\/desat-boy-m4-180x180.jpg 180w, https:\/\/soignerenperigord.fr\/wp-content\/uploads\/2018\/10\/desat-boy-m4-80x80.jpg 80w, https:\/\/soignerenperigord.fr\/wp-content\/uploads\/2018\/10\/desat-boy-m4-300x300.jpg 300w, https:\/\/soignerenperigord.fr\/wp-content\/uploads\/2018\/10\/desat-boy-m4-768x768.jpg 768w, https:\/\/soignerenperigord.fr\/wp-content\/uploads\/2018\/10\/desat-boy-m4-36x36.jpg 36w, https:\/\/soignerenperigord.fr\/wp-content\/uploads\/2018\/10\/desat-boy-m4-705x705.jpg 705w, https:\/\/soignerenperigord.fr\/wp-content\/uploads\/2018\/10\/desat-boy-m4-120x120.jpg 120w, https:\/\/soignerenperigord.fr\/wp-content\/uploads\/2018\/10\/desat-boy-m4-450x450.jpg 450w, https:\/\/soignerenperigord.fr\/wp-content\/uploads\/2018\/10\/desat-boy-m4.jpg 850w\" sizes=\"(max-width: 180px) 100vw, 180px\" \/><\/div><div class='avia-testimonial-meta-mini'  itemprop=\"author\" itemscope=\"itemscope\" itemtype=\"https:\/\/schema.org\/Person\" ><strong  class='avia-testimonial-name'  itemprop=\"name\" >Pierre<\/strong><span  class='avia-testimonial-subtitle '  itemprop=\"jobTitle\" >\u00e9tudiant en imagerie m\u00e9dicale et radiologie th\u00e9rapeutique \u00e0 P\u00e9rigueux<\/span><\/div><\/div><\/div><\/div>\n<\/section><div class='avia-slideshow-arrows avia-slideshow-controls' ><a href='#prev' class='prev-slide ' aria-hidden='true' data-av_icon='\ue87c' data-av_iconfont='entypo-fontello'  tabindex='-1'>Pr\u00e9c\u00e9dent<\/a><a href='#next' class='next-slide ' aria-hidden='true' data-av_icon='\ue87d' data-av_iconfont='entypo-fontello'  tabindex='-1'>Suivant<\/a><\/div><\/div><\/p><\/div>\n<\/div><\/div><\/div><!-- close content main div --><\/div><\/div><div id='after_section_2'  class='main_color av_default_container_wrap container_wrap sidebar_right'  ><div class='container av-section-cont-open' ><div class='template-page content  av-content-small alpha units'><div class='post-entry post-entry-type-page post-entry-1081'><div class='entry-content-wrapper clearfix'><br \/>\n<\/div><\/div><\/div><!-- close content main div --><\/div><\/div>\n<style type=\"text\/css\" data-created_by=\"avia_inline_auto\" id=\"style-css-av-jt5uk2ev-8cd64f80213b516e729369def13ee806\">\n.avia-section.av-jt5uk2ev-8cd64f80213b516e729369def13ee806{\nbackground-repeat:no-repeat;\nbackground-image:url(https:\/\/soignerenperigord.fr\/wp-content\/uploads\/2019\/03\/Etudier-en-Perigord.png);\nbackground-position:50% 50%;\nbackground-attachment:scroll;\n}\n<\/style>\n<div id='av_section_3'  class='avia-section av-jt5uk2ev-8cd64f80213b516e729369def13ee806 main_color avia-section-default avia-no-border-styling av-desktop-hide av-medium-hide av-small-hide av-mini-hide avia-full-stretch avia-bg-style-scroll av-minimum-height av-minimum-height-75  container_wrap sidebar_right'  data-section-bg-repeat='stretch' data-av_minimum_height_pc='75'><div class='container av-section-cont-open' ><div class='template-page content  av-content-small alpha units'><div class='post-entry post-entry-type-page post-entry-1081'><div class='entry-content-wrapper clearfix'>\n\n<style type=\"text\/css\" data-created_by=\"avia_inline_auto\" id=\"style-css-av-jt5urtzz-b60ca9f563903d3a1313ec93d70dfa4f\">\n#top .av-special-heading.av-jt5urtzz-b60ca9f563903d3a1313ec93d70dfa4f{\npadding-bottom:10px;\ncolor:#ffffff;\n}\nbody .av-special-heading.av-jt5urtzz-b60ca9f563903d3a1313ec93d70dfa4f .av-special-heading-tag .heading-char{\nfont-size:25px;\n}\n.av-special-heading.av-jt5urtzz-b60ca9f563903d3a1313ec93d70dfa4f .special-heading-inner-border{\nborder-color:#ffffff;\n}\n.av-special-heading.av-jt5urtzz-b60ca9f563903d3a1313ec93d70dfa4f .av-subheading{\nfont-size:15px;\n}\n<\/style>\n<div  class='av-special-heading av-jt5urtzz-b60ca9f563903d3a1313ec93d70dfa4f av-special-heading-h1 custom-color-heading blockquote modern-quote modern-centered'><h1 class='av-special-heading-tag'  itemprop=\"headline\"  ><\/p>\n<h1 class=\"shadowlight\">Accomplir ses \u00e9tudes<br \/>en Dordogne<\/h1>\n<p><\/h1><div class=\"special-heading-border\"><div class=\"special-heading-inner-border\"><\/div><\/div><\/div>\n<\/div><\/div><\/div><!-- close content main div --><\/div><\/div><div id='after_section_3'  class='main_color av_default_container_wrap container_wrap sidebar_right'  ><div class='container av-section-cont-open' ><div class='template-page content  av-content-small alpha units'><div class='post-entry post-entry-type-page post-entry-1081'><div class='entry-content-wrapper clearfix'><\/p>\n","protected":false},"excerpt":{"rendered":"","protected":false},"author":1,"featured_media":0,"parent":0,"menu_order":0,"comment_status":"closed","ping_status":"closed","template":"","meta":[],"acf":[],"yoast_head":"<!-- This site is optimized with the Yoast SEO plugin v19.13 - https:\/\/yoast.com\/wordpress\/plugins\/seo\/ -->\n<title>Professionnels de sant\u00e9 - Devenez MSU pour Accueillir un stagiaire<\/title>\n<meta name=\"description\" content=\"Professionnels de sant\u00e9, d\u00e9couvrez les motivations qui ont pouss\u00e9 plusieurs de vos confr\u00e8res \u00e0 devenir MSU et \u00e0 accueillir des stagiaires\" \/>\n<meta name=\"robots\" content=\"index, follow, max-snippet:-1, max-image-preview:large, max-video-preview:-1\" \/>\n<link rel=\"canonical\" href=\"https:\/\/soignerenperigord.fr\/?page_id=1081\" \/>\n<meta property=\"og:locale\" content=\"fr_FR\" \/>\n<meta property=\"og:type\" content=\"article\" \/>\n<meta property=\"og:title\" content=\"Professionnels de sant\u00e9 - Devenez MSU pour Accueillir un stagiaire\" \/>\n<meta property=\"og:description\" content=\"Professionnels de sant\u00e9, d\u00e9couvrez les motivations qui ont pouss\u00e9 plusieurs de vos confr\u00e8res \u00e0 devenir MSU et \u00e0 accueillir des stagiaires\" \/>\n<meta property=\"og:url\" content=\"https:\/\/soignerenperigord.fr\/?page_id=1081\" \/>\n<meta property=\"og:site_name\" content=\"SoignerEnPerigord\" \/>\n<meta property=\"article:modified_time\" content=\"2023-12-08T13:38:09+00:00\" \/>\n<meta name=\"twitter:card\" content=\"summary_large_image\" \/>\n<meta name=\"twitter:label1\" content=\"Est. reading time\" \/>\n\t<meta name=\"twitter:data1\" content=\"13 minutes\" \/>\n<script type=\"application\/ld+json\" class=\"yoast-schema-graph\">{\"@context\":\"https:\/\/schema.org\",\"@graph\":[{\"@type\":\"WebPage\",\"@id\":\"https:\/\/soignerenperigord.fr\/?page_id=1081\",\"url\":\"https:\/\/soignerenperigord.fr\/?page_id=1081\",\"name\":\"Professionnels de sant\u00e9 - Devenez MSU pour Accueillir un stagiaire\",\"isPartOf\":{\"@id\":\"https:\/\/soignerenperigord.fr\/#website\"},\"datePublished\":\"2019-03-19T15:11:12+00:00\",\"dateModified\":\"2023-12-08T13:38:09+00:00\",\"description\":\"Professionnels de sant\u00e9, d\u00e9couvrez les motivations qui ont pouss\u00e9 plusieurs de vos confr\u00e8res \u00e0 devenir MSU et \u00e0 accueillir des stagiaires\",\"breadcrumb\":{\"@id\":\"https:\/\/soignerenperigord.fr\/?page_id=1081#breadcrumb\"},\"inLanguage\":\"fr-FR\",\"potentialAction\":[{\"@type\":\"ReadAction\",\"target\":[\"https:\/\/soignerenperigord.fr\/?page_id=1081\"]}]},{\"@type\":\"BreadcrumbList\",\"@id\":\"https:\/\/soignerenperigord.fr\/?page_id=1081#breadcrumb\",\"itemListElement\":[{\"@type\":\"ListItem\",\"position\":1,\"name\":\"Home\",\"item\":\"https:\/\/soignerenperigord.fr\/?page_id=1809\"},{\"@type\":\"ListItem\",\"position\":2,\"name\":\"Accueillir un stagiaire\"}]},{\"@type\":\"WebSite\",\"@id\":\"https:\/\/soignerenperigord.fr\/#website\",\"url\":\"https:\/\/soignerenperigord.fr\/\",\"name\":\"SoignerEnPerigord\",\"description\":\"Un site utilisant WordPress\",\"potentialAction\":[{\"@type\":\"SearchAction\",\"target\":{\"@type\":\"EntryPoint\",\"urlTemplate\":\"https:\/\/soignerenperigord.fr\/?s={search_term_string}\"},\"query-input\":\"required name=search_term_string\"}],\"inLanguage\":\"fr-FR\"}]}<\/script>\n<!-- \/ Yoast SEO plugin. -->","yoast_head_json":{"title":"Professionnels de sant\u00e9 - Devenez MSU pour Accueillir un stagiaire","description":"Professionnels de sant\u00e9, d\u00e9couvrez les motivations qui ont pouss\u00e9 plusieurs de vos confr\u00e8res \u00e0 devenir MSU et \u00e0 accueillir des stagiaires","robots":{"index":"index","follow":"follow","max-snippet":"max-snippet:-1","max-image-preview":"max-image-preview:large","max-video-preview":"max-video-preview:-1"},"canonical":"https:\/\/soignerenperigord.fr\/?page_id=1081","og_locale":"fr_FR","og_type":"article","og_title":"Professionnels de sant\u00e9 - Devenez MSU pour Accueillir un stagiaire","og_description":"Professionnels de sant\u00e9, d\u00e9couvrez les motivations qui ont pouss\u00e9 plusieurs de vos confr\u00e8res \u00e0 devenir MSU et \u00e0 accueillir des stagiaires","og_url":"https:\/\/soignerenperigord.fr\/?page_id=1081","og_site_name":"SoignerEnPerigord","article_modified_time":"2023-12-08T13:38:09+00:00","twitter_card":"summary_large_image","twitter_misc":{"Est. reading time":"13 minutes"},"schema":{"@context":"https:\/\/schema.org","@graph":[{"@type":"WebPage","@id":"https:\/\/soignerenperigord.fr\/?page_id=1081","url":"https:\/\/soignerenperigord.fr\/?page_id=1081","name":"Professionnels de sant\u00e9 - Devenez MSU pour Accueillir un stagiaire","isPartOf":{"@id":"https:\/\/soignerenperigord.fr\/#website"},"datePublished":"2019-03-19T15:11:12+00:00","dateModified":"2023-12-08T13:38:09+00:00","description":"Professionnels de sant\u00e9, d\u00e9couvrez les motivations qui ont pouss\u00e9 plusieurs de vos confr\u00e8res \u00e0 devenir MSU et \u00e0 accueillir des stagiaires","breadcrumb":{"@id":"https:\/\/soignerenperigord.fr\/?page_id=1081#breadcrumb"},"inLanguage":"fr-FR","potentialAction":[{"@type":"ReadAction","target":["https:\/\/soignerenperigord.fr\/?page_id=1081"]}]},{"@type":"BreadcrumbList","@id":"https:\/\/soignerenperigord.fr\/?page_id=1081#breadcrumb","itemListElement":[{"@type":"ListItem","position":1,"name":"Home","item":"https:\/\/soignerenperigord.fr\/?page_id=1809"},{"@type":"ListItem","position":2,"name":"Accueillir un stagiaire"}]},{"@type":"WebSite","@id":"https:\/\/soignerenperigord.fr\/#website","url":"https:\/\/soignerenperigord.fr\/","name":"SoignerEnPerigord","description":"Un site utilisant WordPress","potentialAction":[{"@type":"SearchAction","target":{"@type":"EntryPoint","urlTemplate":"https:\/\/soignerenperigord.fr\/?s={search_term_string}"},"query-input":"required name=search_term_string"}],"inLanguage":"fr-FR"}]}},"_links":{"self":[{"href":"https:\/\/soignerenperigord.fr\/index.php?rest_route=\/wp\/v2\/pages\/1081"}],"collection":[{"href":"https:\/\/soignerenperigord.fr\/index.php?rest_route=\/wp\/v2\/pages"}],"about":[{"href":"https:\/\/soignerenperigord.fr\/index.php?rest_route=\/wp\/v2\/types\/page"}],"author":[{"embeddable":true,"href":"https:\/\/soignerenperigord.fr\/index.php?rest_route=\/wp\/v2\/users\/1"}],"replies":[{"embeddable":true,"href":"https:\/\/soignerenperigord.fr\/index.php?rest_route=%2Fwp%2Fv2%2Fcomments&post=1081"}],"version-history":[{"count":10,"href":"https:\/\/soignerenperigord.fr\/index.php?rest_route=\/wp\/v2\/pages\/1081\/revisions"}],"predecessor-version":[{"id":1093,"href":"https:\/\/soignerenperigord.fr\/index.php?rest_route=\/wp\/v2\/pages\/1081\/revisions\/1093"}],"wp:attachment":[{"href":"https:\/\/soignerenperigord.fr\/index.php?rest_route=%2Fwp%2Fv2%2Fmedia&parent=1081"}],"curies":[{"name":"wp","href":"https:\/\/api.w.org\/{rel}","templated":true}]}}